{"id":217798,"date":"2026-01-15T21:42:53","date_gmt":"2026-01-15T20:42:53","guid":{"rendered":"https:\/\/keramamueblesdejardin.com\/sem categoria\/conjunto-de-2-espreguicadeiras-e-mesa-lateral-em-teca-e-rattan-delfos\/"},"modified":"2026-01-15T21:42:53","modified_gmt":"2026-01-15T20:42:53","slug":"conjunto-de-2-espreguicadeiras-e-mesa-lateral-em-teca-e-rattan-delfos","status":"publish","type":"product","link":"https:\/\/keramamueblesdejardin.com\/pt-pt\/espreguicadeiras-e-descanso\/espreguicadeiras\/conjunto-de-2-espreguicadeiras-e-mesa-lateral-em-teca-e-rattan-delfos\/","title":{"rendered":"Conjunto de 2 espregui\u00e7adeiras e mesa lateral em teca e rattan &#8211; Delfos"},"content":{"rendered":"","protected":false},"excerpt":{"rendered":"<ul>\n<li>Conjunto de 2 espregui\u00e7adeiras com mesa<\/li>\n<li>Estrutura em madeira de teca<\/li>\n<li>Corda sint\u00e9tica de rattan tran\u00e7ada \u00e0 m\u00e3o<\/li>\n<li>Almofadas remov\u00edveis<\/li>\n<li>Espregui\u00e7adeira: 95x183x85cm, Mesa: 45x40cm<\/li>\n<\/ul>\n","protected":false},"featured_media":217519,"comment_status":"closed","ping_status":"closed","template":"","meta":{"_acf_changed":false},"product_brand":[],"product_cat":[417,412],"product_tag":[6444,429,463],"class_list":{"0":"post-217798","1":"product","2":"type-product","3":"status-publish","4":"has-post-thumbnail","6":"product_cat-espreguicadeiras","7":"product_cat-espreguicadeiras-e-descanso","8":"product_tag-delphi","9":"product_tag-madeira-pt-pt","10":"product_tag-rio-rattan","11":"product_shipping_class-envio-gratuito-pt-pt","13":"first","14":"instock","15":"sale","16":"purchasable","17":"product-type-simple","18":"add-to-wishlist-before_image"},"acf":[],"yoast_head":"<!-- This site is optimized with the Yoast SEO plugin v27.4 - https:\/\/yoast.com\/product\/yoast-seo-wordpress\/ -->\n<title>Conjunto de 2 espregui\u00e7adeiras e mesa lateral em teca e rattan - Delfos - Kerama<\/title>\n<meta name=\"robots\" content=\"index, follow, max-snippet:-1, max-image-preview:large, max-video-preview:-1\" \/>\n<link rel=\"canonical\" href=\"https:\/\/keramamueblesdejardin.com\/pt-pt\/espreguicadeiras-e-descanso\/espreguicadeiras\/conjunto-de-2-espreguicadeiras-e-mesa-lateral-em-teca-e-rattan-delfos\/\" \/>\n<meta property=\"og:locale\" content=\"pt_PT\" \/>\n<meta property=\"og:type\" content=\"article\" \/>\n<meta property=\"og:title\" content=\"Conjunto de 2 espregui\u00e7adeiras e mesa lateral em teca e rattan - Delfos - Kerama\" \/>\n<meta property=\"og:description\" content=\"Conjunto de 2 espregui\u00e7adeiras com mesa  Estrutura em madeira de teca  Corda sint\u00e9tica de rattan tran\u00e7ada \u00e0 m\u00e3o  Almofadas remov\u00edveis  Espregui\u00e7adeira: 95x183x85cm, Mesa: 45x40cm\" \/>\n<meta property=\"og:url\" content=\"https:\/\/keramamueblesdejardin.com\/pt-pt\/espreguicadeiras-e-descanso\/espreguicadeiras\/conjunto-de-2-espreguicadeiras-e-mesa-lateral-em-teca-e-rattan-delfos\/\" \/>\n<meta property=\"og:site_name\" content=\"Kerama\" \/>\n<meta property=\"article:publisher\" content=\"https:\/\/www.facebook.com\/Kerama-Muebles-de-Jard%c3%adn-106209328312568\/\" \/>\n<meta property=\"og:image\" content=\"https:\/\/keramamueblesdejardin.com\/wp-content\/uploads\/2026\/01\/delfos-3.webp\" \/>\n\t<meta property=\"og:image:width\" content=\"1200\" \/>\n\t<meta property=\"og:image:height\" content=\"1200\" \/>\n\t<meta property=\"og:image:type\" content=\"image\/webp\" \/>\n<meta name=\"twitter:card\" content=\"summary_large_image\" \/>\n<script type=\"application\/ld+json\" class=\"yoast-schema-graph\">{\"@context\":\"https:\\\/\\\/schema.org\",\"@graph\":[{\"@type\":\"WebPage\",\"@id\":\"https:\\\/\\\/keramamueblesdejardin.com\\\/pt-pt\\\/espreguicadeiras-e-descanso\\\/espreguicadeiras\\\/conjunto-de-2-espreguicadeiras-e-mesa-lateral-em-teca-e-rattan-delfos\\\/\",\"url\":\"https:\\\/\\\/keramamueblesdejardin.com\\\/pt-pt\\\/espreguicadeiras-e-descanso\\\/espreguicadeiras\\\/conjunto-de-2-espreguicadeiras-e-mesa-lateral-em-teca-e-rattan-delfos\\\/\",\"name\":\"Conjunto de 2 espregui\u00e7adeiras e mesa lateral em teca e rattan - Delfos - Kerama\",\"isPartOf\":{\"@id\":\"https:\\\/\\\/keramamueblesdejardin.com\\\/pt-pt\\\/#website\"},\"primaryImageOfPage\":{\"@id\":\"https:\\\/\\\/keramamueblesdejardin.com\\\/pt-pt\\\/espreguicadeiras-e-descanso\\\/espreguicadeiras\\\/conjunto-de-2-espreguicadeiras-e-mesa-lateral-em-teca-e-rattan-delfos\\\/#primaryimage\"},\"image\":{\"@id\":\"https:\\\/\\\/keramamueblesdejardin.com\\\/pt-pt\\\/espreguicadeiras-e-descanso\\\/espreguicadeiras\\\/conjunto-de-2-espreguicadeiras-e-mesa-lateral-em-teca-e-rattan-delfos\\\/#primaryimage\"},\"thumbnailUrl\":\"https:\\\/\\\/keramamueblesdejardin.com\\\/wp-content\\\/uploads\\\/2026\\\/01\\\/delfos-3.webp\",\"datePublished\":\"2026-01-15T20:42:53+00:00\",\"breadcrumb\":{\"@id\":\"https:\\\/\\\/keramamueblesdejardin.com\\\/pt-pt\\\/espreguicadeiras-e-descanso\\\/espreguicadeiras\\\/conjunto-de-2-espreguicadeiras-e-mesa-lateral-em-teca-e-rattan-delfos\\\/#breadcrumb\"},\"inLanguage\":\"pt-PT\",\"potentialAction\":[{\"@type\":\"ReadAction\",\"target\":[\"https:\\\/\\\/keramamueblesdejardin.com\\\/pt-pt\\\/espreguicadeiras-e-descanso\\\/espreguicadeiras\\\/conjunto-de-2-espreguicadeiras-e-mesa-lateral-em-teca-e-rattan-delfos\\\/\"]}]},{\"@type\":\"ImageObject\",\"inLanguage\":\"pt-PT\",\"@id\":\"https:\\\/\\\/keramamueblesdejardin.com\\\/pt-pt\\\/espreguicadeiras-e-descanso\\\/espreguicadeiras\\\/conjunto-de-2-espreguicadeiras-e-mesa-lateral-em-teca-e-rattan-delfos\\\/#primaryimage\",\"url\":\"https:\\\/\\\/keramamueblesdejardin.com\\\/wp-content\\\/uploads\\\/2026\\\/01\\\/delfos-3.webp\",\"contentUrl\":\"https:\\\/\\\/keramamueblesdejardin.com\\\/wp-content\\\/uploads\\\/2026\\\/01\\\/delfos-3.webp\",\"width\":1200,\"height\":1200},{\"@type\":\"BreadcrumbList\",\"@id\":\"https:\\\/\\\/keramamueblesdejardin.com\\\/pt-pt\\\/espreguicadeiras-e-descanso\\\/espreguicadeiras\\\/conjunto-de-2-espreguicadeiras-e-mesa-lateral-em-teca-e-rattan-delfos\\\/#breadcrumb\",\"itemListElement\":[{\"@type\":\"ListItem\",\"position\":1,\"name\":\"Home\",\"item\":\"https:\\\/\\\/keramamueblesdejardin.com\\\/pt-pt\\\/\"},{\"@type\":\"ListItem\",\"position\":2,\"name\":\"Tienda\",\"item\":\"https:\\\/\\\/keramamueblesdejardin.com\\\/pt-pt\\\/tienda-2\\\/\"},{\"@type\":\"ListItem\",\"position\":3,\"name\":\"Conjunto de 2 espregui\u00e7adeiras e mesa lateral em teca e rattan &#8211; Delfos\"}]},{\"@type\":\"WebSite\",\"@id\":\"https:\\\/\\\/keramamueblesdejardin.com\\\/pt-pt\\\/#website\",\"url\":\"https:\\\/\\\/keramamueblesdejardin.com\\\/pt-pt\\\/\",\"name\":\"Kerama\",\"description\":\"muebles de jard\u00edn\",\"publisher\":{\"@id\":\"https:\\\/\\\/keramamueblesdejardin.com\\\/pt-pt\\\/#organization\"},\"potentialAction\":[{\"@type\":\"SearchAction\",\"target\":{\"@type\":\"EntryPoint\",\"urlTemplate\":\"https:\\\/\\\/keramamueblesdejardin.com\\\/pt-pt\\\/?s={search_term_string}\"},\"query-input\":{\"@type\":\"PropertyValueSpecification\",\"valueRequired\":true,\"valueName\":\"search_term_string\"}}],\"inLanguage\":\"pt-PT\"},{\"@type\":\"Organization\",\"@id\":\"https:\\\/\\\/keramamueblesdejardin.com\\\/pt-pt\\\/#organization\",\"name\":\"kerama\",\"url\":\"https:\\\/\\\/keramamueblesdejardin.com\\\/pt-pt\\\/\",\"logo\":{\"@type\":\"ImageObject\",\"inLanguage\":\"pt-PT\",\"@id\":\"https:\\\/\\\/keramamueblesdejardin.com\\\/pt-pt\\\/#\\\/schema\\\/logo\\\/image\\\/\",\"url\":\"https:\\\/\\\/keramamueblesdejardin.com\\\/wp-content\\\/uploads\\\/2020\\\/12\\\/k.-scaled.jpg\",\"contentUrl\":\"https:\\\/\\\/keramamueblesdejardin.com\\\/wp-content\\\/uploads\\\/2020\\\/12\\\/k.-scaled.jpg\",\"width\":2560,\"height\":551,\"caption\":\"kerama\"},\"image\":{\"@id\":\"https:\\\/\\\/keramamueblesdejardin.com\\\/pt-pt\\\/#\\\/schema\\\/logo\\\/image\\\/\"},\"sameAs\":[\"https:\\\/\\\/www.facebook.com\\\/Kerama-Muebles-de-Jard\u00edn-106209328312568\\\/\"]}]}<\/script>\n<!-- \/ Yoast SEO plugin. -->","yoast_head_json":{"title":"Conjunto de 2 espregui\u00e7adeiras e mesa lateral em teca e rattan - Delfos - Kerama","robots":{"index":"index","follow":"follow","max-snippet":"max-snippet:-1","max-image-preview":"max-image-preview:large","max-video-preview":"max-video-preview:-1"},"canonical":"https:\/\/keramamueblesdejardin.com\/pt-pt\/espreguicadeiras-e-descanso\/espreguicadeiras\/conjunto-de-2-espreguicadeiras-e-mesa-lateral-em-teca-e-rattan-delfos\/","og_locale":"pt_PT","og_type":"article","og_title":"Conjunto de 2 espregui\u00e7adeiras e mesa lateral em teca e rattan - Delfos - Kerama","og_description":"Conjunto de 2 espregui\u00e7adeiras com mesa  Estrutura em madeira de teca  Corda sint\u00e9tica de rattan tran\u00e7ada \u00e0 m\u00e3o  Almofadas remov\u00edveis  Espregui\u00e7adeira: 95x183x85cm, Mesa: 45x40cm","og_url":"https:\/\/keramamueblesdejardin.com\/pt-pt\/espreguicadeiras-e-descanso\/espreguicadeiras\/conjunto-de-2-espreguicadeiras-e-mesa-lateral-em-teca-e-rattan-delfos\/","og_site_name":"Kerama","article_publisher":"https:\/\/www.facebook.com\/Kerama-Muebles-de-Jard%c3%adn-106209328312568\/","og_image":[{"width":1200,"height":1200,"url":"https:\/\/keramamueblesdejardin.com\/wp-content\/uploads\/2026\/01\/delfos-3.webp","type":"image\/webp"}],"twitter_card":"summary_large_image","schema":{"@context":"https:\/\/schema.org","@graph":[{"@type":"WebPage","@id":"https:\/\/keramamueblesdejardin.com\/pt-pt\/espreguicadeiras-e-descanso\/espreguicadeiras\/conjunto-de-2-espreguicadeiras-e-mesa-lateral-em-teca-e-rattan-delfos\/","url":"https:\/\/keramamueblesdejardin.com\/pt-pt\/espreguicadeiras-e-descanso\/espreguicadeiras\/conjunto-de-2-espreguicadeiras-e-mesa-lateral-em-teca-e-rattan-delfos\/","name":"Conjunto de 2 espregui\u00e7adeiras e mesa lateral em teca e rattan - Delfos - Kerama","isPartOf":{"@id":"https:\/\/keramamueblesdejardin.com\/pt-pt\/#website"},"primaryImageOfPage":{"@id":"https:\/\/keramamueblesdejardin.com\/pt-pt\/espreguicadeiras-e-descanso\/espreguicadeiras\/conjunto-de-2-espreguicadeiras-e-mesa-lateral-em-teca-e-rattan-delfos\/#primaryimage"},"image":{"@id":"https:\/\/keramamueblesdejardin.com\/pt-pt\/espreguicadeiras-e-descanso\/espreguicadeiras\/conjunto-de-2-espreguicadeiras-e-mesa-lateral-em-teca-e-rattan-delfos\/#primaryimage"},"thumbnailUrl":"https:\/\/keramamueblesdejardin.com\/wp-content\/uploads\/2026\/01\/delfos-3.webp","datePublished":"2026-01-15T20:42:53+00:00","breadcrumb":{"@id":"https:\/\/keramamueblesdejardin.com\/pt-pt\/espreguicadeiras-e-descanso\/espreguicadeiras\/conjunto-de-2-espreguicadeiras-e-mesa-lateral-em-teca-e-rattan-delfos\/#breadcrumb"},"inLanguage":"pt-PT","potentialAction":[{"@type":"ReadAction","target":["https:\/\/keramamueblesdejardin.com\/pt-pt\/espreguicadeiras-e-descanso\/espreguicadeiras\/conjunto-de-2-espreguicadeiras-e-mesa-lateral-em-teca-e-rattan-delfos\/"]}]},{"@type":"ImageObject","inLanguage":"pt-PT","@id":"https:\/\/keramamueblesdejardin.com\/pt-pt\/espreguicadeiras-e-descanso\/espreguicadeiras\/conjunto-de-2-espreguicadeiras-e-mesa-lateral-em-teca-e-rattan-delfos\/#primaryimage","url":"https:\/\/keramamueblesdejardin.com\/wp-content\/uploads\/2026\/01\/delfos-3.webp","contentUrl":"https:\/\/keramamueblesdejardin.com\/wp-content\/uploads\/2026\/01\/delfos-3.webp","width":1200,"height":1200},{"@type":"BreadcrumbList","@id":"https:\/\/keramamueblesdejardin.com\/pt-pt\/espreguicadeiras-e-descanso\/espreguicadeiras\/conjunto-de-2-espreguicadeiras-e-mesa-lateral-em-teca-e-rattan-delfos\/#breadcrumb","itemListElement":[{"@type":"ListItem","position":1,"name":"Home","item":"https:\/\/keramamueblesdejardin.com\/pt-pt\/"},{"@type":"ListItem","position":2,"name":"Tienda","item":"https:\/\/keramamueblesdejardin.com\/pt-pt\/tienda-2\/"},{"@type":"ListItem","position":3,"name":"Conjunto de 2 espregui\u00e7adeiras e mesa lateral em teca e rattan &#8211; Delfos"}]},{"@type":"WebSite","@id":"https:\/\/keramamueblesdejardin.com\/pt-pt\/#website","url":"https:\/\/keramamueblesdejardin.com\/pt-pt\/","name":"Kerama","description":"muebles de jard\u00edn","publisher":{"@id":"https:\/\/keramamueblesdejardin.com\/pt-pt\/#organization"},"potentialAction":[{"@type":"SearchAction","target":{"@type":"EntryPoint","urlTemplate":"https:\/\/keramamueblesdejardin.com\/pt-pt\/?s={search_term_string}"},"query-input":{"@type":"PropertyValueSpecification","valueRequired":true,"valueName":"search_term_string"}}],"inLanguage":"pt-PT"},{"@type":"Organization","@id":"https:\/\/keramamueblesdejardin.com\/pt-pt\/#organization","name":"kerama","url":"https:\/\/keramamueblesdejardin.com\/pt-pt\/","logo":{"@type":"ImageObject","inLanguage":"pt-PT","@id":"https:\/\/keramamueblesdejardin.com\/pt-pt\/#\/schema\/logo\/image\/","url":"https:\/\/keramamueblesdejardin.com\/wp-content\/uploads\/2020\/12\/k.-scaled.jpg","contentUrl":"https:\/\/keramamueblesdejardin.com\/wp-content\/uploads\/2020\/12\/k.-scaled.jpg","width":2560,"height":551,"caption":"kerama"},"image":{"@id":"https:\/\/keramamueblesdejardin.com\/pt-pt\/#\/schema\/logo\/image\/"},"sameAs":["https:\/\/www.facebook.com\/Kerama-Muebles-de-Jard\u00edn-106209328312568\/"]}]}},"df_price":2999,"df_sale_price":2999,"df_regular_price":3295,"df_image_link":"https:\/\/keramamueblesdejardin.com\/wp-content\/uploads\/2026\/01\/delfos-3-300x300.webp","custom_tabs":[{"title":"MEDI\u00c7\u00c3O","id":"medi\u00e7\u00e3o","content":"<div class=\"list\">\n<div class=\"list\"><strong>Alta: <\/strong>Espregui\u00e7adeira: 85 cm \/ Mesa: 40 cm<\/div>\n<div class=\"list\"><strong>Largura: <\/strong>Espregui\u00e7adeira: 95 cm \/ Mesa: 45 cm<\/div>\n<div class=\"list\"><strong>Contexto: <\/strong>Espregui\u00e7adeira: 183 cm<\/div>\n<\/div>"},{"title":"DESEMBALAR E ASSEMBL\u00c9IA","id":"desembalar-e-assembleia","content":"<div class=\"list\"><strong style=\"font-weight: bold; color: #282828;\">Recomenda\u00e7\u00f5es para desempacotar:<\/strong><span style=\"color: #282828;\"> N\u00e3o use utens\u00edlios afiados ao desempacotar os m\u00f3veis, pois podem causar danos<\/span><br style=\"color: #282828;\"\/><strong style=\"font-weight: bold; color: #282828;\">Montagem necess\u00e1ria (sim\/n\u00e3o):<\/strong><span style=\"color: #282828;\"> N\u00e3o<\/span><\/div>"}],"_links":{"self":[{"href":"https:\/\/keramamueblesdejardin.com\/pt-pt\/wp-json\/wp\/v2\/product\/217798","targetHints":{"allow":["GET"]}}],"collection":[{"href":"https:\/\/keramamueblesdejardin.com\/pt-pt\/wp-json\/wp\/v2\/product"}],"about":[{"href":"https:\/\/keramamueblesdejardin.com\/pt-pt\/wp-json\/wp\/v2\/types\/product"}],"replies":[{"embeddable":true,"href":"https:\/\/keramamueblesdejardin.com\/pt-pt\/wp-json\/wp\/v2\/comments?post=217798"}],"wp:featuredmedia":[{"embeddable":true,"href":"https:\/\/keramamueblesdejardin.com\/pt-pt\/wp-json\/wp\/v2\/media\/217519"}],"wp:attachment":[{"href":"https:\/\/keramamueblesdejardin.com\/pt-pt\/wp-json\/wp\/v2\/media?parent=217798"}],"wp:term":[{"taxonomy":"product_brand","embeddable":true,"href":"https:\/\/keramamueblesdejardin.com\/pt-pt\/wp-json\/wp\/v2\/product_brand?post=217798"},{"taxonomy":"product_cat","embeddable":true,"href":"https:\/\/keramamueblesdejardin.com\/pt-pt\/wp-json\/wp\/v2\/product_cat?post=217798"},{"taxonomy":"product_tag","embeddable":true,"href":"https:\/\/keramamueblesdejardin.com\/pt-pt\/wp-json\/wp\/v2\/product_tag?post=217798"}],"curies":[{"name":"wp","href":"https:\/\/api.w.org\/{rel}","templated":true}]}}