{"id":177693,"date":"2025-03-25T13:22:48","date_gmt":"2025-03-25T12:22:48","guid":{"rendered":"https:\/\/keramamueblesdejardin.com\/sem%20categoria\/osaka-mesa-de-jantar-jardim-130x70-e-4-cadeiras-feitas-de-aluminio-e-textilene-branco\/"},"modified":"2025-05-19T10:50:55","modified_gmt":"2025-05-19T08:50:55","slug":"jardim-mesa-de-jantar-130x70-e-4-aluminio-e-textil-cadeiras-branco-osaca","status":"publish","type":"product","link":"https:\/\/keramamueblesdejardin.com\/pt-pt\/salas-de-jantar-ao-ar-livre\/definir-mesa-e-cadeiras-jardim\/jardim-mesa-de-jantar-130x70-e-4-aluminio-e-textil-cadeiras-branco-osaca\/","title":{"rendered":"Osaka mesa de jantar jardim 130&#215;70 e 4 cadeiras feitas de alum\u00ednio e textilene branco"},"content":{"rendered":"<p class=\"\" data-start=\"341\" data-end=\"657\">O <strong data-start=\"344\" data-end=\"383\">conjunto de jantar com jardim de Osaka<\/strong> \u00e9 a escolha ideal para aqueles que procuram funcionalidade, estilo e resist\u00eancia livre de manuten\u00e7\u00e3o. Concebido para se encaixar perfeitamente <strong data-start=\"520\" data-end=\"552\">em pequenos espa\u00e7os exteriores<\/strong>, como terra\u00e7os, p\u00e1tios ou varandas, este conjunto destaca-se pela sua est\u00e9tica moderna e materiais duradouros. <\/p>\n<p class=\"\" data-start=\"659\" data-end=\"978\">Feito com <strong data-start=\"687\" data-end=\"706\">uma estrutura de alum\u00ednio branco<\/strong> e detalhes em <strong data-start=\"721\" data-end=\"750\">imita\u00e7\u00e3o de madeira de polimadeira<\/strong>, oferece um acabamento quente e natural sem sacrificar a resist\u00eancia aos elementos. A <strong data-start=\"845\" data-end=\"866\">mesa de 130&#215;70 cm<\/strong> inclui ripas superiores de polimadeira que replicam a textura da madeira, mas sem a necessidade de manuten\u00e7\u00e3o. <\/p>\n<p class=\"\" data-start=\"980\" data-end=\"1205\">As <strong data-start=\"984\" data-end=\"1006\">4 cadeiras empilh\u00e1veis<\/strong> combinam alum\u00ednio branco com <strong data-start=\"1036\" data-end=\"1058\">bra\u00e7os em polimadeira<\/strong> e <strong data-start=\"1061\" data-end=\"1112\">assento e encosto em tecido acolchoado bege<\/strong>, o que proporciona conforto e leveza extra, al\u00e9m de f\u00e1cil limpeza e armazenamento.<\/p>\n<p class=\"\" data-start=\"1207\" data-end=\"1352\">Este <strong data-start=\"1212\" data-end=\"1245\">conjunto de refei\u00e7\u00f5es no jardim<\/strong> da cole\u00e7\u00e3o Osaka \u00e9 perfeito para desfrutar do ar livre com estilo, conforto e sem preocupa\u00e7\u00f5es.<\/p>\n<p class=\"\" data-start=\"1354\" data-end=\"1368\"><strong data-start=\"1354\" data-end=\"1366\">Medi\u00e7\u00e3o:<\/strong><\/p>\n<ul data-start=\"1369\" data-end=\"1422\">\n<li class=\"\" data-start=\"1369\" data-end=\"1395\">\n<p class=\"\" data-start=\"1371\" data-end=\"1395\">Mesa: 130 x 70 x 75 cm<\/p>\n<\/li>\n<li class=\"\" data-start=\"1396\" data-end=\"1422\">\n<p class=\"\" data-start=\"1398\" data-end=\"1422\">Cadeira: 57 x 65 x 86 cm<\/p>\n<\/li>\n<\/ul>\n","protected":false},"excerpt":{"rendered":"<ul>\n<li>Jardim conjunto com mesa e 4 cadeiras empilh\u00e1veis Osaka<\/li>\n<li>Mesa de alum\u00ednio branco e imita\u00e7\u00e3o de ripas de madeira de polimadeira<\/li>\n<li>Cadeiras de alum\u00ednio branco com madeira de imita\u00e7\u00e3o de bra\u00e7os de poliwood e t\u00eaxtil acolchoado bege<\/li>\n<li>Medidas da tabela: 130x70cm<\/li>\n<\/ul>\n","protected":false},"featured_media":170673,"comment_status":"closed","ping_status":"open","template":"","meta":{"_acf_changed":false},"product_brand":[],"product_cat":[422,420],"product_tag":[],"class_list":{"0":"post-177693","1":"product","2":"type-product","3":"status-publish","4":"has-post-thumbnail","6":"product_cat-definir-mesa-e-cadeiras-jardim","7":"product_cat-salas-de-jantar-ao-ar-livre","8":"product_shipping_class-envio-gratuito-pt-pt","10":"first","11":"instock","12":"sale","13":"purchasable","14":"product-type-simple","15":"add-to-wishlist-before_image"},"acf":[],"yoast_head":"<!-- This site is optimized with the Yoast SEO plugin v27.4 - https:\/\/yoast.com\/product\/yoast-seo-wordpress\/ -->\n<title>Osaka mesa de jantar jardim 130x70 e 4 cadeiras feitas de alum\u00ednio e textilene branco - Kerama<\/title>\n<meta name=\"robots\" content=\"index, follow, max-snippet:-1, max-image-preview:large, max-video-preview:-1\" \/>\n<link rel=\"canonical\" href=\"https:\/\/keramamueblesdejardin.com\/pt-pt\/salas-de-jantar-ao-ar-livre\/definir-mesa-e-cadeiras-jardim\/jardim-mesa-de-jantar-130x70-e-4-aluminio-e-textil-cadeiras-branco-osaca\/\" \/>\n<meta property=\"og:locale\" content=\"pt_PT\" \/>\n<meta property=\"og:type\" content=\"article\" \/>\n<meta property=\"og:title\" content=\"Osaka mesa de jantar jardim 130x70 e 4 cadeiras feitas de alum\u00ednio e textilene branco - Kerama\" \/>\n<meta property=\"og:description\" content=\"Jardim conjunto com mesa e 4 cadeiras empilh\u00e1veis Osaka  Mesa de alum\u00ednio branco e imita\u00e7\u00e3o de ripas de madeira de polimadeira  Cadeiras de alum\u00ednio branco com madeira de imita\u00e7\u00e3o de bra\u00e7os de poliwood e t\u00eaxtil acolchoado bege  Medidas da tabela: 130x70cm\" \/>\n<meta property=\"og:url\" content=\"https:\/\/keramamueblesdejardin.com\/pt-pt\/salas-de-jantar-ao-ar-livre\/definir-mesa-e-cadeiras-jardim\/jardim-mesa-de-jantar-130x70-e-4-aluminio-e-textil-cadeiras-branco-osaca\/\" \/>\n<meta property=\"og:site_name\" content=\"Kerama\" \/>\n<meta property=\"article:publisher\" content=\"https:\/\/www.facebook.com\/Kerama-Muebles-de-Jard%c3%adn-106209328312568\/\" \/>\n<meta property=\"article:modified_time\" content=\"2025-05-19T08:50:55+00:00\" \/>\n<meta property=\"og:image\" content=\"https:\/\/keramamueblesdejardin.com\/wp-content\/uploads\/2024\/10\/70-blanco-4-text-osaka.jpg\" \/>\n\t<meta property=\"og:image:width\" content=\"1200\" \/>\n\t<meta property=\"og:image:height\" content=\"1200\" \/>\n\t<meta property=\"og:image:type\" content=\"image\/jpeg\" \/>\n<meta name=\"twitter:card\" content=\"summary_large_image\" \/>\n<meta name=\"twitter:label1\" content=\"Tempo estimado de leitura\" \/>\n\t<meta name=\"twitter:data1\" content=\"1 minuto\" \/>\n<script type=\"application\/ld+json\" class=\"yoast-schema-graph\">{\"@context\":\"https:\\\/\\\/schema.org\",\"@graph\":[{\"@type\":\"WebPage\",\"@id\":\"https:\\\/\\\/keramamueblesdejardin.com\\\/pt-pt\\\/salas-de-jantar-ao-ar-livre\\\/definir-mesa-e-cadeiras-jardim\\\/jardim-mesa-de-jantar-130x70-e-4-aluminio-e-textil-cadeiras-branco-osaca\\\/\",\"url\":\"https:\\\/\\\/keramamueblesdejardin.com\\\/pt-pt\\\/salas-de-jantar-ao-ar-livre\\\/definir-mesa-e-cadeiras-jardim\\\/jardim-mesa-de-jantar-130x70-e-4-aluminio-e-textil-cadeiras-branco-osaca\\\/\",\"name\":\"Osaka mesa de jantar jardim 130x70 e 4 cadeiras feitas de alum\u00ednio e textilene branco - Kerama\",\"isPartOf\":{\"@id\":\"https:\\\/\\\/keramamueblesdejardin.com\\\/pt-pt\\\/#website\"},\"primaryImageOfPage\":{\"@id\":\"https:\\\/\\\/keramamueblesdejardin.com\\\/pt-pt\\\/salas-de-jantar-ao-ar-livre\\\/definir-mesa-e-cadeiras-jardim\\\/jardim-mesa-de-jantar-130x70-e-4-aluminio-e-textil-cadeiras-branco-osaca\\\/#primaryimage\"},\"image\":{\"@id\":\"https:\\\/\\\/keramamueblesdejardin.com\\\/pt-pt\\\/salas-de-jantar-ao-ar-livre\\\/definir-mesa-e-cadeiras-jardim\\\/jardim-mesa-de-jantar-130x70-e-4-aluminio-e-textil-cadeiras-branco-osaca\\\/#primaryimage\"},\"thumbnailUrl\":\"https:\\\/\\\/keramamueblesdejardin.com\\\/wp-content\\\/uploads\\\/2024\\\/10\\\/70-blanco-4-text-osaka.jpg\",\"datePublished\":\"2025-03-25T12:22:48+00:00\",\"dateModified\":\"2025-05-19T08:50:55+00:00\",\"breadcrumb\":{\"@id\":\"https:\\\/\\\/keramamueblesdejardin.com\\\/pt-pt\\\/salas-de-jantar-ao-ar-livre\\\/definir-mesa-e-cadeiras-jardim\\\/jardim-mesa-de-jantar-130x70-e-4-aluminio-e-textil-cadeiras-branco-osaca\\\/#breadcrumb\"},\"inLanguage\":\"pt-PT\",\"potentialAction\":[{\"@type\":\"ReadAction\",\"target\":[\"https:\\\/\\\/keramamueblesdejardin.com\\\/pt-pt\\\/salas-de-jantar-ao-ar-livre\\\/definir-mesa-e-cadeiras-jardim\\\/jardim-mesa-de-jantar-130x70-e-4-aluminio-e-textil-cadeiras-branco-osaca\\\/\"]}]},{\"@type\":\"ImageObject\",\"inLanguage\":\"pt-PT\",\"@id\":\"https:\\\/\\\/keramamueblesdejardin.com\\\/pt-pt\\\/salas-de-jantar-ao-ar-livre\\\/definir-mesa-e-cadeiras-jardim\\\/jardim-mesa-de-jantar-130x70-e-4-aluminio-e-textil-cadeiras-branco-osaca\\\/#primaryimage\",\"url\":\"https:\\\/\\\/keramamueblesdejardin.com\\\/wp-content\\\/uploads\\\/2024\\\/10\\\/70-blanco-4-text-osaka.jpg\",\"contentUrl\":\"https:\\\/\\\/keramamueblesdejardin.com\\\/wp-content\\\/uploads\\\/2024\\\/10\\\/70-blanco-4-text-osaka.jpg\",\"width\":1200,\"height\":1200},{\"@type\":\"BreadcrumbList\",\"@id\":\"https:\\\/\\\/keramamueblesdejardin.com\\\/pt-pt\\\/salas-de-jantar-ao-ar-livre\\\/definir-mesa-e-cadeiras-jardim\\\/jardim-mesa-de-jantar-130x70-e-4-aluminio-e-textil-cadeiras-branco-osaca\\\/#breadcrumb\",\"itemListElement\":[{\"@type\":\"ListItem\",\"position\":1,\"name\":\"Home\",\"item\":\"https:\\\/\\\/keramamueblesdejardin.com\\\/pt-pt\\\/\"},{\"@type\":\"ListItem\",\"position\":2,\"name\":\"Tienda\",\"item\":\"https:\\\/\\\/keramamueblesdejardin.com\\\/pt-pt\\\/tienda-2\\\/\"},{\"@type\":\"ListItem\",\"position\":3,\"name\":\"Salas de jantar ao ar livre\",\"item\":\"https:\\\/\\\/keramamueblesdejardin.com\\\/pt-pt\\\/salas-de-jantar-ao-ar-livre\\\/\"},{\"@type\":\"ListItem\",\"position\":4,\"name\":\"Definir mesa e cadeiras jardim\",\"item\":\"https:\\\/\\\/keramamueblesdejardin.com\\\/pt-pt\\\/salas-de-jantar-ao-ar-livre\\\/definir-mesa-e-cadeiras-jardim\\\/\"},{\"@type\":\"ListItem\",\"position\":5,\"name\":\"Osaka mesa de jantar jardim 130&#215;70 e 4 cadeiras feitas de alum\u00ednio e textilene branco\"}]},{\"@type\":\"WebSite\",\"@id\":\"https:\\\/\\\/keramamueblesdejardin.com\\\/pt-pt\\\/#website\",\"url\":\"https:\\\/\\\/keramamueblesdejardin.com\\\/pt-pt\\\/\",\"name\":\"Kerama\",\"description\":\"muebles de jard\u00edn\",\"publisher\":{\"@id\":\"https:\\\/\\\/keramamueblesdejardin.com\\\/pt-pt\\\/#organization\"},\"potentialAction\":[{\"@type\":\"SearchAction\",\"target\":{\"@type\":\"EntryPoint\",\"urlTemplate\":\"https:\\\/\\\/keramamueblesdejardin.com\\\/pt-pt\\\/?s={search_term_string}\"},\"query-input\":{\"@type\":\"PropertyValueSpecification\",\"valueRequired\":true,\"valueName\":\"search_term_string\"}}],\"inLanguage\":\"pt-PT\"},{\"@type\":\"Organization\",\"@id\":\"https:\\\/\\\/keramamueblesdejardin.com\\\/pt-pt\\\/#organization\",\"name\":\"kerama\",\"url\":\"https:\\\/\\\/keramamueblesdejardin.com\\\/pt-pt\\\/\",\"logo\":{\"@type\":\"ImageObject\",\"inLanguage\":\"pt-PT\",\"@id\":\"https:\\\/\\\/keramamueblesdejardin.com\\\/pt-pt\\\/#\\\/schema\\\/logo\\\/image\\\/\",\"url\":\"https:\\\/\\\/keramamueblesdejardin.com\\\/wp-content\\\/uploads\\\/2020\\\/12\\\/k.-scaled.jpg\",\"contentUrl\":\"https:\\\/\\\/keramamueblesdejardin.com\\\/wp-content\\\/uploads\\\/2020\\\/12\\\/k.-scaled.jpg\",\"width\":2560,\"height\":551,\"caption\":\"kerama\"},\"image\":{\"@id\":\"https:\\\/\\\/keramamueblesdejardin.com\\\/pt-pt\\\/#\\\/schema\\\/logo\\\/image\\\/\"},\"sameAs\":[\"https:\\\/\\\/www.facebook.com\\\/Kerama-Muebles-de-Jard\u00edn-106209328312568\\\/\"]}]}<\/script>\n<!-- \/ Yoast SEO plugin. -->","yoast_head_json":{"title":"Osaka mesa de jantar jardim 130x70 e 4 cadeiras feitas de alum\u00ednio e textilene branco - Kerama","robots":{"index":"index","follow":"follow","max-snippet":"max-snippet:-1","max-image-preview":"max-image-preview:large","max-video-preview":"max-video-preview:-1"},"canonical":"https:\/\/keramamueblesdejardin.com\/pt-pt\/salas-de-jantar-ao-ar-livre\/definir-mesa-e-cadeiras-jardim\/jardim-mesa-de-jantar-130x70-e-4-aluminio-e-textil-cadeiras-branco-osaca\/","og_locale":"pt_PT","og_type":"article","og_title":"Osaka mesa de jantar jardim 130x70 e 4 cadeiras feitas de alum\u00ednio e textilene branco - Kerama","og_description":"Jardim conjunto com mesa e 4 cadeiras empilh\u00e1veis Osaka  Mesa de alum\u00ednio branco e imita\u00e7\u00e3o de ripas de madeira de polimadeira  Cadeiras de alum\u00ednio branco com madeira de imita\u00e7\u00e3o de bra\u00e7os de poliwood e t\u00eaxtil acolchoado bege  Medidas da tabela: 130x70cm","og_url":"https:\/\/keramamueblesdejardin.com\/pt-pt\/salas-de-jantar-ao-ar-livre\/definir-mesa-e-cadeiras-jardim\/jardim-mesa-de-jantar-130x70-e-4-aluminio-e-textil-cadeiras-branco-osaca\/","og_site_name":"Kerama","article_publisher":"https:\/\/www.facebook.com\/Kerama-Muebles-de-Jard%c3%adn-106209328312568\/","article_modified_time":"2025-05-19T08:50:55+00:00","og_image":[{"width":1200,"height":1200,"url":"https:\/\/keramamueblesdejardin.com\/wp-content\/uploads\/2024\/10\/70-blanco-4-text-osaka.jpg","type":"image\/jpeg"}],"twitter_card":"summary_large_image","twitter_misc":{"Tempo estimado de leitura":"1 minuto"},"schema":{"@context":"https:\/\/schema.org","@graph":[{"@type":"WebPage","@id":"https:\/\/keramamueblesdejardin.com\/pt-pt\/salas-de-jantar-ao-ar-livre\/definir-mesa-e-cadeiras-jardim\/jardim-mesa-de-jantar-130x70-e-4-aluminio-e-textil-cadeiras-branco-osaca\/","url":"https:\/\/keramamueblesdejardin.com\/pt-pt\/salas-de-jantar-ao-ar-livre\/definir-mesa-e-cadeiras-jardim\/jardim-mesa-de-jantar-130x70-e-4-aluminio-e-textil-cadeiras-branco-osaca\/","name":"Osaka mesa de jantar jardim 130x70 e 4 cadeiras feitas de alum\u00ednio e textilene branco - Kerama","isPartOf":{"@id":"https:\/\/keramamueblesdejardin.com\/pt-pt\/#website"},"primaryImageOfPage":{"@id":"https:\/\/keramamueblesdejardin.com\/pt-pt\/salas-de-jantar-ao-ar-livre\/definir-mesa-e-cadeiras-jardim\/jardim-mesa-de-jantar-130x70-e-4-aluminio-e-textil-cadeiras-branco-osaca\/#primaryimage"},"image":{"@id":"https:\/\/keramamueblesdejardin.com\/pt-pt\/salas-de-jantar-ao-ar-livre\/definir-mesa-e-cadeiras-jardim\/jardim-mesa-de-jantar-130x70-e-4-aluminio-e-textil-cadeiras-branco-osaca\/#primaryimage"},"thumbnailUrl":"https:\/\/keramamueblesdejardin.com\/wp-content\/uploads\/2024\/10\/70-blanco-4-text-osaka.jpg","datePublished":"2025-03-25T12:22:48+00:00","dateModified":"2025-05-19T08:50:55+00:00","breadcrumb":{"@id":"https:\/\/keramamueblesdejardin.com\/pt-pt\/salas-de-jantar-ao-ar-livre\/definir-mesa-e-cadeiras-jardim\/jardim-mesa-de-jantar-130x70-e-4-aluminio-e-textil-cadeiras-branco-osaca\/#breadcrumb"},"inLanguage":"pt-PT","potentialAction":[{"@type":"ReadAction","target":["https:\/\/keramamueblesdejardin.com\/pt-pt\/salas-de-jantar-ao-ar-livre\/definir-mesa-e-cadeiras-jardim\/jardim-mesa-de-jantar-130x70-e-4-aluminio-e-textil-cadeiras-branco-osaca\/"]}]},{"@type":"ImageObject","inLanguage":"pt-PT","@id":"https:\/\/keramamueblesdejardin.com\/pt-pt\/salas-de-jantar-ao-ar-livre\/definir-mesa-e-cadeiras-jardim\/jardim-mesa-de-jantar-130x70-e-4-aluminio-e-textil-cadeiras-branco-osaca\/#primaryimage","url":"https:\/\/keramamueblesdejardin.com\/wp-content\/uploads\/2024\/10\/70-blanco-4-text-osaka.jpg","contentUrl":"https:\/\/keramamueblesdejardin.com\/wp-content\/uploads\/2024\/10\/70-blanco-4-text-osaka.jpg","width":1200,"height":1200},{"@type":"BreadcrumbList","@id":"https:\/\/keramamueblesdejardin.com\/pt-pt\/salas-de-jantar-ao-ar-livre\/definir-mesa-e-cadeiras-jardim\/jardim-mesa-de-jantar-130x70-e-4-aluminio-e-textil-cadeiras-branco-osaca\/#breadcrumb","itemListElement":[{"@type":"ListItem","position":1,"name":"Home","item":"https:\/\/keramamueblesdejardin.com\/pt-pt\/"},{"@type":"ListItem","position":2,"name":"Tienda","item":"https:\/\/keramamueblesdejardin.com\/pt-pt\/tienda-2\/"},{"@type":"ListItem","position":3,"name":"Salas de jantar ao ar livre","item":"https:\/\/keramamueblesdejardin.com\/pt-pt\/salas-de-jantar-ao-ar-livre\/"},{"@type":"ListItem","position":4,"name":"Definir mesa e cadeiras jardim","item":"https:\/\/keramamueblesdejardin.com\/pt-pt\/salas-de-jantar-ao-ar-livre\/definir-mesa-e-cadeiras-jardim\/"},{"@type":"ListItem","position":5,"name":"Osaka mesa de jantar jardim 130&#215;70 e 4 cadeiras feitas de alum\u00ednio e textilene branco"}]},{"@type":"WebSite","@id":"https:\/\/keramamueblesdejardin.com\/pt-pt\/#website","url":"https:\/\/keramamueblesdejardin.com\/pt-pt\/","name":"Kerama","description":"muebles de jard\u00edn","publisher":{"@id":"https:\/\/keramamueblesdejardin.com\/pt-pt\/#organization"},"potentialAction":[{"@type":"SearchAction","target":{"@type":"EntryPoint","urlTemplate":"https:\/\/keramamueblesdejardin.com\/pt-pt\/?s={search_term_string}"},"query-input":{"@type":"PropertyValueSpecification","valueRequired":true,"valueName":"search_term_string"}}],"inLanguage":"pt-PT"},{"@type":"Organization","@id":"https:\/\/keramamueblesdejardin.com\/pt-pt\/#organization","name":"kerama","url":"https:\/\/keramamueblesdejardin.com\/pt-pt\/","logo":{"@type":"ImageObject","inLanguage":"pt-PT","@id":"https:\/\/keramamueblesdejardin.com\/pt-pt\/#\/schema\/logo\/image\/","url":"https:\/\/keramamueblesdejardin.com\/wp-content\/uploads\/2020\/12\/k.-scaled.jpg","contentUrl":"https:\/\/keramamueblesdejardin.com\/wp-content\/uploads\/2020\/12\/k.-scaled.jpg","width":2560,"height":551,"caption":"kerama"},"image":{"@id":"https:\/\/keramamueblesdejardin.com\/pt-pt\/#\/schema\/logo\/image\/"},"sameAs":["https:\/\/www.facebook.com\/Kerama-Muebles-de-Jard\u00edn-106209328312568\/"]}]}},"df_price":599,"df_sale_price":599,"df_regular_price":729,"df_image_link":"https:\/\/keramamueblesdejardin.com\/wp-content\/uploads\/2024\/10\/70-blanco-4-text-osaka-300x300.jpg","custom_tabs":[{"title":"MEDI\u00c7\u00c3O","id":"medi\u00e7\u00e3o","content":"<div class=\"list\"><strong style=\"font-weight: bold; color: #282828;\">Altura:<\/strong><span style=\"color: #282828;\"> Cadeira 86 cm \/ Mesa 75 cm<\/span><br style=\"color: #282828;\"><strong style=\"font-weight: bold; color: #282828;\">Largura:<\/strong><span style=\"color: #282828;\"> Cadeira 57 cm \/ Mesa 70 cm<\/span><br style=\"color: #282828;\"><strong style=\"font-weight: bold; color: #282828;\">Profundidade:<\/strong><span style=\"color: #282828;\"> Cadeira 65 cm \/ Mesa 130 cm<\/span><br style=\"color: #282828;\"><strong style=\"font-weight: bold; color: #282828;\">Altura do assento:<\/strong><span style=\"color: #282828;\"> 45 cm<\/span><br style=\"color: #282828;\"><strong style=\"font-weight: bold; color: #282828;\">Profundidade do assento:<\/strong><span style=\"color: #282828;\"> 55 cm<\/span><\/div>\n<div class=\"list\"><\/div>"},{"title":"DESEMBALAR E ASSEMBL\u00c9IA","id":"desembalar-e-assembleia","content":"<div class=\"list\"><strong style=\"font-weight: bold; color: #282828;\">Recomenda\u00e7\u00f5es para desempacotar:<\/strong><span style=\"color: #282828;\"> N\u00e3o utilizar ferramentas afiadas ao desembalar o mobili\u00e1rio, pois isso pode causar danos.<\/span><br style=\"color: #282828;\"><strong style=\"font-weight: bold; color: #282828;\">Montagem necess\u00e1ria (S\/N):<\/strong><span style=\"color: #282828;\"> Sim<\/span><br style=\"color: #282828;\"><strong style=\"font-weight: bold; color: #282828;\">Dificuldade de montagem:<\/strong><span style=\"color: #282828;\"> Baixo<\/span><br style=\"color: #282828;\"><strong style=\"font-weight: bold; color: #282828;\">Tempo de montagem:<\/strong> <span style=\"color: #282828;\">20 minutos<\/span><br style=\"color: #282828;\"><strong style=\"font-weight: bold; color: #282828;\">Pessoas recomendadas para a montagem:<\/strong><span style=\"color: #282828;\"> 2<\/span><br style=\"color: #282828;\"><strong style=\"font-weight: bold; color: #282828;\">Sugest\u00f5es da assembleia:<\/strong><span style=\"color: #282828;\">  Preparar uma \u00e1rea de montagem limpa e seca, verificar se nenhuma das pe\u00e7as listadas no manual est\u00e1 em falta. Recomendamos o uso de luvas adequadas para a montagem. Utilize apenas pe\u00e7as e hardware fornecidos. N\u00c3O recomendamos a op\u00e7\u00e3o de compra com montagem para este item, uma vez que a dificuldade de montagem \u00e9 muito baixa.<\/span><\/div>"},{"title":"MANUTEN\u00c7\u00c3O E GARANTIAS","id":"manutencao-e-garantias","content":"<div class=\"moz-signature\">\n<div class=\"list\"><strong>Recomenda\u00e7\u00f5es gerais:<\/strong>\n\u2022 Avarias ou danos causados por:\n\u2022 Causas acidentais como quedas, golpes, derrames de l\u00edquidos, introdu\u00e7\u00e3o de corpos estranhos, bem como qualquer outro caso de for\u00e7a maior est\u00e3o exclu\u00eddos da garantia.\n\u2022 Uso negligente, inadequado ou n\u00e3o dom\u00e9stico.\n\u2022 Danos, corros\u00e3o e\/ou oxida\u00e7\u00e3o acelerados por condi\u00e7\u00f5es ambientais adversas\n\u2022 Manchas e descolora\u00e7\u00e3o devido ao n\u00e3o cumprimento das nossas instru\u00e7\u00f5es de limpeza\n\u2022 Danos ocorridos durante a montagem e manuseamento sem ter seguido as instru\u00e7\u00f5es de montagem indicadas.\n<strong>Instru\u00e7\u00f5es de utiliza\u00e7\u00e3o e manuten\u00e7\u00e3o:<\/strong>\n\u2022 Limpe suavemente com a ajuda de um pano ou use um sabonete l\u00edquido neutro, enxaguando com bastante \u00e1gua.\n\u2022 Retire o p\u00f3 regularmente com a ajuda de um pano macio e \u00e1gua l\u00edmpida.\n\u2022 N\u00e3o utilize detergentes ou produtos abrasivos para a limpeza.\n<strong>Anos de garantia:<\/strong> 3 anos\n<strong>Fabricado de acordo com a Norma:<\/strong> 581-1.581-2.581-3<\/div>\n<\/div>"}],"_links":{"self":[{"href":"https:\/\/keramamueblesdejardin.com\/pt-pt\/wp-json\/wp\/v2\/product\/177693","targetHints":{"allow":["GET"]}}],"collection":[{"href":"https:\/\/keramamueblesdejardin.com\/pt-pt\/wp-json\/wp\/v2\/product"}],"about":[{"href":"https:\/\/keramamueblesdejardin.com\/pt-pt\/wp-json\/wp\/v2\/types\/product"}],"replies":[{"embeddable":true,"href":"https:\/\/keramamueblesdejardin.com\/pt-pt\/wp-json\/wp\/v2\/comments?post=177693"}],"wp:featuredmedia":[{"embeddable":true,"href":"https:\/\/keramamueblesdejardin.com\/pt-pt\/wp-json\/wp\/v2\/media\/170673"}],"wp:attachment":[{"href":"https:\/\/keramamueblesdejardin.com\/pt-pt\/wp-json\/wp\/v2\/media?parent=177693"}],"wp:term":[{"taxonomy":"product_brand","embeddable":true,"href":"https:\/\/keramamueblesdejardin.com\/pt-pt\/wp-json\/wp\/v2\/product_brand?post=177693"},{"taxonomy":"product_cat","embeddable":true,"href":"https:\/\/keramamueblesdejardin.com\/pt-pt\/wp-json\/wp\/v2\/product_cat?post=177693"},{"taxonomy":"product_tag","embeddable":true,"href":"https:\/\/keramamueblesdejardin.com\/pt-pt\/wp-json\/wp\/v2\/product_tag?post=177693"}],"curies":[{"name":"wp","href":"https:\/\/api.w.org\/{rel}","templated":true}]}}