{"id":175252,"date":"2025-01-14T12:34:40","date_gmt":"2025-01-14T11:34:40","guid":{"rendered":"https:\/\/keramamueblesdejardin.com\/sem categoria\/pack-de-2-espreguicadeiras-de-aluminio-branco-e-textileno-dobravel-fold\/"},"modified":"2025-01-14T13:34:40","modified_gmt":"2025-01-14T12:34:40","slug":"embalagem-de-2-espreguicadeiras-dobraveis-em-aluminio-e-texteis-dobraveis","status":"publish","type":"product","link":"https:\/\/keramamueblesdejardin.com\/pt-pt\/espreguicadeiras-e-descanso\/redes\/espreguicadeiras-pt-pt\/embalagem-de-2-espreguicadeiras-dobraveis-em-aluminio-e-texteis-dobraveis\/","title":{"rendered":"Pack de 2 espregui\u00e7adeiras de alum\u00ednio branco e textileno dobr\u00e1vel &#8211; Fold"},"content":{"rendered":"<p>Espregui\u00e7adeira da cole\u00e7\u00e3o Fold na cor branca. Fabricada com uma estrutura de alum\u00ednio leve e resistente, com assento e encosto em textileno respir\u00e1vel em cinza claro, esta espregui\u00e7adeira combina design moderno com durabilidade. A espregui\u00e7adeira tem um mecanismo dobr\u00e1vel ativado com um \u00fanico bot\u00e3o, permitindo um f\u00e1cil bloqueio e desbloqueio para maior seguran\u00e7a e conforto. Ideal para jardins, terra\u00e7os ou mesmo para levar para a praia, a espregui\u00e7adeira Fold \u00e9 compacta e f\u00e1cil de guardar quando n\u00e3o est\u00e1 a ser utilizada. Medidas 193x64x31cm Dobrado 125x64x12cm      <\/p>\n","protected":false},"excerpt":{"rendered":"<ul>\n<li>Quadro em alum\u00ednio branco e assento cinzento<\/li>\n<li>Dobrado com apenas 1 bot\u00e3o<\/li>\n<li>Encosto reclin\u00e1vel em 5 posi\u00e7\u00f5es<\/li>\n<li>Medidas: 193x64x31cm \/ Dobrado 125x64x12cm<\/li>\n<\/ul>\n","protected":false},"featured_media":175049,"comment_status":"closed","ping_status":"open","template":"","meta":{"_acf_changed":false},"product_brand":[],"product_cat":[2542,412,498],"product_tag":[],"class_list":{"0":"post-175252","1":"product","2":"type-product","3":"status-publish","4":"has-post-thumbnail","6":"product_cat-espreguicadeiras-pt-pt","7":"product_cat-espreguicadeiras-e-descanso","8":"product_cat-redes","9":"product_shipping_class-envio-gratuito-pt-pt","10":"pa_caracteristicas-dobrando-pt-pt","11":"pa_material-aluminio-pt-pt","12":"pa_material-textileno-pt-pt","14":"first","15":"instock","16":"sale","17":"purchasable","18":"product-type-simple","19":"add-to-wishlist-before_image"},"acf":[],"yoast_head":"<!-- This site is optimized with the Yoast SEO plugin v27.4 - https:\/\/yoast.com\/product\/yoast-seo-wordpress\/ -->\n<title>Pack de 2 espregui\u00e7adeiras de alum\u00ednio branco e textileno dobr\u00e1vel - Fold - Kerama<\/title>\n<meta name=\"robots\" content=\"index, follow, max-snippet:-1, max-image-preview:large, max-video-preview:-1\" \/>\n<link rel=\"canonical\" href=\"https:\/\/keramamueblesdejardin.com\/pt-pt\/espreguicadeiras-e-descanso\/redes\/espreguicadeiras-pt-pt\/embalagem-de-2-espreguicadeiras-dobraveis-em-aluminio-e-texteis-dobraveis\/\" \/>\n<meta property=\"og:locale\" content=\"pt_PT\" \/>\n<meta property=\"og:type\" content=\"article\" \/>\n<meta property=\"og:title\" content=\"Pack de 2 espregui\u00e7adeiras de alum\u00ednio branco e textileno dobr\u00e1vel - Fold - Kerama\" \/>\n<meta property=\"og:description\" content=\"Quadro em alum\u00ednio branco e assento cinzento  Dobrado com apenas 1 bot\u00e3o  Encosto reclin\u00e1vel em 5 posi\u00e7\u00f5es  Medidas: 193x64x31cm \/ Dobrado 125x64x12cm\" \/>\n<meta property=\"og:url\" content=\"https:\/\/keramamueblesdejardin.com\/pt-pt\/espreguicadeiras-e-descanso\/redes\/espreguicadeiras-pt-pt\/embalagem-de-2-espreguicadeiras-dobraveis-em-aluminio-e-texteis-dobraveis\/\" \/>\n<meta property=\"og:site_name\" content=\"Kerama\" \/>\n<meta property=\"article:publisher\" content=\"https:\/\/www.facebook.com\/Kerama-Muebles-de-Jard%c3%adn-106209328312568\/\" \/>\n<meta property=\"article:modified_time\" content=\"2025-01-14T12:34:40+00:00\" \/>\n<meta property=\"og:image\" content=\"https:\/\/keramamueblesdejardin.com\/wp-content\/uploads\/2025\/01\/tumbona-plegable-foldx2.jpg\" \/>\n\t<meta property=\"og:image:width\" content=\"1200\" \/>\n\t<meta property=\"og:image:height\" content=\"1200\" \/>\n\t<meta property=\"og:image:type\" content=\"image\/jpeg\" \/>\n<meta name=\"twitter:card\" content=\"summary_large_image\" \/>\n<meta name=\"twitter:label1\" content=\"Tempo estimado de leitura\" \/>\n\t<meta name=\"twitter:data1\" content=\"1 minuto\" \/>\n<script type=\"application\/ld+json\" class=\"yoast-schema-graph\">{\"@context\":\"https:\\\/\\\/schema.org\",\"@graph\":[{\"@type\":\"WebPage\",\"@id\":\"https:\\\/\\\/keramamueblesdejardin.com\\\/pt-pt\\\/espreguicadeiras-e-descanso\\\/redes\\\/espreguicadeiras-pt-pt\\\/embalagem-de-2-espreguicadeiras-dobraveis-em-aluminio-e-texteis-dobraveis\\\/\",\"url\":\"https:\\\/\\\/keramamueblesdejardin.com\\\/pt-pt\\\/espreguicadeiras-e-descanso\\\/redes\\\/espreguicadeiras-pt-pt\\\/embalagem-de-2-espreguicadeiras-dobraveis-em-aluminio-e-texteis-dobraveis\\\/\",\"name\":\"Pack de 2 espregui\u00e7adeiras de alum\u00ednio branco e textileno dobr\u00e1vel - Fold - Kerama\",\"isPartOf\":{\"@id\":\"https:\\\/\\\/keramamueblesdejardin.com\\\/pt-pt\\\/#website\"},\"primaryImageOfPage\":{\"@id\":\"https:\\\/\\\/keramamueblesdejardin.com\\\/pt-pt\\\/espreguicadeiras-e-descanso\\\/redes\\\/espreguicadeiras-pt-pt\\\/embalagem-de-2-espreguicadeiras-dobraveis-em-aluminio-e-texteis-dobraveis\\\/#primaryimage\"},\"image\":{\"@id\":\"https:\\\/\\\/keramamueblesdejardin.com\\\/pt-pt\\\/espreguicadeiras-e-descanso\\\/redes\\\/espreguicadeiras-pt-pt\\\/embalagem-de-2-espreguicadeiras-dobraveis-em-aluminio-e-texteis-dobraveis\\\/#primaryimage\"},\"thumbnailUrl\":\"https:\\\/\\\/keramamueblesdejardin.com\\\/wp-content\\\/uploads\\\/2025\\\/01\\\/tumbona-plegable-foldx2.jpg\",\"datePublished\":\"2025-01-14T11:34:40+00:00\",\"dateModified\":\"2025-01-14T12:34:40+00:00\",\"breadcrumb\":{\"@id\":\"https:\\\/\\\/keramamueblesdejardin.com\\\/pt-pt\\\/espreguicadeiras-e-descanso\\\/redes\\\/espreguicadeiras-pt-pt\\\/embalagem-de-2-espreguicadeiras-dobraveis-em-aluminio-e-texteis-dobraveis\\\/#breadcrumb\"},\"inLanguage\":\"pt-PT\",\"potentialAction\":[{\"@type\":\"ReadAction\",\"target\":[\"https:\\\/\\\/keramamueblesdejardin.com\\\/pt-pt\\\/espreguicadeiras-e-descanso\\\/redes\\\/espreguicadeiras-pt-pt\\\/embalagem-de-2-espreguicadeiras-dobraveis-em-aluminio-e-texteis-dobraveis\\\/\"]}]},{\"@type\":\"ImageObject\",\"inLanguage\":\"pt-PT\",\"@id\":\"https:\\\/\\\/keramamueblesdejardin.com\\\/pt-pt\\\/espreguicadeiras-e-descanso\\\/redes\\\/espreguicadeiras-pt-pt\\\/embalagem-de-2-espreguicadeiras-dobraveis-em-aluminio-e-texteis-dobraveis\\\/#primaryimage\",\"url\":\"https:\\\/\\\/keramamueblesdejardin.com\\\/wp-content\\\/uploads\\\/2025\\\/01\\\/tumbona-plegable-foldx2.jpg\",\"contentUrl\":\"https:\\\/\\\/keramamueblesdejardin.com\\\/wp-content\\\/uploads\\\/2025\\\/01\\\/tumbona-plegable-foldx2.jpg\",\"width\":1200,\"height\":1200},{\"@type\":\"BreadcrumbList\",\"@id\":\"https:\\\/\\\/keramamueblesdejardin.com\\\/pt-pt\\\/espreguicadeiras-e-descanso\\\/redes\\\/espreguicadeiras-pt-pt\\\/embalagem-de-2-espreguicadeiras-dobraveis-em-aluminio-e-texteis-dobraveis\\\/#breadcrumb\",\"itemListElement\":[{\"@type\":\"ListItem\",\"position\":1,\"name\":\"Home\",\"item\":\"https:\\\/\\\/keramamueblesdejardin.com\\\/pt-pt\\\/\"},{\"@type\":\"ListItem\",\"position\":2,\"name\":\"Tienda\",\"item\":\"https:\\\/\\\/keramamueblesdejardin.com\\\/pt-pt\\\/tienda-2\\\/\"},{\"@type\":\"ListItem\",\"position\":3,\"name\":\"Espregui\u00e7adeiras e descanso\",\"item\":\"https:\\\/\\\/keramamueblesdejardin.com\\\/pt-pt\\\/espreguicadeiras-e-descanso\\\/\"},{\"@type\":\"ListItem\",\"position\":4,\"name\":\"Redes\",\"item\":\"https:\\\/\\\/keramamueblesdejardin.com\\\/pt-pt\\\/espreguicadeiras-e-descanso\\\/redes\\\/\"},{\"@type\":\"ListItem\",\"position\":5,\"name\":\"Pack de 2 espregui\u00e7adeiras de alum\u00ednio branco e textileno dobr\u00e1vel &#8211; Fold\"}]},{\"@type\":\"WebSite\",\"@id\":\"https:\\\/\\\/keramamueblesdejardin.com\\\/pt-pt\\\/#website\",\"url\":\"https:\\\/\\\/keramamueblesdejardin.com\\\/pt-pt\\\/\",\"name\":\"Kerama\",\"description\":\"muebles de jard\u00edn\",\"publisher\":{\"@id\":\"https:\\\/\\\/keramamueblesdejardin.com\\\/pt-pt\\\/#organization\"},\"potentialAction\":[{\"@type\":\"SearchAction\",\"target\":{\"@type\":\"EntryPoint\",\"urlTemplate\":\"https:\\\/\\\/keramamueblesdejardin.com\\\/pt-pt\\\/?s={search_term_string}\"},\"query-input\":{\"@type\":\"PropertyValueSpecification\",\"valueRequired\":true,\"valueName\":\"search_term_string\"}}],\"inLanguage\":\"pt-PT\"},{\"@type\":\"Organization\",\"@id\":\"https:\\\/\\\/keramamueblesdejardin.com\\\/pt-pt\\\/#organization\",\"name\":\"kerama\",\"url\":\"https:\\\/\\\/keramamueblesdejardin.com\\\/pt-pt\\\/\",\"logo\":{\"@type\":\"ImageObject\",\"inLanguage\":\"pt-PT\",\"@id\":\"https:\\\/\\\/keramamueblesdejardin.com\\\/pt-pt\\\/#\\\/schema\\\/logo\\\/image\\\/\",\"url\":\"https:\\\/\\\/keramamueblesdejardin.com\\\/wp-content\\\/uploads\\\/2020\\\/12\\\/k.-scaled.jpg\",\"contentUrl\":\"https:\\\/\\\/keramamueblesdejardin.com\\\/wp-content\\\/uploads\\\/2020\\\/12\\\/k.-scaled.jpg\",\"width\":2560,\"height\":551,\"caption\":\"kerama\"},\"image\":{\"@id\":\"https:\\\/\\\/keramamueblesdejardin.com\\\/pt-pt\\\/#\\\/schema\\\/logo\\\/image\\\/\"},\"sameAs\":[\"https:\\\/\\\/www.facebook.com\\\/Kerama-Muebles-de-Jard\u00edn-106209328312568\\\/\"]}]}<\/script>\n<!-- \/ Yoast SEO plugin. -->","yoast_head_json":{"title":"Pack de 2 espregui\u00e7adeiras de alum\u00ednio branco e textileno dobr\u00e1vel - Fold - Kerama","robots":{"index":"index","follow":"follow","max-snippet":"max-snippet:-1","max-image-preview":"max-image-preview:large","max-video-preview":"max-video-preview:-1"},"canonical":"https:\/\/keramamueblesdejardin.com\/pt-pt\/espreguicadeiras-e-descanso\/redes\/espreguicadeiras-pt-pt\/embalagem-de-2-espreguicadeiras-dobraveis-em-aluminio-e-texteis-dobraveis\/","og_locale":"pt_PT","og_type":"article","og_title":"Pack de 2 espregui\u00e7adeiras de alum\u00ednio branco e textileno dobr\u00e1vel - Fold - Kerama","og_description":"Quadro em alum\u00ednio branco e assento cinzento  Dobrado com apenas 1 bot\u00e3o  Encosto reclin\u00e1vel em 5 posi\u00e7\u00f5es  Medidas: 193x64x31cm \/ Dobrado 125x64x12cm","og_url":"https:\/\/keramamueblesdejardin.com\/pt-pt\/espreguicadeiras-e-descanso\/redes\/espreguicadeiras-pt-pt\/embalagem-de-2-espreguicadeiras-dobraveis-em-aluminio-e-texteis-dobraveis\/","og_site_name":"Kerama","article_publisher":"https:\/\/www.facebook.com\/Kerama-Muebles-de-Jard%c3%adn-106209328312568\/","article_modified_time":"2025-01-14T12:34:40+00:00","og_image":[{"width":1200,"height":1200,"url":"https:\/\/keramamueblesdejardin.com\/wp-content\/uploads\/2025\/01\/tumbona-plegable-foldx2.jpg","type":"image\/jpeg"}],"twitter_card":"summary_large_image","twitter_misc":{"Tempo estimado de leitura":"1 minuto"},"schema":{"@context":"https:\/\/schema.org","@graph":[{"@type":"WebPage","@id":"https:\/\/keramamueblesdejardin.com\/pt-pt\/espreguicadeiras-e-descanso\/redes\/espreguicadeiras-pt-pt\/embalagem-de-2-espreguicadeiras-dobraveis-em-aluminio-e-texteis-dobraveis\/","url":"https:\/\/keramamueblesdejardin.com\/pt-pt\/espreguicadeiras-e-descanso\/redes\/espreguicadeiras-pt-pt\/embalagem-de-2-espreguicadeiras-dobraveis-em-aluminio-e-texteis-dobraveis\/","name":"Pack de 2 espregui\u00e7adeiras de alum\u00ednio branco e textileno dobr\u00e1vel - Fold - Kerama","isPartOf":{"@id":"https:\/\/keramamueblesdejardin.com\/pt-pt\/#website"},"primaryImageOfPage":{"@id":"https:\/\/keramamueblesdejardin.com\/pt-pt\/espreguicadeiras-e-descanso\/redes\/espreguicadeiras-pt-pt\/embalagem-de-2-espreguicadeiras-dobraveis-em-aluminio-e-texteis-dobraveis\/#primaryimage"},"image":{"@id":"https:\/\/keramamueblesdejardin.com\/pt-pt\/espreguicadeiras-e-descanso\/redes\/espreguicadeiras-pt-pt\/embalagem-de-2-espreguicadeiras-dobraveis-em-aluminio-e-texteis-dobraveis\/#primaryimage"},"thumbnailUrl":"https:\/\/keramamueblesdejardin.com\/wp-content\/uploads\/2025\/01\/tumbona-plegable-foldx2.jpg","datePublished":"2025-01-14T11:34:40+00:00","dateModified":"2025-01-14T12:34:40+00:00","breadcrumb":{"@id":"https:\/\/keramamueblesdejardin.com\/pt-pt\/espreguicadeiras-e-descanso\/redes\/espreguicadeiras-pt-pt\/embalagem-de-2-espreguicadeiras-dobraveis-em-aluminio-e-texteis-dobraveis\/#breadcrumb"},"inLanguage":"pt-PT","potentialAction":[{"@type":"ReadAction","target":["https:\/\/keramamueblesdejardin.com\/pt-pt\/espreguicadeiras-e-descanso\/redes\/espreguicadeiras-pt-pt\/embalagem-de-2-espreguicadeiras-dobraveis-em-aluminio-e-texteis-dobraveis\/"]}]},{"@type":"ImageObject","inLanguage":"pt-PT","@id":"https:\/\/keramamueblesdejardin.com\/pt-pt\/espreguicadeiras-e-descanso\/redes\/espreguicadeiras-pt-pt\/embalagem-de-2-espreguicadeiras-dobraveis-em-aluminio-e-texteis-dobraveis\/#primaryimage","url":"https:\/\/keramamueblesdejardin.com\/wp-content\/uploads\/2025\/01\/tumbona-plegable-foldx2.jpg","contentUrl":"https:\/\/keramamueblesdejardin.com\/wp-content\/uploads\/2025\/01\/tumbona-plegable-foldx2.jpg","width":1200,"height":1200},{"@type":"BreadcrumbList","@id":"https:\/\/keramamueblesdejardin.com\/pt-pt\/espreguicadeiras-e-descanso\/redes\/espreguicadeiras-pt-pt\/embalagem-de-2-espreguicadeiras-dobraveis-em-aluminio-e-texteis-dobraveis\/#breadcrumb","itemListElement":[{"@type":"ListItem","position":1,"name":"Home","item":"https:\/\/keramamueblesdejardin.com\/pt-pt\/"},{"@type":"ListItem","position":2,"name":"Tienda","item":"https:\/\/keramamueblesdejardin.com\/pt-pt\/tienda-2\/"},{"@type":"ListItem","position":3,"name":"Espregui\u00e7adeiras e descanso","item":"https:\/\/keramamueblesdejardin.com\/pt-pt\/espreguicadeiras-e-descanso\/"},{"@type":"ListItem","position":4,"name":"Redes","item":"https:\/\/keramamueblesdejardin.com\/pt-pt\/espreguicadeiras-e-descanso\/redes\/"},{"@type":"ListItem","position":5,"name":"Pack de 2 espregui\u00e7adeiras de alum\u00ednio branco e textileno dobr\u00e1vel &#8211; Fold"}]},{"@type":"WebSite","@id":"https:\/\/keramamueblesdejardin.com\/pt-pt\/#website","url":"https:\/\/keramamueblesdejardin.com\/pt-pt\/","name":"Kerama","description":"muebles de jard\u00edn","publisher":{"@id":"https:\/\/keramamueblesdejardin.com\/pt-pt\/#organization"},"potentialAction":[{"@type":"SearchAction","target":{"@type":"EntryPoint","urlTemplate":"https:\/\/keramamueblesdejardin.com\/pt-pt\/?s={search_term_string}"},"query-input":{"@type":"PropertyValueSpecification","valueRequired":true,"valueName":"search_term_string"}}],"inLanguage":"pt-PT"},{"@type":"Organization","@id":"https:\/\/keramamueblesdejardin.com\/pt-pt\/#organization","name":"kerama","url":"https:\/\/keramamueblesdejardin.com\/pt-pt\/","logo":{"@type":"ImageObject","inLanguage":"pt-PT","@id":"https:\/\/keramamueblesdejardin.com\/pt-pt\/#\/schema\/logo\/image\/","url":"https:\/\/keramamueblesdejardin.com\/wp-content\/uploads\/2020\/12\/k.-scaled.jpg","contentUrl":"https:\/\/keramamueblesdejardin.com\/wp-content\/uploads\/2020\/12\/k.-scaled.jpg","width":2560,"height":551,"caption":"kerama"},"image":{"@id":"https:\/\/keramamueblesdejardin.com\/pt-pt\/#\/schema\/logo\/image\/"},"sameAs":["https:\/\/www.facebook.com\/Kerama-Muebles-de-Jard\u00edn-106209328312568\/"]}]}},"df_price":365,"df_sale_price":365,"df_regular_price":489,"df_image_link":"https:\/\/keramamueblesdejardin.com\/wp-content\/uploads\/2025\/01\/tumbona-plegable-foldx2-300x300.jpg","custom_tabs":[{"title":"MEDI\u00c7\u00c3O","id":"medi\u00e7\u00e3o","content":"<div class=\"list\"><strong>Altura: <\/strong>31cm<\/div>\n<div class=\"list\"><strong>Largura: <\/strong>193cm<\/div>\n<div class=\"list\"><strong>Profundidade: <\/strong>64cm<\/div>"},{"title":"DESEMBALAR E ASSEMBL\u00c9IA","id":"desembalar-e-assembleia","content":"<div class=\"list\"><strong style=\"font-weight: bold; color: #282828;\">Recomenda\u00e7\u00f5es para desembalar:<\/strong><span style=\"color: #282828;\"> N\u00e3o use utens\u00edlios afiados ao desembalar os m\u00f3veis, pois isso pode causar danos<\/span><br style=\"color: #282828;\"><strong style=\"font-weight: bold; color: #282828;\">Montagem necess\u00e1ria (sim\/n\u00e3o):<\/strong><span style=\"color: #282828;\"> N\u00e3o<\/span><\/div>"},{"title":"MANUTEN\u00c7\u00c3O E GARANTIAS","id":"manutencao-e-garantias","content":"<div class=\"moz-signature\">\n<div class=\"list\"><strong>Recomenda\u00e7\u00f5es gerais:<\/strong> \u2022 Avarias ou danos causados por: \u2022 Causas acidentais como quedas, golpes, derrames de l\u00edquidos, introdu\u00e7\u00e3o de corpos estranhos, bem como qualquer outro caso de for\u00e7a maior est\u00e3o exclu\u00eddos da garantia. \u2022 Utiliza\u00e7\u00e3o negligente, impr\u00f3pria ou n\u00e3o dom\u00e9stica. \u2022 Danos, corros\u00e3o e\/ou oxida\u00e7\u00e3o acelerados por condi\u00e7\u00f5es ambientais adversas \u2022 Manchas e descolora\u00e7\u00e3o devido ao n\u00e3o cumprimento das nossas instru\u00e7\u00f5es de limpeza \u2022 Danos ocorridos durante a montagem e manuseamento sem ter seguido as instru\u00e7\u00f5es de montagem indicadas. <strong>Instru\u00e7\u00f5es de utiliza\u00e7\u00e3o e manuten\u00e7\u00e3o: \u2022 Limpe<\/strong> suavemente com a ajuda de um pano ou use um sabonete l\u00edquido neutro, enxaguando com bastante \u00e1gua. \u2022 Retire regularmente o p\u00f3 com a ajuda de um pano macio e \u00e1gua l\u00edmpia. \u2022 N\u00e3o utilize detergentes ou produtos abrasivos para a limpeza. <strong>Anos de garantia:<\/strong> 3 anos <strong>Fabricado de acordo com a norma:<\/strong> 581-1,581-2,581-3<\/div>\n<\/div>"}],"_links":{"self":[{"href":"https:\/\/keramamueblesdejardin.com\/pt-pt\/wp-json\/wp\/v2\/product\/175252","targetHints":{"allow":["GET"]}}],"collection":[{"href":"https:\/\/keramamueblesdejardin.com\/pt-pt\/wp-json\/wp\/v2\/product"}],"about":[{"href":"https:\/\/keramamueblesdejardin.com\/pt-pt\/wp-json\/wp\/v2\/types\/product"}],"replies":[{"embeddable":true,"href":"https:\/\/keramamueblesdejardin.com\/pt-pt\/wp-json\/wp\/v2\/comments?post=175252"}],"wp:featuredmedia":[{"embeddable":true,"href":"https:\/\/keramamueblesdejardin.com\/pt-pt\/wp-json\/wp\/v2\/media\/175049"}],"wp:attachment":[{"href":"https:\/\/keramamueblesdejardin.com\/pt-pt\/wp-json\/wp\/v2\/media?parent=175252"}],"wp:term":[{"taxonomy":"product_brand","embeddable":true,"href":"https:\/\/keramamueblesdejardin.com\/pt-pt\/wp-json\/wp\/v2\/product_brand?post=175252"},{"taxonomy":"product_cat","embeddable":true,"href":"https:\/\/keramamueblesdejardin.com\/pt-pt\/wp-json\/wp\/v2\/product_cat?post=175252"},{"taxonomy":"product_tag","embeddable":true,"href":"https:\/\/keramamueblesdejardin.com\/pt-pt\/wp-json\/wp\/v2\/product_tag?post=175252"}],"curies":[{"name":"wp","href":"https:\/\/api.w.org\/{rel}","templated":true}]}}