{"id":32784,"date":"2021-08-17T13:24:41","date_gmt":"2021-08-17T11:24:41","guid":{"rendered":"https:\/\/keramamueblesdejardin.com\/guarda-sois\/"},"modified":"2023-06-07T13:01:24","modified_gmt":"2023-06-07T11:01:24","slug":"guarda-sois","status":"publish","type":"page","link":"https:\/\/keramamueblesdejardin.com\/pt-pt\/guarda-sois\/","title":{"rendered":"Guarda-s\u00f3is"},"content":{"rendered":"<p>[vc_row][vc_column][cislen_title style=&#8221;style1&#8243; title=&#8221;GUARDA-S\u00d3IS EXC\u00caNTRICOS&#8221; size_title=&#8221;28px&#8221; title_custom_id=&#8221;cislen_custom_css_2024253922&#8243; responsive_js_composer_custom_id=&#8221;responsive_js_composer_custom_css_780368359&#8243; css=&#8221;.vc_custom_1629271995230{padding-bottom: 30px !important;}&#8221;][\/vc_column][\/vc_row][vc_row css=&#8221;.vc_custom_1629198591748{padding-top: 30px !important;padding-bottom: 30px !important;}&#8221; responsive_js_composer_custom_id=&#8221;responsive_js_composer_custom_css_1177573393&#8243;][vc_column][cislen_tabs style=&#8221;`{`object Object`}`&#8221;][vc_tta_section title=&#8221;ANTRACITE 3x3M&#8221; tab_id=&#8221;1659341355320-bfd4d5da-7955&#8243; responsive_js_composer_custom_id=&#8221;responsive_js_composer_custom_css_2002505891&#8243;][cislen_products productsliststyle=&#8221;owl&#8221; product_style=&#8221;1&#8243; product_image_size=&#8221;custom&#8221; product_custom_thumb_width=&#8221;360&#8243; product_custom_thumb_height=&#8221;360&#8243; target=&#8221;products&#8221; autoplay=&#8221;true&#8221; navigation=&#8221;true&#8221; dots=&#8221;true&#8221; dots_style=&#8221;dots-style2&#8243; loop=&#8221;true&#8221; ls_items=&#8221;4&#8243; products_custom_id=&#8221;cislen_custom_css_592467620&#8243; responsive_js_composer_custom_id=&#8221;responsive_js_composer_custom_css_645709561&#8243; ids=&#8221;7959, 7961, 35386, 18909&#8243;][\/vc_tta_section][vc_tta_section title=&#8221;ANTHRACITE 2,5&#215;2,5M&#8221; tab_id=&#8221;1659341576370-48598a65-7a48&#8243; responsive_js_composer_custom_id=&#8221;responsive_js_composer_custom_css_289055495&#8243;][cislen_products productsliststyle=&#8221;owl&#8221; product_style=&#8221;1&#8243; product_image_size=&#8221;custom&#8221; product_custom_thumb_width=&#8221;360&#8243; product_custom_thumb_height=&#8221;360&#8243; target=&#8221;products&#8221; autoplay=&#8221;true&#8221; navigation=&#8221;true&#8221; dots=&#8221;true&#8221; dots_style=&#8221;dots-style2&#8243; loop=&#8221;false&#8221; ls_items=&#8221;4&#8243; products_custom_id=&#8221;cislen_custom_css_2135496832&#8243; responsive_js_composer_custom_id=&#8221;responsive_js_composer_custom_css_105776054&#8243; ids=&#8221;35391, 35392, 35393, 18922&#8243;][\/vc_tta_section][vc_tta_section title=&#8221;ANTRACITE 3M REDONDA&#8221; tab_id=&#8221;1659341355370-f8736a35-af03&#8243; responsive_js_composer_custom_id=&#8221;responsive_js_composer_custom_css_531178018&#8243;][cislen_products productsliststyle=&#8221;owl&#8221; product_style=&#8221;1&#8243; product_image_size=&#8221;custom&#8221; product_custom_thumb_width=&#8221;360&#8243; product_custom_thumb_height=&#8221;360&#8243; target=&#8221;products&#8221; autoplay=&#8221;true&#8221; navigation=&#8221;true&#8221; dots=&#8221;true&#8221; dots_style=&#8221;dots-style2&#8243; loop=&#8221;false&#8221; ls_items=&#8221;4&#8243; products_custom_id=&#8221;cislen_custom_css_2021154720&#8243; responsive_js_composer_custom_id=&#8221;responsive_js_composer_custom_css_2082369386&#8243; ids=&#8221;35388, 35389, 35390, 18917&#8243;][\/vc_tta_section][vc_tta_section title=&#8221;IMITA\u00c7\u00c3O MADEIRA 3x3M&#8221; tab_id=&#8221;1659341596241-f0cd0344-9e4c&#8221; responsive_js_composer_custom_id=&#8221;responsive_js_composer_custom_css_187591306&#8243;][cislen_products productsliststyle=&#8221;owl&#8221; product_style=&#8221;1&#8243; product_image_size=&#8221;custom&#8221; product_custom_thumb_width=&#8221;360&#8243; product_custom_thumb_height=&#8221;360&#8243; target=&#8221;products&#8221; autoplay=&#8221;true&#8221; navigation=&#8221;true&#8221; dots=&#8221;true&#8221; dots_style=&#8221;dots-style2&#8243; loop=&#8221;false&#8221; ls_items=&#8221;4&#8243; products_custom_id=&#8221;cislen_custom_css_220687465&#8243; responsive_js_composer_custom_id=&#8221;responsive_js_composer_custom_css_1185842118&#8243; ids=&#8221;35394, 35395, 35396, 18927&#8243;][\/vc_tta_section][\/cislen_tabs][\/vc_column][\/vc_row][vc_row css=&#8221;.vc_custom_1629198576728{padding-top: 30px !important;padding-bottom: 30px !important;}&#8221; responsive_js_composer_custom_id=&#8221;responsive_js_composer_custom_css_1319680525&#8243;][vc_column][cislen_title style=&#8221;style1&#8243; title=&#8221;MASTRO CENTRAL DE S\u00d3S\u00d3IS&#8221; size_title=&#8221;28px&#8221; title_custom_id=&#8221;cislen_custom_css_928313830&#8243; responsive_js_composer_custom_id=&#8221;responsive_js_composer_custom_css_501913057&#8243;][\/vc_column][\/vc_row][vc_row css=&#8221;.vc_custom_1629198591748{padding-top: 30px !important;padding-bottom: 30px !important;}&#8221; responsive_js_composer_custom_id=&#8221;responsive_js_composer_custom_css_1246382322&#8243;][vc_column][cislen_tabs style=&#8221;`{`object Object`}`&#8221;][vc_tta_section title=&#8221;ALUM\u00cdNIO&#8221; tab_id=&#8221;1659341537287-da89de65-533f&#8221; responsive_js_composer_custom_id=&#8221;responsive_js_composer_custom_css_621966458&#8243;][cislen_products productsliststyle=&#8221;owl&#8221; product_style=&#8221;1&#8243; product_image_size=&#8221;custom&#8221; product_custom_thumb_width=&#8221;360&#8243; product_custom_thumb_height=&#8221;360&#8243; target=&#8221;products&#8221; autoplay=&#8221;true&#8221; navigation=&#8221;true&#8221; dots=&#8221;true&#8221; dots_style=&#8221;dots-style2&#8243; loop=&#8221;true&#8221; ls_items=&#8221;4&#8243; products_custom_id=&#8221;cislen_custom_css_399225731&#8243; responsive_js_composer_custom_id=&#8221;responsive_js_composer_custom_css_1905377243&#8243; ids=&#8221;7908, 16364, 7904, 16360, 7906, 16357, 16352, 16347&#8243;][\/vc_tta_section][vc_tta_section title=&#8221;MADEIRA&#8221; tab_id=&#8221;1659341537333-d32fea89-9363&#8243; responsive_js_composer_custom_id=&#8221;responsive_js_composer_custom_css_1771550148&#8243;][cislen_products productsliststyle=&#8221;owl&#8221; product_style=&#8221;1&#8243; product_image_size=&#8221;custom&#8221; product_custom_thumb_width=&#8221;360&#8243; product_custom_thumb_height=&#8221;360&#8243; target=&#8221;products&#8221; autoplay=&#8221;true&#8221; navigation=&#8221;true&#8221; dots=&#8221;true&#8221; dots_style=&#8221;dots-style2&#8243; loop=&#8221;false&#8221; ls_items=&#8221;4&#8243; products_custom_id=&#8221;cislen_custom_css_1438219538&#8243; responsive_js_composer_custom_id=&#8221;responsive_js_composer_custom_css_2032361148&#8243; ids=&#8221;7743, 7745, 7747, 16402&#8243;][\/vc_tta_section][\/cislen_tabs][\/vc_column][\/vc_row][vc_row css=&#8221;.vc_custom_1629198603539{padding-top: 30px !important;padding-bottom: 30px !important;}&#8221; responsive_js_composer_custom_id=&#8221;responsive_js_composer_custom_css_1439923631&#8243;][vc_column][cislen_title style=&#8221;style1&#8243; title=&#8221;GUARDA-S\u00d3IS PEQUENOS ESPA\u00c7OS E PRAIA&#8221; size_title=&#8221;28px&#8221; title_custom_id=&#8221;cislen_custom_css_1002277502&#8243; responsive_js_composer_custom_id=&#8221;responsive_js_composer_custom_css_1019879220&#8243;][\/vc_column][\/vc_row][vc_row equal_height=&#8221;yes&#8221; responsive_js_composer_custom_id=&#8221;responsive_js_composer_custom_css_1868566260&#8243; css=&#8221;.vc_custom_1629198615236{padding-top: 30px !important;padding-bottom: 30px !important;}&#8221;][vc_column][cislen_products product_style=&#8221;1&#8243; product_image_size=&#8221;custom&#8221; product_custom_thumb_width=&#8221;360&#8243; product_custom_thumb_height=&#8221;360&#8243; taxonomy=&#8221;&#8221; target=&#8221;products&#8221; boostrap_bg_items=&#8221;4&#8243; boostrap_lg_items=&#8221;4&#8243; boostrap_md_items=&#8221;4&#8243; products_custom_id=&#8221;cislen_custom_css_2022741722&#8243; responsive_js_composer_custom_id=&#8221;responsive_js_composer_custom_css_178957982&#8243; ids=&#8221;16784, 8853, 8854, 8255, 8256, 12845, 12859&#8243;][vc_btn title=&#8221;Ver todos os guarda-s\u00f3is&#8221; style=&#8221;custom&#8221; custom_background=&#8221;#944b58&#8243; custom_text=&#8221;#ffffff&#8221; shape=&#8221;square&#8221; align=&#8221;center&#8221; link=&#8221;url:https%3A%2F%2Fkeramamueblesdejardin.com%2Fpt-pt%2Fguarda-sois-e-pergulas%2Fguarda-sois-guarda-sois-e-pergulas%2F|&#8221; responsive_js_composer_custom_id=&#8221;responsive_js_composer_custom_css_874688215&#8243;][\/vc_column][\/vc_row][vc_row][vc_column][vc_column_text responsive_js_composer_custom_id=&#8221;responsive_js_composer_custom_css_1109824041&#8243;]<strong>Guarda-s\u00f3is e bases de guarda-s\u00f3is kerama para jardins ou terra\u00e7os.<\/strong><\/p>\n<p>Sabemos que o banho de sol pode ser ben\u00e9fico para a nossa sa\u00fade, desde que sejam tomadas precau\u00e7\u00f5es.<\/p>\n<p>Nesta categoria, voc\u00ea pode escolher entre uma variedade de produtos, para que voc\u00ea possa descansar e fazer atividades ao ar livre protegidas do sol. Os nossos modelos s\u00e3o feitos com diferentes tipos de materiais, como bases de guarda-sol de cimento, ou tamb\u00e9m como guarda-s\u00f3is de madeira, madeira de imita\u00e7\u00e3o e alum\u00ednio. Al\u00e9m disso, alguns produtos est\u00e3o dispon\u00edveis em cores diferentes para que voc\u00ea possa encontrar o que melhor se adequa aos seus gostos e necessidades.<\/p>\n<p>Esperamos que encontre o guarda-sol e tudo o que precisa, para que possa desfrutar dos longos dias no estrangeiro.[\/vc_column_text][\/vc_column][\/vc_row]<\/p>\n","protected":false},"excerpt":{"rendered":"<p>[vc_row][vc_column][cislen_title style=&#8221;style1&#8243; title=&#8221;GUARDA-S\u00d3IS EXC\u00caNTRICOS&#8221; size_title=&#8221;28px&#8221; title_custom_id=&#8221;cislen_custom_css_2024253922&#8243; responsive_js_composer_custom_id=&#8221;responsive_js_composer_custom_css_780368359&#8243; css=&#8221;.vc_custom_1629271995230{padding-bottom: 30px !important;}&#8221;][\/vc_column][\/vc_row][vc_row css=&#8221;.vc_custom_1629198591748{padding-top: 30px !important;padding-bottom: 30px !important;}&#8221; responsive_js_composer_custom_id=&#8221;responsive_js_composer_custom_css_1177573393&#8243;][vc_column][cislen_tabs style=&#8221;`{`object Object`}`&#8221;][vc_tta_section title=&#8221;ANTRACITE 3x3M&#8221; tab_id=&#8221;1659341355320-bfd4d5da-7955&#8243; responsive_js_composer_custom_id=&#8221;responsive_js_composer_custom_css_2002505891&#8243;][cislen_products productsliststyle=&#8221;owl&#8221; product_style=&#8221;1&#8243; product_image_size=&#8221;custom&#8221; product_custom_thumb_width=&#8221;360&#8243; product_custom_thumb_height=&#8221;360&#8243; target=&#8221;products&#8221; autoplay=&#8221;true&#8221; navigation=&#8221;true&#8221; dots=&#8221;true&#8221; dots_style=&#8221;dots-style2&#8243; loop=&#8221;true&#8221; ls_items=&#8221;4&#8243; products_custom_id=&#8221;cislen_custom_css_592467620&#8243; responsive_js_composer_custom_id=&#8221;responsive_js_composer_custom_css_645709561&#8243; ids=&#8221;7959, 7961, 35386, 18909&#8243;][\/vc_tta_section][vc_tta_section title=&#8221;ANTHRACITE 2,5&#215;2,5M&#8221; tab_id=&#8221;1659341576370-48598a65-7a48&#8243; responsive_js_composer_custom_id=&#8221;responsive_js_composer_custom_css_289055495&#8243;][cislen_products productsliststyle=&#8221;owl&#8221; product_style=&#8221;1&#8243; product_image_size=&#8221;custom&#8221; product_custom_thumb_width=&#8221;360&#8243; product_custom_thumb_height=&#8221;360&#8243; target=&#8221;products&#8221; autoplay=&#8221;true&#8221; navigation=&#8221;true&#8221; dots=&#8221;true&#8221; dots_style=&#8221;dots-style2&#8243; loop=&#8221;false&#8221; [&hellip;]<\/p>\n","protected":false},"author":1,"featured_media":0,"parent":0,"menu_order":0,"comment_status":"closed","ping_status":"closed","template":"","meta":{"_acf_changed":false,"footnotes":""},"class_list":["post-32784","page","type-page","status-publish","hentry"],"acf":[],"yoast_head":"<!-- This site is optimized with the Yoast SEO plugin v27.4 - https:\/\/yoast.com\/product\/yoast-seo-wordpress\/ -->\n<title>Guarda-s\u00f3is - Kerama<\/title>\n<meta name=\"robots\" content=\"index, follow, max-snippet:-1, max-image-preview:large, max-video-preview:-1\" \/>\n<link rel=\"canonical\" href=\"https:\/\/keramamueblesdejardin.com\/pt-pt\/guarda-sois\/\" \/>\n<meta property=\"og:locale\" content=\"pt_PT\" \/>\n<meta property=\"og:type\" content=\"article\" \/>\n<meta property=\"og:title\" content=\"Guarda-s\u00f3is - Kerama\" \/>\n<meta property=\"og:description\" content=\"[vc_row][vc_column][cislen_title style=&#8221;style1&#8243; title=&#8221;GUARDA-S\u00d3IS EXC\u00caNTRICOS&#8221; size_title=&#8221;28px&#8221; title_custom_id=&#8221;cislen_custom_css_2024253922&#8243; responsive_js_composer_custom_id=&#8221;responsive_js_composer_custom_css_780368359&#8243; css=&#8221;.vc_custom_1629271995230{padding-bottom: 30px !important;}&#8221;][\/vc_column][\/vc_row][vc_row css=&#8221;.vc_custom_1629198591748{padding-top: 30px !important;padding-bottom: 30px !important;}&#8221; responsive_js_composer_custom_id=&#8221;responsive_js_composer_custom_css_1177573393&#8243;][vc_column][cislen_tabs style=&#8221;`{`object Object`}`&#8221;][vc_tta_section title=&#8221;ANTRACITE 3x3M&#8221; tab_id=&#8221;1659341355320-bfd4d5da-7955&#8243; responsive_js_composer_custom_id=&#8221;responsive_js_composer_custom_css_2002505891&#8243;][cislen_products productsliststyle=&#8221;owl&#8221; product_style=&#8221;1&#8243; product_image_size=&#8221;custom&#8221; product_custom_thumb_width=&#8221;360&#8243; product_custom_thumb_height=&#8221;360&#8243; target=&#8221;products&#8221; autoplay=&#8221;true&#8221; navigation=&#8221;true&#8221; dots=&#8221;true&#8221; dots_style=&#8221;dots-style2&#8243; loop=&#8221;true&#8221; ls_items=&#8221;4&#8243; products_custom_id=&#8221;cislen_custom_css_592467620&#8243; responsive_js_composer_custom_id=&#8221;responsive_js_composer_custom_css_645709561&#8243; ids=&#8221;7959, 7961, 35386, 18909&#8243;][\/vc_tta_section][vc_tta_section title=&#8221;ANTHRACITE 2,5&#215;2,5M&#8221; tab_id=&#8221;1659341576370-48598a65-7a48&#8243; responsive_js_composer_custom_id=&#8221;responsive_js_composer_custom_css_289055495&#8243;][cislen_products productsliststyle=&#8221;owl&#8221; product_style=&#8221;1&#8243; product_image_size=&#8221;custom&#8221; product_custom_thumb_width=&#8221;360&#8243; product_custom_thumb_height=&#8221;360&#8243; target=&#8221;products&#8221; autoplay=&#8221;true&#8221; navigation=&#8221;true&#8221; dots=&#8221;true&#8221; dots_style=&#8221;dots-style2&#8243; loop=&#8221;false&#8221; [&hellip;]\" \/>\n<meta property=\"og:url\" content=\"https:\/\/keramamueblesdejardin.com\/pt-pt\/guarda-sois\/\" \/>\n<meta property=\"og:site_name\" content=\"Kerama\" \/>\n<meta property=\"article:publisher\" content=\"https:\/\/www.facebook.com\/Kerama-Muebles-de-Jard%c3%adn-106209328312568\/\" \/>\n<meta property=\"article:modified_time\" content=\"2023-06-07T11:01:24+00:00\" \/>\n<meta name=\"twitter:card\" content=\"summary_large_image\" \/>\n<meta name=\"twitter:label1\" content=\"Tempo estimado de leitura\" \/>\n\t<meta name=\"twitter:data1\" content=\"5 minutos\" \/>\n<script type=\"application\/ld+json\" class=\"yoast-schema-graph\">{\"@context\":\"https:\\\/\\\/schema.org\",\"@graph\":[{\"@type\":\"WebPage\",\"@id\":\"https:\\\/\\\/keramamueblesdejardin.com\\\/pt-pt\\\/guarda-sois\\\/\",\"url\":\"https:\\\/\\\/keramamueblesdejardin.com\\\/pt-pt\\\/guarda-sois\\\/\",\"name\":\"Guarda-s\u00f3is - Kerama\",\"isPartOf\":{\"@id\":\"https:\\\/\\\/keramamueblesdejardin.com\\\/pt-pt\\\/#website\"},\"datePublished\":\"2021-08-17T11:24:41+00:00\",\"dateModified\":\"2023-06-07T11:01:24+00:00\",\"breadcrumb\":{\"@id\":\"https:\\\/\\\/keramamueblesdejardin.com\\\/pt-pt\\\/guarda-sois\\\/#breadcrumb\"},\"inLanguage\":\"pt-PT\",\"potentialAction\":[{\"@type\":\"ReadAction\",\"target\":[\"https:\\\/\\\/keramamueblesdejardin.com\\\/pt-pt\\\/guarda-sois\\\/\"]}]},{\"@type\":\"BreadcrumbList\",\"@id\":\"https:\\\/\\\/keramamueblesdejardin.com\\\/pt-pt\\\/guarda-sois\\\/#breadcrumb\",\"itemListElement\":[{\"@type\":\"ListItem\",\"position\":1,\"name\":\"Home\",\"item\":\"https:\\\/\\\/keramamueblesdejardin.com\\\/pt-pt\\\/\"},{\"@type\":\"ListItem\",\"position\":2,\"name\":\"Guarda-s\u00f3is\"}]},{\"@type\":\"WebSite\",\"@id\":\"https:\\\/\\\/keramamueblesdejardin.com\\\/pt-pt\\\/#website\",\"url\":\"https:\\\/\\\/keramamueblesdejardin.com\\\/pt-pt\\\/\",\"name\":\"Kerama\",\"description\":\"muebles de jard\u00edn\",\"publisher\":{\"@id\":\"https:\\\/\\\/keramamueblesdejardin.com\\\/pt-pt\\\/#organization\"},\"potentialAction\":[{\"@type\":\"SearchAction\",\"target\":{\"@type\":\"EntryPoint\",\"urlTemplate\":\"https:\\\/\\\/keramamueblesdejardin.com\\\/pt-pt\\\/?s={search_term_string}\"},\"query-input\":{\"@type\":\"PropertyValueSpecification\",\"valueRequired\":true,\"valueName\":\"search_term_string\"}}],\"inLanguage\":\"pt-PT\"},{\"@type\":\"Organization\",\"@id\":\"https:\\\/\\\/keramamueblesdejardin.com\\\/pt-pt\\\/#organization\",\"name\":\"kerama\",\"url\":\"https:\\\/\\\/keramamueblesdejardin.com\\\/pt-pt\\\/\",\"logo\":{\"@type\":\"ImageObject\",\"inLanguage\":\"pt-PT\",\"@id\":\"https:\\\/\\\/keramamueblesdejardin.com\\\/pt-pt\\\/#\\\/schema\\\/logo\\\/image\\\/\",\"url\":\"https:\\\/\\\/keramamueblesdejardin.com\\\/wp-content\\\/uploads\\\/2020\\\/12\\\/k.-scaled.jpg\",\"contentUrl\":\"https:\\\/\\\/keramamueblesdejardin.com\\\/wp-content\\\/uploads\\\/2020\\\/12\\\/k.-scaled.jpg\",\"width\":2560,\"height\":551,\"caption\":\"kerama\"},\"image\":{\"@id\":\"https:\\\/\\\/keramamueblesdejardin.com\\\/pt-pt\\\/#\\\/schema\\\/logo\\\/image\\\/\"},\"sameAs\":[\"https:\\\/\\\/www.facebook.com\\\/Kerama-Muebles-de-Jard\u00edn-106209328312568\\\/\"]}]}<\/script>\n<!-- \/ Yoast SEO plugin. -->","yoast_head_json":{"title":"Guarda-s\u00f3is - Kerama","robots":{"index":"index","follow":"follow","max-snippet":"max-snippet:-1","max-image-preview":"max-image-preview:large","max-video-preview":"max-video-preview:-1"},"canonical":"https:\/\/keramamueblesdejardin.com\/pt-pt\/guarda-sois\/","og_locale":"pt_PT","og_type":"article","og_title":"Guarda-s\u00f3is - Kerama","og_description":"[vc_row][vc_column][cislen_title style=&#8221;style1&#8243; title=&#8221;GUARDA-S\u00d3IS EXC\u00caNTRICOS&#8221; size_title=&#8221;28px&#8221; title_custom_id=&#8221;cislen_custom_css_2024253922&#8243; responsive_js_composer_custom_id=&#8221;responsive_js_composer_custom_css_780368359&#8243; css=&#8221;.vc_custom_1629271995230{padding-bottom: 30px !important;}&#8221;][\/vc_column][\/vc_row][vc_row css=&#8221;.vc_custom_1629198591748{padding-top: 30px !important;padding-bottom: 30px !important;}&#8221; responsive_js_composer_custom_id=&#8221;responsive_js_composer_custom_css_1177573393&#8243;][vc_column][cislen_tabs style=&#8221;`{`object Object`}`&#8221;][vc_tta_section title=&#8221;ANTRACITE 3x3M&#8221; tab_id=&#8221;1659341355320-bfd4d5da-7955&#8243; responsive_js_composer_custom_id=&#8221;responsive_js_composer_custom_css_2002505891&#8243;][cislen_products productsliststyle=&#8221;owl&#8221; product_style=&#8221;1&#8243; product_image_size=&#8221;custom&#8221; product_custom_thumb_width=&#8221;360&#8243; product_custom_thumb_height=&#8221;360&#8243; target=&#8221;products&#8221; autoplay=&#8221;true&#8221; navigation=&#8221;true&#8221; dots=&#8221;true&#8221; dots_style=&#8221;dots-style2&#8243; loop=&#8221;true&#8221; ls_items=&#8221;4&#8243; products_custom_id=&#8221;cislen_custom_css_592467620&#8243; responsive_js_composer_custom_id=&#8221;responsive_js_composer_custom_css_645709561&#8243; ids=&#8221;7959, 7961, 35386, 18909&#8243;][\/vc_tta_section][vc_tta_section title=&#8221;ANTHRACITE 2,5&#215;2,5M&#8221; tab_id=&#8221;1659341576370-48598a65-7a48&#8243; responsive_js_composer_custom_id=&#8221;responsive_js_composer_custom_css_289055495&#8243;][cislen_products productsliststyle=&#8221;owl&#8221; product_style=&#8221;1&#8243; product_image_size=&#8221;custom&#8221; product_custom_thumb_width=&#8221;360&#8243; product_custom_thumb_height=&#8221;360&#8243; target=&#8221;products&#8221; autoplay=&#8221;true&#8221; navigation=&#8221;true&#8221; dots=&#8221;true&#8221; dots_style=&#8221;dots-style2&#8243; loop=&#8221;false&#8221; [&hellip;]","og_url":"https:\/\/keramamueblesdejardin.com\/pt-pt\/guarda-sois\/","og_site_name":"Kerama","article_publisher":"https:\/\/www.facebook.com\/Kerama-Muebles-de-Jard%c3%adn-106209328312568\/","article_modified_time":"2023-06-07T11:01:24+00:00","twitter_card":"summary_large_image","twitter_misc":{"Tempo estimado de leitura":"5 minutos"},"schema":{"@context":"https:\/\/schema.org","@graph":[{"@type":"WebPage","@id":"https:\/\/keramamueblesdejardin.com\/pt-pt\/guarda-sois\/","url":"https:\/\/keramamueblesdejardin.com\/pt-pt\/guarda-sois\/","name":"Guarda-s\u00f3is - Kerama","isPartOf":{"@id":"https:\/\/keramamueblesdejardin.com\/pt-pt\/#website"},"datePublished":"2021-08-17T11:24:41+00:00","dateModified":"2023-06-07T11:01:24+00:00","breadcrumb":{"@id":"https:\/\/keramamueblesdejardin.com\/pt-pt\/guarda-sois\/#breadcrumb"},"inLanguage":"pt-PT","potentialAction":[{"@type":"ReadAction","target":["https:\/\/keramamueblesdejardin.com\/pt-pt\/guarda-sois\/"]}]},{"@type":"BreadcrumbList","@id":"https:\/\/keramamueblesdejardin.com\/pt-pt\/guarda-sois\/#breadcrumb","itemListElement":[{"@type":"ListItem","position":1,"name":"Home","item":"https:\/\/keramamueblesdejardin.com\/pt-pt\/"},{"@type":"ListItem","position":2,"name":"Guarda-s\u00f3is"}]},{"@type":"WebSite","@id":"https:\/\/keramamueblesdejardin.com\/pt-pt\/#website","url":"https:\/\/keramamueblesdejardin.com\/pt-pt\/","name":"Kerama","description":"muebles de jard\u00edn","publisher":{"@id":"https:\/\/keramamueblesdejardin.com\/pt-pt\/#organization"},"potentialAction":[{"@type":"SearchAction","target":{"@type":"EntryPoint","urlTemplate":"https:\/\/keramamueblesdejardin.com\/pt-pt\/?s={search_term_string}"},"query-input":{"@type":"PropertyValueSpecification","valueRequired":true,"valueName":"search_term_string"}}],"inLanguage":"pt-PT"},{"@type":"Organization","@id":"https:\/\/keramamueblesdejardin.com\/pt-pt\/#organization","name":"kerama","url":"https:\/\/keramamueblesdejardin.com\/pt-pt\/","logo":{"@type":"ImageObject","inLanguage":"pt-PT","@id":"https:\/\/keramamueblesdejardin.com\/pt-pt\/#\/schema\/logo\/image\/","url":"https:\/\/keramamueblesdejardin.com\/wp-content\/uploads\/2020\/12\/k.-scaled.jpg","contentUrl":"https:\/\/keramamueblesdejardin.com\/wp-content\/uploads\/2020\/12\/k.-scaled.jpg","width":2560,"height":551,"caption":"kerama"},"image":{"@id":"https:\/\/keramamueblesdejardin.com\/pt-pt\/#\/schema\/logo\/image\/"},"sameAs":["https:\/\/www.facebook.com\/Kerama-Muebles-de-Jard\u00edn-106209328312568\/"]}]}},"_links":{"self":[{"href":"https:\/\/keramamueblesdejardin.com\/pt-pt\/wp-json\/wp\/v2\/pages\/32784","targetHints":{"allow":["GET"]}}],"collection":[{"href":"https:\/\/keramamueblesdejardin.com\/pt-pt\/wp-json\/wp\/v2\/pages"}],"about":[{"href":"https:\/\/keramamueblesdejardin.com\/pt-pt\/wp-json\/wp\/v2\/types\/page"}],"author":[{"embeddable":true,"href":"https:\/\/keramamueblesdejardin.com\/pt-pt\/wp-json\/wp\/v2\/users\/1"}],"replies":[{"embeddable":true,"href":"https:\/\/keramamueblesdejardin.com\/pt-pt\/wp-json\/wp\/v2\/comments?post=32784"}],"version-history":[{"count":64,"href":"https:\/\/keramamueblesdejardin.com\/pt-pt\/wp-json\/wp\/v2\/pages\/32784\/revisions"}],"predecessor-version":[{"id":108531,"href":"https:\/\/keramamueblesdejardin.com\/pt-pt\/wp-json\/wp\/v2\/pages\/32784\/revisions\/108531"}],"wp:attachment":[{"href":"https:\/\/keramamueblesdejardin.com\/pt-pt\/wp-json\/wp\/v2\/media?parent=32784"}],"curies":[{"name":"wp","href":"https:\/\/api.w.org\/{rel}","templated":true}]}}