{"id":155311,"date":"2024-04-02T16:05:25","date_gmt":"2024-04-02T14:05:25","guid":{"rendered":"https:\/\/keramamueblesdejardin.com\/senza-categoria\/letto-matrimoniale-balinese-taupe-e-cuscini-bianchi-balinese\/"},"modified":"2024-10-10T15:17:42","modified_gmt":"2024-10-10T13:17:42","slug":"balinese-matrimoniale-tortora-letto-e-cuscini-bianco-balinese","status":"publish","type":"product","link":"https:\/\/keramamueblesdejardin.com\/it\/sedie-a-sdraio-e-riposo\/letti-balinesi\/balinese-matrimoniale-tortora-letto-e-cuscini-bianco-balinese\/","title":{"rendered":"Letto matrimoniale balinese taup\u00e9 e cuscini bianchi &#8211; Balinese"},"content":{"rendered":"<p>Letto matrimoniale balinese realizzato con struttura in alluminio e cuscini in pelle nautica. Inoltre i 2 schienali sono reclinabili a 5 posizioni. Il materasso impermeabile ha uno spessore di 15 cm e comprende 2 cuscini per godere di un totale relax. \u00c8 ideale per divertirsi e rilassarsi all&#8217;aperto. Misure: 180x190x51<\/p>\n","protected":false},"excerpt":{"rendered":"<ul>\n<li>Struttura e cuscini in alluminio in pelle nautica<\/li>\n<li>Gli schienali sono reclinabili in 5 posizioni<\/li>\n<li>Materasso impermeabile spessore 15 cm e 2 cuscini inclusi<\/li>\n<\/ul>\n","protected":false},"featured_media":152936,"comment_status":"closed","ping_status":"closed","template":"","meta":{"_acf_changed":false},"product_brand":[],"product_cat":[2785,2783],"product_tag":[2901,2778,3101],"class_list":{"0":"post-155311","1":"product","2":"type-product","3":"status-publish","4":"has-post-thumbnail","6":"product_cat-letti-balinesi","7":"product_cat-sedie-a-sdraio-e-riposo","8":"product_tag-alluminio","9":"product_tag-ampi-spazi","10":"product_tag-impermeabile","11":"product_shipping_class-envio-gratuito-it","12":"pa_alto-44-it","13":"pa_ancho-180-it","14":"pa_asientos-2-it","15":"pa_caracteristicas-impermeabile","16":"pa_coleccion-balinese-it","17":"pa_largo-190-it","18":"pa_material-alluminio","19":"pa_tamano-espacio-grande-it","21":"first","22":"instock","23":"sale","24":"purchasable","25":"product-type-simple","26":"add-to-wishlist-before_image"},"acf":[],"yoast_head":"<!-- This site is optimized with the Yoast SEO plugin v27.4 - https:\/\/yoast.com\/product\/yoast-seo-wordpress\/ -->\n<title>Letto matrimoniale balinese taup\u00e9 e cuscini bianchi - Balinese - Kerama<\/title>\n<meta name=\"robots\" content=\"index, follow, max-snippet:-1, max-image-preview:large, max-video-preview:-1\" \/>\n<link rel=\"canonical\" href=\"https:\/\/keramamueblesdejardin.com\/it\/sedie-a-sdraio-e-riposo\/letti-balinesi\/balinese-matrimoniale-tortora-letto-e-cuscini-bianco-balinese\/\" \/>\n<meta property=\"og:locale\" content=\"it_IT\" \/>\n<meta property=\"og:type\" content=\"article\" \/>\n<meta property=\"og:title\" content=\"Letto matrimoniale balinese taup\u00e9 e cuscini bianchi - Balinese - Kerama\" \/>\n<meta property=\"og:description\" content=\"Struttura e cuscini in alluminio in pelle nautica  Gli schienali sono reclinabili in 5 posizioni  Materasso impermeabile spessore 15 cm e 2 cuscini inclusi\" \/>\n<meta property=\"og:url\" content=\"https:\/\/keramamueblesdejardin.com\/it\/sedie-a-sdraio-e-riposo\/letti-balinesi\/balinese-matrimoniale-tortora-letto-e-cuscini-bianco-balinese\/\" \/>\n<meta property=\"og:site_name\" content=\"Kerama\" \/>\n<meta property=\"article:publisher\" content=\"https:\/\/www.facebook.com\/Kerama-Muebles-de-Jard%c3%adn-106209328312568\/\" \/>\n<meta property=\"article:modified_time\" content=\"2024-10-10T13:17:42+00:00\" \/>\n<meta property=\"og:image\" content=\"https:\/\/keramamueblesdejardin.com\/wp-content\/uploads\/2024\/04\/Cama-balinesa-doble-taupe-y-cojines-color-blanco-\u2013-Balinese-e1713530303954.jpg\" \/>\n\t<meta property=\"og:image:width\" content=\"1500\" \/>\n\t<meta property=\"og:image:height\" content=\"1500\" \/>\n\t<meta property=\"og:image:type\" content=\"image\/jpeg\" \/>\n<meta name=\"twitter:card\" content=\"summary_large_image\" \/>\n<script type=\"application\/ld+json\" class=\"yoast-schema-graph\">{\"@context\":\"https:\\\/\\\/schema.org\",\"@graph\":[{\"@type\":\"WebPage\",\"@id\":\"https:\\\/\\\/keramamueblesdejardin.com\\\/it\\\/sedie-a-sdraio-e-riposo\\\/letti-balinesi\\\/balinese-matrimoniale-tortora-letto-e-cuscini-bianco-balinese\\\/\",\"url\":\"https:\\\/\\\/keramamueblesdejardin.com\\\/it\\\/sedie-a-sdraio-e-riposo\\\/letti-balinesi\\\/balinese-matrimoniale-tortora-letto-e-cuscini-bianco-balinese\\\/\",\"name\":\"Letto matrimoniale balinese taup\u00e9 e cuscini bianchi - Balinese - Kerama\",\"isPartOf\":{\"@id\":\"https:\\\/\\\/keramamueblesdejardin.com\\\/it\\\/#website\"},\"primaryImageOfPage\":{\"@id\":\"https:\\\/\\\/keramamueblesdejardin.com\\\/it\\\/sedie-a-sdraio-e-riposo\\\/letti-balinesi\\\/balinese-matrimoniale-tortora-letto-e-cuscini-bianco-balinese\\\/#primaryimage\"},\"image\":{\"@id\":\"https:\\\/\\\/keramamueblesdejardin.com\\\/it\\\/sedie-a-sdraio-e-riposo\\\/letti-balinesi\\\/balinese-matrimoniale-tortora-letto-e-cuscini-bianco-balinese\\\/#primaryimage\"},\"thumbnailUrl\":\"https:\\\/\\\/keramamueblesdejardin.com\\\/wp-content\\\/uploads\\\/2024\\\/04\\\/Cama-balinesa-doble-taupe-y-cojines-color-blanco-\u2013-Balinese-e1713530303954.jpg\",\"datePublished\":\"2024-04-02T14:05:25+00:00\",\"dateModified\":\"2024-10-10T13:17:42+00:00\",\"breadcrumb\":{\"@id\":\"https:\\\/\\\/keramamueblesdejardin.com\\\/it\\\/sedie-a-sdraio-e-riposo\\\/letti-balinesi\\\/balinese-matrimoniale-tortora-letto-e-cuscini-bianco-balinese\\\/#breadcrumb\"},\"inLanguage\":\"it-IT\",\"potentialAction\":[{\"@type\":\"ReadAction\",\"target\":[\"https:\\\/\\\/keramamueblesdejardin.com\\\/it\\\/sedie-a-sdraio-e-riposo\\\/letti-balinesi\\\/balinese-matrimoniale-tortora-letto-e-cuscini-bianco-balinese\\\/\"]}]},{\"@type\":\"ImageObject\",\"inLanguage\":\"it-IT\",\"@id\":\"https:\\\/\\\/keramamueblesdejardin.com\\\/it\\\/sedie-a-sdraio-e-riposo\\\/letti-balinesi\\\/balinese-matrimoniale-tortora-letto-e-cuscini-bianco-balinese\\\/#primaryimage\",\"url\":\"https:\\\/\\\/keramamueblesdejardin.com\\\/wp-content\\\/uploads\\\/2024\\\/04\\\/Cama-balinesa-doble-taupe-y-cojines-color-blanco-\u2013-Balinese-e1713530303954.jpg\",\"contentUrl\":\"https:\\\/\\\/keramamueblesdejardin.com\\\/wp-content\\\/uploads\\\/2024\\\/04\\\/Cama-balinesa-doble-taupe-y-cojines-color-blanco-\u2013-Balinese-e1713530303954.jpg\",\"width\":1500,\"height\":1500},{\"@type\":\"BreadcrumbList\",\"@id\":\"https:\\\/\\\/keramamueblesdejardin.com\\\/it\\\/sedie-a-sdraio-e-riposo\\\/letti-balinesi\\\/balinese-matrimoniale-tortora-letto-e-cuscini-bianco-balinese\\\/#breadcrumb\",\"itemListElement\":[{\"@type\":\"ListItem\",\"position\":1,\"name\":\"Home\",\"item\":\"https:\\\/\\\/keramamueblesdejardin.com\\\/it\\\/\"},{\"@type\":\"ListItem\",\"position\":2,\"name\":\"Negozio\",\"item\":\"https:\\\/\\\/keramamueblesdejardin.com\\\/it\\\/negozio\\\/\"},{\"@type\":\"ListItem\",\"position\":3,\"name\":\"Sedie a sdraio e riposo\",\"item\":\"https:\\\/\\\/keramamueblesdejardin.com\\\/it\\\/sedie-a-sdraio-e-riposo\\\/\"},{\"@type\":\"ListItem\",\"position\":4,\"name\":\"Letti balinesi\",\"item\":\"https:\\\/\\\/keramamueblesdejardin.com\\\/it\\\/sedie-a-sdraio-e-riposo\\\/letti-balinesi\\\/\"},{\"@type\":\"ListItem\",\"position\":5,\"name\":\"Letto matrimoniale balinese taup\u00e9 e cuscini bianchi &#8211; Balinese\"}]},{\"@type\":\"WebSite\",\"@id\":\"https:\\\/\\\/keramamueblesdejardin.com\\\/it\\\/#website\",\"url\":\"https:\\\/\\\/keramamueblesdejardin.com\\\/it\\\/\",\"name\":\"Kerama\",\"description\":\"muebles de jard\u00edn\",\"publisher\":{\"@id\":\"https:\\\/\\\/keramamueblesdejardin.com\\\/it\\\/#organization\"},\"potentialAction\":[{\"@type\":\"SearchAction\",\"target\":{\"@type\":\"EntryPoint\",\"urlTemplate\":\"https:\\\/\\\/keramamueblesdejardin.com\\\/it\\\/?s={search_term_string}\"},\"query-input\":{\"@type\":\"PropertyValueSpecification\",\"valueRequired\":true,\"valueName\":\"search_term_string\"}}],\"inLanguage\":\"it-IT\"},{\"@type\":\"Organization\",\"@id\":\"https:\\\/\\\/keramamueblesdejardin.com\\\/it\\\/#organization\",\"name\":\"kerama\",\"url\":\"https:\\\/\\\/keramamueblesdejardin.com\\\/it\\\/\",\"logo\":{\"@type\":\"ImageObject\",\"inLanguage\":\"it-IT\",\"@id\":\"https:\\\/\\\/keramamueblesdejardin.com\\\/it\\\/#\\\/schema\\\/logo\\\/image\\\/\",\"url\":\"https:\\\/\\\/keramamueblesdejardin.com\\\/wp-content\\\/uploads\\\/2020\\\/12\\\/k.-scaled.jpg\",\"contentUrl\":\"https:\\\/\\\/keramamueblesdejardin.com\\\/wp-content\\\/uploads\\\/2020\\\/12\\\/k.-scaled.jpg\",\"width\":2560,\"height\":551,\"caption\":\"kerama\"},\"image\":{\"@id\":\"https:\\\/\\\/keramamueblesdejardin.com\\\/it\\\/#\\\/schema\\\/logo\\\/image\\\/\"},\"sameAs\":[\"https:\\\/\\\/www.facebook.com\\\/Kerama-Muebles-de-Jard\u00edn-106209328312568\\\/\"]}]}<\/script>\n<!-- \/ Yoast SEO plugin. -->","yoast_head_json":{"title":"Letto matrimoniale balinese taup\u00e9 e cuscini bianchi - Balinese - Kerama","robots":{"index":"index","follow":"follow","max-snippet":"max-snippet:-1","max-image-preview":"max-image-preview:large","max-video-preview":"max-video-preview:-1"},"canonical":"https:\/\/keramamueblesdejardin.com\/it\/sedie-a-sdraio-e-riposo\/letti-balinesi\/balinese-matrimoniale-tortora-letto-e-cuscini-bianco-balinese\/","og_locale":"it_IT","og_type":"article","og_title":"Letto matrimoniale balinese taup\u00e9 e cuscini bianchi - Balinese - Kerama","og_description":"Struttura e cuscini in alluminio in pelle nautica  Gli schienali sono reclinabili in 5 posizioni  Materasso impermeabile spessore 15 cm e 2 cuscini inclusi","og_url":"https:\/\/keramamueblesdejardin.com\/it\/sedie-a-sdraio-e-riposo\/letti-balinesi\/balinese-matrimoniale-tortora-letto-e-cuscini-bianco-balinese\/","og_site_name":"Kerama","article_publisher":"https:\/\/www.facebook.com\/Kerama-Muebles-de-Jard%c3%adn-106209328312568\/","article_modified_time":"2024-10-10T13:17:42+00:00","og_image":[{"width":1500,"height":1500,"url":"https:\/\/keramamueblesdejardin.com\/wp-content\/uploads\/2024\/04\/Cama-balinesa-doble-taupe-y-cojines-color-blanco-\u2013-Balinese-e1713530303954.jpg","type":"image\/jpeg"}],"twitter_card":"summary_large_image","schema":{"@context":"https:\/\/schema.org","@graph":[{"@type":"WebPage","@id":"https:\/\/keramamueblesdejardin.com\/it\/sedie-a-sdraio-e-riposo\/letti-balinesi\/balinese-matrimoniale-tortora-letto-e-cuscini-bianco-balinese\/","url":"https:\/\/keramamueblesdejardin.com\/it\/sedie-a-sdraio-e-riposo\/letti-balinesi\/balinese-matrimoniale-tortora-letto-e-cuscini-bianco-balinese\/","name":"Letto matrimoniale balinese taup\u00e9 e cuscini bianchi - Balinese - Kerama","isPartOf":{"@id":"https:\/\/keramamueblesdejardin.com\/it\/#website"},"primaryImageOfPage":{"@id":"https:\/\/keramamueblesdejardin.com\/it\/sedie-a-sdraio-e-riposo\/letti-balinesi\/balinese-matrimoniale-tortora-letto-e-cuscini-bianco-balinese\/#primaryimage"},"image":{"@id":"https:\/\/keramamueblesdejardin.com\/it\/sedie-a-sdraio-e-riposo\/letti-balinesi\/balinese-matrimoniale-tortora-letto-e-cuscini-bianco-balinese\/#primaryimage"},"thumbnailUrl":"https:\/\/keramamueblesdejardin.com\/wp-content\/uploads\/2024\/04\/Cama-balinesa-doble-taupe-y-cojines-color-blanco-\u2013-Balinese-e1713530303954.jpg","datePublished":"2024-04-02T14:05:25+00:00","dateModified":"2024-10-10T13:17:42+00:00","breadcrumb":{"@id":"https:\/\/keramamueblesdejardin.com\/it\/sedie-a-sdraio-e-riposo\/letti-balinesi\/balinese-matrimoniale-tortora-letto-e-cuscini-bianco-balinese\/#breadcrumb"},"inLanguage":"it-IT","potentialAction":[{"@type":"ReadAction","target":["https:\/\/keramamueblesdejardin.com\/it\/sedie-a-sdraio-e-riposo\/letti-balinesi\/balinese-matrimoniale-tortora-letto-e-cuscini-bianco-balinese\/"]}]},{"@type":"ImageObject","inLanguage":"it-IT","@id":"https:\/\/keramamueblesdejardin.com\/it\/sedie-a-sdraio-e-riposo\/letti-balinesi\/balinese-matrimoniale-tortora-letto-e-cuscini-bianco-balinese\/#primaryimage","url":"https:\/\/keramamueblesdejardin.com\/wp-content\/uploads\/2024\/04\/Cama-balinesa-doble-taupe-y-cojines-color-blanco-\u2013-Balinese-e1713530303954.jpg","contentUrl":"https:\/\/keramamueblesdejardin.com\/wp-content\/uploads\/2024\/04\/Cama-balinesa-doble-taupe-y-cojines-color-blanco-\u2013-Balinese-e1713530303954.jpg","width":1500,"height":1500},{"@type":"BreadcrumbList","@id":"https:\/\/keramamueblesdejardin.com\/it\/sedie-a-sdraio-e-riposo\/letti-balinesi\/balinese-matrimoniale-tortora-letto-e-cuscini-bianco-balinese\/#breadcrumb","itemListElement":[{"@type":"ListItem","position":1,"name":"Home","item":"https:\/\/keramamueblesdejardin.com\/it\/"},{"@type":"ListItem","position":2,"name":"Negozio","item":"https:\/\/keramamueblesdejardin.com\/it\/negozio\/"},{"@type":"ListItem","position":3,"name":"Sedie a sdraio e riposo","item":"https:\/\/keramamueblesdejardin.com\/it\/sedie-a-sdraio-e-riposo\/"},{"@type":"ListItem","position":4,"name":"Letti balinesi","item":"https:\/\/keramamueblesdejardin.com\/it\/sedie-a-sdraio-e-riposo\/letti-balinesi\/"},{"@type":"ListItem","position":5,"name":"Letto matrimoniale balinese taup\u00e9 e cuscini bianchi &#8211; Balinese"}]},{"@type":"WebSite","@id":"https:\/\/keramamueblesdejardin.com\/it\/#website","url":"https:\/\/keramamueblesdejardin.com\/it\/","name":"Kerama","description":"muebles de jard\u00edn","publisher":{"@id":"https:\/\/keramamueblesdejardin.com\/it\/#organization"},"potentialAction":[{"@type":"SearchAction","target":{"@type":"EntryPoint","urlTemplate":"https:\/\/keramamueblesdejardin.com\/it\/?s={search_term_string}"},"query-input":{"@type":"PropertyValueSpecification","valueRequired":true,"valueName":"search_term_string"}}],"inLanguage":"it-IT"},{"@type":"Organization","@id":"https:\/\/keramamueblesdejardin.com\/it\/#organization","name":"kerama","url":"https:\/\/keramamueblesdejardin.com\/it\/","logo":{"@type":"ImageObject","inLanguage":"it-IT","@id":"https:\/\/keramamueblesdejardin.com\/it\/#\/schema\/logo\/image\/","url":"https:\/\/keramamueblesdejardin.com\/wp-content\/uploads\/2020\/12\/k.-scaled.jpg","contentUrl":"https:\/\/keramamueblesdejardin.com\/wp-content\/uploads\/2020\/12\/k.-scaled.jpg","width":2560,"height":551,"caption":"kerama"},"image":{"@id":"https:\/\/keramamueblesdejardin.com\/it\/#\/schema\/logo\/image\/"},"sameAs":["https:\/\/www.facebook.com\/Kerama-Muebles-de-Jard\u00edn-106209328312568\/"]}]}},"df_price":1499,"df_sale_price":1499,"df_regular_price":1657,"df_image_link":"https:\/\/keramamueblesdejardin.com\/wp-content\/uploads\/2024\/04\/Cama-balinesa-doble-taupe-y-cojines-color-blanco-\u2013-Balinese-240x300.jpg","custom_tabs":[{"title":"MISURAZIONE","id":"misurazione","content":"<div class=\"list\"><strong>Altezza: <\/strong>51cm<\/div>\n<div class=\"list\"><strong>Larghezza: <\/strong>190cm<\/div>\n<div class=\"list\"><strong>Profondit\u00e0: <\/strong>180cm<\/div>"},{"title":"DISIMBALLAGGIO E MONTAGGIO","id":"disimballaggio-e-assemblaggio","content":"<div class=\"list\"><strong style=\"font-weight: bold; color: #282828;\">Raccomandazioni per<\/strong> il disimballaggio: <span style=\"color: #282828;\"> Non utilizzare utensili affilati durante il disimballaggio dei mobili in quanto potrebbe causare danni<\/span><br style=\"color: #282828;\"><strong style=\"font-weight: bold; color: #282828;\">Richiede il montaggio (s\u00ec\/no):<\/strong><span style=\"color: #282828;\"> No<\/span><\/div>"},{"title":"MANUTENZIONE E GARANZIE","id":"manutenzione-e-garanzie","content":"<strong>Raccomandazioni generali:<\/strong>\n\u2022 Guasti o danni causati da:\n\u2022 Cause accidentali come cadute, colpi, fuoriuscite di liquidi, introduzione di corpi estranei, nonch\u00e9 qualsiasi altra causa di forza maggiore.\n\u2022 Uso negligente, improprio o non domestico.\n\u2022 Danni, corrosione e\/o ossidazione accelerati da condizioni ambientali avverse\n\u2022 Macchie e scolorimenti dovuti al mancato rispetto delle nostre istruzioni di pulizia\n\u2022 Danni verificatisi durante il montaggio e la manipolazione senza aver seguito le istruzioni di montaggio indicate.\n<strong>Istruzioni per l'uso e la manutenzione:<\/strong>\n\u2022 Pulire delicatamente con l'aiuto di un panno o utilizzare un sapone liquido neutro, risciacquando con abbondante acqua.\n\u2022 Rimuovere regolarmente la polvere con l'aiuto di un panno morbido e acqua pulita.\n\u2022 Non utilizzare detergenti o prodotti abrasivi per la pulizia.\n\u2022 Trattamento con olio di lino: Prima di applicare uno strato di olio di lino sul prodotto allo stato naturale \u00e8 consigliabile lasciarlo all'esterno per 2 o 3 settimane, in modo da assumere un aspetto omogeneo e aerarlo. Pulire con acqua pulita usando un pennello e lasciare asciugare. Una volta ben asciutto, va carteggiato con una carta vetrata di grammatura tra 120 e 150 con cura e senza stringere, seguendo, per quanto possibile, la direzione delle vene; Questa operazione non viene mai eseguita nelle prime ore del giorno.\nPer mantenere il colore \u00e8 consigliabile ripetere il processo una o due volte l'anno.\nSe l'olio di lino \u00e8 gi\u00e0 stato applicato ai mobili \u00e8 consigliabile carteggiarlo ogni tre anni in modo che gli strati successivi di olio non impediscano la traspirazione del legno.\n<strong>Anni di garanzia:<\/strong> 3 anni\n<strong>Prodotto secondo lo standard:<\/strong> 581-1,581-2,581-3\n<strong>Certificazione FSC (s\u00ec\/no):<\/strong> S\u00ec"}],"_links":{"self":[{"href":"https:\/\/keramamueblesdejardin.com\/it\/wp-json\/wp\/v2\/product\/155311","targetHints":{"allow":["GET"]}}],"collection":[{"href":"https:\/\/keramamueblesdejardin.com\/it\/wp-json\/wp\/v2\/product"}],"about":[{"href":"https:\/\/keramamueblesdejardin.com\/it\/wp-json\/wp\/v2\/types\/product"}],"replies":[{"embeddable":true,"href":"https:\/\/keramamueblesdejardin.com\/it\/wp-json\/wp\/v2\/comments?post=155311"}],"wp:featuredmedia":[{"embeddable":true,"href":"https:\/\/keramamueblesdejardin.com\/it\/wp-json\/wp\/v2\/media\/152936"}],"wp:attachment":[{"href":"https:\/\/keramamueblesdejardin.com\/it\/wp-json\/wp\/v2\/media?parent=155311"}],"wp:term":[{"taxonomy":"product_brand","embeddable":true,"href":"https:\/\/keramamueblesdejardin.com\/it\/wp-json\/wp\/v2\/product_brand?post=155311"},{"taxonomy":"product_cat","embeddable":true,"href":"https:\/\/keramamueblesdejardin.com\/it\/wp-json\/wp\/v2\/product_cat?post=155311"},{"taxonomy":"product_tag","embeddable":true,"href":"https:\/\/keramamueblesdejardin.com\/it\/wp-json\/wp\/v2\/product_tag?post=155311"}],"curies":[{"name":"wp","href":"https:\/\/api.w.org\/{rel}","templated":true}]}}