{"id":146328,"date":"2024-03-05T13:20:41","date_gmt":"2024-03-05T12:20:41","guid":{"rendered":"https:\/\/keramamueblesdejardin.com\/senza-categoria\/set-2-poltrone-da-giardino-in-corda-in-alluminio-beige-con-tavolino-palermo\/"},"modified":"2024-08-08T13:25:49","modified_gmt":"2024-08-08T11:25:49","slug":"confezione-di-2-poltrone-da-giardino-alluminio-e-corda-beige-palermo","status":"publish","type":"product","link":"https:\/\/keramamueblesdejardin.com\/it\/saloni-allaperto\/confezione-di-2-poltrone-da-giardino-alluminio-e-corda-beige-palermo\/","title":{"rendered":"Set 2 Poltrone da Giardino in Corda in Alluminio Beige con Tavolino &#8211; Palermo"},"content":{"rendered":"<p>Poltrona da giardino della collezione Palermo realizzata in alluminio e corda intrecciata a mano dai nostri artigiani di colore beige. La poltrona \u00e8 estremamente comoda e spaziosa. I cuscini sono realizzati in poliestere che ricoprono una schiuma medio-rigida sulla seduta e una morbida imbottitura in poliestere sullo schienale. Misure: 85x78x68cm tavolo 50&#215;54<\/p>\n","protected":false},"excerpt":{"rendered":"<ul>\n<li>Poltrona in alluminio con corda beige<\/li>\n<li>Cuscini in poliestere sfoderabili e lavabili<\/li>\n<li>Corda in poliestere intrecciata a mano<\/li>\n<li>Misure: 85x78x68cm<\/li>\n<\/ul>\n","protected":false},"featured_media":145159,"comment_status":"closed","ping_status":"closed","template":"","meta":{"_acf_changed":false},"product_brand":[],"product_cat":[2812,2806],"product_tag":[2901,4770],"class_list":{"0":"post-146328","1":"product","2":"type-product","3":"status-publish","4":"has-post-thumbnail","6":"product_cat-saloni-allaperto","7":"product_cat-set-da-giardino","8":"product_tag-alluminio","9":"product_tag-palermo-it","10":"product_shipping_class-envio-gratuito-it","11":"pa_alto-68-it","12":"pa_ancho-78-it","13":"pa_asientos-2-it","14":"pa_caracteristicas-coperture-lavabili","15":"pa_coleccion-palermo-it","16":"pa_largo-85-it","17":"pa_material-alluminio","18":"pa_material-corda","19":"pa_tamano-espacio-grande-it","21":"first","22":"instock","23":"sale","24":"purchasable","25":"product-type-simple","26":"add-to-wishlist-before_image"},"acf":[],"yoast_head":"<!-- This site is optimized with the Yoast SEO plugin v27.4 - https:\/\/yoast.com\/product\/yoast-seo-wordpress\/ -->\n<title>Set 2 Poltrone da Giardino in Corda in Alluminio Beige con Tavolino - Palermo - Kerama<\/title>\n<meta name=\"robots\" content=\"index, follow, max-snippet:-1, max-image-preview:large, max-video-preview:-1\" \/>\n<link rel=\"canonical\" href=\"https:\/\/keramamueblesdejardin.com\/it\/saloni-allaperto\/confezione-di-2-poltrone-da-giardino-alluminio-e-corda-beige-palermo\/\" \/>\n<meta property=\"og:locale\" content=\"it_IT\" \/>\n<meta property=\"og:type\" content=\"article\" \/>\n<meta property=\"og:title\" content=\"Set 2 Poltrone da Giardino in Corda in Alluminio Beige con Tavolino - Palermo - Kerama\" \/>\n<meta property=\"og:description\" content=\"Poltrona in alluminio con corda beige  Cuscini in poliestere sfoderabili e lavabili  Corda in poliestere intrecciata a mano  Misure: 85x78x68cm\" \/>\n<meta property=\"og:url\" content=\"https:\/\/keramamueblesdejardin.com\/it\/saloni-allaperto\/confezione-di-2-poltrone-da-giardino-alluminio-e-corda-beige-palermo\/\" \/>\n<meta property=\"og:site_name\" content=\"Kerama\" \/>\n<meta property=\"article:publisher\" content=\"https:\/\/www.facebook.com\/Kerama-Muebles-de-Jard%c3%adn-106209328312568\/\" \/>\n<meta property=\"article:modified_time\" content=\"2024-08-08T11:25:49+00:00\" \/>\n<meta property=\"og:image\" content=\"https:\/\/keramamueblesdejardin.com\/wp-content\/uploads\/2024\/03\/butaca-mesa-palermo.jpg\" \/>\n\t<meta property=\"og:image:width\" content=\"1200\" \/>\n\t<meta property=\"og:image:height\" content=\"1200\" \/>\n\t<meta property=\"og:image:type\" content=\"image\/jpeg\" \/>\n<meta name=\"twitter:card\" content=\"summary_large_image\" \/>\n<script type=\"application\/ld+json\" class=\"yoast-schema-graph\">{\"@context\":\"https:\\\/\\\/schema.org\",\"@graph\":[{\"@type\":\"WebPage\",\"@id\":\"https:\\\/\\\/keramamueblesdejardin.com\\\/it\\\/saloni-allaperto\\\/confezione-di-2-poltrone-da-giardino-alluminio-e-corda-beige-palermo\\\/\",\"url\":\"https:\\\/\\\/keramamueblesdejardin.com\\\/it\\\/saloni-allaperto\\\/confezione-di-2-poltrone-da-giardino-alluminio-e-corda-beige-palermo\\\/\",\"name\":\"Set 2 Poltrone da Giardino in Corda in Alluminio Beige con Tavolino - Palermo - Kerama\",\"isPartOf\":{\"@id\":\"https:\\\/\\\/keramamueblesdejardin.com\\\/it\\\/#website\"},\"primaryImageOfPage\":{\"@id\":\"https:\\\/\\\/keramamueblesdejardin.com\\\/it\\\/saloni-allaperto\\\/confezione-di-2-poltrone-da-giardino-alluminio-e-corda-beige-palermo\\\/#primaryimage\"},\"image\":{\"@id\":\"https:\\\/\\\/keramamueblesdejardin.com\\\/it\\\/saloni-allaperto\\\/confezione-di-2-poltrone-da-giardino-alluminio-e-corda-beige-palermo\\\/#primaryimage\"},\"thumbnailUrl\":\"https:\\\/\\\/keramamueblesdejardin.com\\\/wp-content\\\/uploads\\\/2024\\\/03\\\/butaca-mesa-palermo.jpg\",\"datePublished\":\"2024-03-05T12:20:41+00:00\",\"dateModified\":\"2024-08-08T11:25:49+00:00\",\"breadcrumb\":{\"@id\":\"https:\\\/\\\/keramamueblesdejardin.com\\\/it\\\/saloni-allaperto\\\/confezione-di-2-poltrone-da-giardino-alluminio-e-corda-beige-palermo\\\/#breadcrumb\"},\"inLanguage\":\"it-IT\",\"potentialAction\":[{\"@type\":\"ReadAction\",\"target\":[\"https:\\\/\\\/keramamueblesdejardin.com\\\/it\\\/saloni-allaperto\\\/confezione-di-2-poltrone-da-giardino-alluminio-e-corda-beige-palermo\\\/\"]}]},{\"@type\":\"ImageObject\",\"inLanguage\":\"it-IT\",\"@id\":\"https:\\\/\\\/keramamueblesdejardin.com\\\/it\\\/saloni-allaperto\\\/confezione-di-2-poltrone-da-giardino-alluminio-e-corda-beige-palermo\\\/#primaryimage\",\"url\":\"https:\\\/\\\/keramamueblesdejardin.com\\\/wp-content\\\/uploads\\\/2024\\\/03\\\/butaca-mesa-palermo.jpg\",\"contentUrl\":\"https:\\\/\\\/keramamueblesdejardin.com\\\/wp-content\\\/uploads\\\/2024\\\/03\\\/butaca-mesa-palermo.jpg\",\"width\":1200,\"height\":1200},{\"@type\":\"BreadcrumbList\",\"@id\":\"https:\\\/\\\/keramamueblesdejardin.com\\\/it\\\/saloni-allaperto\\\/confezione-di-2-poltrone-da-giardino-alluminio-e-corda-beige-palermo\\\/#breadcrumb\",\"itemListElement\":[{\"@type\":\"ListItem\",\"position\":1,\"name\":\"Home\",\"item\":\"https:\\\/\\\/keramamueblesdejardin.com\\\/it\\\/\"},{\"@type\":\"ListItem\",\"position\":2,\"name\":\"Negozio\",\"item\":\"https:\\\/\\\/keramamueblesdejardin.com\\\/it\\\/negozio\\\/\"},{\"@type\":\"ListItem\",\"position\":3,\"name\":\"Saloni all'aperto\",\"item\":\"https:\\\/\\\/keramamueblesdejardin.com\\\/it\\\/saloni-allaperto\\\/\"},{\"@type\":\"ListItem\",\"position\":4,\"name\":\"Set 2 Poltrone da Giardino in Corda in Alluminio Beige con Tavolino &#8211; Palermo\"}]},{\"@type\":\"WebSite\",\"@id\":\"https:\\\/\\\/keramamueblesdejardin.com\\\/it\\\/#website\",\"url\":\"https:\\\/\\\/keramamueblesdejardin.com\\\/it\\\/\",\"name\":\"Kerama\",\"description\":\"muebles de jard\u00edn\",\"publisher\":{\"@id\":\"https:\\\/\\\/keramamueblesdejardin.com\\\/it\\\/#organization\"},\"potentialAction\":[{\"@type\":\"SearchAction\",\"target\":{\"@type\":\"EntryPoint\",\"urlTemplate\":\"https:\\\/\\\/keramamueblesdejardin.com\\\/it\\\/?s={search_term_string}\"},\"query-input\":{\"@type\":\"PropertyValueSpecification\",\"valueRequired\":true,\"valueName\":\"search_term_string\"}}],\"inLanguage\":\"it-IT\"},{\"@type\":\"Organization\",\"@id\":\"https:\\\/\\\/keramamueblesdejardin.com\\\/it\\\/#organization\",\"name\":\"kerama\",\"url\":\"https:\\\/\\\/keramamueblesdejardin.com\\\/it\\\/\",\"logo\":{\"@type\":\"ImageObject\",\"inLanguage\":\"it-IT\",\"@id\":\"https:\\\/\\\/keramamueblesdejardin.com\\\/it\\\/#\\\/schema\\\/logo\\\/image\\\/\",\"url\":\"https:\\\/\\\/keramamueblesdejardin.com\\\/wp-content\\\/uploads\\\/2020\\\/12\\\/k.-scaled.jpg\",\"contentUrl\":\"https:\\\/\\\/keramamueblesdejardin.com\\\/wp-content\\\/uploads\\\/2020\\\/12\\\/k.-scaled.jpg\",\"width\":2560,\"height\":551,\"caption\":\"kerama\"},\"image\":{\"@id\":\"https:\\\/\\\/keramamueblesdejardin.com\\\/it\\\/#\\\/schema\\\/logo\\\/image\\\/\"},\"sameAs\":[\"https:\\\/\\\/www.facebook.com\\\/Kerama-Muebles-de-Jard\u00edn-106209328312568\\\/\"]}]}<\/script>\n<!-- \/ Yoast SEO plugin. -->","yoast_head_json":{"title":"Set 2 Poltrone da Giardino in Corda in Alluminio Beige con Tavolino - Palermo - Kerama","robots":{"index":"index","follow":"follow","max-snippet":"max-snippet:-1","max-image-preview":"max-image-preview:large","max-video-preview":"max-video-preview:-1"},"canonical":"https:\/\/keramamueblesdejardin.com\/it\/saloni-allaperto\/confezione-di-2-poltrone-da-giardino-alluminio-e-corda-beige-palermo\/","og_locale":"it_IT","og_type":"article","og_title":"Set 2 Poltrone da Giardino in Corda in Alluminio Beige con Tavolino - Palermo - Kerama","og_description":"Poltrona in alluminio con corda beige  Cuscini in poliestere sfoderabili e lavabili  Corda in poliestere intrecciata a mano  Misure: 85x78x68cm","og_url":"https:\/\/keramamueblesdejardin.com\/it\/saloni-allaperto\/confezione-di-2-poltrone-da-giardino-alluminio-e-corda-beige-palermo\/","og_site_name":"Kerama","article_publisher":"https:\/\/www.facebook.com\/Kerama-Muebles-de-Jard%c3%adn-106209328312568\/","article_modified_time":"2024-08-08T11:25:49+00:00","og_image":[{"width":1200,"height":1200,"url":"https:\/\/keramamueblesdejardin.com\/wp-content\/uploads\/2024\/03\/butaca-mesa-palermo.jpg","type":"image\/jpeg"}],"twitter_card":"summary_large_image","schema":{"@context":"https:\/\/schema.org","@graph":[{"@type":"WebPage","@id":"https:\/\/keramamueblesdejardin.com\/it\/saloni-allaperto\/confezione-di-2-poltrone-da-giardino-alluminio-e-corda-beige-palermo\/","url":"https:\/\/keramamueblesdejardin.com\/it\/saloni-allaperto\/confezione-di-2-poltrone-da-giardino-alluminio-e-corda-beige-palermo\/","name":"Set 2 Poltrone da Giardino in Corda in Alluminio Beige con Tavolino - Palermo - Kerama","isPartOf":{"@id":"https:\/\/keramamueblesdejardin.com\/it\/#website"},"primaryImageOfPage":{"@id":"https:\/\/keramamueblesdejardin.com\/it\/saloni-allaperto\/confezione-di-2-poltrone-da-giardino-alluminio-e-corda-beige-palermo\/#primaryimage"},"image":{"@id":"https:\/\/keramamueblesdejardin.com\/it\/saloni-allaperto\/confezione-di-2-poltrone-da-giardino-alluminio-e-corda-beige-palermo\/#primaryimage"},"thumbnailUrl":"https:\/\/keramamueblesdejardin.com\/wp-content\/uploads\/2024\/03\/butaca-mesa-palermo.jpg","datePublished":"2024-03-05T12:20:41+00:00","dateModified":"2024-08-08T11:25:49+00:00","breadcrumb":{"@id":"https:\/\/keramamueblesdejardin.com\/it\/saloni-allaperto\/confezione-di-2-poltrone-da-giardino-alluminio-e-corda-beige-palermo\/#breadcrumb"},"inLanguage":"it-IT","potentialAction":[{"@type":"ReadAction","target":["https:\/\/keramamueblesdejardin.com\/it\/saloni-allaperto\/confezione-di-2-poltrone-da-giardino-alluminio-e-corda-beige-palermo\/"]}]},{"@type":"ImageObject","inLanguage":"it-IT","@id":"https:\/\/keramamueblesdejardin.com\/it\/saloni-allaperto\/confezione-di-2-poltrone-da-giardino-alluminio-e-corda-beige-palermo\/#primaryimage","url":"https:\/\/keramamueblesdejardin.com\/wp-content\/uploads\/2024\/03\/butaca-mesa-palermo.jpg","contentUrl":"https:\/\/keramamueblesdejardin.com\/wp-content\/uploads\/2024\/03\/butaca-mesa-palermo.jpg","width":1200,"height":1200},{"@type":"BreadcrumbList","@id":"https:\/\/keramamueblesdejardin.com\/it\/saloni-allaperto\/confezione-di-2-poltrone-da-giardino-alluminio-e-corda-beige-palermo\/#breadcrumb","itemListElement":[{"@type":"ListItem","position":1,"name":"Home","item":"https:\/\/keramamueblesdejardin.com\/it\/"},{"@type":"ListItem","position":2,"name":"Negozio","item":"https:\/\/keramamueblesdejardin.com\/it\/negozio\/"},{"@type":"ListItem","position":3,"name":"Saloni all'aperto","item":"https:\/\/keramamueblesdejardin.com\/it\/saloni-allaperto\/"},{"@type":"ListItem","position":4,"name":"Set 2 Poltrone da Giardino in Corda in Alluminio Beige con Tavolino &#8211; Palermo"}]},{"@type":"WebSite","@id":"https:\/\/keramamueblesdejardin.com\/it\/#website","url":"https:\/\/keramamueblesdejardin.com\/it\/","name":"Kerama","description":"muebles de jard\u00edn","publisher":{"@id":"https:\/\/keramamueblesdejardin.com\/it\/#organization"},"potentialAction":[{"@type":"SearchAction","target":{"@type":"EntryPoint","urlTemplate":"https:\/\/keramamueblesdejardin.com\/it\/?s={search_term_string}"},"query-input":{"@type":"PropertyValueSpecification","valueRequired":true,"valueName":"search_term_string"}}],"inLanguage":"it-IT"},{"@type":"Organization","@id":"https:\/\/keramamueblesdejardin.com\/it\/#organization","name":"kerama","url":"https:\/\/keramamueblesdejardin.com\/it\/","logo":{"@type":"ImageObject","inLanguage":"it-IT","@id":"https:\/\/keramamueblesdejardin.com\/it\/#\/schema\/logo\/image\/","url":"https:\/\/keramamueblesdejardin.com\/wp-content\/uploads\/2020\/12\/k.-scaled.jpg","contentUrl":"https:\/\/keramamueblesdejardin.com\/wp-content\/uploads\/2020\/12\/k.-scaled.jpg","width":2560,"height":551,"caption":"kerama"},"image":{"@id":"https:\/\/keramamueblesdejardin.com\/it\/#\/schema\/logo\/image\/"},"sameAs":["https:\/\/www.facebook.com\/Kerama-Muebles-de-Jard\u00edn-106209328312568\/"]}]}},"df_price":759,"df_sale_price":759,"df_regular_price":1169,"df_image_link":"https:\/\/keramamueblesdejardin.com\/wp-content\/uploads\/2024\/03\/butaca-mesa-palermo-300x300.jpg","custom_tabs":[{"title":"MISURAZIONE","id":"misurazione","content":"<div class=\"list\"><strong>Altezza<\/strong>: tavolo 2 54cm \/\/ 68cm poltrona 73cm\r\n<strong>Larghezza:<\/strong> tavolo 2 50cm \/\/ poltrona 85cm\r\n<strong>Profondit\u00e0:<\/strong> tavolo 2 50cm \/\/ poltrona 78cm&lt;\/div<\/div>"},{"title":"DISIMBALLAGGIO E MONTAGGIO","id":"disimballaggio-e-montaggio","content":"<div class=\"list\"><strong>Condizioni per<\/strong>\u00a0il disimballaggio:\u00a0Non utilizzare utensili affilati durante il disimballaggio dei mobili in quanto potrebbe causare danni\r\n<strong>Richiede il montaggio (s\u00ec\/no):<\/strong>\u00a0S\u00ec\r\n<strong>Difficolt\u00e0 di montaggio:<\/strong>\u00a0Bassa\r\n<strong>Tempo di montaggio:<\/strong> 20 minuti\r\n<strong>Persone consigliate per il montaggio:<\/strong>\u00a02\r\n<strong>Suggerimenti di montaggio:<\/strong>\u00a0Preparare un\u2019area di assemblaggio pulita e asciutta, verificare che nessuna delle parti indicate nel manuale manchi. Si consiglia di indossare guanti adatti al montaggio. Utilizzare solo le parti e l\u2019hardware in dotazione.<\/div>"},{"title":"MANUTENZIONE E GARANZIE","id":"manutenzione-e-garanzie","content":"<strong>Raccomandazioni generali:<\/strong>\r\n\u2022 Guasti o danni causati da:\r\n\u2022 Cause accidentali come cadute, colpi, fuoriuscite di liquidi, introduzione di corpi estranei, nonch\u00e9 qualsiasi altra causa di forza maggiore.\r\n\u2022 Uso negligente, improprio o non domestico.\r\n\u2022 Danni, corrosione e\/o ossidazione accelerati da condizioni ambientali avverse\r\n\u2022 Macchie e scolorimenti dovuti al mancato rispetto delle nostre istruzioni di pulizia\r\n\u2022 Danni verificatisi durante il montaggio e la manipolazione senza aver seguito le istruzioni di montaggio indicate.\r\n<strong>Istruzioni per l'uso e la manutenzione:<\/strong>\r\n\u2022 Pulire delicatamente con l'aiuto di un panno o utilizzare un sapone liquido neutro, risciacquando con abbondante acqua.\r\n\u2022 Rimuovere regolarmente la polvere con l'aiuto di un panno morbido e acqua pulita.\r\n\u2022 Non utilizzare detergenti o prodotti abrasivi per la pulizia.\r\n\u2022 Trattamento con olio di lino: Prima di applicare uno strato di olio di lino sul prodotto allo stato naturale \u00e8 consigliabile lasciarlo all'esterno per 2 o 3 settimane, in modo da assumere un aspetto omogeneo e aerarlo. Pulire con acqua pulita usando un pennello e lasciare asciugare. Una volta ben asciutto, va carteggiato con una carta vetrata di grammatura tra 120 e 150 con cura e senza stringere, seguendo, per quanto possibile, la direzione delle vene; Questa operazione non viene mai eseguita nelle prime ore del giorno.\r\nPer mantenere il colore \u00e8 consigliabile ripetere il processo una o due volte l'anno.\r\nSe l'olio di lino \u00e8 gi\u00e0 stato applicato ai mobili \u00e8 consigliabile carteggiarlo ogni tre anni in modo che gli strati successivi di olio non impediscano la traspirazione del legno.\r\n<strong>Anni di garanzia:<\/strong> 3 anni\r\n<strong>Prodotto secondo lo standard:<\/strong> 581-1,581-2,581-3\r\n<strong>Certificazione FSC (s\u00ec\/no):<\/strong> S\u00ec"}],"_links":{"self":[{"href":"https:\/\/keramamueblesdejardin.com\/it\/wp-json\/wp\/v2\/product\/146328","targetHints":{"allow":["GET"]}}],"collection":[{"href":"https:\/\/keramamueblesdejardin.com\/it\/wp-json\/wp\/v2\/product"}],"about":[{"href":"https:\/\/keramamueblesdejardin.com\/it\/wp-json\/wp\/v2\/types\/product"}],"replies":[{"embeddable":true,"href":"https:\/\/keramamueblesdejardin.com\/it\/wp-json\/wp\/v2\/comments?post=146328"}],"wp:featuredmedia":[{"embeddable":true,"href":"https:\/\/keramamueblesdejardin.com\/it\/wp-json\/wp\/v2\/media\/145159"}],"wp:attachment":[{"href":"https:\/\/keramamueblesdejardin.com\/it\/wp-json\/wp\/v2\/media?parent=146328"}],"wp:term":[{"taxonomy":"product_brand","embeddable":true,"href":"https:\/\/keramamueblesdejardin.com\/it\/wp-json\/wp\/v2\/product_brand?post=146328"},{"taxonomy":"product_cat","embeddable":true,"href":"https:\/\/keramamueblesdejardin.com\/it\/wp-json\/wp\/v2\/product_cat?post=146328"},{"taxonomy":"product_tag","embeddable":true,"href":"https:\/\/keramamueblesdejardin.com\/it\/wp-json\/wp\/v2\/product_tag?post=146328"}],"curies":[{"name":"wp","href":"https:\/\/api.w.org\/{rel}","templated":true}]}}