{"id":142113,"date":"2022-09-13T15:24:15","date_gmt":"2022-09-13T13:24:15","guid":{"rendered":"https:\/\/keramamueblesdejardin.com\/senza-categoria\/tavolo-da-balcone-per-la-presa-su-ringhiera-pieghevole-in-legno-colore-chiaro-60x445-java-light\/"},"modified":"2025-03-07T12:42:08","modified_gmt":"2025-03-07T11:42:08","slug":"tavolo-da-balcone-per-co-ringhiera-pieghevole-di-legno-colore-chiaro-60x445-java-light","status":"publish","type":"product","link":"https:\/\/keramamueblesdejardin.com\/it\/sale-da-pranzo-allaperto\/tavoli-da-giardino\/tavolo-da-balcone-per-co-ringhiera-pieghevole-di-legno-colore-chiaro-60x445-java-light\/","title":{"rendered":"Tavolo da balcone per la presa su ringhiera pieghevole in legno colore chiaro 60&#215;44,5 &#8211; Java Light"},"content":{"rendered":"<p>Tavolo da balcone speciale per prendere la ringhiera pieghevole in legno colore chiaro 60&#215;44,5&#215;70 cm. Include ganci per cpgar sul balcone. \u00c8 realizzato in legno di acacia FSC finitura di colore chiaro. Ideale per balconi e piccoli spazi.<\/p>\n","protected":false},"excerpt":{"rendered":"<ul>\n<li>Misure : 60&#215;44,5&#215;70 cm<\/li>\n<li>Realizzato in legno di acacia certificato FSC. Finitura legno di colore chiaro<\/li>\n<li>con ganci per appenderlo alla ringhiera del balcone<\/li>\n<li>Pieghevole.<\/li>\n<\/ul>\n","protected":false},"featured_media":139961,"comment_status":"closed","ping_status":"closed","template":"","meta":{"_acf_changed":false},"product_brand":[],"product_cat":[2775,2891],"product_tag":[2787,2789,2784,2892],"class_list":{"0":"post-142113","1":"product","2":"type-product","3":"status-publish","4":"has-post-thumbnail","6":"product_cat-sale-da-pranzo-allaperto","7":"product_cat-tavoli-da-giardino","8":"product_tag-acacia-it","9":"product_tag-giava","10":"product_tag-legno","11":"product_tag-pieghevole","12":"product_shipping_class-envio-gratuito-it","13":"pa_caracteristicas-pieghevole","14":"pa_coleccion-luce-java","15":"pa_material-legno-chiaro","17":"first","18":"instock","19":"sale","20":"purchasable","21":"product-type-simple","22":"add-to-wishlist-before_image"},"acf":[],"yoast_head":"<!-- This site is optimized with the Yoast SEO plugin v27.4 - https:\/\/yoast.com\/product\/yoast-seo-wordpress\/ -->\n<title>Tavolo da balcone per la presa su ringhiera pieghevole in legno colore chiaro 60x44,5 - Java Light - Kerama<\/title>\n<meta name=\"robots\" content=\"index, follow, max-snippet:-1, max-image-preview:large, max-video-preview:-1\" \/>\n<link rel=\"canonical\" href=\"https:\/\/keramamueblesdejardin.com\/it\/sale-da-pranzo-allaperto\/tavoli-da-giardino\/tavolo-da-balcone-per-co-ringhiera-pieghevole-di-legno-colore-chiaro-60x445-java-light\/\" \/>\n<meta property=\"og:locale\" content=\"it_IT\" \/>\n<meta property=\"og:type\" content=\"article\" \/>\n<meta property=\"og:title\" content=\"Tavolo da balcone per la presa su ringhiera pieghevole in legno colore chiaro 60x44,5 - Java Light - Kerama\" \/>\n<meta property=\"og:description\" content=\"Misure : 60x44,5x70 cm  Realizzato in legno di acacia certificato FSC. Finitura legno di colore chiaro  con ganci per appenderlo alla ringhiera del balcone  Pieghevole.\" \/>\n<meta property=\"og:url\" content=\"https:\/\/keramamueblesdejardin.com\/it\/sale-da-pranzo-allaperto\/tavoli-da-giardino\/tavolo-da-balcone-per-co-ringhiera-pieghevole-di-legno-colore-chiaro-60x445-java-light\/\" \/>\n<meta property=\"og:site_name\" content=\"Kerama\" \/>\n<meta property=\"article:publisher\" content=\"https:\/\/www.facebook.com\/Kerama-Muebles-de-Jard%c3%adn-106209328312568\/\" \/>\n<meta property=\"article:modified_time\" content=\"2025-03-07T11:42:08+00:00\" \/>\n<meta property=\"og:image\" content=\"https:\/\/keramamueblesdejardin.com\/wp-content\/uploads\/2022\/09\/mesa-de-balcon-barandilla-plegable-de-madera-color-claro-60x44-5-scaled.jpg\" \/>\n\t<meta property=\"og:image:width\" content=\"2560\" \/>\n\t<meta property=\"og:image:height\" content=\"2560\" \/>\n\t<meta property=\"og:image:type\" content=\"image\/jpeg\" \/>\n<meta name=\"twitter:card\" content=\"summary_large_image\" \/>\n<script type=\"application\/ld+json\" class=\"yoast-schema-graph\">{\"@context\":\"https:\\\/\\\/schema.org\",\"@graph\":[{\"@type\":\"WebPage\",\"@id\":\"https:\\\/\\\/keramamueblesdejardin.com\\\/it\\\/sale-da-pranzo-allaperto\\\/tavoli-da-giardino\\\/tavolo-da-balcone-per-co-ringhiera-pieghevole-di-legno-colore-chiaro-60x445-java-light\\\/\",\"url\":\"https:\\\/\\\/keramamueblesdejardin.com\\\/it\\\/sale-da-pranzo-allaperto\\\/tavoli-da-giardino\\\/tavolo-da-balcone-per-co-ringhiera-pieghevole-di-legno-colore-chiaro-60x445-java-light\\\/\",\"name\":\"Tavolo da balcone per la presa su ringhiera pieghevole in legno colore chiaro 60x44,5 - Java Light - Kerama\",\"isPartOf\":{\"@id\":\"https:\\\/\\\/keramamueblesdejardin.com\\\/it\\\/#website\"},\"primaryImageOfPage\":{\"@id\":\"https:\\\/\\\/keramamueblesdejardin.com\\\/it\\\/sale-da-pranzo-allaperto\\\/tavoli-da-giardino\\\/tavolo-da-balcone-per-co-ringhiera-pieghevole-di-legno-colore-chiaro-60x445-java-light\\\/#primaryimage\"},\"image\":{\"@id\":\"https:\\\/\\\/keramamueblesdejardin.com\\\/it\\\/sale-da-pranzo-allaperto\\\/tavoli-da-giardino\\\/tavolo-da-balcone-per-co-ringhiera-pieghevole-di-legno-colore-chiaro-60x445-java-light\\\/#primaryimage\"},\"thumbnailUrl\":\"https:\\\/\\\/keramamueblesdejardin.com\\\/wp-content\\\/uploads\\\/2022\\\/09\\\/mesa-de-balcon-barandilla-plegable-de-madera-color-claro-60x44-5-scaled.jpg\",\"datePublished\":\"2022-09-13T13:24:15+00:00\",\"dateModified\":\"2025-03-07T11:42:08+00:00\",\"breadcrumb\":{\"@id\":\"https:\\\/\\\/keramamueblesdejardin.com\\\/it\\\/sale-da-pranzo-allaperto\\\/tavoli-da-giardino\\\/tavolo-da-balcone-per-co-ringhiera-pieghevole-di-legno-colore-chiaro-60x445-java-light\\\/#breadcrumb\"},\"inLanguage\":\"it-IT\",\"potentialAction\":[{\"@type\":\"ReadAction\",\"target\":[\"https:\\\/\\\/keramamueblesdejardin.com\\\/it\\\/sale-da-pranzo-allaperto\\\/tavoli-da-giardino\\\/tavolo-da-balcone-per-co-ringhiera-pieghevole-di-legno-colore-chiaro-60x445-java-light\\\/\"]}]},{\"@type\":\"ImageObject\",\"inLanguage\":\"it-IT\",\"@id\":\"https:\\\/\\\/keramamueblesdejardin.com\\\/it\\\/sale-da-pranzo-allaperto\\\/tavoli-da-giardino\\\/tavolo-da-balcone-per-co-ringhiera-pieghevole-di-legno-colore-chiaro-60x445-java-light\\\/#primaryimage\",\"url\":\"https:\\\/\\\/keramamueblesdejardin.com\\\/wp-content\\\/uploads\\\/2022\\\/09\\\/mesa-de-balcon-barandilla-plegable-de-madera-color-claro-60x44-5-scaled.jpg\",\"contentUrl\":\"https:\\\/\\\/keramamueblesdejardin.com\\\/wp-content\\\/uploads\\\/2022\\\/09\\\/mesa-de-balcon-barandilla-plegable-de-madera-color-claro-60x44-5-scaled.jpg\",\"width\":2560,\"height\":2560},{\"@type\":\"BreadcrumbList\",\"@id\":\"https:\\\/\\\/keramamueblesdejardin.com\\\/it\\\/sale-da-pranzo-allaperto\\\/tavoli-da-giardino\\\/tavolo-da-balcone-per-co-ringhiera-pieghevole-di-legno-colore-chiaro-60x445-java-light\\\/#breadcrumb\",\"itemListElement\":[{\"@type\":\"ListItem\",\"position\":1,\"name\":\"Home\",\"item\":\"https:\\\/\\\/keramamueblesdejardin.com\\\/it\\\/\"},{\"@type\":\"ListItem\",\"position\":2,\"name\":\"Negozio\",\"item\":\"https:\\\/\\\/keramamueblesdejardin.com\\\/it\\\/negozio\\\/\"},{\"@type\":\"ListItem\",\"position\":3,\"name\":\"Sale da pranzo all'aperto\",\"item\":\"https:\\\/\\\/keramamueblesdejardin.com\\\/it\\\/sale-da-pranzo-allaperto\\\/\"},{\"@type\":\"ListItem\",\"position\":4,\"name\":\"Tavoli da giardino\",\"item\":\"https:\\\/\\\/keramamueblesdejardin.com\\\/it\\\/sale-da-pranzo-allaperto\\\/tavoli-da-giardino\\\/\"},{\"@type\":\"ListItem\",\"position\":5,\"name\":\"Tavolo da balcone per la presa su ringhiera pieghevole in legno colore chiaro 60&#215;44,5 &#8211; Java Light\"}]},{\"@type\":\"WebSite\",\"@id\":\"https:\\\/\\\/keramamueblesdejardin.com\\\/it\\\/#website\",\"url\":\"https:\\\/\\\/keramamueblesdejardin.com\\\/it\\\/\",\"name\":\"Kerama\",\"description\":\"muebles de jard\u00edn\",\"publisher\":{\"@id\":\"https:\\\/\\\/keramamueblesdejardin.com\\\/it\\\/#organization\"},\"potentialAction\":[{\"@type\":\"SearchAction\",\"target\":{\"@type\":\"EntryPoint\",\"urlTemplate\":\"https:\\\/\\\/keramamueblesdejardin.com\\\/it\\\/?s={search_term_string}\"},\"query-input\":{\"@type\":\"PropertyValueSpecification\",\"valueRequired\":true,\"valueName\":\"search_term_string\"}}],\"inLanguage\":\"it-IT\"},{\"@type\":\"Organization\",\"@id\":\"https:\\\/\\\/keramamueblesdejardin.com\\\/it\\\/#organization\",\"name\":\"kerama\",\"url\":\"https:\\\/\\\/keramamueblesdejardin.com\\\/it\\\/\",\"logo\":{\"@type\":\"ImageObject\",\"inLanguage\":\"it-IT\",\"@id\":\"https:\\\/\\\/keramamueblesdejardin.com\\\/it\\\/#\\\/schema\\\/logo\\\/image\\\/\",\"url\":\"https:\\\/\\\/keramamueblesdejardin.com\\\/wp-content\\\/uploads\\\/2020\\\/12\\\/k.-scaled.jpg\",\"contentUrl\":\"https:\\\/\\\/keramamueblesdejardin.com\\\/wp-content\\\/uploads\\\/2020\\\/12\\\/k.-scaled.jpg\",\"width\":2560,\"height\":551,\"caption\":\"kerama\"},\"image\":{\"@id\":\"https:\\\/\\\/keramamueblesdejardin.com\\\/it\\\/#\\\/schema\\\/logo\\\/image\\\/\"},\"sameAs\":[\"https:\\\/\\\/www.facebook.com\\\/Kerama-Muebles-de-Jard\u00edn-106209328312568\\\/\"]}]}<\/script>\n<!-- \/ Yoast SEO plugin. -->","yoast_head_json":{"title":"Tavolo da balcone per la presa su ringhiera pieghevole in legno colore chiaro 60x44,5 - Java Light - Kerama","robots":{"index":"index","follow":"follow","max-snippet":"max-snippet:-1","max-image-preview":"max-image-preview:large","max-video-preview":"max-video-preview:-1"},"canonical":"https:\/\/keramamueblesdejardin.com\/it\/sale-da-pranzo-allaperto\/tavoli-da-giardino\/tavolo-da-balcone-per-co-ringhiera-pieghevole-di-legno-colore-chiaro-60x445-java-light\/","og_locale":"it_IT","og_type":"article","og_title":"Tavolo da balcone per la presa su ringhiera pieghevole in legno colore chiaro 60x44,5 - Java Light - Kerama","og_description":"Misure : 60x44,5x70 cm  Realizzato in legno di acacia certificato FSC. Finitura legno di colore chiaro  con ganci per appenderlo alla ringhiera del balcone  Pieghevole.","og_url":"https:\/\/keramamueblesdejardin.com\/it\/sale-da-pranzo-allaperto\/tavoli-da-giardino\/tavolo-da-balcone-per-co-ringhiera-pieghevole-di-legno-colore-chiaro-60x445-java-light\/","og_site_name":"Kerama","article_publisher":"https:\/\/www.facebook.com\/Kerama-Muebles-de-Jard%c3%adn-106209328312568\/","article_modified_time":"2025-03-07T11:42:08+00:00","og_image":[{"width":2560,"height":2560,"url":"https:\/\/keramamueblesdejardin.com\/wp-content\/uploads\/2022\/09\/mesa-de-balcon-barandilla-plegable-de-madera-color-claro-60x44-5-scaled.jpg","type":"image\/jpeg"}],"twitter_card":"summary_large_image","schema":{"@context":"https:\/\/schema.org","@graph":[{"@type":"WebPage","@id":"https:\/\/keramamueblesdejardin.com\/it\/sale-da-pranzo-allaperto\/tavoli-da-giardino\/tavolo-da-balcone-per-co-ringhiera-pieghevole-di-legno-colore-chiaro-60x445-java-light\/","url":"https:\/\/keramamueblesdejardin.com\/it\/sale-da-pranzo-allaperto\/tavoli-da-giardino\/tavolo-da-balcone-per-co-ringhiera-pieghevole-di-legno-colore-chiaro-60x445-java-light\/","name":"Tavolo da balcone per la presa su ringhiera pieghevole in legno colore chiaro 60x44,5 - Java Light - Kerama","isPartOf":{"@id":"https:\/\/keramamueblesdejardin.com\/it\/#website"},"primaryImageOfPage":{"@id":"https:\/\/keramamueblesdejardin.com\/it\/sale-da-pranzo-allaperto\/tavoli-da-giardino\/tavolo-da-balcone-per-co-ringhiera-pieghevole-di-legno-colore-chiaro-60x445-java-light\/#primaryimage"},"image":{"@id":"https:\/\/keramamueblesdejardin.com\/it\/sale-da-pranzo-allaperto\/tavoli-da-giardino\/tavolo-da-balcone-per-co-ringhiera-pieghevole-di-legno-colore-chiaro-60x445-java-light\/#primaryimage"},"thumbnailUrl":"https:\/\/keramamueblesdejardin.com\/wp-content\/uploads\/2022\/09\/mesa-de-balcon-barandilla-plegable-de-madera-color-claro-60x44-5-scaled.jpg","datePublished":"2022-09-13T13:24:15+00:00","dateModified":"2025-03-07T11:42:08+00:00","breadcrumb":{"@id":"https:\/\/keramamueblesdejardin.com\/it\/sale-da-pranzo-allaperto\/tavoli-da-giardino\/tavolo-da-balcone-per-co-ringhiera-pieghevole-di-legno-colore-chiaro-60x445-java-light\/#breadcrumb"},"inLanguage":"it-IT","potentialAction":[{"@type":"ReadAction","target":["https:\/\/keramamueblesdejardin.com\/it\/sale-da-pranzo-allaperto\/tavoli-da-giardino\/tavolo-da-balcone-per-co-ringhiera-pieghevole-di-legno-colore-chiaro-60x445-java-light\/"]}]},{"@type":"ImageObject","inLanguage":"it-IT","@id":"https:\/\/keramamueblesdejardin.com\/it\/sale-da-pranzo-allaperto\/tavoli-da-giardino\/tavolo-da-balcone-per-co-ringhiera-pieghevole-di-legno-colore-chiaro-60x445-java-light\/#primaryimage","url":"https:\/\/keramamueblesdejardin.com\/wp-content\/uploads\/2022\/09\/mesa-de-balcon-barandilla-plegable-de-madera-color-claro-60x44-5-scaled.jpg","contentUrl":"https:\/\/keramamueblesdejardin.com\/wp-content\/uploads\/2022\/09\/mesa-de-balcon-barandilla-plegable-de-madera-color-claro-60x44-5-scaled.jpg","width":2560,"height":2560},{"@type":"BreadcrumbList","@id":"https:\/\/keramamueblesdejardin.com\/it\/sale-da-pranzo-allaperto\/tavoli-da-giardino\/tavolo-da-balcone-per-co-ringhiera-pieghevole-di-legno-colore-chiaro-60x445-java-light\/#breadcrumb","itemListElement":[{"@type":"ListItem","position":1,"name":"Home","item":"https:\/\/keramamueblesdejardin.com\/it\/"},{"@type":"ListItem","position":2,"name":"Negozio","item":"https:\/\/keramamueblesdejardin.com\/it\/negozio\/"},{"@type":"ListItem","position":3,"name":"Sale da pranzo all'aperto","item":"https:\/\/keramamueblesdejardin.com\/it\/sale-da-pranzo-allaperto\/"},{"@type":"ListItem","position":4,"name":"Tavoli da giardino","item":"https:\/\/keramamueblesdejardin.com\/it\/sale-da-pranzo-allaperto\/tavoli-da-giardino\/"},{"@type":"ListItem","position":5,"name":"Tavolo da balcone per la presa su ringhiera pieghevole in legno colore chiaro 60&#215;44,5 &#8211; Java Light"}]},{"@type":"WebSite","@id":"https:\/\/keramamueblesdejardin.com\/it\/#website","url":"https:\/\/keramamueblesdejardin.com\/it\/","name":"Kerama","description":"muebles de jard\u00edn","publisher":{"@id":"https:\/\/keramamueblesdejardin.com\/it\/#organization"},"potentialAction":[{"@type":"SearchAction","target":{"@type":"EntryPoint","urlTemplate":"https:\/\/keramamueblesdejardin.com\/it\/?s={search_term_string}"},"query-input":{"@type":"PropertyValueSpecification","valueRequired":true,"valueName":"search_term_string"}}],"inLanguage":"it-IT"},{"@type":"Organization","@id":"https:\/\/keramamueblesdejardin.com\/it\/#organization","name":"kerama","url":"https:\/\/keramamueblesdejardin.com\/it\/","logo":{"@type":"ImageObject","inLanguage":"it-IT","@id":"https:\/\/keramamueblesdejardin.com\/it\/#\/schema\/logo\/image\/","url":"https:\/\/keramamueblesdejardin.com\/wp-content\/uploads\/2020\/12\/k.-scaled.jpg","contentUrl":"https:\/\/keramamueblesdejardin.com\/wp-content\/uploads\/2020\/12\/k.-scaled.jpg","width":2560,"height":551,"caption":"kerama"},"image":{"@id":"https:\/\/keramamueblesdejardin.com\/it\/#\/schema\/logo\/image\/"},"sameAs":["https:\/\/www.facebook.com\/Kerama-Muebles-de-Jard\u00edn-106209328312568\/"]}]}},"df_price":69,"df_sale_price":69,"df_regular_price":88,"df_image_link":"https:\/\/keramamueblesdejardin.com\/wp-content\/uploads\/2022\/09\/mesa-de-balcon-barandilla-plegable-de-madera-color-claro-60x44-5-300x300.jpg","custom_tabs":[{"title":"MISURAZIONE","id":"misurazione","content":"<div class=\"list\"><strong>Altezza: <\/strong>60cm<\/div>\n<div class=\"list\"><strong>Larghezza: <\/strong>44,5 cm<\/div>\n<div class=\"list\">Profondit\u00e0: 70cm<\/div>\n<div class=\"list\"><\/div>"},{"title":"MANUTENZIONE E GARANZIE","id":"manutenzione-e-garanzie","content":"<strong>Raccomandazioni generali:<\/strong>\n\u2022 Guasti o danni causati da:\n\u2022 Cause accidentali come cadute, colpi, fuoriuscite di liquidi, introduzione di corpi estranei, nonch\u00e9 qualsiasi altra causa di forza maggiore.\n\u2022 Uso negligente, improprio o non domestico.\n\u2022 Danni, corrosione e\/o ossidazione accelerati da condizioni ambientali avverse\n\u2022 Macchie e scolorimenti dovuti al mancato rispetto delle nostre istruzioni di pulizia\n\u2022 Danni verificatisi durante il montaggio e la manipolazione senza aver seguito le istruzioni di montaggio indicate.\n<strong>Istruzioni per l'uso e la manutenzione:<\/strong>\n\u2022 Pulire delicatamente con l'aiuto di un panno o utilizzare un sapone liquido neutro, risciacquando con abbondante acqua.\n\u2022 Rimuovere regolarmente la polvere con l'aiuto di un panno morbido e acqua pulita.\n\u2022 Non utilizzare detergenti o prodotti abrasivi per la pulizia.\n\u2022 Trattamento con olio di lino: Prima di applicare uno strato di olio di lino sul prodotto allo stato naturale \u00e8 consigliabile lasciarlo all'esterno per 2 o 3 settimane, in modo da assumere un aspetto omogeneo e aerarlo. Pulire con acqua pulita usando un pennello e lasciare asciugare. Una volta ben asciutto, va carteggiato con una carta vetrata di grammatura tra 120 e 150 con cura e senza stringere, seguendo, per quanto possibile, la direzione delle vene; Questa operazione non viene mai eseguita nelle prime ore del giorno.\nPer mantenere il colore \u00e8 consigliabile ripetere il processo una o due volte l'anno.\nSe l'olio di lino \u00e8 gi\u00e0 stato applicato ai mobili \u00e8 consigliabile carteggiarlo ogni tre anni in modo che gli strati successivi di olio non impediscano la traspirazione del legno.\n<strong>Anni di garanzia:<\/strong> 3 anni\n<strong>Prodotto secondo lo standard:<\/strong> 581-1,581-2,581-3\n<strong>Certificazione FSC (s\u00ec\/no):<\/strong> S\u00ec"}],"_links":{"self":[{"href":"https:\/\/keramamueblesdejardin.com\/it\/wp-json\/wp\/v2\/product\/142113","targetHints":{"allow":["GET"]}}],"collection":[{"href":"https:\/\/keramamueblesdejardin.com\/it\/wp-json\/wp\/v2\/product"}],"about":[{"href":"https:\/\/keramamueblesdejardin.com\/it\/wp-json\/wp\/v2\/types\/product"}],"replies":[{"embeddable":true,"href":"https:\/\/keramamueblesdejardin.com\/it\/wp-json\/wp\/v2\/comments?post=142113"}],"wp:featuredmedia":[{"embeddable":true,"href":"https:\/\/keramamueblesdejardin.com\/it\/wp-json\/wp\/v2\/media\/139961"}],"wp:attachment":[{"href":"https:\/\/keramamueblesdejardin.com\/it\/wp-json\/wp\/v2\/media?parent=142113"}],"wp:term":[{"taxonomy":"product_brand","embeddable":true,"href":"https:\/\/keramamueblesdejardin.com\/it\/wp-json\/wp\/v2\/product_brand?post=142113"},{"taxonomy":"product_cat","embeddable":true,"href":"https:\/\/keramamueblesdejardin.com\/it\/wp-json\/wp\/v2\/product_cat?post=142113"},{"taxonomy":"product_tag","embeddable":true,"href":"https:\/\/keramamueblesdejardin.com\/it\/wp-json\/wp\/v2\/product_tag?post=142113"}],"curies":[{"name":"wp","href":"https:\/\/api.w.org\/{rel}","templated":true}]}}