{"id":104047,"date":"2023-04-17T16:32:53","date_gmt":"2023-04-17T14:32:53","guid":{"rendered":"https:\/\/keramamueblesdejardin.com\/senza-categoria\/set-da-giardino-tavolo-ovale-220x115-e-6-sedie-corda-beige-riviera\/"},"modified":"2024-12-03T12:56:33","modified_gmt":"2024-12-03T11:56:33","slug":"tavolo-da-giardino-ovale-set-220x115-y-6-sedie-corda-beige-riviera","status":"publish","type":"product","link":"https:\/\/keramamueblesdejardin.com\/it\/sale-da-pranzo-allaperto\/set-di-tavoli-e-sedie-da-giardino\/tavolo-da-giardino-ovale-set-220x115-y-6-sedie-corda-beige-riviera\/","title":{"rendered":"Set da giardino tavolo ovale 220&#215;115 e 6 sedie corda beige &#8211; Riviera"},"content":{"rendered":"<p>Set formato da un tavolo da pranzo ovale 220x115cm di finitura chiara in legno di acacia e 6 sedie da giardino Riviera che \u00e8 realizzato con una struttura in legno di acacia colore chiaro, corda di poliestere intrecciata a mano e cuscini beige. I cuscini di seduta e schienale sono realizzati in poliestere beige che imita il lino. Il legno \u00e8 certificato FSC, garantendo una buona gestione forestale, economica e sociale delle risorse.<\/p>\n","protected":false},"excerpt":{"rendered":"<ul>\n<li>Tavolo da giardino ovale in legno di acacia chiaro<\/li>\n<li>6 sedie da giardino con braccioli in acacia e corda con cuscini beige<\/li>\n<li>Legno certificato FSC<\/li>\n<li>Puoi combinarlo con i diversi elementi della famiglia Riviera<\/li>\n<\/ul>\n","protected":false},"featured_media":103520,"comment_status":"closed","ping_status":"closed","template":"","meta":{"_acf_changed":false},"product_brand":[],"product_cat":[2775,2776],"product_tag":[2778,2777],"class_list":{"0":"post-104047","1":"product","2":"type-product","3":"status-publish","4":"has-post-thumbnail","6":"product_cat-sale-da-pranzo-allaperto","7":"product_cat-set-di-tavoli-e-sedie-da-giardino","8":"product_tag-ampi-spazi","9":"product_tag-riviera-it","10":"product_shipping_class-envio-gratuito-it","11":"pa_coleccion-riviera-it","12":"pa_material-corda","13":"pa_material-legno","15":"first","16":"instock","17":"sale","18":"purchasable","19":"product-type-simple","20":"add-to-wishlist-before_image"},"acf":[],"yoast_head":"<!-- This site is optimized with the Yoast SEO plugin v27.4 - https:\/\/yoast.com\/product\/yoast-seo-wordpress\/ -->\n<title>Set da giardino tavolo ovale 220x115 e 6 sedie corda beige - Riviera - Kerama<\/title>\n<meta name=\"robots\" content=\"index, follow, max-snippet:-1, max-image-preview:large, max-video-preview:-1\" \/>\n<link rel=\"canonical\" href=\"https:\/\/keramamueblesdejardin.com\/it\/sale-da-pranzo-allaperto\/set-di-tavoli-e-sedie-da-giardino\/tavolo-da-giardino-ovale-set-220x115-y-6-sedie-corda-beige-riviera\/\" \/>\n<meta property=\"og:locale\" content=\"it_IT\" \/>\n<meta property=\"og:type\" content=\"article\" \/>\n<meta property=\"og:title\" content=\"Set da giardino tavolo ovale 220x115 e 6 sedie corda beige - Riviera - Kerama\" \/>\n<meta property=\"og:description\" content=\"Tavolo da giardino ovale in legno di acacia chiaro  6 sedie da giardino con braccioli in acacia e corda con cuscini beige  Legno certificato FSC  Puoi combinarlo con i diversi elementi della famiglia Riviera\" \/>\n<meta property=\"og:url\" content=\"https:\/\/keramamueblesdejardin.com\/it\/sale-da-pranzo-allaperto\/set-di-tavoli-e-sedie-da-giardino\/tavolo-da-giardino-ovale-set-220x115-y-6-sedie-corda-beige-riviera\/\" \/>\n<meta property=\"og:site_name\" content=\"Kerama\" \/>\n<meta property=\"article:publisher\" content=\"https:\/\/www.facebook.com\/Kerama-Muebles-de-Jard%c3%adn-106209328312568\/\" \/>\n<meta property=\"article:modified_time\" content=\"2024-12-03T11:56:33+00:00\" \/>\n<meta property=\"og:image\" content=\"https:\/\/keramamueblesdejardin.com\/wp-content\/uploads\/2023\/04\/riviera-oval-6.jpg\" \/>\n\t<meta property=\"og:image:width\" content=\"1200\" \/>\n\t<meta property=\"og:image:height\" content=\"1200\" \/>\n\t<meta property=\"og:image:type\" content=\"image\/jpeg\" \/>\n<meta name=\"twitter:card\" content=\"summary_large_image\" \/>\n<script type=\"application\/ld+json\" class=\"yoast-schema-graph\">{\"@context\":\"https:\\\/\\\/schema.org\",\"@graph\":[{\"@type\":\"WebPage\",\"@id\":\"https:\\\/\\\/keramamueblesdejardin.com\\\/it\\\/sale-da-pranzo-allaperto\\\/set-di-tavoli-e-sedie-da-giardino\\\/tavolo-da-giardino-ovale-set-220x115-y-6-sedie-corda-beige-riviera\\\/\",\"url\":\"https:\\\/\\\/keramamueblesdejardin.com\\\/it\\\/sale-da-pranzo-allaperto\\\/set-di-tavoli-e-sedie-da-giardino\\\/tavolo-da-giardino-ovale-set-220x115-y-6-sedie-corda-beige-riviera\\\/\",\"name\":\"Set da giardino tavolo ovale 220x115 e 6 sedie corda beige - Riviera - Kerama\",\"isPartOf\":{\"@id\":\"https:\\\/\\\/keramamueblesdejardin.com\\\/it\\\/#website\"},\"primaryImageOfPage\":{\"@id\":\"https:\\\/\\\/keramamueblesdejardin.com\\\/it\\\/sale-da-pranzo-allaperto\\\/set-di-tavoli-e-sedie-da-giardino\\\/tavolo-da-giardino-ovale-set-220x115-y-6-sedie-corda-beige-riviera\\\/#primaryimage\"},\"image\":{\"@id\":\"https:\\\/\\\/keramamueblesdejardin.com\\\/it\\\/sale-da-pranzo-allaperto\\\/set-di-tavoli-e-sedie-da-giardino\\\/tavolo-da-giardino-ovale-set-220x115-y-6-sedie-corda-beige-riviera\\\/#primaryimage\"},\"thumbnailUrl\":\"https:\\\/\\\/keramamueblesdejardin.com\\\/wp-content\\\/uploads\\\/2023\\\/04\\\/riviera-oval-6.jpg\",\"datePublished\":\"2023-04-17T14:32:53+00:00\",\"dateModified\":\"2024-12-03T11:56:33+00:00\",\"breadcrumb\":{\"@id\":\"https:\\\/\\\/keramamueblesdejardin.com\\\/it\\\/sale-da-pranzo-allaperto\\\/set-di-tavoli-e-sedie-da-giardino\\\/tavolo-da-giardino-ovale-set-220x115-y-6-sedie-corda-beige-riviera\\\/#breadcrumb\"},\"inLanguage\":\"it-IT\",\"potentialAction\":[{\"@type\":\"ReadAction\",\"target\":[\"https:\\\/\\\/keramamueblesdejardin.com\\\/it\\\/sale-da-pranzo-allaperto\\\/set-di-tavoli-e-sedie-da-giardino\\\/tavolo-da-giardino-ovale-set-220x115-y-6-sedie-corda-beige-riviera\\\/\"]}]},{\"@type\":\"ImageObject\",\"inLanguage\":\"it-IT\",\"@id\":\"https:\\\/\\\/keramamueblesdejardin.com\\\/it\\\/sale-da-pranzo-allaperto\\\/set-di-tavoli-e-sedie-da-giardino\\\/tavolo-da-giardino-ovale-set-220x115-y-6-sedie-corda-beige-riviera\\\/#primaryimage\",\"url\":\"https:\\\/\\\/keramamueblesdejardin.com\\\/wp-content\\\/uploads\\\/2023\\\/04\\\/riviera-oval-6.jpg\",\"contentUrl\":\"https:\\\/\\\/keramamueblesdejardin.com\\\/wp-content\\\/uploads\\\/2023\\\/04\\\/riviera-oval-6.jpg\",\"width\":1200,\"height\":1200},{\"@type\":\"BreadcrumbList\",\"@id\":\"https:\\\/\\\/keramamueblesdejardin.com\\\/it\\\/sale-da-pranzo-allaperto\\\/set-di-tavoli-e-sedie-da-giardino\\\/tavolo-da-giardino-ovale-set-220x115-y-6-sedie-corda-beige-riviera\\\/#breadcrumb\",\"itemListElement\":[{\"@type\":\"ListItem\",\"position\":1,\"name\":\"Home\",\"item\":\"https:\\\/\\\/keramamueblesdejardin.com\\\/it\\\/\"},{\"@type\":\"ListItem\",\"position\":2,\"name\":\"Negozio\",\"item\":\"https:\\\/\\\/keramamueblesdejardin.com\\\/it\\\/negozio\\\/\"},{\"@type\":\"ListItem\",\"position\":3,\"name\":\"Sale da pranzo all'aperto\",\"item\":\"https:\\\/\\\/keramamueblesdejardin.com\\\/it\\\/sale-da-pranzo-allaperto\\\/\"},{\"@type\":\"ListItem\",\"position\":4,\"name\":\"Set di tavoli e sedie da giardino\",\"item\":\"https:\\\/\\\/keramamueblesdejardin.com\\\/it\\\/sale-da-pranzo-allaperto\\\/set-di-tavoli-e-sedie-da-giardino\\\/\"},{\"@type\":\"ListItem\",\"position\":5,\"name\":\"Set da giardino tavolo ovale 220&#215;115 e 6 sedie corda beige &#8211; Riviera\"}]},{\"@type\":\"WebSite\",\"@id\":\"https:\\\/\\\/keramamueblesdejardin.com\\\/it\\\/#website\",\"url\":\"https:\\\/\\\/keramamueblesdejardin.com\\\/it\\\/\",\"name\":\"Kerama\",\"description\":\"muebles de jard\u00edn\",\"publisher\":{\"@id\":\"https:\\\/\\\/keramamueblesdejardin.com\\\/it\\\/#organization\"},\"potentialAction\":[{\"@type\":\"SearchAction\",\"target\":{\"@type\":\"EntryPoint\",\"urlTemplate\":\"https:\\\/\\\/keramamueblesdejardin.com\\\/it\\\/?s={search_term_string}\"},\"query-input\":{\"@type\":\"PropertyValueSpecification\",\"valueRequired\":true,\"valueName\":\"search_term_string\"}}],\"inLanguage\":\"it-IT\"},{\"@type\":\"Organization\",\"@id\":\"https:\\\/\\\/keramamueblesdejardin.com\\\/it\\\/#organization\",\"name\":\"kerama\",\"url\":\"https:\\\/\\\/keramamueblesdejardin.com\\\/it\\\/\",\"logo\":{\"@type\":\"ImageObject\",\"inLanguage\":\"it-IT\",\"@id\":\"https:\\\/\\\/keramamueblesdejardin.com\\\/it\\\/#\\\/schema\\\/logo\\\/image\\\/\",\"url\":\"https:\\\/\\\/keramamueblesdejardin.com\\\/wp-content\\\/uploads\\\/2020\\\/12\\\/k.-scaled.jpg\",\"contentUrl\":\"https:\\\/\\\/keramamueblesdejardin.com\\\/wp-content\\\/uploads\\\/2020\\\/12\\\/k.-scaled.jpg\",\"width\":2560,\"height\":551,\"caption\":\"kerama\"},\"image\":{\"@id\":\"https:\\\/\\\/keramamueblesdejardin.com\\\/it\\\/#\\\/schema\\\/logo\\\/image\\\/\"},\"sameAs\":[\"https:\\\/\\\/www.facebook.com\\\/Kerama-Muebles-de-Jard\u00edn-106209328312568\\\/\"]}]}<\/script>\n<!-- \/ Yoast SEO plugin. -->","yoast_head_json":{"title":"Set da giardino tavolo ovale 220x115 e 6 sedie corda beige - Riviera - Kerama","robots":{"index":"index","follow":"follow","max-snippet":"max-snippet:-1","max-image-preview":"max-image-preview:large","max-video-preview":"max-video-preview:-1"},"canonical":"https:\/\/keramamueblesdejardin.com\/it\/sale-da-pranzo-allaperto\/set-di-tavoli-e-sedie-da-giardino\/tavolo-da-giardino-ovale-set-220x115-y-6-sedie-corda-beige-riviera\/","og_locale":"it_IT","og_type":"article","og_title":"Set da giardino tavolo ovale 220x115 e 6 sedie corda beige - Riviera - Kerama","og_description":"Tavolo da giardino ovale in legno di acacia chiaro  6 sedie da giardino con braccioli in acacia e corda con cuscini beige  Legno certificato FSC  Puoi combinarlo con i diversi elementi della famiglia Riviera","og_url":"https:\/\/keramamueblesdejardin.com\/it\/sale-da-pranzo-allaperto\/set-di-tavoli-e-sedie-da-giardino\/tavolo-da-giardino-ovale-set-220x115-y-6-sedie-corda-beige-riviera\/","og_site_name":"Kerama","article_publisher":"https:\/\/www.facebook.com\/Kerama-Muebles-de-Jard%c3%adn-106209328312568\/","article_modified_time":"2024-12-03T11:56:33+00:00","og_image":[{"width":1200,"height":1200,"url":"https:\/\/keramamueblesdejardin.com\/wp-content\/uploads\/2023\/04\/riviera-oval-6.jpg","type":"image\/jpeg"}],"twitter_card":"summary_large_image","schema":{"@context":"https:\/\/schema.org","@graph":[{"@type":"WebPage","@id":"https:\/\/keramamueblesdejardin.com\/it\/sale-da-pranzo-allaperto\/set-di-tavoli-e-sedie-da-giardino\/tavolo-da-giardino-ovale-set-220x115-y-6-sedie-corda-beige-riviera\/","url":"https:\/\/keramamueblesdejardin.com\/it\/sale-da-pranzo-allaperto\/set-di-tavoli-e-sedie-da-giardino\/tavolo-da-giardino-ovale-set-220x115-y-6-sedie-corda-beige-riviera\/","name":"Set da giardino tavolo ovale 220x115 e 6 sedie corda beige - Riviera - Kerama","isPartOf":{"@id":"https:\/\/keramamueblesdejardin.com\/it\/#website"},"primaryImageOfPage":{"@id":"https:\/\/keramamueblesdejardin.com\/it\/sale-da-pranzo-allaperto\/set-di-tavoli-e-sedie-da-giardino\/tavolo-da-giardino-ovale-set-220x115-y-6-sedie-corda-beige-riviera\/#primaryimage"},"image":{"@id":"https:\/\/keramamueblesdejardin.com\/it\/sale-da-pranzo-allaperto\/set-di-tavoli-e-sedie-da-giardino\/tavolo-da-giardino-ovale-set-220x115-y-6-sedie-corda-beige-riviera\/#primaryimage"},"thumbnailUrl":"https:\/\/keramamueblesdejardin.com\/wp-content\/uploads\/2023\/04\/riviera-oval-6.jpg","datePublished":"2023-04-17T14:32:53+00:00","dateModified":"2024-12-03T11:56:33+00:00","breadcrumb":{"@id":"https:\/\/keramamueblesdejardin.com\/it\/sale-da-pranzo-allaperto\/set-di-tavoli-e-sedie-da-giardino\/tavolo-da-giardino-ovale-set-220x115-y-6-sedie-corda-beige-riviera\/#breadcrumb"},"inLanguage":"it-IT","potentialAction":[{"@type":"ReadAction","target":["https:\/\/keramamueblesdejardin.com\/it\/sale-da-pranzo-allaperto\/set-di-tavoli-e-sedie-da-giardino\/tavolo-da-giardino-ovale-set-220x115-y-6-sedie-corda-beige-riviera\/"]}]},{"@type":"ImageObject","inLanguage":"it-IT","@id":"https:\/\/keramamueblesdejardin.com\/it\/sale-da-pranzo-allaperto\/set-di-tavoli-e-sedie-da-giardino\/tavolo-da-giardino-ovale-set-220x115-y-6-sedie-corda-beige-riviera\/#primaryimage","url":"https:\/\/keramamueblesdejardin.com\/wp-content\/uploads\/2023\/04\/riviera-oval-6.jpg","contentUrl":"https:\/\/keramamueblesdejardin.com\/wp-content\/uploads\/2023\/04\/riviera-oval-6.jpg","width":1200,"height":1200},{"@type":"BreadcrumbList","@id":"https:\/\/keramamueblesdejardin.com\/it\/sale-da-pranzo-allaperto\/set-di-tavoli-e-sedie-da-giardino\/tavolo-da-giardino-ovale-set-220x115-y-6-sedie-corda-beige-riviera\/#breadcrumb","itemListElement":[{"@type":"ListItem","position":1,"name":"Home","item":"https:\/\/keramamueblesdejardin.com\/it\/"},{"@type":"ListItem","position":2,"name":"Negozio","item":"https:\/\/keramamueblesdejardin.com\/it\/negozio\/"},{"@type":"ListItem","position":3,"name":"Sale da pranzo all'aperto","item":"https:\/\/keramamueblesdejardin.com\/it\/sale-da-pranzo-allaperto\/"},{"@type":"ListItem","position":4,"name":"Set di tavoli e sedie da giardino","item":"https:\/\/keramamueblesdejardin.com\/it\/sale-da-pranzo-allaperto\/set-di-tavoli-e-sedie-da-giardino\/"},{"@type":"ListItem","position":5,"name":"Set da giardino tavolo ovale 220&#215;115 e 6 sedie corda beige &#8211; Riviera"}]},{"@type":"WebSite","@id":"https:\/\/keramamueblesdejardin.com\/it\/#website","url":"https:\/\/keramamueblesdejardin.com\/it\/","name":"Kerama","description":"muebles de jard\u00edn","publisher":{"@id":"https:\/\/keramamueblesdejardin.com\/it\/#organization"},"potentialAction":[{"@type":"SearchAction","target":{"@type":"EntryPoint","urlTemplate":"https:\/\/keramamueblesdejardin.com\/it\/?s={search_term_string}"},"query-input":{"@type":"PropertyValueSpecification","valueRequired":true,"valueName":"search_term_string"}}],"inLanguage":"it-IT"},{"@type":"Organization","@id":"https:\/\/keramamueblesdejardin.com\/it\/#organization","name":"kerama","url":"https:\/\/keramamueblesdejardin.com\/it\/","logo":{"@type":"ImageObject","inLanguage":"it-IT","@id":"https:\/\/keramamueblesdejardin.com\/it\/#\/schema\/logo\/image\/","url":"https:\/\/keramamueblesdejardin.com\/wp-content\/uploads\/2020\/12\/k.-scaled.jpg","contentUrl":"https:\/\/keramamueblesdejardin.com\/wp-content\/uploads\/2020\/12\/k.-scaled.jpg","width":2560,"height":551,"caption":"kerama"},"image":{"@id":"https:\/\/keramamueblesdejardin.com\/it\/#\/schema\/logo\/image\/"},"sameAs":["https:\/\/www.facebook.com\/Kerama-Muebles-de-Jard\u00edn-106209328312568\/"]}]}},"df_price":1909,"df_sale_price":1909,"df_regular_price":2339,"df_image_link":"https:\/\/keramamueblesdejardin.com\/wp-content\/uploads\/2023\/04\/riviera-oval-6-300x300.jpg","custom_tabs":[{"title":"MISURAZIONE","id":"misurazione","content":"<div class=\"list\"><strong style=\"font-weight: bold; color: #282828;\">Altezza:<\/strong><span style=\"color: #282828;\"> Sedia 75 cm \/ Tavolo 75cm<\/span><br style=\"color: #282828;\"><strong style=\"font-weight: bold; color: #282828;\">Larghezza:<\/strong><span style=\"color: #282828;\"> Sedia 59 cm \/ Tavolo 115 cm<\/span><br style=\"color: #282828;\"><strong style=\"font-weight: bold; color: #282828;\">Profondit\u00e0:<\/strong><span style=\"color: #282828;\"> Sedia 59 cm \/ Tavolo 220 cm<\/span><br style=\"color: #282828;\">Profondit\u00e0 seduta senza cuscino: 11cm<br style=\"color: #282828;\"><strong style=\"font-weight: bold; color: #282828;\">Profondit\u00e0 seduta con cuscino:<\/strong><span style=\"color: #282828;\"> 36cm<\/span><br style=\"color: #282828;\"><strong style=\"font-weight: bold; color: #282828;\">Altezza seduta:<\/strong><span style=\"color: #282828;\"> 51cm<\/span><\/div>"},{"title":"DISIMBALLAGGIO E MONTAGGIO","id":"disimballaggio-e-assemblaggio","content":"<div class=\"list\"><strong style=\"font-weight: bold; color: #282828;\">Raccomandazioni per<\/strong> il disimballaggio: <span style=\"color: #282828;\"> Non utilizzare utensili affilati durante il disimballaggio dei mobili in quanto potrebbe causare danni<\/span><br style=\"color: #282828;\"><strong style=\"font-weight: bold; color: #282828;\">Richiede il montaggio (s\u00ec\/no):<\/strong><span style=\"color: #282828;\"> S\u00ec<\/span><br style=\"color: #282828;\"><strong style=\"font-weight: bold; color: #282828;\">Difficolt\u00e0 di montaggio:<\/strong><span style=\"color: #282828;\"> Bassa<\/span><br style=\"color: #282828;\"><strong style=\"font-weight: bold; color: #282828;\">Tempo di montaggio:<\/strong><span style=\"color: #282828;\"> 90 minuti<\/span><br style=\"color: #282828;\"><strong style=\"font-weight: bold; color: #282828;\">Persone consigliate per il montaggio:<\/strong><span style=\"color: #282828;\"> 2<\/span><br style=\"color: #282828;\"><strong style=\"font-weight: bold; color: #282828;\">Suggerimenti di montaggio:<\/strong><span style=\"color: #282828;\">  Preparare un'area di assemblaggio pulita e asciutta, verificare che nessuna delle parti indicate nel manuale manchi. Si consiglia di indossare guanti adatti al montaggio. Utilizzare solo parti e hardware forniti<\/span><\/div>"},{"title":"MANUTENZIONE E GARANZIE","id":"manutenzione-e-garanzie","content":"<strong>Raccomandazioni generali:<\/strong>\n\u2022 Guasti o danni causati da:\n\u2022 Cause accidentali come cadute, colpi, fuoriuscite di liquidi, introduzione di corpi estranei, nonch\u00e9 qualsiasi altra causa di forza maggiore.\n\u2022 Uso negligente, improprio o non domestico.\n\u2022 Danni, corrosione e\/o ossidazione accelerati da condizioni ambientali avverse\n\u2022 Macchie e scolorimenti dovuti al mancato rispetto delle nostre istruzioni di pulizia\n\u2022 Danni verificatisi durante il montaggio e la manipolazione senza aver seguito le istruzioni di montaggio indicate.\n<strong>Istruzioni per l'uso e la manutenzione:<\/strong>\n\u2022 Pulire delicatamente con l'aiuto di un panno o utilizzare un sapone liquido neutro, risciacquando con abbondante acqua.\n\u2022 Rimuovere regolarmente la polvere con l'aiuto di un panno morbido e acqua pulita.\n\u2022 Il colore del prodotto pu\u00f2 variare a seconda dell'illuminazione e delle condizioni ambientali. Variazione delle venature e\/o della tonalit\u00e0.\n\u2022 Non utilizzare detergenti o prodotti abrasivi per la pulizia.\n\u2022 Trattamento con olio di lino: Prima di applicare uno strato di olio di lino sul prodotto allo stato naturale \u00e8 consigliabile lasciarlo all'esterno per 2 o 3 settimane, in modo da assumere un aspetto omogeneo e aerarlo. Pulire con acqua pulita usando un pennello e lasciare asciugare. Una volta ben asciutto, va carteggiato con una carta vetrata di grammatura tra 120 e 150 con cura e senza stringere, seguendo, per quanto possibile, la direzione delle vene; Questa operazione non viene mai eseguita nelle prime ore del giorno.\nPer mantenere il colore \u00e8 consigliabile ripetere il processo una o due volte l'anno.\nSe l'olio di lino \u00e8 gi\u00e0 stato applicato ai mobili \u00e8 consigliabile carteggiarlo ogni tre anni in modo che gli strati successivi di olio non impediscano la traspirazione del legno.\n<strong>Anni di garanzia:<\/strong> 3 anni\n<strong>Prodotto secondo lo standard:<\/strong> 581-1,581-2,581-3\n<strong>Certificazione FSC (s\u00ec\/no):<\/strong> S\u00ec"}],"_links":{"self":[{"href":"https:\/\/keramamueblesdejardin.com\/it\/wp-json\/wp\/v2\/product\/104047","targetHints":{"allow":["GET"]}}],"collection":[{"href":"https:\/\/keramamueblesdejardin.com\/it\/wp-json\/wp\/v2\/product"}],"about":[{"href":"https:\/\/keramamueblesdejardin.com\/it\/wp-json\/wp\/v2\/types\/product"}],"replies":[{"embeddable":true,"href":"https:\/\/keramamueblesdejardin.com\/it\/wp-json\/wp\/v2\/comments?post=104047"}],"wp:featuredmedia":[{"embeddable":true,"href":"https:\/\/keramamueblesdejardin.com\/it\/wp-json\/wp\/v2\/media\/103520"}],"wp:attachment":[{"href":"https:\/\/keramamueblesdejardin.com\/it\/wp-json\/wp\/v2\/media?parent=104047"}],"wp:term":[{"taxonomy":"product_brand","embeddable":true,"href":"https:\/\/keramamueblesdejardin.com\/it\/wp-json\/wp\/v2\/product_brand?post=104047"},{"taxonomy":"product_cat","embeddable":true,"href":"https:\/\/keramamueblesdejardin.com\/it\/wp-json\/wp\/v2\/product_cat?post=104047"},{"taxonomy":"product_tag","embeddable":true,"href":"https:\/\/keramamueblesdejardin.com\/it\/wp-json\/wp\/v2\/product_tag?post=104047"}],"curies":[{"name":"wp","href":"https:\/\/api.w.org\/{rel}","templated":true}]}}