{"id":84052,"date":"2021-04-09T11:55:42","date_gmt":"2021-04-09T09:55:42","guid":{"rendered":"https:\/\/keramamueblesdejardin.com\/offerte-in-primo-piano\/"},"modified":"2026-03-03T12:13:50","modified_gmt":"2026-03-03T11:13:50","slug":"offerte-in-primo-piano","status":"publish","type":"page","link":"https:\/\/keramamueblesdejardin.com\/it\/offerte-in-primo-piano\/","title":{"rendered":"Offerte su mobili da giardino"},"content":{"rendered":"\t\t<div data-elementor-type=\"wp-page\" data-elementor-id=\"84052\" class=\"elementor elementor-84052 elementor-8168\" wpc-filter-elementor-widget=\"1\" data-elementor-post-type=\"page\">\n\t\t\t\t<div class=\"elementor-element elementor-element-831dbe5 e-flex e-con-boxed e-con e-parent\" data-id=\"831dbe5\" data-element_type=\"container\" data-e-type=\"container\">\n\t\t\t\t\t<div class=\"e-con-inner\">\n\t\t\t\t<div class=\"elementor-element elementor-element-5326e92 elementor-align-left elementor-widget elementor-widget-breadcrumbs\" data-id=\"5326e92\" data-element_type=\"widget\" data-e-type=\"widget\" data-widget_type=\"breadcrumbs.default\">\n\t\t\t\t<div class=\"elementor-widget-container\">\n\t\t\t\t\t<nav id=\"breadcrumbs\"><span><span><a href=\"https:\/\/keramamueblesdejardin.com\/it\/\">Home<\/a><\/span><\/span><\/nav>\t\t\t\t<\/div>\n\t\t\t\t<\/div>\n\t\t\t\t\t<\/div>\n\t\t\t\t<\/div>\n\t\t<div class=\"elementor-element elementor-element-e39c42f e-flex e-con-boxed e-con e-parent\" data-id=\"e39c42f\" data-element_type=\"container\" data-e-type=\"container\">\n\t\t\t\t\t<div class=\"e-con-inner\">\n\t\t\t\t<div class=\"elementor-element elementor-element-e5cd6b9 elementor-widget elementor-widget-heading\" data-id=\"e5cd6b9\" data-element_type=\"widget\" data-e-type=\"widget\" data-widget_type=\"heading.default\">\n\t\t\t\t<div class=\"elementor-widget-container\">\n\t\t\t\t\t<h1 class=\"elementor-heading-title elementor-size-default\">Offerte su mobili da giardino<\/h1>\t\t\t\t<\/div>\n\t\t\t\t<\/div>\n\t\t\t\t\t<\/div>\n\t\t\t\t<\/div>\n\t\t<div class=\"elementor-element elementor-element-5581ff5 e-flex e-con-boxed e-con e-parent\" data-id=\"5581ff5\" data-element_type=\"container\" data-e-type=\"container\">\n\t\t\t\t\t<div class=\"e-con-inner\">\n\t\t\t\t<div class=\"woocommerce elementor-element elementor-element-4ac559a elementor-grid-4 elementor-grid-tablet-2 elementor-grid-mobile-1 elementor-widget elementor-widget-loop-grid\" data-id=\"4ac559a\" data-element_type=\"widget\" data-e-type=\"widget\" data-settings=\"{&quot;template_id&quot;:191975,&quot;columns&quot;:4,&quot;pagination_type&quot;:&quot;load_more_on_click&quot;,&quot;_skin&quot;:&quot;product&quot;,&quot;columns_tablet&quot;:&quot;2&quot;,&quot;columns_mobile&quot;:&quot;1&quot;,&quot;edit_handle_selector&quot;:&quot;[data-elementor-type=\\&quot;loop-item\\&quot;]&quot;,&quot;load_more_spinner&quot;:{&quot;value&quot;:&quot;fas fa-spinner&quot;,&quot;library&quot;:&quot;fa-solid&quot;},&quot;row_gap&quot;:{&quot;unit&quot;:&quot;px&quot;,&quot;size&quot;:&quot;&quot;,&quot;sizes&quot;:[]},&quot;row_gap_tablet&quot;:{&quot;unit&quot;:&quot;px&quot;,&quot;size&quot;:&quot;&quot;,&quot;sizes&quot;:[]},&quot;row_gap_mobile&quot;:{&quot;unit&quot;:&quot;px&quot;,&quot;size&quot;:&quot;&quot;,&quot;sizes&quot;:[]}}\" data-widget_type=\"loop-grid.product\">\n\t\t\t\t<div class=\"elementor-widget-container\">\n\t\t\t\t\t\t\t<div class=\"elementor-loop-container elementor-grid\" role=\"list\">\n\t\t<style id=\"loop-191975\">.elementor-191975 .elementor-element.elementor-element-15d94ef8{--display:flex;--flex-direction:column;--container-widget-width:100%;--container-widget-height:initial;--container-widget-flex-grow:0;--container-widget-align-self:initial;--flex-wrap-mobile:wrap;--gap:10px 10px;--row-gap:10px;--column-gap:10px;--padding-top:10px;--padding-bottom:10px;--padding-left:10px;--padding-right:10px;}.elementor-191975 .elementor-element.elementor-element-29e97a4{--display:flex;--padding-top:0px;--padding-bottom:0px;--padding-left:0px;--padding-right:0px;}.elementor-widget-theme-post-featured-image .widget-image-caption{color:var( --e-global-color-text );font-family:var( --e-global-typography-text-font-family ), Sans-serif;font-weight:var( --e-global-typography-text-font-weight );}.elementor-191975 .elementor-element.elementor-element-8e6fdd1{--display:grid;--e-con-grid-template-columns:1fr auto;--e-con-grid-template-rows:repeat(1, 1fr);--gap:10px 10px;--row-gap:10px;--column-gap:10px;--grid-auto-flow:row;}.elementor-widget-button .elementor-button{font-family:var( --e-global-typography-accent-font-family ), Sans-serif;font-weight:var( --e-global-typography-accent-font-weight );background-color:var( --e-global-color-accent );}.elementor-191975 .elementor-element.elementor-element-084823c .elementor-button-content-wrapper{flex-direction:row;}.elementor-191975 .elementor-element.elementor-element-084823c .elementor-button .elementor-button-content-wrapper{gap:10px;justify-content:center;}.elementor-191975 .elementor-element.elementor-element-084823c .elementor-button{font-family:\"Raleway\", Sans-serif;font-size:16px;font-weight:700;line-height:16px;fill:#ECDFCC;color:#ECDFCC;background-color:var( --e-global-color-83412d8 );border-style:none;border-radius:0px 0px 0px 0px;padding:15px 15px 15px 15px;}.elementor-191975 .elementor-element.elementor-element-115495ef{--display:flex;--flex-direction:row;--container-widget-width:initial;--container-widget-height:100%;--container-widget-flex-grow:1;--container-widget-align-self:stretch;--flex-wrap-mobile:wrap;--padding-top:0px;--padding-bottom:0px;--padding-left:0px;--padding-right:0px;}.elementor-widget-heading .elementor-heading-title{font-family:var( --e-global-typography-primary-font-family ), Sans-serif;font-weight:var( --e-global-typography-primary-font-weight );color:var( --e-global-color-primary );}.elementor-191975 .elementor-element.elementor-element-117381f5 .elementor-heading-title{font-family:\"Raleway\", Sans-serif;font-size:16px;font-weight:500;line-height:1.2em;color:#000000;}.elementor-191975 .elementor-element.elementor-element-117381f5{width:var( --container-widget-width, 70% );max-width:70%;--container-widget-width:70%;--container-widget-flex-grow:0;}.woocommerce .elementor-widget-woocommerce-product-price .price{color:var( --e-global-color-primary );font-family:var( --e-global-typography-primary-font-family ), Sans-serif;font-weight:var( --e-global-typography-primary-font-weight );}.elementor-191975 .elementor-element.elementor-element-544acd9a{text-align:end;width:var( --container-widget-width, 30% );max-width:30%;--container-widget-width:30%;--container-widget-flex-grow:0;}.woocommerce .elementor-191975 .elementor-element.elementor-element-544acd9a .price{color:#000000;font-family:\"Raleway\", Sans-serif;font-size:16px;font-weight:700;}.woocommerce .elementor-191975 .elementor-element.elementor-element-544acd9a .price ins{color:#AC5238;font-size:16px;font-weight:700;}@media(max-width:1024px){.elementor-191975 .elementor-element.elementor-element-8e6fdd1{--grid-auto-flow:row;}}@media(max-width:767px){.elementor-191975 .elementor-element.elementor-element-8e6d9e7 img{width:100%;}.elementor-191975 .elementor-element.elementor-element-8e6fdd1{--e-con-grid-template-columns:1;--grid-auto-flow:row;}.elementor-191975 .elementor-element.elementor-element-115495ef{--flex-direction:column;--container-widget-width:100%;--container-widget-height:initial;--container-widget-flex-grow:0;--container-widget-align-self:initial;--flex-wrap-mobile:wrap;}.elementor-191975 .elementor-element.elementor-element-117381f5 .elementor-heading-title{font-size:14px;}.elementor-191975 .elementor-element.elementor-element-117381f5{width:100%;max-width:100%;}.elementor-191975 .elementor-element.elementor-element-544acd9a{text-align:start;width:100%;max-width:100%;}.woocommerce .elementor-191975 .elementor-element.elementor-element-544acd9a .price{font-size:14px;}.woocommerce .elementor-191975 .elementor-element.elementor-element-544acd9a .price ins{font-size:14px;}}@media(min-width:768px){.elementor-191975 .elementor-element.elementor-element-8e6fdd1{--width:100%;}}\/* Start custom CSS for theme-post-featured-image, class: .elementor-element-8e6d9e7 *\/.elementor-191975 .elementor-element.elementor-element-8e6d9e7 {\n    aspect-ratio: 1\/1\n}\/* End custom CSS *\/\n\/* Start custom CSS for html, class: .elementor-element-93c48c7 *\/.elementor-191975 .elementor-element.elementor-element-93c48c7 {\n    position: absolute;\n    top:25px;\n    left:25px;\n    background: #AC5238;\n    color:#fff;\n    font-size: 14px;\n    line-height: 1;\n    font-weight: 500; \n    padding: 5px;\n    @media (max-width:767px){\n        font-size: 12px;\n    }\n}\/* End custom CSS *\/\n\/* Start custom CSS for button, class: .elementor-element-084823c *\/.elementor-191975 .elementor-element.elementor-element-084823c .elementor-button-content-wrapper {\n    align-items: baseline;\n}\/* End custom CSS *\/\n\/* Start custom CSS for container, class: .elementor-element-15d94ef8 *\/.elementor-191975 .elementor-element.elementor-element-15d94ef8 .sale-label {\n\n}\n.elementor-191975 .elementor-element.elementor-element-15d94ef8.sale .sale-label {\n    display: flex;\n}\n.elementor-191975 .elementor-element.elementor-element-15d94ef8 del .woocommerce-Price-amount bdi{\n    color: #000!important;\n    font-weight: 700;\n}\n.elementor-191975 .elementor-element.elementor-element-15d94ef8 del  {\n    white-space: nowrap;\n}\n.elementor-191975 .elementor-element.elementor-element-15d94ef8 ins {\n    text-decoration: none!important;\n    white-space: nowrap;\n}\n.elementor-191975 .elementor-element.elementor-element-15d94ef8 ins .woocommerce-Price-amount bdi{\n    text-decoration: none!important;\n    color: #AC5238!important;\n    font-weight: 700;\n}\n.elementor-191975 .elementor-element.elementor-element-15d94ef8 .box-botones {\n    opacity: 0;\n    position: absolute;\n    bottom:0px;\n    left:0px;\n    width: 100%;\n}\n.elementor-191975 .elementor-element.elementor-element-15d94ef8:hover .box-botones {\n    opacity: 1;\n}\n.elementor-191975 .elementor-element.elementor-element-15d94ef8 .btn-add-cart {\n    \n}\n.elementor-191975 .elementor-element.elementor-element-15d94ef8 .btn-whishlist {\n    width: 50px;\n    height: 51px;\n    display: flex;\n    padding: 0 10px;\n    background: #F7F2EB;\n    font-size: 0;\n}\n.elementor-191975 .elementor-element.elementor-element-15d94ef8 .btn-whishlist .yith-wcwl-add-to-wishlist{\n    position: relative;\n    top: 12px;\n    left: 0;\n}\n.elementor-191975 .elementor-element.elementor-element-15d94ef8 .btn-whishlist a {\n    background: none;\n} \n\/*.elementor-191975 .elementor-element.elementor-element-15d94ef8 .btn-whishlist .yith-wcwl-wishlistaddedbrowse a{*\/\n  \n\/*}*\/\n@media (max-width:767px){\n    .elementor-191975 .elementor-element.elementor-element-15d94ef8 del {\n        margin-right:7px;\n    }\n}\/* End custom CSS *\/<\/style>\t\t<div data-elementor-type=\"loop-item\" data-elementor-id=\"191975\" class=\"elementor elementor-191975 elementor-178577 elementor-178577 e-loop-item e-loop-item-216834 post-216834 product type-product status-publish has-post-thumbnail product_cat-lettini product_cat-sedie-a-sdraio-e-riposo first instock sale shipping-taxable purchasable product-type-simple add-to-wishlist-before_image\" wpc-filter-elementor-widget=\"1\" data-elementor-post-type=\"elementor_library\" data-custom-edit-handle=\"1\">\n\t\t\t<div class=\"elementor-element elementor-element-15d94ef8 e-flex e-con-boxed e-con e-parent\" data-id=\"15d94ef8\" data-element_type=\"container\" data-e-type=\"container\">\n\t\t\t\t\t<div class=\"e-con-inner\">\n\t\t<div class=\"elementor-element elementor-element-29e97a4 e-con-full e-flex e-con e-child\" data-id=\"29e97a4\" data-element_type=\"container\" data-e-type=\"container\">\n\t\t\t\t<div class=\"elementor-element elementor-element-8e6d9e7 elementor-widget elementor-widget-theme-post-featured-image elementor-widget-image\" data-id=\"8e6d9e7\" data-element_type=\"widget\" data-e-type=\"widget\" data-widget_type=\"theme-post-featured-image.default\">\n\t\t\t\t<div class=\"elementor-widget-container\">\n\t\t\t\t\t\t\t\t\t\t\t\t\t\t\t\t<a href=\"https:\/\/keramamueblesdejardin.com\/it\/sedie-a-sdraio-e-riposo\/pacchetto-di-2-sdraio-bianche-in-alluminio-e-tessuto-ad-asciugatura-rapida-rena\/\">\n\t\t\t\t\t\t\t<img fetchpriority=\"high\" decoding=\"async\" width=\"800\" height=\"800\" src=\"https:\/\/keramamueblesdejardin.com\/wp-content\/uploads\/2026\/04\/s026x2-principal-1024x1024.jpg\" class=\"attachment-large size-large wp-image-216824\" alt=\"\" srcset=\"https:\/\/keramamueblesdejardin.com\/wp-content\/uploads\/2026\/04\/s026x2-principal-1024x1024.jpg 1024w, https:\/\/keramamueblesdejardin.com\/wp-content\/uploads\/2026\/04\/s026x2-principal-300x300.jpg 300w, https:\/\/keramamueblesdejardin.com\/wp-content\/uploads\/2026\/04\/s026x2-principal-150x150.jpg 150w, https:\/\/keramamueblesdejardin.com\/wp-content\/uploads\/2026\/04\/s026x2-principal-768x768.jpg 768w, https:\/\/keramamueblesdejardin.com\/wp-content\/uploads\/2026\/04\/s026x2-principal-800x800.jpg 800w, https:\/\/keramamueblesdejardin.com\/wp-content\/uploads\/2026\/04\/s026x2-principal-100x100.jpg 100w, https:\/\/keramamueblesdejardin.com\/wp-content\/uploads\/2026\/04\/s026x2-principal-50x50.jpg 50w, https:\/\/keramamueblesdejardin.com\/wp-content\/uploads\/2026\/04\/s026x2-principal.jpg 1200w\" sizes=\"(max-width: 800px) 100vw, 800px\" \/>\t\t\t\t\t\t\t\t<\/a>\n\t\t\t\t\t\t\t\t\t\t\t\t\t\t\t<\/div>\n\t\t\t\t<\/div>\n\t\t\t\t<div class=\"elementor-element elementor-element-93c48c7 sale-label elementor-widget elementor-widget-html\" data-id=\"93c48c7\" data-element_type=\"widget\" data-e-type=\"widget\" data-widget_type=\"html.default\">\n\t\t\t\t<div class=\"elementor-widget-container\">\n\t\t\t\t\t-16%\t\t\t\t<\/div>\n\t\t\t\t<\/div>\n\t\t<div class=\"elementor-element elementor-element-8e6fdd1 e-con-full box-botones e-grid e-con e-child\" data-id=\"8e6fdd1\" data-element_type=\"container\" data-e-type=\"container\">\n\t\t\t\t<div class=\"elementor-element elementor-element-084823c elementor-align-justify btn-add-cart elementor-widget elementor-widget-button\" data-id=\"084823c\" data-element_type=\"widget\" data-e-type=\"widget\" data-widget_type=\"button.default\">\n\t\t\t\t<div class=\"elementor-widget-container\">\n\t\t\t\t\t\t\t\t\t<div class=\"elementor-button-wrapper\">\n\t\t\t\t\t<a class=\"elementor-button elementor-button-link elementor-size-sm\" href=\"https:\/\/keramamueblesdejardin.com\/it\/sedie-a-sdraio-e-riposo\/pacchetto-di-2-sdraio-bianche-in-alluminio-e-tessuto-ad-asciugatura-rapida-rena\/\">\n\t\t\t\t\t\t<span class=\"elementor-button-content-wrapper\">\n\t\t\t\t\t\t<span class=\"elementor-button-icon\">\n\t\t\t\t<svg xmlns=\"http:\/\/www.w3.org\/2000\/svg\" width=\"20\" height=\"23\" viewBox=\"0 0 20 23\" fill=\"none\"><path d=\"M2.01937 22.5C1.46 22.5 0.983542 22.3033 0.59 21.91C0.196667 21.5165 0 21.04 0 20.4806V7.01937C0 6.46 0.196667 5.98354 0.59 5.59C0.983542 5.19667 1.46 5 2.01937 5H5C5 3.60729 5.48521 2.42583 6.45562 1.45563C7.42583 0.485209 8.60729 0 10 0C11.3927 0 12.5742 0.485209 13.5444 1.45563C14.5148 2.42583 15 3.60729 15 5H17.9806C18.54 5 19.0165 5.19667 19.41 5.59C19.8033 5.98354 20 6.46 20 7.01937V20.4806C20 21.04 19.8033 21.5165 19.41 21.91C19.0165 22.3033 18.54 22.5 17.9806 22.5H2.01937ZM2.01937 21.25H17.9806C18.1731 21.25 18.3495 21.1699 18.5097 21.0097C18.6699 20.8495 18.75 20.6731 18.75 20.4806V7.01937C18.75 6.82687 18.6699 6.65052 18.5097 6.49031C18.3495 6.3301 18.1731 6.25 17.9806 6.25H2.01937C1.82687 6.25 1.65052 6.3301 1.49031 6.49031C1.3301 6.65052 1.25 6.82687 1.25 7.01937V20.4806C1.25 20.6731 1.3301 20.8495 1.49031 21.0097C1.65052 21.1699 1.82687 21.25 2.01937 21.25ZM10 12.5C11.3927 12.5 12.5742 12.0148 13.5444 11.0444C14.5148 10.0742 15 8.89271 15 7.5H13.75C13.75 8.54167 13.3854 9.42708 12.6562 10.1562C11.9271 10.8854 11.0417 11.25 10 11.25C8.95833 11.25 8.07292 10.8854 7.34375 10.1562C6.61458 9.42708 6.25 8.54167 6.25 7.5H5C5 8.89271 5.48521 10.0742 6.45562 11.0444C7.42583 12.0148 8.60729 12.5 10 12.5ZM6.25 5H13.75C13.75 3.95833 13.3854 3.07292 12.6562 2.34375C11.9271 1.61458 11.0417 1.25 10 1.25C8.95833 1.25 8.07292 1.61458 7.34375 2.34375C6.61458 3.07292 6.25 3.95833 6.25 5Z\" fill=\"#EEDFCD\"><\/path><\/svg>\t\t\t<\/span>\n\t\t\t\t\t\t\t\t\t<span class=\"elementor-button-text\">AGGIUNGI AL CARRELLO<\/span>\n\t\t\t\t\t<\/span>\n\t\t\t\t\t<\/a>\n\t\t\t\t<\/div>\n\t\t\t\t\t\t\t\t<\/div>\n\t\t\t\t<\/div>\n\t\t\t\t<div class=\"elementor-element elementor-element-490c284 btn-whishlist elementor-widget elementor-widget-html\" data-id=\"490c284\" data-element_type=\"widget\" data-e-type=\"widget\" data-widget_type=\"html.default\">\n\t\t\t\t<div class=\"elementor-widget-container\">\n\t\t\t\t\t\n<div\n\tclass=\"yith-wcwl-add-to-wishlist add-to-wishlist-216834 yith-wcwl-add-to-wishlist--button_default-style wishlist-fragment on-first-load\"\n\tdata-fragment-ref=\"216834\"\n\tdata-fragment-options=\"{&quot;base_url&quot;:&quot;&quot;,&quot;product_id&quot;:216834,&quot;parent_product_id&quot;:0,&quot;product_type&quot;:&quot;simple&quot;,&quot;is_single&quot;:false,&quot;in_default_wishlist&quot;:false,&quot;show_view&quot;:false,&quot;browse_wishlist_text&quot;:&quot;Echar un vistazo a la lista de deseos&quot;,&quot;already_in_wishslist_text&quot;:&quot;Il prodotto \\u00e8 gi\\u00e0 nella lista dei desideri&quot;,&quot;product_added_text&quot;:&quot;Prodotto aggiunto&quot;,&quot;available_multi_wishlist&quot;:false,&quot;disable_wishlist&quot;:false,&quot;show_count&quot;:false,&quot;ajax_loading&quot;:false,&quot;loop_position&quot;:&quot;before_image&quot;,&quot;item&quot;:&quot;add_to_wishlist&quot;}\"\n>\n\t\t\t\n\t\t\t<!-- ADD TO WISHLIST -->\n\t\t\t\n<div class=\"yith-wcwl-add-button\">\n\t\t<a\n\t\thref=\"?add_to_wishlist=216834&#038;_wpnonce=7bf8e9dac5\"\n\t\tclass=\"add_to_wishlist single_add_to_wishlist alt theme-button-style \"\n\t\tdata-product-id=\"216834\"\n\t\tdata-product-type=\"simple\"\n\t\tdata-original-product-id=\"0\"\n\t\tdata-title=\"Alla lista dei desideri\"\n\t\trel=\"nofollow\"\n\t>\n\t\t<svg id=\"yith-wcwl-icon-heart-outline\" class=\"yith-wcwl-icon-svg\" fill=\"none\" stroke-width=\"1.5\" stroke=\"currentColor\" viewBox=\"0 0 24 24\" xmlns=\"http:\/\/www.w3.org\/2000\/svg\">\n  <path stroke-linecap=\"round\" stroke-linejoin=\"round\" d=\"M21 8.25c0-2.485-2.099-4.5-4.688-4.5-1.935 0-3.597 1.126-4.312 2.733-.715-1.607-2.377-2.733-4.313-2.733C5.1 3.75 3 5.765 3 8.25c0 7.22 9 12 9 12s9-4.78 9-12Z\"><\/path>\n<\/svg>\t\t<span>Alla lista dei desideri<\/span>\n\t<\/a>\n<\/div>\n\n\t\t\t<!-- COUNT TEXT -->\n\t\t\t\n\t\t\t<\/div>\n\t\t\t\t<\/div>\n\t\t\t\t<\/div>\n\t\t\t\t<\/div>\n\t\t\t\t<\/div>\n\t\t<div class=\"elementor-element elementor-element-115495ef e-con-full e-flex e-con e-child\" data-id=\"115495ef\" data-element_type=\"container\" data-e-type=\"container\">\n\t\t\t\t<div class=\"elementor-element elementor-element-117381f5 elementor-widget__width-initial elementor-widget-mobile__width-inherit elementor-widget elementor-widget-heading\" data-id=\"117381f5\" data-element_type=\"widget\" data-e-type=\"widget\" data-widget_type=\"heading.default\">\n\t\t\t\t<div class=\"elementor-widget-container\">\n\t\t\t\t\t<h3 class=\"elementor-heading-title elementor-size-default\"><a href=\"https:\/\/keramamueblesdejardin.com\/it\/sedie-a-sdraio-e-riposo\/pacchetto-di-2-sdraio-bianche-in-alluminio-e-tessuto-ad-asciugatura-rapida-rena\/\">Pacchetto di 2 sdraio bianche in alluminio e tessuto ad asciugatura rapida &#8211; Rena<\/a><\/h3>\t\t\t\t<\/div>\n\t\t\t\t<\/div>\n\t\t\t\t<div class=\"elementor-element elementor-element-544acd9a elementor-widget__width-initial elementor-widget-mobile__width-inherit elementor-widget elementor-widget-woocommerce-product-price\" data-id=\"544acd9a\" data-element_type=\"widget\" data-e-type=\"widget\" data-widget_type=\"woocommerce-product-price.default\">\n\t\t\t\t<div class=\"elementor-widget-container\">\n\t\t\t\t\t<p class=\"price\"><span class=\"wcpbc-price wcpbc-price-216834\" data-product-id=\"216834\"><del aria-hidden=\"true\"><span class=\"woocommerce-Price-amount amount\"><bdi>759,00<span class=\"woocommerce-Price-currencySymbol\">&euro;<\/span><\/bdi><\/span><\/del> <span class=\"screen-reader-text\">Il prezzo originale era: 759,00&euro;.<\/span><ins aria-hidden=\"true\"><span class=\"woocommerce-Price-amount amount\"><bdi>639,00<span class=\"woocommerce-Price-currencySymbol\">&euro;<\/span><\/bdi><\/span><\/ins><span class=\"screen-reader-text\">Il prezzo attuale \u00e8: 639,00&euro;.<\/span><\/span><\/p>\n\t\t\t\t<\/div>\n\t\t\t\t<\/div>\n\t\t\t\t<\/div>\n\t\t\t\t\t<\/div>\n\t\t\t\t<\/div>\n\t\t\t\t<\/div>\n\t\t\t\t<div data-elementor-type=\"loop-item\" data-elementor-id=\"191975\" class=\"elementor elementor-191975 elementor-178577 elementor-178577 e-loop-item e-loop-item-216806 post-216806 product type-product status-publish has-post-thumbnail product_cat-lettini product_cat-sedie-a-sdraio-e-riposo  instock sale shipping-taxable purchasable product-type-simple add-to-wishlist-before_image\" wpc-filter-elementor-widget=\"1\" data-elementor-post-type=\"elementor_library\" data-custom-edit-handle=\"1\">\n\t\t\t<div class=\"elementor-element elementor-element-15d94ef8 e-flex e-con-boxed e-con e-parent\" data-id=\"15d94ef8\" data-element_type=\"container\" data-e-type=\"container\">\n\t\t\t\t\t<div class=\"e-con-inner\">\n\t\t<div class=\"elementor-element elementor-element-29e97a4 e-con-full e-flex e-con e-child\" data-id=\"29e97a4\" data-element_type=\"container\" data-e-type=\"container\">\n\t\t\t\t<div class=\"elementor-element elementor-element-8e6d9e7 elementor-widget elementor-widget-theme-post-featured-image elementor-widget-image\" data-id=\"8e6d9e7\" data-element_type=\"widget\" data-e-type=\"widget\" data-widget_type=\"theme-post-featured-image.default\">\n\t\t\t\t<div class=\"elementor-widget-container\">\n\t\t\t\t\t\t\t\t\t\t\t\t\t\t\t\t<a href=\"https:\/\/keramamueblesdejardin.com\/it\/sedie-a-sdraio-e-riposo\/sdraio-da-sole-in-alluminio-bianco-e-tessuto-beige-long-island\/\">\n\t\t\t\t\t\t\t<img decoding=\"async\" width=\"800\" height=\"800\" src=\"https:\/\/keramamueblesdejardin.com\/wp-content\/uploads\/2026\/04\/tumbona-long-island-blanco-y-beige-1024x1024.jpg\" class=\"attachment-large size-large wp-image-216803\" alt=\"\" srcset=\"https:\/\/keramamueblesdejardin.com\/wp-content\/uploads\/2026\/04\/tumbona-long-island-blanco-y-beige-1024x1024.jpg 1024w, https:\/\/keramamueblesdejardin.com\/wp-content\/uploads\/2026\/04\/tumbona-long-island-blanco-y-beige-300x300.jpg 300w, https:\/\/keramamueblesdejardin.com\/wp-content\/uploads\/2026\/04\/tumbona-long-island-blanco-y-beige-150x150.jpg 150w, https:\/\/keramamueblesdejardin.com\/wp-content\/uploads\/2026\/04\/tumbona-long-island-blanco-y-beige-768x768.jpg 768w, https:\/\/keramamueblesdejardin.com\/wp-content\/uploads\/2026\/04\/tumbona-long-island-blanco-y-beige-800x800.jpg 800w, https:\/\/keramamueblesdejardin.com\/wp-content\/uploads\/2026\/04\/tumbona-long-island-blanco-y-beige-100x100.jpg 100w, https:\/\/keramamueblesdejardin.com\/wp-content\/uploads\/2026\/04\/tumbona-long-island-blanco-y-beige-50x50.jpg 50w, https:\/\/keramamueblesdejardin.com\/wp-content\/uploads\/2026\/04\/tumbona-long-island-blanco-y-beige.jpg 1200w\" sizes=\"(max-width: 800px) 100vw, 800px\" \/>\t\t\t\t\t\t\t\t<\/a>\n\t\t\t\t\t\t\t\t\t\t\t\t\t\t\t<\/div>\n\t\t\t\t<\/div>\n\t\t\t\t<div class=\"elementor-element elementor-element-93c48c7 sale-label elementor-widget elementor-widget-html\" data-id=\"93c48c7\" data-element_type=\"widget\" data-e-type=\"widget\" data-widget_type=\"html.default\">\n\t\t\t\t<div class=\"elementor-widget-container\">\n\t\t\t\t\t-17%\t\t\t\t<\/div>\n\t\t\t\t<\/div>\n\t\t<div class=\"elementor-element elementor-element-8e6fdd1 e-con-full box-botones e-grid e-con e-child\" data-id=\"8e6fdd1\" data-element_type=\"container\" data-e-type=\"container\">\n\t\t\t\t<div class=\"elementor-element elementor-element-084823c elementor-align-justify btn-add-cart elementor-widget elementor-widget-button\" data-id=\"084823c\" data-element_type=\"widget\" data-e-type=\"widget\" data-widget_type=\"button.default\">\n\t\t\t\t<div class=\"elementor-widget-container\">\n\t\t\t\t\t\t\t\t\t<div class=\"elementor-button-wrapper\">\n\t\t\t\t\t<a class=\"elementor-button elementor-button-link elementor-size-sm\" href=\"https:\/\/keramamueblesdejardin.com\/it\/sedie-a-sdraio-e-riposo\/sdraio-da-sole-in-alluminio-bianco-e-tessuto-beige-long-island\/\">\n\t\t\t\t\t\t<span class=\"elementor-button-content-wrapper\">\n\t\t\t\t\t\t<span class=\"elementor-button-icon\">\n\t\t\t\t<svg xmlns=\"http:\/\/www.w3.org\/2000\/svg\" width=\"20\" height=\"23\" viewBox=\"0 0 20 23\" fill=\"none\"><path d=\"M2.01937 22.5C1.46 22.5 0.983542 22.3033 0.59 21.91C0.196667 21.5165 0 21.04 0 20.4806V7.01937C0 6.46 0.196667 5.98354 0.59 5.59C0.983542 5.19667 1.46 5 2.01937 5H5C5 3.60729 5.48521 2.42583 6.45562 1.45563C7.42583 0.485209 8.60729 0 10 0C11.3927 0 12.5742 0.485209 13.5444 1.45563C14.5148 2.42583 15 3.60729 15 5H17.9806C18.54 5 19.0165 5.19667 19.41 5.59C19.8033 5.98354 20 6.46 20 7.01937V20.4806C20 21.04 19.8033 21.5165 19.41 21.91C19.0165 22.3033 18.54 22.5 17.9806 22.5H2.01937ZM2.01937 21.25H17.9806C18.1731 21.25 18.3495 21.1699 18.5097 21.0097C18.6699 20.8495 18.75 20.6731 18.75 20.4806V7.01937C18.75 6.82687 18.6699 6.65052 18.5097 6.49031C18.3495 6.3301 18.1731 6.25 17.9806 6.25H2.01937C1.82687 6.25 1.65052 6.3301 1.49031 6.49031C1.3301 6.65052 1.25 6.82687 1.25 7.01937V20.4806C1.25 20.6731 1.3301 20.8495 1.49031 21.0097C1.65052 21.1699 1.82687 21.25 2.01937 21.25ZM10 12.5C11.3927 12.5 12.5742 12.0148 13.5444 11.0444C14.5148 10.0742 15 8.89271 15 7.5H13.75C13.75 8.54167 13.3854 9.42708 12.6562 10.1562C11.9271 10.8854 11.0417 11.25 10 11.25C8.95833 11.25 8.07292 10.8854 7.34375 10.1562C6.61458 9.42708 6.25 8.54167 6.25 7.5H5C5 8.89271 5.48521 10.0742 6.45562 11.0444C7.42583 12.0148 8.60729 12.5 10 12.5ZM6.25 5H13.75C13.75 3.95833 13.3854 3.07292 12.6562 2.34375C11.9271 1.61458 11.0417 1.25 10 1.25C8.95833 1.25 8.07292 1.61458 7.34375 2.34375C6.61458 3.07292 6.25 3.95833 6.25 5Z\" fill=\"#EEDFCD\"><\/path><\/svg>\t\t\t<\/span>\n\t\t\t\t\t\t\t\t\t<span class=\"elementor-button-text\">AGGIUNGI AL CARRELLO<\/span>\n\t\t\t\t\t<\/span>\n\t\t\t\t\t<\/a>\n\t\t\t\t<\/div>\n\t\t\t\t\t\t\t\t<\/div>\n\t\t\t\t<\/div>\n\t\t\t\t<div class=\"elementor-element elementor-element-490c284 btn-whishlist elementor-widget elementor-widget-html\" data-id=\"490c284\" data-element_type=\"widget\" data-e-type=\"widget\" data-widget_type=\"html.default\">\n\t\t\t\t<div class=\"elementor-widget-container\">\n\t\t\t\t\t\n<div\n\tclass=\"yith-wcwl-add-to-wishlist add-to-wishlist-216806 yith-wcwl-add-to-wishlist--button_default-style wishlist-fragment on-first-load\"\n\tdata-fragment-ref=\"216806\"\n\tdata-fragment-options=\"{&quot;base_url&quot;:&quot;&quot;,&quot;product_id&quot;:216806,&quot;parent_product_id&quot;:0,&quot;product_type&quot;:&quot;simple&quot;,&quot;is_single&quot;:false,&quot;in_default_wishlist&quot;:false,&quot;show_view&quot;:false,&quot;browse_wishlist_text&quot;:&quot;Echar un vistazo a la lista de deseos&quot;,&quot;already_in_wishslist_text&quot;:&quot;Il prodotto \\u00e8 gi\\u00e0 nella lista dei desideri&quot;,&quot;product_added_text&quot;:&quot;Prodotto aggiunto&quot;,&quot;available_multi_wishlist&quot;:false,&quot;disable_wishlist&quot;:false,&quot;show_count&quot;:false,&quot;ajax_loading&quot;:false,&quot;loop_position&quot;:&quot;before_image&quot;,&quot;item&quot;:&quot;add_to_wishlist&quot;}\"\n>\n\t\t\t\n\t\t\t<!-- ADD TO WISHLIST -->\n\t\t\t\n<div class=\"yith-wcwl-add-button\">\n\t\t<a\n\t\thref=\"?add_to_wishlist=216806&#038;_wpnonce=7bf8e9dac5\"\n\t\tclass=\"add_to_wishlist single_add_to_wishlist alt theme-button-style \"\n\t\tdata-product-id=\"216806\"\n\t\tdata-product-type=\"simple\"\n\t\tdata-original-product-id=\"0\"\n\t\tdata-title=\"Alla lista dei desideri\"\n\t\trel=\"nofollow\"\n\t>\n\t\t<svg id=\"yith-wcwl-icon-heart-outline\" class=\"yith-wcwl-icon-svg\" fill=\"none\" stroke-width=\"1.5\" stroke=\"currentColor\" viewBox=\"0 0 24 24\" xmlns=\"http:\/\/www.w3.org\/2000\/svg\">\n  <path stroke-linecap=\"round\" stroke-linejoin=\"round\" d=\"M21 8.25c0-2.485-2.099-4.5-4.688-4.5-1.935 0-3.597 1.126-4.312 2.733-.715-1.607-2.377-2.733-4.313-2.733C5.1 3.75 3 5.765 3 8.25c0 7.22 9 12 9 12s9-4.78 9-12Z\"><\/path>\n<\/svg>\t\t<span>Alla lista dei desideri<\/span>\n\t<\/a>\n<\/div>\n\n\t\t\t<!-- COUNT TEXT -->\n\t\t\t\n\t\t\t<\/div>\n\t\t\t\t<\/div>\n\t\t\t\t<\/div>\n\t\t\t\t<\/div>\n\t\t\t\t<\/div>\n\t\t<div class=\"elementor-element elementor-element-115495ef e-con-full e-flex e-con e-child\" data-id=\"115495ef\" data-element_type=\"container\" data-e-type=\"container\">\n\t\t\t\t<div class=\"elementor-element elementor-element-117381f5 elementor-widget__width-initial elementor-widget-mobile__width-inherit elementor-widget elementor-widget-heading\" data-id=\"117381f5\" data-element_type=\"widget\" data-e-type=\"widget\" data-widget_type=\"heading.default\">\n\t\t\t\t<div class=\"elementor-widget-container\">\n\t\t\t\t\t<h3 class=\"elementor-heading-title elementor-size-default\"><a href=\"https:\/\/keramamueblesdejardin.com\/it\/sedie-a-sdraio-e-riposo\/sdraio-da-sole-in-alluminio-bianco-e-tessuto-beige-long-island\/\">Set di 2 Sdraio da sole in alluminio bianco e tessuto beige &#8211; Long Island<\/a><\/h3>\t\t\t\t<\/div>\n\t\t\t\t<\/div>\n\t\t\t\t<div class=\"elementor-element elementor-element-544acd9a elementor-widget__width-initial elementor-widget-mobile__width-inherit elementor-widget elementor-widget-woocommerce-product-price\" data-id=\"544acd9a\" data-element_type=\"widget\" data-e-type=\"widget\" data-widget_type=\"woocommerce-product-price.default\">\n\t\t\t\t<div class=\"elementor-widget-container\">\n\t\t\t\t\t<p class=\"price\"><span class=\"wcpbc-price wcpbc-price-216806\" data-product-id=\"216806\"><del aria-hidden=\"true\"><span class=\"woocommerce-Price-amount amount\"><bdi>611,00<span class=\"woocommerce-Price-currencySymbol\">&euro;<\/span><\/bdi><\/span><\/del> <span class=\"screen-reader-text\">Il prezzo originale era: 611,00&euro;.<\/span><ins aria-hidden=\"true\"><span class=\"woocommerce-Price-amount amount\"><bdi>509,00<span class=\"woocommerce-Price-currencySymbol\">&euro;<\/span><\/bdi><\/span><\/ins><span class=\"screen-reader-text\">Il prezzo attuale \u00e8: 509,00&euro;.<\/span><\/span><\/p>\n\t\t\t\t<\/div>\n\t\t\t\t<\/div>\n\t\t\t\t<\/div>\n\t\t\t\t\t<\/div>\n\t\t\t\t<\/div>\n\t\t\t\t<\/div>\n\t\t\t\t<div data-elementor-type=\"loop-item\" data-elementor-id=\"191975\" class=\"elementor elementor-191975 elementor-178577 elementor-178577 e-loop-item e-loop-item-217801 post-217801 product type-product status-publish has-post-thumbnail product_cat-saloni-allaperto product_cat-set-da-giardino product_tag-delfi product_tag-legno product_tag-rattan-it product_shipping_class-envio-gratuito-it  instock sale purchasable product-type-simple add-to-wishlist-before_image\" wpc-filter-elementor-widget=\"1\" data-elementor-post-type=\"elementor_library\" data-custom-edit-handle=\"1\">\n\t\t\t<div class=\"elementor-element elementor-element-15d94ef8 e-flex e-con-boxed e-con e-parent\" data-id=\"15d94ef8\" data-element_type=\"container\" data-e-type=\"container\">\n\t\t\t\t\t<div class=\"e-con-inner\">\n\t\t<div class=\"elementor-element elementor-element-29e97a4 e-con-full e-flex e-con e-child\" data-id=\"29e97a4\" data-element_type=\"container\" data-e-type=\"container\">\n\t\t\t\t<div class=\"elementor-element elementor-element-8e6d9e7 elementor-widget elementor-widget-theme-post-featured-image elementor-widget-image\" data-id=\"8e6d9e7\" data-element_type=\"widget\" data-e-type=\"widget\" data-widget_type=\"theme-post-featured-image.default\">\n\t\t\t\t<div class=\"elementor-widget-container\">\n\t\t\t\t\t\t\t\t\t\t\t\t\t\t\t\t<a href=\"https:\/\/keramamueblesdejardin.com\/it\/saloni-allaperto\/set-da-giardino\/poltrona-da-giardino-con-legno-di-teak-e-poggipiedi-in-rattan-delfos\/\">\n\t\t\t\t\t\t\t<img decoding=\"async\" width=\"800\" height=\"800\" src=\"https:\/\/keramamueblesdejardin.com\/wp-content\/uploads\/2026\/01\/delfos-9-1024x1024.webp\" class=\"attachment-large size-large wp-image-217554\" alt=\"\" srcset=\"https:\/\/keramamueblesdejardin.com\/wp-content\/uploads\/2026\/01\/delfos-9-1024x1024.webp 1024w, https:\/\/keramamueblesdejardin.com\/wp-content\/uploads\/2026\/01\/delfos-9-300x300.webp 300w, https:\/\/keramamueblesdejardin.com\/wp-content\/uploads\/2026\/01\/delfos-9-150x150.webp 150w, https:\/\/keramamueblesdejardin.com\/wp-content\/uploads\/2026\/01\/delfos-9-768x768.webp 768w, https:\/\/keramamueblesdejardin.com\/wp-content\/uploads\/2026\/01\/delfos-9-800x800.webp 800w, https:\/\/keramamueblesdejardin.com\/wp-content\/uploads\/2026\/01\/delfos-9-100x100.webp 100w, https:\/\/keramamueblesdejardin.com\/wp-content\/uploads\/2026\/01\/delfos-9-50x50.webp 50w, https:\/\/keramamueblesdejardin.com\/wp-content\/uploads\/2026\/01\/delfos-9.webp 1200w\" sizes=\"(max-width: 800px) 100vw, 800px\" \/>\t\t\t\t\t\t\t\t<\/a>\n\t\t\t\t\t\t\t\t\t\t\t\t\t\t\t<\/div>\n\t\t\t\t<\/div>\n\t\t\t\t<div class=\"elementor-element elementor-element-93c48c7 sale-label elementor-widget elementor-widget-html\" data-id=\"93c48c7\" data-element_type=\"widget\" data-e-type=\"widget\" data-widget_type=\"html.default\">\n\t\t\t\t<div class=\"elementor-widget-container\">\n\t\t\t\t\t-10%\t\t\t\t<\/div>\n\t\t\t\t<\/div>\n\t\t<div class=\"elementor-element elementor-element-8e6fdd1 e-con-full box-botones e-grid e-con e-child\" data-id=\"8e6fdd1\" data-element_type=\"container\" data-e-type=\"container\">\n\t\t\t\t<div class=\"elementor-element elementor-element-084823c elementor-align-justify btn-add-cart elementor-widget elementor-widget-button\" data-id=\"084823c\" data-element_type=\"widget\" data-e-type=\"widget\" data-widget_type=\"button.default\">\n\t\t\t\t<div class=\"elementor-widget-container\">\n\t\t\t\t\t\t\t\t\t<div class=\"elementor-button-wrapper\">\n\t\t\t\t\t<a class=\"elementor-button elementor-button-link elementor-size-sm\" href=\"https:\/\/keramamueblesdejardin.com\/it\/saloni-allaperto\/set-da-giardino\/poltrona-da-giardino-con-legno-di-teak-e-poggipiedi-in-rattan-delfos\/\">\n\t\t\t\t\t\t<span class=\"elementor-button-content-wrapper\">\n\t\t\t\t\t\t<span class=\"elementor-button-icon\">\n\t\t\t\t<svg xmlns=\"http:\/\/www.w3.org\/2000\/svg\" width=\"20\" height=\"23\" viewBox=\"0 0 20 23\" fill=\"none\"><path d=\"M2.01937 22.5C1.46 22.5 0.983542 22.3033 0.59 21.91C0.196667 21.5165 0 21.04 0 20.4806V7.01937C0 6.46 0.196667 5.98354 0.59 5.59C0.983542 5.19667 1.46 5 2.01937 5H5C5 3.60729 5.48521 2.42583 6.45562 1.45563C7.42583 0.485209 8.60729 0 10 0C11.3927 0 12.5742 0.485209 13.5444 1.45563C14.5148 2.42583 15 3.60729 15 5H17.9806C18.54 5 19.0165 5.19667 19.41 5.59C19.8033 5.98354 20 6.46 20 7.01937V20.4806C20 21.04 19.8033 21.5165 19.41 21.91C19.0165 22.3033 18.54 22.5 17.9806 22.5H2.01937ZM2.01937 21.25H17.9806C18.1731 21.25 18.3495 21.1699 18.5097 21.0097C18.6699 20.8495 18.75 20.6731 18.75 20.4806V7.01937C18.75 6.82687 18.6699 6.65052 18.5097 6.49031C18.3495 6.3301 18.1731 6.25 17.9806 6.25H2.01937C1.82687 6.25 1.65052 6.3301 1.49031 6.49031C1.3301 6.65052 1.25 6.82687 1.25 7.01937V20.4806C1.25 20.6731 1.3301 20.8495 1.49031 21.0097C1.65052 21.1699 1.82687 21.25 2.01937 21.25ZM10 12.5C11.3927 12.5 12.5742 12.0148 13.5444 11.0444C14.5148 10.0742 15 8.89271 15 7.5H13.75C13.75 8.54167 13.3854 9.42708 12.6562 10.1562C11.9271 10.8854 11.0417 11.25 10 11.25C8.95833 11.25 8.07292 10.8854 7.34375 10.1562C6.61458 9.42708 6.25 8.54167 6.25 7.5H5C5 8.89271 5.48521 10.0742 6.45562 11.0444C7.42583 12.0148 8.60729 12.5 10 12.5ZM6.25 5H13.75C13.75 3.95833 13.3854 3.07292 12.6562 2.34375C11.9271 1.61458 11.0417 1.25 10 1.25C8.95833 1.25 8.07292 1.61458 7.34375 2.34375C6.61458 3.07292 6.25 3.95833 6.25 5Z\" fill=\"#EEDFCD\"><\/path><\/svg>\t\t\t<\/span>\n\t\t\t\t\t\t\t\t\t<span class=\"elementor-button-text\">AGGIUNGI AL CARRELLO<\/span>\n\t\t\t\t\t<\/span>\n\t\t\t\t\t<\/a>\n\t\t\t\t<\/div>\n\t\t\t\t\t\t\t\t<\/div>\n\t\t\t\t<\/div>\n\t\t\t\t<div class=\"elementor-element elementor-element-490c284 btn-whishlist elementor-widget elementor-widget-html\" data-id=\"490c284\" data-element_type=\"widget\" data-e-type=\"widget\" data-widget_type=\"html.default\">\n\t\t\t\t<div class=\"elementor-widget-container\">\n\t\t\t\t\t\n<div\n\tclass=\"yith-wcwl-add-to-wishlist add-to-wishlist-217801 yith-wcwl-add-to-wishlist--button_default-style wishlist-fragment on-first-load\"\n\tdata-fragment-ref=\"217801\"\n\tdata-fragment-options=\"{&quot;base_url&quot;:&quot;&quot;,&quot;product_id&quot;:217801,&quot;parent_product_id&quot;:0,&quot;product_type&quot;:&quot;simple&quot;,&quot;is_single&quot;:false,&quot;in_default_wishlist&quot;:false,&quot;show_view&quot;:false,&quot;browse_wishlist_text&quot;:&quot;Echar un vistazo a la lista de deseos&quot;,&quot;already_in_wishslist_text&quot;:&quot;Il prodotto \\u00e8 gi\\u00e0 nella lista dei desideri&quot;,&quot;product_added_text&quot;:&quot;Prodotto aggiunto&quot;,&quot;available_multi_wishlist&quot;:false,&quot;disable_wishlist&quot;:false,&quot;show_count&quot;:false,&quot;ajax_loading&quot;:false,&quot;loop_position&quot;:&quot;before_image&quot;,&quot;item&quot;:&quot;add_to_wishlist&quot;}\"\n>\n\t\t\t\n\t\t\t<!-- ADD TO WISHLIST -->\n\t\t\t\n<div class=\"yith-wcwl-add-button\">\n\t\t<a\n\t\thref=\"?add_to_wishlist=217801&#038;_wpnonce=7bf8e9dac5\"\n\t\tclass=\"add_to_wishlist single_add_to_wishlist alt theme-button-style \"\n\t\tdata-product-id=\"217801\"\n\t\tdata-product-type=\"simple\"\n\t\tdata-original-product-id=\"0\"\n\t\tdata-title=\"Alla lista dei desideri\"\n\t\trel=\"nofollow\"\n\t>\n\t\t<svg id=\"yith-wcwl-icon-heart-outline\" class=\"yith-wcwl-icon-svg\" fill=\"none\" stroke-width=\"1.5\" stroke=\"currentColor\" viewBox=\"0 0 24 24\" xmlns=\"http:\/\/www.w3.org\/2000\/svg\">\n  <path stroke-linecap=\"round\" stroke-linejoin=\"round\" d=\"M21 8.25c0-2.485-2.099-4.5-4.688-4.5-1.935 0-3.597 1.126-4.312 2.733-.715-1.607-2.377-2.733-4.313-2.733C5.1 3.75 3 5.765 3 8.25c0 7.22 9 12 9 12s9-4.78 9-12Z\"><\/path>\n<\/svg>\t\t<span>Alla lista dei desideri<\/span>\n\t<\/a>\n<\/div>\n\n\t\t\t<!-- COUNT TEXT -->\n\t\t\t\n\t\t\t<\/div>\n\t\t\t\t<\/div>\n\t\t\t\t<\/div>\n\t\t\t\t<\/div>\n\t\t\t\t<\/div>\n\t\t<div class=\"elementor-element elementor-element-115495ef e-con-full e-flex e-con e-child\" data-id=\"115495ef\" data-element_type=\"container\" data-e-type=\"container\">\n\t\t\t\t<div class=\"elementor-element elementor-element-117381f5 elementor-widget__width-initial elementor-widget-mobile__width-inherit elementor-widget elementor-widget-heading\" data-id=\"117381f5\" data-element_type=\"widget\" data-e-type=\"widget\" data-widget_type=\"heading.default\">\n\t\t\t\t<div class=\"elementor-widget-container\">\n\t\t\t\t\t<h3 class=\"elementor-heading-title elementor-size-default\"><a href=\"https:\/\/keramamueblesdejardin.com\/it\/saloni-allaperto\/set-da-giardino\/poltrona-da-giardino-con-legno-di-teak-e-poggipiedi-in-rattan-delfos\/\">Poltrona da giardino con legno di teak e poggipiedi in rattan &#8211; Delfos<\/a><\/h3>\t\t\t\t<\/div>\n\t\t\t\t<\/div>\n\t\t\t\t<div class=\"elementor-element elementor-element-544acd9a elementor-widget__width-initial elementor-widget-mobile__width-inherit elementor-widget elementor-widget-woocommerce-product-price\" data-id=\"544acd9a\" data-element_type=\"widget\" data-e-type=\"widget\" data-widget_type=\"woocommerce-product-price.default\">\n\t\t\t\t<div class=\"elementor-widget-container\">\n\t\t\t\t\t<p class=\"price\"><span class=\"wcpbc-price wcpbc-price-217801\" data-product-id=\"217801\"><del aria-hidden=\"true\"><span class=\"woocommerce-Price-amount amount\"><bdi>1.298,00<span class=\"woocommerce-Price-currencySymbol\">&euro;<\/span><\/bdi><\/span><\/del> <span class=\"screen-reader-text\">Il prezzo originale era: 1.298,00&euro;.<\/span><ins aria-hidden=\"true\"><span class=\"woocommerce-Price-amount amount\"><bdi>1.169,00<span class=\"woocommerce-Price-currencySymbol\">&euro;<\/span><\/bdi><\/span><\/ins><span class=\"screen-reader-text\">Il prezzo attuale \u00e8: 1.169,00&euro;.<\/span><\/span><\/p>\n\t\t\t\t<\/div>\n\t\t\t\t<\/div>\n\t\t\t\t<\/div>\n\t\t\t\t\t<\/div>\n\t\t\t\t<\/div>\n\t\t\t\t<\/div>\n\t\t\t\t<div data-elementor-type=\"loop-item\" data-elementor-id=\"191975\" class=\"elementor elementor-191975 elementor-178577 elementor-178577 e-loop-item e-loop-item-217800 post-217800 product type-product status-publish has-post-thumbnail product_cat-lettini product_cat-sedie-a-sdraio-e-riposo product_tag-delfi product_tag-legno product_tag-rattan-it product_shipping_class-envio-gratuito-it last instock sale purchasable product-type-simple add-to-wishlist-before_image\" wpc-filter-elementor-widget=\"1\" data-elementor-post-type=\"elementor_library\" data-custom-edit-handle=\"1\">\n\t\t\t<div class=\"elementor-element elementor-element-15d94ef8 e-flex e-con-boxed e-con e-parent\" data-id=\"15d94ef8\" data-element_type=\"container\" data-e-type=\"container\">\n\t\t\t\t\t<div class=\"e-con-inner\">\n\t\t<div class=\"elementor-element elementor-element-29e97a4 e-con-full e-flex e-con e-child\" data-id=\"29e97a4\" data-element_type=\"container\" data-e-type=\"container\">\n\t\t\t\t<div class=\"elementor-element elementor-element-8e6d9e7 elementor-widget elementor-widget-theme-post-featured-image elementor-widget-image\" data-id=\"8e6d9e7\" data-element_type=\"widget\" data-e-type=\"widget\" data-widget_type=\"theme-post-featured-image.default\">\n\t\t\t\t<div class=\"elementor-widget-container\">\n\t\t\t\t\t\t\t\t\t\t\t\t\t\t\t\t<a href=\"https:\/\/keramamueblesdejardin.com\/it\/sedie-a-sdraio-e-riposo\/lettini\/set-di-2-sdraioline-in-teak-e-rattan-e-tavolino-delfos\/\">\n\t\t\t\t\t\t\t<img loading=\"lazy\" decoding=\"async\" width=\"800\" height=\"800\" src=\"https:\/\/keramamueblesdejardin.com\/wp-content\/uploads\/2026\/01\/delfos-3-1024x1024.webp\" class=\"attachment-large size-large wp-image-217518\" alt=\"\" srcset=\"https:\/\/keramamueblesdejardin.com\/wp-content\/uploads\/2026\/01\/delfos-3-1024x1024.webp 1024w, https:\/\/keramamueblesdejardin.com\/wp-content\/uploads\/2026\/01\/delfos-3-300x300.webp 300w, https:\/\/keramamueblesdejardin.com\/wp-content\/uploads\/2026\/01\/delfos-3-150x150.webp 150w, https:\/\/keramamueblesdejardin.com\/wp-content\/uploads\/2026\/01\/delfos-3-768x768.webp 768w, https:\/\/keramamueblesdejardin.com\/wp-content\/uploads\/2026\/01\/delfos-3-800x800.webp 800w, https:\/\/keramamueblesdejardin.com\/wp-content\/uploads\/2026\/01\/delfos-3-100x100.webp 100w, https:\/\/keramamueblesdejardin.com\/wp-content\/uploads\/2026\/01\/delfos-3-50x50.webp 50w, https:\/\/keramamueblesdejardin.com\/wp-content\/uploads\/2026\/01\/delfos-3.webp 1200w\" sizes=\"(max-width: 800px) 100vw, 800px\" \/>\t\t\t\t\t\t\t\t<\/a>\n\t\t\t\t\t\t\t\t\t\t\t\t\t\t\t<\/div>\n\t\t\t\t<\/div>\n\t\t\t\t<div class=\"elementor-element elementor-element-93c48c7 sale-label elementor-widget elementor-widget-html\" data-id=\"93c48c7\" data-element_type=\"widget\" data-e-type=\"widget\" data-widget_type=\"html.default\">\n\t\t\t\t<div class=\"elementor-widget-container\">\n\t\t\t\t\t-9%\t\t\t\t<\/div>\n\t\t\t\t<\/div>\n\t\t<div class=\"elementor-element elementor-element-8e6fdd1 e-con-full box-botones e-grid e-con e-child\" data-id=\"8e6fdd1\" data-element_type=\"container\" data-e-type=\"container\">\n\t\t\t\t<div class=\"elementor-element elementor-element-084823c elementor-align-justify btn-add-cart elementor-widget elementor-widget-button\" data-id=\"084823c\" data-element_type=\"widget\" data-e-type=\"widget\" data-widget_type=\"button.default\">\n\t\t\t\t<div class=\"elementor-widget-container\">\n\t\t\t\t\t\t\t\t\t<div class=\"elementor-button-wrapper\">\n\t\t\t\t\t<a class=\"elementor-button elementor-button-link elementor-size-sm\" href=\"https:\/\/keramamueblesdejardin.com\/it\/sedie-a-sdraio-e-riposo\/lettini\/set-di-2-sdraioline-in-teak-e-rattan-e-tavolino-delfos\/\">\n\t\t\t\t\t\t<span class=\"elementor-button-content-wrapper\">\n\t\t\t\t\t\t<span class=\"elementor-button-icon\">\n\t\t\t\t<svg xmlns=\"http:\/\/www.w3.org\/2000\/svg\" width=\"20\" height=\"23\" viewBox=\"0 0 20 23\" fill=\"none\"><path d=\"M2.01937 22.5C1.46 22.5 0.983542 22.3033 0.59 21.91C0.196667 21.5165 0 21.04 0 20.4806V7.01937C0 6.46 0.196667 5.98354 0.59 5.59C0.983542 5.19667 1.46 5 2.01937 5H5C5 3.60729 5.48521 2.42583 6.45562 1.45563C7.42583 0.485209 8.60729 0 10 0C11.3927 0 12.5742 0.485209 13.5444 1.45563C14.5148 2.42583 15 3.60729 15 5H17.9806C18.54 5 19.0165 5.19667 19.41 5.59C19.8033 5.98354 20 6.46 20 7.01937V20.4806C20 21.04 19.8033 21.5165 19.41 21.91C19.0165 22.3033 18.54 22.5 17.9806 22.5H2.01937ZM2.01937 21.25H17.9806C18.1731 21.25 18.3495 21.1699 18.5097 21.0097C18.6699 20.8495 18.75 20.6731 18.75 20.4806V7.01937C18.75 6.82687 18.6699 6.65052 18.5097 6.49031C18.3495 6.3301 18.1731 6.25 17.9806 6.25H2.01937C1.82687 6.25 1.65052 6.3301 1.49031 6.49031C1.3301 6.65052 1.25 6.82687 1.25 7.01937V20.4806C1.25 20.6731 1.3301 20.8495 1.49031 21.0097C1.65052 21.1699 1.82687 21.25 2.01937 21.25ZM10 12.5C11.3927 12.5 12.5742 12.0148 13.5444 11.0444C14.5148 10.0742 15 8.89271 15 7.5H13.75C13.75 8.54167 13.3854 9.42708 12.6562 10.1562C11.9271 10.8854 11.0417 11.25 10 11.25C8.95833 11.25 8.07292 10.8854 7.34375 10.1562C6.61458 9.42708 6.25 8.54167 6.25 7.5H5C5 8.89271 5.48521 10.0742 6.45562 11.0444C7.42583 12.0148 8.60729 12.5 10 12.5ZM6.25 5H13.75C13.75 3.95833 13.3854 3.07292 12.6562 2.34375C11.9271 1.61458 11.0417 1.25 10 1.25C8.95833 1.25 8.07292 1.61458 7.34375 2.34375C6.61458 3.07292 6.25 3.95833 6.25 5Z\" fill=\"#EEDFCD\"><\/path><\/svg>\t\t\t<\/span>\n\t\t\t\t\t\t\t\t\t<span class=\"elementor-button-text\">AGGIUNGI AL CARRELLO<\/span>\n\t\t\t\t\t<\/span>\n\t\t\t\t\t<\/a>\n\t\t\t\t<\/div>\n\t\t\t\t\t\t\t\t<\/div>\n\t\t\t\t<\/div>\n\t\t\t\t<div class=\"elementor-element elementor-element-490c284 btn-whishlist elementor-widget elementor-widget-html\" data-id=\"490c284\" data-element_type=\"widget\" data-e-type=\"widget\" data-widget_type=\"html.default\">\n\t\t\t\t<div class=\"elementor-widget-container\">\n\t\t\t\t\t\n<div\n\tclass=\"yith-wcwl-add-to-wishlist add-to-wishlist-217800 yith-wcwl-add-to-wishlist--button_default-style wishlist-fragment on-first-load\"\n\tdata-fragment-ref=\"217800\"\n\tdata-fragment-options=\"{&quot;base_url&quot;:&quot;&quot;,&quot;product_id&quot;:217800,&quot;parent_product_id&quot;:0,&quot;product_type&quot;:&quot;simple&quot;,&quot;is_single&quot;:false,&quot;in_default_wishlist&quot;:false,&quot;show_view&quot;:false,&quot;browse_wishlist_text&quot;:&quot;Echar un vistazo a la lista de deseos&quot;,&quot;already_in_wishslist_text&quot;:&quot;Il prodotto \\u00e8 gi\\u00e0 nella lista dei desideri&quot;,&quot;product_added_text&quot;:&quot;Prodotto aggiunto&quot;,&quot;available_multi_wishlist&quot;:false,&quot;disable_wishlist&quot;:false,&quot;show_count&quot;:false,&quot;ajax_loading&quot;:false,&quot;loop_position&quot;:&quot;before_image&quot;,&quot;item&quot;:&quot;add_to_wishlist&quot;}\"\n>\n\t\t\t\n\t\t\t<!-- ADD TO WISHLIST -->\n\t\t\t\n<div class=\"yith-wcwl-add-button\">\n\t\t<a\n\t\thref=\"?add_to_wishlist=217800&#038;_wpnonce=7bf8e9dac5\"\n\t\tclass=\"add_to_wishlist single_add_to_wishlist alt theme-button-style \"\n\t\tdata-product-id=\"217800\"\n\t\tdata-product-type=\"simple\"\n\t\tdata-original-product-id=\"0\"\n\t\tdata-title=\"Alla lista dei desideri\"\n\t\trel=\"nofollow\"\n\t>\n\t\t<svg id=\"yith-wcwl-icon-heart-outline\" class=\"yith-wcwl-icon-svg\" fill=\"none\" stroke-width=\"1.5\" stroke=\"currentColor\" viewBox=\"0 0 24 24\" xmlns=\"http:\/\/www.w3.org\/2000\/svg\">\n  <path stroke-linecap=\"round\" stroke-linejoin=\"round\" d=\"M21 8.25c0-2.485-2.099-4.5-4.688-4.5-1.935 0-3.597 1.126-4.312 2.733-.715-1.607-2.377-2.733-4.313-2.733C5.1 3.75 3 5.765 3 8.25c0 7.22 9 12 9 12s9-4.78 9-12Z\"><\/path>\n<\/svg>\t\t<span>Alla lista dei desideri<\/span>\n\t<\/a>\n<\/div>\n\n\t\t\t<!-- COUNT TEXT -->\n\t\t\t\n\t\t\t<\/div>\n\t\t\t\t<\/div>\n\t\t\t\t<\/div>\n\t\t\t\t<\/div>\n\t\t\t\t<\/div>\n\t\t<div class=\"elementor-element elementor-element-115495ef e-con-full e-flex e-con e-child\" data-id=\"115495ef\" data-element_type=\"container\" data-e-type=\"container\">\n\t\t\t\t<div class=\"elementor-element elementor-element-117381f5 elementor-widget__width-initial elementor-widget-mobile__width-inherit elementor-widget elementor-widget-heading\" data-id=\"117381f5\" data-element_type=\"widget\" data-e-type=\"widget\" data-widget_type=\"heading.default\">\n\t\t\t\t<div class=\"elementor-widget-container\">\n\t\t\t\t\t<h3 class=\"elementor-heading-title elementor-size-default\"><a href=\"https:\/\/keramamueblesdejardin.com\/it\/sedie-a-sdraio-e-riposo\/lettini\/set-di-2-sdraioline-in-teak-e-rattan-e-tavolino-delfos\/\">Set di 2 sdraioline in teak e rattan e tavolino &#8211; Delfos<\/a><\/h3>\t\t\t\t<\/div>\n\t\t\t\t<\/div>\n\t\t\t\t<div class=\"elementor-element elementor-element-544acd9a elementor-widget__width-initial elementor-widget-mobile__width-inherit elementor-widget elementor-widget-woocommerce-product-price\" data-id=\"544acd9a\" data-element_type=\"widget\" data-e-type=\"widget\" data-widget_type=\"woocommerce-product-price.default\">\n\t\t\t\t<div class=\"elementor-widget-container\">\n\t\t\t\t\t<p class=\"price\"><span class=\"wcpbc-price wcpbc-price-217800\" data-product-id=\"217800\"><del aria-hidden=\"true\"><span class=\"woocommerce-Price-amount amount\"><bdi>3.295,00<span class=\"woocommerce-Price-currencySymbol\">&euro;<\/span><\/bdi><\/span><\/del> <span class=\"screen-reader-text\">Il prezzo originale era: 3.295,00&euro;.<\/span><ins aria-hidden=\"true\"><span class=\"woocommerce-Price-amount amount\"><bdi>2.999,00<span class=\"woocommerce-Price-currencySymbol\">&euro;<\/span><\/bdi><\/span><\/ins><span class=\"screen-reader-text\">Il prezzo attuale \u00e8: 2.999,00&euro;.<\/span><\/span><\/p>\n\t\t\t\t<\/div>\n\t\t\t\t<\/div>\n\t\t\t\t<\/div>\n\t\t\t\t\t<\/div>\n\t\t\t\t<\/div>\n\t\t\t\t<\/div>\n\t\t\t\t<div data-elementor-type=\"loop-item\" data-elementor-id=\"191975\" class=\"elementor elementor-191975 elementor-178577 elementor-178577 e-loop-item e-loop-item-217771 post-217771 product type-product status-publish has-post-thumbnail product_cat-saloni-allaperto product_cat-set-da-giardino product_tag-delfi product_tag-legno product_tag-rattan-it product_shipping_class-envio-gratuito-it first instock sale purchasable product-type-simple add-to-wishlist-before_image\" wpc-filter-elementor-widget=\"1\" data-elementor-post-type=\"elementor_library\" data-custom-edit-handle=\"1\">\n\t\t\t<div class=\"elementor-element elementor-element-15d94ef8 e-flex e-con-boxed e-con e-parent\" data-id=\"15d94ef8\" data-element_type=\"container\" data-e-type=\"container\">\n\t\t\t\t\t<div class=\"e-con-inner\">\n\t\t<div class=\"elementor-element elementor-element-29e97a4 e-con-full e-flex e-con e-child\" data-id=\"29e97a4\" data-element_type=\"container\" data-e-type=\"container\">\n\t\t\t\t<div class=\"elementor-element elementor-element-8e6d9e7 elementor-widget elementor-widget-theme-post-featured-image elementor-widget-image\" data-id=\"8e6d9e7\" data-element_type=\"widget\" data-e-type=\"widget\" data-widget_type=\"theme-post-featured-image.default\">\n\t\t\t\t<div class=\"elementor-widget-container\">\n\t\t\t\t\t\t\t\t\t\t\t\t\t\t\t\t<a href=\"https:\/\/keramamueblesdejardin.com\/it\/saloni-allaperto\/set-da-giardino\/set-2-poltrone-con-2-poggipiedi-e-tavolino-laterale-in-teak-e-rattan-delfos\/\">\n\t\t\t\t\t\t\t<img loading=\"lazy\" decoding=\"async\" width=\"800\" height=\"800\" src=\"https:\/\/keramamueblesdejardin.com\/wp-content\/uploads\/2026\/01\/delfos-1024x1024.webp\" class=\"attachment-large size-large wp-image-217506\" alt=\"\" srcset=\"https:\/\/keramamueblesdejardin.com\/wp-content\/uploads\/2026\/01\/delfos-1024x1024.webp 1024w, https:\/\/keramamueblesdejardin.com\/wp-content\/uploads\/2026\/01\/delfos-300x300.webp 300w, https:\/\/keramamueblesdejardin.com\/wp-content\/uploads\/2026\/01\/delfos-150x150.webp 150w, https:\/\/keramamueblesdejardin.com\/wp-content\/uploads\/2026\/01\/delfos-768x768.webp 768w, https:\/\/keramamueblesdejardin.com\/wp-content\/uploads\/2026\/01\/delfos-800x800.webp 800w, https:\/\/keramamueblesdejardin.com\/wp-content\/uploads\/2026\/01\/delfos-100x100.webp 100w, https:\/\/keramamueblesdejardin.com\/wp-content\/uploads\/2026\/01\/delfos-50x50.webp 50w, https:\/\/keramamueblesdejardin.com\/wp-content\/uploads\/2026\/01\/delfos.webp 1200w\" sizes=\"(max-width: 800px) 100vw, 800px\" \/>\t\t\t\t\t\t\t\t<\/a>\n\t\t\t\t\t\t\t\t\t\t\t\t\t\t\t<\/div>\n\t\t\t\t<\/div>\n\t\t\t\t<div class=\"elementor-element elementor-element-93c48c7 sale-label elementor-widget elementor-widget-html\" data-id=\"93c48c7\" data-element_type=\"widget\" data-e-type=\"widget\" data-widget_type=\"html.default\">\n\t\t\t\t<div class=\"elementor-widget-container\">\n\t\t\t\t\t-8%\t\t\t\t<\/div>\n\t\t\t\t<\/div>\n\t\t<div class=\"elementor-element elementor-element-8e6fdd1 e-con-full box-botones e-grid e-con e-child\" data-id=\"8e6fdd1\" data-element_type=\"container\" data-e-type=\"container\">\n\t\t\t\t<div class=\"elementor-element elementor-element-084823c elementor-align-justify btn-add-cart elementor-widget elementor-widget-button\" data-id=\"084823c\" data-element_type=\"widget\" data-e-type=\"widget\" data-widget_type=\"button.default\">\n\t\t\t\t<div class=\"elementor-widget-container\">\n\t\t\t\t\t\t\t\t\t<div class=\"elementor-button-wrapper\">\n\t\t\t\t\t<a class=\"elementor-button elementor-button-link elementor-size-sm\" href=\"https:\/\/keramamueblesdejardin.com\/it\/saloni-allaperto\/set-da-giardino\/set-2-poltrone-con-2-poggipiedi-e-tavolino-laterale-in-teak-e-rattan-delfos\/\">\n\t\t\t\t\t\t<span class=\"elementor-button-content-wrapper\">\n\t\t\t\t\t\t<span class=\"elementor-button-icon\">\n\t\t\t\t<svg xmlns=\"http:\/\/www.w3.org\/2000\/svg\" width=\"20\" height=\"23\" viewBox=\"0 0 20 23\" fill=\"none\"><path d=\"M2.01937 22.5C1.46 22.5 0.983542 22.3033 0.59 21.91C0.196667 21.5165 0 21.04 0 20.4806V7.01937C0 6.46 0.196667 5.98354 0.59 5.59C0.983542 5.19667 1.46 5 2.01937 5H5C5 3.60729 5.48521 2.42583 6.45562 1.45563C7.42583 0.485209 8.60729 0 10 0C11.3927 0 12.5742 0.485209 13.5444 1.45563C14.5148 2.42583 15 3.60729 15 5H17.9806C18.54 5 19.0165 5.19667 19.41 5.59C19.8033 5.98354 20 6.46 20 7.01937V20.4806C20 21.04 19.8033 21.5165 19.41 21.91C19.0165 22.3033 18.54 22.5 17.9806 22.5H2.01937ZM2.01937 21.25H17.9806C18.1731 21.25 18.3495 21.1699 18.5097 21.0097C18.6699 20.8495 18.75 20.6731 18.75 20.4806V7.01937C18.75 6.82687 18.6699 6.65052 18.5097 6.49031C18.3495 6.3301 18.1731 6.25 17.9806 6.25H2.01937C1.82687 6.25 1.65052 6.3301 1.49031 6.49031C1.3301 6.65052 1.25 6.82687 1.25 7.01937V20.4806C1.25 20.6731 1.3301 20.8495 1.49031 21.0097C1.65052 21.1699 1.82687 21.25 2.01937 21.25ZM10 12.5C11.3927 12.5 12.5742 12.0148 13.5444 11.0444C14.5148 10.0742 15 8.89271 15 7.5H13.75C13.75 8.54167 13.3854 9.42708 12.6562 10.1562C11.9271 10.8854 11.0417 11.25 10 11.25C8.95833 11.25 8.07292 10.8854 7.34375 10.1562C6.61458 9.42708 6.25 8.54167 6.25 7.5H5C5 8.89271 5.48521 10.0742 6.45562 11.0444C7.42583 12.0148 8.60729 12.5 10 12.5ZM6.25 5H13.75C13.75 3.95833 13.3854 3.07292 12.6562 2.34375C11.9271 1.61458 11.0417 1.25 10 1.25C8.95833 1.25 8.07292 1.61458 7.34375 2.34375C6.61458 3.07292 6.25 3.95833 6.25 5Z\" fill=\"#EEDFCD\"><\/path><\/svg>\t\t\t<\/span>\n\t\t\t\t\t\t\t\t\t<span class=\"elementor-button-text\">AGGIUNGI AL CARRELLO<\/span>\n\t\t\t\t\t<\/span>\n\t\t\t\t\t<\/a>\n\t\t\t\t<\/div>\n\t\t\t\t\t\t\t\t<\/div>\n\t\t\t\t<\/div>\n\t\t\t\t<div class=\"elementor-element elementor-element-490c284 btn-whishlist elementor-widget elementor-widget-html\" data-id=\"490c284\" data-element_type=\"widget\" data-e-type=\"widget\" data-widget_type=\"html.default\">\n\t\t\t\t<div class=\"elementor-widget-container\">\n\t\t\t\t\t\n<div\n\tclass=\"yith-wcwl-add-to-wishlist add-to-wishlist-217771 yith-wcwl-add-to-wishlist--button_default-style wishlist-fragment on-first-load\"\n\tdata-fragment-ref=\"217771\"\n\tdata-fragment-options=\"{&quot;base_url&quot;:&quot;&quot;,&quot;product_id&quot;:217771,&quot;parent_product_id&quot;:0,&quot;product_type&quot;:&quot;simple&quot;,&quot;is_single&quot;:false,&quot;in_default_wishlist&quot;:false,&quot;show_view&quot;:false,&quot;browse_wishlist_text&quot;:&quot;Echar un vistazo a la lista de deseos&quot;,&quot;already_in_wishslist_text&quot;:&quot;Il prodotto \\u00e8 gi\\u00e0 nella lista dei desideri&quot;,&quot;product_added_text&quot;:&quot;Prodotto aggiunto&quot;,&quot;available_multi_wishlist&quot;:false,&quot;disable_wishlist&quot;:false,&quot;show_count&quot;:false,&quot;ajax_loading&quot;:false,&quot;loop_position&quot;:&quot;before_image&quot;,&quot;item&quot;:&quot;add_to_wishlist&quot;}\"\n>\n\t\t\t\n\t\t\t<!-- ADD TO WISHLIST -->\n\t\t\t\n<div class=\"yith-wcwl-add-button\">\n\t\t<a\n\t\thref=\"?add_to_wishlist=217771&#038;_wpnonce=7bf8e9dac5\"\n\t\tclass=\"add_to_wishlist single_add_to_wishlist alt theme-button-style \"\n\t\tdata-product-id=\"217771\"\n\t\tdata-product-type=\"simple\"\n\t\tdata-original-product-id=\"0\"\n\t\tdata-title=\"Alla lista dei desideri\"\n\t\trel=\"nofollow\"\n\t>\n\t\t<svg id=\"yith-wcwl-icon-heart-outline\" class=\"yith-wcwl-icon-svg\" fill=\"none\" stroke-width=\"1.5\" stroke=\"currentColor\" viewBox=\"0 0 24 24\" xmlns=\"http:\/\/www.w3.org\/2000\/svg\">\n  <path stroke-linecap=\"round\" stroke-linejoin=\"round\" d=\"M21 8.25c0-2.485-2.099-4.5-4.688-4.5-1.935 0-3.597 1.126-4.312 2.733-.715-1.607-2.377-2.733-4.313-2.733C5.1 3.75 3 5.765 3 8.25c0 7.22 9 12 9 12s9-4.78 9-12Z\"><\/path>\n<\/svg>\t\t<span>Alla lista dei desideri<\/span>\n\t<\/a>\n<\/div>\n\n\t\t\t<!-- COUNT TEXT -->\n\t\t\t\n\t\t\t<\/div>\n\t\t\t\t<\/div>\n\t\t\t\t<\/div>\n\t\t\t\t<\/div>\n\t\t\t\t<\/div>\n\t\t<div class=\"elementor-element elementor-element-115495ef e-con-full e-flex e-con e-child\" data-id=\"115495ef\" data-element_type=\"container\" data-e-type=\"container\">\n\t\t\t\t<div class=\"elementor-element elementor-element-117381f5 elementor-widget__width-initial elementor-widget-mobile__width-inherit elementor-widget elementor-widget-heading\" data-id=\"117381f5\" data-element_type=\"widget\" data-e-type=\"widget\" data-widget_type=\"heading.default\">\n\t\t\t\t<div class=\"elementor-widget-container\">\n\t\t\t\t\t<h3 class=\"elementor-heading-title elementor-size-default\"><a href=\"https:\/\/keramamueblesdejardin.com\/it\/saloni-allaperto\/set-da-giardino\/set-2-poltrone-con-2-poggipiedi-e-tavolino-laterale-in-teak-e-rattan-delfos\/\">Set 2 poltrone con 2 poggipiedi e tavolino laterale in teak e rattan &#8211; Delfos<\/a><\/h3>\t\t\t\t<\/div>\n\t\t\t\t<\/div>\n\t\t\t\t<div class=\"elementor-element elementor-element-544acd9a elementor-widget__width-initial elementor-widget-mobile__width-inherit elementor-widget elementor-widget-woocommerce-product-price\" data-id=\"544acd9a\" data-element_type=\"widget\" data-e-type=\"widget\" data-widget_type=\"woocommerce-product-price.default\">\n\t\t\t\t<div class=\"elementor-widget-container\">\n\t\t\t\t\t<p class=\"price\"><span class=\"wcpbc-price wcpbc-price-217771\" data-product-id=\"217771\"><del aria-hidden=\"true\"><span class=\"woocommerce-Price-amount amount\"><bdi>2.755,00<span class=\"woocommerce-Price-currencySymbol\">&euro;<\/span><\/bdi><\/span><\/del> <span class=\"screen-reader-text\">Il prezzo originale era: 2.755,00&euro;.<\/span><ins aria-hidden=\"true\"><span class=\"woocommerce-Price-amount amount\"><bdi>2.529,00<span class=\"woocommerce-Price-currencySymbol\">&euro;<\/span><\/bdi><\/span><\/ins><span class=\"screen-reader-text\">Il prezzo attuale \u00e8: 2.529,00&euro;.<\/span><\/span><\/p>\n\t\t\t\t<\/div>\n\t\t\t\t<\/div>\n\t\t\t\t<\/div>\n\t\t\t\t\t<\/div>\n\t\t\t\t<\/div>\n\t\t\t\t<\/div>\n\t\t\t\t<div data-elementor-type=\"loop-item\" data-elementor-id=\"191975\" class=\"elementor elementor-191975 elementor-178577 elementor-178577 e-loop-item e-loop-item-217766 post-217766 product type-product status-publish has-post-thumbnail product_cat-saloni-allaperto product_cat-set-da-giardino product_tag-delfi product_tag-legno product_tag-rattan-it product_shipping_class-envio-gratuito-it  instock sale purchasable product-type-simple add-to-wishlist-before_image\" wpc-filter-elementor-widget=\"1\" data-elementor-post-type=\"elementor_library\" data-custom-edit-handle=\"1\">\n\t\t\t<div class=\"elementor-element elementor-element-15d94ef8 e-flex e-con-boxed e-con e-parent\" data-id=\"15d94ef8\" data-element_type=\"container\" data-e-type=\"container\">\n\t\t\t\t\t<div class=\"e-con-inner\">\n\t\t<div class=\"elementor-element elementor-element-29e97a4 e-con-full e-flex e-con e-child\" data-id=\"29e97a4\" data-element_type=\"container\" data-e-type=\"container\">\n\t\t\t\t<div class=\"elementor-element elementor-element-8e6d9e7 elementor-widget elementor-widget-theme-post-featured-image elementor-widget-image\" data-id=\"8e6d9e7\" data-element_type=\"widget\" data-e-type=\"widget\" data-widget_type=\"theme-post-featured-image.default\">\n\t\t\t\t<div class=\"elementor-widget-container\">\n\t\t\t\t\t\t\t\t\t\t\t\t\t\t\t\t<a href=\"https:\/\/keramamueblesdejardin.com\/it\/saloni-allaperto\/set-da-giardino\/ensemble-da-giardino-a-5-posti-con-poggiapiedi-in-teca-e-rattan-delfos\/\">\n\t\t\t\t\t\t\t<img loading=\"lazy\" decoding=\"async\" width=\"800\" height=\"800\" src=\"https:\/\/keramamueblesdejardin.com\/wp-content\/uploads\/2026\/01\/delfos-11-1024x1024.webp\" class=\"attachment-large size-large wp-image-217566\" alt=\"\" srcset=\"https:\/\/keramamueblesdejardin.com\/wp-content\/uploads\/2026\/01\/delfos-11-1024x1024.webp 1024w, https:\/\/keramamueblesdejardin.com\/wp-content\/uploads\/2026\/01\/delfos-11-300x300.webp 300w, https:\/\/keramamueblesdejardin.com\/wp-content\/uploads\/2026\/01\/delfos-11-150x150.webp 150w, https:\/\/keramamueblesdejardin.com\/wp-content\/uploads\/2026\/01\/delfos-11-768x768.webp 768w, https:\/\/keramamueblesdejardin.com\/wp-content\/uploads\/2026\/01\/delfos-11-800x800.webp 800w, https:\/\/keramamueblesdejardin.com\/wp-content\/uploads\/2026\/01\/delfos-11-100x100.webp 100w, https:\/\/keramamueblesdejardin.com\/wp-content\/uploads\/2026\/01\/delfos-11-50x50.webp 50w, https:\/\/keramamueblesdejardin.com\/wp-content\/uploads\/2026\/01\/delfos-11.webp 1200w\" sizes=\"(max-width: 800px) 100vw, 800px\" \/>\t\t\t\t\t\t\t\t<\/a>\n\t\t\t\t\t\t\t\t\t\t\t\t\t\t\t<\/div>\n\t\t\t\t<\/div>\n\t\t\t\t<div class=\"elementor-element elementor-element-93c48c7 sale-label elementor-widget elementor-widget-html\" data-id=\"93c48c7\" data-element_type=\"widget\" data-e-type=\"widget\" data-widget_type=\"html.default\">\n\t\t\t\t<div class=\"elementor-widget-container\">\n\t\t\t\t\t-10%\t\t\t\t<\/div>\n\t\t\t\t<\/div>\n\t\t<div class=\"elementor-element elementor-element-8e6fdd1 e-con-full box-botones e-grid e-con e-child\" data-id=\"8e6fdd1\" data-element_type=\"container\" data-e-type=\"container\">\n\t\t\t\t<div class=\"elementor-element elementor-element-084823c elementor-align-justify btn-add-cart elementor-widget elementor-widget-button\" data-id=\"084823c\" data-element_type=\"widget\" data-e-type=\"widget\" data-widget_type=\"button.default\">\n\t\t\t\t<div class=\"elementor-widget-container\">\n\t\t\t\t\t\t\t\t\t<div class=\"elementor-button-wrapper\">\n\t\t\t\t\t<a class=\"elementor-button elementor-button-link elementor-size-sm\" href=\"https:\/\/keramamueblesdejardin.com\/it\/saloni-allaperto\/set-da-giardino\/ensemble-da-giardino-a-5-posti-con-poggiapiedi-in-teca-e-rattan-delfos\/\">\n\t\t\t\t\t\t<span class=\"elementor-button-content-wrapper\">\n\t\t\t\t\t\t<span class=\"elementor-button-icon\">\n\t\t\t\t<svg xmlns=\"http:\/\/www.w3.org\/2000\/svg\" width=\"20\" height=\"23\" viewBox=\"0 0 20 23\" fill=\"none\"><path d=\"M2.01937 22.5C1.46 22.5 0.983542 22.3033 0.59 21.91C0.196667 21.5165 0 21.04 0 20.4806V7.01937C0 6.46 0.196667 5.98354 0.59 5.59C0.983542 5.19667 1.46 5 2.01937 5H5C5 3.60729 5.48521 2.42583 6.45562 1.45563C7.42583 0.485209 8.60729 0 10 0C11.3927 0 12.5742 0.485209 13.5444 1.45563C14.5148 2.42583 15 3.60729 15 5H17.9806C18.54 5 19.0165 5.19667 19.41 5.59C19.8033 5.98354 20 6.46 20 7.01937V20.4806C20 21.04 19.8033 21.5165 19.41 21.91C19.0165 22.3033 18.54 22.5 17.9806 22.5H2.01937ZM2.01937 21.25H17.9806C18.1731 21.25 18.3495 21.1699 18.5097 21.0097C18.6699 20.8495 18.75 20.6731 18.75 20.4806V7.01937C18.75 6.82687 18.6699 6.65052 18.5097 6.49031C18.3495 6.3301 18.1731 6.25 17.9806 6.25H2.01937C1.82687 6.25 1.65052 6.3301 1.49031 6.49031C1.3301 6.65052 1.25 6.82687 1.25 7.01937V20.4806C1.25 20.6731 1.3301 20.8495 1.49031 21.0097C1.65052 21.1699 1.82687 21.25 2.01937 21.25ZM10 12.5C11.3927 12.5 12.5742 12.0148 13.5444 11.0444C14.5148 10.0742 15 8.89271 15 7.5H13.75C13.75 8.54167 13.3854 9.42708 12.6562 10.1562C11.9271 10.8854 11.0417 11.25 10 11.25C8.95833 11.25 8.07292 10.8854 7.34375 10.1562C6.61458 9.42708 6.25 8.54167 6.25 7.5H5C5 8.89271 5.48521 10.0742 6.45562 11.0444C7.42583 12.0148 8.60729 12.5 10 12.5ZM6.25 5H13.75C13.75 3.95833 13.3854 3.07292 12.6562 2.34375C11.9271 1.61458 11.0417 1.25 10 1.25C8.95833 1.25 8.07292 1.61458 7.34375 2.34375C6.61458 3.07292 6.25 3.95833 6.25 5Z\" fill=\"#EEDFCD\"><\/path><\/svg>\t\t\t<\/span>\n\t\t\t\t\t\t\t\t\t<span class=\"elementor-button-text\">AGGIUNGI AL CARRELLO<\/span>\n\t\t\t\t\t<\/span>\n\t\t\t\t\t<\/a>\n\t\t\t\t<\/div>\n\t\t\t\t\t\t\t\t<\/div>\n\t\t\t\t<\/div>\n\t\t\t\t<div class=\"elementor-element elementor-element-490c284 btn-whishlist elementor-widget elementor-widget-html\" data-id=\"490c284\" data-element_type=\"widget\" data-e-type=\"widget\" data-widget_type=\"html.default\">\n\t\t\t\t<div class=\"elementor-widget-container\">\n\t\t\t\t\t\n<div\n\tclass=\"yith-wcwl-add-to-wishlist add-to-wishlist-217766 yith-wcwl-add-to-wishlist--button_default-style wishlist-fragment on-first-load\"\n\tdata-fragment-ref=\"217766\"\n\tdata-fragment-options=\"{&quot;base_url&quot;:&quot;&quot;,&quot;product_id&quot;:217766,&quot;parent_product_id&quot;:0,&quot;product_type&quot;:&quot;simple&quot;,&quot;is_single&quot;:false,&quot;in_default_wishlist&quot;:false,&quot;show_view&quot;:false,&quot;browse_wishlist_text&quot;:&quot;Echar un vistazo a la lista de deseos&quot;,&quot;already_in_wishslist_text&quot;:&quot;Il prodotto \\u00e8 gi\\u00e0 nella lista dei desideri&quot;,&quot;product_added_text&quot;:&quot;Prodotto aggiunto&quot;,&quot;available_multi_wishlist&quot;:false,&quot;disable_wishlist&quot;:false,&quot;show_count&quot;:false,&quot;ajax_loading&quot;:false,&quot;loop_position&quot;:&quot;before_image&quot;,&quot;item&quot;:&quot;add_to_wishlist&quot;}\"\n>\n\t\t\t\n\t\t\t<!-- ADD TO WISHLIST -->\n\t\t\t\n<div class=\"yith-wcwl-add-button\">\n\t\t<a\n\t\thref=\"?add_to_wishlist=217766&#038;_wpnonce=7bf8e9dac5\"\n\t\tclass=\"add_to_wishlist single_add_to_wishlist alt theme-button-style \"\n\t\tdata-product-id=\"217766\"\n\t\tdata-product-type=\"simple\"\n\t\tdata-original-product-id=\"0\"\n\t\tdata-title=\"Alla lista dei desideri\"\n\t\trel=\"nofollow\"\n\t>\n\t\t<svg id=\"yith-wcwl-icon-heart-outline\" class=\"yith-wcwl-icon-svg\" fill=\"none\" stroke-width=\"1.5\" stroke=\"currentColor\" viewBox=\"0 0 24 24\" xmlns=\"http:\/\/www.w3.org\/2000\/svg\">\n  <path stroke-linecap=\"round\" stroke-linejoin=\"round\" d=\"M21 8.25c0-2.485-2.099-4.5-4.688-4.5-1.935 0-3.597 1.126-4.312 2.733-.715-1.607-2.377-2.733-4.313-2.733C5.1 3.75 3 5.765 3 8.25c0 7.22 9 12 9 12s9-4.78 9-12Z\"><\/path>\n<\/svg>\t\t<span>Alla lista dei desideri<\/span>\n\t<\/a>\n<\/div>\n\n\t\t\t<!-- COUNT TEXT -->\n\t\t\t\n\t\t\t<\/div>\n\t\t\t\t<\/div>\n\t\t\t\t<\/div>\n\t\t\t\t<\/div>\n\t\t\t\t<\/div>\n\t\t<div class=\"elementor-element elementor-element-115495ef e-con-full e-flex e-con e-child\" data-id=\"115495ef\" data-element_type=\"container\" data-e-type=\"container\">\n\t\t\t\t<div class=\"elementor-element elementor-element-117381f5 elementor-widget__width-initial elementor-widget-mobile__width-inherit elementor-widget elementor-widget-heading\" data-id=\"117381f5\" data-element_type=\"widget\" data-e-type=\"widget\" data-widget_type=\"heading.default\">\n\t\t\t\t<div class=\"elementor-widget-container\">\n\t\t\t\t\t<h3 class=\"elementor-heading-title elementor-size-default\"><a href=\"https:\/\/keramamueblesdejardin.com\/it\/saloni-allaperto\/set-da-giardino\/ensemble-da-giardino-a-5-posti-con-poggiapiedi-in-teca-e-rattan-delfos\/\">Ensemble da giardino a 5 posti con poggiapiedi in teca e rattan &#8211; Delfos<\/a><\/h3>\t\t\t\t<\/div>\n\t\t\t\t<\/div>\n\t\t\t\t<div class=\"elementor-element elementor-element-544acd9a elementor-widget__width-initial elementor-widget-mobile__width-inherit elementor-widget elementor-widget-woocommerce-product-price\" data-id=\"544acd9a\" data-element_type=\"widget\" data-e-type=\"widget\" data-widget_type=\"woocommerce-product-price.default\">\n\t\t\t\t<div class=\"elementor-widget-container\">\n\t\t\t\t\t<p class=\"price\"><span class=\"wcpbc-price wcpbc-price-217766\" data-product-id=\"217766\"><del aria-hidden=\"true\"><span class=\"woocommerce-Price-amount amount\"><bdi>4.810,00<span class=\"woocommerce-Price-currencySymbol\">&euro;<\/span><\/bdi><\/span><\/del> <span class=\"screen-reader-text\">Il prezzo originale era: 4.810,00&euro;.<\/span><ins aria-hidden=\"true\"><span class=\"woocommerce-Price-amount amount\"><bdi>4.339,00<span class=\"woocommerce-Price-currencySymbol\">&euro;<\/span><\/bdi><\/span><\/ins><span class=\"screen-reader-text\">Il prezzo attuale \u00e8: 4.339,00&euro;.<\/span><\/span><\/p>\n\t\t\t\t<\/div>\n\t\t\t\t<\/div>\n\t\t\t\t<\/div>\n\t\t\t\t\t<\/div>\n\t\t\t\t<\/div>\n\t\t\t\t<\/div>\n\t\t\t\t<div data-elementor-type=\"loop-item\" data-elementor-id=\"191975\" class=\"elementor elementor-191975 elementor-178577 elementor-178577 e-loop-item e-loop-item-217813 post-217813 product type-product status-publish has-post-thumbnail product_cat-divani-da-giardino product_cat-saloni-allaperto product_tag-delfi product_tag-legno product_tag-rattan-it product_shipping_class-envio-gratuito-it  instock sale purchasable product-type-simple add-to-wishlist-before_image\" wpc-filter-elementor-widget=\"1\" data-elementor-post-type=\"elementor_library\" data-custom-edit-handle=\"1\">\n\t\t\t<div class=\"elementor-element elementor-element-15d94ef8 e-flex e-con-boxed e-con e-parent\" data-id=\"15d94ef8\" data-element_type=\"container\" data-e-type=\"container\">\n\t\t\t\t\t<div class=\"e-con-inner\">\n\t\t<div class=\"elementor-element elementor-element-29e97a4 e-con-full e-flex e-con e-child\" data-id=\"29e97a4\" data-element_type=\"container\" data-e-type=\"container\">\n\t\t\t\t<div class=\"elementor-element elementor-element-8e6d9e7 elementor-widget elementor-widget-theme-post-featured-image elementor-widget-image\" data-id=\"8e6d9e7\" data-element_type=\"widget\" data-e-type=\"widget\" data-widget_type=\"theme-post-featured-image.default\">\n\t\t\t\t<div class=\"elementor-widget-container\">\n\t\t\t\t\t\t\t\t\t\t\t\t\t\t\t\t<a href=\"https:\/\/keramamueblesdejardin.com\/it\/saloni-allaperto\/divani-da-giardino\/poggiapiedi-in-legno-di-teak-e-rattan-delfos\/\">\n\t\t\t\t\t\t\t<img loading=\"lazy\" decoding=\"async\" width=\"800\" height=\"800\" src=\"https:\/\/keramamueblesdejardin.com\/wp-content\/uploads\/2026\/01\/delfos-jardin-y-cuerda-reposapies-1024x1024.webp\" class=\"attachment-large size-large wp-image-217482\" alt=\"\" srcset=\"https:\/\/keramamueblesdejardin.com\/wp-content\/uploads\/2026\/01\/delfos-jardin-y-cuerda-reposapies-1024x1024.webp 1024w, https:\/\/keramamueblesdejardin.com\/wp-content\/uploads\/2026\/01\/delfos-jardin-y-cuerda-reposapies-300x300.webp 300w, https:\/\/keramamueblesdejardin.com\/wp-content\/uploads\/2026\/01\/delfos-jardin-y-cuerda-reposapies-150x150.webp 150w, https:\/\/keramamueblesdejardin.com\/wp-content\/uploads\/2026\/01\/delfos-jardin-y-cuerda-reposapies-768x768.webp 768w, https:\/\/keramamueblesdejardin.com\/wp-content\/uploads\/2026\/01\/delfos-jardin-y-cuerda-reposapies-800x800.webp 800w, https:\/\/keramamueblesdejardin.com\/wp-content\/uploads\/2026\/01\/delfos-jardin-y-cuerda-reposapies-100x100.webp 100w, https:\/\/keramamueblesdejardin.com\/wp-content\/uploads\/2026\/01\/delfos-jardin-y-cuerda-reposapies-50x50.webp 50w, https:\/\/keramamueblesdejardin.com\/wp-content\/uploads\/2026\/01\/delfos-jardin-y-cuerda-reposapies.webp 1200w\" sizes=\"(max-width: 800px) 100vw, 800px\" \/>\t\t\t\t\t\t\t\t<\/a>\n\t\t\t\t\t\t\t\t\t\t\t\t\t\t\t<\/div>\n\t\t\t\t<\/div>\n\t\t\t\t<div class=\"elementor-element elementor-element-93c48c7 sale-label elementor-widget elementor-widget-html\" data-id=\"93c48c7\" data-element_type=\"widget\" data-e-type=\"widget\" data-widget_type=\"html.default\">\n\t\t\t\t<div class=\"elementor-widget-container\">\n\t\t\t\t\t-7%\t\t\t\t<\/div>\n\t\t\t\t<\/div>\n\t\t<div class=\"elementor-element elementor-element-8e6fdd1 e-con-full box-botones e-grid e-con e-child\" data-id=\"8e6fdd1\" data-element_type=\"container\" data-e-type=\"container\">\n\t\t\t\t<div class=\"elementor-element elementor-element-084823c elementor-align-justify btn-add-cart elementor-widget elementor-widget-button\" data-id=\"084823c\" data-element_type=\"widget\" data-e-type=\"widget\" data-widget_type=\"button.default\">\n\t\t\t\t<div class=\"elementor-widget-container\">\n\t\t\t\t\t\t\t\t\t<div class=\"elementor-button-wrapper\">\n\t\t\t\t\t<a class=\"elementor-button elementor-button-link elementor-size-sm\" href=\"https:\/\/keramamueblesdejardin.com\/it\/saloni-allaperto\/divani-da-giardino\/poggiapiedi-in-legno-di-teak-e-rattan-delfos\/\">\n\t\t\t\t\t\t<span class=\"elementor-button-content-wrapper\">\n\t\t\t\t\t\t<span class=\"elementor-button-icon\">\n\t\t\t\t<svg xmlns=\"http:\/\/www.w3.org\/2000\/svg\" width=\"20\" height=\"23\" viewBox=\"0 0 20 23\" fill=\"none\"><path d=\"M2.01937 22.5C1.46 22.5 0.983542 22.3033 0.59 21.91C0.196667 21.5165 0 21.04 0 20.4806V7.01937C0 6.46 0.196667 5.98354 0.59 5.59C0.983542 5.19667 1.46 5 2.01937 5H5C5 3.60729 5.48521 2.42583 6.45562 1.45563C7.42583 0.485209 8.60729 0 10 0C11.3927 0 12.5742 0.485209 13.5444 1.45563C14.5148 2.42583 15 3.60729 15 5H17.9806C18.54 5 19.0165 5.19667 19.41 5.59C19.8033 5.98354 20 6.46 20 7.01937V20.4806C20 21.04 19.8033 21.5165 19.41 21.91C19.0165 22.3033 18.54 22.5 17.9806 22.5H2.01937ZM2.01937 21.25H17.9806C18.1731 21.25 18.3495 21.1699 18.5097 21.0097C18.6699 20.8495 18.75 20.6731 18.75 20.4806V7.01937C18.75 6.82687 18.6699 6.65052 18.5097 6.49031C18.3495 6.3301 18.1731 6.25 17.9806 6.25H2.01937C1.82687 6.25 1.65052 6.3301 1.49031 6.49031C1.3301 6.65052 1.25 6.82687 1.25 7.01937V20.4806C1.25 20.6731 1.3301 20.8495 1.49031 21.0097C1.65052 21.1699 1.82687 21.25 2.01937 21.25ZM10 12.5C11.3927 12.5 12.5742 12.0148 13.5444 11.0444C14.5148 10.0742 15 8.89271 15 7.5H13.75C13.75 8.54167 13.3854 9.42708 12.6562 10.1562C11.9271 10.8854 11.0417 11.25 10 11.25C8.95833 11.25 8.07292 10.8854 7.34375 10.1562C6.61458 9.42708 6.25 8.54167 6.25 7.5H5C5 8.89271 5.48521 10.0742 6.45562 11.0444C7.42583 12.0148 8.60729 12.5 10 12.5ZM6.25 5H13.75C13.75 3.95833 13.3854 3.07292 12.6562 2.34375C11.9271 1.61458 11.0417 1.25 10 1.25C8.95833 1.25 8.07292 1.61458 7.34375 2.34375C6.61458 3.07292 6.25 3.95833 6.25 5Z\" fill=\"#EEDFCD\"><\/path><\/svg>\t\t\t<\/span>\n\t\t\t\t\t\t\t\t\t<span class=\"elementor-button-text\">AGGIUNGI AL CARRELLO<\/span>\n\t\t\t\t\t<\/span>\n\t\t\t\t\t<\/a>\n\t\t\t\t<\/div>\n\t\t\t\t\t\t\t\t<\/div>\n\t\t\t\t<\/div>\n\t\t\t\t<div class=\"elementor-element elementor-element-490c284 btn-whishlist elementor-widget elementor-widget-html\" data-id=\"490c284\" data-element_type=\"widget\" data-e-type=\"widget\" data-widget_type=\"html.default\">\n\t\t\t\t<div class=\"elementor-widget-container\">\n\t\t\t\t\t\n<div\n\tclass=\"yith-wcwl-add-to-wishlist add-to-wishlist-217813 yith-wcwl-add-to-wishlist--button_default-style wishlist-fragment on-first-load\"\n\tdata-fragment-ref=\"217813\"\n\tdata-fragment-options=\"{&quot;base_url&quot;:&quot;&quot;,&quot;product_id&quot;:217813,&quot;parent_product_id&quot;:0,&quot;product_type&quot;:&quot;simple&quot;,&quot;is_single&quot;:false,&quot;in_default_wishlist&quot;:false,&quot;show_view&quot;:false,&quot;browse_wishlist_text&quot;:&quot;Echar un vistazo a la lista de deseos&quot;,&quot;already_in_wishslist_text&quot;:&quot;Il prodotto \\u00e8 gi\\u00e0 nella lista dei desideri&quot;,&quot;product_added_text&quot;:&quot;Prodotto aggiunto&quot;,&quot;available_multi_wishlist&quot;:false,&quot;disable_wishlist&quot;:false,&quot;show_count&quot;:false,&quot;ajax_loading&quot;:false,&quot;loop_position&quot;:&quot;before_image&quot;,&quot;item&quot;:&quot;add_to_wishlist&quot;}\"\n>\n\t\t\t\n\t\t\t<!-- ADD TO WISHLIST -->\n\t\t\t\n<div class=\"yith-wcwl-add-button\">\n\t\t<a\n\t\thref=\"?add_to_wishlist=217813&#038;_wpnonce=7bf8e9dac5\"\n\t\tclass=\"add_to_wishlist single_add_to_wishlist alt theme-button-style \"\n\t\tdata-product-id=\"217813\"\n\t\tdata-product-type=\"simple\"\n\t\tdata-original-product-id=\"0\"\n\t\tdata-title=\"Alla lista dei desideri\"\n\t\trel=\"nofollow\"\n\t>\n\t\t<svg id=\"yith-wcwl-icon-heart-outline\" class=\"yith-wcwl-icon-svg\" fill=\"none\" stroke-width=\"1.5\" stroke=\"currentColor\" viewBox=\"0 0 24 24\" xmlns=\"http:\/\/www.w3.org\/2000\/svg\">\n  <path stroke-linecap=\"round\" stroke-linejoin=\"round\" d=\"M21 8.25c0-2.485-2.099-4.5-4.688-4.5-1.935 0-3.597 1.126-4.312 2.733-.715-1.607-2.377-2.733-4.313-2.733C5.1 3.75 3 5.765 3 8.25c0 7.22 9 12 9 12s9-4.78 9-12Z\"><\/path>\n<\/svg>\t\t<span>Alla lista dei desideri<\/span>\n\t<\/a>\n<\/div>\n\n\t\t\t<!-- COUNT TEXT -->\n\t\t\t\n\t\t\t<\/div>\n\t\t\t\t<\/div>\n\t\t\t\t<\/div>\n\t\t\t\t<\/div>\n\t\t\t\t<\/div>\n\t\t<div class=\"elementor-element elementor-element-115495ef e-con-full e-flex e-con e-child\" data-id=\"115495ef\" data-element_type=\"container\" data-e-type=\"container\">\n\t\t\t\t<div class=\"elementor-element elementor-element-117381f5 elementor-widget__width-initial elementor-widget-mobile__width-inherit elementor-widget elementor-widget-heading\" data-id=\"117381f5\" data-element_type=\"widget\" data-e-type=\"widget\" data-widget_type=\"heading.default\">\n\t\t\t\t<div class=\"elementor-widget-container\">\n\t\t\t\t\t<h3 class=\"elementor-heading-title elementor-size-default\"><a href=\"https:\/\/keramamueblesdejardin.com\/it\/saloni-allaperto\/divani-da-giardino\/poggiapiedi-in-legno-di-teak-e-rattan-delfos\/\">Poggiapiedi in legno di teak e rattan &#8211; Delfos<\/a><\/h3>\t\t\t\t<\/div>\n\t\t\t\t<\/div>\n\t\t\t\t<div class=\"elementor-element elementor-element-544acd9a elementor-widget__width-initial elementor-widget-mobile__width-inherit elementor-widget elementor-widget-woocommerce-product-price\" data-id=\"544acd9a\" data-element_type=\"widget\" data-e-type=\"widget\" data-widget_type=\"woocommerce-product-price.default\">\n\t\t\t\t<div class=\"elementor-widget-container\">\n\t\t\t\t\t<p class=\"price\"><span class=\"wcpbc-price wcpbc-price-217813\" data-product-id=\"217813\"><del aria-hidden=\"true\"><span class=\"woocommerce-Price-amount amount\"><bdi>354,00<span class=\"woocommerce-Price-currencySymbol\">&euro;<\/span><\/bdi><\/span><\/del> <span class=\"screen-reader-text\">Il prezzo originale era: 354,00&euro;.<\/span><ins aria-hidden=\"true\"><span class=\"woocommerce-Price-amount amount\"><bdi>329,00<span class=\"woocommerce-Price-currencySymbol\">&euro;<\/span><\/bdi><\/span><\/ins><span class=\"screen-reader-text\">Il prezzo attuale \u00e8: 329,00&euro;.<\/span><\/span><\/p>\n\t\t\t\t<\/div>\n\t\t\t\t<\/div>\n\t\t\t\t<\/div>\n\t\t\t\t\t<\/div>\n\t\t\t\t<\/div>\n\t\t\t\t<\/div>\n\t\t\t\t<div data-elementor-type=\"loop-item\" data-elementor-id=\"191975\" class=\"elementor elementor-191975 elementor-178577 elementor-178577 e-loop-item e-loop-item-217790 post-217790 product type-product status-publish has-post-thumbnail product_cat-divani-da-giardino product_cat-saloni-allaperto product_tag-delfi product_tag-legno product_tag-rattan-it product_shipping_class-envio-gratuito-it last instock sale purchasable product-type-simple add-to-wishlist-before_image\" wpc-filter-elementor-widget=\"1\" data-elementor-post-type=\"elementor_library\" data-custom-edit-handle=\"1\">\n\t\t\t<div class=\"elementor-element elementor-element-15d94ef8 e-flex e-con-boxed e-con e-parent\" data-id=\"15d94ef8\" data-element_type=\"container\" data-e-type=\"container\">\n\t\t\t\t\t<div class=\"e-con-inner\">\n\t\t<div class=\"elementor-element elementor-element-29e97a4 e-con-full e-flex e-con e-child\" data-id=\"29e97a4\" data-element_type=\"container\" data-e-type=\"container\">\n\t\t\t\t<div class=\"elementor-element elementor-element-8e6d9e7 elementor-widget elementor-widget-theme-post-featured-image elementor-widget-image\" data-id=\"8e6d9e7\" data-element_type=\"widget\" data-e-type=\"widget\" data-widget_type=\"theme-post-featured-image.default\">\n\t\t\t\t<div class=\"elementor-widget-container\">\n\t\t\t\t\t\t\t\t\t\t\t\t\t\t\t\t<a href=\"https:\/\/keramamueblesdejardin.com\/it\/saloni-allaperto\/divani-da-giardino\/poltrona-da-giardino-in-legno-di-teak-e-rattan-delfos\/\">\n\t\t\t\t\t\t\t<img loading=\"lazy\" decoding=\"async\" width=\"800\" height=\"800\" src=\"https:\/\/keramamueblesdejardin.com\/wp-content\/uploads\/2026\/01\/delfos-4-1024x1024.webp\" class=\"attachment-large size-large wp-image-217524\" alt=\"\" srcset=\"https:\/\/keramamueblesdejardin.com\/wp-content\/uploads\/2026\/01\/delfos-4-1024x1024.webp 1024w, https:\/\/keramamueblesdejardin.com\/wp-content\/uploads\/2026\/01\/delfos-4-300x300.webp 300w, https:\/\/keramamueblesdejardin.com\/wp-content\/uploads\/2026\/01\/delfos-4-150x150.webp 150w, https:\/\/keramamueblesdejardin.com\/wp-content\/uploads\/2026\/01\/delfos-4-768x768.webp 768w, https:\/\/keramamueblesdejardin.com\/wp-content\/uploads\/2026\/01\/delfos-4-800x800.webp 800w, https:\/\/keramamueblesdejardin.com\/wp-content\/uploads\/2026\/01\/delfos-4-100x100.webp 100w, https:\/\/keramamueblesdejardin.com\/wp-content\/uploads\/2026\/01\/delfos-4-50x50.webp 50w, https:\/\/keramamueblesdejardin.com\/wp-content\/uploads\/2026\/01\/delfos-4.webp 1200w\" sizes=\"(max-width: 800px) 100vw, 800px\" \/>\t\t\t\t\t\t\t\t<\/a>\n\t\t\t\t\t\t\t\t\t\t\t\t\t\t\t<\/div>\n\t\t\t\t<\/div>\n\t\t\t\t<div class=\"elementor-element elementor-element-93c48c7 sale-label elementor-widget elementor-widget-html\" data-id=\"93c48c7\" data-element_type=\"widget\" data-e-type=\"widget\" data-widget_type=\"html.default\">\n\t\t\t\t<div class=\"elementor-widget-container\">\n\t\t\t\t\t-6%\t\t\t\t<\/div>\n\t\t\t\t<\/div>\n\t\t<div class=\"elementor-element elementor-element-8e6fdd1 e-con-full box-botones e-grid e-con e-child\" data-id=\"8e6fdd1\" data-element_type=\"container\" data-e-type=\"container\">\n\t\t\t\t<div class=\"elementor-element elementor-element-084823c elementor-align-justify btn-add-cart elementor-widget elementor-widget-button\" data-id=\"084823c\" data-element_type=\"widget\" data-e-type=\"widget\" data-widget_type=\"button.default\">\n\t\t\t\t<div class=\"elementor-widget-container\">\n\t\t\t\t\t\t\t\t\t<div class=\"elementor-button-wrapper\">\n\t\t\t\t\t<a class=\"elementor-button elementor-button-link elementor-size-sm\" href=\"https:\/\/keramamueblesdejardin.com\/it\/saloni-allaperto\/divani-da-giardino\/poltrona-da-giardino-in-legno-di-teak-e-rattan-delfos\/\">\n\t\t\t\t\t\t<span class=\"elementor-button-content-wrapper\">\n\t\t\t\t\t\t<span class=\"elementor-button-icon\">\n\t\t\t\t<svg xmlns=\"http:\/\/www.w3.org\/2000\/svg\" width=\"20\" height=\"23\" viewBox=\"0 0 20 23\" fill=\"none\"><path d=\"M2.01937 22.5C1.46 22.5 0.983542 22.3033 0.59 21.91C0.196667 21.5165 0 21.04 0 20.4806V7.01937C0 6.46 0.196667 5.98354 0.59 5.59C0.983542 5.19667 1.46 5 2.01937 5H5C5 3.60729 5.48521 2.42583 6.45562 1.45563C7.42583 0.485209 8.60729 0 10 0C11.3927 0 12.5742 0.485209 13.5444 1.45563C14.5148 2.42583 15 3.60729 15 5H17.9806C18.54 5 19.0165 5.19667 19.41 5.59C19.8033 5.98354 20 6.46 20 7.01937V20.4806C20 21.04 19.8033 21.5165 19.41 21.91C19.0165 22.3033 18.54 22.5 17.9806 22.5H2.01937ZM2.01937 21.25H17.9806C18.1731 21.25 18.3495 21.1699 18.5097 21.0097C18.6699 20.8495 18.75 20.6731 18.75 20.4806V7.01937C18.75 6.82687 18.6699 6.65052 18.5097 6.49031C18.3495 6.3301 18.1731 6.25 17.9806 6.25H2.01937C1.82687 6.25 1.65052 6.3301 1.49031 6.49031C1.3301 6.65052 1.25 6.82687 1.25 7.01937V20.4806C1.25 20.6731 1.3301 20.8495 1.49031 21.0097C1.65052 21.1699 1.82687 21.25 2.01937 21.25ZM10 12.5C11.3927 12.5 12.5742 12.0148 13.5444 11.0444C14.5148 10.0742 15 8.89271 15 7.5H13.75C13.75 8.54167 13.3854 9.42708 12.6562 10.1562C11.9271 10.8854 11.0417 11.25 10 11.25C8.95833 11.25 8.07292 10.8854 7.34375 10.1562C6.61458 9.42708 6.25 8.54167 6.25 7.5H5C5 8.89271 5.48521 10.0742 6.45562 11.0444C7.42583 12.0148 8.60729 12.5 10 12.5ZM6.25 5H13.75C13.75 3.95833 13.3854 3.07292 12.6562 2.34375C11.9271 1.61458 11.0417 1.25 10 1.25C8.95833 1.25 8.07292 1.61458 7.34375 2.34375C6.61458 3.07292 6.25 3.95833 6.25 5Z\" fill=\"#EEDFCD\"><\/path><\/svg>\t\t\t<\/span>\n\t\t\t\t\t\t\t\t\t<span class=\"elementor-button-text\">AGGIUNGI AL CARRELLO<\/span>\n\t\t\t\t\t<\/span>\n\t\t\t\t\t<\/a>\n\t\t\t\t<\/div>\n\t\t\t\t\t\t\t\t<\/div>\n\t\t\t\t<\/div>\n\t\t\t\t<div class=\"elementor-element elementor-element-490c284 btn-whishlist elementor-widget elementor-widget-html\" data-id=\"490c284\" data-element_type=\"widget\" data-e-type=\"widget\" data-widget_type=\"html.default\">\n\t\t\t\t<div class=\"elementor-widget-container\">\n\t\t\t\t\t\n<div\n\tclass=\"yith-wcwl-add-to-wishlist add-to-wishlist-217790 yith-wcwl-add-to-wishlist--button_default-style wishlist-fragment on-first-load\"\n\tdata-fragment-ref=\"217790\"\n\tdata-fragment-options=\"{&quot;base_url&quot;:&quot;&quot;,&quot;product_id&quot;:217790,&quot;parent_product_id&quot;:0,&quot;product_type&quot;:&quot;simple&quot;,&quot;is_single&quot;:false,&quot;in_default_wishlist&quot;:false,&quot;show_view&quot;:false,&quot;browse_wishlist_text&quot;:&quot;Echar un vistazo a la lista de deseos&quot;,&quot;already_in_wishslist_text&quot;:&quot;Il prodotto \\u00e8 gi\\u00e0 nella lista dei desideri&quot;,&quot;product_added_text&quot;:&quot;Prodotto aggiunto&quot;,&quot;available_multi_wishlist&quot;:false,&quot;disable_wishlist&quot;:false,&quot;show_count&quot;:false,&quot;ajax_loading&quot;:false,&quot;loop_position&quot;:&quot;before_image&quot;,&quot;item&quot;:&quot;add_to_wishlist&quot;}\"\n>\n\t\t\t\n\t\t\t<!-- ADD TO WISHLIST -->\n\t\t\t\n<div class=\"yith-wcwl-add-button\">\n\t\t<a\n\t\thref=\"?add_to_wishlist=217790&#038;_wpnonce=7bf8e9dac5\"\n\t\tclass=\"add_to_wishlist single_add_to_wishlist alt theme-button-style \"\n\t\tdata-product-id=\"217790\"\n\t\tdata-product-type=\"simple\"\n\t\tdata-original-product-id=\"0\"\n\t\tdata-title=\"Alla lista dei desideri\"\n\t\trel=\"nofollow\"\n\t>\n\t\t<svg id=\"yith-wcwl-icon-heart-outline\" class=\"yith-wcwl-icon-svg\" fill=\"none\" stroke-width=\"1.5\" stroke=\"currentColor\" viewBox=\"0 0 24 24\" xmlns=\"http:\/\/www.w3.org\/2000\/svg\">\n  <path stroke-linecap=\"round\" stroke-linejoin=\"round\" d=\"M21 8.25c0-2.485-2.099-4.5-4.688-4.5-1.935 0-3.597 1.126-4.312 2.733-.715-1.607-2.377-2.733-4.313-2.733C5.1 3.75 3 5.765 3 8.25c0 7.22 9 12 9 12s9-4.78 9-12Z\"><\/path>\n<\/svg>\t\t<span>Alla lista dei desideri<\/span>\n\t<\/a>\n<\/div>\n\n\t\t\t<!-- COUNT TEXT -->\n\t\t\t\n\t\t\t<\/div>\n\t\t\t\t<\/div>\n\t\t\t\t<\/div>\n\t\t\t\t<\/div>\n\t\t\t\t<\/div>\n\t\t<div class=\"elementor-element elementor-element-115495ef e-con-full e-flex e-con e-child\" data-id=\"115495ef\" data-element_type=\"container\" data-e-type=\"container\">\n\t\t\t\t<div class=\"elementor-element elementor-element-117381f5 elementor-widget__width-initial elementor-widget-mobile__width-inherit elementor-widget elementor-widget-heading\" data-id=\"117381f5\" data-element_type=\"widget\" data-e-type=\"widget\" data-widget_type=\"heading.default\">\n\t\t\t\t<div class=\"elementor-widget-container\">\n\t\t\t\t\t<h3 class=\"elementor-heading-title elementor-size-default\"><a href=\"https:\/\/keramamueblesdejardin.com\/it\/saloni-allaperto\/divani-da-giardino\/poltrona-da-giardino-in-legno-di-teak-e-rattan-delfos\/\">Poltrona da giardino in legno di teak e rattan &#8211; Delfos<\/a><\/h3>\t\t\t\t<\/div>\n\t\t\t\t<\/div>\n\t\t\t\t<div class=\"elementor-element elementor-element-544acd9a elementor-widget__width-initial elementor-widget-mobile__width-inherit elementor-widget elementor-widget-woocommerce-product-price\" data-id=\"544acd9a\" data-element_type=\"widget\" data-e-type=\"widget\" data-widget_type=\"woocommerce-product-price.default\">\n\t\t\t\t<div class=\"elementor-widget-container\">\n\t\t\t\t\t<p class=\"price\"><span class=\"wcpbc-price wcpbc-price-217790\" data-product-id=\"217790\"><del aria-hidden=\"true\"><span class=\"woocommerce-Price-amount amount\"><bdi>895,00<span class=\"woocommerce-Price-currencySymbol\">&euro;<\/span><\/bdi><\/span><\/del> <span class=\"screen-reader-text\">Il prezzo originale era: 895,00&euro;.<\/span><ins aria-hidden=\"true\"><span class=\"woocommerce-Price-amount amount\"><bdi>839,00<span class=\"woocommerce-Price-currencySymbol\">&euro;<\/span><\/bdi><\/span><\/ins><span class=\"screen-reader-text\">Il prezzo attuale \u00e8: 839,00&euro;.<\/span><\/span><\/p>\n\t\t\t\t<\/div>\n\t\t\t\t<\/div>\n\t\t\t\t<\/div>\n\t\t\t\t\t<\/div>\n\t\t\t\t<\/div>\n\t\t\t\t<\/div>\n\t\t\t\t<div data-elementor-type=\"loop-item\" data-elementor-id=\"191975\" class=\"elementor elementor-191975 elementor-178577 elementor-178577 e-loop-item e-loop-item-217785 post-217785 product type-product status-publish has-post-thumbnail product_cat-saloni-allaperto product_cat-tavolini-da-giardino product_tag-delfi product_tag-legno product_tag-rattan-it product_shipping_class-envio-gratuito-it first instock sale purchasable product-type-simple add-to-wishlist-before_image\" wpc-filter-elementor-widget=\"1\" data-elementor-post-type=\"elementor_library\" data-custom-edit-handle=\"1\">\n\t\t\t<div class=\"elementor-element elementor-element-15d94ef8 e-flex e-con-boxed e-con e-parent\" data-id=\"15d94ef8\" data-element_type=\"container\" data-e-type=\"container\">\n\t\t\t\t\t<div class=\"e-con-inner\">\n\t\t<div class=\"elementor-element elementor-element-29e97a4 e-con-full e-flex e-con e-child\" data-id=\"29e97a4\" data-element_type=\"container\" data-e-type=\"container\">\n\t\t\t\t<div class=\"elementor-element elementor-element-8e6d9e7 elementor-widget elementor-widget-theme-post-featured-image elementor-widget-image\" data-id=\"8e6d9e7\" data-element_type=\"widget\" data-e-type=\"widget\" data-widget_type=\"theme-post-featured-image.default\">\n\t\t\t\t<div class=\"elementor-widget-container\">\n\t\t\t\t\t\t\t\t\t\t\t\t\t\t\t\t<a href=\"https:\/\/keramamueblesdejardin.com\/it\/saloni-allaperto\/tavolini-da-giardino\/tavolino-laterale-in-teak-d45-delfos\/\">\n\t\t\t\t\t\t\t<img loading=\"lazy\" decoding=\"async\" width=\"800\" height=\"800\" src=\"https:\/\/keramamueblesdejardin.com\/wp-content\/uploads\/2026\/01\/delfos-19-1024x1024.webp\" class=\"attachment-large size-large wp-image-217614\" alt=\"\" srcset=\"https:\/\/keramamueblesdejardin.com\/wp-content\/uploads\/2026\/01\/delfos-19-1024x1024.webp 1024w, https:\/\/keramamueblesdejardin.com\/wp-content\/uploads\/2026\/01\/delfos-19-300x300.webp 300w, https:\/\/keramamueblesdejardin.com\/wp-content\/uploads\/2026\/01\/delfos-19-150x150.webp 150w, https:\/\/keramamueblesdejardin.com\/wp-content\/uploads\/2026\/01\/delfos-19-768x768.webp 768w, https:\/\/keramamueblesdejardin.com\/wp-content\/uploads\/2026\/01\/delfos-19-800x800.webp 800w, https:\/\/keramamueblesdejardin.com\/wp-content\/uploads\/2026\/01\/delfos-19-100x100.webp 100w, https:\/\/keramamueblesdejardin.com\/wp-content\/uploads\/2026\/01\/delfos-19-50x50.webp 50w, https:\/\/keramamueblesdejardin.com\/wp-content\/uploads\/2026\/01\/delfos-19.webp 1200w\" sizes=\"(max-width: 800px) 100vw, 800px\" \/>\t\t\t\t\t\t\t\t<\/a>\n\t\t\t\t\t\t\t\t\t\t\t\t\t\t\t<\/div>\n\t\t\t\t<\/div>\n\t\t\t\t<div class=\"elementor-element elementor-element-93c48c7 sale-label elementor-widget elementor-widget-html\" data-id=\"93c48c7\" data-element_type=\"widget\" data-e-type=\"widget\" data-widget_type=\"html.default\">\n\t\t\t\t<div class=\"elementor-widget-container\">\n\t\t\t\t\t-7%\t\t\t\t<\/div>\n\t\t\t\t<\/div>\n\t\t<div class=\"elementor-element elementor-element-8e6fdd1 e-con-full box-botones e-grid e-con e-child\" data-id=\"8e6fdd1\" data-element_type=\"container\" data-e-type=\"container\">\n\t\t\t\t<div class=\"elementor-element elementor-element-084823c elementor-align-justify btn-add-cart elementor-widget elementor-widget-button\" data-id=\"084823c\" data-element_type=\"widget\" data-e-type=\"widget\" data-widget_type=\"button.default\">\n\t\t\t\t<div class=\"elementor-widget-container\">\n\t\t\t\t\t\t\t\t\t<div class=\"elementor-button-wrapper\">\n\t\t\t\t\t<a class=\"elementor-button elementor-button-link elementor-size-sm\" href=\"https:\/\/keramamueblesdejardin.com\/it\/saloni-allaperto\/tavolini-da-giardino\/tavolino-laterale-in-teak-d45-delfos\/\">\n\t\t\t\t\t\t<span class=\"elementor-button-content-wrapper\">\n\t\t\t\t\t\t<span class=\"elementor-button-icon\">\n\t\t\t\t<svg xmlns=\"http:\/\/www.w3.org\/2000\/svg\" width=\"20\" height=\"23\" viewBox=\"0 0 20 23\" fill=\"none\"><path d=\"M2.01937 22.5C1.46 22.5 0.983542 22.3033 0.59 21.91C0.196667 21.5165 0 21.04 0 20.4806V7.01937C0 6.46 0.196667 5.98354 0.59 5.59C0.983542 5.19667 1.46 5 2.01937 5H5C5 3.60729 5.48521 2.42583 6.45562 1.45563C7.42583 0.485209 8.60729 0 10 0C11.3927 0 12.5742 0.485209 13.5444 1.45563C14.5148 2.42583 15 3.60729 15 5H17.9806C18.54 5 19.0165 5.19667 19.41 5.59C19.8033 5.98354 20 6.46 20 7.01937V20.4806C20 21.04 19.8033 21.5165 19.41 21.91C19.0165 22.3033 18.54 22.5 17.9806 22.5H2.01937ZM2.01937 21.25H17.9806C18.1731 21.25 18.3495 21.1699 18.5097 21.0097C18.6699 20.8495 18.75 20.6731 18.75 20.4806V7.01937C18.75 6.82687 18.6699 6.65052 18.5097 6.49031C18.3495 6.3301 18.1731 6.25 17.9806 6.25H2.01937C1.82687 6.25 1.65052 6.3301 1.49031 6.49031C1.3301 6.65052 1.25 6.82687 1.25 7.01937V20.4806C1.25 20.6731 1.3301 20.8495 1.49031 21.0097C1.65052 21.1699 1.82687 21.25 2.01937 21.25ZM10 12.5C11.3927 12.5 12.5742 12.0148 13.5444 11.0444C14.5148 10.0742 15 8.89271 15 7.5H13.75C13.75 8.54167 13.3854 9.42708 12.6562 10.1562C11.9271 10.8854 11.0417 11.25 10 11.25C8.95833 11.25 8.07292 10.8854 7.34375 10.1562C6.61458 9.42708 6.25 8.54167 6.25 7.5H5C5 8.89271 5.48521 10.0742 6.45562 11.0444C7.42583 12.0148 8.60729 12.5 10 12.5ZM6.25 5H13.75C13.75 3.95833 13.3854 3.07292 12.6562 2.34375C11.9271 1.61458 11.0417 1.25 10 1.25C8.95833 1.25 8.07292 1.61458 7.34375 2.34375C6.61458 3.07292 6.25 3.95833 6.25 5Z\" fill=\"#EEDFCD\"><\/path><\/svg>\t\t\t<\/span>\n\t\t\t\t\t\t\t\t\t<span class=\"elementor-button-text\">AGGIUNGI AL CARRELLO<\/span>\n\t\t\t\t\t<\/span>\n\t\t\t\t\t<\/a>\n\t\t\t\t<\/div>\n\t\t\t\t\t\t\t\t<\/div>\n\t\t\t\t<\/div>\n\t\t\t\t<div class=\"elementor-element elementor-element-490c284 btn-whishlist elementor-widget elementor-widget-html\" data-id=\"490c284\" data-element_type=\"widget\" data-e-type=\"widget\" data-widget_type=\"html.default\">\n\t\t\t\t<div class=\"elementor-widget-container\">\n\t\t\t\t\t\n<div\n\tclass=\"yith-wcwl-add-to-wishlist add-to-wishlist-217785 yith-wcwl-add-to-wishlist--button_default-style wishlist-fragment on-first-load\"\n\tdata-fragment-ref=\"217785\"\n\tdata-fragment-options=\"{&quot;base_url&quot;:&quot;&quot;,&quot;product_id&quot;:217785,&quot;parent_product_id&quot;:0,&quot;product_type&quot;:&quot;simple&quot;,&quot;is_single&quot;:false,&quot;in_default_wishlist&quot;:false,&quot;show_view&quot;:false,&quot;browse_wishlist_text&quot;:&quot;Echar un vistazo a la lista de deseos&quot;,&quot;already_in_wishslist_text&quot;:&quot;Il prodotto \\u00e8 gi\\u00e0 nella lista dei desideri&quot;,&quot;product_added_text&quot;:&quot;Prodotto aggiunto&quot;,&quot;available_multi_wishlist&quot;:false,&quot;disable_wishlist&quot;:false,&quot;show_count&quot;:false,&quot;ajax_loading&quot;:false,&quot;loop_position&quot;:&quot;before_image&quot;,&quot;item&quot;:&quot;add_to_wishlist&quot;}\"\n>\n\t\t\t\n\t\t\t<!-- ADD TO WISHLIST -->\n\t\t\t\n<div class=\"yith-wcwl-add-button\">\n\t\t<a\n\t\thref=\"?add_to_wishlist=217785&#038;_wpnonce=7bf8e9dac5\"\n\t\tclass=\"add_to_wishlist single_add_to_wishlist alt theme-button-style \"\n\t\tdata-product-id=\"217785\"\n\t\tdata-product-type=\"simple\"\n\t\tdata-original-product-id=\"0\"\n\t\tdata-title=\"Alla lista dei desideri\"\n\t\trel=\"nofollow\"\n\t>\n\t\t<svg id=\"yith-wcwl-icon-heart-outline\" class=\"yith-wcwl-icon-svg\" fill=\"none\" stroke-width=\"1.5\" stroke=\"currentColor\" viewBox=\"0 0 24 24\" xmlns=\"http:\/\/www.w3.org\/2000\/svg\">\n  <path stroke-linecap=\"round\" stroke-linejoin=\"round\" d=\"M21 8.25c0-2.485-2.099-4.5-4.688-4.5-1.935 0-3.597 1.126-4.312 2.733-.715-1.607-2.377-2.733-4.313-2.733C5.1 3.75 3 5.765 3 8.25c0 7.22 9 12 9 12s9-4.78 9-12Z\"><\/path>\n<\/svg>\t\t<span>Alla lista dei desideri<\/span>\n\t<\/a>\n<\/div>\n\n\t\t\t<!-- COUNT TEXT -->\n\t\t\t\n\t\t\t<\/div>\n\t\t\t\t<\/div>\n\t\t\t\t<\/div>\n\t\t\t\t<\/div>\n\t\t\t\t<\/div>\n\t\t<div class=\"elementor-element elementor-element-115495ef e-con-full e-flex e-con e-child\" data-id=\"115495ef\" data-element_type=\"container\" data-e-type=\"container\">\n\t\t\t\t<div class=\"elementor-element elementor-element-117381f5 elementor-widget__width-initial elementor-widget-mobile__width-inherit elementor-widget elementor-widget-heading\" data-id=\"117381f5\" data-element_type=\"widget\" data-e-type=\"widget\" data-widget_type=\"heading.default\">\n\t\t\t\t<div class=\"elementor-widget-container\">\n\t\t\t\t\t<h3 class=\"elementor-heading-title elementor-size-default\"><a href=\"https:\/\/keramamueblesdejardin.com\/it\/saloni-allaperto\/tavolini-da-giardino\/tavolino-laterale-in-teak-d45-delfos\/\">Tavolino Laterale in Teak D45 &#8211; Delfos<\/a><\/h3>\t\t\t\t<\/div>\n\t\t\t\t<\/div>\n\t\t\t\t<div class=\"elementor-element elementor-element-544acd9a elementor-widget__width-initial elementor-widget-mobile__width-inherit elementor-widget elementor-widget-woocommerce-product-price\" data-id=\"544acd9a\" data-element_type=\"widget\" data-e-type=\"widget\" data-widget_type=\"woocommerce-product-price.default\">\n\t\t\t\t<div class=\"elementor-widget-container\">\n\t\t\t\t\t<p class=\"price\"><span class=\"wcpbc-price wcpbc-price-217785\" data-product-id=\"217785\"><del aria-hidden=\"true\"><span class=\"woocommerce-Price-amount amount\"><bdi>225,00<span class=\"woocommerce-Price-currencySymbol\">&euro;<\/span><\/bdi><\/span><\/del> <span class=\"screen-reader-text\">Il prezzo originale era: 225,00&euro;.<\/span><ins aria-hidden=\"true\"><span class=\"woocommerce-Price-amount amount\"><bdi>209,00<span class=\"woocommerce-Price-currencySymbol\">&euro;<\/span><\/bdi><\/span><\/ins><span class=\"screen-reader-text\">Il prezzo attuale \u00e8: 209,00&euro;.<\/span><\/span><\/p>\n\t\t\t\t<\/div>\n\t\t\t\t<\/div>\n\t\t\t\t<\/div>\n\t\t\t\t\t<\/div>\n\t\t\t\t<\/div>\n\t\t\t\t<\/div>\n\t\t\t\t<div data-elementor-type=\"loop-item\" data-elementor-id=\"191975\" class=\"elementor elementor-191975 elementor-178577 elementor-178577 e-loop-item e-loop-item-217784 post-217784 product type-product status-publish has-post-thumbnail product_cat-saloni-allaperto product_cat-tavolini-da-giardino product_tag-delfi product_tag-legno product_tag-rattan-it product_shipping_class-envio-gratuito-it  instock sale purchasable product-type-simple add-to-wishlist-before_image\" wpc-filter-elementor-widget=\"1\" data-elementor-post-type=\"elementor_library\" data-custom-edit-handle=\"1\">\n\t\t\t<div class=\"elementor-element elementor-element-15d94ef8 e-flex e-con-boxed e-con e-parent\" data-id=\"15d94ef8\" data-element_type=\"container\" data-e-type=\"container\">\n\t\t\t\t\t<div class=\"e-con-inner\">\n\t\t<div class=\"elementor-element elementor-element-29e97a4 e-con-full e-flex e-con e-child\" data-id=\"29e97a4\" data-element_type=\"container\" data-e-type=\"container\">\n\t\t\t\t<div class=\"elementor-element elementor-element-8e6d9e7 elementor-widget elementor-widget-theme-post-featured-image elementor-widget-image\" data-id=\"8e6d9e7\" data-element_type=\"widget\" data-e-type=\"widget\" data-widget_type=\"theme-post-featured-image.default\">\n\t\t\t\t<div class=\"elementor-widget-container\">\n\t\t\t\t\t\t\t\t\t\t\t\t\t\t\t\t<a href=\"https:\/\/keramamueblesdejardin.com\/it\/saloni-allaperto\/tavolini-da-giardino\/tavola-bassa-del-giardino-rotondo-in-legno-di-teak-d100-delfos\/\">\n\t\t\t\t\t\t\t<img loading=\"lazy\" decoding=\"async\" width=\"800\" height=\"800\" src=\"https:\/\/keramamueblesdejardin.com\/wp-content\/uploads\/2026\/01\/delfos-23-1024x1024.webp\" class=\"attachment-large size-large wp-image-217638\" alt=\"\" srcset=\"https:\/\/keramamueblesdejardin.com\/wp-content\/uploads\/2026\/01\/delfos-23-1024x1024.webp 1024w, https:\/\/keramamueblesdejardin.com\/wp-content\/uploads\/2026\/01\/delfos-23-300x300.webp 300w, https:\/\/keramamueblesdejardin.com\/wp-content\/uploads\/2026\/01\/delfos-23-150x150.webp 150w, https:\/\/keramamueblesdejardin.com\/wp-content\/uploads\/2026\/01\/delfos-23-768x768.webp 768w, https:\/\/keramamueblesdejardin.com\/wp-content\/uploads\/2026\/01\/delfos-23-800x800.webp 800w, https:\/\/keramamueblesdejardin.com\/wp-content\/uploads\/2026\/01\/delfos-23-100x100.webp 100w, https:\/\/keramamueblesdejardin.com\/wp-content\/uploads\/2026\/01\/delfos-23-50x50.webp 50w, https:\/\/keramamueblesdejardin.com\/wp-content\/uploads\/2026\/01\/delfos-23.webp 1200w\" sizes=\"(max-width: 800px) 100vw, 800px\" \/>\t\t\t\t\t\t\t\t<\/a>\n\t\t\t\t\t\t\t\t\t\t\t\t\t\t\t<\/div>\n\t\t\t\t<\/div>\n\t\t\t\t<div class=\"elementor-element elementor-element-93c48c7 sale-label elementor-widget elementor-widget-html\" data-id=\"93c48c7\" data-element_type=\"widget\" data-e-type=\"widget\" data-widget_type=\"html.default\">\n\t\t\t\t<div class=\"elementor-widget-container\">\n\t\t\t\t\t-9%\t\t\t\t<\/div>\n\t\t\t\t<\/div>\n\t\t<div class=\"elementor-element elementor-element-8e6fdd1 e-con-full box-botones e-grid e-con e-child\" data-id=\"8e6fdd1\" data-element_type=\"container\" data-e-type=\"container\">\n\t\t\t\t<div class=\"elementor-element elementor-element-084823c elementor-align-justify btn-add-cart elementor-widget elementor-widget-button\" data-id=\"084823c\" data-element_type=\"widget\" data-e-type=\"widget\" data-widget_type=\"button.default\">\n\t\t\t\t<div class=\"elementor-widget-container\">\n\t\t\t\t\t\t\t\t\t<div class=\"elementor-button-wrapper\">\n\t\t\t\t\t<a class=\"elementor-button elementor-button-link elementor-size-sm\" href=\"https:\/\/keramamueblesdejardin.com\/it\/saloni-allaperto\/tavolini-da-giardino\/tavola-bassa-del-giardino-rotondo-in-legno-di-teak-d100-delfos\/\">\n\t\t\t\t\t\t<span class=\"elementor-button-content-wrapper\">\n\t\t\t\t\t\t<span class=\"elementor-button-icon\">\n\t\t\t\t<svg xmlns=\"http:\/\/www.w3.org\/2000\/svg\" width=\"20\" height=\"23\" viewBox=\"0 0 20 23\" fill=\"none\"><path d=\"M2.01937 22.5C1.46 22.5 0.983542 22.3033 0.59 21.91C0.196667 21.5165 0 21.04 0 20.4806V7.01937C0 6.46 0.196667 5.98354 0.59 5.59C0.983542 5.19667 1.46 5 2.01937 5H5C5 3.60729 5.48521 2.42583 6.45562 1.45563C7.42583 0.485209 8.60729 0 10 0C11.3927 0 12.5742 0.485209 13.5444 1.45563C14.5148 2.42583 15 3.60729 15 5H17.9806C18.54 5 19.0165 5.19667 19.41 5.59C19.8033 5.98354 20 6.46 20 7.01937V20.4806C20 21.04 19.8033 21.5165 19.41 21.91C19.0165 22.3033 18.54 22.5 17.9806 22.5H2.01937ZM2.01937 21.25H17.9806C18.1731 21.25 18.3495 21.1699 18.5097 21.0097C18.6699 20.8495 18.75 20.6731 18.75 20.4806V7.01937C18.75 6.82687 18.6699 6.65052 18.5097 6.49031C18.3495 6.3301 18.1731 6.25 17.9806 6.25H2.01937C1.82687 6.25 1.65052 6.3301 1.49031 6.49031C1.3301 6.65052 1.25 6.82687 1.25 7.01937V20.4806C1.25 20.6731 1.3301 20.8495 1.49031 21.0097C1.65052 21.1699 1.82687 21.25 2.01937 21.25ZM10 12.5C11.3927 12.5 12.5742 12.0148 13.5444 11.0444C14.5148 10.0742 15 8.89271 15 7.5H13.75C13.75 8.54167 13.3854 9.42708 12.6562 10.1562C11.9271 10.8854 11.0417 11.25 10 11.25C8.95833 11.25 8.07292 10.8854 7.34375 10.1562C6.61458 9.42708 6.25 8.54167 6.25 7.5H5C5 8.89271 5.48521 10.0742 6.45562 11.0444C7.42583 12.0148 8.60729 12.5 10 12.5ZM6.25 5H13.75C13.75 3.95833 13.3854 3.07292 12.6562 2.34375C11.9271 1.61458 11.0417 1.25 10 1.25C8.95833 1.25 8.07292 1.61458 7.34375 2.34375C6.61458 3.07292 6.25 3.95833 6.25 5Z\" fill=\"#EEDFCD\"><\/path><\/svg>\t\t\t<\/span>\n\t\t\t\t\t\t\t\t\t<span class=\"elementor-button-text\">AGGIUNGI AL CARRELLO<\/span>\n\t\t\t\t\t<\/span>\n\t\t\t\t\t<\/a>\n\t\t\t\t<\/div>\n\t\t\t\t\t\t\t\t<\/div>\n\t\t\t\t<\/div>\n\t\t\t\t<div class=\"elementor-element elementor-element-490c284 btn-whishlist elementor-widget elementor-widget-html\" data-id=\"490c284\" data-element_type=\"widget\" data-e-type=\"widget\" data-widget_type=\"html.default\">\n\t\t\t\t<div class=\"elementor-widget-container\">\n\t\t\t\t\t\n<div\n\tclass=\"yith-wcwl-add-to-wishlist add-to-wishlist-217784 yith-wcwl-add-to-wishlist--button_default-style wishlist-fragment on-first-load\"\n\tdata-fragment-ref=\"217784\"\n\tdata-fragment-options=\"{&quot;base_url&quot;:&quot;&quot;,&quot;product_id&quot;:217784,&quot;parent_product_id&quot;:0,&quot;product_type&quot;:&quot;simple&quot;,&quot;is_single&quot;:false,&quot;in_default_wishlist&quot;:false,&quot;show_view&quot;:false,&quot;browse_wishlist_text&quot;:&quot;Echar un vistazo a la lista de deseos&quot;,&quot;already_in_wishslist_text&quot;:&quot;Il prodotto \\u00e8 gi\\u00e0 nella lista dei desideri&quot;,&quot;product_added_text&quot;:&quot;Prodotto aggiunto&quot;,&quot;available_multi_wishlist&quot;:false,&quot;disable_wishlist&quot;:false,&quot;show_count&quot;:false,&quot;ajax_loading&quot;:false,&quot;loop_position&quot;:&quot;before_image&quot;,&quot;item&quot;:&quot;add_to_wishlist&quot;}\"\n>\n\t\t\t\n\t\t\t<!-- ADD TO WISHLIST -->\n\t\t\t\n<div class=\"yith-wcwl-add-button\">\n\t\t<a\n\t\thref=\"?add_to_wishlist=217784&#038;_wpnonce=7bf8e9dac5\"\n\t\tclass=\"add_to_wishlist single_add_to_wishlist alt theme-button-style \"\n\t\tdata-product-id=\"217784\"\n\t\tdata-product-type=\"simple\"\n\t\tdata-original-product-id=\"0\"\n\t\tdata-title=\"Alla lista dei desideri\"\n\t\trel=\"nofollow\"\n\t>\n\t\t<svg id=\"yith-wcwl-icon-heart-outline\" class=\"yith-wcwl-icon-svg\" fill=\"none\" stroke-width=\"1.5\" stroke=\"currentColor\" viewBox=\"0 0 24 24\" xmlns=\"http:\/\/www.w3.org\/2000\/svg\">\n  <path stroke-linecap=\"round\" stroke-linejoin=\"round\" d=\"M21 8.25c0-2.485-2.099-4.5-4.688-4.5-1.935 0-3.597 1.126-4.312 2.733-.715-1.607-2.377-2.733-4.313-2.733C5.1 3.75 3 5.765 3 8.25c0 7.22 9 12 9 12s9-4.78 9-12Z\"><\/path>\n<\/svg>\t\t<span>Alla lista dei desideri<\/span>\n\t<\/a>\n<\/div>\n\n\t\t\t<!-- COUNT TEXT -->\n\t\t\t\n\t\t\t<\/div>\n\t\t\t\t<\/div>\n\t\t\t\t<\/div>\n\t\t\t\t<\/div>\n\t\t\t\t<\/div>\n\t\t<div class=\"elementor-element elementor-element-115495ef e-con-full e-flex e-con e-child\" data-id=\"115495ef\" data-element_type=\"container\" data-e-type=\"container\">\n\t\t\t\t<div class=\"elementor-element elementor-element-117381f5 elementor-widget__width-initial elementor-widget-mobile__width-inherit elementor-widget elementor-widget-heading\" data-id=\"117381f5\" data-element_type=\"widget\" data-e-type=\"widget\" data-widget_type=\"heading.default\">\n\t\t\t\t<div class=\"elementor-widget-container\">\n\t\t\t\t\t<h3 class=\"elementor-heading-title elementor-size-default\"><a href=\"https:\/\/keramamueblesdejardin.com\/it\/saloni-allaperto\/tavolini-da-giardino\/tavola-bassa-del-giardino-rotondo-in-legno-di-teak-d100-delfos\/\">Tavola bassa del giardino rotondo in legno di teak D100 &#8211; Delfos<\/a><\/h3>\t\t\t\t<\/div>\n\t\t\t\t<\/div>\n\t\t\t\t<div class=\"elementor-element elementor-element-544acd9a elementor-widget__width-initial elementor-widget-mobile__width-inherit elementor-widget elementor-widget-woocommerce-product-price\" data-id=\"544acd9a\" data-element_type=\"widget\" data-e-type=\"widget\" data-widget_type=\"woocommerce-product-price.default\">\n\t\t\t\t<div class=\"elementor-widget-container\">\n\t\t\t\t\t<p class=\"price\"><span class=\"wcpbc-price wcpbc-price-217784\" data-product-id=\"217784\"><del aria-hidden=\"true\"><span class=\"woocommerce-Price-amount amount\"><bdi>627,00<span class=\"woocommerce-Price-currencySymbol\">&euro;<\/span><\/bdi><\/span><\/del> <span class=\"screen-reader-text\">Il prezzo originale era: 627,00&euro;.<\/span><ins aria-hidden=\"true\"><span class=\"woocommerce-Price-amount amount\"><bdi>569,00<span class=\"woocommerce-Price-currencySymbol\">&euro;<\/span><\/bdi><\/span><\/ins><span class=\"screen-reader-text\">Il prezzo attuale \u00e8: 569,00&euro;.<\/span><\/span><\/p>\n\t\t\t\t<\/div>\n\t\t\t\t<\/div>\n\t\t\t\t<\/div>\n\t\t\t\t\t<\/div>\n\t\t\t\t<\/div>\n\t\t\t\t<\/div>\n\t\t\t\t<div data-elementor-type=\"loop-item\" data-elementor-id=\"191975\" class=\"elementor elementor-191975 elementor-178577 elementor-178577 e-loop-item e-loop-item-217778 post-217778 product type-product status-publish has-post-thumbnail product_cat-lettini product_cat-sedie-a-sdraio-e-riposo product_tag-delfi product_tag-legno product_tag-rattan-it product_shipping_class-envio-gratuito-it  instock sale purchasable product-type-simple add-to-wishlist-before_image\" wpc-filter-elementor-widget=\"1\" data-elementor-post-type=\"elementor_library\" data-custom-edit-handle=\"1\">\n\t\t\t<div class=\"elementor-element elementor-element-15d94ef8 e-flex e-con-boxed e-con e-parent\" data-id=\"15d94ef8\" data-element_type=\"container\" data-e-type=\"container\">\n\t\t\t\t\t<div class=\"e-con-inner\">\n\t\t<div class=\"elementor-element elementor-element-29e97a4 e-con-full e-flex e-con e-child\" data-id=\"29e97a4\" data-element_type=\"container\" data-e-type=\"container\">\n\t\t\t\t<div class=\"elementor-element elementor-element-8e6d9e7 elementor-widget elementor-widget-theme-post-featured-image elementor-widget-image\" data-id=\"8e6d9e7\" data-element_type=\"widget\" data-e-type=\"widget\" data-widget_type=\"theme-post-featured-image.default\">\n\t\t\t\t<div class=\"elementor-widget-container\">\n\t\t\t\t\t\t\t\t\t\t\t\t\t\t\t\t<a href=\"https:\/\/keramamueblesdejardin.com\/it\/sedie-a-sdraio-e-riposo\/lettini\/sdraio-in-legno-di-teak-e-rattan-delfos\/\">\n\t\t\t\t\t\t\t<img loading=\"lazy\" decoding=\"async\" width=\"800\" height=\"800\" src=\"https:\/\/keramamueblesdejardin.com\/wp-content\/uploads\/2026\/01\/delfos-14-1024x1024.webp\" class=\"attachment-large size-large wp-image-217584\" alt=\"\" srcset=\"https:\/\/keramamueblesdejardin.com\/wp-content\/uploads\/2026\/01\/delfos-14-1024x1024.webp 1024w, https:\/\/keramamueblesdejardin.com\/wp-content\/uploads\/2026\/01\/delfos-14-300x300.webp 300w, https:\/\/keramamueblesdejardin.com\/wp-content\/uploads\/2026\/01\/delfos-14-150x150.webp 150w, https:\/\/keramamueblesdejardin.com\/wp-content\/uploads\/2026\/01\/delfos-14-768x768.webp 768w, https:\/\/keramamueblesdejardin.com\/wp-content\/uploads\/2026\/01\/delfos-14-800x800.webp 800w, https:\/\/keramamueblesdejardin.com\/wp-content\/uploads\/2026\/01\/delfos-14-100x100.webp 100w, https:\/\/keramamueblesdejardin.com\/wp-content\/uploads\/2026\/01\/delfos-14-50x50.webp 50w, https:\/\/keramamueblesdejardin.com\/wp-content\/uploads\/2026\/01\/delfos-14.webp 1200w\" sizes=\"(max-width: 800px) 100vw, 800px\" \/>\t\t\t\t\t\t\t\t<\/a>\n\t\t\t\t\t\t\t\t\t\t\t\t\t\t\t<\/div>\n\t\t\t\t<\/div>\n\t\t\t\t<div class=\"elementor-element elementor-element-93c48c7 sale-label elementor-widget elementor-widget-html\" data-id=\"93c48c7\" data-element_type=\"widget\" data-e-type=\"widget\" data-widget_type=\"html.default\">\n\t\t\t\t<div class=\"elementor-widget-container\">\n\t\t\t\t\t-10%\t\t\t\t<\/div>\n\t\t\t\t<\/div>\n\t\t<div class=\"elementor-element elementor-element-8e6fdd1 e-con-full box-botones e-grid e-con e-child\" data-id=\"8e6fdd1\" data-element_type=\"container\" data-e-type=\"container\">\n\t\t\t\t<div class=\"elementor-element elementor-element-084823c elementor-align-justify btn-add-cart elementor-widget elementor-widget-button\" data-id=\"084823c\" data-element_type=\"widget\" data-e-type=\"widget\" data-widget_type=\"button.default\">\n\t\t\t\t<div class=\"elementor-widget-container\">\n\t\t\t\t\t\t\t\t\t<div class=\"elementor-button-wrapper\">\n\t\t\t\t\t<a class=\"elementor-button elementor-button-link elementor-size-sm\" href=\"https:\/\/keramamueblesdejardin.com\/it\/sedie-a-sdraio-e-riposo\/lettini\/sdraio-in-legno-di-teak-e-rattan-delfos\/\">\n\t\t\t\t\t\t<span class=\"elementor-button-content-wrapper\">\n\t\t\t\t\t\t<span class=\"elementor-button-icon\">\n\t\t\t\t<svg xmlns=\"http:\/\/www.w3.org\/2000\/svg\" width=\"20\" height=\"23\" viewBox=\"0 0 20 23\" fill=\"none\"><path d=\"M2.01937 22.5C1.46 22.5 0.983542 22.3033 0.59 21.91C0.196667 21.5165 0 21.04 0 20.4806V7.01937C0 6.46 0.196667 5.98354 0.59 5.59C0.983542 5.19667 1.46 5 2.01937 5H5C5 3.60729 5.48521 2.42583 6.45562 1.45563C7.42583 0.485209 8.60729 0 10 0C11.3927 0 12.5742 0.485209 13.5444 1.45563C14.5148 2.42583 15 3.60729 15 5H17.9806C18.54 5 19.0165 5.19667 19.41 5.59C19.8033 5.98354 20 6.46 20 7.01937V20.4806C20 21.04 19.8033 21.5165 19.41 21.91C19.0165 22.3033 18.54 22.5 17.9806 22.5H2.01937ZM2.01937 21.25H17.9806C18.1731 21.25 18.3495 21.1699 18.5097 21.0097C18.6699 20.8495 18.75 20.6731 18.75 20.4806V7.01937C18.75 6.82687 18.6699 6.65052 18.5097 6.49031C18.3495 6.3301 18.1731 6.25 17.9806 6.25H2.01937C1.82687 6.25 1.65052 6.3301 1.49031 6.49031C1.3301 6.65052 1.25 6.82687 1.25 7.01937V20.4806C1.25 20.6731 1.3301 20.8495 1.49031 21.0097C1.65052 21.1699 1.82687 21.25 2.01937 21.25ZM10 12.5C11.3927 12.5 12.5742 12.0148 13.5444 11.0444C14.5148 10.0742 15 8.89271 15 7.5H13.75C13.75 8.54167 13.3854 9.42708 12.6562 10.1562C11.9271 10.8854 11.0417 11.25 10 11.25C8.95833 11.25 8.07292 10.8854 7.34375 10.1562C6.61458 9.42708 6.25 8.54167 6.25 7.5H5C5 8.89271 5.48521 10.0742 6.45562 11.0444C7.42583 12.0148 8.60729 12.5 10 12.5ZM6.25 5H13.75C13.75 3.95833 13.3854 3.07292 12.6562 2.34375C11.9271 1.61458 11.0417 1.25 10 1.25C8.95833 1.25 8.07292 1.61458 7.34375 2.34375C6.61458 3.07292 6.25 3.95833 6.25 5Z\" fill=\"#EEDFCD\"><\/path><\/svg>\t\t\t<\/span>\n\t\t\t\t\t\t\t\t\t<span class=\"elementor-button-text\">AGGIUNGI AL CARRELLO<\/span>\n\t\t\t\t\t<\/span>\n\t\t\t\t\t<\/a>\n\t\t\t\t<\/div>\n\t\t\t\t\t\t\t\t<\/div>\n\t\t\t\t<\/div>\n\t\t\t\t<div class=\"elementor-element elementor-element-490c284 btn-whishlist elementor-widget elementor-widget-html\" data-id=\"490c284\" data-element_type=\"widget\" data-e-type=\"widget\" data-widget_type=\"html.default\">\n\t\t\t\t<div class=\"elementor-widget-container\">\n\t\t\t\t\t\n<div\n\tclass=\"yith-wcwl-add-to-wishlist add-to-wishlist-217778 yith-wcwl-add-to-wishlist--button_default-style wishlist-fragment on-first-load\"\n\tdata-fragment-ref=\"217778\"\n\tdata-fragment-options=\"{&quot;base_url&quot;:&quot;&quot;,&quot;product_id&quot;:217778,&quot;parent_product_id&quot;:0,&quot;product_type&quot;:&quot;simple&quot;,&quot;is_single&quot;:false,&quot;in_default_wishlist&quot;:false,&quot;show_view&quot;:false,&quot;browse_wishlist_text&quot;:&quot;Echar un vistazo a la lista de deseos&quot;,&quot;already_in_wishslist_text&quot;:&quot;Il prodotto \\u00e8 gi\\u00e0 nella lista dei desideri&quot;,&quot;product_added_text&quot;:&quot;Prodotto aggiunto&quot;,&quot;available_multi_wishlist&quot;:false,&quot;disable_wishlist&quot;:false,&quot;show_count&quot;:false,&quot;ajax_loading&quot;:false,&quot;loop_position&quot;:&quot;before_image&quot;,&quot;item&quot;:&quot;add_to_wishlist&quot;}\"\n>\n\t\t\t\n\t\t\t<!-- ADD TO WISHLIST -->\n\t\t\t\n<div class=\"yith-wcwl-add-button\">\n\t\t<a\n\t\thref=\"?add_to_wishlist=217778&#038;_wpnonce=7bf8e9dac5\"\n\t\tclass=\"add_to_wishlist single_add_to_wishlist alt theme-button-style \"\n\t\tdata-product-id=\"217778\"\n\t\tdata-product-type=\"simple\"\n\t\tdata-original-product-id=\"0\"\n\t\tdata-title=\"Alla lista dei desideri\"\n\t\trel=\"nofollow\"\n\t>\n\t\t<svg id=\"yith-wcwl-icon-heart-outline\" class=\"yith-wcwl-icon-svg\" fill=\"none\" stroke-width=\"1.5\" stroke=\"currentColor\" viewBox=\"0 0 24 24\" xmlns=\"http:\/\/www.w3.org\/2000\/svg\">\n  <path stroke-linecap=\"round\" stroke-linejoin=\"round\" d=\"M21 8.25c0-2.485-2.099-4.5-4.688-4.5-1.935 0-3.597 1.126-4.312 2.733-.715-1.607-2.377-2.733-4.313-2.733C5.1 3.75 3 5.765 3 8.25c0 7.22 9 12 9 12s9-4.78 9-12Z\"><\/path>\n<\/svg>\t\t<span>Alla lista dei desideri<\/span>\n\t<\/a>\n<\/div>\n\n\t\t\t<!-- COUNT TEXT -->\n\t\t\t\n\t\t\t<\/div>\n\t\t\t\t<\/div>\n\t\t\t\t<\/div>\n\t\t\t\t<\/div>\n\t\t\t\t<\/div>\n\t\t<div class=\"elementor-element elementor-element-115495ef e-con-full e-flex e-con e-child\" data-id=\"115495ef\" data-element_type=\"container\" data-e-type=\"container\">\n\t\t\t\t<div class=\"elementor-element elementor-element-117381f5 elementor-widget__width-initial elementor-widget-mobile__width-inherit elementor-widget elementor-widget-heading\" data-id=\"117381f5\" data-element_type=\"widget\" data-e-type=\"widget\" data-widget_type=\"heading.default\">\n\t\t\t\t<div class=\"elementor-widget-container\">\n\t\t\t\t\t<h3 class=\"elementor-heading-title elementor-size-default\"><a href=\"https:\/\/keramamueblesdejardin.com\/it\/sedie-a-sdraio-e-riposo\/lettini\/sdraio-in-legno-di-teak-e-rattan-delfos\/\">Sdraio in legno di teak e rattan &#8211; Delfos<\/a><\/h3>\t\t\t\t<\/div>\n\t\t\t\t<\/div>\n\t\t\t\t<div class=\"elementor-element elementor-element-544acd9a elementor-widget__width-initial elementor-widget-mobile__width-inherit elementor-widget elementor-widget-woocommerce-product-price\" data-id=\"544acd9a\" data-element_type=\"widget\" data-e-type=\"widget\" data-widget_type=\"woocommerce-product-price.default\">\n\t\t\t\t<div class=\"elementor-widget-container\">\n\t\t\t\t\t<p class=\"price\"><span class=\"wcpbc-price wcpbc-price-217778\" data-product-id=\"217778\"><del aria-hidden=\"true\"><span class=\"woocommerce-Price-amount amount\"><bdi>1.596,00<span class=\"woocommerce-Price-currencySymbol\">&euro;<\/span><\/bdi><\/span><\/del> <span class=\"screen-reader-text\">Il prezzo originale era: 1.596,00&euro;.<\/span><ins aria-hidden=\"true\"><span class=\"woocommerce-Price-amount amount\"><bdi>1.439,00<span class=\"woocommerce-Price-currencySymbol\">&euro;<\/span><\/bdi><\/span><\/ins><span class=\"screen-reader-text\">Il prezzo attuale \u00e8: 1.439,00&euro;.<\/span><\/span><\/p>\n\t\t\t\t<\/div>\n\t\t\t\t<\/div>\n\t\t\t\t<\/div>\n\t\t\t\t\t<\/div>\n\t\t\t\t<\/div>\n\t\t\t\t<\/div>\n\t\t\t\t<div data-elementor-type=\"loop-item\" data-elementor-id=\"191975\" class=\"elementor elementor-191975 elementor-178577 elementor-178577 e-loop-item e-loop-item-217777 post-217777 product type-product status-publish has-post-thumbnail product_cat-divani-da-giardino product_cat-saloni-allaperto product_tag-delfi product_tag-legno product_tag-rattan-it product_shipping_class-envio-gratuito-it last instock sale purchasable product-type-simple add-to-wishlist-before_image\" wpc-filter-elementor-widget=\"1\" data-elementor-post-type=\"elementor_library\" data-custom-edit-handle=\"1\">\n\t\t\t<div class=\"elementor-element elementor-element-15d94ef8 e-flex e-con-boxed e-con e-parent\" data-id=\"15d94ef8\" data-element_type=\"container\" data-e-type=\"container\">\n\t\t\t\t\t<div class=\"e-con-inner\">\n\t\t<div class=\"elementor-element elementor-element-29e97a4 e-con-full e-flex e-con e-child\" data-id=\"29e97a4\" data-element_type=\"container\" data-e-type=\"container\">\n\t\t\t\t<div class=\"elementor-element elementor-element-8e6d9e7 elementor-widget elementor-widget-theme-post-featured-image elementor-widget-image\" data-id=\"8e6d9e7\" data-element_type=\"widget\" data-e-type=\"widget\" data-widget_type=\"theme-post-featured-image.default\">\n\t\t\t\t<div class=\"elementor-widget-container\">\n\t\t\t\t\t\t\t\t\t\t\t\t\t\t\t\t<a href=\"https:\/\/keramamueblesdejardin.com\/it\/saloni-allaperto\/divani-da-giardino\/divano-da-giardino-a-3-posti-in-legno-di-teak-e-rattan-delfos\/\">\n\t\t\t\t\t\t\t<img loading=\"lazy\" decoding=\"async\" width=\"800\" height=\"800\" src=\"https:\/\/keramamueblesdejardin.com\/wp-content\/uploads\/2026\/01\/delfos-jardin-y-cuerda-sofa-3-1024x1024.webp\" class=\"attachment-large size-large wp-image-217500\" alt=\"\" srcset=\"https:\/\/keramamueblesdejardin.com\/wp-content\/uploads\/2026\/01\/delfos-jardin-y-cuerda-sofa-3-1024x1024.webp 1024w, https:\/\/keramamueblesdejardin.com\/wp-content\/uploads\/2026\/01\/delfos-jardin-y-cuerda-sofa-3-300x300.webp 300w, https:\/\/keramamueblesdejardin.com\/wp-content\/uploads\/2026\/01\/delfos-jardin-y-cuerda-sofa-3-150x150.webp 150w, https:\/\/keramamueblesdejardin.com\/wp-content\/uploads\/2026\/01\/delfos-jardin-y-cuerda-sofa-3-768x768.webp 768w, https:\/\/keramamueblesdejardin.com\/wp-content\/uploads\/2026\/01\/delfos-jardin-y-cuerda-sofa-3-800x800.webp 800w, https:\/\/keramamueblesdejardin.com\/wp-content\/uploads\/2026\/01\/delfos-jardin-y-cuerda-sofa-3-100x100.webp 100w, https:\/\/keramamueblesdejardin.com\/wp-content\/uploads\/2026\/01\/delfos-jardin-y-cuerda-sofa-3-50x50.webp 50w, https:\/\/keramamueblesdejardin.com\/wp-content\/uploads\/2026\/01\/delfos-jardin-y-cuerda-sofa-3.webp 1200w\" sizes=\"(max-width: 800px) 100vw, 800px\" \/>\t\t\t\t\t\t\t\t<\/a>\n\t\t\t\t\t\t\t\t\t\t\t\t\t\t\t<\/div>\n\t\t\t\t<\/div>\n\t\t\t\t<div class=\"elementor-element elementor-element-93c48c7 sale-label elementor-widget elementor-widget-html\" data-id=\"93c48c7\" data-element_type=\"widget\" data-e-type=\"widget\" data-widget_type=\"html.default\">\n\t\t\t\t<div class=\"elementor-widget-container\">\n\t\t\t\t\t-7%\t\t\t\t<\/div>\n\t\t\t\t<\/div>\n\t\t<div class=\"elementor-element elementor-element-8e6fdd1 e-con-full box-botones e-grid e-con e-child\" data-id=\"8e6fdd1\" data-element_type=\"container\" data-e-type=\"container\">\n\t\t\t\t<div class=\"elementor-element elementor-element-084823c elementor-align-justify btn-add-cart elementor-widget elementor-widget-button\" data-id=\"084823c\" data-element_type=\"widget\" data-e-type=\"widget\" data-widget_type=\"button.default\">\n\t\t\t\t<div class=\"elementor-widget-container\">\n\t\t\t\t\t\t\t\t\t<div class=\"elementor-button-wrapper\">\n\t\t\t\t\t<a class=\"elementor-button elementor-button-link elementor-size-sm\" href=\"https:\/\/keramamueblesdejardin.com\/it\/saloni-allaperto\/divani-da-giardino\/divano-da-giardino-a-3-posti-in-legno-di-teak-e-rattan-delfos\/\">\n\t\t\t\t\t\t<span class=\"elementor-button-content-wrapper\">\n\t\t\t\t\t\t<span class=\"elementor-button-icon\">\n\t\t\t\t<svg xmlns=\"http:\/\/www.w3.org\/2000\/svg\" width=\"20\" height=\"23\" viewBox=\"0 0 20 23\" fill=\"none\"><path d=\"M2.01937 22.5C1.46 22.5 0.983542 22.3033 0.59 21.91C0.196667 21.5165 0 21.04 0 20.4806V7.01937C0 6.46 0.196667 5.98354 0.59 5.59C0.983542 5.19667 1.46 5 2.01937 5H5C5 3.60729 5.48521 2.42583 6.45562 1.45563C7.42583 0.485209 8.60729 0 10 0C11.3927 0 12.5742 0.485209 13.5444 1.45563C14.5148 2.42583 15 3.60729 15 5H17.9806C18.54 5 19.0165 5.19667 19.41 5.59C19.8033 5.98354 20 6.46 20 7.01937V20.4806C20 21.04 19.8033 21.5165 19.41 21.91C19.0165 22.3033 18.54 22.5 17.9806 22.5H2.01937ZM2.01937 21.25H17.9806C18.1731 21.25 18.3495 21.1699 18.5097 21.0097C18.6699 20.8495 18.75 20.6731 18.75 20.4806V7.01937C18.75 6.82687 18.6699 6.65052 18.5097 6.49031C18.3495 6.3301 18.1731 6.25 17.9806 6.25H2.01937C1.82687 6.25 1.65052 6.3301 1.49031 6.49031C1.3301 6.65052 1.25 6.82687 1.25 7.01937V20.4806C1.25 20.6731 1.3301 20.8495 1.49031 21.0097C1.65052 21.1699 1.82687 21.25 2.01937 21.25ZM10 12.5C11.3927 12.5 12.5742 12.0148 13.5444 11.0444C14.5148 10.0742 15 8.89271 15 7.5H13.75C13.75 8.54167 13.3854 9.42708 12.6562 10.1562C11.9271 10.8854 11.0417 11.25 10 11.25C8.95833 11.25 8.07292 10.8854 7.34375 10.1562C6.61458 9.42708 6.25 8.54167 6.25 7.5H5C5 8.89271 5.48521 10.0742 6.45562 11.0444C7.42583 12.0148 8.60729 12.5 10 12.5ZM6.25 5H13.75C13.75 3.95833 13.3854 3.07292 12.6562 2.34375C11.9271 1.61458 11.0417 1.25 10 1.25C8.95833 1.25 8.07292 1.61458 7.34375 2.34375C6.61458 3.07292 6.25 3.95833 6.25 5Z\" fill=\"#EEDFCD\"><\/path><\/svg>\t\t\t<\/span>\n\t\t\t\t\t\t\t\t\t<span class=\"elementor-button-text\">AGGIUNGI AL CARRELLO<\/span>\n\t\t\t\t\t<\/span>\n\t\t\t\t\t<\/a>\n\t\t\t\t<\/div>\n\t\t\t\t\t\t\t\t<\/div>\n\t\t\t\t<\/div>\n\t\t\t\t<div class=\"elementor-element elementor-element-490c284 btn-whishlist elementor-widget elementor-widget-html\" data-id=\"490c284\" data-element_type=\"widget\" data-e-type=\"widget\" data-widget_type=\"html.default\">\n\t\t\t\t<div class=\"elementor-widget-container\">\n\t\t\t\t\t\n<div\n\tclass=\"yith-wcwl-add-to-wishlist add-to-wishlist-217777 yith-wcwl-add-to-wishlist--button_default-style wishlist-fragment on-first-load\"\n\tdata-fragment-ref=\"217777\"\n\tdata-fragment-options=\"{&quot;base_url&quot;:&quot;&quot;,&quot;product_id&quot;:217777,&quot;parent_product_id&quot;:0,&quot;product_type&quot;:&quot;simple&quot;,&quot;is_single&quot;:false,&quot;in_default_wishlist&quot;:false,&quot;show_view&quot;:false,&quot;browse_wishlist_text&quot;:&quot;Echar un vistazo a la lista de deseos&quot;,&quot;already_in_wishslist_text&quot;:&quot;Il prodotto \\u00e8 gi\\u00e0 nella lista dei desideri&quot;,&quot;product_added_text&quot;:&quot;Prodotto aggiunto&quot;,&quot;available_multi_wishlist&quot;:false,&quot;disable_wishlist&quot;:false,&quot;show_count&quot;:false,&quot;ajax_loading&quot;:false,&quot;loop_position&quot;:&quot;before_image&quot;,&quot;item&quot;:&quot;add_to_wishlist&quot;}\"\n>\n\t\t\t\n\t\t\t<!-- ADD TO WISHLIST -->\n\t\t\t\n<div class=\"yith-wcwl-add-button\">\n\t\t<a\n\t\thref=\"?add_to_wishlist=217777&#038;_wpnonce=7bf8e9dac5\"\n\t\tclass=\"add_to_wishlist single_add_to_wishlist alt theme-button-style \"\n\t\tdata-product-id=\"217777\"\n\t\tdata-product-type=\"simple\"\n\t\tdata-original-product-id=\"0\"\n\t\tdata-title=\"Alla lista dei desideri\"\n\t\trel=\"nofollow\"\n\t>\n\t\t<svg id=\"yith-wcwl-icon-heart-outline\" class=\"yith-wcwl-icon-svg\" fill=\"none\" stroke-width=\"1.5\" stroke=\"currentColor\" viewBox=\"0 0 24 24\" xmlns=\"http:\/\/www.w3.org\/2000\/svg\">\n  <path stroke-linecap=\"round\" stroke-linejoin=\"round\" d=\"M21 8.25c0-2.485-2.099-4.5-4.688-4.5-1.935 0-3.597 1.126-4.312 2.733-.715-1.607-2.377-2.733-4.313-2.733C5.1 3.75 3 5.765 3 8.25c0 7.22 9 12 9 12s9-4.78 9-12Z\"><\/path>\n<\/svg>\t\t<span>Alla lista dei desideri<\/span>\n\t<\/a>\n<\/div>\n\n\t\t\t<!-- COUNT TEXT -->\n\t\t\t\n\t\t\t<\/div>\n\t\t\t\t<\/div>\n\t\t\t\t<\/div>\n\t\t\t\t<\/div>\n\t\t\t\t<\/div>\n\t\t<div class=\"elementor-element elementor-element-115495ef e-con-full e-flex e-con e-child\" data-id=\"115495ef\" data-element_type=\"container\" data-e-type=\"container\">\n\t\t\t\t<div class=\"elementor-element elementor-element-117381f5 elementor-widget__width-initial elementor-widget-mobile__width-inherit elementor-widget elementor-widget-heading\" data-id=\"117381f5\" data-element_type=\"widget\" data-e-type=\"widget\" data-widget_type=\"heading.default\">\n\t\t\t\t<div class=\"elementor-widget-container\">\n\t\t\t\t\t<h3 class=\"elementor-heading-title elementor-size-default\"><a href=\"https:\/\/keramamueblesdejardin.com\/it\/saloni-allaperto\/divani-da-giardino\/divano-da-giardino-a-3-posti-in-legno-di-teak-e-rattan-delfos\/\">Divano da giardino a 3 posti in legno di teak e rattan &#8211; Delfos<\/a><\/h3>\t\t\t\t<\/div>\n\t\t\t\t<\/div>\n\t\t\t\t<div class=\"elementor-element elementor-element-544acd9a elementor-widget__width-initial elementor-widget-mobile__width-inherit elementor-widget elementor-widget-woocommerce-product-price\" data-id=\"544acd9a\" data-element_type=\"widget\" data-e-type=\"widget\" data-widget_type=\"woocommerce-product-price.default\">\n\t\t\t\t<div class=\"elementor-widget-container\">\n\t\t\t\t\t<p class=\"price\"><span class=\"wcpbc-price wcpbc-price-217777\" data-product-id=\"217777\"><del aria-hidden=\"true\"><span class=\"woocommerce-Price-amount amount\"><bdi>2.287,00<span class=\"woocommerce-Price-currencySymbol\">&euro;<\/span><\/bdi><\/span><\/del> <span class=\"screen-reader-text\">Il prezzo originale era: 2.287,00&euro;.<\/span><ins aria-hidden=\"true\"><span class=\"woocommerce-Price-amount amount\"><bdi>2.119,00<span class=\"woocommerce-Price-currencySymbol\">&euro;<\/span><\/bdi><\/span><\/ins><span class=\"screen-reader-text\">Il prezzo attuale \u00e8: 2.119,00&euro;.<\/span><\/span><\/p>\n\t\t\t\t<\/div>\n\t\t\t\t<\/div>\n\t\t\t\t<\/div>\n\t\t\t\t\t<\/div>\n\t\t\t\t<\/div>\n\t\t\t\t<\/div>\n\t\t\t\t<div data-elementor-type=\"loop-item\" data-elementor-id=\"191975\" class=\"elementor elementor-191975 elementor-178577 elementor-178577 e-loop-item e-loop-item-177664 post-177664 product type-product status-publish has-post-thumbnail product_cat-sale-da-pranzo-allaperto product_cat-set-di-tavoli-e-sedie-da-giardino product_shipping_class-envio-gratuito-it first instock sale purchasable product-type-simple add-to-wishlist-before_image\" wpc-filter-elementor-widget=\"1\" data-elementor-post-type=\"elementor_library\" data-custom-edit-handle=\"1\">\n\t\t\t<div class=\"elementor-element elementor-element-15d94ef8 e-flex e-con-boxed e-con e-parent\" data-id=\"15d94ef8\" data-element_type=\"container\" data-e-type=\"container\">\n\t\t\t\t\t<div class=\"e-con-inner\">\n\t\t<div class=\"elementor-element elementor-element-29e97a4 e-con-full e-flex e-con e-child\" data-id=\"29e97a4\" data-element_type=\"container\" data-e-type=\"container\">\n\t\t\t\t<div class=\"elementor-element elementor-element-8e6d9e7 elementor-widget elementor-widget-theme-post-featured-image elementor-widget-image\" data-id=\"8e6d9e7\" data-element_type=\"widget\" data-e-type=\"widget\" data-widget_type=\"theme-post-featured-image.default\">\n\t\t\t\t<div class=\"elementor-widget-container\">\n\t\t\t\t\t\t\t\t\t\t\t\t\t\t\t\t<a href=\"https:\/\/keramamueblesdejardin.com\/it\/sale-da-pranzo-allaperto\/set-di-tavoli-e-sedie-da-giardino\/sala-da-pranzo-8-posti-alluminio-bianco-e-polipropilene-vermontontario-2\/\">\n\t\t\t\t\t\t\t<img loading=\"lazy\" decoding=\"async\" width=\"800\" height=\"800\" src=\"https:\/\/keramamueblesdejardin.com\/wp-content\/uploads\/2025\/03\/vermont_0012_set-de-comedor-jardin-extensible-8-plazas-antracita-9-1024x1024.jpg\" class=\"attachment-large size-large wp-image-177257\" alt=\"\" srcset=\"https:\/\/keramamueblesdejardin.com\/wp-content\/uploads\/2025\/03\/vermont_0012_set-de-comedor-jardin-extensible-8-plazas-antracita-9-1024x1024.jpg 1024w, https:\/\/keramamueblesdejardin.com\/wp-content\/uploads\/2025\/03\/vermont_0012_set-de-comedor-jardin-extensible-8-plazas-antracita-9-800x800.jpg 800w, https:\/\/keramamueblesdejardin.com\/wp-content\/uploads\/2025\/03\/vermont_0012_set-de-comedor-jardin-extensible-8-plazas-antracita-9-100x100.jpg 100w, https:\/\/keramamueblesdejardin.com\/wp-content\/uploads\/2025\/03\/vermont_0012_set-de-comedor-jardin-extensible-8-plazas-antracita-9-300x300.jpg 300w, https:\/\/keramamueblesdejardin.com\/wp-content\/uploads\/2025\/03\/vermont_0012_set-de-comedor-jardin-extensible-8-plazas-antracita-9-150x150.jpg 150w, https:\/\/keramamueblesdejardin.com\/wp-content\/uploads\/2025\/03\/vermont_0012_set-de-comedor-jardin-extensible-8-plazas-antracita-9-768x768.jpg 768w, https:\/\/keramamueblesdejardin.com\/wp-content\/uploads\/2025\/03\/vermont_0012_set-de-comedor-jardin-extensible-8-plazas-antracita-9-98x98.jpg 98w, https:\/\/keramamueblesdejardin.com\/wp-content\/uploads\/2025\/03\/vermont_0012_set-de-comedor-jardin-extensible-8-plazas-antracita-9-175x175.jpg 175w, https:\/\/keramamueblesdejardin.com\/wp-content\/uploads\/2025\/03\/vermont_0012_set-de-comedor-jardin-extensible-8-plazas-antracita-9.jpg 1200w\" sizes=\"(max-width: 800px) 100vw, 800px\" \/>\t\t\t\t\t\t\t\t<\/a>\n\t\t\t\t\t\t\t\t\t\t\t\t\t\t\t<\/div>\n\t\t\t\t<\/div>\n\t\t\t\t<div class=\"elementor-element elementor-element-93c48c7 sale-label elementor-widget elementor-widget-html\" data-id=\"93c48c7\" data-element_type=\"widget\" data-e-type=\"widget\" data-widget_type=\"html.default\">\n\t\t\t\t<div class=\"elementor-widget-container\">\n\t\t\t\t\t-16%\t\t\t\t<\/div>\n\t\t\t\t<\/div>\n\t\t<div class=\"elementor-element elementor-element-8e6fdd1 e-con-full box-botones e-grid e-con e-child\" data-id=\"8e6fdd1\" data-element_type=\"container\" data-e-type=\"container\">\n\t\t\t\t<div class=\"elementor-element elementor-element-084823c elementor-align-justify btn-add-cart elementor-widget elementor-widget-button\" data-id=\"084823c\" data-element_type=\"widget\" data-e-type=\"widget\" data-widget_type=\"button.default\">\n\t\t\t\t<div class=\"elementor-widget-container\">\n\t\t\t\t\t\t\t\t\t<div class=\"elementor-button-wrapper\">\n\t\t\t\t\t<a class=\"elementor-button elementor-button-link elementor-size-sm\" href=\"https:\/\/keramamueblesdejardin.com\/it\/sale-da-pranzo-allaperto\/set-di-tavoli-e-sedie-da-giardino\/sala-da-pranzo-8-posti-alluminio-bianco-e-polipropilene-vermontontario-2\/\">\n\t\t\t\t\t\t<span class=\"elementor-button-content-wrapper\">\n\t\t\t\t\t\t<span class=\"elementor-button-icon\">\n\t\t\t\t<svg xmlns=\"http:\/\/www.w3.org\/2000\/svg\" width=\"20\" height=\"23\" viewBox=\"0 0 20 23\" fill=\"none\"><path d=\"M2.01937 22.5C1.46 22.5 0.983542 22.3033 0.59 21.91C0.196667 21.5165 0 21.04 0 20.4806V7.01937C0 6.46 0.196667 5.98354 0.59 5.59C0.983542 5.19667 1.46 5 2.01937 5H5C5 3.60729 5.48521 2.42583 6.45562 1.45563C7.42583 0.485209 8.60729 0 10 0C11.3927 0 12.5742 0.485209 13.5444 1.45563C14.5148 2.42583 15 3.60729 15 5H17.9806C18.54 5 19.0165 5.19667 19.41 5.59C19.8033 5.98354 20 6.46 20 7.01937V20.4806C20 21.04 19.8033 21.5165 19.41 21.91C19.0165 22.3033 18.54 22.5 17.9806 22.5H2.01937ZM2.01937 21.25H17.9806C18.1731 21.25 18.3495 21.1699 18.5097 21.0097C18.6699 20.8495 18.75 20.6731 18.75 20.4806V7.01937C18.75 6.82687 18.6699 6.65052 18.5097 6.49031C18.3495 6.3301 18.1731 6.25 17.9806 6.25H2.01937C1.82687 6.25 1.65052 6.3301 1.49031 6.49031C1.3301 6.65052 1.25 6.82687 1.25 7.01937V20.4806C1.25 20.6731 1.3301 20.8495 1.49031 21.0097C1.65052 21.1699 1.82687 21.25 2.01937 21.25ZM10 12.5C11.3927 12.5 12.5742 12.0148 13.5444 11.0444C14.5148 10.0742 15 8.89271 15 7.5H13.75C13.75 8.54167 13.3854 9.42708 12.6562 10.1562C11.9271 10.8854 11.0417 11.25 10 11.25C8.95833 11.25 8.07292 10.8854 7.34375 10.1562C6.61458 9.42708 6.25 8.54167 6.25 7.5H5C5 8.89271 5.48521 10.0742 6.45562 11.0444C7.42583 12.0148 8.60729 12.5 10 12.5ZM6.25 5H13.75C13.75 3.95833 13.3854 3.07292 12.6562 2.34375C11.9271 1.61458 11.0417 1.25 10 1.25C8.95833 1.25 8.07292 1.61458 7.34375 2.34375C6.61458 3.07292 6.25 3.95833 6.25 5Z\" fill=\"#EEDFCD\"><\/path><\/svg>\t\t\t<\/span>\n\t\t\t\t\t\t\t\t\t<span class=\"elementor-button-text\">AGGIUNGI AL CARRELLO<\/span>\n\t\t\t\t\t<\/span>\n\t\t\t\t\t<\/a>\n\t\t\t\t<\/div>\n\t\t\t\t\t\t\t\t<\/div>\n\t\t\t\t<\/div>\n\t\t\t\t<div class=\"elementor-element elementor-element-490c284 btn-whishlist elementor-widget elementor-widget-html\" data-id=\"490c284\" data-element_type=\"widget\" data-e-type=\"widget\" data-widget_type=\"html.default\">\n\t\t\t\t<div class=\"elementor-widget-container\">\n\t\t\t\t\t\n<div\n\tclass=\"yith-wcwl-add-to-wishlist add-to-wishlist-177664 yith-wcwl-add-to-wishlist--button_default-style wishlist-fragment on-first-load\"\n\tdata-fragment-ref=\"177664\"\n\tdata-fragment-options=\"{&quot;base_url&quot;:&quot;&quot;,&quot;product_id&quot;:177664,&quot;parent_product_id&quot;:0,&quot;product_type&quot;:&quot;simple&quot;,&quot;is_single&quot;:false,&quot;in_default_wishlist&quot;:false,&quot;show_view&quot;:false,&quot;browse_wishlist_text&quot;:&quot;Echar un vistazo a la lista de deseos&quot;,&quot;already_in_wishslist_text&quot;:&quot;Il prodotto \\u00e8 gi\\u00e0 nella lista dei desideri&quot;,&quot;product_added_text&quot;:&quot;Prodotto aggiunto&quot;,&quot;available_multi_wishlist&quot;:false,&quot;disable_wishlist&quot;:false,&quot;show_count&quot;:false,&quot;ajax_loading&quot;:false,&quot;loop_position&quot;:&quot;before_image&quot;,&quot;item&quot;:&quot;add_to_wishlist&quot;}\"\n>\n\t\t\t\n\t\t\t<!-- ADD TO WISHLIST -->\n\t\t\t\n<div class=\"yith-wcwl-add-button\">\n\t\t<a\n\t\thref=\"?add_to_wishlist=177664&#038;_wpnonce=7bf8e9dac5\"\n\t\tclass=\"add_to_wishlist single_add_to_wishlist alt theme-button-style \"\n\t\tdata-product-id=\"177664\"\n\t\tdata-product-type=\"simple\"\n\t\tdata-original-product-id=\"0\"\n\t\tdata-title=\"Alla lista dei desideri\"\n\t\trel=\"nofollow\"\n\t>\n\t\t<svg id=\"yith-wcwl-icon-heart-outline\" class=\"yith-wcwl-icon-svg\" fill=\"none\" stroke-width=\"1.5\" stroke=\"currentColor\" viewBox=\"0 0 24 24\" xmlns=\"http:\/\/www.w3.org\/2000\/svg\">\n  <path stroke-linecap=\"round\" stroke-linejoin=\"round\" d=\"M21 8.25c0-2.485-2.099-4.5-4.688-4.5-1.935 0-3.597 1.126-4.312 2.733-.715-1.607-2.377-2.733-4.313-2.733C5.1 3.75 3 5.765 3 8.25c0 7.22 9 12 9 12s9-4.78 9-12Z\"><\/path>\n<\/svg>\t\t<span>Alla lista dei desideri<\/span>\n\t<\/a>\n<\/div>\n\n\t\t\t<!-- COUNT TEXT -->\n\t\t\t\n\t\t\t<\/div>\n\t\t\t\t<\/div>\n\t\t\t\t<\/div>\n\t\t\t\t<\/div>\n\t\t\t\t<\/div>\n\t\t<div class=\"elementor-element elementor-element-115495ef e-con-full e-flex e-con e-child\" data-id=\"115495ef\" data-element_type=\"container\" data-e-type=\"container\">\n\t\t\t\t<div class=\"elementor-element elementor-element-117381f5 elementor-widget__width-initial elementor-widget-mobile__width-inherit elementor-widget elementor-widget-heading\" data-id=\"117381f5\" data-element_type=\"widget\" data-e-type=\"widget\" data-widget_type=\"heading.default\">\n\t\t\t\t<div class=\"elementor-widget-container\">\n\t\t\t\t\t<h3 class=\"elementor-heading-title elementor-size-default\"><a href=\"https:\/\/keramamueblesdejardin.com\/it\/sale-da-pranzo-allaperto\/set-di-tavoli-e-sedie-da-giardino\/sala-da-pranzo-8-posti-alluminio-bianco-e-polipropilene-vermontontario-2\/\">Sala da pranzo 8 posti in alluminio bianco e polipropilene &#8211; Vermont&amp;Ontario<\/a><\/h3>\t\t\t\t<\/div>\n\t\t\t\t<\/div>\n\t\t\t\t<div class=\"elementor-element elementor-element-544acd9a elementor-widget__width-initial elementor-widget-mobile__width-inherit elementor-widget elementor-widget-woocommerce-product-price\" data-id=\"544acd9a\" data-element_type=\"widget\" data-e-type=\"widget\" data-widget_type=\"woocommerce-product-price.default\">\n\t\t\t\t<div class=\"elementor-widget-container\">\n\t\t\t\t\t<p class=\"price\"><span class=\"wcpbc-price wcpbc-price-177664\" data-product-id=\"177664\"><del aria-hidden=\"true\"><span class=\"woocommerce-Price-amount amount\"><bdi>2.417,00<span class=\"woocommerce-Price-currencySymbol\">&euro;<\/span><\/bdi><\/span><\/del> <span class=\"screen-reader-text\">Il prezzo originale era: 2.417,00&euro;.<\/span><ins aria-hidden=\"true\"><span class=\"woocommerce-Price-amount amount\"><bdi>2.029,00<span class=\"woocommerce-Price-currencySymbol\">&euro;<\/span><\/bdi><\/span><\/ins><span class=\"screen-reader-text\">Il prezzo attuale \u00e8: 2.029,00&euro;.<\/span><\/span><\/p>\n\t\t\t\t<\/div>\n\t\t\t\t<\/div>\n\t\t\t\t<\/div>\n\t\t\t\t\t<\/div>\n\t\t\t\t<\/div>\n\t\t\t\t<\/div>\n\t\t\t\t<div data-elementor-type=\"loop-item\" data-elementor-id=\"191975\" class=\"elementor elementor-191975 elementor-178577 elementor-178577 e-loop-item e-loop-item-177657 post-177657 product type-product status-publish has-post-thumbnail product_cat-sale-da-pranzo-allaperto product_cat-set-di-tavoli-e-sedie-da-giardino product_shipping_class-envio-gratuito-it  instock sale purchasable product-type-simple add-to-wishlist-before_image\" wpc-filter-elementor-widget=\"1\" data-elementor-post-type=\"elementor_library\" data-custom-edit-handle=\"1\">\n\t\t\t<div class=\"elementor-element elementor-element-15d94ef8 e-flex e-con-boxed e-con e-parent\" data-id=\"15d94ef8\" data-element_type=\"container\" data-e-type=\"container\">\n\t\t\t\t\t<div class=\"e-con-inner\">\n\t\t<div class=\"elementor-element elementor-element-29e97a4 e-con-full e-flex e-con e-child\" data-id=\"29e97a4\" data-element_type=\"container\" data-e-type=\"container\">\n\t\t\t\t<div class=\"elementor-element elementor-element-8e6d9e7 elementor-widget elementor-widget-theme-post-featured-image elementor-widget-image\" data-id=\"8e6d9e7\" data-element_type=\"widget\" data-e-type=\"widget\" data-widget_type=\"theme-post-featured-image.default\">\n\t\t\t\t<div class=\"elementor-widget-container\">\n\t\t\t\t\t\t\t\t\t\t\t\t\t\t\t\t<a href=\"https:\/\/keramamueblesdejardin.com\/it\/sale-da-pranzo-allaperto\/set-di-tavoli-e-sedie-da-giardino\/8-posti-sala-da-pranzo-alluminio-bianco-e-polipropilene-vermontontario\/\">\n\t\t\t\t\t\t\t<img loading=\"lazy\" decoding=\"async\" width=\"800\" height=\"800\" src=\"https:\/\/keramamueblesdejardin.com\/wp-content\/uploads\/2025\/03\/vermont_0098_set-de-comedor-jardin-extensible-8-plazas-blanco-1024x1024.jpg\" class=\"attachment-large size-large wp-image-176958\" alt=\"\" srcset=\"https:\/\/keramamueblesdejardin.com\/wp-content\/uploads\/2025\/03\/vermont_0098_set-de-comedor-jardin-extensible-8-plazas-blanco-1024x1024.jpg 1024w, https:\/\/keramamueblesdejardin.com\/wp-content\/uploads\/2025\/03\/vermont_0098_set-de-comedor-jardin-extensible-8-plazas-blanco-800x800.jpg 800w, https:\/\/keramamueblesdejardin.com\/wp-content\/uploads\/2025\/03\/vermont_0098_set-de-comedor-jardin-extensible-8-plazas-blanco-100x100.jpg 100w, https:\/\/keramamueblesdejardin.com\/wp-content\/uploads\/2025\/03\/vermont_0098_set-de-comedor-jardin-extensible-8-plazas-blanco-300x300.jpg 300w, https:\/\/keramamueblesdejardin.com\/wp-content\/uploads\/2025\/03\/vermont_0098_set-de-comedor-jardin-extensible-8-plazas-blanco-150x150.jpg 150w, https:\/\/keramamueblesdejardin.com\/wp-content\/uploads\/2025\/03\/vermont_0098_set-de-comedor-jardin-extensible-8-plazas-blanco-768x768.jpg 768w, https:\/\/keramamueblesdejardin.com\/wp-content\/uploads\/2025\/03\/vermont_0098_set-de-comedor-jardin-extensible-8-plazas-blanco-98x98.jpg 98w, https:\/\/keramamueblesdejardin.com\/wp-content\/uploads\/2025\/03\/vermont_0098_set-de-comedor-jardin-extensible-8-plazas-blanco-175x175.jpg 175w, https:\/\/keramamueblesdejardin.com\/wp-content\/uploads\/2025\/03\/vermont_0098_set-de-comedor-jardin-extensible-8-plazas-blanco.jpg 1200w\" sizes=\"(max-width: 800px) 100vw, 800px\" \/>\t\t\t\t\t\t\t\t<\/a>\n\t\t\t\t\t\t\t\t\t\t\t\t\t\t\t<\/div>\n\t\t\t\t<\/div>\n\t\t\t\t<div class=\"elementor-element elementor-element-93c48c7 sale-label elementor-widget elementor-widget-html\" data-id=\"93c48c7\" data-element_type=\"widget\" data-e-type=\"widget\" data-widget_type=\"html.default\">\n\t\t\t\t<div class=\"elementor-widget-container\">\n\t\t\t\t\t-16%\t\t\t\t<\/div>\n\t\t\t\t<\/div>\n\t\t<div class=\"elementor-element elementor-element-8e6fdd1 e-con-full box-botones e-grid e-con e-child\" data-id=\"8e6fdd1\" data-element_type=\"container\" data-e-type=\"container\">\n\t\t\t\t<div class=\"elementor-element elementor-element-084823c elementor-align-justify btn-add-cart elementor-widget elementor-widget-button\" data-id=\"084823c\" data-element_type=\"widget\" data-e-type=\"widget\" data-widget_type=\"button.default\">\n\t\t\t\t<div class=\"elementor-widget-container\">\n\t\t\t\t\t\t\t\t\t<div class=\"elementor-button-wrapper\">\n\t\t\t\t\t<a class=\"elementor-button elementor-button-link elementor-size-sm\" href=\"https:\/\/keramamueblesdejardin.com\/it\/sale-da-pranzo-allaperto\/set-di-tavoli-e-sedie-da-giardino\/8-posti-sala-da-pranzo-alluminio-bianco-e-polipropilene-vermontontario\/\">\n\t\t\t\t\t\t<span class=\"elementor-button-content-wrapper\">\n\t\t\t\t\t\t<span class=\"elementor-button-icon\">\n\t\t\t\t<svg xmlns=\"http:\/\/www.w3.org\/2000\/svg\" width=\"20\" height=\"23\" viewBox=\"0 0 20 23\" fill=\"none\"><path d=\"M2.01937 22.5C1.46 22.5 0.983542 22.3033 0.59 21.91C0.196667 21.5165 0 21.04 0 20.4806V7.01937C0 6.46 0.196667 5.98354 0.59 5.59C0.983542 5.19667 1.46 5 2.01937 5H5C5 3.60729 5.48521 2.42583 6.45562 1.45563C7.42583 0.485209 8.60729 0 10 0C11.3927 0 12.5742 0.485209 13.5444 1.45563C14.5148 2.42583 15 3.60729 15 5H17.9806C18.54 5 19.0165 5.19667 19.41 5.59C19.8033 5.98354 20 6.46 20 7.01937V20.4806C20 21.04 19.8033 21.5165 19.41 21.91C19.0165 22.3033 18.54 22.5 17.9806 22.5H2.01937ZM2.01937 21.25H17.9806C18.1731 21.25 18.3495 21.1699 18.5097 21.0097C18.6699 20.8495 18.75 20.6731 18.75 20.4806V7.01937C18.75 6.82687 18.6699 6.65052 18.5097 6.49031C18.3495 6.3301 18.1731 6.25 17.9806 6.25H2.01937C1.82687 6.25 1.65052 6.3301 1.49031 6.49031C1.3301 6.65052 1.25 6.82687 1.25 7.01937V20.4806C1.25 20.6731 1.3301 20.8495 1.49031 21.0097C1.65052 21.1699 1.82687 21.25 2.01937 21.25ZM10 12.5C11.3927 12.5 12.5742 12.0148 13.5444 11.0444C14.5148 10.0742 15 8.89271 15 7.5H13.75C13.75 8.54167 13.3854 9.42708 12.6562 10.1562C11.9271 10.8854 11.0417 11.25 10 11.25C8.95833 11.25 8.07292 10.8854 7.34375 10.1562C6.61458 9.42708 6.25 8.54167 6.25 7.5H5C5 8.89271 5.48521 10.0742 6.45562 11.0444C7.42583 12.0148 8.60729 12.5 10 12.5ZM6.25 5H13.75C13.75 3.95833 13.3854 3.07292 12.6562 2.34375C11.9271 1.61458 11.0417 1.25 10 1.25C8.95833 1.25 8.07292 1.61458 7.34375 2.34375C6.61458 3.07292 6.25 3.95833 6.25 5Z\" fill=\"#EEDFCD\"><\/path><\/svg>\t\t\t<\/span>\n\t\t\t\t\t\t\t\t\t<span class=\"elementor-button-text\">AGGIUNGI AL CARRELLO<\/span>\n\t\t\t\t\t<\/span>\n\t\t\t\t\t<\/a>\n\t\t\t\t<\/div>\n\t\t\t\t\t\t\t\t<\/div>\n\t\t\t\t<\/div>\n\t\t\t\t<div class=\"elementor-element elementor-element-490c284 btn-whishlist elementor-widget elementor-widget-html\" data-id=\"490c284\" data-element_type=\"widget\" data-e-type=\"widget\" data-widget_type=\"html.default\">\n\t\t\t\t<div class=\"elementor-widget-container\">\n\t\t\t\t\t\n<div\n\tclass=\"yith-wcwl-add-to-wishlist add-to-wishlist-177657 yith-wcwl-add-to-wishlist--button_default-style wishlist-fragment on-first-load\"\n\tdata-fragment-ref=\"177657\"\n\tdata-fragment-options=\"{&quot;base_url&quot;:&quot;&quot;,&quot;product_id&quot;:177657,&quot;parent_product_id&quot;:0,&quot;product_type&quot;:&quot;simple&quot;,&quot;is_single&quot;:false,&quot;in_default_wishlist&quot;:false,&quot;show_view&quot;:false,&quot;browse_wishlist_text&quot;:&quot;Echar un vistazo a la lista de deseos&quot;,&quot;already_in_wishslist_text&quot;:&quot;Il prodotto \\u00e8 gi\\u00e0 nella lista dei desideri&quot;,&quot;product_added_text&quot;:&quot;Prodotto aggiunto&quot;,&quot;available_multi_wishlist&quot;:false,&quot;disable_wishlist&quot;:false,&quot;show_count&quot;:false,&quot;ajax_loading&quot;:false,&quot;loop_position&quot;:&quot;before_image&quot;,&quot;item&quot;:&quot;add_to_wishlist&quot;}\"\n>\n\t\t\t\n\t\t\t<!-- ADD TO WISHLIST -->\n\t\t\t\n<div class=\"yith-wcwl-add-button\">\n\t\t<a\n\t\thref=\"?add_to_wishlist=177657&#038;_wpnonce=7bf8e9dac5\"\n\t\tclass=\"add_to_wishlist single_add_to_wishlist alt theme-button-style \"\n\t\tdata-product-id=\"177657\"\n\t\tdata-product-type=\"simple\"\n\t\tdata-original-product-id=\"0\"\n\t\tdata-title=\"Alla lista dei desideri\"\n\t\trel=\"nofollow\"\n\t>\n\t\t<svg id=\"yith-wcwl-icon-heart-outline\" class=\"yith-wcwl-icon-svg\" fill=\"none\" stroke-width=\"1.5\" stroke=\"currentColor\" viewBox=\"0 0 24 24\" xmlns=\"http:\/\/www.w3.org\/2000\/svg\">\n  <path stroke-linecap=\"round\" stroke-linejoin=\"round\" d=\"M21 8.25c0-2.485-2.099-4.5-4.688-4.5-1.935 0-3.597 1.126-4.312 2.733-.715-1.607-2.377-2.733-4.313-2.733C5.1 3.75 3 5.765 3 8.25c0 7.22 9 12 9 12s9-4.78 9-12Z\"><\/path>\n<\/svg>\t\t<span>Alla lista dei desideri<\/span>\n\t<\/a>\n<\/div>\n\n\t\t\t<!-- COUNT TEXT -->\n\t\t\t\n\t\t\t<\/div>\n\t\t\t\t<\/div>\n\t\t\t\t<\/div>\n\t\t\t\t<\/div>\n\t\t\t\t<\/div>\n\t\t<div class=\"elementor-element elementor-element-115495ef e-con-full e-flex e-con e-child\" data-id=\"115495ef\" data-element_type=\"container\" data-e-type=\"container\">\n\t\t\t\t<div class=\"elementor-element elementor-element-117381f5 elementor-widget__width-initial elementor-widget-mobile__width-inherit elementor-widget elementor-widget-heading\" data-id=\"117381f5\" data-element_type=\"widget\" data-e-type=\"widget\" data-widget_type=\"heading.default\">\n\t\t\t\t<div class=\"elementor-widget-container\">\n\t\t\t\t\t<h3 class=\"elementor-heading-title elementor-size-default\"><a href=\"https:\/\/keramamueblesdejardin.com\/it\/sale-da-pranzo-allaperto\/set-di-tavoli-e-sedie-da-giardino\/8-posti-sala-da-pranzo-alluminio-bianco-e-polipropilene-vermontontario\/\">Sala da pranzo 8 posti in alluminio bianco e polipropilene &#8211; Vermont&amp;Ontario<\/a><\/h3>\t\t\t\t<\/div>\n\t\t\t\t<\/div>\n\t\t\t\t<div class=\"elementor-element elementor-element-544acd9a elementor-widget__width-initial elementor-widget-mobile__width-inherit elementor-widget elementor-widget-woocommerce-product-price\" data-id=\"544acd9a\" data-element_type=\"widget\" data-e-type=\"widget\" data-widget_type=\"woocommerce-product-price.default\">\n\t\t\t\t<div class=\"elementor-widget-container\">\n\t\t\t\t\t<p class=\"price\"><span class=\"wcpbc-price wcpbc-price-177657\" data-product-id=\"177657\"><del aria-hidden=\"true\"><span class=\"woocommerce-Price-amount amount\"><bdi>2.417,00<span class=\"woocommerce-Price-currencySymbol\">&euro;<\/span><\/bdi><\/span><\/del> <span class=\"screen-reader-text\">Il prezzo originale era: 2.417,00&euro;.<\/span><ins aria-hidden=\"true\"><span class=\"woocommerce-Price-amount amount\"><bdi>2.029,00<span class=\"woocommerce-Price-currencySymbol\">&euro;<\/span><\/bdi><\/span><\/ins><span class=\"screen-reader-text\">Il prezzo attuale \u00e8: 2.029,00&euro;.<\/span><\/span><\/p>\n\t\t\t\t<\/div>\n\t\t\t\t<\/div>\n\t\t\t\t<\/div>\n\t\t\t\t\t<\/div>\n\t\t\t\t<\/div>\n\t\t\t\t<\/div>\n\t\t\t\t<div data-elementor-type=\"loop-item\" data-elementor-id=\"191975\" class=\"elementor elementor-191975 elementor-178577 elementor-178577 e-loop-item e-loop-item-177661 post-177661 product type-product status-publish has-post-thumbnail product_cat-sale-da-pranzo-allaperto product_cat-set-di-tavoli-e-sedie-da-giardino product_shipping_class-envio-gratuito-it  instock sale purchasable product-type-simple add-to-wishlist-before_image\" wpc-filter-elementor-widget=\"1\" data-elementor-post-type=\"elementor_library\" data-custom-edit-handle=\"1\">\n\t\t\t<div class=\"elementor-element elementor-element-15d94ef8 e-flex e-con-boxed e-con e-parent\" data-id=\"15d94ef8\" data-element_type=\"container\" data-e-type=\"container\">\n\t\t\t\t\t<div class=\"e-con-inner\">\n\t\t<div class=\"elementor-element elementor-element-29e97a4 e-con-full e-flex e-con e-child\" data-id=\"29e97a4\" data-element_type=\"container\" data-e-type=\"container\">\n\t\t\t\t<div class=\"elementor-element elementor-element-8e6d9e7 elementor-widget elementor-widget-theme-post-featured-image elementor-widget-image\" data-id=\"8e6d9e7\" data-element_type=\"widget\" data-e-type=\"widget\" data-widget_type=\"theme-post-featured-image.default\">\n\t\t\t\t<div class=\"elementor-widget-container\">\n\t\t\t\t\t\t\t\t\t\t\t\t\t\t\t\t<a href=\"https:\/\/keramamueblesdejardin.com\/it\/sale-da-pranzo-allaperto\/set-di-tavoli-e-sedie-da-giardino\/sala-da-pranzo-8-posti-alluminio-bianco-e-polipropilene-vermont-mont\/\">\n\t\t\t\t\t\t\t<img loading=\"lazy\" decoding=\"async\" width=\"800\" height=\"800\" src=\"https:\/\/keramamueblesdejardin.com\/wp-content\/uploads\/2025\/03\/vermont_0035_set-de-comedor-jardin-extensible-8-plazas-blanco-18-1024x1024.jpg\" class=\"attachment-large size-large wp-image-177287\" alt=\"\" srcset=\"https:\/\/keramamueblesdejardin.com\/wp-content\/uploads\/2025\/03\/vermont_0035_set-de-comedor-jardin-extensible-8-plazas-blanco-18-1024x1024.jpg 1024w, https:\/\/keramamueblesdejardin.com\/wp-content\/uploads\/2025\/03\/vermont_0035_set-de-comedor-jardin-extensible-8-plazas-blanco-18-800x800.jpg 800w, https:\/\/keramamueblesdejardin.com\/wp-content\/uploads\/2025\/03\/vermont_0035_set-de-comedor-jardin-extensible-8-plazas-blanco-18-100x100.jpg 100w, https:\/\/keramamueblesdejardin.com\/wp-content\/uploads\/2025\/03\/vermont_0035_set-de-comedor-jardin-extensible-8-plazas-blanco-18-300x300.jpg 300w, https:\/\/keramamueblesdejardin.com\/wp-content\/uploads\/2025\/03\/vermont_0035_set-de-comedor-jardin-extensible-8-plazas-blanco-18-150x150.jpg 150w, https:\/\/keramamueblesdejardin.com\/wp-content\/uploads\/2025\/03\/vermont_0035_set-de-comedor-jardin-extensible-8-plazas-blanco-18-768x768.jpg 768w, https:\/\/keramamueblesdejardin.com\/wp-content\/uploads\/2025\/03\/vermont_0035_set-de-comedor-jardin-extensible-8-plazas-blanco-18-98x98.jpg 98w, https:\/\/keramamueblesdejardin.com\/wp-content\/uploads\/2025\/03\/vermont_0035_set-de-comedor-jardin-extensible-8-plazas-blanco-18-175x175.jpg 175w, https:\/\/keramamueblesdejardin.com\/wp-content\/uploads\/2025\/03\/vermont_0035_set-de-comedor-jardin-extensible-8-plazas-blanco-18.jpg 1200w\" sizes=\"(max-width: 800px) 100vw, 800px\" \/>\t\t\t\t\t\t\t\t<\/a>\n\t\t\t\t\t\t\t\t\t\t\t\t\t\t\t<\/div>\n\t\t\t\t<\/div>\n\t\t\t\t<div class=\"elementor-element elementor-element-93c48c7 sale-label elementor-widget elementor-widget-html\" data-id=\"93c48c7\" data-element_type=\"widget\" data-e-type=\"widget\" data-widget_type=\"html.default\">\n\t\t\t\t<div class=\"elementor-widget-container\">\n\t\t\t\t\t-17%\t\t\t\t<\/div>\n\t\t\t\t<\/div>\n\t\t<div class=\"elementor-element elementor-element-8e6fdd1 e-con-full box-botones e-grid e-con e-child\" data-id=\"8e6fdd1\" data-element_type=\"container\" data-e-type=\"container\">\n\t\t\t\t<div class=\"elementor-element elementor-element-084823c elementor-align-justify btn-add-cart elementor-widget elementor-widget-button\" data-id=\"084823c\" data-element_type=\"widget\" data-e-type=\"widget\" data-widget_type=\"button.default\">\n\t\t\t\t<div class=\"elementor-widget-container\">\n\t\t\t\t\t\t\t\t\t<div class=\"elementor-button-wrapper\">\n\t\t\t\t\t<a class=\"elementor-button elementor-button-link elementor-size-sm\" href=\"https:\/\/keramamueblesdejardin.com\/it\/sale-da-pranzo-allaperto\/set-di-tavoli-e-sedie-da-giardino\/sala-da-pranzo-8-posti-alluminio-bianco-e-polipropilene-vermont-mont\/\">\n\t\t\t\t\t\t<span class=\"elementor-button-content-wrapper\">\n\t\t\t\t\t\t<span class=\"elementor-button-icon\">\n\t\t\t\t<svg xmlns=\"http:\/\/www.w3.org\/2000\/svg\" width=\"20\" height=\"23\" viewBox=\"0 0 20 23\" fill=\"none\"><path d=\"M2.01937 22.5C1.46 22.5 0.983542 22.3033 0.59 21.91C0.196667 21.5165 0 21.04 0 20.4806V7.01937C0 6.46 0.196667 5.98354 0.59 5.59C0.983542 5.19667 1.46 5 2.01937 5H5C5 3.60729 5.48521 2.42583 6.45562 1.45563C7.42583 0.485209 8.60729 0 10 0C11.3927 0 12.5742 0.485209 13.5444 1.45563C14.5148 2.42583 15 3.60729 15 5H17.9806C18.54 5 19.0165 5.19667 19.41 5.59C19.8033 5.98354 20 6.46 20 7.01937V20.4806C20 21.04 19.8033 21.5165 19.41 21.91C19.0165 22.3033 18.54 22.5 17.9806 22.5H2.01937ZM2.01937 21.25H17.9806C18.1731 21.25 18.3495 21.1699 18.5097 21.0097C18.6699 20.8495 18.75 20.6731 18.75 20.4806V7.01937C18.75 6.82687 18.6699 6.65052 18.5097 6.49031C18.3495 6.3301 18.1731 6.25 17.9806 6.25H2.01937C1.82687 6.25 1.65052 6.3301 1.49031 6.49031C1.3301 6.65052 1.25 6.82687 1.25 7.01937V20.4806C1.25 20.6731 1.3301 20.8495 1.49031 21.0097C1.65052 21.1699 1.82687 21.25 2.01937 21.25ZM10 12.5C11.3927 12.5 12.5742 12.0148 13.5444 11.0444C14.5148 10.0742 15 8.89271 15 7.5H13.75C13.75 8.54167 13.3854 9.42708 12.6562 10.1562C11.9271 10.8854 11.0417 11.25 10 11.25C8.95833 11.25 8.07292 10.8854 7.34375 10.1562C6.61458 9.42708 6.25 8.54167 6.25 7.5H5C5 8.89271 5.48521 10.0742 6.45562 11.0444C7.42583 12.0148 8.60729 12.5 10 12.5ZM6.25 5H13.75C13.75 3.95833 13.3854 3.07292 12.6562 2.34375C11.9271 1.61458 11.0417 1.25 10 1.25C8.95833 1.25 8.07292 1.61458 7.34375 2.34375C6.61458 3.07292 6.25 3.95833 6.25 5Z\" fill=\"#EEDFCD\"><\/path><\/svg>\t\t\t<\/span>\n\t\t\t\t\t\t\t\t\t<span class=\"elementor-button-text\">AGGIUNGI AL CARRELLO<\/span>\n\t\t\t\t\t<\/span>\n\t\t\t\t\t<\/a>\n\t\t\t\t<\/div>\n\t\t\t\t\t\t\t\t<\/div>\n\t\t\t\t<\/div>\n\t\t\t\t<div class=\"elementor-element elementor-element-490c284 btn-whishlist elementor-widget elementor-widget-html\" data-id=\"490c284\" data-element_type=\"widget\" data-e-type=\"widget\" data-widget_type=\"html.default\">\n\t\t\t\t<div class=\"elementor-widget-container\">\n\t\t\t\t\t\n<div\n\tclass=\"yith-wcwl-add-to-wishlist add-to-wishlist-177661 yith-wcwl-add-to-wishlist--button_default-style wishlist-fragment on-first-load\"\n\tdata-fragment-ref=\"177661\"\n\tdata-fragment-options=\"{&quot;base_url&quot;:&quot;&quot;,&quot;product_id&quot;:177661,&quot;parent_product_id&quot;:0,&quot;product_type&quot;:&quot;simple&quot;,&quot;is_single&quot;:false,&quot;in_default_wishlist&quot;:false,&quot;show_view&quot;:false,&quot;browse_wishlist_text&quot;:&quot;Echar un vistazo a la lista de deseos&quot;,&quot;already_in_wishslist_text&quot;:&quot;Il prodotto \\u00e8 gi\\u00e0 nella lista dei desideri&quot;,&quot;product_added_text&quot;:&quot;Prodotto aggiunto&quot;,&quot;available_multi_wishlist&quot;:false,&quot;disable_wishlist&quot;:false,&quot;show_count&quot;:false,&quot;ajax_loading&quot;:false,&quot;loop_position&quot;:&quot;before_image&quot;,&quot;item&quot;:&quot;add_to_wishlist&quot;}\"\n>\n\t\t\t\n\t\t\t<!-- ADD TO WISHLIST -->\n\t\t\t\n<div class=\"yith-wcwl-add-button\">\n\t\t<a\n\t\thref=\"?add_to_wishlist=177661&#038;_wpnonce=7bf8e9dac5\"\n\t\tclass=\"add_to_wishlist single_add_to_wishlist alt theme-button-style \"\n\t\tdata-product-id=\"177661\"\n\t\tdata-product-type=\"simple\"\n\t\tdata-original-product-id=\"0\"\n\t\tdata-title=\"Alla lista dei desideri\"\n\t\trel=\"nofollow\"\n\t>\n\t\t<svg id=\"yith-wcwl-icon-heart-outline\" class=\"yith-wcwl-icon-svg\" fill=\"none\" stroke-width=\"1.5\" stroke=\"currentColor\" viewBox=\"0 0 24 24\" xmlns=\"http:\/\/www.w3.org\/2000\/svg\">\n  <path stroke-linecap=\"round\" stroke-linejoin=\"round\" d=\"M21 8.25c0-2.485-2.099-4.5-4.688-4.5-1.935 0-3.597 1.126-4.312 2.733-.715-1.607-2.377-2.733-4.313-2.733C5.1 3.75 3 5.765 3 8.25c0 7.22 9 12 9 12s9-4.78 9-12Z\"><\/path>\n<\/svg>\t\t<span>Alla lista dei desideri<\/span>\n\t<\/a>\n<\/div>\n\n\t\t\t<!-- COUNT TEXT -->\n\t\t\t\n\t\t\t<\/div>\n\t\t\t\t<\/div>\n\t\t\t\t<\/div>\n\t\t\t\t<\/div>\n\t\t\t\t<\/div>\n\t\t<div class=\"elementor-element elementor-element-115495ef e-con-full e-flex e-con e-child\" data-id=\"115495ef\" data-element_type=\"container\" data-e-type=\"container\">\n\t\t\t\t<div class=\"elementor-element elementor-element-117381f5 elementor-widget__width-initial elementor-widget-mobile__width-inherit elementor-widget elementor-widget-heading\" data-id=\"117381f5\" data-element_type=\"widget\" data-e-type=\"widget\" data-widget_type=\"heading.default\">\n\t\t\t\t<div class=\"elementor-widget-container\">\n\t\t\t\t\t<h3 class=\"elementor-heading-title elementor-size-default\"><a href=\"https:\/\/keramamueblesdejardin.com\/it\/sale-da-pranzo-allaperto\/set-di-tavoli-e-sedie-da-giardino\/sala-da-pranzo-8-posti-alluminio-bianco-e-polipropilene-vermont-mont\/\">Sala da pranzo 8 posti in alluminio bianco e polipropilene &#8211; Vermont&amp;Montreal<\/a><\/h3>\t\t\t\t<\/div>\n\t\t\t\t<\/div>\n\t\t\t\t<div class=\"elementor-element elementor-element-544acd9a elementor-widget__width-initial elementor-widget-mobile__width-inherit elementor-widget elementor-widget-woocommerce-product-price\" data-id=\"544acd9a\" data-element_type=\"widget\" data-e-type=\"widget\" data-widget_type=\"woocommerce-product-price.default\">\n\t\t\t\t<div class=\"elementor-widget-container\">\n\t\t\t\t\t<p class=\"price\"><span class=\"wcpbc-price wcpbc-price-177661\" data-product-id=\"177661\"><del aria-hidden=\"true\"><span class=\"woocommerce-Price-amount amount\"><bdi>2.417,00<span class=\"woocommerce-Price-currencySymbol\">&euro;<\/span><\/bdi><\/span><\/del> <span class=\"screen-reader-text\">Il prezzo originale era: 2.417,00&euro;.<\/span><ins aria-hidden=\"true\"><span class=\"woocommerce-Price-amount amount\"><bdi>2.009,00<span class=\"woocommerce-Price-currencySymbol\">&euro;<\/span><\/bdi><\/span><\/ins><span class=\"screen-reader-text\">Il prezzo attuale \u00e8: 2.009,00&euro;.<\/span><\/span><\/p>\n\t\t\t\t<\/div>\n\t\t\t\t<\/div>\n\t\t\t\t<\/div>\n\t\t\t\t\t<\/div>\n\t\t\t\t<\/div>\n\t\t\t\t<\/div>\n\t\t\t\t<div data-elementor-type=\"loop-item\" data-elementor-id=\"191975\" class=\"elementor elementor-191975 elementor-178577 elementor-178577 e-loop-item e-loop-item-177671 post-177671 product type-product status-publish has-post-thumbnail product_cat-sale-da-pranzo-allaperto product_cat-set-di-tavoli-e-sedie-da-giardino product_shipping_class-envio-gratuito-it last instock sale purchasable product-type-simple add-to-wishlist-before_image\" wpc-filter-elementor-widget=\"1\" data-elementor-post-type=\"elementor_library\" data-custom-edit-handle=\"1\">\n\t\t\t<div class=\"elementor-element elementor-element-15d94ef8 e-flex e-con-boxed e-con e-parent\" data-id=\"15d94ef8\" data-element_type=\"container\" data-e-type=\"container\">\n\t\t\t\t\t<div class=\"e-con-inner\">\n\t\t<div class=\"elementor-element elementor-element-29e97a4 e-con-full e-flex e-con e-child\" data-id=\"29e97a4\" data-element_type=\"container\" data-e-type=\"container\">\n\t\t\t\t<div class=\"elementor-element elementor-element-8e6d9e7 elementor-widget elementor-widget-theme-post-featured-image elementor-widget-image\" data-id=\"8e6d9e7\" data-element_type=\"widget\" data-e-type=\"widget\" data-widget_type=\"theme-post-featured-image.default\">\n\t\t\t\t<div class=\"elementor-widget-container\">\n\t\t\t\t\t\t\t\t\t\t\t\t\t\t\t\t<a href=\"https:\/\/keramamueblesdejardin.com\/it\/sale-da-pranzo-allaperto\/set-di-tavoli-e-sedie-da-giardino\/sala-da-pranzo-8-posti-alluminio-antracite-e-polipropilene-vermontreal\/\">\n\t\t\t\t\t\t\t<img loading=\"lazy\" decoding=\"async\" width=\"800\" height=\"800\" src=\"https:\/\/keramamueblesdejardin.com\/wp-content\/uploads\/2025\/03\/vermont_0006_set-de-comedor-jardin-extensible-8-plazas-antracita-1024x1024.jpg\" class=\"attachment-large size-large wp-image-177239\" alt=\"\" srcset=\"https:\/\/keramamueblesdejardin.com\/wp-content\/uploads\/2025\/03\/vermont_0006_set-de-comedor-jardin-extensible-8-plazas-antracita-1024x1024.jpg 1024w, https:\/\/keramamueblesdejardin.com\/wp-content\/uploads\/2025\/03\/vermont_0006_set-de-comedor-jardin-extensible-8-plazas-antracita-800x800.jpg 800w, https:\/\/keramamueblesdejardin.com\/wp-content\/uploads\/2025\/03\/vermont_0006_set-de-comedor-jardin-extensible-8-plazas-antracita-100x100.jpg 100w, https:\/\/keramamueblesdejardin.com\/wp-content\/uploads\/2025\/03\/vermont_0006_set-de-comedor-jardin-extensible-8-plazas-antracita-300x300.jpg 300w, https:\/\/keramamueblesdejardin.com\/wp-content\/uploads\/2025\/03\/vermont_0006_set-de-comedor-jardin-extensible-8-plazas-antracita-150x150.jpg 150w, https:\/\/keramamueblesdejardin.com\/wp-content\/uploads\/2025\/03\/vermont_0006_set-de-comedor-jardin-extensible-8-plazas-antracita-768x768.jpg 768w, https:\/\/keramamueblesdejardin.com\/wp-content\/uploads\/2025\/03\/vermont_0006_set-de-comedor-jardin-extensible-8-plazas-antracita-98x98.jpg 98w, https:\/\/keramamueblesdejardin.com\/wp-content\/uploads\/2025\/03\/vermont_0006_set-de-comedor-jardin-extensible-8-plazas-antracita-175x175.jpg 175w, https:\/\/keramamueblesdejardin.com\/wp-content\/uploads\/2025\/03\/vermont_0006_set-de-comedor-jardin-extensible-8-plazas-antracita.jpg 1200w\" sizes=\"(max-width: 800px) 100vw, 800px\" \/>\t\t\t\t\t\t\t\t<\/a>\n\t\t\t\t\t\t\t\t\t\t\t\t\t\t\t<\/div>\n\t\t\t\t<\/div>\n\t\t\t\t<div class=\"elementor-element elementor-element-93c48c7 sale-label elementor-widget elementor-widget-html\" data-id=\"93c48c7\" data-element_type=\"widget\" data-e-type=\"widget\" data-widget_type=\"html.default\">\n\t\t\t\t<div class=\"elementor-widget-container\">\n\t\t\t\t\t-17%\t\t\t\t<\/div>\n\t\t\t\t<\/div>\n\t\t<div class=\"elementor-element elementor-element-8e6fdd1 e-con-full box-botones e-grid e-con e-child\" data-id=\"8e6fdd1\" data-element_type=\"container\" data-e-type=\"container\">\n\t\t\t\t<div class=\"elementor-element elementor-element-084823c elementor-align-justify btn-add-cart elementor-widget elementor-widget-button\" data-id=\"084823c\" data-element_type=\"widget\" data-e-type=\"widget\" data-widget_type=\"button.default\">\n\t\t\t\t<div class=\"elementor-widget-container\">\n\t\t\t\t\t\t\t\t\t<div class=\"elementor-button-wrapper\">\n\t\t\t\t\t<a class=\"elementor-button elementor-button-link elementor-size-sm\" href=\"https:\/\/keramamueblesdejardin.com\/it\/sale-da-pranzo-allaperto\/set-di-tavoli-e-sedie-da-giardino\/sala-da-pranzo-8-posti-alluminio-antracite-e-polipropilene-vermontreal\/\">\n\t\t\t\t\t\t<span class=\"elementor-button-content-wrapper\">\n\t\t\t\t\t\t<span class=\"elementor-button-icon\">\n\t\t\t\t<svg xmlns=\"http:\/\/www.w3.org\/2000\/svg\" width=\"20\" height=\"23\" viewBox=\"0 0 20 23\" fill=\"none\"><path d=\"M2.01937 22.5C1.46 22.5 0.983542 22.3033 0.59 21.91C0.196667 21.5165 0 21.04 0 20.4806V7.01937C0 6.46 0.196667 5.98354 0.59 5.59C0.983542 5.19667 1.46 5 2.01937 5H5C5 3.60729 5.48521 2.42583 6.45562 1.45563C7.42583 0.485209 8.60729 0 10 0C11.3927 0 12.5742 0.485209 13.5444 1.45563C14.5148 2.42583 15 3.60729 15 5H17.9806C18.54 5 19.0165 5.19667 19.41 5.59C19.8033 5.98354 20 6.46 20 7.01937V20.4806C20 21.04 19.8033 21.5165 19.41 21.91C19.0165 22.3033 18.54 22.5 17.9806 22.5H2.01937ZM2.01937 21.25H17.9806C18.1731 21.25 18.3495 21.1699 18.5097 21.0097C18.6699 20.8495 18.75 20.6731 18.75 20.4806V7.01937C18.75 6.82687 18.6699 6.65052 18.5097 6.49031C18.3495 6.3301 18.1731 6.25 17.9806 6.25H2.01937C1.82687 6.25 1.65052 6.3301 1.49031 6.49031C1.3301 6.65052 1.25 6.82687 1.25 7.01937V20.4806C1.25 20.6731 1.3301 20.8495 1.49031 21.0097C1.65052 21.1699 1.82687 21.25 2.01937 21.25ZM10 12.5C11.3927 12.5 12.5742 12.0148 13.5444 11.0444C14.5148 10.0742 15 8.89271 15 7.5H13.75C13.75 8.54167 13.3854 9.42708 12.6562 10.1562C11.9271 10.8854 11.0417 11.25 10 11.25C8.95833 11.25 8.07292 10.8854 7.34375 10.1562C6.61458 9.42708 6.25 8.54167 6.25 7.5H5C5 8.89271 5.48521 10.0742 6.45562 11.0444C7.42583 12.0148 8.60729 12.5 10 12.5ZM6.25 5H13.75C13.75 3.95833 13.3854 3.07292 12.6562 2.34375C11.9271 1.61458 11.0417 1.25 10 1.25C8.95833 1.25 8.07292 1.61458 7.34375 2.34375C6.61458 3.07292 6.25 3.95833 6.25 5Z\" fill=\"#EEDFCD\"><\/path><\/svg>\t\t\t<\/span>\n\t\t\t\t\t\t\t\t\t<span class=\"elementor-button-text\">AGGIUNGI AL CARRELLO<\/span>\n\t\t\t\t\t<\/span>\n\t\t\t\t\t<\/a>\n\t\t\t\t<\/div>\n\t\t\t\t\t\t\t\t<\/div>\n\t\t\t\t<\/div>\n\t\t\t\t<div class=\"elementor-element elementor-element-490c284 btn-whishlist elementor-widget elementor-widget-html\" data-id=\"490c284\" data-element_type=\"widget\" data-e-type=\"widget\" data-widget_type=\"html.default\">\n\t\t\t\t<div class=\"elementor-widget-container\">\n\t\t\t\t\t\n<div\n\tclass=\"yith-wcwl-add-to-wishlist add-to-wishlist-177671 yith-wcwl-add-to-wishlist--button_default-style wishlist-fragment on-first-load\"\n\tdata-fragment-ref=\"177671\"\n\tdata-fragment-options=\"{&quot;base_url&quot;:&quot;&quot;,&quot;product_id&quot;:177671,&quot;parent_product_id&quot;:0,&quot;product_type&quot;:&quot;simple&quot;,&quot;is_single&quot;:false,&quot;in_default_wishlist&quot;:false,&quot;show_view&quot;:false,&quot;browse_wishlist_text&quot;:&quot;Echar un vistazo a la lista de deseos&quot;,&quot;already_in_wishslist_text&quot;:&quot;Il prodotto \\u00e8 gi\\u00e0 nella lista dei desideri&quot;,&quot;product_added_text&quot;:&quot;Prodotto aggiunto&quot;,&quot;available_multi_wishlist&quot;:false,&quot;disable_wishlist&quot;:false,&quot;show_count&quot;:false,&quot;ajax_loading&quot;:false,&quot;loop_position&quot;:&quot;before_image&quot;,&quot;item&quot;:&quot;add_to_wishlist&quot;}\"\n>\n\t\t\t\n\t\t\t<!-- ADD TO WISHLIST -->\n\t\t\t\n<div class=\"yith-wcwl-add-button\">\n\t\t<a\n\t\thref=\"?add_to_wishlist=177671&#038;_wpnonce=7bf8e9dac5\"\n\t\tclass=\"add_to_wishlist single_add_to_wishlist alt theme-button-style \"\n\t\tdata-product-id=\"177671\"\n\t\tdata-product-type=\"simple\"\n\t\tdata-original-product-id=\"0\"\n\t\tdata-title=\"Alla lista dei desideri\"\n\t\trel=\"nofollow\"\n\t>\n\t\t<svg id=\"yith-wcwl-icon-heart-outline\" class=\"yith-wcwl-icon-svg\" fill=\"none\" stroke-width=\"1.5\" stroke=\"currentColor\" viewBox=\"0 0 24 24\" xmlns=\"http:\/\/www.w3.org\/2000\/svg\">\n  <path stroke-linecap=\"round\" stroke-linejoin=\"round\" d=\"M21 8.25c0-2.485-2.099-4.5-4.688-4.5-1.935 0-3.597 1.126-4.312 2.733-.715-1.607-2.377-2.733-4.313-2.733C5.1 3.75 3 5.765 3 8.25c0 7.22 9 12 9 12s9-4.78 9-12Z\"><\/path>\n<\/svg>\t\t<span>Alla lista dei desideri<\/span>\n\t<\/a>\n<\/div>\n\n\t\t\t<!-- COUNT TEXT -->\n\t\t\t\n\t\t\t<\/div>\n\t\t\t\t<\/div>\n\t\t\t\t<\/div>\n\t\t\t\t<\/div>\n\t\t\t\t<\/div>\n\t\t<div class=\"elementor-element elementor-element-115495ef e-con-full e-flex e-con e-child\" data-id=\"115495ef\" data-element_type=\"container\" data-e-type=\"container\">\n\t\t\t\t<div class=\"elementor-element elementor-element-117381f5 elementor-widget__width-initial elementor-widget-mobile__width-inherit elementor-widget elementor-widget-heading\" data-id=\"117381f5\" data-element_type=\"widget\" data-e-type=\"widget\" data-widget_type=\"heading.default\">\n\t\t\t\t<div class=\"elementor-widget-container\">\n\t\t\t\t\t<h3 class=\"elementor-heading-title elementor-size-default\"><a href=\"https:\/\/keramamueblesdejardin.com\/it\/sale-da-pranzo-allaperto\/set-di-tavoli-e-sedie-da-giardino\/sala-da-pranzo-8-posti-alluminio-antracite-e-polipropilene-vermontreal\/\">Sala da pranzo 8 posti in alluminio antracite e polipropilene &#8211; Vermont&amp;Montreal<\/a><\/h3>\t\t\t\t<\/div>\n\t\t\t\t<\/div>\n\t\t\t\t<div class=\"elementor-element elementor-element-544acd9a elementor-widget__width-initial elementor-widget-mobile__width-inherit elementor-widget elementor-widget-woocommerce-product-price\" data-id=\"544acd9a\" data-element_type=\"widget\" data-e-type=\"widget\" data-widget_type=\"woocommerce-product-price.default\">\n\t\t\t\t<div class=\"elementor-widget-container\">\n\t\t\t\t\t<p class=\"price\"><span class=\"wcpbc-price wcpbc-price-177671\" data-product-id=\"177671\"><del aria-hidden=\"true\"><span class=\"woocommerce-Price-amount amount\"><bdi>2.417,00<span class=\"woocommerce-Price-currencySymbol\">&euro;<\/span><\/bdi><\/span><\/del> <span class=\"screen-reader-text\">Il prezzo originale era: 2.417,00&euro;.<\/span><ins aria-hidden=\"true\"><span class=\"woocommerce-Price-amount amount\"><bdi>2.009,00<span class=\"woocommerce-Price-currencySymbol\">&euro;<\/span><\/bdi><\/span><\/ins><span class=\"screen-reader-text\">Il prezzo attuale \u00e8: 2.009,00&euro;.<\/span><\/span><\/p>\n\t\t\t\t<\/div>\n\t\t\t\t<\/div>\n\t\t\t\t<\/div>\n\t\t\t\t\t<\/div>\n\t\t\t\t<\/div>\n\t\t\t\t<\/div>\n\t\t\t\t<div data-elementor-type=\"loop-item\" data-elementor-id=\"191975\" class=\"elementor elementor-191975 elementor-178577 elementor-178577 e-loop-item e-loop-item-177695 post-177695 product type-product status-publish has-post-thumbnail product_cat-sale-da-pranzo-allaperto product_cat-set-di-tavoli-e-sedie-da-giardino product_shipping_class-envio-gratuito-it first instock sale purchasable product-type-simple add-to-wishlist-before_image\" wpc-filter-elementor-widget=\"1\" data-elementor-post-type=\"elementor_library\" data-custom-edit-handle=\"1\">\n\t\t\t<div class=\"elementor-element elementor-element-15d94ef8 e-flex e-con-boxed e-con e-parent\" data-id=\"15d94ef8\" data-element_type=\"container\" data-e-type=\"container\">\n\t\t\t\t\t<div class=\"e-con-inner\">\n\t\t<div class=\"elementor-element elementor-element-29e97a4 e-con-full e-flex e-con e-child\" data-id=\"29e97a4\" data-element_type=\"container\" data-e-type=\"container\">\n\t\t\t\t<div class=\"elementor-element elementor-element-8e6d9e7 elementor-widget elementor-widget-theme-post-featured-image elementor-widget-image\" data-id=\"8e6d9e7\" data-element_type=\"widget\" data-e-type=\"widget\" data-widget_type=\"theme-post-featured-image.default\">\n\t\t\t\t<div class=\"elementor-widget-container\">\n\t\t\t\t\t\t\t\t\t\t\t\t\t\t\t\t<a href=\"https:\/\/keramamueblesdejardin.com\/it\/sale-da-pranzo-allaperto\/set-di-tavoli-e-sedie-da-giardino\/tavolo-da-pranzo-130x70-e-4-sedie-osaka-beige-alluminio-e-textilene-beige\/\">\n\t\t\t\t\t\t\t<img loading=\"lazy\" decoding=\"async\" width=\"800\" height=\"800\" src=\"https:\/\/keramamueblesdejardin.com\/wp-content\/uploads\/2024\/10\/130-text-osaka-beige-4-1024x1024.jpg\" class=\"attachment-large size-large wp-image-171538\" alt=\"\" srcset=\"https:\/\/keramamueblesdejardin.com\/wp-content\/uploads\/2024\/10\/130-text-osaka-beige-4-1024x1024.jpg 1024w, https:\/\/keramamueblesdejardin.com\/wp-content\/uploads\/2024\/10\/130-text-osaka-beige-4-800x800.jpg 800w, https:\/\/keramamueblesdejardin.com\/wp-content\/uploads\/2024\/10\/130-text-osaka-beige-4-100x100.jpg 100w, https:\/\/keramamueblesdejardin.com\/wp-content\/uploads\/2024\/10\/130-text-osaka-beige-4-300x300.jpg 300w, https:\/\/keramamueblesdejardin.com\/wp-content\/uploads\/2024\/10\/130-text-osaka-beige-4-150x150.jpg 150w, https:\/\/keramamueblesdejardin.com\/wp-content\/uploads\/2024\/10\/130-text-osaka-beige-4-768x768.jpg 768w, https:\/\/keramamueblesdejardin.com\/wp-content\/uploads\/2024\/10\/130-text-osaka-beige-4-98x98.jpg 98w, https:\/\/keramamueblesdejardin.com\/wp-content\/uploads\/2024\/10\/130-text-osaka-beige-4-175x175.jpg 175w, https:\/\/keramamueblesdejardin.com\/wp-content\/uploads\/2024\/10\/130-text-osaka-beige-4.jpg 1200w\" sizes=\"(max-width: 800px) 100vw, 800px\" \/>\t\t\t\t\t\t\t\t<\/a>\n\t\t\t\t\t\t\t\t\t\t\t\t\t\t\t<\/div>\n\t\t\t\t<\/div>\n\t\t\t\t<div class=\"elementor-element elementor-element-93c48c7 sale-label elementor-widget elementor-widget-html\" data-id=\"93c48c7\" data-element_type=\"widget\" data-e-type=\"widget\" data-widget_type=\"html.default\">\n\t\t\t\t<div class=\"elementor-widget-container\">\n\t\t\t\t\t-18%\t\t\t\t<\/div>\n\t\t\t\t<\/div>\n\t\t<div class=\"elementor-element elementor-element-8e6fdd1 e-con-full box-botones e-grid e-con e-child\" data-id=\"8e6fdd1\" data-element_type=\"container\" data-e-type=\"container\">\n\t\t\t\t<div class=\"elementor-element elementor-element-084823c elementor-align-justify btn-add-cart elementor-widget elementor-widget-button\" data-id=\"084823c\" data-element_type=\"widget\" data-e-type=\"widget\" data-widget_type=\"button.default\">\n\t\t\t\t<div class=\"elementor-widget-container\">\n\t\t\t\t\t\t\t\t\t<div class=\"elementor-button-wrapper\">\n\t\t\t\t\t<a class=\"elementor-button elementor-button-link elementor-size-sm\" href=\"https:\/\/keramamueblesdejardin.com\/it\/sale-da-pranzo-allaperto\/set-di-tavoli-e-sedie-da-giardino\/tavolo-da-pranzo-130x70-e-4-sedie-osaka-beige-alluminio-e-textilene-beige\/\">\n\t\t\t\t\t\t<span class=\"elementor-button-content-wrapper\">\n\t\t\t\t\t\t<span class=\"elementor-button-icon\">\n\t\t\t\t<svg xmlns=\"http:\/\/www.w3.org\/2000\/svg\" width=\"20\" height=\"23\" viewBox=\"0 0 20 23\" fill=\"none\"><path d=\"M2.01937 22.5C1.46 22.5 0.983542 22.3033 0.59 21.91C0.196667 21.5165 0 21.04 0 20.4806V7.01937C0 6.46 0.196667 5.98354 0.59 5.59C0.983542 5.19667 1.46 5 2.01937 5H5C5 3.60729 5.48521 2.42583 6.45562 1.45563C7.42583 0.485209 8.60729 0 10 0C11.3927 0 12.5742 0.485209 13.5444 1.45563C14.5148 2.42583 15 3.60729 15 5H17.9806C18.54 5 19.0165 5.19667 19.41 5.59C19.8033 5.98354 20 6.46 20 7.01937V20.4806C20 21.04 19.8033 21.5165 19.41 21.91C19.0165 22.3033 18.54 22.5 17.9806 22.5H2.01937ZM2.01937 21.25H17.9806C18.1731 21.25 18.3495 21.1699 18.5097 21.0097C18.6699 20.8495 18.75 20.6731 18.75 20.4806V7.01937C18.75 6.82687 18.6699 6.65052 18.5097 6.49031C18.3495 6.3301 18.1731 6.25 17.9806 6.25H2.01937C1.82687 6.25 1.65052 6.3301 1.49031 6.49031C1.3301 6.65052 1.25 6.82687 1.25 7.01937V20.4806C1.25 20.6731 1.3301 20.8495 1.49031 21.0097C1.65052 21.1699 1.82687 21.25 2.01937 21.25ZM10 12.5C11.3927 12.5 12.5742 12.0148 13.5444 11.0444C14.5148 10.0742 15 8.89271 15 7.5H13.75C13.75 8.54167 13.3854 9.42708 12.6562 10.1562C11.9271 10.8854 11.0417 11.25 10 11.25C8.95833 11.25 8.07292 10.8854 7.34375 10.1562C6.61458 9.42708 6.25 8.54167 6.25 7.5H5C5 8.89271 5.48521 10.0742 6.45562 11.0444C7.42583 12.0148 8.60729 12.5 10 12.5ZM6.25 5H13.75C13.75 3.95833 13.3854 3.07292 12.6562 2.34375C11.9271 1.61458 11.0417 1.25 10 1.25C8.95833 1.25 8.07292 1.61458 7.34375 2.34375C6.61458 3.07292 6.25 3.95833 6.25 5Z\" fill=\"#EEDFCD\"><\/path><\/svg>\t\t\t<\/span>\n\t\t\t\t\t\t\t\t\t<span class=\"elementor-button-text\">AGGIUNGI AL CARRELLO<\/span>\n\t\t\t\t\t<\/span>\n\t\t\t\t\t<\/a>\n\t\t\t\t<\/div>\n\t\t\t\t\t\t\t\t<\/div>\n\t\t\t\t<\/div>\n\t\t\t\t<div class=\"elementor-element elementor-element-490c284 btn-whishlist elementor-widget elementor-widget-html\" data-id=\"490c284\" data-element_type=\"widget\" data-e-type=\"widget\" data-widget_type=\"html.default\">\n\t\t\t\t<div class=\"elementor-widget-container\">\n\t\t\t\t\t\n<div\n\tclass=\"yith-wcwl-add-to-wishlist add-to-wishlist-177695 yith-wcwl-add-to-wishlist--button_default-style wishlist-fragment on-first-load\"\n\tdata-fragment-ref=\"177695\"\n\tdata-fragment-options=\"{&quot;base_url&quot;:&quot;&quot;,&quot;product_id&quot;:177695,&quot;parent_product_id&quot;:0,&quot;product_type&quot;:&quot;simple&quot;,&quot;is_single&quot;:false,&quot;in_default_wishlist&quot;:false,&quot;show_view&quot;:false,&quot;browse_wishlist_text&quot;:&quot;Echar un vistazo a la lista de deseos&quot;,&quot;already_in_wishslist_text&quot;:&quot;Il prodotto \\u00e8 gi\\u00e0 nella lista dei desideri&quot;,&quot;product_added_text&quot;:&quot;Prodotto aggiunto&quot;,&quot;available_multi_wishlist&quot;:false,&quot;disable_wishlist&quot;:false,&quot;show_count&quot;:false,&quot;ajax_loading&quot;:false,&quot;loop_position&quot;:&quot;before_image&quot;,&quot;item&quot;:&quot;add_to_wishlist&quot;}\"\n>\n\t\t\t\n\t\t\t<!-- ADD TO WISHLIST -->\n\t\t\t\n<div class=\"yith-wcwl-add-button\">\n\t\t<a\n\t\thref=\"?add_to_wishlist=177695&#038;_wpnonce=7bf8e9dac5\"\n\t\tclass=\"add_to_wishlist single_add_to_wishlist alt theme-button-style \"\n\t\tdata-product-id=\"177695\"\n\t\tdata-product-type=\"simple\"\n\t\tdata-original-product-id=\"0\"\n\t\tdata-title=\"Alla lista dei desideri\"\n\t\trel=\"nofollow\"\n\t>\n\t\t<svg id=\"yith-wcwl-icon-heart-outline\" class=\"yith-wcwl-icon-svg\" fill=\"none\" stroke-width=\"1.5\" stroke=\"currentColor\" viewBox=\"0 0 24 24\" xmlns=\"http:\/\/www.w3.org\/2000\/svg\">\n  <path stroke-linecap=\"round\" stroke-linejoin=\"round\" d=\"M21 8.25c0-2.485-2.099-4.5-4.688-4.5-1.935 0-3.597 1.126-4.312 2.733-.715-1.607-2.377-2.733-4.313-2.733C5.1 3.75 3 5.765 3 8.25c0 7.22 9 12 9 12s9-4.78 9-12Z\"><\/path>\n<\/svg>\t\t<span>Alla lista dei desideri<\/span>\n\t<\/a>\n<\/div>\n\n\t\t\t<!-- COUNT TEXT -->\n\t\t\t\n\t\t\t<\/div>\n\t\t\t\t<\/div>\n\t\t\t\t<\/div>\n\t\t\t\t<\/div>\n\t\t\t\t<\/div>\n\t\t<div class=\"elementor-element elementor-element-115495ef e-con-full e-flex e-con e-child\" data-id=\"115495ef\" data-element_type=\"container\" data-e-type=\"container\">\n\t\t\t\t<div class=\"elementor-element elementor-element-117381f5 elementor-widget__width-initial elementor-widget-mobile__width-inherit elementor-widget elementor-widget-heading\" data-id=\"117381f5\" data-element_type=\"widget\" data-e-type=\"widget\" data-widget_type=\"heading.default\">\n\t\t\t\t<div class=\"elementor-widget-container\">\n\t\t\t\t\t<h3 class=\"elementor-heading-title elementor-size-default\"><a href=\"https:\/\/keramamueblesdejardin.com\/it\/sale-da-pranzo-allaperto\/set-di-tavoli-e-sedie-da-giardino\/tavolo-da-pranzo-130x70-e-4-sedie-osaka-beige-alluminio-e-textilene-beige\/\">Tavolo da pranzo da giardino Osaka 130&#215;70 e 4 sedie in alluminio e textilene beige<\/a><\/h3>\t\t\t\t<\/div>\n\t\t\t\t<\/div>\n\t\t\t\t<div class=\"elementor-element elementor-element-544acd9a elementor-widget__width-initial elementor-widget-mobile__width-inherit elementor-widget elementor-widget-woocommerce-product-price\" data-id=\"544acd9a\" data-element_type=\"widget\" data-e-type=\"widget\" data-widget_type=\"woocommerce-product-price.default\">\n\t\t\t\t<div class=\"elementor-widget-container\">\n\t\t\t\t\t<p class=\"price\"><span class=\"wcpbc-price wcpbc-price-177695\" data-product-id=\"177695\"><del aria-hidden=\"true\"><span class=\"woocommerce-Price-amount amount\"><bdi>729,00<span class=\"woocommerce-Price-currencySymbol\">&euro;<\/span><\/bdi><\/span><\/del> <span class=\"screen-reader-text\">Il prezzo originale era: 729,00&euro;.<\/span><ins aria-hidden=\"true\"><span class=\"woocommerce-Price-amount amount\"><bdi>599,00<span class=\"woocommerce-Price-currencySymbol\">&euro;<\/span><\/bdi><\/span><\/ins><span class=\"screen-reader-text\">Il prezzo attuale \u00e8: 599,00&euro;.<\/span><\/span><\/p>\n\t\t\t\t<\/div>\n\t\t\t\t<\/div>\n\t\t\t\t<\/div>\n\t\t\t\t\t<\/div>\n\t\t\t\t<\/div>\n\t\t\t\t<\/div>\n\t\t\t\t<div data-elementor-type=\"loop-item\" data-elementor-id=\"191975\" class=\"elementor elementor-191975 elementor-178577 elementor-178577 e-loop-item e-loop-item-177668 post-177668 product type-product status-publish has-post-thumbnail product_cat-sale-da-pranzo-allaperto product_cat-set-di-tavoli-e-sedie-da-giardino product_shipping_class-envio-gratuito-it  instock sale purchasable product-type-simple add-to-wishlist-before_image\" wpc-filter-elementor-widget=\"1\" data-elementor-post-type=\"elementor_library\" data-custom-edit-handle=\"1\">\n\t\t\t<div class=\"elementor-element elementor-element-15d94ef8 e-flex e-con-boxed e-con e-parent\" data-id=\"15d94ef8\" data-element_type=\"container\" data-e-type=\"container\">\n\t\t\t\t\t<div class=\"e-con-inner\">\n\t\t<div class=\"elementor-element elementor-element-29e97a4 e-con-full e-flex e-con e-child\" data-id=\"29e97a4\" data-element_type=\"container\" data-e-type=\"container\">\n\t\t\t\t<div class=\"elementor-element elementor-element-8e6d9e7 elementor-widget elementor-widget-theme-post-featured-image elementor-widget-image\" data-id=\"8e6d9e7\" data-element_type=\"widget\" data-e-type=\"widget\" data-widget_type=\"theme-post-featured-image.default\">\n\t\t\t\t<div class=\"elementor-widget-container\">\n\t\t\t\t\t\t\t\t\t\t\t\t\t\t\t\t<a href=\"https:\/\/keramamueblesdejardin.com\/it\/sale-da-pranzo-allaperto\/set-di-tavoli-e-sedie-da-giardino\/tavolo-da-pranzo-130x70-e-4-sedie-osaka-alluminio-e-textilene-antracite-osaka\/\">\n\t\t\t\t\t\t\t<img loading=\"lazy\" decoding=\"async\" width=\"800\" height=\"800\" src=\"https:\/\/keramamueblesdejardin.com\/wp-content\/uploads\/2024\/10\/130-osaka-antra-text-1024x1024.jpg\" class=\"attachment-large size-large wp-image-170720\" alt=\"\" srcset=\"https:\/\/keramamueblesdejardin.com\/wp-content\/uploads\/2024\/10\/130-osaka-antra-text-1024x1024.jpg 1024w, https:\/\/keramamueblesdejardin.com\/wp-content\/uploads\/2024\/10\/130-osaka-antra-text-800x800.jpg 800w, https:\/\/keramamueblesdejardin.com\/wp-content\/uploads\/2024\/10\/130-osaka-antra-text-100x100.jpg 100w, https:\/\/keramamueblesdejardin.com\/wp-content\/uploads\/2024\/10\/130-osaka-antra-text-300x300.jpg 300w, https:\/\/keramamueblesdejardin.com\/wp-content\/uploads\/2024\/10\/130-osaka-antra-text-150x150.jpg 150w, https:\/\/keramamueblesdejardin.com\/wp-content\/uploads\/2024\/10\/130-osaka-antra-text-768x768.jpg 768w, https:\/\/keramamueblesdejardin.com\/wp-content\/uploads\/2024\/10\/130-osaka-antra-text-98x98.jpg 98w, https:\/\/keramamueblesdejardin.com\/wp-content\/uploads\/2024\/10\/130-osaka-antra-text-175x175.jpg 175w, https:\/\/keramamueblesdejardin.com\/wp-content\/uploads\/2024\/10\/130-osaka-antra-text.jpg 1200w\" sizes=\"(max-width: 800px) 100vw, 800px\" \/>\t\t\t\t\t\t\t\t<\/a>\n\t\t\t\t\t\t\t\t\t\t\t\t\t\t\t<\/div>\n\t\t\t\t<\/div>\n\t\t\t\t<div class=\"elementor-element elementor-element-93c48c7 sale-label elementor-widget elementor-widget-html\" data-id=\"93c48c7\" data-element_type=\"widget\" data-e-type=\"widget\" data-widget_type=\"html.default\">\n\t\t\t\t<div class=\"elementor-widget-container\">\n\t\t\t\t\t-18%\t\t\t\t<\/div>\n\t\t\t\t<\/div>\n\t\t<div class=\"elementor-element elementor-element-8e6fdd1 e-con-full box-botones e-grid e-con e-child\" data-id=\"8e6fdd1\" data-element_type=\"container\" data-e-type=\"container\">\n\t\t\t\t<div class=\"elementor-element elementor-element-084823c elementor-align-justify btn-add-cart elementor-widget elementor-widget-button\" data-id=\"084823c\" data-element_type=\"widget\" data-e-type=\"widget\" data-widget_type=\"button.default\">\n\t\t\t\t<div class=\"elementor-widget-container\">\n\t\t\t\t\t\t\t\t\t<div class=\"elementor-button-wrapper\">\n\t\t\t\t\t<a class=\"elementor-button elementor-button-link elementor-size-sm\" href=\"https:\/\/keramamueblesdejardin.com\/it\/sale-da-pranzo-allaperto\/set-di-tavoli-e-sedie-da-giardino\/tavolo-da-pranzo-130x70-e-4-sedie-osaka-alluminio-e-textilene-antracite-osaka\/\">\n\t\t\t\t\t\t<span class=\"elementor-button-content-wrapper\">\n\t\t\t\t\t\t<span class=\"elementor-button-icon\">\n\t\t\t\t<svg xmlns=\"http:\/\/www.w3.org\/2000\/svg\" width=\"20\" height=\"23\" viewBox=\"0 0 20 23\" fill=\"none\"><path d=\"M2.01937 22.5C1.46 22.5 0.983542 22.3033 0.59 21.91C0.196667 21.5165 0 21.04 0 20.4806V7.01937C0 6.46 0.196667 5.98354 0.59 5.59C0.983542 5.19667 1.46 5 2.01937 5H5C5 3.60729 5.48521 2.42583 6.45562 1.45563C7.42583 0.485209 8.60729 0 10 0C11.3927 0 12.5742 0.485209 13.5444 1.45563C14.5148 2.42583 15 3.60729 15 5H17.9806C18.54 5 19.0165 5.19667 19.41 5.59C19.8033 5.98354 20 6.46 20 7.01937V20.4806C20 21.04 19.8033 21.5165 19.41 21.91C19.0165 22.3033 18.54 22.5 17.9806 22.5H2.01937ZM2.01937 21.25H17.9806C18.1731 21.25 18.3495 21.1699 18.5097 21.0097C18.6699 20.8495 18.75 20.6731 18.75 20.4806V7.01937C18.75 6.82687 18.6699 6.65052 18.5097 6.49031C18.3495 6.3301 18.1731 6.25 17.9806 6.25H2.01937C1.82687 6.25 1.65052 6.3301 1.49031 6.49031C1.3301 6.65052 1.25 6.82687 1.25 7.01937V20.4806C1.25 20.6731 1.3301 20.8495 1.49031 21.0097C1.65052 21.1699 1.82687 21.25 2.01937 21.25ZM10 12.5C11.3927 12.5 12.5742 12.0148 13.5444 11.0444C14.5148 10.0742 15 8.89271 15 7.5H13.75C13.75 8.54167 13.3854 9.42708 12.6562 10.1562C11.9271 10.8854 11.0417 11.25 10 11.25C8.95833 11.25 8.07292 10.8854 7.34375 10.1562C6.61458 9.42708 6.25 8.54167 6.25 7.5H5C5 8.89271 5.48521 10.0742 6.45562 11.0444C7.42583 12.0148 8.60729 12.5 10 12.5ZM6.25 5H13.75C13.75 3.95833 13.3854 3.07292 12.6562 2.34375C11.9271 1.61458 11.0417 1.25 10 1.25C8.95833 1.25 8.07292 1.61458 7.34375 2.34375C6.61458 3.07292 6.25 3.95833 6.25 5Z\" fill=\"#EEDFCD\"><\/path><\/svg>\t\t\t<\/span>\n\t\t\t\t\t\t\t\t\t<span class=\"elementor-button-text\">AGGIUNGI AL CARRELLO<\/span>\n\t\t\t\t\t<\/span>\n\t\t\t\t\t<\/a>\n\t\t\t\t<\/div>\n\t\t\t\t\t\t\t\t<\/div>\n\t\t\t\t<\/div>\n\t\t\t\t<div class=\"elementor-element elementor-element-490c284 btn-whishlist elementor-widget elementor-widget-html\" data-id=\"490c284\" data-element_type=\"widget\" data-e-type=\"widget\" data-widget_type=\"html.default\">\n\t\t\t\t<div class=\"elementor-widget-container\">\n\t\t\t\t\t\n<div\n\tclass=\"yith-wcwl-add-to-wishlist add-to-wishlist-177668 yith-wcwl-add-to-wishlist--button_default-style wishlist-fragment on-first-load\"\n\tdata-fragment-ref=\"177668\"\n\tdata-fragment-options=\"{&quot;base_url&quot;:&quot;&quot;,&quot;product_id&quot;:177668,&quot;parent_product_id&quot;:0,&quot;product_type&quot;:&quot;simple&quot;,&quot;is_single&quot;:false,&quot;in_default_wishlist&quot;:false,&quot;show_view&quot;:false,&quot;browse_wishlist_text&quot;:&quot;Echar un vistazo a la lista de deseos&quot;,&quot;already_in_wishslist_text&quot;:&quot;Il prodotto \\u00e8 gi\\u00e0 nella lista dei desideri&quot;,&quot;product_added_text&quot;:&quot;Prodotto aggiunto&quot;,&quot;available_multi_wishlist&quot;:false,&quot;disable_wishlist&quot;:false,&quot;show_count&quot;:false,&quot;ajax_loading&quot;:false,&quot;loop_position&quot;:&quot;before_image&quot;,&quot;item&quot;:&quot;add_to_wishlist&quot;}\"\n>\n\t\t\t\n\t\t\t<!-- ADD TO WISHLIST -->\n\t\t\t\n<div class=\"yith-wcwl-add-button\">\n\t\t<a\n\t\thref=\"?add_to_wishlist=177668&#038;_wpnonce=7bf8e9dac5\"\n\t\tclass=\"add_to_wishlist single_add_to_wishlist alt theme-button-style \"\n\t\tdata-product-id=\"177668\"\n\t\tdata-product-type=\"simple\"\n\t\tdata-original-product-id=\"0\"\n\t\tdata-title=\"Alla lista dei desideri\"\n\t\trel=\"nofollow\"\n\t>\n\t\t<svg id=\"yith-wcwl-icon-heart-outline\" class=\"yith-wcwl-icon-svg\" fill=\"none\" stroke-width=\"1.5\" stroke=\"currentColor\" viewBox=\"0 0 24 24\" xmlns=\"http:\/\/www.w3.org\/2000\/svg\">\n  <path stroke-linecap=\"round\" stroke-linejoin=\"round\" d=\"M21 8.25c0-2.485-2.099-4.5-4.688-4.5-1.935 0-3.597 1.126-4.312 2.733-.715-1.607-2.377-2.733-4.313-2.733C5.1 3.75 3 5.765 3 8.25c0 7.22 9 12 9 12s9-4.78 9-12Z\"><\/path>\n<\/svg>\t\t<span>Alla lista dei desideri<\/span>\n\t<\/a>\n<\/div>\n\n\t\t\t<!-- COUNT TEXT -->\n\t\t\t\n\t\t\t<\/div>\n\t\t\t\t<\/div>\n\t\t\t\t<\/div>\n\t\t\t\t<\/div>\n\t\t\t\t<\/div>\n\t\t<div class=\"elementor-element elementor-element-115495ef e-con-full e-flex e-con e-child\" data-id=\"115495ef\" data-element_type=\"container\" data-e-type=\"container\">\n\t\t\t\t<div class=\"elementor-element elementor-element-117381f5 elementor-widget__width-initial elementor-widget-mobile__width-inherit elementor-widget elementor-widget-heading\" data-id=\"117381f5\" data-element_type=\"widget\" data-e-type=\"widget\" data-widget_type=\"heading.default\">\n\t\t\t\t<div class=\"elementor-widget-container\">\n\t\t\t\t\t<h3 class=\"elementor-heading-title elementor-size-default\"><a href=\"https:\/\/keramamueblesdejardin.com\/it\/sale-da-pranzo-allaperto\/set-di-tavoli-e-sedie-da-giardino\/tavolo-da-pranzo-130x70-e-4-sedie-osaka-alluminio-e-textilene-antracite-osaka\/\">Tavolo da pranzo da giardino Osaka 130&#215;70 e 4 sedie in alluminio e textilene antracite<\/a><\/h3>\t\t\t\t<\/div>\n\t\t\t\t<\/div>\n\t\t\t\t<div class=\"elementor-element elementor-element-544acd9a elementor-widget__width-initial elementor-widget-mobile__width-inherit elementor-widget elementor-widget-woocommerce-product-price\" data-id=\"544acd9a\" data-element_type=\"widget\" data-e-type=\"widget\" data-widget_type=\"woocommerce-product-price.default\">\n\t\t\t\t<div class=\"elementor-widget-container\">\n\t\t\t\t\t<p class=\"price\"><span class=\"wcpbc-price wcpbc-price-177668\" data-product-id=\"177668\"><del aria-hidden=\"true\"><span class=\"woocommerce-Price-amount amount\"><bdi>729,00<span class=\"woocommerce-Price-currencySymbol\">&euro;<\/span><\/bdi><\/span><\/del> <span class=\"screen-reader-text\">Il prezzo originale era: 729,00&euro;.<\/span><ins aria-hidden=\"true\"><span class=\"woocommerce-Price-amount amount\"><bdi>599,00<span class=\"woocommerce-Price-currencySymbol\">&euro;<\/span><\/bdi><\/span><\/ins><span class=\"screen-reader-text\">Il prezzo attuale \u00e8: 599,00&euro;.<\/span><\/span><\/p>\n\t\t\t\t<\/div>\n\t\t\t\t<\/div>\n\t\t\t\t<\/div>\n\t\t\t\t\t<\/div>\n\t\t\t\t<\/div>\n\t\t\t\t<\/div>\n\t\t\t\t<div data-elementor-type=\"loop-item\" data-elementor-id=\"191975\" class=\"elementor elementor-191975 elementor-178577 elementor-178577 e-loop-item e-loop-item-177713 post-177713 product type-product status-publish has-post-thumbnail product_cat-sale-da-pranzo-allaperto product_cat-set-di-tavoli-e-sedie-da-giardino product_shipping_class-envio-gratuito-it  instock sale purchasable product-type-simple add-to-wishlist-before_image\" wpc-filter-elementor-widget=\"1\" data-elementor-post-type=\"elementor_library\" data-custom-edit-handle=\"1\">\n\t\t\t<div class=\"elementor-element elementor-element-15d94ef8 e-flex e-con-boxed e-con e-parent\" data-id=\"15d94ef8\" data-element_type=\"container\" data-e-type=\"container\">\n\t\t\t\t\t<div class=\"e-con-inner\">\n\t\t<div class=\"elementor-element elementor-element-29e97a4 e-con-full e-flex e-con e-child\" data-id=\"29e97a4\" data-element_type=\"container\" data-e-type=\"container\">\n\t\t\t\t<div class=\"elementor-element elementor-element-8e6d9e7 elementor-widget elementor-widget-theme-post-featured-image elementor-widget-image\" data-id=\"8e6d9e7\" data-element_type=\"widget\" data-e-type=\"widget\" data-widget_type=\"theme-post-featured-image.default\">\n\t\t\t\t<div class=\"elementor-widget-container\">\n\t\t\t\t\t\t\t\t\t\t\t\t\t\t\t\t<a href=\"https:\/\/keramamueblesdejardin.com\/it\/sale-da-pranzo-allaperto\/set-di-tavoli-e-sedie-da-giardino\/tavolo-da-pranzo-130x70-e-4-sedie-alluminio-e-textilene-bianco-osaka\/\">\n\t\t\t\t\t\t\t<img loading=\"lazy\" decoding=\"async\" width=\"800\" height=\"800\" src=\"https:\/\/keramamueblesdejardin.com\/wp-content\/uploads\/2024\/10\/70-blanco-4-text-osaka-1024x1024.jpg\" class=\"attachment-large size-large wp-image-170672\" alt=\"\" srcset=\"https:\/\/keramamueblesdejardin.com\/wp-content\/uploads\/2024\/10\/70-blanco-4-text-osaka-1024x1024.jpg 1024w, https:\/\/keramamueblesdejardin.com\/wp-content\/uploads\/2024\/10\/70-blanco-4-text-osaka-800x800.jpg 800w, https:\/\/keramamueblesdejardin.com\/wp-content\/uploads\/2024\/10\/70-blanco-4-text-osaka-100x100.jpg 100w, https:\/\/keramamueblesdejardin.com\/wp-content\/uploads\/2024\/10\/70-blanco-4-text-osaka-300x300.jpg 300w, https:\/\/keramamueblesdejardin.com\/wp-content\/uploads\/2024\/10\/70-blanco-4-text-osaka-150x150.jpg 150w, https:\/\/keramamueblesdejardin.com\/wp-content\/uploads\/2024\/10\/70-blanco-4-text-osaka-768x768.jpg 768w, https:\/\/keramamueblesdejardin.com\/wp-content\/uploads\/2024\/10\/70-blanco-4-text-osaka-98x98.jpg 98w, https:\/\/keramamueblesdejardin.com\/wp-content\/uploads\/2024\/10\/70-blanco-4-text-osaka-175x175.jpg 175w, https:\/\/keramamueblesdejardin.com\/wp-content\/uploads\/2024\/10\/70-blanco-4-text-osaka.jpg 1200w\" sizes=\"(max-width: 800px) 100vw, 800px\" \/>\t\t\t\t\t\t\t\t<\/a>\n\t\t\t\t\t\t\t\t\t\t\t\t\t\t\t<\/div>\n\t\t\t\t<\/div>\n\t\t\t\t<div class=\"elementor-element elementor-element-93c48c7 sale-label elementor-widget elementor-widget-html\" data-id=\"93c48c7\" data-element_type=\"widget\" data-e-type=\"widget\" data-widget_type=\"html.default\">\n\t\t\t\t<div class=\"elementor-widget-container\">\n\t\t\t\t\t-18%\t\t\t\t<\/div>\n\t\t\t\t<\/div>\n\t\t<div class=\"elementor-element elementor-element-8e6fdd1 e-con-full box-botones e-grid e-con e-child\" data-id=\"8e6fdd1\" data-element_type=\"container\" data-e-type=\"container\">\n\t\t\t\t<div class=\"elementor-element elementor-element-084823c elementor-align-justify btn-add-cart elementor-widget elementor-widget-button\" data-id=\"084823c\" data-element_type=\"widget\" data-e-type=\"widget\" data-widget_type=\"button.default\">\n\t\t\t\t<div class=\"elementor-widget-container\">\n\t\t\t\t\t\t\t\t\t<div class=\"elementor-button-wrapper\">\n\t\t\t\t\t<a class=\"elementor-button elementor-button-link elementor-size-sm\" href=\"https:\/\/keramamueblesdejardin.com\/it\/sale-da-pranzo-allaperto\/set-di-tavoli-e-sedie-da-giardino\/tavolo-da-pranzo-130x70-e-4-sedie-alluminio-e-textilene-bianco-osaka\/\">\n\t\t\t\t\t\t<span class=\"elementor-button-content-wrapper\">\n\t\t\t\t\t\t<span class=\"elementor-button-icon\">\n\t\t\t\t<svg xmlns=\"http:\/\/www.w3.org\/2000\/svg\" width=\"20\" height=\"23\" viewBox=\"0 0 20 23\" fill=\"none\"><path d=\"M2.01937 22.5C1.46 22.5 0.983542 22.3033 0.59 21.91C0.196667 21.5165 0 21.04 0 20.4806V7.01937C0 6.46 0.196667 5.98354 0.59 5.59C0.983542 5.19667 1.46 5 2.01937 5H5C5 3.60729 5.48521 2.42583 6.45562 1.45563C7.42583 0.485209 8.60729 0 10 0C11.3927 0 12.5742 0.485209 13.5444 1.45563C14.5148 2.42583 15 3.60729 15 5H17.9806C18.54 5 19.0165 5.19667 19.41 5.59C19.8033 5.98354 20 6.46 20 7.01937V20.4806C20 21.04 19.8033 21.5165 19.41 21.91C19.0165 22.3033 18.54 22.5 17.9806 22.5H2.01937ZM2.01937 21.25H17.9806C18.1731 21.25 18.3495 21.1699 18.5097 21.0097C18.6699 20.8495 18.75 20.6731 18.75 20.4806V7.01937C18.75 6.82687 18.6699 6.65052 18.5097 6.49031C18.3495 6.3301 18.1731 6.25 17.9806 6.25H2.01937C1.82687 6.25 1.65052 6.3301 1.49031 6.49031C1.3301 6.65052 1.25 6.82687 1.25 7.01937V20.4806C1.25 20.6731 1.3301 20.8495 1.49031 21.0097C1.65052 21.1699 1.82687 21.25 2.01937 21.25ZM10 12.5C11.3927 12.5 12.5742 12.0148 13.5444 11.0444C14.5148 10.0742 15 8.89271 15 7.5H13.75C13.75 8.54167 13.3854 9.42708 12.6562 10.1562C11.9271 10.8854 11.0417 11.25 10 11.25C8.95833 11.25 8.07292 10.8854 7.34375 10.1562C6.61458 9.42708 6.25 8.54167 6.25 7.5H5C5 8.89271 5.48521 10.0742 6.45562 11.0444C7.42583 12.0148 8.60729 12.5 10 12.5ZM6.25 5H13.75C13.75 3.95833 13.3854 3.07292 12.6562 2.34375C11.9271 1.61458 11.0417 1.25 10 1.25C8.95833 1.25 8.07292 1.61458 7.34375 2.34375C6.61458 3.07292 6.25 3.95833 6.25 5Z\" fill=\"#EEDFCD\"><\/path><\/svg>\t\t\t<\/span>\n\t\t\t\t\t\t\t\t\t<span class=\"elementor-button-text\">AGGIUNGI AL CARRELLO<\/span>\n\t\t\t\t\t<\/span>\n\t\t\t\t\t<\/a>\n\t\t\t\t<\/div>\n\t\t\t\t\t\t\t\t<\/div>\n\t\t\t\t<\/div>\n\t\t\t\t<div class=\"elementor-element elementor-element-490c284 btn-whishlist elementor-widget elementor-widget-html\" data-id=\"490c284\" data-element_type=\"widget\" data-e-type=\"widget\" data-widget_type=\"html.default\">\n\t\t\t\t<div class=\"elementor-widget-container\">\n\t\t\t\t\t\n<div\n\tclass=\"yith-wcwl-add-to-wishlist add-to-wishlist-177713 yith-wcwl-add-to-wishlist--button_default-style wishlist-fragment on-first-load\"\n\tdata-fragment-ref=\"177713\"\n\tdata-fragment-options=\"{&quot;base_url&quot;:&quot;&quot;,&quot;product_id&quot;:177713,&quot;parent_product_id&quot;:0,&quot;product_type&quot;:&quot;simple&quot;,&quot;is_single&quot;:false,&quot;in_default_wishlist&quot;:false,&quot;show_view&quot;:false,&quot;browse_wishlist_text&quot;:&quot;Echar un vistazo a la lista de deseos&quot;,&quot;already_in_wishslist_text&quot;:&quot;Il prodotto \\u00e8 gi\\u00e0 nella lista dei desideri&quot;,&quot;product_added_text&quot;:&quot;Prodotto aggiunto&quot;,&quot;available_multi_wishlist&quot;:false,&quot;disable_wishlist&quot;:false,&quot;show_count&quot;:false,&quot;ajax_loading&quot;:false,&quot;loop_position&quot;:&quot;before_image&quot;,&quot;item&quot;:&quot;add_to_wishlist&quot;}\"\n>\n\t\t\t\n\t\t\t<!-- ADD TO WISHLIST -->\n\t\t\t\n<div class=\"yith-wcwl-add-button\">\n\t\t<a\n\t\thref=\"?add_to_wishlist=177713&#038;_wpnonce=7bf8e9dac5\"\n\t\tclass=\"add_to_wishlist single_add_to_wishlist alt theme-button-style \"\n\t\tdata-product-id=\"177713\"\n\t\tdata-product-type=\"simple\"\n\t\tdata-original-product-id=\"0\"\n\t\tdata-title=\"Alla lista dei desideri\"\n\t\trel=\"nofollow\"\n\t>\n\t\t<svg id=\"yith-wcwl-icon-heart-outline\" class=\"yith-wcwl-icon-svg\" fill=\"none\" stroke-width=\"1.5\" stroke=\"currentColor\" viewBox=\"0 0 24 24\" xmlns=\"http:\/\/www.w3.org\/2000\/svg\">\n  <path stroke-linecap=\"round\" stroke-linejoin=\"round\" d=\"M21 8.25c0-2.485-2.099-4.5-4.688-4.5-1.935 0-3.597 1.126-4.312 2.733-.715-1.607-2.377-2.733-4.313-2.733C5.1 3.75 3 5.765 3 8.25c0 7.22 9 12 9 12s9-4.78 9-12Z\"><\/path>\n<\/svg>\t\t<span>Alla lista dei desideri<\/span>\n\t<\/a>\n<\/div>\n\n\t\t\t<!-- COUNT TEXT -->\n\t\t\t\n\t\t\t<\/div>\n\t\t\t\t<\/div>\n\t\t\t\t<\/div>\n\t\t\t\t<\/div>\n\t\t\t\t<\/div>\n\t\t<div class=\"elementor-element elementor-element-115495ef e-con-full e-flex e-con e-child\" data-id=\"115495ef\" data-element_type=\"container\" data-e-type=\"container\">\n\t\t\t\t<div class=\"elementor-element elementor-element-117381f5 elementor-widget__width-initial elementor-widget-mobile__width-inherit elementor-widget elementor-widget-heading\" data-id=\"117381f5\" data-element_type=\"widget\" data-e-type=\"widget\" data-widget_type=\"heading.default\">\n\t\t\t\t<div class=\"elementor-widget-container\">\n\t\t\t\t\t<h3 class=\"elementor-heading-title elementor-size-default\"><a href=\"https:\/\/keramamueblesdejardin.com\/it\/sale-da-pranzo-allaperto\/set-di-tavoli-e-sedie-da-giardino\/tavolo-da-pranzo-130x70-e-4-sedie-alluminio-e-textilene-bianco-osaka\/\">Tavolo da pranzo da giardino Osaka 130&#215;70 e 4 sedie in alluminio e textilene bianco<\/a><\/h3>\t\t\t\t<\/div>\n\t\t\t\t<\/div>\n\t\t\t\t<div class=\"elementor-element elementor-element-544acd9a elementor-widget__width-initial elementor-widget-mobile__width-inherit elementor-widget elementor-widget-woocommerce-product-price\" data-id=\"544acd9a\" data-element_type=\"widget\" data-e-type=\"widget\" data-widget_type=\"woocommerce-product-price.default\">\n\t\t\t\t<div class=\"elementor-widget-container\">\n\t\t\t\t\t<p class=\"price\"><span class=\"wcpbc-price wcpbc-price-177713\" data-product-id=\"177713\"><del aria-hidden=\"true\"><span class=\"woocommerce-Price-amount amount\"><bdi>729,00<span class=\"woocommerce-Price-currencySymbol\">&euro;<\/span><\/bdi><\/span><\/del> <span class=\"screen-reader-text\">Il prezzo originale era: 729,00&euro;.<\/span><ins aria-hidden=\"true\"><span class=\"woocommerce-Price-amount amount\"><bdi>599,00<span class=\"woocommerce-Price-currencySymbol\">&euro;<\/span><\/bdi><\/span><\/ins><span class=\"screen-reader-text\">Il prezzo attuale \u00e8: 599,00&euro;.<\/span><\/span><\/p>\n\t\t\t\t<\/div>\n\t\t\t\t<\/div>\n\t\t\t\t<\/div>\n\t\t\t\t\t<\/div>\n\t\t\t\t<\/div>\n\t\t\t\t<\/div>\n\t\t\t\t<div data-elementor-type=\"loop-item\" data-elementor-id=\"191975\" class=\"elementor elementor-191975 elementor-178577 elementor-178577 e-loop-item e-loop-item-177712 post-177712 product type-product status-publish has-post-thumbnail product_cat-sale-da-pranzo-allaperto product_cat-tavoli-da-giardino product_shipping_class-envio-gratuito-it last instock sale purchasable product-type-simple add-to-wishlist-before_image\" wpc-filter-elementor-widget=\"1\" data-elementor-post-type=\"elementor_library\" data-custom-edit-handle=\"1\">\n\t\t\t<div class=\"elementor-element elementor-element-15d94ef8 e-flex e-con-boxed e-con e-parent\" data-id=\"15d94ef8\" data-element_type=\"container\" data-e-type=\"container\">\n\t\t\t\t\t<div class=\"e-con-inner\">\n\t\t<div class=\"elementor-element elementor-element-29e97a4 e-con-full e-flex e-con e-child\" data-id=\"29e97a4\" data-element_type=\"container\" data-e-type=\"container\">\n\t\t\t\t<div class=\"elementor-element elementor-element-8e6d9e7 elementor-widget elementor-widget-theme-post-featured-image elementor-widget-image\" data-id=\"8e6d9e7\" data-element_type=\"widget\" data-e-type=\"widget\" data-widget_type=\"theme-post-featured-image.default\">\n\t\t\t\t<div class=\"elementor-widget-container\">\n\t\t\t\t\t\t\t\t\t\t\t\t\t\t\t\t<a href=\"https:\/\/keramamueblesdejardin.com\/it\/sale-da-pranzo-allaperto\/tavoli-da-giardino\/balcone-tavolo-da-pranzo-130x70-alluminio-e-polywood-antracite-osaka\/\">\n\t\t\t\t\t\t\t<img loading=\"lazy\" decoding=\"async\" width=\"800\" height=\"800\" src=\"https:\/\/keramamueblesdejardin.com\/wp-content\/uploads\/2024\/10\/130-antracita-osaka-1024x1024.jpg\" class=\"attachment-large size-large wp-image-170702\" alt=\"\" srcset=\"https:\/\/keramamueblesdejardin.com\/wp-content\/uploads\/2024\/10\/130-antracita-osaka-1024x1024.jpg 1024w, https:\/\/keramamueblesdejardin.com\/wp-content\/uploads\/2024\/10\/130-antracita-osaka-800x800.jpg 800w, https:\/\/keramamueblesdejardin.com\/wp-content\/uploads\/2024\/10\/130-antracita-osaka-100x100.jpg 100w, https:\/\/keramamueblesdejardin.com\/wp-content\/uploads\/2024\/10\/130-antracita-osaka-300x300.jpg 300w, https:\/\/keramamueblesdejardin.com\/wp-content\/uploads\/2024\/10\/130-antracita-osaka-150x150.jpg 150w, https:\/\/keramamueblesdejardin.com\/wp-content\/uploads\/2024\/10\/130-antracita-osaka-768x768.jpg 768w, https:\/\/keramamueblesdejardin.com\/wp-content\/uploads\/2024\/10\/130-antracita-osaka-98x98.jpg 98w, https:\/\/keramamueblesdejardin.com\/wp-content\/uploads\/2024\/10\/130-antracita-osaka-175x175.jpg 175w, https:\/\/keramamueblesdejardin.com\/wp-content\/uploads\/2024\/10\/130-antracita-osaka.jpg 1200w\" sizes=\"(max-width: 800px) 100vw, 800px\" \/>\t\t\t\t\t\t\t\t<\/a>\n\t\t\t\t\t\t\t\t\t\t\t\t\t\t\t<\/div>\n\t\t\t\t<\/div>\n\t\t\t\t<div class=\"elementor-element elementor-element-93c48c7 sale-label elementor-widget elementor-widget-html\" data-id=\"93c48c7\" data-element_type=\"widget\" data-e-type=\"widget\" data-widget_type=\"html.default\">\n\t\t\t\t<div class=\"elementor-widget-container\">\n\t\t\t\t\t-20%\t\t\t\t<\/div>\n\t\t\t\t<\/div>\n\t\t<div class=\"elementor-element elementor-element-8e6fdd1 e-con-full box-botones e-grid e-con e-child\" data-id=\"8e6fdd1\" data-element_type=\"container\" data-e-type=\"container\">\n\t\t\t\t<div class=\"elementor-element elementor-element-084823c elementor-align-justify btn-add-cart elementor-widget elementor-widget-button\" data-id=\"084823c\" data-element_type=\"widget\" data-e-type=\"widget\" data-widget_type=\"button.default\">\n\t\t\t\t<div class=\"elementor-widget-container\">\n\t\t\t\t\t\t\t\t\t<div class=\"elementor-button-wrapper\">\n\t\t\t\t\t<a class=\"elementor-button elementor-button-link elementor-size-sm\" href=\"https:\/\/keramamueblesdejardin.com\/it\/sale-da-pranzo-allaperto\/tavoli-da-giardino\/balcone-tavolo-da-pranzo-130x70-alluminio-e-polywood-antracite-osaka\/\">\n\t\t\t\t\t\t<span class=\"elementor-button-content-wrapper\">\n\t\t\t\t\t\t<span class=\"elementor-button-icon\">\n\t\t\t\t<svg xmlns=\"http:\/\/www.w3.org\/2000\/svg\" width=\"20\" height=\"23\" viewBox=\"0 0 20 23\" fill=\"none\"><path d=\"M2.01937 22.5C1.46 22.5 0.983542 22.3033 0.59 21.91C0.196667 21.5165 0 21.04 0 20.4806V7.01937C0 6.46 0.196667 5.98354 0.59 5.59C0.983542 5.19667 1.46 5 2.01937 5H5C5 3.60729 5.48521 2.42583 6.45562 1.45563C7.42583 0.485209 8.60729 0 10 0C11.3927 0 12.5742 0.485209 13.5444 1.45563C14.5148 2.42583 15 3.60729 15 5H17.9806C18.54 5 19.0165 5.19667 19.41 5.59C19.8033 5.98354 20 6.46 20 7.01937V20.4806C20 21.04 19.8033 21.5165 19.41 21.91C19.0165 22.3033 18.54 22.5 17.9806 22.5H2.01937ZM2.01937 21.25H17.9806C18.1731 21.25 18.3495 21.1699 18.5097 21.0097C18.6699 20.8495 18.75 20.6731 18.75 20.4806V7.01937C18.75 6.82687 18.6699 6.65052 18.5097 6.49031C18.3495 6.3301 18.1731 6.25 17.9806 6.25H2.01937C1.82687 6.25 1.65052 6.3301 1.49031 6.49031C1.3301 6.65052 1.25 6.82687 1.25 7.01937V20.4806C1.25 20.6731 1.3301 20.8495 1.49031 21.0097C1.65052 21.1699 1.82687 21.25 2.01937 21.25ZM10 12.5C11.3927 12.5 12.5742 12.0148 13.5444 11.0444C14.5148 10.0742 15 8.89271 15 7.5H13.75C13.75 8.54167 13.3854 9.42708 12.6562 10.1562C11.9271 10.8854 11.0417 11.25 10 11.25C8.95833 11.25 8.07292 10.8854 7.34375 10.1562C6.61458 9.42708 6.25 8.54167 6.25 7.5H5C5 8.89271 5.48521 10.0742 6.45562 11.0444C7.42583 12.0148 8.60729 12.5 10 12.5ZM6.25 5H13.75C13.75 3.95833 13.3854 3.07292 12.6562 2.34375C11.9271 1.61458 11.0417 1.25 10 1.25C8.95833 1.25 8.07292 1.61458 7.34375 2.34375C6.61458 3.07292 6.25 3.95833 6.25 5Z\" fill=\"#EEDFCD\"><\/path><\/svg>\t\t\t<\/span>\n\t\t\t\t\t\t\t\t\t<span class=\"elementor-button-text\">AGGIUNGI AL CARRELLO<\/span>\n\t\t\t\t\t<\/span>\n\t\t\t\t\t<\/a>\n\t\t\t\t<\/div>\n\t\t\t\t\t\t\t\t<\/div>\n\t\t\t\t<\/div>\n\t\t\t\t<div class=\"elementor-element elementor-element-490c284 btn-whishlist elementor-widget elementor-widget-html\" data-id=\"490c284\" data-element_type=\"widget\" data-e-type=\"widget\" data-widget_type=\"html.default\">\n\t\t\t\t<div class=\"elementor-widget-container\">\n\t\t\t\t\t\n<div\n\tclass=\"yith-wcwl-add-to-wishlist add-to-wishlist-177712 yith-wcwl-add-to-wishlist--button_default-style wishlist-fragment on-first-load\"\n\tdata-fragment-ref=\"177712\"\n\tdata-fragment-options=\"{&quot;base_url&quot;:&quot;&quot;,&quot;product_id&quot;:177712,&quot;parent_product_id&quot;:0,&quot;product_type&quot;:&quot;simple&quot;,&quot;is_single&quot;:false,&quot;in_default_wishlist&quot;:false,&quot;show_view&quot;:false,&quot;browse_wishlist_text&quot;:&quot;Echar un vistazo a la lista de deseos&quot;,&quot;already_in_wishslist_text&quot;:&quot;Il prodotto \\u00e8 gi\\u00e0 nella lista dei desideri&quot;,&quot;product_added_text&quot;:&quot;Prodotto aggiunto&quot;,&quot;available_multi_wishlist&quot;:false,&quot;disable_wishlist&quot;:false,&quot;show_count&quot;:false,&quot;ajax_loading&quot;:false,&quot;loop_position&quot;:&quot;before_image&quot;,&quot;item&quot;:&quot;add_to_wishlist&quot;}\"\n>\n\t\t\t\n\t\t\t<!-- ADD TO WISHLIST -->\n\t\t\t\n<div class=\"yith-wcwl-add-button\">\n\t\t<a\n\t\thref=\"?add_to_wishlist=177712&#038;_wpnonce=7bf8e9dac5\"\n\t\tclass=\"add_to_wishlist single_add_to_wishlist alt theme-button-style \"\n\t\tdata-product-id=\"177712\"\n\t\tdata-product-type=\"simple\"\n\t\tdata-original-product-id=\"0\"\n\t\tdata-title=\"Alla lista dei desideri\"\n\t\trel=\"nofollow\"\n\t>\n\t\t<svg id=\"yith-wcwl-icon-heart-outline\" class=\"yith-wcwl-icon-svg\" fill=\"none\" stroke-width=\"1.5\" stroke=\"currentColor\" viewBox=\"0 0 24 24\" xmlns=\"http:\/\/www.w3.org\/2000\/svg\">\n  <path stroke-linecap=\"round\" stroke-linejoin=\"round\" d=\"M21 8.25c0-2.485-2.099-4.5-4.688-4.5-1.935 0-3.597 1.126-4.312 2.733-.715-1.607-2.377-2.733-4.313-2.733C5.1 3.75 3 5.765 3 8.25c0 7.22 9 12 9 12s9-4.78 9-12Z\"><\/path>\n<\/svg>\t\t<span>Alla lista dei desideri<\/span>\n\t<\/a>\n<\/div>\n\n\t\t\t<!-- COUNT TEXT -->\n\t\t\t\n\t\t\t<\/div>\n\t\t\t\t<\/div>\n\t\t\t\t<\/div>\n\t\t\t\t<\/div>\n\t\t\t\t<\/div>\n\t\t<div class=\"elementor-element elementor-element-115495ef e-con-full e-flex e-con e-child\" data-id=\"115495ef\" data-element_type=\"container\" data-e-type=\"container\">\n\t\t\t\t<div class=\"elementor-element elementor-element-117381f5 elementor-widget__width-initial elementor-widget-mobile__width-inherit elementor-widget elementor-widget-heading\" data-id=\"117381f5\" data-element_type=\"widget\" data-e-type=\"widget\" data-widget_type=\"heading.default\">\n\t\t\t\t<div class=\"elementor-widget-container\">\n\t\t\t\t\t<h3 class=\"elementor-heading-title elementor-size-default\"><a href=\"https:\/\/keramamueblesdejardin.com\/it\/sale-da-pranzo-allaperto\/tavoli-da-giardino\/balcone-tavolo-da-pranzo-130x70-alluminio-e-polywood-antracite-osaka\/\">Osaka 130&#215;70 tavolo da pranzo da balcone in alluminio e polywood antracite<\/a><\/h3>\t\t\t\t<\/div>\n\t\t\t\t<\/div>\n\t\t\t\t<div class=\"elementor-element elementor-element-544acd9a elementor-widget__width-initial elementor-widget-mobile__width-inherit elementor-widget elementor-widget-woocommerce-product-price\" data-id=\"544acd9a\" data-element_type=\"widget\" data-e-type=\"widget\" data-widget_type=\"woocommerce-product-price.default\">\n\t\t\t\t<div class=\"elementor-widget-container\">\n\t\t\t\t\t<p class=\"price\"><span class=\"wcpbc-price wcpbc-price-177712\" data-product-id=\"177712\"><del aria-hidden=\"true\"><span class=\"woocommerce-Price-amount amount\"><bdi>250,00<span class=\"woocommerce-Price-currencySymbol\">&euro;<\/span><\/bdi><\/span><\/del> <span class=\"screen-reader-text\">Il prezzo originale era: 250,00&euro;.<\/span><ins aria-hidden=\"true\"><span class=\"woocommerce-Price-amount amount\"><bdi>199,00<span class=\"woocommerce-Price-currencySymbol\">&euro;<\/span><\/bdi><\/span><\/ins><span class=\"screen-reader-text\">Il prezzo attuale \u00e8: 199,00&euro;.<\/span><\/span><\/p>\n\t\t\t\t<\/div>\n\t\t\t\t<\/div>\n\t\t\t\t<\/div>\n\t\t\t\t\t<\/div>\n\t\t\t\t<\/div>\n\t\t\t\t<\/div>\n\t\t\t\t<\/div>\n\t\t\t\t\t<span class=\"e-load-more-spinner\">\n\t\t\t\t<svg aria-hidden=\"true\" class=\"e-font-icon-svg e-fas-spinner\" viewBox=\"0 0 512 512\" xmlns=\"http:\/\/www.w3.org\/2000\/svg\"><path d=\"M304 48c0 26.51-21.49 48-48 48s-48-21.49-48-48 21.49-48 48-48 48 21.49 48 48zm-48 368c-26.51 0-48 21.49-48 48s21.49 48 48 48 48-21.49 48-48-21.49-48-48-48zm208-208c-26.51 0-48 21.49-48 48s21.49 48 48 48 48-21.49 48-48-21.49-48-48-48zM96 256c0-26.51-21.49-48-48-48S0 229.49 0 256s21.49 48 48 48 48-21.49 48-48zm12.922 99.078c-26.51 0-48 21.49-48 48s21.49 48 48 48 48-21.49 48-48c0-26.509-21.491-48-48-48zm294.156 0c-26.51 0-48 21.49-48 48s21.49 48 48 48 48-21.49 48-48c0-26.509-21.49-48-48-48zM108.922 60.922c-26.51 0-48 21.49-48 48s21.49 48 48 48 48-21.49 48-48-21.491-48-48-48z\"><\/path><\/svg>\t\t\t<\/span>\n\t\t\n\t\t\t\t<div class=\"e-load-more-anchor\" data-page=\"1\" data-max-page=\"71\" data-next-page=\"https:\/\/keramamueblesdejardin.com\/it\/wp-json\/wp\/v2\/pages\/84052\/page\/2\/\"><\/div>\n\t\t\t\t<div class=\"e-loop__load-more elementor-button-wrapper\">\n\t\t\t<a class=\"elementor-button elementor-size-sm\" role=\"button\">\n\t\t\t\t\t\t<span class=\"elementor-button-content-wrapper\">\n\t\t\t\t\t\t\t\t\t<span class=\"elementor-button-text\">Mostra altri prodotti<\/span>\n\t\t\t\t\t<\/span>\n\t\t\t\t\t<\/a>\n\t\t<\/div>\n\t\t\t\t<div class=\"e-load-more-message\"><\/div>\n\t\t\t\t\t\t<\/div>\n\t\t\t\t<\/div>\n\t\t\t\t\t<\/div>\n\t\t\t\t<\/div>\n\t\t<div class=\"elementor-element elementor-element-2a646cd e-flex e-con-boxed e-con e-parent\" data-id=\"2a646cd\" data-element_type=\"container\" data-e-type=\"container\" data-settings=\"{&quot;background_background&quot;:&quot;classic&quot;}\">\n\t\t\t\t\t<div class=\"e-con-inner\">\n\t\t\t\t<div class=\"elementor-element elementor-element-8cba632 elementor-widget elementor-widget-text-editor\" data-id=\"8cba632\" data-element_type=\"widget\" data-e-type=\"widget\" data-widget_type=\"text-editor.default\">\n\t\t\t\t<div class=\"elementor-widget-container\">\n\t\t\t\t\t\t\t\t\t<p>Per godersi momenti all&#8217;aperto, \u00e8 essenziale avere mobili da giardino economici, comodi e funzionali. Un buon set deve integrarsi con lo stile del nostro spazio e adattarsi alle dimensioni disponibili per mantenere l&#8217;armonia. Inoltre, scegliere materiali resistenti garantir\u00e0 durata e facile manutenzione. Scopri le nostre offerte con opzioni ideali per rilassarti e condividere il tuo giardino o terrazza.   <\/p><h2>Set da giardino economici<\/h2><p>Ristruttura la tua terrazza o giardino con i nostri set esterni di qualit\u00e0 a prezzi irresistibili. Abbiamo design moderni, classici e funzionali che si adattano a qualsiasi spazio, dalle piccole terrazze ai grandi giardini. Scopri i nostri mobili da esterno disponibili per set da pranzo, divani e mobili modulari da esterno.  <\/p><h3>Set da giardino di mobili e sedie<\/h3><p>I set da pranzo da esterno includono tavoli e sedie progettati per resistere all&#8217;esterno, realizzati con materiali come legno, alluminio o rattan sintetico. Dai set compatti da 4 posti a modelli spaziosi da 6 o 8 posti, perfetti per riunioni di famiglia o con amici. Alcuni modelli dispongono di tavoli estensibili e sedie impilabili per maggiore versatilit\u00e0. Goditi il tuo giardino o terrazza con i nostri set   <\/p><h3>Giochi da giardino di divani e poltrone<\/h3><p>Se ti serve un angolo riposo, i set di divano e poltrone sono l&#8217;opzione ideale per rilassarti all&#8217;aperto. Abbiamo divani da 3 e 4 posti, oltre a combinazioni con tavolini laterali che offrono funzionalit\u00e0 e comfort. Sono realizzati con materiali resistenti come legno di acacia, corde e alluminio, garantendone la durata e la resistenza. Crea un&#8217;atmosfera accogliente ed elegante nel tuo giardino o terrazza con le nostre opzioni di riposo al miglior prezzo.   <\/p><h2>Poltrone da giardino economiche<\/h2><p>Molte delle nostre poltrone sono impilabili, il che le rende facili da conservare nelle stagioni fredde, mentre altre includono cuscini rimovibili per comfort e facilit\u00e0 la manutenzione. Sfoglia la nostra selezione di offerte da poltrone per esterni e trova la poltrona perfetta da godersi all&#8217;aperto. <\/p><h2>Tavoli e sedie da giardino economici<\/h2><p>Abbiamo tavoli da giardino in materiali come alluminio, legno e vetro temperato, in versioni a estensione fissa e estensibile. Puoi combinarle con le poltrone che meglio si adattano al tuo stile e alle tue esigenze, creando una sala da pranzo all&#8217;aperto funzionale e accogliente. Trova tra le nostre offerte di tavoli e sedie da aperto l&#8217;opzione ideale per il tuo giardino o terrazza e goditi l&#8217;esterno con totale comfort.  <\/p><h2>Quali sono i materiali migliori per i mobili da giardino?<\/h2><p>La scelta del materiale \u00e8 fondamentale per garantire che i mobili da esterno durino pi\u00f9 a lungo. Ogni materiale porta qualit\u00e0 uniche che influenzano resistenza, manutenzione e integrazione con l&#8217;ambiente. Dal calore del legno alla leggerezza dell&#8217;alluminio, scopri qual \u00e8 la scelta migliore per il tuo spazio all&#8217;aperto.  <\/p><h3>Acacia e legno di teak<\/h3><p>Materiale naturale ed elegante, ideale per ambienti caldi e accoglienti. Resistente all&#8217;umidit\u00e0 e ai cambiamenti di temperatura, \u00e8 perfetto per giardini con vegetazione. <\/p><h3>Alluminio<\/h3><p>Leggero, resistente e privo di ruggine, ideale per climi umidi o piovosi. La sua finitura moderna in colori come antracite e bianco la rende perfetta se la tua decorazione \u00e8 minimalista. <\/p><h3>Rattan sintetico<\/h3><p>Aggiunge un tocco estivo con il suo design intrecciato. \u00c8 resistente, facile da mantenere e resistente all&#8217;umidit\u00e0 e al sole, ideale per l&#8217;uso all&#8217;aperto. <\/p><h2>Chiavi per decorare la tua terrazza o giardino<\/h2><h3>Scegli mobili adatti allo spazio<\/h3><p>\u00c8 fondamentale scegliere mobili che si adattino alle dimensioni del giardino o della terrazza, cos\u00ec da poter sfruttare al meglio lo spazio disponibile. Oltre ad adattarlo allo stile di decorazione che hai scelto. <\/p><h3>Combina materiali e colori<\/h3><p>Cerca armonia tra i materiali e i colori dei mobili per creare uno spazio equilibrato e accogliente che si integri con l&#8217;ambiente circostante del tuo giardino o terrazza.<\/p><h3>Impegno per la funzionalit\u00e0<\/h3><p>Scegli mobili con caratteristiche pratiche, come spazio integrato, tavoli estensibili o sedie impilabili, per offrire maggiore versatilit\u00e0 e facilitare l&#8217;uso dello spazio in base alle tue esigenze. Non dimenticare che sono fatti di materiali resistenti all&#8217;esterno. <\/p>\t\t\t\t\t\t\t\t<\/div>\n\t\t\t\t<\/div>\n\t\t\t\t\t<\/div>\n\t\t\t\t<\/div>\n\t\t<div class=\"elementor-element elementor-element-ec7a276 e-flex e-con-boxed e-con e-parent\" data-id=\"ec7a276\" data-element_type=\"container\" data-e-type=\"container\" data-settings=\"{&quot;background_background&quot;:&quot;classic&quot;}\">\n\t\t\t\t\t<div class=\"e-con-inner\">\n\t\t<div class=\"elementor-element elementor-element-aa72bc4 e-con-full e-flex e-con e-child\" data-id=\"aa72bc4\" data-element_type=\"container\" data-e-type=\"container\">\n\t\t\t\t<div class=\"elementor-element elementor-element-8fadd99 elementor-widget elementor-widget-heading\" data-id=\"8fadd99\" data-element_type=\"widget\" data-e-type=\"widget\" data-widget_type=\"heading.default\">\n\t\t\t\t<div class=\"elementor-widget-container\">\n\t\t\t\t\t<h3 class=\"elementor-heading-title elementor-size-default\">Contratto Kerama<\/h3>\t\t\t\t<\/div>\n\t\t\t\t<\/div>\n\t\t\t\t<div class=\"elementor-element elementor-element-dcb885f elementor-widget elementor-widget-text-editor\" data-id=\"dcb885f\" data-element_type=\"widget\" data-e-type=\"widget\" data-widget_type=\"text-editor.default\">\n\t\t\t\t<div class=\"elementor-widget-container\">\n\t\t\t\t\t\t\t\t\t<p>Hai un&#8217;attivit\u00e0 di ospitalit\u00e0? Visita il nostro sito web per gli albergatori e sviluppa il tuo progetto. <\/p>\t\t\t\t\t\t\t\t<\/div>\n\t\t\t\t<\/div>\n\t\t\t\t<div class=\"elementor-element elementor-element-decbc11 elementor-widget elementor-widget-button\" data-id=\"decbc11\" data-element_type=\"widget\" data-e-type=\"widget\" data-widget_type=\"button.default\">\n\t\t\t\t<div class=\"elementor-widget-container\">\n\t\t\t\t\t\t\t\t\t<div class=\"elementor-button-wrapper\">\n\t\t\t\t\t<a class=\"elementor-button elementor-button-link elementor-size-sm elementor-animation-grow\" href=\"https:\/\/keramacontract.com\/\">\n\t\t\t\t\t\t<span class=\"elementor-button-content-wrapper\">\n\t\t\t\t\t\t<span class=\"elementor-button-icon\">\n\t\t\t\t<svg aria-hidden=\"true\" class=\"e-font-icon-svg e-fas-arrow-right\" viewBox=\"0 0 448 512\" xmlns=\"http:\/\/www.w3.org\/2000\/svg\"><path d=\"M190.5 66.9l22.2-22.2c9.4-9.4 24.6-9.4 33.9 0L441 239c9.4 9.4 9.4 24.6 0 33.9L246.6 467.3c-9.4 9.4-24.6 9.4-33.9 0l-22.2-22.2c-9.5-9.5-9.3-25 .4-34.3L311.4 296H24c-13.3 0-24-10.7-24-24v-32c0-13.3 10.7-24 24-24h287.4L190.9 101.2c-9.8-9.3-10-24.8-.4-34.3z\"><\/path><\/svg>\t\t\t<\/span>\n\t\t\t\t\t\t\t\t\t<span class=\"elementor-button-text\">VAI AL CONTRATTO KERAMA<\/span>\n\t\t\t\t\t<\/span>\n\t\t\t\t\t<\/a>\n\t\t\t\t<\/div>\n\t\t\t\t\t\t\t\t<\/div>\n\t\t\t\t<\/div>\n\t\t\t\t<\/div>\n\t\t<div class=\"elementor-element elementor-element-1c40023 e-con-full e-flex e-con e-child\" data-id=\"1c40023\" data-element_type=\"container\" data-e-type=\"container\">\n\t\t\t\t<div class=\"elementor-element elementor-element-fece487 elementor-widget elementor-widget-spacer\" data-id=\"fece487\" data-element_type=\"widget\" data-e-type=\"widget\" data-widget_type=\"spacer.default\">\n\t\t\t\t<div class=\"elementor-widget-container\">\n\t\t\t\t\t\t\t<div class=\"elementor-spacer\">\n\t\t\t<div class=\"elementor-spacer-inner\"><\/div>\n\t\t<\/div>\n\t\t\t\t\t\t<\/div>\n\t\t\t\t<\/div>\n\t\t\t\t<\/div>\n\t\t\t\t\t<\/div>\n\t\t\t\t<\/div>\n\t\t\t\t<\/div>\n\t\t","protected":false},"excerpt":{"rendered":"<p>Offerte su mobili da giardino Per godersi momenti all&#8217;aperto, \u00e8 essenziale avere mobili da giardino economici, comodi e funzionali. Un buon set deve integrarsi con lo stile del nostro spazio e adattarsi alle dimensioni disponibili per mantenere l&#8217;armonia. Inoltre, scegliere materiali resistenti garantir\u00e0 durata e facile manutenzione. Scopri le nostre offerte con opzioni ideali per [&hellip;]<\/p>\n","protected":false},"author":1,"featured_media":0,"parent":0,"menu_order":0,"comment_status":"closed","ping_status":"open","template":"elementor_header_footer","meta":{"_acf_changed":false,"footnotes":""},"class_list":["post-84052","page","type-page","status-publish","hentry"],"acf":[],"yoast_head":"<!-- This site is optimized with the Yoast SEO plugin v27.4 - https:\/\/yoast.com\/product\/yoast-seo-wordpress\/ -->\n<title>Offerte su mobili da giardino, tavoli e sedie - Kerama<\/title>\n<meta name=\"description\" content=\"Per il rinnovo delle scorte abbiamo grandi offerte di mobili, sedie e tavoli per giardino e mobili da giardino di qualit\u00e0 per esterni a prezzo outlet!\" \/>\n<meta name=\"robots\" content=\"index, follow, max-snippet:-1, max-image-preview:large, max-video-preview:-1\" \/>\n<link rel=\"canonical\" href=\"https:\/\/keramamueblesdejardin.com\/it\/offerte-in-primo-piano\/\" \/>\n<meta property=\"og:locale\" content=\"it_IT\" \/>\n<meta property=\"og:type\" content=\"article\" \/>\n<meta property=\"og:title\" content=\"Offerte su mobili da giardino, tavoli e sedie - Kerama\" \/>\n<meta property=\"og:description\" content=\"Per il rinnovo delle scorte abbiamo grandi offerte di mobili, sedie e tavoli per giardino e mobili da giardino di qualit\u00e0 per esterni a prezzo outlet!\" \/>\n<meta property=\"og:url\" content=\"https:\/\/keramamueblesdejardin.com\/it\/offerte-in-primo-piano\/\" \/>\n<meta property=\"og:site_name\" content=\"Kerama\" \/>\n<meta property=\"article:publisher\" content=\"https:\/\/www.facebook.com\/Kerama-Muebles-de-Jard%c3%adn-106209328312568\/\" \/>\n<meta property=\"article:modified_time\" content=\"2026-03-03T11:13:50+00:00\" \/>\n<meta name=\"twitter:card\" content=\"summary_large_image\" \/>\n<meta name=\"twitter:label1\" content=\"Tempo di lettura stimato\" \/>\n\t<meta name=\"twitter:data1\" content=\"3 minuti\" \/>\n<script type=\"application\/ld+json\" class=\"yoast-schema-graph\">{\"@context\":\"https:\\\/\\\/schema.org\",\"@graph\":[{\"@type\":\"WebPage\",\"@id\":\"https:\\\/\\\/keramamueblesdejardin.com\\\/it\\\/offerte-in-primo-piano\\\/\",\"url\":\"https:\\\/\\\/keramamueblesdejardin.com\\\/it\\\/offerte-in-primo-piano\\\/\",\"name\":\"Offerte su mobili da giardino, tavoli e sedie - Kerama\",\"isPartOf\":{\"@id\":\"https:\\\/\\\/keramamueblesdejardin.com\\\/it\\\/#website\"},\"datePublished\":\"2021-04-09T09:55:42+00:00\",\"dateModified\":\"2026-03-03T11:13:50+00:00\",\"description\":\"Per il rinnovo delle scorte abbiamo grandi offerte di mobili, sedie e tavoli per giardino e mobili da giardino di qualit\u00e0 per esterni a prezzo outlet!\",\"breadcrumb\":{\"@id\":\"https:\\\/\\\/keramamueblesdejardin.com\\\/it\\\/offerte-in-primo-piano\\\/#breadcrumb\"},\"inLanguage\":\"it-IT\",\"potentialAction\":[{\"@type\":\"ReadAction\",\"target\":[\"https:\\\/\\\/keramamueblesdejardin.com\\\/it\\\/offerte-in-primo-piano\\\/\"]}]},{\"@type\":\"BreadcrumbList\",\"@id\":\"https:\\\/\\\/keramamueblesdejardin.com\\\/it\\\/offerte-in-primo-piano\\\/#breadcrumb\",\"itemListElement\":[{\"@type\":\"ListItem\",\"position\":1,\"name\":\"Home\",\"item\":\"https:\\\/\\\/keramamueblesdejardin.com\\\/it\\\/\"},{\"@type\":\"ListItem\",\"position\":2,\"name\":\"Offerte su mobili da giardino\"}]},{\"@type\":\"WebSite\",\"@id\":\"https:\\\/\\\/keramamueblesdejardin.com\\\/it\\\/#website\",\"url\":\"https:\\\/\\\/keramamueblesdejardin.com\\\/it\\\/\",\"name\":\"Kerama\",\"description\":\"muebles de jard\u00edn\",\"publisher\":{\"@id\":\"https:\\\/\\\/keramamueblesdejardin.com\\\/it\\\/#organization\"},\"potentialAction\":[{\"@type\":\"SearchAction\",\"target\":{\"@type\":\"EntryPoint\",\"urlTemplate\":\"https:\\\/\\\/keramamueblesdejardin.com\\\/it\\\/?s={search_term_string}\"},\"query-input\":{\"@type\":\"PropertyValueSpecification\",\"valueRequired\":true,\"valueName\":\"search_term_string\"}}],\"inLanguage\":\"it-IT\"},{\"@type\":\"Organization\",\"@id\":\"https:\\\/\\\/keramamueblesdejardin.com\\\/it\\\/#organization\",\"name\":\"kerama\",\"url\":\"https:\\\/\\\/keramamueblesdejardin.com\\\/it\\\/\",\"logo\":{\"@type\":\"ImageObject\",\"inLanguage\":\"it-IT\",\"@id\":\"https:\\\/\\\/keramamueblesdejardin.com\\\/it\\\/#\\\/schema\\\/logo\\\/image\\\/\",\"url\":\"https:\\\/\\\/keramamueblesdejardin.com\\\/wp-content\\\/uploads\\\/2020\\\/12\\\/k.-scaled.jpg\",\"contentUrl\":\"https:\\\/\\\/keramamueblesdejardin.com\\\/wp-content\\\/uploads\\\/2020\\\/12\\\/k.-scaled.jpg\",\"width\":2560,\"height\":551,\"caption\":\"kerama\"},\"image\":{\"@id\":\"https:\\\/\\\/keramamueblesdejardin.com\\\/it\\\/#\\\/schema\\\/logo\\\/image\\\/\"},\"sameAs\":[\"https:\\\/\\\/www.facebook.com\\\/Kerama-Muebles-de-Jard\u00edn-106209328312568\\\/\"]}]}<\/script>\n<!-- \/ Yoast SEO plugin. -->","yoast_head_json":{"title":"Offerte su mobili da giardino, tavoli e sedie - Kerama","description":"Per il rinnovo delle scorte abbiamo grandi offerte di mobili, sedie e tavoli per giardino e mobili da giardino di qualit\u00e0 per esterni a prezzo outlet!","robots":{"index":"index","follow":"follow","max-snippet":"max-snippet:-1","max-image-preview":"max-image-preview:large","max-video-preview":"max-video-preview:-1"},"canonical":"https:\/\/keramamueblesdejardin.com\/it\/offerte-in-primo-piano\/","og_locale":"it_IT","og_type":"article","og_title":"Offerte su mobili da giardino, tavoli e sedie - Kerama","og_description":"Per il rinnovo delle scorte abbiamo grandi offerte di mobili, sedie e tavoli per giardino e mobili da giardino di qualit\u00e0 per esterni a prezzo outlet!","og_url":"https:\/\/keramamueblesdejardin.com\/it\/offerte-in-primo-piano\/","og_site_name":"Kerama","article_publisher":"https:\/\/www.facebook.com\/Kerama-Muebles-de-Jard%c3%adn-106209328312568\/","article_modified_time":"2026-03-03T11:13:50+00:00","twitter_card":"summary_large_image","twitter_misc":{"Tempo di lettura stimato":"3 minuti"},"schema":{"@context":"https:\/\/schema.org","@graph":[{"@type":"WebPage","@id":"https:\/\/keramamueblesdejardin.com\/it\/offerte-in-primo-piano\/","url":"https:\/\/keramamueblesdejardin.com\/it\/offerte-in-primo-piano\/","name":"Offerte su mobili da giardino, tavoli e sedie - Kerama","isPartOf":{"@id":"https:\/\/keramamueblesdejardin.com\/it\/#website"},"datePublished":"2021-04-09T09:55:42+00:00","dateModified":"2026-03-03T11:13:50+00:00","description":"Per il rinnovo delle scorte abbiamo grandi offerte di mobili, sedie e tavoli per giardino e mobili da giardino di qualit\u00e0 per esterni a prezzo outlet!","breadcrumb":{"@id":"https:\/\/keramamueblesdejardin.com\/it\/offerte-in-primo-piano\/#breadcrumb"},"inLanguage":"it-IT","potentialAction":[{"@type":"ReadAction","target":["https:\/\/keramamueblesdejardin.com\/it\/offerte-in-primo-piano\/"]}]},{"@type":"BreadcrumbList","@id":"https:\/\/keramamueblesdejardin.com\/it\/offerte-in-primo-piano\/#breadcrumb","itemListElement":[{"@type":"ListItem","position":1,"name":"Home","item":"https:\/\/keramamueblesdejardin.com\/it\/"},{"@type":"ListItem","position":2,"name":"Offerte su mobili da giardino"}]},{"@type":"WebSite","@id":"https:\/\/keramamueblesdejardin.com\/it\/#website","url":"https:\/\/keramamueblesdejardin.com\/it\/","name":"Kerama","description":"muebles de jard\u00edn","publisher":{"@id":"https:\/\/keramamueblesdejardin.com\/it\/#organization"},"potentialAction":[{"@type":"SearchAction","target":{"@type":"EntryPoint","urlTemplate":"https:\/\/keramamueblesdejardin.com\/it\/?s={search_term_string}"},"query-input":{"@type":"PropertyValueSpecification","valueRequired":true,"valueName":"search_term_string"}}],"inLanguage":"it-IT"},{"@type":"Organization","@id":"https:\/\/keramamueblesdejardin.com\/it\/#organization","name":"kerama","url":"https:\/\/keramamueblesdejardin.com\/it\/","logo":{"@type":"ImageObject","inLanguage":"it-IT","@id":"https:\/\/keramamueblesdejardin.com\/it\/#\/schema\/logo\/image\/","url":"https:\/\/keramamueblesdejardin.com\/wp-content\/uploads\/2020\/12\/k.-scaled.jpg","contentUrl":"https:\/\/keramamueblesdejardin.com\/wp-content\/uploads\/2020\/12\/k.-scaled.jpg","width":2560,"height":551,"caption":"kerama"},"image":{"@id":"https:\/\/keramamueblesdejardin.com\/it\/#\/schema\/logo\/image\/"},"sameAs":["https:\/\/www.facebook.com\/Kerama-Muebles-de-Jard\u00edn-106209328312568\/"]}]}},"_links":{"self":[{"href":"https:\/\/keramamueblesdejardin.com\/it\/wp-json\/wp\/v2\/pages\/84052","targetHints":{"allow":["GET"]}}],"collection":[{"href":"https:\/\/keramamueblesdejardin.com\/it\/wp-json\/wp\/v2\/pages"}],"about":[{"href":"https:\/\/keramamueblesdejardin.com\/it\/wp-json\/wp\/v2\/types\/page"}],"author":[{"embeddable":true,"href":"https:\/\/keramamueblesdejardin.com\/it\/wp-json\/wp\/v2\/users\/1"}],"replies":[{"embeddable":true,"href":"https:\/\/keramamueblesdejardin.com\/it\/wp-json\/wp\/v2\/comments?post=84052"}],"version-history":[{"count":7,"href":"https:\/\/keramamueblesdejardin.com\/it\/wp-json\/wp\/v2\/pages\/84052\/revisions"}],"predecessor-version":[{"id":216532,"href":"https:\/\/keramamueblesdejardin.com\/it\/wp-json\/wp\/v2\/pages\/84052\/revisions\/216532"}],"wp:attachment":[{"href":"https:\/\/keramamueblesdejardin.com\/it\/wp-json\/wp\/v2\/media?parent=84052"}],"curies":[{"name":"wp","href":"https:\/\/api.w.org\/{rel}","templated":true}]}}