{"id":157275,"date":"2024-05-02T12:06:13","date_gmt":"2024-05-02T10:06:13","guid":{"rendered":"https:\/\/keramamueblesdejardin.com\/kerama-business\/"},"modified":"2026-02-12T13:32:26","modified_gmt":"2026-02-12T12:32:26","slug":"kerama-business","status":"publish","type":"page","link":"https:\/\/keramamueblesdejardin.com\/it\/kerama-business\/","title":{"rendered":"Benvenuti in Kerama Business"},"content":{"rendered":"\t\t<div data-elementor-type=\"wp-page\" data-elementor-id=\"157275\" class=\"elementor elementor-157275 elementor-157247\" wpc-filter-elementor-widget=\"1\" data-elementor-post-type=\"page\">\n\t\t\t\t<div class=\"elementor-element elementor-element-bb85273 e-flex e-con-boxed e-con e-parent\" data-id=\"bb85273\" data-element_type=\"container\" data-e-type=\"container\" data-settings=\"{&quot;background_background&quot;:&quot;classic&quot;}\">\n\t\t\t\t\t<div class=\"e-con-inner\">\n\t\t\t\t<div class=\"elementor-element elementor-element-5c1a051 elementor-widget elementor-widget-image\" data-id=\"5c1a051\" data-element_type=\"widget\" data-e-type=\"widget\" data-widget_type=\"image.default\">\n\t\t\t\t<div class=\"elementor-widget-container\">\n\t\t\t\t\t\t\t\t\t\t\t\t\t\t\t<img fetchpriority=\"high\" decoding=\"async\" width=\"800\" height=\"174\" src=\"https:\/\/keramamueblesdejardin.com\/wp-content\/uploads\/2025\/05\/logo-kerama.png\" class=\"attachment-large size-large wp-image-178529\" alt=\"\" srcset=\"https:\/\/keramamueblesdejardin.com\/wp-content\/uploads\/2025\/05\/logo-kerama.png 800w, https:\/\/keramamueblesdejardin.com\/wp-content\/uploads\/2025\/05\/logo-kerama-300x65.png 300w, https:\/\/keramamueblesdejardin.com\/wp-content\/uploads\/2025\/05\/logo-kerama-768x167.png 768w\" sizes=\"(max-width: 800px) 100vw, 800px\" \/>\t\t\t\t\t\t\t\t\t\t\t\t\t\t\t<\/div>\n\t\t\t\t<\/div>\n\t\t\t\t<div class=\"elementor-element elementor-element-4eb63d3 elementor-widget__width-initial elementor-widget elementor-widget-heading\" data-id=\"4eb63d3\" data-element_type=\"widget\" data-e-type=\"widget\" data-widget_type=\"heading.default\">\n\t\t\t\t<div class=\"elementor-widget-container\">\n\t\t\t\t\t<h1 class=\"elementor-heading-title elementor-size-default\">Benvenuti in Kerama Business<\/h1>\t\t\t\t<\/div>\n\t\t\t\t<\/div>\n\t\t\t\t<div class=\"elementor-element elementor-element-199b8cb elementor-widget elementor-widget-image\" data-id=\"199b8cb\" data-element_type=\"widget\" data-e-type=\"widget\" data-widget_type=\"image.default\">\n\t\t\t\t<div class=\"elementor-widget-container\">\n\t\t\t\t\t\t\t\t\t\t\t\t\t\t\t<img decoding=\"async\" width=\"48\" height=\"48\" src=\"https:\/\/keramamueblesdejardin.com\/wp-content\/uploads\/2025\/12\/arrow_cool_down.svg\" class=\"attachment-full size-full wp-image-192102\" alt=\"\" \/>\t\t\t\t\t\t\t\t\t\t\t\t\t\t\t<\/div>\n\t\t\t\t<\/div>\n\t\t\t\t\t<\/div>\n\t\t\t\t<\/div>\n\t\t<div class=\"elementor-element elementor-element-59fcaab e-grid e-con-boxed e-con e-parent\" data-id=\"59fcaab\" data-element_type=\"container\" data-e-type=\"container\">\n\t\t\t\t\t<div class=\"e-con-inner\">\n\t\t<div class=\"elementor-element elementor-element-a05417e e-con-full e-flex e-con e-child\" data-id=\"a05417e\" data-element_type=\"container\" data-e-type=\"container\">\n\t\t\t\t<div class=\"elementor-element elementor-element-bf459c5 elementor-widget elementor-widget-image\" data-id=\"bf459c5\" data-element_type=\"widget\" data-e-type=\"widget\" data-widget_type=\"image.default\">\n\t\t\t\t<div class=\"elementor-widget-container\">\n\t\t\t\t\t\t\t\t\t\t\t\t\t\t\t<img decoding=\"async\" width=\"800\" height=\"800\" src=\"https:\/\/keramamueblesdejardin.com\/wp-content\/uploads\/2026\/02\/k-b-f-1024x1024.jpg\" class=\"attachment-large size-large wp-image-192250\" alt=\"\" srcset=\"https:\/\/keramamueblesdejardin.com\/wp-content\/uploads\/2026\/02\/k-b-f-1024x1024.jpg 1024w, https:\/\/keramamueblesdejardin.com\/wp-content\/uploads\/2026\/02\/k-b-f-300x300.jpg 300w, https:\/\/keramamueblesdejardin.com\/wp-content\/uploads\/2026\/02\/k-b-f-150x150.jpg 150w, https:\/\/keramamueblesdejardin.com\/wp-content\/uploads\/2026\/02\/k-b-f-768x769.jpg 768w, https:\/\/keramamueblesdejardin.com\/wp-content\/uploads\/2026\/02\/k-b-f-800x801.jpg 800w, https:\/\/keramamueblesdejardin.com\/wp-content\/uploads\/2026\/02\/k-b-f-100x100.jpg 100w, https:\/\/keramamueblesdejardin.com\/wp-content\/uploads\/2026\/02\/k-b-f-50x50.jpg 50w, https:\/\/keramamueblesdejardin.com\/wp-content\/uploads\/2026\/02\/k-b-f.jpg 1200w\" sizes=\"(max-width: 800px) 100vw, 800px\" \/>\t\t\t\t\t\t\t\t\t\t\t\t\t\t\t<\/div>\n\t\t\t\t<\/div>\n\t\t\t\t<\/div>\n\t\t<div class=\"elementor-element elementor-element-74b951b e-con-full e-flex e-con e-child\" data-id=\"74b951b\" data-element_type=\"container\" data-e-type=\"container\">\n\t\t\t\t<div class=\"elementor-element elementor-element-bea7798 elementor-widget elementor-widget-heading\" data-id=\"bea7798\" data-element_type=\"widget\" data-e-type=\"widget\" data-widget_type=\"heading.default\">\n\t\t\t\t<div class=\"elementor-widget-container\">\n\t\t\t\t\t<p class=\"elementor-heading-title elementor-size-default\">Kerama \u00e8 un progetto che <b>nasce originariamente per vendere arredi per esterni<\/b> direttamente al cliente finale.<br>\nDopo cinque anni, <b>una parte importante del nostro fatturato<\/b> deriva dal lavoro meticoloso di ricerca e acquisizione <b>di prodotti propri e di nuovi marchi per fornire soluzioni ai progetti provenienti dal settore HORECA.<\/b><br>\nAmiamo le sfide che ci proponete e qualsiasi cosa vogliate fare, saremo lieti di ascoltarvi e aiutarvi a realizzarla.<br>\nAbbiamo quasi tutto e quello che non abbiamo lo cerchiamo e lo otteniamo della migliore qualit\u00e0 e al miglior prezzo. <b>Abbiamo 15 magazzini industriali con i nostri prodotti, conosciamo i migliori produttori alla fonte e lavoriamo con i migliori marchi sul mercato.<\/b><\/p>\t\t\t\t<\/div>\n\t\t\t\t<\/div>\n\t\t\t\t<div class=\"elementor-element elementor-element-198ac69 elementor-widget elementor-widget-heading\" data-id=\"198ac69\" data-element_type=\"widget\" data-e-type=\"widget\" data-widget_type=\"heading.default\">\n\t\t\t\t<div class=\"elementor-widget-container\">\n\t\t\t\t\t<p class=\"elementor-heading-title elementor-size-default\">\u201cMetteteci alla prova: diteci di cosa avete bisogno e se non lo abbiamo, ve lo procureremo nella migliore qualit\u00e0 e al miglior prezzo\u201d.\n<\/p>\t\t\t\t<\/div>\n\t\t\t\t<\/div>\n\t\t\t\t<div class=\"elementor-element elementor-element-217526a elementor-widget elementor-widget-heading\" data-id=\"217526a\" data-element_type=\"widget\" data-e-type=\"widget\" data-widget_type=\"heading.default\">\n\t\t\t\t<div class=\"elementor-widget-container\">\n\t\t\t\t\t<p class=\"elementor-heading-title elementor-size-default\">Beyond Kerama <b>\u00e8 un gruppo di aziende all\u2019ingrosso che si dedica alla vendita di mobili da giardino e per l\u2019ospitalit\u00e0 per hotel, bar,<\/b> ristoranti e grandi centri di bricolage, oltre a molti altri clienti. Abbiamo una vasta esperienza nel settore e disponiamo di un proprio stock di prodotti per tutto l\u2019anno.<br>\nQuindi il risultato non pu\u00f2 che essere eccellente e realizzato in tempi record. Siamo un team dinamico e flessibile, <b>forniamo preventivi in meno di 24 ore<\/b> e spediamo in Spagna continentale e nelle Isole Baleari (prodotti in stock) in 2-5 giorni lavorativi.<br>\nAvete dubbi? <b>Contattateci<\/b> e li chiariremo.<\/p>\t\t\t\t<\/div>\n\t\t\t\t<\/div>\n\t\t\t\t<\/div>\n\t\t\t\t\t<\/div>\n\t\t\t\t<\/div>\n\t\t<div class=\"elementor-element elementor-element-471ad36 e-flex e-con-boxed e-con e-parent\" data-id=\"471ad36\" data-element_type=\"container\" data-e-type=\"container\">\n\t\t\t\t\t<div class=\"e-con-inner\">\n\t\t\t\t<div class=\"elementor-element elementor-element-d4e9483 elementor-widget elementor-widget-heading\" data-id=\"d4e9483\" data-element_type=\"widget\" data-e-type=\"widget\" data-widget_type=\"heading.default\">\n\t\t\t\t<div class=\"elementor-widget-container\">\n\t\t\t\t\t<h2 class=\"elementor-heading-title elementor-size-default\">Una piccola selezione dei nostri prodotti di marca:<\/h2>\t\t\t\t<\/div>\n\t\t\t\t<\/div>\n\t\t\t\t<div class=\"elementor-element elementor-element-8b9ed05 elementor-widget elementor-widget-heading\" data-id=\"8b9ed05\" data-element_type=\"widget\" data-e-type=\"widget\" data-widget_type=\"heading.default\">\n\t\t\t\t<div class=\"elementor-widget-container\">\n\t\t\t\t\t<p class=\"elementor-heading-title elementor-size-default\">Questi sono alcuni dei set da pranzo da giardino, set da esterno, lettini, sedie da esterno, tavoli o letti balinesi che abbiamo. Abbiamo pi\u00f9 di 2000 prodotti in magazzino. Potete consultare il nostro sito web o chiedere direttamente a noi. La scelta \u00e8 vostra.\n<\/p>\t\t\t\t<\/div>\n\t\t\t\t<\/div>\n\t\t\t\t\t<\/div>\n\t\t\t\t<\/div>\n\t\t<div class=\"elementor-element elementor-element-484353a e-flex e-con-boxed e-con e-parent\" data-id=\"484353a\" data-element_type=\"container\" data-e-type=\"container\">\n\t\t\t\t\t<div class=\"e-con-inner\">\n\t\t\t\t<div class=\"elementor-element elementor-element-a303701 gallery-spacing-custom elementor-widget elementor-widget-image-gallery\" data-id=\"a303701\" data-element_type=\"widget\" data-e-type=\"widget\" data-widget_type=\"image-gallery.default\">\n\t\t\t\t<div class=\"elementor-widget-container\">\n\t\t\t\t\t\t\t<div class=\"elementor-image-gallery\">\n\t\t\t<div id='gallery-1' class='gallery galleryid-157275 gallery-columns-6 gallery-size-medium'><figure class='gallery-item'>\n\t\t\t<div class='gallery-icon landscape'>\n\t\t\t\t<a data-elementor-open-lightbox=\"yes\" data-elementor-lightbox-slideshow=\"a303701\" data-elementor-lightbox-title=\"230-riviera-1024x1024\" data-e-action-hash=\"#elementor-action%3Aaction%3Dlightbox%26settings%3DeyJpZCI6MTkyMjkzLCJ1cmwiOiJodHRwczpcL1wva2VyYW1hbXVlYmxlc2RlamFyZGluLmNvbVwvd3AtY29udGVudFwvdXBsb2Fkc1wvMjAyNlwvMDJcLzIzMC1yaXZpZXJhLTEwMjR4MTAyNC0xLmpwZyIsInNsaWRlc2hvdyI6ImEzMDM3MDEifQ%3D%3D\" href='https:\/\/keramamueblesdejardin.com\/wp-content\/uploads\/2026\/02\/230-riviera-1024x1024-1.jpg'><img loading=\"lazy\" decoding=\"async\" width=\"300\" height=\"300\" src=\"https:\/\/keramamueblesdejardin.com\/wp-content\/uploads\/2026\/02\/230-riviera-1024x1024-1-300x300.jpg\" class=\"attachment-medium size-medium\" alt=\"\" srcset=\"https:\/\/keramamueblesdejardin.com\/wp-content\/uploads\/2026\/02\/230-riviera-1024x1024-1-300x300.jpg 300w, https:\/\/keramamueblesdejardin.com\/wp-content\/uploads\/2026\/02\/230-riviera-1024x1024-1-150x150.jpg 150w, https:\/\/keramamueblesdejardin.com\/wp-content\/uploads\/2026\/02\/230-riviera-1024x1024-1-768x768.jpg 768w, https:\/\/keramamueblesdejardin.com\/wp-content\/uploads\/2026\/02\/230-riviera-1024x1024-1-800x800.jpg 800w, https:\/\/keramamueblesdejardin.com\/wp-content\/uploads\/2026\/02\/230-riviera-1024x1024-1-100x100.jpg 100w, https:\/\/keramamueblesdejardin.com\/wp-content\/uploads\/2026\/02\/230-riviera-1024x1024-1-50x50.jpg 50w, https:\/\/keramamueblesdejardin.com\/wp-content\/uploads\/2026\/02\/230-riviera-1024x1024-1.jpg 1024w\" sizes=\"(max-width: 300px) 100vw, 300px\" \/><\/a>\n\t\t\t<\/div><\/figure><figure class='gallery-item'>\n\t\t\t<div class='gallery-icon landscape'>\n\t\t\t\t<a data-elementor-open-lightbox=\"yes\" data-elementor-lightbox-slideshow=\"a303701\" data-elementor-lightbox-title=\"conjunto-safe-zanzibar-y-mesa-y-sillas-zanzibar-1024x1024\" data-e-action-hash=\"#elementor-action%3Aaction%3Dlightbox%26settings%3DeyJpZCI6MTkyMzExLCJ1cmwiOiJodHRwczpcL1wva2VyYW1hbXVlYmxlc2RlamFyZGluLmNvbVwvd3AtY29udGVudFwvdXBsb2Fkc1wvMjAyNlwvMDJcL2Nvbmp1bnRvLXNhZmVDQzgxLXphbnppYmFyLXktbWVzYS15LXNpbGxhcy16YW56aWJhci0xMDI0eDEwMjQtMS5qcGciLCJzbGlkZXNob3ciOiJhMzAzNzAxIn0%3D\" href='https:\/\/keramamueblesdejardin.com\/wp-content\/uploads\/2026\/02\/conjunto-safeCC81-zanzibar-y-mesa-y-sillas-zanzibar-1024x1024-1.jpg'><img loading=\"lazy\" decoding=\"async\" width=\"300\" height=\"300\" src=\"https:\/\/keramamueblesdejardin.com\/wp-content\/uploads\/2026\/02\/conjunto-safeCC81-zanzibar-y-mesa-y-sillas-zanzibar-1024x1024-1-300x300.jpg\" class=\"attachment-medium size-medium\" alt=\"\" srcset=\"https:\/\/keramamueblesdejardin.com\/wp-content\/uploads\/2026\/02\/conjunto-safeCC81-zanzibar-y-mesa-y-sillas-zanzibar-1024x1024-1-300x300.jpg 300w, https:\/\/keramamueblesdejardin.com\/wp-content\/uploads\/2026\/02\/conjunto-safeCC81-zanzibar-y-mesa-y-sillas-zanzibar-1024x1024-1-150x150.jpg 150w, https:\/\/keramamueblesdejardin.com\/wp-content\/uploads\/2026\/02\/conjunto-safeCC81-zanzibar-y-mesa-y-sillas-zanzibar-1024x1024-1-768x768.jpg 768w, https:\/\/keramamueblesdejardin.com\/wp-content\/uploads\/2026\/02\/conjunto-safeCC81-zanzibar-y-mesa-y-sillas-zanzibar-1024x1024-1-800x800.jpg 800w, https:\/\/keramamueblesdejardin.com\/wp-content\/uploads\/2026\/02\/conjunto-safeCC81-zanzibar-y-mesa-y-sillas-zanzibar-1024x1024-1-100x100.jpg 100w, https:\/\/keramamueblesdejardin.com\/wp-content\/uploads\/2026\/02\/conjunto-safeCC81-zanzibar-y-mesa-y-sillas-zanzibar-1024x1024-1-50x50.jpg 50w, https:\/\/keramamueblesdejardin.com\/wp-content\/uploads\/2026\/02\/conjunto-safeCC81-zanzibar-y-mesa-y-sillas-zanzibar-1024x1024-1.jpg 1024w\" sizes=\"(max-width: 300px) 100vw, 300px\" \/><\/a>\n\t\t\t<\/div><\/figure><figure class='gallery-item'>\n\t\t\t<div class='gallery-icon landscape'>\n\t\t\t\t<a data-elementor-open-lightbox=\"yes\" data-elementor-lightbox-slideshow=\"a303701\" data-elementor-lightbox-title=\"coffee-set-riviera-y-mesa-riviera-con-sillas-sicilia-1024x1024\" data-e-action-hash=\"#elementor-action%3Aaction%3Dlightbox%26settings%3DeyJpZCI6MTkyMzA1LCJ1cmwiOiJodHRwczpcL1wva2VyYW1hbXVlYmxlc2RlamFyZGluLmNvbVwvd3AtY29udGVudFwvdXBsb2Fkc1wvMjAyNlwvMDJcL2NvZmZlZS1zZXQtcml2aWVyYS15LW1lc2Etcml2aWVyYS1jb24tc2lsbGFzLXNpY2lsaWEtMTAyNHgxMDI0LTEuanBnIiwic2xpZGVzaG93IjoiYTMwMzcwMSJ9\" href='https:\/\/keramamueblesdejardin.com\/wp-content\/uploads\/2026\/02\/coffee-set-riviera-y-mesa-riviera-con-sillas-sicilia-1024x1024-1.jpg'><img loading=\"lazy\" decoding=\"async\" width=\"300\" height=\"300\" src=\"https:\/\/keramamueblesdejardin.com\/wp-content\/uploads\/2026\/02\/coffee-set-riviera-y-mesa-riviera-con-sillas-sicilia-1024x1024-1-300x300.jpg\" class=\"attachment-medium size-medium\" alt=\"\" srcset=\"https:\/\/keramamueblesdejardin.com\/wp-content\/uploads\/2026\/02\/coffee-set-riviera-y-mesa-riviera-con-sillas-sicilia-1024x1024-1-300x300.jpg 300w, https:\/\/keramamueblesdejardin.com\/wp-content\/uploads\/2026\/02\/coffee-set-riviera-y-mesa-riviera-con-sillas-sicilia-1024x1024-1-150x150.jpg 150w, https:\/\/keramamueblesdejardin.com\/wp-content\/uploads\/2026\/02\/coffee-set-riviera-y-mesa-riviera-con-sillas-sicilia-1024x1024-1-768x768.jpg 768w, https:\/\/keramamueblesdejardin.com\/wp-content\/uploads\/2026\/02\/coffee-set-riviera-y-mesa-riviera-con-sillas-sicilia-1024x1024-1-800x800.jpg 800w, https:\/\/keramamueblesdejardin.com\/wp-content\/uploads\/2026\/02\/coffee-set-riviera-y-mesa-riviera-con-sillas-sicilia-1024x1024-1-100x100.jpg 100w, https:\/\/keramamueblesdejardin.com\/wp-content\/uploads\/2026\/02\/coffee-set-riviera-y-mesa-riviera-con-sillas-sicilia-1024x1024-1-50x50.jpg 50w, https:\/\/keramamueblesdejardin.com\/wp-content\/uploads\/2026\/02\/coffee-set-riviera-y-mesa-riviera-con-sillas-sicilia-1024x1024-1.jpg 1024w\" sizes=\"(max-width: 300px) 100vw, 300px\" \/><\/a>\n\t\t\t<\/div><\/figure><figure class='gallery-item'>\n\t\t\t<div class='gallery-icon landscape'>\n\t\t\t\t<a data-elementor-open-lightbox=\"yes\" data-elementor-lightbox-slideshow=\"a303701\" data-elementor-lightbox-title=\"balinese-white-5-1024x1024\" data-e-action-hash=\"#elementor-action%3Aaction%3Dlightbox%26settings%3DeyJpZCI6MTkyMjk5LCJ1cmwiOiJodHRwczpcL1wva2VyYW1hbXVlYmxlc2RlamFyZGluLmNvbVwvd3AtY29udGVudFwvdXBsb2Fkc1wvMjAyNlwvMDJcL2JhbGluZXNlLXdoaXRlLTUtMTAyNHgxMDI0LTEuanBnIiwic2xpZGVzaG93IjoiYTMwMzcwMSJ9\" href='https:\/\/keramamueblesdejardin.com\/wp-content\/uploads\/2026\/02\/balinese-white-5-1024x1024-1.jpg'><img loading=\"lazy\" decoding=\"async\" width=\"300\" height=\"300\" src=\"https:\/\/keramamueblesdejardin.com\/wp-content\/uploads\/2026\/02\/balinese-white-5-1024x1024-1-300x300.jpg\" class=\"attachment-medium size-medium\" alt=\"\" srcset=\"https:\/\/keramamueblesdejardin.com\/wp-content\/uploads\/2026\/02\/balinese-white-5-1024x1024-1-300x300.jpg 300w, https:\/\/keramamueblesdejardin.com\/wp-content\/uploads\/2026\/02\/balinese-white-5-1024x1024-1-150x150.jpg 150w, https:\/\/keramamueblesdejardin.com\/wp-content\/uploads\/2026\/02\/balinese-white-5-1024x1024-1-768x768.jpg 768w, https:\/\/keramamueblesdejardin.com\/wp-content\/uploads\/2026\/02\/balinese-white-5-1024x1024-1-800x800.jpg 800w, https:\/\/keramamueblesdejardin.com\/wp-content\/uploads\/2026\/02\/balinese-white-5-1024x1024-1-100x100.jpg 100w, https:\/\/keramamueblesdejardin.com\/wp-content\/uploads\/2026\/02\/balinese-white-5-1024x1024-1-50x50.jpg 50w, https:\/\/keramamueblesdejardin.com\/wp-content\/uploads\/2026\/02\/balinese-white-5-1024x1024-1.jpg 1024w\" sizes=\"(max-width: 300px) 100vw, 300px\" \/><\/a>\n\t\t\t<\/div><\/figure><figure class='gallery-item'>\n\t\t\t<div class='gallery-icon landscape'>\n\t\t\t\t<a data-elementor-open-lightbox=\"yes\" data-elementor-lightbox-slideshow=\"a303701\" data-elementor-lightbox-title=\"silla-americana-1024x1024\" data-e-action-hash=\"#elementor-action%3Aaction%3Dlightbox%26settings%3DeyJpZCI6MTkyMjg3LCJ1cmwiOiJodHRwczpcL1wva2VyYW1hbXVlYmxlc2RlamFyZGluLmNvbVwvd3AtY29udGVudFwvdXBsb2Fkc1wvMjAyNlwvMDJcL3NpbGxhLWFtZXJpY2FuYS0xMDI0eDEwMjQtMS5qcGciLCJzbGlkZXNob3ciOiJhMzAzNzAxIn0%3D\" href='https:\/\/keramamueblesdejardin.com\/wp-content\/uploads\/2026\/02\/silla-americana-1024x1024-1.jpg'><img loading=\"lazy\" decoding=\"async\" width=\"300\" height=\"300\" src=\"https:\/\/keramamueblesdejardin.com\/wp-content\/uploads\/2026\/02\/silla-americana-1024x1024-1-300x300.jpg\" class=\"attachment-medium size-medium\" alt=\"\" srcset=\"https:\/\/keramamueblesdejardin.com\/wp-content\/uploads\/2026\/02\/silla-americana-1024x1024-1-300x300.jpg 300w, https:\/\/keramamueblesdejardin.com\/wp-content\/uploads\/2026\/02\/silla-americana-1024x1024-1-150x150.jpg 150w, https:\/\/keramamueblesdejardin.com\/wp-content\/uploads\/2026\/02\/silla-americana-1024x1024-1-768x768.jpg 768w, https:\/\/keramamueblesdejardin.com\/wp-content\/uploads\/2026\/02\/silla-americana-1024x1024-1-800x800.jpg 800w, https:\/\/keramamueblesdejardin.com\/wp-content\/uploads\/2026\/02\/silla-americana-1024x1024-1-100x100.jpg 100w, https:\/\/keramamueblesdejardin.com\/wp-content\/uploads\/2026\/02\/silla-americana-1024x1024-1-50x50.jpg 50w, https:\/\/keramamueblesdejardin.com\/wp-content\/uploads\/2026\/02\/silla-americana-1024x1024-1.jpg 1024w\" sizes=\"(max-width: 300px) 100vw, 300px\" \/><\/a>\n\t\t\t<\/div><\/figure><figure class='gallery-item'>\n\t\t\t<div class='gallery-icon landscape'>\n\t\t\t\t<a data-elementor-open-lightbox=\"yes\" data-elementor-lightbox-slideshow=\"a303701\" data-elementor-lightbox-title=\"rivi-8-1-1024x1024\" data-e-action-hash=\"#elementor-action%3Aaction%3Dlightbox%26settings%3DeyJpZCI6MTkyMzE3LCJ1cmwiOiJodHRwczpcL1wva2VyYW1hbXVlYmxlc2RlamFyZGluLmNvbVwvd3AtY29udGVudFwvdXBsb2Fkc1wvMjAyNlwvMDJcL3JpdmktOC0xLTEwMjR4MTAyNC0xLmpwZyIsInNsaWRlc2hvdyI6ImEzMDM3MDEifQ%3D%3D\" href='https:\/\/keramamueblesdejardin.com\/wp-content\/uploads\/2026\/02\/rivi-8-1-1024x1024-1.jpg'><img loading=\"lazy\" decoding=\"async\" width=\"300\" height=\"300\" src=\"https:\/\/keramamueblesdejardin.com\/wp-content\/uploads\/2026\/02\/rivi-8-1-1024x1024-1-300x300.jpg\" class=\"attachment-medium size-medium\" alt=\"\" srcset=\"https:\/\/keramamueblesdejardin.com\/wp-content\/uploads\/2026\/02\/rivi-8-1-1024x1024-1-300x300.jpg 300w, https:\/\/keramamueblesdejardin.com\/wp-content\/uploads\/2026\/02\/rivi-8-1-1024x1024-1-150x150.jpg 150w, https:\/\/keramamueblesdejardin.com\/wp-content\/uploads\/2026\/02\/rivi-8-1-1024x1024-1-768x768.jpg 768w, https:\/\/keramamueblesdejardin.com\/wp-content\/uploads\/2026\/02\/rivi-8-1-1024x1024-1-800x800.jpg 800w, https:\/\/keramamueblesdejardin.com\/wp-content\/uploads\/2026\/02\/rivi-8-1-1024x1024-1-100x100.jpg 100w, https:\/\/keramamueblesdejardin.com\/wp-content\/uploads\/2026\/02\/rivi-8-1-1024x1024-1-50x50.jpg 50w, https:\/\/keramamueblesdejardin.com\/wp-content\/uploads\/2026\/02\/rivi-8-1-1024x1024-1.jpg 1024w\" sizes=\"(max-width: 300px) 100vw, 300px\" \/><\/a>\n\t\t\t<\/div><\/figure>\n\t\t<\/div>\n\t\t<\/div>\n\t\t\t\t\t\t<\/div>\n\t\t\t\t<\/div>\n\t\t\t\t\t<\/div>\n\t\t\t\t<\/div>\n\t\t<div class=\"elementor-element elementor-element-fe983f3 e-flex e-con-boxed e-con e-parent\" data-id=\"fe983f3\" data-element_type=\"container\" data-e-type=\"container\">\n\t\t\t\t\t<div class=\"e-con-inner\">\n\t\t\t\t<div class=\"elementor-element elementor-element-f929ccc elementor-widget elementor-widget-heading\" data-id=\"f929ccc\" data-element_type=\"widget\" data-e-type=\"widget\" data-widget_type=\"heading.default\">\n\t\t\t\t<div class=\"elementor-widget-container\">\n\t\t\t\t\t<h2 class=\"elementor-heading-title elementor-size-default\">Alcuni dei marchi con cui collaboriamo nei progetti e che distribuiamo:\n<\/h2>\t\t\t\t<\/div>\n\t\t\t\t<\/div>\n\t\t\t\t<div class=\"elementor-element elementor-element-30f3105 elementor-widget elementor-widget-heading\" data-id=\"30f3105\" data-element_type=\"widget\" data-e-type=\"widget\" data-widget_type=\"heading.default\">\n\t\t\t\t<div class=\"elementor-widget-container\">\n\t\t\t\t\t<p class=\"elementor-heading-title elementor-size-default\">Uno dei nostri punti di forza \u00e8 la flessibilit\u00e0. Avere pi\u00f9 di 20 marchi diversi di mobili per esterni e interni ci rende uno dei distributori pi\u00f9 comodi con cui lavorare. \u00c8 molto raro che non abbiamo qualcosa che faccia al caso vostro.\n<\/p>\t\t\t\t<\/div>\n\t\t\t\t<\/div>\n\t\t\t\t\t<\/div>\n\t\t\t\t<\/div>\n\t\t<div class=\"elementor-element elementor-element-96207ac e-flex e-con-boxed e-con e-parent\" data-id=\"96207ac\" data-element_type=\"container\" data-e-type=\"container\">\n\t\t\t\t\t<div class=\"e-con-inner\">\n\t\t\t\t<div class=\"elementor-element elementor-element-805bdb6 gallery-spacing-custom elementor-widget elementor-widget-image-gallery\" data-id=\"805bdb6\" data-element_type=\"widget\" data-e-type=\"widget\" data-widget_type=\"image-gallery.default\">\n\t\t\t\t<div class=\"elementor-widget-container\">\n\t\t\t\t\t\t\t<div class=\"elementor-image-gallery\">\n\t\t\t<div id='gallery-2' class='gallery galleryid-157275 gallery-columns-6 gallery-size-medium'><figure class='gallery-item'>\n\t\t\t<div class='gallery-icon landscape'>\n\t\t\t\t<a data-elementor-open-lightbox=\"yes\" data-elementor-lightbox-slideshow=\"805bdb6\" data-elementor-lightbox-title=\"nardi-1024x1024\" data-e-action-hash=\"#elementor-action%3Aaction%3Dlightbox%26settings%3DeyJpZCI6MTkyMzM4LCJ1cmwiOiJodHRwczpcL1wva2VyYW1hbXVlYmxlc2RlamFyZGluLmNvbVwvd3AtY29udGVudFwvdXBsb2Fkc1wvMjAyNlwvMDJcL25hcmRpLTEwMjR4MTAyNC0xLmpwZyIsInNsaWRlc2hvdyI6IjgwNWJkYjYifQ%3D%3D\" href='https:\/\/keramamueblesdejardin.com\/wp-content\/uploads\/2026\/02\/nardi-1024x1024-1.jpg'><img loading=\"lazy\" decoding=\"async\" width=\"300\" height=\"300\" src=\"https:\/\/keramamueblesdejardin.com\/wp-content\/uploads\/2026\/02\/nardi-1024x1024-1-300x300.jpg\" class=\"attachment-medium size-medium\" alt=\"\" srcset=\"https:\/\/keramamueblesdejardin.com\/wp-content\/uploads\/2026\/02\/nardi-1024x1024-1-300x300.jpg 300w, https:\/\/keramamueblesdejardin.com\/wp-content\/uploads\/2026\/02\/nardi-1024x1024-1-150x150.jpg 150w, https:\/\/keramamueblesdejardin.com\/wp-content\/uploads\/2026\/02\/nardi-1024x1024-1-768x768.jpg 768w, https:\/\/keramamueblesdejardin.com\/wp-content\/uploads\/2026\/02\/nardi-1024x1024-1-800x800.jpg 800w, https:\/\/keramamueblesdejardin.com\/wp-content\/uploads\/2026\/02\/nardi-1024x1024-1-100x100.jpg 100w, https:\/\/keramamueblesdejardin.com\/wp-content\/uploads\/2026\/02\/nardi-1024x1024-1-50x50.jpg 50w, https:\/\/keramamueblesdejardin.com\/wp-content\/uploads\/2026\/02\/nardi-1024x1024-1.jpg 1024w\" sizes=\"(max-width: 300px) 100vw, 300px\" \/><\/a>\n\t\t\t<\/div><\/figure><figure class='gallery-item'>\n\t\t\t<div class='gallery-icon landscape'>\n\t\t\t\t<a data-elementor-open-lightbox=\"yes\" data-elementor-lightbox-slideshow=\"805bdb6\" data-elementor-lightbox-title=\"emu-1024x1024\" data-e-action-hash=\"#elementor-action%3Aaction%3Dlightbox%26settings%3DeyJpZCI6MTkyMzMyLCJ1cmwiOiJodHRwczpcL1wva2VyYW1hbXVlYmxlc2RlamFyZGluLmNvbVwvd3AtY29udGVudFwvdXBsb2Fkc1wvMjAyNlwvMDJcL2VtdS0xMDI0eDEwMjQtMS5qcGciLCJzbGlkZXNob3ciOiI4MDViZGI2In0%3D\" href='https:\/\/keramamueblesdejardin.com\/wp-content\/uploads\/2026\/02\/emu-1024x1024-1.jpg'><img loading=\"lazy\" decoding=\"async\" width=\"300\" height=\"300\" src=\"https:\/\/keramamueblesdejardin.com\/wp-content\/uploads\/2026\/02\/emu-1024x1024-1-300x300.jpg\" class=\"attachment-medium size-medium\" alt=\"\" srcset=\"https:\/\/keramamueblesdejardin.com\/wp-content\/uploads\/2026\/02\/emu-1024x1024-1-300x300.jpg 300w, https:\/\/keramamueblesdejardin.com\/wp-content\/uploads\/2026\/02\/emu-1024x1024-1-150x150.jpg 150w, https:\/\/keramamueblesdejardin.com\/wp-content\/uploads\/2026\/02\/emu-1024x1024-1-768x768.jpg 768w, https:\/\/keramamueblesdejardin.com\/wp-content\/uploads\/2026\/02\/emu-1024x1024-1-800x800.jpg 800w, https:\/\/keramamueblesdejardin.com\/wp-content\/uploads\/2026\/02\/emu-1024x1024-1-100x100.jpg 100w, https:\/\/keramamueblesdejardin.com\/wp-content\/uploads\/2026\/02\/emu-1024x1024-1-50x50.jpg 50w, https:\/\/keramamueblesdejardin.com\/wp-content\/uploads\/2026\/02\/emu-1024x1024-1.jpg 1024w\" sizes=\"(max-width: 300px) 100vw, 300px\" \/><\/a>\n\t\t\t<\/div><\/figure><figure class='gallery-item'>\n\t\t\t<div class='gallery-icon landscape'>\n\t\t\t\t<a data-elementor-open-lightbox=\"yes\" data-elementor-lightbox-slideshow=\"805bdb6\" data-elementor-lightbox-title=\"ondarreta-1024x1024\" data-e-action-hash=\"#elementor-action%3Aaction%3Dlightbox%26settings%3DeyJpZCI6MTkyMzQ0LCJ1cmwiOiJodHRwczpcL1wva2VyYW1hbXVlYmxlc2RlamFyZGluLmNvbVwvd3AtY29udGVudFwvdXBsb2Fkc1wvMjAyNlwvMDJcL29uZGFycmV0YS0xMDI0eDEwMjQtMS5qcGciLCJzbGlkZXNob3ciOiI4MDViZGI2In0%3D\" href='https:\/\/keramamueblesdejardin.com\/wp-content\/uploads\/2026\/02\/ondarreta-1024x1024-1.jpg'><img loading=\"lazy\" decoding=\"async\" width=\"300\" height=\"300\" src=\"https:\/\/keramamueblesdejardin.com\/wp-content\/uploads\/2026\/02\/ondarreta-1024x1024-1-300x300.jpg\" class=\"attachment-medium size-medium\" alt=\"\" srcset=\"https:\/\/keramamueblesdejardin.com\/wp-content\/uploads\/2026\/02\/ondarreta-1024x1024-1-300x300.jpg 300w, https:\/\/keramamueblesdejardin.com\/wp-content\/uploads\/2026\/02\/ondarreta-1024x1024-1-150x150.jpg 150w, https:\/\/keramamueblesdejardin.com\/wp-content\/uploads\/2026\/02\/ondarreta-1024x1024-1-768x768.jpg 768w, https:\/\/keramamueblesdejardin.com\/wp-content\/uploads\/2026\/02\/ondarreta-1024x1024-1-800x800.jpg 800w, https:\/\/keramamueblesdejardin.com\/wp-content\/uploads\/2026\/02\/ondarreta-1024x1024-1-100x100.jpg 100w, https:\/\/keramamueblesdejardin.com\/wp-content\/uploads\/2026\/02\/ondarreta-1024x1024-1-50x50.jpg 50w, https:\/\/keramamueblesdejardin.com\/wp-content\/uploads\/2026\/02\/ondarreta-1024x1024-1.jpg 1024w\" sizes=\"(max-width: 300px) 100vw, 300px\" \/><\/a>\n\t\t\t<\/div><\/figure><figure class='gallery-item'>\n\t\t\t<div class='gallery-icon landscape'>\n\t\t\t\t<a data-elementor-open-lightbox=\"yes\" data-elementor-lightbox-slideshow=\"805bdb6\" data-elementor-lightbox-title=\"pedrali-1024x1024\" data-e-action-hash=\"#elementor-action%3Aaction%3Dlightbox%26settings%3DeyJpZCI6MTkyMzUwLCJ1cmwiOiJodHRwczpcL1wva2VyYW1hbXVlYmxlc2RlamFyZGluLmNvbVwvd3AtY29udGVudFwvdXBsb2Fkc1wvMjAyNlwvMDJcL3BlZHJhbGktMTAyNHgxMDI0LTEuanBnIiwic2xpZGVzaG93IjoiODA1YmRiNiJ9\" href='https:\/\/keramamueblesdejardin.com\/wp-content\/uploads\/2026\/02\/pedrali-1024x1024-1.jpg'><img loading=\"lazy\" decoding=\"async\" width=\"300\" height=\"300\" src=\"https:\/\/keramamueblesdejardin.com\/wp-content\/uploads\/2026\/02\/pedrali-1024x1024-1-300x300.jpg\" class=\"attachment-medium size-medium\" alt=\"\" srcset=\"https:\/\/keramamueblesdejardin.com\/wp-content\/uploads\/2026\/02\/pedrali-1024x1024-1-300x300.jpg 300w, https:\/\/keramamueblesdejardin.com\/wp-content\/uploads\/2026\/02\/pedrali-1024x1024-1-150x150.jpg 150w, https:\/\/keramamueblesdejardin.com\/wp-content\/uploads\/2026\/02\/pedrali-1024x1024-1-768x768.jpg 768w, https:\/\/keramamueblesdejardin.com\/wp-content\/uploads\/2026\/02\/pedrali-1024x1024-1-800x800.jpg 800w, https:\/\/keramamueblesdejardin.com\/wp-content\/uploads\/2026\/02\/pedrali-1024x1024-1-100x100.jpg 100w, https:\/\/keramamueblesdejardin.com\/wp-content\/uploads\/2026\/02\/pedrali-1024x1024-1-50x50.jpg 50w, https:\/\/keramamueblesdejardin.com\/wp-content\/uploads\/2026\/02\/pedrali-1024x1024-1.jpg 1024w\" sizes=\"(max-width: 300px) 100vw, 300px\" \/><\/a>\n\t\t\t<\/div><\/figure><figure class='gallery-item'>\n\t\t\t<div class='gallery-icon landscape'>\n\t\t\t\t<a data-elementor-open-lightbox=\"yes\" data-elementor-lightbox-slideshow=\"805bdb6\" data-elementor-lightbox-title=\"talenti-1024x1024\" data-e-action-hash=\"#elementor-action%3Aaction%3Dlightbox%26settings%3DeyJpZCI6MTkyMzU2LCJ1cmwiOiJodHRwczpcL1wva2VyYW1hbXVlYmxlc2RlamFyZGluLmNvbVwvd3AtY29udGVudFwvdXBsb2Fkc1wvMjAyNlwvMDJcL3RhbGVudGktMTAyNHgxMDI0LTEuanBnIiwic2xpZGVzaG93IjoiODA1YmRiNiJ9\" href='https:\/\/keramamueblesdejardin.com\/wp-content\/uploads\/2026\/02\/talenti-1024x1024-1.jpg'><img loading=\"lazy\" decoding=\"async\" width=\"300\" height=\"300\" src=\"https:\/\/keramamueblesdejardin.com\/wp-content\/uploads\/2026\/02\/talenti-1024x1024-1-300x300.jpg\" class=\"attachment-medium size-medium\" alt=\"\" srcset=\"https:\/\/keramamueblesdejardin.com\/wp-content\/uploads\/2026\/02\/talenti-1024x1024-1-300x300.jpg 300w, https:\/\/keramamueblesdejardin.com\/wp-content\/uploads\/2026\/02\/talenti-1024x1024-1-150x150.jpg 150w, https:\/\/keramamueblesdejardin.com\/wp-content\/uploads\/2026\/02\/talenti-1024x1024-1-768x768.jpg 768w, https:\/\/keramamueblesdejardin.com\/wp-content\/uploads\/2026\/02\/talenti-1024x1024-1-800x800.jpg 800w, https:\/\/keramamueblesdejardin.com\/wp-content\/uploads\/2026\/02\/talenti-1024x1024-1-100x100.jpg 100w, https:\/\/keramamueblesdejardin.com\/wp-content\/uploads\/2026\/02\/talenti-1024x1024-1-50x50.jpg 50w, https:\/\/keramamueblesdejardin.com\/wp-content\/uploads\/2026\/02\/talenti-1024x1024-1.jpg 1024w\" sizes=\"(max-width: 300px) 100vw, 300px\" \/><\/a>\n\t\t\t<\/div><\/figure><figure class='gallery-item'>\n\t\t\t<div class='gallery-icon landscape'>\n\t\t\t\t<a data-elementor-open-lightbox=\"yes\" data-elementor-lightbox-slideshow=\"805bdb6\" data-elementor-lightbox-title=\"vondom-1024x1024\" data-e-action-hash=\"#elementor-action%3Aaction%3Dlightbox%26settings%3DeyJpZCI6MTkyMzYyLCJ1cmwiOiJodHRwczpcL1wva2VyYW1hbXVlYmxlc2RlamFyZGluLmNvbVwvd3AtY29udGVudFwvdXBsb2Fkc1wvMjAyNlwvMDJcL3ZvbmRvbS0xMDI0eDEwMjQtMS5qcGciLCJzbGlkZXNob3ciOiI4MDViZGI2In0%3D\" href='https:\/\/keramamueblesdejardin.com\/wp-content\/uploads\/2026\/02\/vondom-1024x1024-1.jpg'><img loading=\"lazy\" decoding=\"async\" width=\"300\" height=\"300\" src=\"https:\/\/keramamueblesdejardin.com\/wp-content\/uploads\/2026\/02\/vondom-1024x1024-1-300x300.jpg\" class=\"attachment-medium size-medium\" alt=\"\" srcset=\"https:\/\/keramamueblesdejardin.com\/wp-content\/uploads\/2026\/02\/vondom-1024x1024-1-300x300.jpg 300w, https:\/\/keramamueblesdejardin.com\/wp-content\/uploads\/2026\/02\/vondom-1024x1024-1-150x150.jpg 150w, https:\/\/keramamueblesdejardin.com\/wp-content\/uploads\/2026\/02\/vondom-1024x1024-1-768x768.jpg 768w, https:\/\/keramamueblesdejardin.com\/wp-content\/uploads\/2026\/02\/vondom-1024x1024-1-800x800.jpg 800w, https:\/\/keramamueblesdejardin.com\/wp-content\/uploads\/2026\/02\/vondom-1024x1024-1-100x100.jpg 100w, https:\/\/keramamueblesdejardin.com\/wp-content\/uploads\/2026\/02\/vondom-1024x1024-1-50x50.jpg 50w, https:\/\/keramamueblesdejardin.com\/wp-content\/uploads\/2026\/02\/vondom-1024x1024-1.jpg 1024w\" sizes=\"(max-width: 300px) 100vw, 300px\" \/><\/a>\n\t\t\t<\/div><\/figure>\n\t\t<\/div>\n\t\t<\/div>\n\t\t\t\t\t\t<\/div>\n\t\t\t\t<\/div>\n\t\t\t\t\t<\/div>\n\t\t\t\t<\/div>\n\t\t<div class=\"elementor-element elementor-element-f3456ce e-flex e-con-boxed e-con e-parent\" data-id=\"f3456ce\" data-element_type=\"container\" data-e-type=\"container\">\n\t\t\t\t\t<div class=\"e-con-inner\">\n\t\t\t\t<div class=\"elementor-element elementor-element-860a416 elementor-widget elementor-widget-heading\" data-id=\"860a416\" data-element_type=\"widget\" data-e-type=\"widget\" data-widget_type=\"heading.default\">\n\t\t\t\t<div class=\"elementor-widget-container\">\n\t\t\t\t\t<h2 class=\"elementor-heading-title elementor-size-default\">Diteci di cosa avete bisogno e vi daremo una soluzione:\n<\/h2>\t\t\t\t<\/div>\n\t\t\t\t<\/div>\n\t\t\t\t<div class=\"elementor-element elementor-element-d7e39c8 elementor-widget__width-initial elementor-widget elementor-widget-heading\" data-id=\"d7e39c8\" data-element_type=\"widget\" data-e-type=\"widget\" data-widget_type=\"heading.default\">\n\t\t\t\t<div class=\"elementor-widget-container\">\n\t\t\t\t\t<p class=\"elementor-heading-title elementor-size-default\">E s\u00ec, prima che ce lo chiediate, abbiamo sconti per i professionisti sia sui nostri prodotti che su tutti i marchi che distribuiamo. Inoltre, possiamo aiutarvi anche nella distribuzione dello spazio, nella combinazione degli elementi o in tutto ci\u00f2 di cui avete bisogno in ogni progetto.\n<\/p>\t\t\t\t<\/div>\n\t\t\t\t<\/div>\n\t\t\t\t\t<\/div>\n\t\t\t\t<\/div>\n\t\t<div class=\"elementor-element elementor-element-ae3c6b3 e-flex e-con-boxed e-con e-parent\" data-id=\"ae3c6b3\" data-element_type=\"container\" data-e-type=\"container\">\n\t\t\t\t\t<div class=\"e-con-inner\">\n\t\t\t\t<div class=\"elementor-element elementor-element-ee72e92 elementor-button-align-stretch elementor-widget elementor-widget-form\" data-id=\"ee72e92\" data-element_type=\"widget\" data-e-type=\"widget\" data-settings=\"{&quot;step_next_label&quot;:&quot;Siguiente&quot;,&quot;step_previous_label&quot;:&quot;Anteriore&quot;,&quot;button_width&quot;:&quot;100&quot;,&quot;step_type&quot;:&quot;number_text&quot;,&quot;step_icon_shape&quot;:&quot;circle&quot;}\" data-widget_type=\"form.default\">\n\t\t\t\t<div class=\"elementor-widget-container\">\n\t\t\t\t\t\t\t<form class=\"elementor-form\" method=\"post\" name=\"Nuevo formulario\" aria-label=\"Nuevo formulario\">\n\t\t\t<input type=\"hidden\" name=\"post_id\" value=\"157275\"\/>\n\t\t\t<input type=\"hidden\" name=\"form_id\" value=\"ee72e92\"\/>\n\t\t\t<input type=\"hidden\" name=\"referer_title\" value=\"Benvenuti in Kerama Business - Kerama\" \/>\n\n\t\t\t\t\t\t\t<input type=\"hidden\" name=\"queried_id\" value=\"157275\"\/>\n\t\t\t\n\t\t\t<div class=\"elementor-form-fields-wrapper elementor-labels-\">\n\t\t\t\t\t\t\t\t<div class=\"elementor-field-type-text elementor-field-group elementor-column elementor-field-group-name elementor-col-100\">\n\t\t\t\t\t\t\t\t\t\t\t\t<label for=\"form-field-name\" class=\"elementor-field-label elementor-screen-only\">\n\t\t\t\t\t\t\t\tNombre\t\t\t\t\t\t\t<\/label>\n\t\t\t\t\t\t\t\t\t\t\t\t\t\t<input size=\"1\" type=\"text\" name=\"form_fields[name]\" id=\"form-field-name\" class=\"elementor-field elementor-size-sm  elementor-field-textual\" placeholder=\"Nome\">\n\t\t\t\t\t\t\t\t\t\t\t<\/div>\n\t\t\t\t\t\t\t\t<div class=\"elementor-field-type-email elementor-field-group elementor-column elementor-field-group-email elementor-col-50 elementor-field-required\">\n\t\t\t\t\t\t\t\t\t\t\t\t<label for=\"form-field-email\" class=\"elementor-field-label elementor-screen-only\">\n\t\t\t\t\t\t\t\tCorreo electr\u00f3nico\t\t\t\t\t\t\t<\/label>\n\t\t\t\t\t\t\t\t\t\t\t\t\t\t<input size=\"1\" type=\"email\" name=\"form_fields[email]\" id=\"form-field-email\" class=\"elementor-field elementor-size-sm  elementor-field-textual\" placeholder=\"Email\" required=\"required\">\n\t\t\t\t\t\t\t\t\t\t\t<\/div>\n\t\t\t\t\t\t\t\t<div class=\"elementor-field-type-tel elementor-field-group elementor-column elementor-field-group-field_e95fb49 elementor-col-50 elementor-field-required\">\n\t\t\t\t\t\t\t\t\t\t\t\t<label for=\"form-field-field_e95fb49\" class=\"elementor-field-label elementor-screen-only\">\n\t\t\t\t\t\t\t\tTel\u00e9fono\t\t\t\t\t\t\t<\/label>\n\t\t\t\t\t\t\t\t<input size=\"1\" type=\"tel\" name=\"form_fields[field_e95fb49]\" id=\"form-field-field_e95fb49\" class=\"elementor-field elementor-size-sm  elementor-field-textual\" placeholder=\"Telefono\" required=\"required\" pattern=\"[0-9()#&amp;+*-=.]+\" title=\"Sono accettati solo numeri e caratteri telefonici (#, -, *, ecc.).\">\n\n\t\t\t\t\t\t<\/div>\n\t\t\t\t\t\t\t\t<div class=\"elementor-field-type-textarea elementor-field-group elementor-column elementor-field-group-message elementor-col-100\">\n\t\t\t\t\t\t\t\t\t\t\t\t<label for=\"form-field-message\" class=\"elementor-field-label elementor-screen-only\">\n\t\t\t\t\t\t\t\tMessaggio\t\t\t\t\t\t\t<\/label>\n\t\t\t\t\t\t<textarea class=\"elementor-field-textual elementor-field  elementor-size-sm\" name=\"form_fields[message]\" id=\"form-field-message\" rows=\"4\" placeholder=\"Il vostro messaggio\"><\/textarea>\t\t\t\t<\/div>\n\t\t\t\t\t\t\t\t<div class=\"elementor-field-type-recaptcha_v3 elementor-field-group elementor-column elementor-field-group-field_f34491f elementor-col-100 recaptcha_v3-bottomright\">\n\t\t\t\t\t<div class=\"elementor-field\" id=\"form-field-field_f34491f\"><\/div>\t\t\t\t<\/div>\n\t\t\t\t\t\t\t\t<div class=\"elementor-field-type-acceptance elementor-field-group elementor-column elementor-field-group-field_fb01adc elementor-col-100\">\n\t\t\t\t\t\t\t<div class=\"elementor-field-subgroup\">\n\t\t\t<span class=\"elementor-field-option\">\n\t\t\t\t<input type=\"checkbox\" name=\"form_fields[field_fb01adc]\" id=\"form-field-field_fb01adc\" class=\"elementor-field elementor-size-sm  elementor-acceptance-field\">\n\t\t\t\t<label for=\"form-field-field_fb01adc\">Ho letto l'informativa sulla privacy privacy policy<\/label>\t\t\t<\/span>\n\t\t<\/div>\n\t\t\t\t\t\t<\/div>\n\t\t\t\t\t\t\t\t<div class=\"elementor-field-group elementor-column elementor-field-type-submit elementor-col-100 e-form__buttons\">\n\t\t\t\t\t<button class=\"elementor-button elementor-size-sm elementor-animation-grow\" type=\"submit\">\n\t\t\t\t\t\t<span class=\"elementor-button-content-wrapper\">\n\t\t\t\t\t\t\t\t\t\t\t\t\t\t\t\t\t\t\t\t\t\t<span class=\"elementor-button-text\">Inviare<\/span>\n\t\t\t\t\t\t\t\t\t\t\t\t\t<\/span>\n\t\t\t\t\t<\/button>\n\t\t\t\t<\/div>\n\t\t\t<\/div>\n\t\t<\/form>\n\t\t\t\t\t\t<\/div>\n\t\t\t\t<\/div>\n\t\t\t\t\t<\/div>\n\t\t\t\t<\/div>\n\t\t\t\t<\/div>\n\t\t","protected":false},"excerpt":{"rendered":"<p>Benvenuti in Kerama Business Kerama \u00e8 un progetto che nasce originariamente per vendere arredi per esterni direttamente al cliente finale. Dopo cinque anni, una parte importante del nostro fatturato deriva dal lavoro meticoloso di ricerca e acquisizione di prodotti propri e di nuovi marchi per fornire soluzioni ai progetti provenienti dal settore HORECA. Amiamo le [&hellip;]<\/p>\n","protected":false},"author":1,"featured_media":0,"parent":0,"menu_order":0,"comment_status":"closed","ping_status":"closed","template":"","meta":{"_acf_changed":false,"footnotes":""},"class_list":["post-157275","page","type-page","status-publish","hentry"],"acf":[],"yoast_head":"<!-- This site is optimized with the Yoast SEO plugin v27.4 - https:\/\/yoast.com\/product\/yoast-seo-wordpress\/ -->\n<title>Benvenuti in Kerama Business - Kerama<\/title>\n<meta name=\"robots\" content=\"index, follow, max-snippet:-1, max-image-preview:large, max-video-preview:-1\" \/>\n<link rel=\"canonical\" href=\"https:\/\/keramamueblesdejardin.com\/it\/kerama-business\/\" \/>\n<meta property=\"og:locale\" content=\"it_IT\" \/>\n<meta property=\"og:type\" content=\"article\" \/>\n<meta property=\"og:title\" content=\"Benvenuti in Kerama Business - Kerama\" \/>\n<meta property=\"og:description\" content=\"Benvenuti in Kerama Business Kerama \u00e8 un progetto che nasce originariamente per vendere arredi per esterni direttamente al cliente finale. Dopo cinque anni, una parte importante del nostro fatturato deriva dal lavoro meticoloso di ricerca e acquisizione di prodotti propri e di nuovi marchi per fornire soluzioni ai progetti provenienti dal settore HORECA. Amiamo le [&hellip;]\" \/>\n<meta property=\"og:url\" content=\"https:\/\/keramamueblesdejardin.com\/it\/kerama-business\/\" \/>\n<meta property=\"og:site_name\" content=\"Kerama\" \/>\n<meta property=\"article:publisher\" content=\"https:\/\/www.facebook.com\/Kerama-Muebles-de-Jard%c3%adn-106209328312568\/\" \/>\n<meta property=\"article:modified_time\" content=\"2026-02-12T12:32:26+00:00\" \/>\n<meta property=\"og:image\" content=\"https:\/\/keramamueblesdejardin.com\/wp-content\/uploads\/2025\/05\/logo-kerama.png\" \/>\n\t<meta property=\"og:image:width\" content=\"800\" \/>\n\t<meta property=\"og:image:height\" content=\"174\" \/>\n\t<meta property=\"og:image:type\" content=\"image\/png\" \/>\n<meta name=\"twitter:card\" content=\"summary_large_image\" \/>\n<meta name=\"twitter:label1\" content=\"Tempo di lettura stimato\" \/>\n\t<meta name=\"twitter:data1\" content=\"6 minuti\" \/>\n<script type=\"application\/ld+json\" class=\"yoast-schema-graph\">{\"@context\":\"https:\\\/\\\/schema.org\",\"@graph\":[{\"@type\":\"WebPage\",\"@id\":\"https:\\\/\\\/keramamueblesdejardin.com\\\/it\\\/kerama-business\\\/\",\"url\":\"https:\\\/\\\/keramamueblesdejardin.com\\\/it\\\/kerama-business\\\/\",\"name\":\"Benvenuti in Kerama Business - Kerama\",\"isPartOf\":{\"@id\":\"https:\\\/\\\/keramamueblesdejardin.com\\\/it\\\/#website\"},\"primaryImageOfPage\":{\"@id\":\"https:\\\/\\\/keramamueblesdejardin.com\\\/it\\\/kerama-business\\\/#primaryimage\"},\"image\":{\"@id\":\"https:\\\/\\\/keramamueblesdejardin.com\\\/it\\\/kerama-business\\\/#primaryimage\"},\"thumbnailUrl\":\"https:\\\/\\\/keramamueblesdejardin.com\\\/wp-content\\\/uploads\\\/2025\\\/05\\\/logo-kerama.png\",\"datePublished\":\"2024-05-02T10:06:13+00:00\",\"dateModified\":\"2026-02-12T12:32:26+00:00\",\"breadcrumb\":{\"@id\":\"https:\\\/\\\/keramamueblesdejardin.com\\\/it\\\/kerama-business\\\/#breadcrumb\"},\"inLanguage\":\"it-IT\",\"potentialAction\":[{\"@type\":\"ReadAction\",\"target\":[\"https:\\\/\\\/keramamueblesdejardin.com\\\/it\\\/kerama-business\\\/\"]}]},{\"@type\":\"ImageObject\",\"inLanguage\":\"it-IT\",\"@id\":\"https:\\\/\\\/keramamueblesdejardin.com\\\/it\\\/kerama-business\\\/#primaryimage\",\"url\":\"https:\\\/\\\/keramamueblesdejardin.com\\\/wp-content\\\/uploads\\\/2025\\\/05\\\/logo-kerama.png\",\"contentUrl\":\"https:\\\/\\\/keramamueblesdejardin.com\\\/wp-content\\\/uploads\\\/2025\\\/05\\\/logo-kerama.png\"},{\"@type\":\"BreadcrumbList\",\"@id\":\"https:\\\/\\\/keramamueblesdejardin.com\\\/it\\\/kerama-business\\\/#breadcrumb\",\"itemListElement\":[{\"@type\":\"ListItem\",\"position\":1,\"name\":\"Home\",\"item\":\"https:\\\/\\\/keramamueblesdejardin.com\\\/it\\\/\"},{\"@type\":\"ListItem\",\"position\":2,\"name\":\"Benvenuti in Kerama Business\"}]},{\"@type\":\"WebSite\",\"@id\":\"https:\\\/\\\/keramamueblesdejardin.com\\\/it\\\/#website\",\"url\":\"https:\\\/\\\/keramamueblesdejardin.com\\\/it\\\/\",\"name\":\"Kerama\",\"description\":\"muebles de jard\u00edn\",\"publisher\":{\"@id\":\"https:\\\/\\\/keramamueblesdejardin.com\\\/it\\\/#organization\"},\"potentialAction\":[{\"@type\":\"SearchAction\",\"target\":{\"@type\":\"EntryPoint\",\"urlTemplate\":\"https:\\\/\\\/keramamueblesdejardin.com\\\/it\\\/?s={search_term_string}\"},\"query-input\":{\"@type\":\"PropertyValueSpecification\",\"valueRequired\":true,\"valueName\":\"search_term_string\"}}],\"inLanguage\":\"it-IT\"},{\"@type\":\"Organization\",\"@id\":\"https:\\\/\\\/keramamueblesdejardin.com\\\/it\\\/#organization\",\"name\":\"kerama\",\"url\":\"https:\\\/\\\/keramamueblesdejardin.com\\\/it\\\/\",\"logo\":{\"@type\":\"ImageObject\",\"inLanguage\":\"it-IT\",\"@id\":\"https:\\\/\\\/keramamueblesdejardin.com\\\/it\\\/#\\\/schema\\\/logo\\\/image\\\/\",\"url\":\"https:\\\/\\\/keramamueblesdejardin.com\\\/wp-content\\\/uploads\\\/2020\\\/12\\\/k.-scaled.jpg\",\"contentUrl\":\"https:\\\/\\\/keramamueblesdejardin.com\\\/wp-content\\\/uploads\\\/2020\\\/12\\\/k.-scaled.jpg\",\"width\":2560,\"height\":551,\"caption\":\"kerama\"},\"image\":{\"@id\":\"https:\\\/\\\/keramamueblesdejardin.com\\\/it\\\/#\\\/schema\\\/logo\\\/image\\\/\"},\"sameAs\":[\"https:\\\/\\\/www.facebook.com\\\/Kerama-Muebles-de-Jard\u00edn-106209328312568\\\/\"]}]}<\/script>\n<!-- \/ Yoast SEO plugin. -->","yoast_head_json":{"title":"Benvenuti in Kerama Business - Kerama","robots":{"index":"index","follow":"follow","max-snippet":"max-snippet:-1","max-image-preview":"max-image-preview:large","max-video-preview":"max-video-preview:-1"},"canonical":"https:\/\/keramamueblesdejardin.com\/it\/kerama-business\/","og_locale":"it_IT","og_type":"article","og_title":"Benvenuti in Kerama Business - Kerama","og_description":"Benvenuti in Kerama Business Kerama \u00e8 un progetto che nasce originariamente per vendere arredi per esterni direttamente al cliente finale. Dopo cinque anni, una parte importante del nostro fatturato deriva dal lavoro meticoloso di ricerca e acquisizione di prodotti propri e di nuovi marchi per fornire soluzioni ai progetti provenienti dal settore HORECA. Amiamo le [&hellip;]","og_url":"https:\/\/keramamueblesdejardin.com\/it\/kerama-business\/","og_site_name":"Kerama","article_publisher":"https:\/\/www.facebook.com\/Kerama-Muebles-de-Jard%c3%adn-106209328312568\/","article_modified_time":"2026-02-12T12:32:26+00:00","og_image":[{"width":800,"height":174,"url":"https:\/\/keramamueblesdejardin.com\/wp-content\/uploads\/2025\/05\/logo-kerama.png","type":"image\/png"}],"twitter_card":"summary_large_image","twitter_misc":{"Tempo di lettura stimato":"6 minuti"},"schema":{"@context":"https:\/\/schema.org","@graph":[{"@type":"WebPage","@id":"https:\/\/keramamueblesdejardin.com\/it\/kerama-business\/","url":"https:\/\/keramamueblesdejardin.com\/it\/kerama-business\/","name":"Benvenuti in Kerama Business - Kerama","isPartOf":{"@id":"https:\/\/keramamueblesdejardin.com\/it\/#website"},"primaryImageOfPage":{"@id":"https:\/\/keramamueblesdejardin.com\/it\/kerama-business\/#primaryimage"},"image":{"@id":"https:\/\/keramamueblesdejardin.com\/it\/kerama-business\/#primaryimage"},"thumbnailUrl":"https:\/\/keramamueblesdejardin.com\/wp-content\/uploads\/2025\/05\/logo-kerama.png","datePublished":"2024-05-02T10:06:13+00:00","dateModified":"2026-02-12T12:32:26+00:00","breadcrumb":{"@id":"https:\/\/keramamueblesdejardin.com\/it\/kerama-business\/#breadcrumb"},"inLanguage":"it-IT","potentialAction":[{"@type":"ReadAction","target":["https:\/\/keramamueblesdejardin.com\/it\/kerama-business\/"]}]},{"@type":"ImageObject","inLanguage":"it-IT","@id":"https:\/\/keramamueblesdejardin.com\/it\/kerama-business\/#primaryimage","url":"https:\/\/keramamueblesdejardin.com\/wp-content\/uploads\/2025\/05\/logo-kerama.png","contentUrl":"https:\/\/keramamueblesdejardin.com\/wp-content\/uploads\/2025\/05\/logo-kerama.png"},{"@type":"BreadcrumbList","@id":"https:\/\/keramamueblesdejardin.com\/it\/kerama-business\/#breadcrumb","itemListElement":[{"@type":"ListItem","position":1,"name":"Home","item":"https:\/\/keramamueblesdejardin.com\/it\/"},{"@type":"ListItem","position":2,"name":"Benvenuti in Kerama Business"}]},{"@type":"WebSite","@id":"https:\/\/keramamueblesdejardin.com\/it\/#website","url":"https:\/\/keramamueblesdejardin.com\/it\/","name":"Kerama","description":"muebles de jard\u00edn","publisher":{"@id":"https:\/\/keramamueblesdejardin.com\/it\/#organization"},"potentialAction":[{"@type":"SearchAction","target":{"@type":"EntryPoint","urlTemplate":"https:\/\/keramamueblesdejardin.com\/it\/?s={search_term_string}"},"query-input":{"@type":"PropertyValueSpecification","valueRequired":true,"valueName":"search_term_string"}}],"inLanguage":"it-IT"},{"@type":"Organization","@id":"https:\/\/keramamueblesdejardin.com\/it\/#organization","name":"kerama","url":"https:\/\/keramamueblesdejardin.com\/it\/","logo":{"@type":"ImageObject","inLanguage":"it-IT","@id":"https:\/\/keramamueblesdejardin.com\/it\/#\/schema\/logo\/image\/","url":"https:\/\/keramamueblesdejardin.com\/wp-content\/uploads\/2020\/12\/k.-scaled.jpg","contentUrl":"https:\/\/keramamueblesdejardin.com\/wp-content\/uploads\/2020\/12\/k.-scaled.jpg","width":2560,"height":551,"caption":"kerama"},"image":{"@id":"https:\/\/keramamueblesdejardin.com\/it\/#\/schema\/logo\/image\/"},"sameAs":["https:\/\/www.facebook.com\/Kerama-Muebles-de-Jard\u00edn-106209328312568\/"]}]}},"_links":{"self":[{"href":"https:\/\/keramamueblesdejardin.com\/it\/wp-json\/wp\/v2\/pages\/157275","targetHints":{"allow":["GET"]}}],"collection":[{"href":"https:\/\/keramamueblesdejardin.com\/it\/wp-json\/wp\/v2\/pages"}],"about":[{"href":"https:\/\/keramamueblesdejardin.com\/it\/wp-json\/wp\/v2\/types\/page"}],"author":[{"embeddable":true,"href":"https:\/\/keramamueblesdejardin.com\/it\/wp-json\/wp\/v2\/users\/1"}],"replies":[{"embeddable":true,"href":"https:\/\/keramamueblesdejardin.com\/it\/wp-json\/wp\/v2\/comments?post=157275"}],"version-history":[{"count":16,"href":"https:\/\/keramamueblesdejardin.com\/it\/wp-json\/wp\/v2\/pages\/157275\/revisions"}],"predecessor-version":[{"id":192418,"href":"https:\/\/keramamueblesdejardin.com\/it\/wp-json\/wp\/v2\/pages\/157275\/revisions\/192418"}],"wp:attachment":[{"href":"https:\/\/keramamueblesdejardin.com\/it\/wp-json\/wp\/v2\/media?parent=157275"}],"curies":[{"name":"wp","href":"https:\/\/api.w.org\/{rel}","templated":true}]}}