{"id":84969,"date":"2023-04-12T16:47:43","date_gmt":"2023-04-12T14:47:43","guid":{"rendered":"https:\/\/keramamueblesdejardin.com\/non%20class\u00e9\/ensemble-de-jardin-table-ronde-anthracite-6-places-et-6-chaises-avec-coussin-osaka\/"},"modified":"2024-10-21T13:15:00","modified_gmt":"2024-10-21T11:15:00","slug":"jardin-set-6-places-anthracite-table-ronde-et-6-chaises-avec-coussin-osaka","status":"publish","type":"product","link":"https:\/\/keramamueblesdejardin.com\/fr\/diner-en-plein-air\/ensemble-table-et-chaises-de-jardin\/jardin-set-6-places-anthracite-table-ronde-et-6-chaises-avec-coussin-osaka\/","title":{"rendered":"Ensemble de jardin Table ronde anthracite 6 places et 6 chaises avec coussin &#8211; Osaka"},"content":{"rendered":"<p>Ensemble compos\u00e9 d\u2019une table ronde avec lattes de poly\u00e9thyl\u00e8ne haute densit\u00e9 imitation bois et structure en aluminium anthracite de 140cm de diam\u00e8tre. La structure est faite d\u2019aluminium de couleur anthracite et sur des lattes qui \u00e9tant en poly\u00e9thyl\u00e8ne haute densit\u00e9, ont l\u2019aspect du bois, mais en \u00e9liminant l\u2019entretien et le traitement que le bois implique car il s\u2019agit d\u2019un mat\u00e9riau synth\u00e9tique tr\u00e8s r\u00e9sistant avec 6 chaises en anthracite Osaka (hauteur 87 x longueur 56,5 x profondeur 54) sont en aluminium anthracite et bras en polybois imitant le bois. En plus d\u2019\u00eatre tr\u00e8s confortable compte tenu de ses accoudoirs et de son assise rembourr\u00e9e, il est empilable, ce qui r\u00e9duit grandement l\u2019espace de rangement et est tr\u00e8s l\u00e9ger. Les chaises sont \u00e9quip\u00e9es d&rsquo;un coussin gris amovible et facile \u00e0 laver. Vous pouvez le combiner avec d\u2019autres produits de la famille Osaka.<\/p>\n","protected":false},"excerpt":{"rendered":"<ul>\n<li>Table ronde avec cadre en aluminium et plateau en simili bois<\/li>\n<li>Chaises en aluminium anthracite avec accoudoirsacoirs et coussins en bois imitation<\/li>\n<li>Aucun entretien requis<\/li>\n<\/ul>\n","protected":false},"featured_media":83587,"comment_status":"closed","ping_status":"closed","template":"","meta":{"_acf_changed":false},"product_brand":[],"product_cat":[578,579],"product_tag":[567,596],"class_list":{"0":"post-84969","1":"product","2":"type-product","3":"status-publish","4":"has-post-thumbnail","6":"product_cat-diner-en-plein-air","7":"product_cat-ensemble-table-et-chaises-de-jardin","8":"product_tag-grands-espaces","9":"product_tag-osaka-fr","10":"product_shipping_class-envio-gratuito-fr","11":"pa_coleccion-osaka-fr","12":"pa_material-aluminio-fr","13":"pa_material-imitacion-de-madera-fr","15":"first","16":"instock","17":"sale","18":"purchasable","19":"product-type-simple","20":"add-to-wishlist-before_image"},"acf":[],"yoast_head":"<!-- This site is optimized with the Yoast SEO plugin v27.4 - https:\/\/yoast.com\/product\/yoast-seo-wordpress\/ -->\n<title>Ensemble de jardin Table ronde anthracite 6 places et 6 chaises avec coussin - Osaka - Kerama<\/title>\n<meta name=\"robots\" content=\"index, follow, max-snippet:-1, max-image-preview:large, max-video-preview:-1\" \/>\n<link rel=\"canonical\" href=\"https:\/\/keramamueblesdejardin.com\/fr\/diner-en-plein-air\/ensemble-table-et-chaises-de-jardin\/jardin-set-6-places-anthracite-table-ronde-et-6-chaises-avec-coussin-osaka\/\" \/>\n<meta property=\"og:locale\" content=\"fr_FR\" \/>\n<meta property=\"og:type\" content=\"article\" \/>\n<meta property=\"og:title\" content=\"Ensemble de jardin Table ronde anthracite 6 places et 6 chaises avec coussin - Osaka - Kerama\" \/>\n<meta property=\"og:description\" content=\"Table ronde avec cadre en aluminium et plateau en simili bois  Chaises en aluminium anthracite avec accoudoirsacoirs et coussins en bois imitation  Aucun entretien requis\" \/>\n<meta property=\"og:url\" content=\"https:\/\/keramamueblesdejardin.com\/fr\/diner-en-plein-air\/ensemble-table-et-chaises-de-jardin\/jardin-set-6-places-anthracite-table-ronde-et-6-chaises-avec-coussin-osaka\/\" \/>\n<meta property=\"og:site_name\" content=\"Kerama\" \/>\n<meta property=\"article:publisher\" content=\"https:\/\/www.facebook.com\/Kerama-Muebles-de-Jard%c3%adn-106209328312568\/\" \/>\n<meta property=\"article:modified_time\" content=\"2024-10-21T11:15:00+00:00\" \/>\n<meta property=\"og:image\" content=\"https:\/\/keramamueblesdejardin.com\/wp-content\/uploads\/2023\/04\/osaka-6-antracita-cojin.jpg\" \/>\n\t<meta property=\"og:image:width\" content=\"1200\" \/>\n\t<meta property=\"og:image:height\" content=\"1200\" \/>\n\t<meta property=\"og:image:type\" content=\"image\/jpeg\" \/>\n<meta name=\"twitter:card\" content=\"summary_large_image\" \/>\n<meta name=\"twitter:label1\" content=\"Dur\u00e9e de lecture estim\u00e9e\" \/>\n\t<meta name=\"twitter:data1\" content=\"1 minute\" \/>\n<script type=\"application\/ld+json\" class=\"yoast-schema-graph\">{\"@context\":\"https:\\\/\\\/schema.org\",\"@graph\":[{\"@type\":\"WebPage\",\"@id\":\"https:\\\/\\\/keramamueblesdejardin.com\\\/fr\\\/diner-en-plein-air\\\/ensemble-table-et-chaises-de-jardin\\\/jardin-set-6-places-anthracite-table-ronde-et-6-chaises-avec-coussin-osaka\\\/\",\"url\":\"https:\\\/\\\/keramamueblesdejardin.com\\\/fr\\\/diner-en-plein-air\\\/ensemble-table-et-chaises-de-jardin\\\/jardin-set-6-places-anthracite-table-ronde-et-6-chaises-avec-coussin-osaka\\\/\",\"name\":\"Ensemble de jardin Table ronde anthracite 6 places et 6 chaises avec coussin - Osaka - Kerama\",\"isPartOf\":{\"@id\":\"https:\\\/\\\/keramamueblesdejardin.com\\\/fr\\\/#website\"},\"primaryImageOfPage\":{\"@id\":\"https:\\\/\\\/keramamueblesdejardin.com\\\/fr\\\/diner-en-plein-air\\\/ensemble-table-et-chaises-de-jardin\\\/jardin-set-6-places-anthracite-table-ronde-et-6-chaises-avec-coussin-osaka\\\/#primaryimage\"},\"image\":{\"@id\":\"https:\\\/\\\/keramamueblesdejardin.com\\\/fr\\\/diner-en-plein-air\\\/ensemble-table-et-chaises-de-jardin\\\/jardin-set-6-places-anthracite-table-ronde-et-6-chaises-avec-coussin-osaka\\\/#primaryimage\"},\"thumbnailUrl\":\"https:\\\/\\\/keramamueblesdejardin.com\\\/wp-content\\\/uploads\\\/2023\\\/04\\\/osaka-6-antracita-cojin.jpg\",\"datePublished\":\"2023-04-12T14:47:43+00:00\",\"dateModified\":\"2024-10-21T11:15:00+00:00\",\"breadcrumb\":{\"@id\":\"https:\\\/\\\/keramamueblesdejardin.com\\\/fr\\\/diner-en-plein-air\\\/ensemble-table-et-chaises-de-jardin\\\/jardin-set-6-places-anthracite-table-ronde-et-6-chaises-avec-coussin-osaka\\\/#breadcrumb\"},\"inLanguage\":\"fr-FR\",\"potentialAction\":[{\"@type\":\"ReadAction\",\"target\":[\"https:\\\/\\\/keramamueblesdejardin.com\\\/fr\\\/diner-en-plein-air\\\/ensemble-table-et-chaises-de-jardin\\\/jardin-set-6-places-anthracite-table-ronde-et-6-chaises-avec-coussin-osaka\\\/\"]}]},{\"@type\":\"ImageObject\",\"inLanguage\":\"fr-FR\",\"@id\":\"https:\\\/\\\/keramamueblesdejardin.com\\\/fr\\\/diner-en-plein-air\\\/ensemble-table-et-chaises-de-jardin\\\/jardin-set-6-places-anthracite-table-ronde-et-6-chaises-avec-coussin-osaka\\\/#primaryimage\",\"url\":\"https:\\\/\\\/keramamueblesdejardin.com\\\/wp-content\\\/uploads\\\/2023\\\/04\\\/osaka-6-antracita-cojin.jpg\",\"contentUrl\":\"https:\\\/\\\/keramamueblesdejardin.com\\\/wp-content\\\/uploads\\\/2023\\\/04\\\/osaka-6-antracita-cojin.jpg\",\"width\":1200,\"height\":1200},{\"@type\":\"BreadcrumbList\",\"@id\":\"https:\\\/\\\/keramamueblesdejardin.com\\\/fr\\\/diner-en-plein-air\\\/ensemble-table-et-chaises-de-jardin\\\/jardin-set-6-places-anthracite-table-ronde-et-6-chaises-avec-coussin-osaka\\\/#breadcrumb\",\"itemListElement\":[{\"@type\":\"ListItem\",\"position\":1,\"name\":\"Home\",\"item\":\"https:\\\/\\\/keramamueblesdejardin.com\\\/fr\\\/\"},{\"@type\":\"ListItem\",\"position\":2,\"name\":\"Boutique\",\"item\":\"https:\\\/\\\/keramamueblesdejardin.com\\\/tienda\\\/\"},{\"@type\":\"ListItem\",\"position\":3,\"name\":\"D\u00eener en plein air\",\"item\":\"https:\\\/\\\/keramamueblesdejardin.com\\\/fr\\\/diner-en-plein-air\\\/\"},{\"@type\":\"ListItem\",\"position\":4,\"name\":\"Ensemble table et chaises de jardin\",\"item\":\"https:\\\/\\\/keramamueblesdejardin.com\\\/fr\\\/diner-en-plein-air\\\/ensemble-table-et-chaises-de-jardin\\\/\"},{\"@type\":\"ListItem\",\"position\":5,\"name\":\"Ensemble de jardin Table ronde anthracite 6 places et 6 chaises avec coussin &#8211; Osaka\"}]},{\"@type\":\"WebSite\",\"@id\":\"https:\\\/\\\/keramamueblesdejardin.com\\\/fr\\\/#website\",\"url\":\"https:\\\/\\\/keramamueblesdejardin.com\\\/fr\\\/\",\"name\":\"Kerama\",\"description\":\"muebles de jard\u00edn\",\"publisher\":{\"@id\":\"https:\\\/\\\/keramamueblesdejardin.com\\\/fr\\\/#organization\"},\"potentialAction\":[{\"@type\":\"SearchAction\",\"target\":{\"@type\":\"EntryPoint\",\"urlTemplate\":\"https:\\\/\\\/keramamueblesdejardin.com\\\/fr\\\/?s={search_term_string}\"},\"query-input\":{\"@type\":\"PropertyValueSpecification\",\"valueRequired\":true,\"valueName\":\"search_term_string\"}}],\"inLanguage\":\"fr-FR\"},{\"@type\":\"Organization\",\"@id\":\"https:\\\/\\\/keramamueblesdejardin.com\\\/fr\\\/#organization\",\"name\":\"kerama\",\"url\":\"https:\\\/\\\/keramamueblesdejardin.com\\\/fr\\\/\",\"logo\":{\"@type\":\"ImageObject\",\"inLanguage\":\"fr-FR\",\"@id\":\"https:\\\/\\\/keramamueblesdejardin.com\\\/fr\\\/#\\\/schema\\\/logo\\\/image\\\/\",\"url\":\"https:\\\/\\\/keramamueblesdejardin.com\\\/wp-content\\\/uploads\\\/2020\\\/12\\\/k.-scaled.jpg\",\"contentUrl\":\"https:\\\/\\\/keramamueblesdejardin.com\\\/wp-content\\\/uploads\\\/2020\\\/12\\\/k.-scaled.jpg\",\"width\":2560,\"height\":551,\"caption\":\"kerama\"},\"image\":{\"@id\":\"https:\\\/\\\/keramamueblesdejardin.com\\\/fr\\\/#\\\/schema\\\/logo\\\/image\\\/\"},\"sameAs\":[\"https:\\\/\\\/www.facebook.com\\\/Kerama-Muebles-de-Jard\u00edn-106209328312568\\\/\"]}]}<\/script>\n<!-- \/ Yoast SEO plugin. -->","yoast_head_json":{"title":"Ensemble de jardin Table ronde anthracite 6 places et 6 chaises avec coussin - Osaka - Kerama","robots":{"index":"index","follow":"follow","max-snippet":"max-snippet:-1","max-image-preview":"max-image-preview:large","max-video-preview":"max-video-preview:-1"},"canonical":"https:\/\/keramamueblesdejardin.com\/fr\/diner-en-plein-air\/ensemble-table-et-chaises-de-jardin\/jardin-set-6-places-anthracite-table-ronde-et-6-chaises-avec-coussin-osaka\/","og_locale":"fr_FR","og_type":"article","og_title":"Ensemble de jardin Table ronde anthracite 6 places et 6 chaises avec coussin - Osaka - Kerama","og_description":"Table ronde avec cadre en aluminium et plateau en simili bois  Chaises en aluminium anthracite avec accoudoirsacoirs et coussins en bois imitation  Aucun entretien requis","og_url":"https:\/\/keramamueblesdejardin.com\/fr\/diner-en-plein-air\/ensemble-table-et-chaises-de-jardin\/jardin-set-6-places-anthracite-table-ronde-et-6-chaises-avec-coussin-osaka\/","og_site_name":"Kerama","article_publisher":"https:\/\/www.facebook.com\/Kerama-Muebles-de-Jard%c3%adn-106209328312568\/","article_modified_time":"2024-10-21T11:15:00+00:00","og_image":[{"width":1200,"height":1200,"url":"https:\/\/keramamueblesdejardin.com\/wp-content\/uploads\/2023\/04\/osaka-6-antracita-cojin.jpg","type":"image\/jpeg"}],"twitter_card":"summary_large_image","twitter_misc":{"Dur\u00e9e de lecture estim\u00e9e":"1 minute"},"schema":{"@context":"https:\/\/schema.org","@graph":[{"@type":"WebPage","@id":"https:\/\/keramamueblesdejardin.com\/fr\/diner-en-plein-air\/ensemble-table-et-chaises-de-jardin\/jardin-set-6-places-anthracite-table-ronde-et-6-chaises-avec-coussin-osaka\/","url":"https:\/\/keramamueblesdejardin.com\/fr\/diner-en-plein-air\/ensemble-table-et-chaises-de-jardin\/jardin-set-6-places-anthracite-table-ronde-et-6-chaises-avec-coussin-osaka\/","name":"Ensemble de jardin Table ronde anthracite 6 places et 6 chaises avec coussin - Osaka - Kerama","isPartOf":{"@id":"https:\/\/keramamueblesdejardin.com\/fr\/#website"},"primaryImageOfPage":{"@id":"https:\/\/keramamueblesdejardin.com\/fr\/diner-en-plein-air\/ensemble-table-et-chaises-de-jardin\/jardin-set-6-places-anthracite-table-ronde-et-6-chaises-avec-coussin-osaka\/#primaryimage"},"image":{"@id":"https:\/\/keramamueblesdejardin.com\/fr\/diner-en-plein-air\/ensemble-table-et-chaises-de-jardin\/jardin-set-6-places-anthracite-table-ronde-et-6-chaises-avec-coussin-osaka\/#primaryimage"},"thumbnailUrl":"https:\/\/keramamueblesdejardin.com\/wp-content\/uploads\/2023\/04\/osaka-6-antracita-cojin.jpg","datePublished":"2023-04-12T14:47:43+00:00","dateModified":"2024-10-21T11:15:00+00:00","breadcrumb":{"@id":"https:\/\/keramamueblesdejardin.com\/fr\/diner-en-plein-air\/ensemble-table-et-chaises-de-jardin\/jardin-set-6-places-anthracite-table-ronde-et-6-chaises-avec-coussin-osaka\/#breadcrumb"},"inLanguage":"fr-FR","potentialAction":[{"@type":"ReadAction","target":["https:\/\/keramamueblesdejardin.com\/fr\/diner-en-plein-air\/ensemble-table-et-chaises-de-jardin\/jardin-set-6-places-anthracite-table-ronde-et-6-chaises-avec-coussin-osaka\/"]}]},{"@type":"ImageObject","inLanguage":"fr-FR","@id":"https:\/\/keramamueblesdejardin.com\/fr\/diner-en-plein-air\/ensemble-table-et-chaises-de-jardin\/jardin-set-6-places-anthracite-table-ronde-et-6-chaises-avec-coussin-osaka\/#primaryimage","url":"https:\/\/keramamueblesdejardin.com\/wp-content\/uploads\/2023\/04\/osaka-6-antracita-cojin.jpg","contentUrl":"https:\/\/keramamueblesdejardin.com\/wp-content\/uploads\/2023\/04\/osaka-6-antracita-cojin.jpg","width":1200,"height":1200},{"@type":"BreadcrumbList","@id":"https:\/\/keramamueblesdejardin.com\/fr\/diner-en-plein-air\/ensemble-table-et-chaises-de-jardin\/jardin-set-6-places-anthracite-table-ronde-et-6-chaises-avec-coussin-osaka\/#breadcrumb","itemListElement":[{"@type":"ListItem","position":1,"name":"Home","item":"https:\/\/keramamueblesdejardin.com\/fr\/"},{"@type":"ListItem","position":2,"name":"Boutique","item":"https:\/\/keramamueblesdejardin.com\/tienda\/"},{"@type":"ListItem","position":3,"name":"D\u00eener en plein air","item":"https:\/\/keramamueblesdejardin.com\/fr\/diner-en-plein-air\/"},{"@type":"ListItem","position":4,"name":"Ensemble table et chaises de jardin","item":"https:\/\/keramamueblesdejardin.com\/fr\/diner-en-plein-air\/ensemble-table-et-chaises-de-jardin\/"},{"@type":"ListItem","position":5,"name":"Ensemble de jardin Table ronde anthracite 6 places et 6 chaises avec coussin &#8211; Osaka"}]},{"@type":"WebSite","@id":"https:\/\/keramamueblesdejardin.com\/fr\/#website","url":"https:\/\/keramamueblesdejardin.com\/fr\/","name":"Kerama","description":"muebles de jard\u00edn","publisher":{"@id":"https:\/\/keramamueblesdejardin.com\/fr\/#organization"},"potentialAction":[{"@type":"SearchAction","target":{"@type":"EntryPoint","urlTemplate":"https:\/\/keramamueblesdejardin.com\/fr\/?s={search_term_string}"},"query-input":{"@type":"PropertyValueSpecification","valueRequired":true,"valueName":"search_term_string"}}],"inLanguage":"fr-FR"},{"@type":"Organization","@id":"https:\/\/keramamueblesdejardin.com\/fr\/#organization","name":"kerama","url":"https:\/\/keramamueblesdejardin.com\/fr\/","logo":{"@type":"ImageObject","inLanguage":"fr-FR","@id":"https:\/\/keramamueblesdejardin.com\/fr\/#\/schema\/logo\/image\/","url":"https:\/\/keramamueblesdejardin.com\/wp-content\/uploads\/2020\/12\/k.-scaled.jpg","contentUrl":"https:\/\/keramamueblesdejardin.com\/wp-content\/uploads\/2020\/12\/k.-scaled.jpg","width":2560,"height":551,"caption":"kerama"},"image":{"@id":"https:\/\/keramamueblesdejardin.com\/fr\/#\/schema\/logo\/image\/"},"sameAs":["https:\/\/www.facebook.com\/Kerama-Muebles-de-Jard\u00edn-106209328312568\/"]}]}},"df_price":1339,"df_sale_price":1339,"df_regular_price":1645,"df_image_link":"https:\/\/keramamueblesdejardin.com\/wp-content\/uploads\/2023\/04\/osaka-6-antracita-cojin-300x300.jpg","custom_tabs":[{"title":"MESURES","id":"mesures","content":"<div class=\"list\">Hauteur : Chaise 87 cm \/ Table 75 cm<br style=\"color: #282828;\" \/><strong style=\"font-weight: bold; color: #282828;\">Largeur:<\/strong><span style=\"color: #282828;\"> Chaise 56,5 cm \/ Table 140 cm<\/span><br style=\"color: #282828;\" \/><strong style=\"font-weight: bold; color: #282828;\">Profondeur:<\/strong><span style=\"color: #282828;\"> Chaise 54cm \/ Table 140 cm<\/span><br style=\"color: #282828;\" \/><strong style=\"font-weight: bold; color: #282828;\">Hauteur d\u2019assise:<\/strong><span style=\"color: #282828;\"> 50<\/span><br style=\"color: #282828;\" \/>Profondeur de l'assise : 50 cm<\/div>"},{"title":"D\u00c9BALLAGE ET MONTAGE","id":"deballage-et-montage","content":"<div class=\"list\"><strong style=\"font-weight: bold; color: #282828;\">Recommandations pour le d\u00e9ballage :<\/strong><span style=\"color: #282828;\"> N'utilisez pas d'outils tranchants lors du d\u00e9ballage du meuble, car cela pourrait l'endommager.<\/span><br style=\"color: #282828;\" \/><strong style=\"font-weight: bold; color: #282828;\">Montage requis (O\/N) :<\/strong><span style=\"color: #282828;\"> Oui<\/span><br style=\"color: #282828;\" \/><strong style=\"font-weight: bold; color: #282828;\">Difficult\u00e9 de montage :<\/strong><span style=\"color: #282828;\"> Faible<\/span><br style=\"color: #282828;\" \/><strong style=\"font-weight: bold; color: #282828;\">Temps de montage :<\/strong><span style=\"color: #282828;\"> 30 minutes<\/span><br style=\"color: #282828;\" \/><strong style=\"font-weight: bold; color: #282828;\">Personnes recommand\u00e9es pour le montage :<\/strong><span style=\"color: #282828;\"> 2<\/span><br style=\"color: #282828;\" \/><strong style=\"font-weight: bold; color: #282828;\">Suggestions de montage :<\/strong><span style=\"color: #282828;\"> Pr\u00e9parez une zone de montage propre et s\u00e8che, v\u00e9rifiez qu'aucune des pi\u00e8ces \u00e9num\u00e9r\u00e9es dans le manuel ne manque. Nous recommandons l'utilisation de gants appropri\u00e9s pour le montage. N'utilisez que les pi\u00e8ces et les raccords fournis. Nous ne recommandons PAS l'option d'achat avec montage pour cet article car la difficult\u00e9 de montage est tr\u00e8s faible.<\/span><\/div>"},{"title":"ENTRETIEN ET GARANTIES","id":"entretien-et-garanties","content":"<strong>Recommandations g\u00e9n\u00e9rales :<\/strong>\r\n- Les d\u00e9faillances ou les dommages caus\u00e9s par les \u00e9l\u00e9ments suivants sont exclus de la garantie :\r\n- Les causes accidentelles telles que chutes, coups, d\u00e9versement de liquides, introduction de corps \u00e9trangers, ainsi que toute autre force majeure.\r\n\u2022 Utilisation n\u00e9gligente, inappropri\u00e9e ou non domestique, ne respectant pas les instructions d\u2019utilisation.\r\n- Dommages, corrosion et\/ou oxydation acc\u00e9l\u00e9r\u00e9s par des conditions environnementales d\u00e9favorables.\r\n- Taches et d\u00e9coloration dues au non-respect de nos instructions de nettoyage.\r\n- Dommages survenus lors du montage et de la manipulation sans respecter les instructions de montage.\r\n\r\n<strong>Instructions d'utilisation et d'entretien :<\/strong>\r\n\u2022 Les jours ensoleill\u00e9s, utilisez un rev\u00eatement de table, en particulier avec des verres, des verres et des r\u00e9cipients en verre, car il amplifie la temp\u00e9rature du soleil et peut faire fondre le polystyr\u00e8ne. \u00c9vitez tout type de couverture qui peut g\u00e9n\u00e9rer le m\u00eame effet.\r\n- Essuyez doucement avec un chiffon ou utilisez un savon liquide neutre, puis rincez abondamment \u00e0 l'eau.\r\n- Enlevez r\u00e9guli\u00e8rement la poussi\u00e8re avec un chiffon doux et de l'eau claire.\r\n- N'utilisez pas de d\u00e9tergents ou de produits abrasifs pour le nettoyage.\r\n\u2022 Apr\u00e8s la pluie, s\u00e9chez la table avec un chiffon propre pour \u00e9viter les taches\r\n\u2022 Prot\u00e9ger avec une nappe ou une housse de protection respirante\r\n<strong>Ann\u00e9es de garantie :<\/strong> 3 ans\r\n<strong>Fabriqu\u00e9 conform\u00e9ment \u00e0 la norme :<\/strong> 581-1,581-2,581-3"}],"_links":{"self":[{"href":"https:\/\/keramamueblesdejardin.com\/fr\/wp-json\/wp\/v2\/product\/84969","targetHints":{"allow":["GET"]}}],"collection":[{"href":"https:\/\/keramamueblesdejardin.com\/fr\/wp-json\/wp\/v2\/product"}],"about":[{"href":"https:\/\/keramamueblesdejardin.com\/fr\/wp-json\/wp\/v2\/types\/product"}],"replies":[{"embeddable":true,"href":"https:\/\/keramamueblesdejardin.com\/fr\/wp-json\/wp\/v2\/comments?post=84969"}],"wp:featuredmedia":[{"embeddable":true,"href":"https:\/\/keramamueblesdejardin.com\/fr\/wp-json\/wp\/v2\/media\/83587"}],"wp:attachment":[{"href":"https:\/\/keramamueblesdejardin.com\/fr\/wp-json\/wp\/v2\/media?parent=84969"}],"wp:term":[{"taxonomy":"product_brand","embeddable":true,"href":"https:\/\/keramamueblesdejardin.com\/fr\/wp-json\/wp\/v2\/product_brand?post=84969"},{"taxonomy":"product_cat","embeddable":true,"href":"https:\/\/keramamueblesdejardin.com\/fr\/wp-json\/wp\/v2\/product_cat?post=84969"},{"taxonomy":"product_tag","embeddable":true,"href":"https:\/\/keramamueblesdejardin.com\/fr\/wp-json\/wp\/v2\/product_tag?post=84969"}],"curies":[{"name":"wp","href":"https:\/\/api.w.org\/{rel}","templated":true}]}}