{"id":78055,"date":"2022-06-02T09:38:18","date_gmt":"2022-06-02T07:38:18","guid":{"rendered":"https:\/\/keramamueblesdejardin.com\/non%20class\u00e9\/coussin-exterieur-pour-banc-botanic\/"},"modified":"2023-08-30T09:41:39","modified_gmt":"2023-08-30T07:41:39","slug":"hors-coussin-pour-banc-botanique","status":"publish","type":"product","link":"https:\/\/keramamueblesdejardin.com\/fr\/non class\u00e9\/hors-coussin-pour-banc-botanique\/","title":{"rendered":"Coussin ext\u00e9rieur pour banc &#8211; Botanic"},"content":{"rendered":"<p>Coussin ext\u00e9rieur pour banc de 142 x 49 x 6 cm en coton de 220 g et rempli de mousse de polyur\u00e9thane. Couleur \u00e9cru. Amovible.<\/p>\n","protected":false},"excerpt":{"rendered":"<ul>\n<li style=\"list-style-type: none;\">\n<ul>n<\/p>\n<li>Coussin ext\u00e9rieur pour banquette 142 x 49 x 6 cm<\/li>\n<\/ul>\n<\/li>\n<\/ul>\n<p>n<\/p>\n<ul>\n<li style=\"list-style-type: none;\">\n<ul>\n<li>Fabriqu\u00e9 en coton 220 g<\/li>\n<\/ul>\n<\/li>\n<\/ul>\n<p>n<\/p>\n<ul>\n<li style=\"list-style-type: none;\">\n<ul>\n<li>Rembourrage en mousse de polyur\u00e9thane<\/li>\n<\/ul>\n<\/li>\n<\/ul>\n<p>n<\/p>\n<ul>\n<li style=\"list-style-type: none;\">\n<ul>\n<li>Housse amovible \u00e9cru<\/li>\n<\/ul>\n<\/li>\n<\/ul>\n<p>n<\/p>\n","protected":false},"featured_media":78558,"comment_status":"closed","ping_status":"open","template":"","meta":{"_acf_changed":false},"product_brand":[],"product_cat":[],"product_tag":[],"class_list":{"0":"post-78055","1":"product","2":"type-product","3":"status-publish","4":"has-post-thumbnail","7":"first","8":"outofstock","9":"sale","10":"purchasable","11":"product-type-simple","12":"add-to-wishlist-before_image"},"acf":[],"yoast_head":"<!-- This site is optimized with the Yoast SEO plugin v27.4 - https:\/\/yoast.com\/product\/yoast-seo-wordpress\/ -->\n<title>Coussin ext\u00e9rieur pour banc - Botanic - Kerama<\/title>\n<meta name=\"robots\" content=\"index, follow, max-snippet:-1, max-image-preview:large, max-video-preview:-1\" \/>\n<link rel=\"canonical\" href=\"https:\/\/keramamueblesdejardin.com\/fr\/non%20class\u00e9\/hors-coussin-pour-banc-botanique\/\" \/>\n<meta property=\"og:locale\" content=\"fr_FR\" \/>\n<meta property=\"og:type\" content=\"article\" \/>\n<meta property=\"og:title\" content=\"Coussin ext\u00e9rieur pour banc - Botanic - Kerama\" \/>\n<meta property=\"og:description\" content=\"n  Coussin ext\u00e9rieur pour banquette 142 x 49 x 6 cm  n    Fabriqu\u00e9 en coton 220 g  n    Rembourrage en mousse de polyur\u00e9thane  n    Housse amovible \u00e9cru  n\" \/>\n<meta property=\"og:url\" content=\"https:\/\/keramamueblesdejardin.com\/fr\/non class\u00e9\/hors-coussin-pour-banc-botanique\/\" \/>\n<meta property=\"og:site_name\" content=\"Kerama\" \/>\n<meta property=\"article:publisher\" content=\"https:\/\/www.facebook.com\/Kerama-Muebles-de-Jard%c3%adn-106209328312568\/\" \/>\n<meta property=\"article:modified_time\" content=\"2023-08-30T07:41:39+00:00\" \/>\n<meta property=\"og:image\" content=\"https:\/\/keramamueblesdejardin.com\/wp-content\/uploads\/2022\/06\/MG_6569-reco-scaled.jpg\" \/>\n\t<meta property=\"og:image:width\" content=\"2560\" \/>\n\t<meta property=\"og:image:height\" content=\"1039\" \/>\n\t<meta property=\"og:image:type\" content=\"image\/jpeg\" \/>\n<meta name=\"twitter:card\" content=\"summary_large_image\" \/>\n<script type=\"application\/ld+json\" class=\"yoast-schema-graph\">{\"@context\":\"https:\\\/\\\/schema.org\",\"@graph\":[{\"@type\":\"WebPage\",\"@id\":\"https:\\\/\\\/keramamueblesdejardin.com\\\/fr\\\/non class\u00e9\\\/hors-coussin-pour-banc-botanique\\\/\",\"url\":\"https:\\\/\\\/keramamueblesdejardin.com\\\/fr\\\/non class\u00e9\\\/hors-coussin-pour-banc-botanique\\\/\",\"name\":\"Coussin ext\u00e9rieur pour banc - Botanic - Kerama\",\"isPartOf\":{\"@id\":\"https:\\\/\\\/keramamueblesdejardin.com\\\/fr\\\/#website\"},\"primaryImageOfPage\":{\"@id\":\"https:\\\/\\\/keramamueblesdejardin.com\\\/fr\\\/non class\u00e9\\\/hors-coussin-pour-banc-botanique\\\/#primaryimage\"},\"image\":{\"@id\":\"https:\\\/\\\/keramamueblesdejardin.com\\\/fr\\\/non class\u00e9\\\/hors-coussin-pour-banc-botanique\\\/#primaryimage\"},\"thumbnailUrl\":\"https:\\\/\\\/keramamueblesdejardin.com\\\/wp-content\\\/uploads\\\/2022\\\/06\\\/MG_6569-reco-scaled.jpg\",\"datePublished\":\"2022-06-02T07:38:18+00:00\",\"dateModified\":\"2023-08-30T07:41:39+00:00\",\"breadcrumb\":{\"@id\":\"https:\\\/\\\/keramamueblesdejardin.com\\\/fr\\\/non class\u00e9\\\/hors-coussin-pour-banc-botanique\\\/#breadcrumb\"},\"inLanguage\":\"fr-FR\",\"potentialAction\":[{\"@type\":\"ReadAction\",\"target\":[\"https:\\\/\\\/keramamueblesdejardin.com\\\/fr\\\/non class\u00e9\\\/hors-coussin-pour-banc-botanique\\\/\"]}]},{\"@type\":\"ImageObject\",\"inLanguage\":\"fr-FR\",\"@id\":\"https:\\\/\\\/keramamueblesdejardin.com\\\/fr\\\/non class\u00e9\\\/hors-coussin-pour-banc-botanique\\\/#primaryimage\",\"url\":\"https:\\\/\\\/keramamueblesdejardin.com\\\/wp-content\\\/uploads\\\/2022\\\/06\\\/MG_6569-reco-scaled.jpg\",\"contentUrl\":\"https:\\\/\\\/keramamueblesdejardin.com\\\/wp-content\\\/uploads\\\/2022\\\/06\\\/MG_6569-reco-scaled.jpg\",\"width\":2560,\"height\":1039},{\"@type\":\"BreadcrumbList\",\"@id\":\"https:\\\/\\\/keramamueblesdejardin.com\\\/fr\\\/non class\u00e9\\\/hors-coussin-pour-banc-botanique\\\/#breadcrumb\",\"itemListElement\":[{\"@type\":\"ListItem\",\"position\":1,\"name\":\"Home\",\"item\":\"https:\\\/\\\/keramamueblesdejardin.com\\\/fr\\\/\"},{\"@type\":\"ListItem\",\"position\":2,\"name\":\"Boutique\",\"item\":\"https:\\\/\\\/keramamueblesdejardin.com\\\/tienda\\\/\"},{\"@type\":\"ListItem\",\"position\":3,\"name\":\"Accessoires d'ext\u00e9rieur\",\"item\":\"https:\\\/\\\/keramamueblesdejardin.com\\\/fr\\\/accessoires-dexterieur\\\/\"},{\"@type\":\"ListItem\",\"position\":4,\"name\":\"Coussins d'ext\u00e9rieur\",\"item\":\"https:\\\/\\\/keramamueblesdejardin.com\\\/fr\\\/accessoires-dexterieur\\\/coussins-dexterieur\\\/\"},{\"@type\":\"ListItem\",\"position\":5,\"name\":\"Coussin ext\u00e9rieur pour banc &#8211; Botanic\"}]},{\"@type\":\"WebSite\",\"@id\":\"https:\\\/\\\/keramamueblesdejardin.com\\\/fr\\\/#website\",\"url\":\"https:\\\/\\\/keramamueblesdejardin.com\\\/fr\\\/\",\"name\":\"Kerama\",\"description\":\"muebles de jard\u00edn\",\"publisher\":{\"@id\":\"https:\\\/\\\/keramamueblesdejardin.com\\\/fr\\\/#organization\"},\"potentialAction\":[{\"@type\":\"SearchAction\",\"target\":{\"@type\":\"EntryPoint\",\"urlTemplate\":\"https:\\\/\\\/keramamueblesdejardin.com\\\/fr\\\/?s={search_term_string}\"},\"query-input\":{\"@type\":\"PropertyValueSpecification\",\"valueRequired\":true,\"valueName\":\"search_term_string\"}}],\"inLanguage\":\"fr-FR\"},{\"@type\":\"Organization\",\"@id\":\"https:\\\/\\\/keramamueblesdejardin.com\\\/fr\\\/#organization\",\"name\":\"kerama\",\"url\":\"https:\\\/\\\/keramamueblesdejardin.com\\\/fr\\\/\",\"logo\":{\"@type\":\"ImageObject\",\"inLanguage\":\"fr-FR\",\"@id\":\"https:\\\/\\\/keramamueblesdejardin.com\\\/fr\\\/#\\\/schema\\\/logo\\\/image\\\/\",\"url\":\"https:\\\/\\\/keramamueblesdejardin.com\\\/wp-content\\\/uploads\\\/2020\\\/12\\\/k.-scaled.jpg\",\"contentUrl\":\"https:\\\/\\\/keramamueblesdejardin.com\\\/wp-content\\\/uploads\\\/2020\\\/12\\\/k.-scaled.jpg\",\"width\":2560,\"height\":551,\"caption\":\"kerama\"},\"image\":{\"@id\":\"https:\\\/\\\/keramamueblesdejardin.com\\\/fr\\\/#\\\/schema\\\/logo\\\/image\\\/\"},\"sameAs\":[\"https:\\\/\\\/www.facebook.com\\\/Kerama-Muebles-de-Jard\u00edn-106209328312568\\\/\"]}]}<\/script>\n<!-- \/ Yoast SEO plugin. -->","yoast_head_json":{"title":"Coussin ext\u00e9rieur pour banc - Botanic - Kerama","robots":{"index":"index","follow":"follow","max-snippet":"max-snippet:-1","max-image-preview":"max-image-preview:large","max-video-preview":"max-video-preview:-1"},"canonical":"https:\/\/keramamueblesdejardin.com\/fr\/non class\u00e9\/hors-coussin-pour-banc-botanique\/","og_locale":"fr_FR","og_type":"article","og_title":"Coussin ext\u00e9rieur pour banc - Botanic - Kerama","og_description":"n  Coussin ext\u00e9rieur pour banquette 142 x 49 x 6 cm  n    Fabriqu\u00e9 en coton 220 g  n    Rembourrage en mousse de polyur\u00e9thane  n    Housse amovible \u00e9cru  n","og_url":"https:\/\/keramamueblesdejardin.com\/fr\/non class\u00e9\/hors-coussin-pour-banc-botanique\/","og_site_name":"Kerama","article_publisher":"https:\/\/www.facebook.com\/Kerama-Muebles-de-Jard%c3%adn-106209328312568\/","article_modified_time":"2023-08-30T07:41:39+00:00","og_image":[{"width":2560,"height":1039,"url":"https:\/\/keramamueblesdejardin.com\/wp-content\/uploads\/2022\/06\/MG_6569-reco-scaled.jpg","type":"image\/jpeg"}],"twitter_card":"summary_large_image","schema":{"@context":"https:\/\/schema.org","@graph":[{"@type":"WebPage","@id":"https:\/\/keramamueblesdejardin.com\/fr\/non class\u00e9\/hors-coussin-pour-banc-botanique\/","url":"https:\/\/keramamueblesdejardin.com\/fr\/non class\u00e9\/hors-coussin-pour-banc-botanique\/","name":"Coussin ext\u00e9rieur pour banc - Botanic - Kerama","isPartOf":{"@id":"https:\/\/keramamueblesdejardin.com\/fr\/#website"},"primaryImageOfPage":{"@id":"https:\/\/keramamueblesdejardin.com\/fr\/non class\u00e9\/hors-coussin-pour-banc-botanique\/#primaryimage"},"image":{"@id":"https:\/\/keramamueblesdejardin.com\/fr\/non class\u00e9\/hors-coussin-pour-banc-botanique\/#primaryimage"},"thumbnailUrl":"https:\/\/keramamueblesdejardin.com\/wp-content\/uploads\/2022\/06\/MG_6569-reco-scaled.jpg","datePublished":"2022-06-02T07:38:18+00:00","dateModified":"2023-08-30T07:41:39+00:00","breadcrumb":{"@id":"https:\/\/keramamueblesdejardin.com\/fr\/non class\u00e9\/hors-coussin-pour-banc-botanique\/#breadcrumb"},"inLanguage":"fr-FR","potentialAction":[{"@type":"ReadAction","target":["https:\/\/keramamueblesdejardin.com\/fr\/non class\u00e9\/hors-coussin-pour-banc-botanique\/"]}]},{"@type":"ImageObject","inLanguage":"fr-FR","@id":"https:\/\/keramamueblesdejardin.com\/fr\/non class\u00e9\/hors-coussin-pour-banc-botanique\/#primaryimage","url":"https:\/\/keramamueblesdejardin.com\/wp-content\/uploads\/2022\/06\/MG_6569-reco-scaled.jpg","contentUrl":"https:\/\/keramamueblesdejardin.com\/wp-content\/uploads\/2022\/06\/MG_6569-reco-scaled.jpg","width":2560,"height":1039},{"@type":"BreadcrumbList","@id":"https:\/\/keramamueblesdejardin.com\/fr\/non class\u00e9\/hors-coussin-pour-banc-botanique\/#breadcrumb","itemListElement":[{"@type":"ListItem","position":1,"name":"Home","item":"https:\/\/keramamueblesdejardin.com\/fr\/"},{"@type":"ListItem","position":2,"name":"Boutique","item":"https:\/\/keramamueblesdejardin.com\/tienda\/"},{"@type":"ListItem","position":3,"name":"Accessoires d'ext\u00e9rieur","item":"https:\/\/keramamueblesdejardin.com\/fr\/accessoires-dexterieur\/"},{"@type":"ListItem","position":4,"name":"Coussins d'ext\u00e9rieur","item":"https:\/\/keramamueblesdejardin.com\/fr\/accessoires-dexterieur\/coussins-dexterieur\/"},{"@type":"ListItem","position":5,"name":"Coussin ext\u00e9rieur pour banc &#8211; Botanic"}]},{"@type":"WebSite","@id":"https:\/\/keramamueblesdejardin.com\/fr\/#website","url":"https:\/\/keramamueblesdejardin.com\/fr\/","name":"Kerama","description":"muebles de jard\u00edn","publisher":{"@id":"https:\/\/keramamueblesdejardin.com\/fr\/#organization"},"potentialAction":[{"@type":"SearchAction","target":{"@type":"EntryPoint","urlTemplate":"https:\/\/keramamueblesdejardin.com\/fr\/?s={search_term_string}"},"query-input":{"@type":"PropertyValueSpecification","valueRequired":true,"valueName":"search_term_string"}}],"inLanguage":"fr-FR"},{"@type":"Organization","@id":"https:\/\/keramamueblesdejardin.com\/fr\/#organization","name":"kerama","url":"https:\/\/keramamueblesdejardin.com\/fr\/","logo":{"@type":"ImageObject","inLanguage":"fr-FR","@id":"https:\/\/keramamueblesdejardin.com\/fr\/#\/schema\/logo\/image\/","url":"https:\/\/keramamueblesdejardin.com\/wp-content\/uploads\/2020\/12\/k.-scaled.jpg","contentUrl":"https:\/\/keramamueblesdejardin.com\/wp-content\/uploads\/2020\/12\/k.-scaled.jpg","width":2560,"height":551,"caption":"kerama"},"image":{"@id":"https:\/\/keramamueblesdejardin.com\/fr\/#\/schema\/logo\/image\/"},"sameAs":["https:\/\/www.facebook.com\/Kerama-Muebles-de-Jard\u00edn-106209328312568\/"]}]}},"df_price":59,"df_sale_price":59,"df_regular_price":75,"df_image_link":"https:\/\/keramamueblesdejardin.com\/wp-content\/uploads\/2022\/06\/MG_6569-reco-300x122.jpg","custom_tabs":"","_links":{"self":[{"href":"https:\/\/keramamueblesdejardin.com\/fr\/wp-json\/wp\/v2\/product\/78055","targetHints":{"allow":["GET"]}}],"collection":[{"href":"https:\/\/keramamueblesdejardin.com\/fr\/wp-json\/wp\/v2\/product"}],"about":[{"href":"https:\/\/keramamueblesdejardin.com\/fr\/wp-json\/wp\/v2\/types\/product"}],"replies":[{"embeddable":true,"href":"https:\/\/keramamueblesdejardin.com\/fr\/wp-json\/wp\/v2\/comments?post=78055"}],"wp:featuredmedia":[{"embeddable":true,"href":"https:\/\/keramamueblesdejardin.com\/fr\/wp-json\/wp\/v2\/media\/78558"}],"wp:attachment":[{"href":"https:\/\/keramamueblesdejardin.com\/fr\/wp-json\/wp\/v2\/media?parent=78055"}],"wp:term":[{"taxonomy":"product_brand","embeddable":true,"href":"https:\/\/keramamueblesdejardin.com\/fr\/wp-json\/wp\/v2\/product_brand?post=78055"},{"taxonomy":"product_cat","embeddable":true,"href":"https:\/\/keramamueblesdejardin.com\/fr\/wp-json\/wp\/v2\/product_cat?post=78055"},{"taxonomy":"product_tag","embeddable":true,"href":"https:\/\/keramamueblesdejardin.com\/fr\/wp-json\/wp\/v2\/product_tag?post=78055"}],"curies":[{"name":"wp","href":"https:\/\/api.w.org\/{rel}","templated":true}]}}