{"id":64426,"date":"2022-03-09T13:26:40","date_gmt":"2022-03-09T12:26:40","guid":{"rendered":"https:\/\/keramamueblesdejardin.com\/non%20class\u00e9\/ensemble-table-et-chaises-de-jardin-6-places-bois-et-corde-riviera\/"},"modified":"2025-03-19T12:31:30","modified_gmt":"2025-03-19T11:31:30","slug":"table-de-jardin-et-fauteuils-set-6-seater-bois-et-ficelle-riviera","status":"publish","type":"product","link":"https:\/\/keramamueblesdejardin.com\/fr\/non class\u00e9\/table-de-jardin-et-fauteuils-set-6-seater-bois-et-ficelle-riviera\/","title":{"rendered":"Ensemble table et chaises de jardin 6 places bois et corde &#8211; Riviera"},"content":{"rendered":"<p><span style=\"font-weight: 400;\">L&rsquo;<strong>ensemble table et chaises de jardin ou de terrasse Riviera<\/strong> est fabriqu\u00e9 <strong>en bois d&rsquo;eucalyptus certifi\u00e9 FSC<\/strong>. Il provient de for\u00eats durables pour contribuer \u00e0 la pr\u00e9servation de l&rsquo;environnement.  <\/span><\/p>\n<p><span style=\"font-weight: 400;\">Cet ensemble se compose d&rsquo;une <strong>table de 170\u00d790 cm et de 6 chaises<\/strong> avec accoudoirs.  <strong>Les coussins ont des housses amovibles<\/strong> pour un lavage facile. Les tons de terre apportent<strong> tranquillit\u00e9 et confort \u00e0 la maison<\/strong>.<\/span><\/p>\n<p><span style=\"font-weight: 400;\">Vous pouvez <strong>combiner l&rsquo;ensemble avec d&rsquo;autres produits de la <a href=\"https:\/\/keramamueblesdejardin.com\/etiqueta\/riviera\/\" target=\"_blank\" rel=\"noopener\">gamme Riviera<\/a><\/strong>.<\/span><span style=\"font-weight: 400;\"> et le prot\u00e9ger avec une couverture de notre <\/span><a href=\"https:\/\/keramamueblesdejardin.com\/complementos-exterior\/fundas-muebles-jardin\/\" target=\"_blank\" rel=\"noopener\"><br \/>\n  <span style=\"font-weight: 400;\">gamme de jardin<\/span><br \/>\n<\/a><span style=\"font-weight: 400;\"> les meubles de jardin lorsqu&rsquo;ils ne sont pas utilis\u00e9s.<\/span><\/p>\n<p><span style=\"font-weight: 400;\">Consulter les autres <a href=\"https:\/\/keramamueblesdejardin.com\/comedores-exterior\/conjunto-mesa-y-sillas-jardin\/\" target=\"_blank\" rel=\"noopener\"><br \/>\n  <strong>ensembles de tables et de chaises pour le jardin ou la terrasse<\/strong><br \/>\n<\/a>.<\/span><\/p>\n","protected":false},"excerpt":{"rendered":"<ul>\n<li>Table de salle \u00e0 manger en bois d&rsquo;acacia<span data-sheets-value=\"{\"1\":2,\"2\":\"Conjunto formado por una mesa jard\u00edn de madera de eucal\u00edpto acabado color claro 170x90 cm y 6 sillas jard\u00edn con brazos de eucal\u00edpto y cuerda con cojines. Los sillones son apilables.\"}\" data-sheets-userformat=\"{\"2\":515,\"3\":{\"1\":0},\"4\":{\"1\":2,\"2\":16776960},\"12\":0}\"> <\/span>couleur claire<\/li>\n<li>6 chaises de jardin avec accoudoirs en acacia et corde avec coussins<\/li>\n<li>Bois certifi\u00e9 FSC<\/li>\n<li>Vous pouvez le combiner avec les diff\u00e9rents \u00e9l\u00e9ments de la famille Riviera.<\/li>\n<\/ul>\n","protected":false},"featured_media":176457,"comment_status":"closed","ping_status":"closed","template":"","meta":{"_acf_changed":false},"product_brand":[],"product_cat":[],"product_tag":[],"class_list":{"0":"post-64426","1":"product","2":"type-product","3":"status-publish","4":"has-post-thumbnail","7":"first","8":"instock","9":"sale","10":"featured","11":"purchasable","12":"product-type-simple","13":"add-to-wishlist-before_image"},"acf":[],"yoast_head":"<!-- This site is optimized with the Yoast SEO plugin v27.4 - https:\/\/yoast.com\/product\/yoast-seo-wordpress\/ -->\n<title>Ensemble table et chaises de jardin 6 places bois et corde - Riviera - Kerama<\/title>\n<meta name=\"robots\" content=\"index, follow, max-snippet:-1, max-image-preview:large, max-video-preview:-1\" \/>\n<link rel=\"canonical\" href=\"https:\/\/keramamueblesdejardin.com\/fr\/non%20class\u00e9\/table-de-jardin-et-fauteuils-set-6-seater-bois-et-ficelle-riviera\/\" \/>\n<meta property=\"og:locale\" content=\"fr_FR\" \/>\n<meta property=\"og:type\" content=\"article\" \/>\n<meta property=\"og:title\" content=\"Ensemble table et chaises de jardin 6 places bois et corde - Riviera - Kerama\" \/>\n<meta property=\"og:description\" content=\"Table de salle \u00e0 manger en bois d&#039;acacia couleur claire  6 chaises de jardin avec accoudoirs en acacia et corde avec coussins  Bois certifi\u00e9 FSC  Vous pouvez le combiner avec les diff\u00e9rents \u00e9l\u00e9ments de la famille Riviera.\" \/>\n<meta property=\"og:url\" content=\"https:\/\/keramamueblesdejardin.com\/fr\/non class\u00e9\/table-de-jardin-et-fauteuils-set-6-seater-bois-et-ficelle-riviera\/\" \/>\n<meta property=\"og:site_name\" content=\"Kerama\" \/>\n<meta property=\"article:publisher\" content=\"https:\/\/www.facebook.com\/Kerama-Muebles-de-Jard%c3%adn-106209328312568\/\" \/>\n<meta property=\"article:modified_time\" content=\"2025-03-19T11:31:30+00:00\" \/>\n<meta property=\"og:image\" content=\"https:\/\/keramamueblesdejardin.com\/wp-content\/uploads\/2022\/03\/riviera-6.jpg\" \/>\n\t<meta property=\"og:image:width\" content=\"1200\" \/>\n\t<meta property=\"og:image:height\" content=\"1200\" \/>\n\t<meta property=\"og:image:type\" content=\"image\/jpeg\" \/>\n<meta name=\"twitter:card\" content=\"summary_large_image\" \/>\n<meta name=\"twitter:label1\" content=\"Dur\u00e9e de lecture estim\u00e9e\" \/>\n\t<meta name=\"twitter:data1\" content=\"1 minute\" \/>\n<script type=\"application\/ld+json\" class=\"yoast-schema-graph\">{\"@context\":\"https:\\\/\\\/schema.org\",\"@graph\":[{\"@type\":\"WebPage\",\"@id\":\"https:\\\/\\\/keramamueblesdejardin.com\\\/fr\\\/non class\u00e9\\\/table-de-jardin-et-fauteuils-set-6-seater-bois-et-ficelle-riviera\\\/\",\"url\":\"https:\\\/\\\/keramamueblesdejardin.com\\\/fr\\\/non class\u00e9\\\/table-de-jardin-et-fauteuils-set-6-seater-bois-et-ficelle-riviera\\\/\",\"name\":\"Ensemble table et chaises de jardin 6 places bois et corde - Riviera - Kerama\",\"isPartOf\":{\"@id\":\"https:\\\/\\\/keramamueblesdejardin.com\\\/fr\\\/#website\"},\"primaryImageOfPage\":{\"@id\":\"https:\\\/\\\/keramamueblesdejardin.com\\\/fr\\\/non class\u00e9\\\/table-de-jardin-et-fauteuils-set-6-seater-bois-et-ficelle-riviera\\\/#primaryimage\"},\"image\":{\"@id\":\"https:\\\/\\\/keramamueblesdejardin.com\\\/fr\\\/non class\u00e9\\\/table-de-jardin-et-fauteuils-set-6-seater-bois-et-ficelle-riviera\\\/#primaryimage\"},\"thumbnailUrl\":\"https:\\\/\\\/keramamueblesdejardin.com\\\/wp-content\\\/uploads\\\/2022\\\/03\\\/riviera-6.jpg\",\"datePublished\":\"2022-03-09T12:26:40+00:00\",\"dateModified\":\"2025-03-19T11:31:30+00:00\",\"breadcrumb\":{\"@id\":\"https:\\\/\\\/keramamueblesdejardin.com\\\/fr\\\/non class\u00e9\\\/table-de-jardin-et-fauteuils-set-6-seater-bois-et-ficelle-riviera\\\/#breadcrumb\"},\"inLanguage\":\"fr-FR\",\"potentialAction\":[{\"@type\":\"ReadAction\",\"target\":[\"https:\\\/\\\/keramamueblesdejardin.com\\\/fr\\\/non class\u00e9\\\/table-de-jardin-et-fauteuils-set-6-seater-bois-et-ficelle-riviera\\\/\"]}]},{\"@type\":\"ImageObject\",\"inLanguage\":\"fr-FR\",\"@id\":\"https:\\\/\\\/keramamueblesdejardin.com\\\/fr\\\/non class\u00e9\\\/table-de-jardin-et-fauteuils-set-6-seater-bois-et-ficelle-riviera\\\/#primaryimage\",\"url\":\"https:\\\/\\\/keramamueblesdejardin.com\\\/wp-content\\\/uploads\\\/2022\\\/03\\\/riviera-6.jpg\",\"contentUrl\":\"https:\\\/\\\/keramamueblesdejardin.com\\\/wp-content\\\/uploads\\\/2022\\\/03\\\/riviera-6.jpg\",\"width\":1200,\"height\":1200,\"caption\":\"conjunto de comedor de jard\u00edn 6 plazas Riviera\"},{\"@type\":\"BreadcrumbList\",\"@id\":\"https:\\\/\\\/keramamueblesdejardin.com\\\/fr\\\/non class\u00e9\\\/table-de-jardin-et-fauteuils-set-6-seater-bois-et-ficelle-riviera\\\/#breadcrumb\",\"itemListElement\":[{\"@type\":\"ListItem\",\"position\":1,\"name\":\"Home\",\"item\":\"https:\\\/\\\/keramamueblesdejardin.com\\\/fr\\\/\"},{\"@type\":\"ListItem\",\"position\":2,\"name\":\"Boutique\",\"item\":\"https:\\\/\\\/keramamueblesdejardin.com\\\/tienda\\\/\"},{\"@type\":\"ListItem\",\"position\":3,\"name\":\"D\u00eener en plein air\",\"item\":\"https:\\\/\\\/keramamueblesdejardin.com\\\/fr\\\/diner-en-plein-air\\\/\"},{\"@type\":\"ListItem\",\"position\":4,\"name\":\"Ensemble table et chaises de jardin\",\"item\":\"https:\\\/\\\/keramamueblesdejardin.com\\\/fr\\\/diner-en-plein-air\\\/ensemble-table-et-chaises-de-jardin\\\/\"},{\"@type\":\"ListItem\",\"position\":5,\"name\":\"Ensemble table et chaises de jardin 6 places bois et corde &#8211; Riviera\"}]},{\"@type\":\"WebSite\",\"@id\":\"https:\\\/\\\/keramamueblesdejardin.com\\\/fr\\\/#website\",\"url\":\"https:\\\/\\\/keramamueblesdejardin.com\\\/fr\\\/\",\"name\":\"Kerama\",\"description\":\"muebles de jard\u00edn\",\"publisher\":{\"@id\":\"https:\\\/\\\/keramamueblesdejardin.com\\\/fr\\\/#organization\"},\"potentialAction\":[{\"@type\":\"SearchAction\",\"target\":{\"@type\":\"EntryPoint\",\"urlTemplate\":\"https:\\\/\\\/keramamueblesdejardin.com\\\/fr\\\/?s={search_term_string}\"},\"query-input\":{\"@type\":\"PropertyValueSpecification\",\"valueRequired\":true,\"valueName\":\"search_term_string\"}}],\"inLanguage\":\"fr-FR\"},{\"@type\":\"Organization\",\"@id\":\"https:\\\/\\\/keramamueblesdejardin.com\\\/fr\\\/#organization\",\"name\":\"kerama\",\"url\":\"https:\\\/\\\/keramamueblesdejardin.com\\\/fr\\\/\",\"logo\":{\"@type\":\"ImageObject\",\"inLanguage\":\"fr-FR\",\"@id\":\"https:\\\/\\\/keramamueblesdejardin.com\\\/fr\\\/#\\\/schema\\\/logo\\\/image\\\/\",\"url\":\"https:\\\/\\\/keramamueblesdejardin.com\\\/wp-content\\\/uploads\\\/2020\\\/12\\\/k.-scaled.jpg\",\"contentUrl\":\"https:\\\/\\\/keramamueblesdejardin.com\\\/wp-content\\\/uploads\\\/2020\\\/12\\\/k.-scaled.jpg\",\"width\":2560,\"height\":551,\"caption\":\"kerama\"},\"image\":{\"@id\":\"https:\\\/\\\/keramamueblesdejardin.com\\\/fr\\\/#\\\/schema\\\/logo\\\/image\\\/\"},\"sameAs\":[\"https:\\\/\\\/www.facebook.com\\\/Kerama-Muebles-de-Jard\u00edn-106209328312568\\\/\"]}]}<\/script>\n<!-- \/ Yoast SEO plugin. -->","yoast_head_json":{"title":"Ensemble table et chaises de jardin 6 places bois et corde - Riviera - Kerama","robots":{"index":"index","follow":"follow","max-snippet":"max-snippet:-1","max-image-preview":"max-image-preview:large","max-video-preview":"max-video-preview:-1"},"canonical":"https:\/\/keramamueblesdejardin.com\/fr\/non class\u00e9\/table-de-jardin-et-fauteuils-set-6-seater-bois-et-ficelle-riviera\/","og_locale":"fr_FR","og_type":"article","og_title":"Ensemble table et chaises de jardin 6 places bois et corde - Riviera - Kerama","og_description":"Table de salle \u00e0 manger en bois d'acacia couleur claire  6 chaises de jardin avec accoudoirs en acacia et corde avec coussins  Bois certifi\u00e9 FSC  Vous pouvez le combiner avec les diff\u00e9rents \u00e9l\u00e9ments de la famille Riviera.","og_url":"https:\/\/keramamueblesdejardin.com\/fr\/non class\u00e9\/table-de-jardin-et-fauteuils-set-6-seater-bois-et-ficelle-riviera\/","og_site_name":"Kerama","article_publisher":"https:\/\/www.facebook.com\/Kerama-Muebles-de-Jard%c3%adn-106209328312568\/","article_modified_time":"2025-03-19T11:31:30+00:00","og_image":[{"width":1200,"height":1200,"url":"https:\/\/keramamueblesdejardin.com\/wp-content\/uploads\/2022\/03\/riviera-6.jpg","type":"image\/jpeg"}],"twitter_card":"summary_large_image","twitter_misc":{"Dur\u00e9e de lecture estim\u00e9e":"1 minute"},"schema":{"@context":"https:\/\/schema.org","@graph":[{"@type":"WebPage","@id":"https:\/\/keramamueblesdejardin.com\/fr\/non class\u00e9\/table-de-jardin-et-fauteuils-set-6-seater-bois-et-ficelle-riviera\/","url":"https:\/\/keramamueblesdejardin.com\/fr\/non class\u00e9\/table-de-jardin-et-fauteuils-set-6-seater-bois-et-ficelle-riviera\/","name":"Ensemble table et chaises de jardin 6 places bois et corde - Riviera - Kerama","isPartOf":{"@id":"https:\/\/keramamueblesdejardin.com\/fr\/#website"},"primaryImageOfPage":{"@id":"https:\/\/keramamueblesdejardin.com\/fr\/non class\u00e9\/table-de-jardin-et-fauteuils-set-6-seater-bois-et-ficelle-riviera\/#primaryimage"},"image":{"@id":"https:\/\/keramamueblesdejardin.com\/fr\/non class\u00e9\/table-de-jardin-et-fauteuils-set-6-seater-bois-et-ficelle-riviera\/#primaryimage"},"thumbnailUrl":"https:\/\/keramamueblesdejardin.com\/wp-content\/uploads\/2022\/03\/riviera-6.jpg","datePublished":"2022-03-09T12:26:40+00:00","dateModified":"2025-03-19T11:31:30+00:00","breadcrumb":{"@id":"https:\/\/keramamueblesdejardin.com\/fr\/non class\u00e9\/table-de-jardin-et-fauteuils-set-6-seater-bois-et-ficelle-riviera\/#breadcrumb"},"inLanguage":"fr-FR","potentialAction":[{"@type":"ReadAction","target":["https:\/\/keramamueblesdejardin.com\/fr\/non class\u00e9\/table-de-jardin-et-fauteuils-set-6-seater-bois-et-ficelle-riviera\/"]}]},{"@type":"ImageObject","inLanguage":"fr-FR","@id":"https:\/\/keramamueblesdejardin.com\/fr\/non class\u00e9\/table-de-jardin-et-fauteuils-set-6-seater-bois-et-ficelle-riviera\/#primaryimage","url":"https:\/\/keramamueblesdejardin.com\/wp-content\/uploads\/2022\/03\/riviera-6.jpg","contentUrl":"https:\/\/keramamueblesdejardin.com\/wp-content\/uploads\/2022\/03\/riviera-6.jpg","width":1200,"height":1200,"caption":"conjunto de comedor de jard\u00edn 6 plazas Riviera"},{"@type":"BreadcrumbList","@id":"https:\/\/keramamueblesdejardin.com\/fr\/non class\u00e9\/table-de-jardin-et-fauteuils-set-6-seater-bois-et-ficelle-riviera\/#breadcrumb","itemListElement":[{"@type":"ListItem","position":1,"name":"Home","item":"https:\/\/keramamueblesdejardin.com\/fr\/"},{"@type":"ListItem","position":2,"name":"Boutique","item":"https:\/\/keramamueblesdejardin.com\/tienda\/"},{"@type":"ListItem","position":3,"name":"D\u00eener en plein air","item":"https:\/\/keramamueblesdejardin.com\/fr\/diner-en-plein-air\/"},{"@type":"ListItem","position":4,"name":"Ensemble table et chaises de jardin","item":"https:\/\/keramamueblesdejardin.com\/fr\/diner-en-plein-air\/ensemble-table-et-chaises-de-jardin\/"},{"@type":"ListItem","position":5,"name":"Ensemble table et chaises de jardin 6 places bois et corde &#8211; Riviera"}]},{"@type":"WebSite","@id":"https:\/\/keramamueblesdejardin.com\/fr\/#website","url":"https:\/\/keramamueblesdejardin.com\/fr\/","name":"Kerama","description":"muebles de jard\u00edn","publisher":{"@id":"https:\/\/keramamueblesdejardin.com\/fr\/#organization"},"potentialAction":[{"@type":"SearchAction","target":{"@type":"EntryPoint","urlTemplate":"https:\/\/keramamueblesdejardin.com\/fr\/?s={search_term_string}"},"query-input":{"@type":"PropertyValueSpecification","valueRequired":true,"valueName":"search_term_string"}}],"inLanguage":"fr-FR"},{"@type":"Organization","@id":"https:\/\/keramamueblesdejardin.com\/fr\/#organization","name":"kerama","url":"https:\/\/keramamueblesdejardin.com\/fr\/","logo":{"@type":"ImageObject","inLanguage":"fr-FR","@id":"https:\/\/keramamueblesdejardin.com\/fr\/#\/schema\/logo\/image\/","url":"https:\/\/keramamueblesdejardin.com\/wp-content\/uploads\/2020\/12\/k.-scaled.jpg","contentUrl":"https:\/\/keramamueblesdejardin.com\/wp-content\/uploads\/2020\/12\/k.-scaled.jpg","width":2560,"height":551,"caption":"kerama"},"image":{"@id":"https:\/\/keramamueblesdejardin.com\/fr\/#\/schema\/logo\/image\/"},"sameAs":["https:\/\/www.facebook.com\/Kerama-Muebles-de-Jard\u00edn-106209328312568\/"]}]}},"df_price":1549,"df_sale_price":1549,"df_regular_price":1905,"df_image_link":"https:\/\/keramamueblesdejardin.com\/wp-content\/uploads\/2022\/03\/riviera-6-300x300.jpg","custom_tabs":[{"title":"MESURES","id":"mesures","content":"<strong>Hauteur :<\/strong> Chaise 75 cm \/ Table 75 cm\n<strong>Largeur :<\/strong> Chaise 58 cm \/ Table 90 cm\n<strong>Profondeur :<\/strong> Chaise 66 cm \/ Table 170 cm\n<strong>Profondeur d\u2019assise sans coussin:<\/strong> 11cm\n<strong>Profondeur d\u2019assise avec coussin:<\/strong> 36cm\n<strong>Hauteur d\u2019assise:<\/strong> 51cm"},{"title":"D\u00c9BALLAGE ET MONTAGE","id":"deballage-et-montage","content":"<strong>Recommandations pour le d\u00e9ballage :<\/strong> Ne pas utiliser d'outils tranchants lors du d\u00e9ballage du meuble car cela pourrait l'endommager.\n<strong>Montage requis (O\/N) :<\/strong> Oui\n<strong>Difficult\u00e9 de montage :<\/strong> faible\n<strong>Temps de montage :<\/strong> 40 minutes\n<strong>Personnes recommand\u00e9es pour le montage :<\/strong> 2\n<strong>Suggestions de montage :<\/strong> Pr\u00e9parez une zone de montage propre et s\u00e8che, v\u00e9rifiez qu'aucune des pi\u00e8ces list\u00e9es dans le manuel ne manque. Nous recommandons l'utilisation de gants appropri\u00e9s pour le montage. N'utilisez que les pi\u00e8ces et les raccords fournis."},{"title":"ENTRETIEN ET GARANTIES","id":"entretien-et-garanties","content":"<strong>Recommandations g\u00e9n\u00e9rales :<\/strong>\n- Les d\u00e9faillances ou les dommages caus\u00e9s par les \u00e9l\u00e9ments suivants sont exclus de la garantie :\n- Les causes accidentelles telles que chutes, coups, d\u00e9versement de liquides, introduction de corps \u00e9trangers, ainsi que toute autre force majeure.\n- Utilisation n\u00e9gligente, inappropri\u00e9e ou non domestique.\n- Dommages, corrosion et\/ou oxydation acc\u00e9l\u00e9r\u00e9s par des conditions environnementales d\u00e9favorables.\n- Taches et d\u00e9coloration dues au non-respect de nos instructions de nettoyage.\n- Dommages survenus lors du montage et de la manipulation sans respecter les instructions de montage.\n<strong>Instructions d'utilisation et d'entretien :<\/strong>\n- Essuyez doucement avec un chiffon ou utilisez un savon liquide neutre, puis rincez abondamment \u00e0 l'eau.\n- Enlevez r\u00e9guli\u00e8rement la poussi\u00e8re avec un chiffon doux et de l'eau claire.\n\u2022 La couleur du produit peut varier en fonction de l\u2019\u00e9clairage et des conditions environnementales. Variation des veines et\/ou de la tonalit\u00e9.\n- N'utilisez pas de d\u00e9tergents ou de produits abrasifs pour le nettoyage.\n- Traitement \u00e0 l'huile de lin : Avant d'appliquer une couche d'huile de lin sur le produit \u00e0 l'\u00e9tat naturel, il est conseill\u00e9 de le laisser \u00e0 l'ext\u00e9rieur pendant 2 \u00e0 3 semaines afin de lui donner un aspect homog\u00e8ne et de l'a\u00e9rer. Nettoyer \u00e0 l'eau claire \u00e0 l'aide d'une brosse et laisser s\u00e9cher. Une fois qu'elle est bien s\u00e8che, poncez-la avec une feuille de papier de verre d'un grammage compris entre 120 et 150, avec pr\u00e9caution et sans appuyer, en suivant, autant que possible, le sens des veines ; cette op\u00e9ration ne doit jamais \u00eatre effectu\u00e9e aux premi\u00e8res heures du jour.\nPour conserver la couleur, il est conseill\u00e9 de r\u00e9p\u00e9ter le processus une ou deux fois par an.\nSi l'huile de lin a d\u00e9j\u00e0 \u00e9t\u00e9 appliqu\u00e9e sur le meuble, il est conseill\u00e9 de le poncer tous les trois ans afin que les couches successives d'huile n'emp\u00eachent pas le bois de transpirer.\n<strong>Ann\u00e9es de garantie :<\/strong> 3 ans\n<strong>Fabriqu\u00e9 conform\u00e9ment \u00e0 la norme :<\/strong> 581-1,581-2,581-3\n<strong>Certifi\u00e9 FSC (O\/N) :<\/strong> Oui"}],"_links":{"self":[{"href":"https:\/\/keramamueblesdejardin.com\/fr\/wp-json\/wp\/v2\/product\/64426","targetHints":{"allow":["GET"]}}],"collection":[{"href":"https:\/\/keramamueblesdejardin.com\/fr\/wp-json\/wp\/v2\/product"}],"about":[{"href":"https:\/\/keramamueblesdejardin.com\/fr\/wp-json\/wp\/v2\/types\/product"}],"replies":[{"embeddable":true,"href":"https:\/\/keramamueblesdejardin.com\/fr\/wp-json\/wp\/v2\/comments?post=64426"}],"wp:featuredmedia":[{"embeddable":true,"href":"https:\/\/keramamueblesdejardin.com\/fr\/wp-json\/wp\/v2\/media\/176457"}],"wp:attachment":[{"href":"https:\/\/keramamueblesdejardin.com\/fr\/wp-json\/wp\/v2\/media?parent=64426"}],"wp:term":[{"taxonomy":"product_brand","embeddable":true,"href":"https:\/\/keramamueblesdejardin.com\/fr\/wp-json\/wp\/v2\/product_brand?post=64426"},{"taxonomy":"product_cat","embeddable":true,"href":"https:\/\/keramamueblesdejardin.com\/fr\/wp-json\/wp\/v2\/product_cat?post=64426"},{"taxonomy":"product_tag","embeddable":true,"href":"https:\/\/keramamueblesdejardin.com\/fr\/wp-json\/wp\/v2\/product_tag?post=64426"}],"curies":[{"name":"wp","href":"https:\/\/api.w.org\/{rel}","templated":true}]}}