{"id":64248,"date":"2021-05-06T08:49:28","date_gmt":"2021-05-06T06:49:28","guid":{"rendered":"https:\/\/keramamueblesdejardin.com\/non%20class\u00e9\/ensemble-de-jardin-en-aluminium-brun-avec-coussins-beiges-toscana\/"},"modified":"2023-08-29T10:53:47","modified_gmt":"2023-08-29T08:53:47","slug":"set-de-jardin-aluminium-brun-et-coussins-beige-toscane","status":"publish","type":"product","link":"https:\/\/keramamueblesdejardin.com\/fr\/non class\u00e9\/set-de-jardin-aluminium-brun-et-coussins-beige-toscane\/","title":{"rendered":"Ensemble de jardin en aluminium brun avec coussins beiges &#8211; Toscana"},"content":{"rendered":"<p><span style=\"font-weight: 400;\">Le site <\/span><b>Ensemble de jardin Toscana<\/b><span style=\"font-weight: 400;\"> consiste en un <\/span><b>table basse en aluminium brun<\/b><span style=\"font-weight: 400;\"> avec plateau en verre tremp\u00e9, <\/span><b>2 fauteuils <\/b><span style=\"font-weight: 400;\">et un<\/span><b> canap\u00e9 deux places<\/b><span style=\"font-weight: 400;\"> en aluminium brun.<\/span><\/p>\n<p><span style=\"font-weight: 400;\">L&rsquo;ensemble peut accueillir jusqu&rsquo;\u00e0 4 personnes et pr\u00e9sente les caract\u00e9ristiques suivantes <\/span><b>coussins en ol\u00e9fine<\/b><span style=\"font-weight: 400;\"> (polypropyl\u00e8ne) beige avec un passepoil marron.<\/span><b>. <\/b><span style=\"font-weight: 400;\">Ils sont<\/span><b> couvertures amovibles<\/b><span style=\"font-weight: 400;\"> pour un plus grand confort lors du lavage. <\/span> <\/p>\n<p><span style=\"font-weight: 400;\">Vous pouvez combiner l&rsquo;ensemble avec des produits de la m\u00eame gamme. <\/span><a href=\"https:\/\/keramamueblesdejardin.com\/etiqueta\/toscana\/\"><br \/>\n  <span style=\"font-weight: 400;\">Gamme Toscana<\/span><br \/>\n<\/a><span style=\"font-weight: 400;\">.<\/span><\/p>\n<p><span style=\"font-weight: 400;\">Voir un autre de nos <\/span><a href=\"https:\/\/keramamueblesdejardin.com\/salones-exterior\/conjuntos-jardin\/\"><br \/>\n  <span style=\"font-weight: 400;\">ensembles de jardin<\/span><br \/>\n<\/a><span style=\"font-weight: 400;\">.<\/span><\/p>\n","protected":false},"excerpt":{"rendered":"<ul>\n<li>  Cadre en aluminium brun<\/li>\n<li>Coussins beige en ol\u00e9fine (polypropyl\u00e8ne) avec passepoil marron<\/li>\n<li>Coussins amovibles et lavables<\/li>\n<li>Le plateau de la table est en verre tremp\u00e9 brun.<\/li>\n<\/ul>\n","protected":false},"featured_media":53166,"comment_status":"closed","ping_status":"closed","template":"","meta":{"_acf_changed":false},"product_brand":[],"product_cat":[],"product_tag":[],"class_list":{"0":"post-64248","1":"product","2":"type-product","3":"status-publish","4":"has-post-thumbnail","7":"first","8":"outofstock","9":"sale","10":"purchasable","11":"product-type-simple","12":"add-to-wishlist-before_image"},"acf":[],"yoast_head":"<!-- This site is optimized with the Yoast SEO plugin v27.4 - https:\/\/yoast.com\/product\/yoast-seo-wordpress\/ -->\n<title>Ensemble de jardin en aluminium brun avec coussins beiges - Toscana - Kerama<\/title>\n<meta name=\"robots\" content=\"index, follow, max-snippet:-1, max-image-preview:large, max-video-preview:-1\" \/>\n<link rel=\"canonical\" href=\"https:\/\/keramamueblesdejardin.com\/fr\/non%20class\u00e9\/set-de-jardin-aluminium-brun-et-coussins-beige-toscane\/\" \/>\n<meta property=\"og:locale\" content=\"fr_FR\" \/>\n<meta property=\"og:type\" content=\"article\" \/>\n<meta property=\"og:title\" content=\"Ensemble de jardin en aluminium brun avec coussins beiges - Toscana - Kerama\" \/>\n<meta property=\"og:description\" content=\"Cadre en aluminium brun  Coussins beige en ol\u00e9fine (polypropyl\u00e8ne) avec passepoil marron  Coussins amovibles et lavables  Le plateau de la table est en verre tremp\u00e9 brun.\" \/>\n<meta property=\"og:url\" content=\"https:\/\/keramamueblesdejardin.com\/fr\/non class\u00e9\/set-de-jardin-aluminium-brun-et-coussins-beige-toscane\/\" \/>\n<meta property=\"og:site_name\" content=\"Kerama\" \/>\n<meta property=\"article:publisher\" content=\"https:\/\/www.facebook.com\/Kerama-Muebles-de-Jard%c3%adn-106209328312568\/\" \/>\n<meta property=\"article:modified_time\" content=\"2023-08-29T08:53:47+00:00\" \/>\n<meta property=\"og:image\" content=\"https:\/\/keramamueblesdejardin.com\/wp-content\/uploads\/2021\/05\/L1330785_SILU.jpg\" \/>\n\t<meta property=\"og:image:width\" content=\"1920\" \/>\n\t<meta property=\"og:image:height\" content=\"1280\" \/>\n\t<meta property=\"og:image:type\" content=\"image\/jpeg\" \/>\n<meta name=\"twitter:card\" content=\"summary_large_image\" \/>\n<script type=\"application\/ld+json\" class=\"yoast-schema-graph\">{\"@context\":\"https:\\\/\\\/schema.org\",\"@graph\":[{\"@type\":\"WebPage\",\"@id\":\"https:\\\/\\\/keramamueblesdejardin.com\\\/fr\\\/non class\u00e9\\\/set-de-jardin-aluminium-brun-et-coussins-beige-toscane\\\/\",\"url\":\"https:\\\/\\\/keramamueblesdejardin.com\\\/fr\\\/non class\u00e9\\\/set-de-jardin-aluminium-brun-et-coussins-beige-toscane\\\/\",\"name\":\"Ensemble de jardin en aluminium brun avec coussins beiges - Toscana - Kerama\",\"isPartOf\":{\"@id\":\"https:\\\/\\\/keramamueblesdejardin.com\\\/fr\\\/#website\"},\"primaryImageOfPage\":{\"@id\":\"https:\\\/\\\/keramamueblesdejardin.com\\\/fr\\\/non class\u00e9\\\/set-de-jardin-aluminium-brun-et-coussins-beige-toscane\\\/#primaryimage\"},\"image\":{\"@id\":\"https:\\\/\\\/keramamueblesdejardin.com\\\/fr\\\/non class\u00e9\\\/set-de-jardin-aluminium-brun-et-coussins-beige-toscane\\\/#primaryimage\"},\"thumbnailUrl\":\"https:\\\/\\\/keramamueblesdejardin.com\\\/wp-content\\\/uploads\\\/2021\\\/05\\\/L1330785_SILU.jpg\",\"datePublished\":\"2021-05-06T06:49:28+00:00\",\"dateModified\":\"2023-08-29T08:53:47+00:00\",\"breadcrumb\":{\"@id\":\"https:\\\/\\\/keramamueblesdejardin.com\\\/fr\\\/non class\u00e9\\\/set-de-jardin-aluminium-brun-et-coussins-beige-toscane\\\/#breadcrumb\"},\"inLanguage\":\"fr-FR\",\"potentialAction\":[{\"@type\":\"ReadAction\",\"target\":[\"https:\\\/\\\/keramamueblesdejardin.com\\\/fr\\\/non class\u00e9\\\/set-de-jardin-aluminium-brun-et-coussins-beige-toscane\\\/\"]}]},{\"@type\":\"ImageObject\",\"inLanguage\":\"fr-FR\",\"@id\":\"https:\\\/\\\/keramamueblesdejardin.com\\\/fr\\\/non class\u00e9\\\/set-de-jardin-aluminium-brun-et-coussins-beige-toscane\\\/#primaryimage\",\"url\":\"https:\\\/\\\/keramamueblesdejardin.com\\\/wp-content\\\/uploads\\\/2021\\\/05\\\/L1330785_SILU.jpg\",\"contentUrl\":\"https:\\\/\\\/keramamueblesdejardin.com\\\/wp-content\\\/uploads\\\/2021\\\/05\\\/L1330785_SILU.jpg\",\"width\":1920,\"height\":1280},{\"@type\":\"BreadcrumbList\",\"@id\":\"https:\\\/\\\/keramamueblesdejardin.com\\\/fr\\\/non class\u00e9\\\/set-de-jardin-aluminium-brun-et-coussins-beige-toscane\\\/#breadcrumb\",\"itemListElement\":[{\"@type\":\"ListItem\",\"position\":1,\"name\":\"Home\",\"item\":\"https:\\\/\\\/keramamueblesdejardin.com\\\/fr\\\/\"},{\"@type\":\"ListItem\",\"position\":2,\"name\":\"Boutique\",\"item\":\"https:\\\/\\\/keramamueblesdejardin.com\\\/tienda\\\/\"},{\"@type\":\"ListItem\",\"position\":3,\"name\":\"Salles ext\u00e9rieures\",\"item\":\"https:\\\/\\\/keramamueblesdejardin.com\\\/fr\\\/salles-exterieures\\\/\"},{\"@type\":\"ListItem\",\"position\":4,\"name\":\"Ensembles de jardin\",\"item\":\"https:\\\/\\\/keramamueblesdejardin.com\\\/fr\\\/salles-exterieures\\\/ensembles-de-jardin\\\/\"},{\"@type\":\"ListItem\",\"position\":5,\"name\":\"Ensemble de jardin en aluminium brun avec coussins beiges &#8211; Toscana\"}]},{\"@type\":\"WebSite\",\"@id\":\"https:\\\/\\\/keramamueblesdejardin.com\\\/fr\\\/#website\",\"url\":\"https:\\\/\\\/keramamueblesdejardin.com\\\/fr\\\/\",\"name\":\"Kerama\",\"description\":\"muebles de jard\u00edn\",\"publisher\":{\"@id\":\"https:\\\/\\\/keramamueblesdejardin.com\\\/fr\\\/#organization\"},\"potentialAction\":[{\"@type\":\"SearchAction\",\"target\":{\"@type\":\"EntryPoint\",\"urlTemplate\":\"https:\\\/\\\/keramamueblesdejardin.com\\\/fr\\\/?s={search_term_string}\"},\"query-input\":{\"@type\":\"PropertyValueSpecification\",\"valueRequired\":true,\"valueName\":\"search_term_string\"}}],\"inLanguage\":\"fr-FR\"},{\"@type\":\"Organization\",\"@id\":\"https:\\\/\\\/keramamueblesdejardin.com\\\/fr\\\/#organization\",\"name\":\"kerama\",\"url\":\"https:\\\/\\\/keramamueblesdejardin.com\\\/fr\\\/\",\"logo\":{\"@type\":\"ImageObject\",\"inLanguage\":\"fr-FR\",\"@id\":\"https:\\\/\\\/keramamueblesdejardin.com\\\/fr\\\/#\\\/schema\\\/logo\\\/image\\\/\",\"url\":\"https:\\\/\\\/keramamueblesdejardin.com\\\/wp-content\\\/uploads\\\/2020\\\/12\\\/k.-scaled.jpg\",\"contentUrl\":\"https:\\\/\\\/keramamueblesdejardin.com\\\/wp-content\\\/uploads\\\/2020\\\/12\\\/k.-scaled.jpg\",\"width\":2560,\"height\":551,\"caption\":\"kerama\"},\"image\":{\"@id\":\"https:\\\/\\\/keramamueblesdejardin.com\\\/fr\\\/#\\\/schema\\\/logo\\\/image\\\/\"},\"sameAs\":[\"https:\\\/\\\/www.facebook.com\\\/Kerama-Muebles-de-Jard\u00edn-106209328312568\\\/\"]}]}<\/script>\n<!-- \/ Yoast SEO plugin. -->","yoast_head_json":{"title":"Ensemble de jardin en aluminium brun avec coussins beiges - Toscana - Kerama","robots":{"index":"index","follow":"follow","max-snippet":"max-snippet:-1","max-image-preview":"max-image-preview:large","max-video-preview":"max-video-preview:-1"},"canonical":"https:\/\/keramamueblesdejardin.com\/fr\/non class\u00e9\/set-de-jardin-aluminium-brun-et-coussins-beige-toscane\/","og_locale":"fr_FR","og_type":"article","og_title":"Ensemble de jardin en aluminium brun avec coussins beiges - Toscana - Kerama","og_description":"Cadre en aluminium brun  Coussins beige en ol\u00e9fine (polypropyl\u00e8ne) avec passepoil marron  Coussins amovibles et lavables  Le plateau de la table est en verre tremp\u00e9 brun.","og_url":"https:\/\/keramamueblesdejardin.com\/fr\/non class\u00e9\/set-de-jardin-aluminium-brun-et-coussins-beige-toscane\/","og_site_name":"Kerama","article_publisher":"https:\/\/www.facebook.com\/Kerama-Muebles-de-Jard%c3%adn-106209328312568\/","article_modified_time":"2023-08-29T08:53:47+00:00","og_image":[{"width":1920,"height":1280,"url":"https:\/\/keramamueblesdejardin.com\/wp-content\/uploads\/2021\/05\/L1330785_SILU.jpg","type":"image\/jpeg"}],"twitter_card":"summary_large_image","schema":{"@context":"https:\/\/schema.org","@graph":[{"@type":"WebPage","@id":"https:\/\/keramamueblesdejardin.com\/fr\/non class\u00e9\/set-de-jardin-aluminium-brun-et-coussins-beige-toscane\/","url":"https:\/\/keramamueblesdejardin.com\/fr\/non class\u00e9\/set-de-jardin-aluminium-brun-et-coussins-beige-toscane\/","name":"Ensemble de jardin en aluminium brun avec coussins beiges - Toscana - Kerama","isPartOf":{"@id":"https:\/\/keramamueblesdejardin.com\/fr\/#website"},"primaryImageOfPage":{"@id":"https:\/\/keramamueblesdejardin.com\/fr\/non class\u00e9\/set-de-jardin-aluminium-brun-et-coussins-beige-toscane\/#primaryimage"},"image":{"@id":"https:\/\/keramamueblesdejardin.com\/fr\/non class\u00e9\/set-de-jardin-aluminium-brun-et-coussins-beige-toscane\/#primaryimage"},"thumbnailUrl":"https:\/\/keramamueblesdejardin.com\/wp-content\/uploads\/2021\/05\/L1330785_SILU.jpg","datePublished":"2021-05-06T06:49:28+00:00","dateModified":"2023-08-29T08:53:47+00:00","breadcrumb":{"@id":"https:\/\/keramamueblesdejardin.com\/fr\/non class\u00e9\/set-de-jardin-aluminium-brun-et-coussins-beige-toscane\/#breadcrumb"},"inLanguage":"fr-FR","potentialAction":[{"@type":"ReadAction","target":["https:\/\/keramamueblesdejardin.com\/fr\/non class\u00e9\/set-de-jardin-aluminium-brun-et-coussins-beige-toscane\/"]}]},{"@type":"ImageObject","inLanguage":"fr-FR","@id":"https:\/\/keramamueblesdejardin.com\/fr\/non class\u00e9\/set-de-jardin-aluminium-brun-et-coussins-beige-toscane\/#primaryimage","url":"https:\/\/keramamueblesdejardin.com\/wp-content\/uploads\/2021\/05\/L1330785_SILU.jpg","contentUrl":"https:\/\/keramamueblesdejardin.com\/wp-content\/uploads\/2021\/05\/L1330785_SILU.jpg","width":1920,"height":1280},{"@type":"BreadcrumbList","@id":"https:\/\/keramamueblesdejardin.com\/fr\/non class\u00e9\/set-de-jardin-aluminium-brun-et-coussins-beige-toscane\/#breadcrumb","itemListElement":[{"@type":"ListItem","position":1,"name":"Home","item":"https:\/\/keramamueblesdejardin.com\/fr\/"},{"@type":"ListItem","position":2,"name":"Boutique","item":"https:\/\/keramamueblesdejardin.com\/tienda\/"},{"@type":"ListItem","position":3,"name":"Salles ext\u00e9rieures","item":"https:\/\/keramamueblesdejardin.com\/fr\/salles-exterieures\/"},{"@type":"ListItem","position":4,"name":"Ensembles de jardin","item":"https:\/\/keramamueblesdejardin.com\/fr\/salles-exterieures\/ensembles-de-jardin\/"},{"@type":"ListItem","position":5,"name":"Ensemble de jardin en aluminium brun avec coussins beiges &#8211; Toscana"}]},{"@type":"WebSite","@id":"https:\/\/keramamueblesdejardin.com\/fr\/#website","url":"https:\/\/keramamueblesdejardin.com\/fr\/","name":"Kerama","description":"muebles de jard\u00edn","publisher":{"@id":"https:\/\/keramamueblesdejardin.com\/fr\/#organization"},"potentialAction":[{"@type":"SearchAction","target":{"@type":"EntryPoint","urlTemplate":"https:\/\/keramamueblesdejardin.com\/fr\/?s={search_term_string}"},"query-input":{"@type":"PropertyValueSpecification","valueRequired":true,"valueName":"search_term_string"}}],"inLanguage":"fr-FR"},{"@type":"Organization","@id":"https:\/\/keramamueblesdejardin.com\/fr\/#organization","name":"kerama","url":"https:\/\/keramamueblesdejardin.com\/fr\/","logo":{"@type":"ImageObject","inLanguage":"fr-FR","@id":"https:\/\/keramamueblesdejardin.com\/fr\/#\/schema\/logo\/image\/","url":"https:\/\/keramamueblesdejardin.com\/wp-content\/uploads\/2020\/12\/k.-scaled.jpg","contentUrl":"https:\/\/keramamueblesdejardin.com\/wp-content\/uploads\/2020\/12\/k.-scaled.jpg","width":2560,"height":551,"caption":"kerama"},"image":{"@id":"https:\/\/keramamueblesdejardin.com\/fr\/#\/schema\/logo\/image\/"},"sameAs":["https:\/\/www.facebook.com\/Kerama-Muebles-de-Jard\u00edn-106209328312568\/"]}]}},"df_price":929,"df_sale_price":929,"df_regular_price":1208,"df_image_link":"https:\/\/keramamueblesdejardin.com\/wp-content\/uploads\/2021\/05\/L1330785_SILU-300x200.jpg","custom_tabs":[{"title":"MESURES","id":"mesures","content":"<strong>Hauteur :<\/strong> Canap\u00e9 82,5 cm \/ Fauteuils 82,5 cm \/ Table 48,5 cm\n<strong>Largeur :<\/strong> Canap\u00e9 128,5 cm \/ Fauteuils 82 cm \/ Table 100 cm\n<strong>Profondeur :<\/strong> Canap\u00e9 63,5 cm \/ Fauteuils 63,5 cm \/ Table 50 cm\n<strong>Hauteur de l'assise :<\/strong> 50 cm\n<strong>Profondeur de l'assise :<\/strong> 60 cm\nPoids total maximum support\u00e9 : 480 kg (120 kg par si\u00e8ge)\nNombre de coussins : 7"},{"title":"D\u00c9BALLAGE ET MONTAGE","id":"deballage-et-montage","content":"<strong>Recommandations pour le d\u00e9ballage :<\/strong> Ne pas utiliser d'outils tranchants lors du d\u00e9ballage du meuble car cela pourrait l'endommager.\n<strong>Montage requis (O\/N) :<\/strong> Oui\n<strong>Difficult\u00e9 d'assemblage :<\/strong> Moyenne\n<strong>Temps de montage :<\/strong> 45 minutes\n<strong>Personnes recommand\u00e9es pour le montage :<\/strong> 2\n<strong>Suggestions de montage :<\/strong> Pr\u00e9parez une zone de montage propre et s\u00e8che, v\u00e9rifiez qu'aucune des pi\u00e8ces list\u00e9es dans le manuel ne manque. Nous recommandons l'utilisation de gants appropri\u00e9s pour le montage. N'utilisez que les pi\u00e8ces et les raccords fournis."},{"title":"ENTRETIEN ET GARANTIES","id":"entretien-et-garanties","content":"<div class=\"moz-signature\">\n<div class=\"list\"><strong>Recommandations g\u00e9n\u00e9rales :<\/strong>\n- Les d\u00e9faillances ou les dommages caus\u00e9s par les \u00e9l\u00e9ments suivants sont exclus de la garantie :\n- Les causes accidentelles telles que chutes, coups, d\u00e9versement de liquides, introduction de corps \u00e9trangers, ainsi que toute autre force majeure.\n- Utilisation n\u00e9gligente, inappropri\u00e9e ou non domestique.\n- Dommages, corrosion et\/ou oxydation acc\u00e9l\u00e9r\u00e9s par des conditions environnementales d\u00e9favorables.\n- Taches et d\u00e9coloration dues au non-respect de nos instructions de nettoyage.\n- Dommages survenus lors du montage et de la manipulation sans respecter les instructions de montage.\n<strong>Instructions d'utilisation et d'entretien :<\/strong>\n- Essuyez doucement avec un chiffon ou utilisez un savon liquide neutre, puis rincez abondamment \u00e0 l'eau.\n- Enlevez r\u00e9guli\u00e8rement la poussi\u00e8re avec un chiffon doux et de l'eau claire.\n- N'utilisez pas de d\u00e9tergents ou de produits abrasifs pour le nettoyage.\n<strong>Ann\u00e9es de garantie :<\/strong> 3 ans\n<strong>Fabriqu\u00e9 conform\u00e9ment \u00e0 la norme :<\/strong> 581-1,581-2,581-3<\/div>\n<\/div>"}],"_links":{"self":[{"href":"https:\/\/keramamueblesdejardin.com\/fr\/wp-json\/wp\/v2\/product\/64248","targetHints":{"allow":["GET"]}}],"collection":[{"href":"https:\/\/keramamueblesdejardin.com\/fr\/wp-json\/wp\/v2\/product"}],"about":[{"href":"https:\/\/keramamueblesdejardin.com\/fr\/wp-json\/wp\/v2\/types\/product"}],"replies":[{"embeddable":true,"href":"https:\/\/keramamueblesdejardin.com\/fr\/wp-json\/wp\/v2\/comments?post=64248"}],"wp:featuredmedia":[{"embeddable":true,"href":"https:\/\/keramamueblesdejardin.com\/fr\/wp-json\/wp\/v2\/media\/53166"}],"wp:attachment":[{"href":"https:\/\/keramamueblesdejardin.com\/fr\/wp-json\/wp\/v2\/media?parent=64248"}],"wp:term":[{"taxonomy":"product_brand","embeddable":true,"href":"https:\/\/keramamueblesdejardin.com\/fr\/wp-json\/wp\/v2\/product_brand?post=64248"},{"taxonomy":"product_cat","embeddable":true,"href":"https:\/\/keramamueblesdejardin.com\/fr\/wp-json\/wp\/v2\/product_cat?post=64248"},{"taxonomy":"product_tag","embeddable":true,"href":"https:\/\/keramamueblesdejardin.com\/fr\/wp-json\/wp\/v2\/product_tag?post=64248"}],"curies":[{"name":"wp","href":"https:\/\/api.w.org\/{rel}","templated":true}]}}