{"id":175285,"date":"2025-01-13T12:29:26","date_gmt":"2025-01-13T11:29:26","guid":{"rendered":"https:\/\/keramamueblesdejardin.com\/non%20class\u00e9\/ensemble-de-jardin-et-de-corde-en-aluminium-couleur-naturelle-portofino\/"},"modified":"2025-03-28T14:19:04","modified_gmt":"2025-03-28T13:19:04","slug":"ensemble-de-jardin-aluminium-et-corde-couleur-naturelle-portofino","status":"publish","type":"product","link":"https:\/\/keramamueblesdejardin.com\/fr\/salles-exterieures\/ensembles-de-jardin\/ensemble-de-jardin-aluminium-et-corde-couleur-naturelle-portofino\/","title":{"rendered":"Ensemble de jardin et de corde en aluminium couleur naturelle &#8211; Portofino"},"content":{"rendered":"<p>Ensemble de jardin 5 places de la collection Portofino compos\u00e9 de 2 fauteuils, 1 canap\u00e9 trois places et une table d\u2019appoint. La collection Portofino aux lignes arrondies, organiques et intemporelles, est capable de s\u2019int\u00e9grer dans une multitude de styles de design tant sur la terrasse, le jardin ou m\u00eame \u00e0 l\u2019int\u00e9rieur, l\u2019ensemble est fabriqu\u00e9 en aluminium couleur bois et en corde synth\u00e9tique tress\u00e9e par nos artisans autour de la structure de l\u2019assise. Les coussins beiges avec rembourrage en fibre de polyester sur le dossier et mousse sur l\u2019assise, sont amovibles et lavables. La table est dot\u00e9e d\u2019un plateau en HPL (stratifi\u00e9 haute pression) qui est tr\u00e8s durable dans le temps.   <\/p>\n<p>Dimensions du fauteuil : 81x76x84cm \/ Canap\u00e9 3 places : 212x76x84 \/ Table basse : 120x65x31cm<\/p>\n","protected":false},"excerpt":{"rendered":"<ul>\n<li>Structure en aluminium de couleur bois<\/li>\n<li>Corde synth\u00e9tique de couleur naturelle<\/li>\n<li>Coussins beiges amovibles et lavables<\/li>\n<li>Fauteuil&nbsp;: 77x83x72cm Canap\u00e9 3 places&nbsp;: 72 Table d\u2019appoint&nbsp;: 120x60x42cm<\/li>\n<\/ul>\n","protected":false},"featured_media":175822,"comment_status":"closed","ping_status":"open","template":"","meta":{"_acf_changed":false},"product_brand":[],"product_cat":[599,604,820],"product_tag":[],"class_list":{"0":"post-175285","1":"product","2":"type-product","3":"status-publish","4":"has-post-thumbnail","6":"product_cat-ensembles-de-jardin","7":"product_cat-salles-exterieures","8":"product_cat-uncategorized-fr","9":"product_shipping_class-envio-gratuito-fr","10":"pa_asientos-5-fr","11":"pa_caracteristicas-housses-lavables","12":"pa_material-aluminio-fr","13":"pa_material-cuerda-fr","15":"first","16":"instock","17":"sale","18":"purchasable","19":"product-type-simple","20":"add-to-wishlist-before_image"},"acf":[],"yoast_head":"<!-- This site is optimized with the Yoast SEO plugin v27.4 - https:\/\/yoast.com\/product\/yoast-seo-wordpress\/ -->\n<title>Ensemble de jardin et de corde en aluminium couleur naturelle - Portofino - Kerama<\/title>\n<meta name=\"robots\" content=\"index, follow, max-snippet:-1, max-image-preview:large, max-video-preview:-1\" \/>\n<link rel=\"canonical\" href=\"https:\/\/keramamueblesdejardin.com\/fr\/salles-exterieures\/ensembles-de-jardin\/ensemble-de-jardin-aluminium-et-corde-couleur-naturelle-portofino\/\" \/>\n<meta property=\"og:locale\" content=\"fr_FR\" \/>\n<meta property=\"og:type\" content=\"article\" \/>\n<meta property=\"og:title\" content=\"Ensemble de jardin et de corde en aluminium couleur naturelle - Portofino - Kerama\" \/>\n<meta property=\"og:description\" content=\"Structure en aluminium de couleur bois  Corde synth\u00e9tique de couleur naturelle  Coussins beiges amovibles et lavables  Fauteuil&nbsp;: 77x83x72cm Canap\u00e9 3 places&nbsp;: 72 Table d\u2019appoint&nbsp;: 120x60x42cm\" \/>\n<meta property=\"og:url\" content=\"https:\/\/keramamueblesdejardin.com\/fr\/salles-exterieures\/ensembles-de-jardin\/ensemble-de-jardin-aluminium-et-corde-couleur-naturelle-portofino\/\" \/>\n<meta property=\"og:site_name\" content=\"Kerama\" \/>\n<meta property=\"article:publisher\" content=\"https:\/\/www.facebook.com\/Kerama-Muebles-de-Jard%c3%adn-106209328312568\/\" \/>\n<meta property=\"article:modified_time\" content=\"2025-03-28T13:19:04+00:00\" \/>\n<meta property=\"og:image\" content=\"https:\/\/keramamueblesdejardin.com\/wp-content\/uploads\/2025\/01\/set-de-jardin-5-plazas-aluminio-y-cuerda-tyron.jpg\" \/>\n\t<meta property=\"og:image:width\" content=\"1200\" \/>\n\t<meta property=\"og:image:height\" content=\"1200\" \/>\n\t<meta property=\"og:image:type\" content=\"image\/jpeg\" \/>\n<meta name=\"twitter:card\" content=\"summary_large_image\" \/>\n<meta name=\"twitter:label1\" content=\"Dur\u00e9e de lecture estim\u00e9e\" \/>\n\t<meta name=\"twitter:data1\" content=\"1 minute\" \/>\n<script type=\"application\/ld+json\" class=\"yoast-schema-graph\">{\"@context\":\"https:\\\/\\\/schema.org\",\"@graph\":[{\"@type\":\"WebPage\",\"@id\":\"https:\\\/\\\/keramamueblesdejardin.com\\\/fr\\\/salles-exterieures\\\/ensembles-de-jardin\\\/ensemble-de-jardin-aluminium-et-corde-couleur-naturelle-portofino\\\/\",\"url\":\"https:\\\/\\\/keramamueblesdejardin.com\\\/fr\\\/salles-exterieures\\\/ensembles-de-jardin\\\/ensemble-de-jardin-aluminium-et-corde-couleur-naturelle-portofino\\\/\",\"name\":\"Ensemble de jardin et de corde en aluminium couleur naturelle - Portofino - Kerama\",\"isPartOf\":{\"@id\":\"https:\\\/\\\/keramamueblesdejardin.com\\\/fr\\\/#website\"},\"primaryImageOfPage\":{\"@id\":\"https:\\\/\\\/keramamueblesdejardin.com\\\/fr\\\/salles-exterieures\\\/ensembles-de-jardin\\\/ensemble-de-jardin-aluminium-et-corde-couleur-naturelle-portofino\\\/#primaryimage\"},\"image\":{\"@id\":\"https:\\\/\\\/keramamueblesdejardin.com\\\/fr\\\/salles-exterieures\\\/ensembles-de-jardin\\\/ensemble-de-jardin-aluminium-et-corde-couleur-naturelle-portofino\\\/#primaryimage\"},\"thumbnailUrl\":\"https:\\\/\\\/keramamueblesdejardin.com\\\/wp-content\\\/uploads\\\/2025\\\/01\\\/set-de-jardin-5-plazas-aluminio-y-cuerda-tyron.jpg\",\"datePublished\":\"2025-01-13T11:29:26+00:00\",\"dateModified\":\"2025-03-28T13:19:04+00:00\",\"breadcrumb\":{\"@id\":\"https:\\\/\\\/keramamueblesdejardin.com\\\/fr\\\/salles-exterieures\\\/ensembles-de-jardin\\\/ensemble-de-jardin-aluminium-et-corde-couleur-naturelle-portofino\\\/#breadcrumb\"},\"inLanguage\":\"fr-FR\",\"potentialAction\":[{\"@type\":\"ReadAction\",\"target\":[\"https:\\\/\\\/keramamueblesdejardin.com\\\/fr\\\/salles-exterieures\\\/ensembles-de-jardin\\\/ensemble-de-jardin-aluminium-et-corde-couleur-naturelle-portofino\\\/\"]}]},{\"@type\":\"ImageObject\",\"inLanguage\":\"fr-FR\",\"@id\":\"https:\\\/\\\/keramamueblesdejardin.com\\\/fr\\\/salles-exterieures\\\/ensembles-de-jardin\\\/ensemble-de-jardin-aluminium-et-corde-couleur-naturelle-portofino\\\/#primaryimage\",\"url\":\"https:\\\/\\\/keramamueblesdejardin.com\\\/wp-content\\\/uploads\\\/2025\\\/01\\\/set-de-jardin-5-plazas-aluminio-y-cuerda-tyron.jpg\",\"contentUrl\":\"https:\\\/\\\/keramamueblesdejardin.com\\\/wp-content\\\/uploads\\\/2025\\\/01\\\/set-de-jardin-5-plazas-aluminio-y-cuerda-tyron.jpg\",\"width\":1200,\"height\":1200},{\"@type\":\"BreadcrumbList\",\"@id\":\"https:\\\/\\\/keramamueblesdejardin.com\\\/fr\\\/salles-exterieures\\\/ensembles-de-jardin\\\/ensemble-de-jardin-aluminium-et-corde-couleur-naturelle-portofino\\\/#breadcrumb\",\"itemListElement\":[{\"@type\":\"ListItem\",\"position\":1,\"name\":\"Home\",\"item\":\"https:\\\/\\\/keramamueblesdejardin.com\\\/fr\\\/\"},{\"@type\":\"ListItem\",\"position\":2,\"name\":\"Boutique\",\"item\":\"https:\\\/\\\/keramamueblesdejardin.com\\\/tienda\\\/\"},{\"@type\":\"ListItem\",\"position\":3,\"name\":\"Salles ext\u00e9rieures\",\"item\":\"https:\\\/\\\/keramamueblesdejardin.com\\\/fr\\\/salles-exterieures\\\/\"},{\"@type\":\"ListItem\",\"position\":4,\"name\":\"Ensembles de jardin\",\"item\":\"https:\\\/\\\/keramamueblesdejardin.com\\\/fr\\\/salles-exterieures\\\/ensembles-de-jardin\\\/\"},{\"@type\":\"ListItem\",\"position\":5,\"name\":\"Ensemble de jardin et de corde en aluminium couleur naturelle &#8211; Portofino\"}]},{\"@type\":\"WebSite\",\"@id\":\"https:\\\/\\\/keramamueblesdejardin.com\\\/fr\\\/#website\",\"url\":\"https:\\\/\\\/keramamueblesdejardin.com\\\/fr\\\/\",\"name\":\"Kerama\",\"description\":\"muebles de jard\u00edn\",\"publisher\":{\"@id\":\"https:\\\/\\\/keramamueblesdejardin.com\\\/fr\\\/#organization\"},\"potentialAction\":[{\"@type\":\"SearchAction\",\"target\":{\"@type\":\"EntryPoint\",\"urlTemplate\":\"https:\\\/\\\/keramamueblesdejardin.com\\\/fr\\\/?s={search_term_string}\"},\"query-input\":{\"@type\":\"PropertyValueSpecification\",\"valueRequired\":true,\"valueName\":\"search_term_string\"}}],\"inLanguage\":\"fr-FR\"},{\"@type\":\"Organization\",\"@id\":\"https:\\\/\\\/keramamueblesdejardin.com\\\/fr\\\/#organization\",\"name\":\"kerama\",\"url\":\"https:\\\/\\\/keramamueblesdejardin.com\\\/fr\\\/\",\"logo\":{\"@type\":\"ImageObject\",\"inLanguage\":\"fr-FR\",\"@id\":\"https:\\\/\\\/keramamueblesdejardin.com\\\/fr\\\/#\\\/schema\\\/logo\\\/image\\\/\",\"url\":\"https:\\\/\\\/keramamueblesdejardin.com\\\/wp-content\\\/uploads\\\/2020\\\/12\\\/k.-scaled.jpg\",\"contentUrl\":\"https:\\\/\\\/keramamueblesdejardin.com\\\/wp-content\\\/uploads\\\/2020\\\/12\\\/k.-scaled.jpg\",\"width\":2560,\"height\":551,\"caption\":\"kerama\"},\"image\":{\"@id\":\"https:\\\/\\\/keramamueblesdejardin.com\\\/fr\\\/#\\\/schema\\\/logo\\\/image\\\/\"},\"sameAs\":[\"https:\\\/\\\/www.facebook.com\\\/Kerama-Muebles-de-Jard\u00edn-106209328312568\\\/\"]}]}<\/script>\n<!-- \/ Yoast SEO plugin. -->","yoast_head_json":{"title":"Ensemble de jardin et de corde en aluminium couleur naturelle - Portofino - Kerama","robots":{"index":"index","follow":"follow","max-snippet":"max-snippet:-1","max-image-preview":"max-image-preview:large","max-video-preview":"max-video-preview:-1"},"canonical":"https:\/\/keramamueblesdejardin.com\/fr\/salles-exterieures\/ensembles-de-jardin\/ensemble-de-jardin-aluminium-et-corde-couleur-naturelle-portofino\/","og_locale":"fr_FR","og_type":"article","og_title":"Ensemble de jardin et de corde en aluminium couleur naturelle - Portofino - Kerama","og_description":"Structure en aluminium de couleur bois  Corde synth\u00e9tique de couleur naturelle  Coussins beiges amovibles et lavables  Fauteuil&nbsp;: 77x83x72cm Canap\u00e9 3 places&nbsp;: 72 Table d\u2019appoint&nbsp;: 120x60x42cm","og_url":"https:\/\/keramamueblesdejardin.com\/fr\/salles-exterieures\/ensembles-de-jardin\/ensemble-de-jardin-aluminium-et-corde-couleur-naturelle-portofino\/","og_site_name":"Kerama","article_publisher":"https:\/\/www.facebook.com\/Kerama-Muebles-de-Jard%c3%adn-106209328312568\/","article_modified_time":"2025-03-28T13:19:04+00:00","og_image":[{"width":1200,"height":1200,"url":"https:\/\/keramamueblesdejardin.com\/wp-content\/uploads\/2025\/01\/set-de-jardin-5-plazas-aluminio-y-cuerda-tyron.jpg","type":"image\/jpeg"}],"twitter_card":"summary_large_image","twitter_misc":{"Dur\u00e9e de lecture estim\u00e9e":"1 minute"},"schema":{"@context":"https:\/\/schema.org","@graph":[{"@type":"WebPage","@id":"https:\/\/keramamueblesdejardin.com\/fr\/salles-exterieures\/ensembles-de-jardin\/ensemble-de-jardin-aluminium-et-corde-couleur-naturelle-portofino\/","url":"https:\/\/keramamueblesdejardin.com\/fr\/salles-exterieures\/ensembles-de-jardin\/ensemble-de-jardin-aluminium-et-corde-couleur-naturelle-portofino\/","name":"Ensemble de jardin et de corde en aluminium couleur naturelle - Portofino - Kerama","isPartOf":{"@id":"https:\/\/keramamueblesdejardin.com\/fr\/#website"},"primaryImageOfPage":{"@id":"https:\/\/keramamueblesdejardin.com\/fr\/salles-exterieures\/ensembles-de-jardin\/ensemble-de-jardin-aluminium-et-corde-couleur-naturelle-portofino\/#primaryimage"},"image":{"@id":"https:\/\/keramamueblesdejardin.com\/fr\/salles-exterieures\/ensembles-de-jardin\/ensemble-de-jardin-aluminium-et-corde-couleur-naturelle-portofino\/#primaryimage"},"thumbnailUrl":"https:\/\/keramamueblesdejardin.com\/wp-content\/uploads\/2025\/01\/set-de-jardin-5-plazas-aluminio-y-cuerda-tyron.jpg","datePublished":"2025-01-13T11:29:26+00:00","dateModified":"2025-03-28T13:19:04+00:00","breadcrumb":{"@id":"https:\/\/keramamueblesdejardin.com\/fr\/salles-exterieures\/ensembles-de-jardin\/ensemble-de-jardin-aluminium-et-corde-couleur-naturelle-portofino\/#breadcrumb"},"inLanguage":"fr-FR","potentialAction":[{"@type":"ReadAction","target":["https:\/\/keramamueblesdejardin.com\/fr\/salles-exterieures\/ensembles-de-jardin\/ensemble-de-jardin-aluminium-et-corde-couleur-naturelle-portofino\/"]}]},{"@type":"ImageObject","inLanguage":"fr-FR","@id":"https:\/\/keramamueblesdejardin.com\/fr\/salles-exterieures\/ensembles-de-jardin\/ensemble-de-jardin-aluminium-et-corde-couleur-naturelle-portofino\/#primaryimage","url":"https:\/\/keramamueblesdejardin.com\/wp-content\/uploads\/2025\/01\/set-de-jardin-5-plazas-aluminio-y-cuerda-tyron.jpg","contentUrl":"https:\/\/keramamueblesdejardin.com\/wp-content\/uploads\/2025\/01\/set-de-jardin-5-plazas-aluminio-y-cuerda-tyron.jpg","width":1200,"height":1200},{"@type":"BreadcrumbList","@id":"https:\/\/keramamueblesdejardin.com\/fr\/salles-exterieures\/ensembles-de-jardin\/ensemble-de-jardin-aluminium-et-corde-couleur-naturelle-portofino\/#breadcrumb","itemListElement":[{"@type":"ListItem","position":1,"name":"Home","item":"https:\/\/keramamueblesdejardin.com\/fr\/"},{"@type":"ListItem","position":2,"name":"Boutique","item":"https:\/\/keramamueblesdejardin.com\/tienda\/"},{"@type":"ListItem","position":3,"name":"Salles ext\u00e9rieures","item":"https:\/\/keramamueblesdejardin.com\/fr\/salles-exterieures\/"},{"@type":"ListItem","position":4,"name":"Ensembles de jardin","item":"https:\/\/keramamueblesdejardin.com\/fr\/salles-exterieures\/ensembles-de-jardin\/"},{"@type":"ListItem","position":5,"name":"Ensemble de jardin et de corde en aluminium couleur naturelle &#8211; Portofino"}]},{"@type":"WebSite","@id":"https:\/\/keramamueblesdejardin.com\/fr\/#website","url":"https:\/\/keramamueblesdejardin.com\/fr\/","name":"Kerama","description":"muebles de jard\u00edn","publisher":{"@id":"https:\/\/keramamueblesdejardin.com\/fr\/#organization"},"potentialAction":[{"@type":"SearchAction","target":{"@type":"EntryPoint","urlTemplate":"https:\/\/keramamueblesdejardin.com\/fr\/?s={search_term_string}"},"query-input":{"@type":"PropertyValueSpecification","valueRequired":true,"valueName":"search_term_string"}}],"inLanguage":"fr-FR"},{"@type":"Organization","@id":"https:\/\/keramamueblesdejardin.com\/fr\/#organization","name":"kerama","url":"https:\/\/keramamueblesdejardin.com\/fr\/","logo":{"@type":"ImageObject","inLanguage":"fr-FR","@id":"https:\/\/keramamueblesdejardin.com\/fr\/#\/schema\/logo\/image\/","url":"https:\/\/keramamueblesdejardin.com\/wp-content\/uploads\/2020\/12\/k.-scaled.jpg","contentUrl":"https:\/\/keramamueblesdejardin.com\/wp-content\/uploads\/2020\/12\/k.-scaled.jpg","width":2560,"height":551,"caption":"kerama"},"image":{"@id":"https:\/\/keramamueblesdejardin.com\/fr\/#\/schema\/logo\/image\/"},"sameAs":["https:\/\/www.facebook.com\/Kerama-Muebles-de-Jard\u00edn-106209328312568\/"]}]}},"df_price":1909,"df_sale_price":1909,"df_regular_price":2367,"df_image_link":"https:\/\/keramamueblesdejardin.com\/wp-content\/uploads\/2025\/01\/set-de-jardin-5-plazas-aluminio-y-cuerda-tyron-300x300.jpg","custom_tabs":[{"title":"MESURES","id":"mesures","content":"<div class=\"list\">\n<div class=\"list\"><strong>Haut: <\/strong>Canap\u00e9 3 places : 72 cm \/ Fauteuil : 72cm \/ Table 42cm<\/div>\n<div class=\"list\"><strong>Large: <\/strong>Canap\u00e9 3 places : 197cm \/ Fauteuil : 77m \/ Table 120cm<\/div>\n<div class=\"list\"><strong>Fond: <\/strong>Canap\u00e9 3 places : 83cm \/ Fauteuil : 83 \/ Table 60cm<\/div>\n<\/div>"},{"title":"D\u00c9BALLAGE ET MONTAGE","id":"deballage-et-montage","content":"<div class=\"list\"><strong style=\"font-weight: bold; color: #282828;\">Recommandations pour le d\u00e9ballage :<\/strong><span style=\"color: #282828;\"> N'utilisez pas d'outils tranchants lors du d\u00e9ballage du meuble, car cela pourrait l'endommager.<\/span><br style=\"color: #282828;\"><strong style=\"font-weight: bold; color: #282828;\">Montage requis (O\/N) :<\/strong><span style=\"color: #282828;\"> Oui<\/span><br style=\"color: #282828;\"><strong style=\"font-weight: bold; color: #282828;\">Difficult\u00e9 de montage :<\/strong><span style=\"color: #282828;\"> Moyen<\/span><br style=\"color: #282828;\"><strong style=\"font-weight: bold; color: #282828;\">Temps de montage :<\/strong><span style=\"color: #282828;\"> 30 minutes<\/span><br style=\"color: #282828;\"><strong style=\"font-weight: bold; color: #282828;\">Personnes recommand\u00e9es pour le montage :<\/strong><span style=\"color: #282828;\"> 2<\/span><br style=\"color: #282828;\"><strong style=\"font-weight: bold; color: #282828;\">Suggestions de montage :<\/strong><span style=\"color: #282828;\">  Pr\u00e9parez une zone de montage propre et s\u00e8che, v\u00e9rifiez qu'aucune des pi\u00e8ces \u00e9num\u00e9r\u00e9es dans le manuel ne manque. Nous recommandons l'utilisation de gants appropri\u00e9s pour le montage. N'utilisez que les pi\u00e8ces et les raccords fournis.<\/span><\/div>"},{"title":"ENTRETIEN ET GARANTIES","id":"entretien-et-garanties","content":"<div class=\"moz-signature\">\n<div class=\"list\"><strong>Recommandations g\u00e9n\u00e9rales :<\/strong>\n\u2022 Les pannes ou dommages caus\u00e9s par :\n\u2022 Les causes accidentelles telles que les chutes, les coups, le d\u00e9versement de liquides, l\u2019introduction de corps \u00e9trangers, ainsi que tout autre cas de force majeure sont exclues de la garantie.\n\u2022 Utilisation n\u00e9gligente, inappropri\u00e9e ou non domestique.\n\u2022 Dommages, corrosion et\/ou oxydation acc\u00e9l\u00e9r\u00e9s par des conditions environnementales d\u00e9favorables\n\u2022 Taches et d\u00e9coloration dues au non-respect de nos instructions de nettoyage\n\u2022 Dommages survenant lors du montage et de la manipulation sans avoir suivi les instructions de montage indiqu\u00e9es.\n<strong>Mode d\u2019emploi et d\u2019entretien :<\/strong>\n\u2022 Nettoyez d\u00e9licatement \u00e0 l\u2019aide d\u2019un chiffon ou utilisez un savon liquide neutre, en rin\u00e7ant abondamment \u00e0 l\u2019eau.\n\u2022 Enlevez r\u00e9guli\u00e8rement la poussi\u00e8re \u00e0 l\u2019aide d\u2019un chiffon doux et d\u2019eau claire.\n\u2022 N\u2019utilisez pas de d\u00e9tergents ou de produits abrasifs pour le nettoyage.\n<strong>Ann\u00e9es de garantie :<\/strong> 3 ans\n<strong>Fabriqu\u00e9 conform\u00e9ment \u00e0 la norme :<\/strong> 581-1,581-2,581-3<\/div>\n<\/div>"}],"_links":{"self":[{"href":"https:\/\/keramamueblesdejardin.com\/fr\/wp-json\/wp\/v2\/product\/175285","targetHints":{"allow":["GET"]}}],"collection":[{"href":"https:\/\/keramamueblesdejardin.com\/fr\/wp-json\/wp\/v2\/product"}],"about":[{"href":"https:\/\/keramamueblesdejardin.com\/fr\/wp-json\/wp\/v2\/types\/product"}],"replies":[{"embeddable":true,"href":"https:\/\/keramamueblesdejardin.com\/fr\/wp-json\/wp\/v2\/comments?post=175285"}],"wp:featuredmedia":[{"embeddable":true,"href":"https:\/\/keramamueblesdejardin.com\/fr\/wp-json\/wp\/v2\/media\/175822"}],"wp:attachment":[{"href":"https:\/\/keramamueblesdejardin.com\/fr\/wp-json\/wp\/v2\/media?parent=175285"}],"wp:term":[{"taxonomy":"product_brand","embeddable":true,"href":"https:\/\/keramamueblesdejardin.com\/fr\/wp-json\/wp\/v2\/product_brand?post=175285"},{"taxonomy":"product_cat","embeddable":true,"href":"https:\/\/keramamueblesdejardin.com\/fr\/wp-json\/wp\/v2\/product_cat?post=175285"},{"taxonomy":"product_tag","embeddable":true,"href":"https:\/\/keramamueblesdejardin.com\/fr\/wp-json\/wp\/v2\/product_tag?post=175285"}],"curies":[{"name":"wp","href":"https:\/\/api.w.org\/{rel}","templated":true}]}}