{"id":161319,"date":"2024-05-23T17:08:08","date_gmt":"2024-05-23T15:08:08","guid":{"rendered":"https:\/\/keramamueblesdejardin.com\/non%20class\u00e9\/ensemble-de-jardin-en-rotin-synthetique-avec-2-tables-5-places-zanica-lucca\/"},"modified":"2025-01-02T13:08:43","modified_gmt":"2025-01-02T12:08:43","slug":"jardin-de-rotin-synthetique-avec-2-tables-zanica-5-places","status":"publish","type":"product","link":"https:\/\/keramamueblesdejardin.com\/fr\/salles-exterieures\/ensembles-de-jardin\/jardin-de-rotin-synthetique-avec-2-tables-zanica-5-places\/","title":{"rendered":"Ensemble de jardin en rotin synth\u00e9tique avec 2 tables 5 places &#8211; Zanica &amp; Lucca"},"content":{"rendered":"<p>Ensemble compos\u00e9 de 2 fauteuils, 1 canap\u00e9 trois places et 2 tables. La collection Palma est r\u00e9alis\u00e9e avec une structure en aluminium et en rotin synth\u00e9tique de couleur beige avec des coussins extra \u00e9pais de couleur brute amovibles et lavables. La collection Palma gravite autour de ses lignes organiques sans ar\u00eates et de l\u00e9g\u00e8res courbes accompagn\u00e9es d\u2019une corde tress\u00e9e \u00e0 la main par nos artisans. Les coussins \u00e9pais offrent un confort haut de gamme pour profiter de vos journ\u00e9es en plein air avec vos proches. Les tables de la collection, avec des plateaux en terrazzo, s\u2019accordent parfaitement avec les tons chauds de la collection Zanica<\/p>\n<p>Fauteuil : 100x83x73cm, Canap\u00e9 3 : 225x83x73cm, Table 1 : 100Dx41cm, Table 2 : 50Dx62cm<\/p>\n","protected":false},"excerpt":{"rendered":"<ul>\n<li>2 fauteuils, 1 canap\u00e9 3 places, 2 tables<\/li>\n<li>Rotin synth\u00e9tique de couleur naturelle<\/li>\n<li>Coussins \u00e9crus et tables en bois et terrazzo<\/li>\n<li>Fauteuil : 100x83x73cm, Canap\u00e9 3 : 225x83x73cm, Table 1 : 100Dx41cm, Table 2 : 50Dx62cm<\/li>\n<\/ul>\n","protected":false},"featured_media":158688,"comment_status":"closed","ping_status":"closed","template":"","meta":{"_acf_changed":false},"product_brand":[],"product_cat":[599,604],"product_tag":[581,5773,628,5855,5545],"class_list":{"0":"post-161319","1":"product","2":"type-product","3":"status-publish","4":"has-post-thumbnail","6":"product_cat-ensembles-de-jardin","7":"product_cat-salles-exterieures","8":"product_tag-bois","9":"product_tag-lucques","10":"product_tag-rotin","11":"product_tag-terrazzo-fr","12":"product_tag-zanica-fr","13":"product_shipping_class-envio-gratuito-fr","14":"pa_alto-73-fr","15":"pa_ancho-226-fr","16":"pa_asientos-5-fr","17":"pa_caracteristicas-housses-lavables","18":"pa_coleccion-lucques","19":"pa_coleccion-paume","20":"pa_espacio-81812-fr","21":"pa_largo-362-fr","22":"pa_m2-81812-fr","23":"pa_material-ratan-fr","24":"pa_tamano-espacio-grand","26":"first","27":"instock","28":"sale","29":"purchasable","30":"product-type-simple","31":"add-to-wishlist-before_image"},"acf":[],"yoast_head":"<!-- This site is optimized with the Yoast SEO plugin v27.4 - https:\/\/yoast.com\/product\/yoast-seo-wordpress\/ -->\n<title>Ensemble de jardin en rotin synth\u00e9tique avec 2 tables 5 places - Zanica &amp; Lucca - Kerama<\/title>\n<meta name=\"robots\" content=\"index, follow, max-snippet:-1, max-image-preview:large, max-video-preview:-1\" \/>\n<link rel=\"canonical\" href=\"https:\/\/keramamueblesdejardin.com\/fr\/salles-exterieures\/ensembles-de-jardin\/jardin-de-rotin-synthetique-avec-2-tables-zanica-5-places\/\" \/>\n<meta property=\"og:locale\" content=\"fr_FR\" \/>\n<meta property=\"og:type\" content=\"article\" \/>\n<meta property=\"og:title\" content=\"Ensemble de jardin en rotin synth\u00e9tique avec 2 tables 5 places - Zanica &amp; Lucca - Kerama\" \/>\n<meta property=\"og:description\" content=\"2 fauteuils, 1 canap\u00e9 3 places, 2 tables  Rotin synth\u00e9tique de couleur naturelle  Coussins \u00e9crus et tables en bois et terrazzo  Fauteuil : 100x83x73cm, Canap\u00e9 3 : 225x83x73cm, Table 1 : 100Dx41cm, Table 2 : 50Dx62cm\" \/>\n<meta property=\"og:url\" content=\"https:\/\/keramamueblesdejardin.com\/fr\/salles-exterieures\/ensembles-de-jardin\/jardin-de-rotin-synthetique-avec-2-tables-zanica-5-places\/\" \/>\n<meta property=\"og:site_name\" content=\"Kerama\" \/>\n<meta property=\"article:publisher\" content=\"https:\/\/www.facebook.com\/Kerama-Muebles-de-Jard%c3%adn-106209328312568\/\" \/>\n<meta property=\"article:modified_time\" content=\"2025-01-02T12:08:43+00:00\" \/>\n<meta property=\"og:image\" content=\"https:\/\/keramamueblesdejardin.com\/wp-content\/uploads\/2024\/05\/set-palma-5.jpg\" \/>\n\t<meta property=\"og:image:width\" content=\"1200\" \/>\n\t<meta property=\"og:image:height\" content=\"1200\" \/>\n\t<meta property=\"og:image:type\" content=\"image\/jpeg\" \/>\n<meta name=\"twitter:card\" content=\"summary_large_image\" \/>\n<meta name=\"twitter:label1\" content=\"Dur\u00e9e de lecture estim\u00e9e\" \/>\n\t<meta name=\"twitter:data1\" content=\"1 minute\" \/>\n<script type=\"application\/ld+json\" class=\"yoast-schema-graph\">{\"@context\":\"https:\\\/\\\/schema.org\",\"@graph\":[{\"@type\":\"WebPage\",\"@id\":\"https:\\\/\\\/keramamueblesdejardin.com\\\/fr\\\/salles-exterieures\\\/ensembles-de-jardin\\\/jardin-de-rotin-synthetique-avec-2-tables-zanica-5-places\\\/\",\"url\":\"https:\\\/\\\/keramamueblesdejardin.com\\\/fr\\\/salles-exterieures\\\/ensembles-de-jardin\\\/jardin-de-rotin-synthetique-avec-2-tables-zanica-5-places\\\/\",\"name\":\"Ensemble de jardin en rotin synth\u00e9tique avec 2 tables 5 places - Zanica &amp; Lucca - Kerama\",\"isPartOf\":{\"@id\":\"https:\\\/\\\/keramamueblesdejardin.com\\\/fr\\\/#website\"},\"primaryImageOfPage\":{\"@id\":\"https:\\\/\\\/keramamueblesdejardin.com\\\/fr\\\/salles-exterieures\\\/ensembles-de-jardin\\\/jardin-de-rotin-synthetique-avec-2-tables-zanica-5-places\\\/#primaryimage\"},\"image\":{\"@id\":\"https:\\\/\\\/keramamueblesdejardin.com\\\/fr\\\/salles-exterieures\\\/ensembles-de-jardin\\\/jardin-de-rotin-synthetique-avec-2-tables-zanica-5-places\\\/#primaryimage\"},\"thumbnailUrl\":\"https:\\\/\\\/keramamueblesdejardin.com\\\/wp-content\\\/uploads\\\/2024\\\/05\\\/set-palma-5.jpg\",\"datePublished\":\"2024-05-23T15:08:08+00:00\",\"dateModified\":\"2025-01-02T12:08:43+00:00\",\"breadcrumb\":{\"@id\":\"https:\\\/\\\/keramamueblesdejardin.com\\\/fr\\\/salles-exterieures\\\/ensembles-de-jardin\\\/jardin-de-rotin-synthetique-avec-2-tables-zanica-5-places\\\/#breadcrumb\"},\"inLanguage\":\"fr-FR\",\"potentialAction\":[{\"@type\":\"ReadAction\",\"target\":[\"https:\\\/\\\/keramamueblesdejardin.com\\\/fr\\\/salles-exterieures\\\/ensembles-de-jardin\\\/jardin-de-rotin-synthetique-avec-2-tables-zanica-5-places\\\/\"]}]},{\"@type\":\"ImageObject\",\"inLanguage\":\"fr-FR\",\"@id\":\"https:\\\/\\\/keramamueblesdejardin.com\\\/fr\\\/salles-exterieures\\\/ensembles-de-jardin\\\/jardin-de-rotin-synthetique-avec-2-tables-zanica-5-places\\\/#primaryimage\",\"url\":\"https:\\\/\\\/keramamueblesdejardin.com\\\/wp-content\\\/uploads\\\/2024\\\/05\\\/set-palma-5.jpg\",\"contentUrl\":\"https:\\\/\\\/keramamueblesdejardin.com\\\/wp-content\\\/uploads\\\/2024\\\/05\\\/set-palma-5.jpg\",\"width\":1200,\"height\":1200},{\"@type\":\"BreadcrumbList\",\"@id\":\"https:\\\/\\\/keramamueblesdejardin.com\\\/fr\\\/salles-exterieures\\\/ensembles-de-jardin\\\/jardin-de-rotin-synthetique-avec-2-tables-zanica-5-places\\\/#breadcrumb\",\"itemListElement\":[{\"@type\":\"ListItem\",\"position\":1,\"name\":\"Home\",\"item\":\"https:\\\/\\\/keramamueblesdejardin.com\\\/fr\\\/\"},{\"@type\":\"ListItem\",\"position\":2,\"name\":\"Boutique\",\"item\":\"https:\\\/\\\/keramamueblesdejardin.com\\\/tienda\\\/\"},{\"@type\":\"ListItem\",\"position\":3,\"name\":\"Salles ext\u00e9rieures\",\"item\":\"https:\\\/\\\/keramamueblesdejardin.com\\\/fr\\\/salles-exterieures\\\/\"},{\"@type\":\"ListItem\",\"position\":4,\"name\":\"Ensembles de jardin\",\"item\":\"https:\\\/\\\/keramamueblesdejardin.com\\\/fr\\\/salles-exterieures\\\/ensembles-de-jardin\\\/\"},{\"@type\":\"ListItem\",\"position\":5,\"name\":\"Ensemble de jardin en rotin synth\u00e9tique avec 2 tables 5 places &#8211; Zanica &amp; Lucca\"}]},{\"@type\":\"WebSite\",\"@id\":\"https:\\\/\\\/keramamueblesdejardin.com\\\/fr\\\/#website\",\"url\":\"https:\\\/\\\/keramamueblesdejardin.com\\\/fr\\\/\",\"name\":\"Kerama\",\"description\":\"muebles de jard\u00edn\",\"publisher\":{\"@id\":\"https:\\\/\\\/keramamueblesdejardin.com\\\/fr\\\/#organization\"},\"potentialAction\":[{\"@type\":\"SearchAction\",\"target\":{\"@type\":\"EntryPoint\",\"urlTemplate\":\"https:\\\/\\\/keramamueblesdejardin.com\\\/fr\\\/?s={search_term_string}\"},\"query-input\":{\"@type\":\"PropertyValueSpecification\",\"valueRequired\":true,\"valueName\":\"search_term_string\"}}],\"inLanguage\":\"fr-FR\"},{\"@type\":\"Organization\",\"@id\":\"https:\\\/\\\/keramamueblesdejardin.com\\\/fr\\\/#organization\",\"name\":\"kerama\",\"url\":\"https:\\\/\\\/keramamueblesdejardin.com\\\/fr\\\/\",\"logo\":{\"@type\":\"ImageObject\",\"inLanguage\":\"fr-FR\",\"@id\":\"https:\\\/\\\/keramamueblesdejardin.com\\\/fr\\\/#\\\/schema\\\/logo\\\/image\\\/\",\"url\":\"https:\\\/\\\/keramamueblesdejardin.com\\\/wp-content\\\/uploads\\\/2020\\\/12\\\/k.-scaled.jpg\",\"contentUrl\":\"https:\\\/\\\/keramamueblesdejardin.com\\\/wp-content\\\/uploads\\\/2020\\\/12\\\/k.-scaled.jpg\",\"width\":2560,\"height\":551,\"caption\":\"kerama\"},\"image\":{\"@id\":\"https:\\\/\\\/keramamueblesdejardin.com\\\/fr\\\/#\\\/schema\\\/logo\\\/image\\\/\"},\"sameAs\":[\"https:\\\/\\\/www.facebook.com\\\/Kerama-Muebles-de-Jard\u00edn-106209328312568\\\/\"]}]}<\/script>\n<!-- \/ Yoast SEO plugin. -->","yoast_head_json":{"title":"Ensemble de jardin en rotin synth\u00e9tique avec 2 tables 5 places - Zanica &amp; Lucca - Kerama","robots":{"index":"index","follow":"follow","max-snippet":"max-snippet:-1","max-image-preview":"max-image-preview:large","max-video-preview":"max-video-preview:-1"},"canonical":"https:\/\/keramamueblesdejardin.com\/fr\/salles-exterieures\/ensembles-de-jardin\/jardin-de-rotin-synthetique-avec-2-tables-zanica-5-places\/","og_locale":"fr_FR","og_type":"article","og_title":"Ensemble de jardin en rotin synth\u00e9tique avec 2 tables 5 places - Zanica &amp; Lucca - Kerama","og_description":"2 fauteuils, 1 canap\u00e9 3 places, 2 tables  Rotin synth\u00e9tique de couleur naturelle  Coussins \u00e9crus et tables en bois et terrazzo  Fauteuil : 100x83x73cm, Canap\u00e9 3 : 225x83x73cm, Table 1 : 100Dx41cm, Table 2 : 50Dx62cm","og_url":"https:\/\/keramamueblesdejardin.com\/fr\/salles-exterieures\/ensembles-de-jardin\/jardin-de-rotin-synthetique-avec-2-tables-zanica-5-places\/","og_site_name":"Kerama","article_publisher":"https:\/\/www.facebook.com\/Kerama-Muebles-de-Jard%c3%adn-106209328312568\/","article_modified_time":"2025-01-02T12:08:43+00:00","og_image":[{"width":1200,"height":1200,"url":"https:\/\/keramamueblesdejardin.com\/wp-content\/uploads\/2024\/05\/set-palma-5.jpg","type":"image\/jpeg"}],"twitter_card":"summary_large_image","twitter_misc":{"Dur\u00e9e de lecture estim\u00e9e":"1 minute"},"schema":{"@context":"https:\/\/schema.org","@graph":[{"@type":"WebPage","@id":"https:\/\/keramamueblesdejardin.com\/fr\/salles-exterieures\/ensembles-de-jardin\/jardin-de-rotin-synthetique-avec-2-tables-zanica-5-places\/","url":"https:\/\/keramamueblesdejardin.com\/fr\/salles-exterieures\/ensembles-de-jardin\/jardin-de-rotin-synthetique-avec-2-tables-zanica-5-places\/","name":"Ensemble de jardin en rotin synth\u00e9tique avec 2 tables 5 places - Zanica &amp; Lucca - Kerama","isPartOf":{"@id":"https:\/\/keramamueblesdejardin.com\/fr\/#website"},"primaryImageOfPage":{"@id":"https:\/\/keramamueblesdejardin.com\/fr\/salles-exterieures\/ensembles-de-jardin\/jardin-de-rotin-synthetique-avec-2-tables-zanica-5-places\/#primaryimage"},"image":{"@id":"https:\/\/keramamueblesdejardin.com\/fr\/salles-exterieures\/ensembles-de-jardin\/jardin-de-rotin-synthetique-avec-2-tables-zanica-5-places\/#primaryimage"},"thumbnailUrl":"https:\/\/keramamueblesdejardin.com\/wp-content\/uploads\/2024\/05\/set-palma-5.jpg","datePublished":"2024-05-23T15:08:08+00:00","dateModified":"2025-01-02T12:08:43+00:00","breadcrumb":{"@id":"https:\/\/keramamueblesdejardin.com\/fr\/salles-exterieures\/ensembles-de-jardin\/jardin-de-rotin-synthetique-avec-2-tables-zanica-5-places\/#breadcrumb"},"inLanguage":"fr-FR","potentialAction":[{"@type":"ReadAction","target":["https:\/\/keramamueblesdejardin.com\/fr\/salles-exterieures\/ensembles-de-jardin\/jardin-de-rotin-synthetique-avec-2-tables-zanica-5-places\/"]}]},{"@type":"ImageObject","inLanguage":"fr-FR","@id":"https:\/\/keramamueblesdejardin.com\/fr\/salles-exterieures\/ensembles-de-jardin\/jardin-de-rotin-synthetique-avec-2-tables-zanica-5-places\/#primaryimage","url":"https:\/\/keramamueblesdejardin.com\/wp-content\/uploads\/2024\/05\/set-palma-5.jpg","contentUrl":"https:\/\/keramamueblesdejardin.com\/wp-content\/uploads\/2024\/05\/set-palma-5.jpg","width":1200,"height":1200},{"@type":"BreadcrumbList","@id":"https:\/\/keramamueblesdejardin.com\/fr\/salles-exterieures\/ensembles-de-jardin\/jardin-de-rotin-synthetique-avec-2-tables-zanica-5-places\/#breadcrumb","itemListElement":[{"@type":"ListItem","position":1,"name":"Home","item":"https:\/\/keramamueblesdejardin.com\/fr\/"},{"@type":"ListItem","position":2,"name":"Boutique","item":"https:\/\/keramamueblesdejardin.com\/tienda\/"},{"@type":"ListItem","position":3,"name":"Salles ext\u00e9rieures","item":"https:\/\/keramamueblesdejardin.com\/fr\/salles-exterieures\/"},{"@type":"ListItem","position":4,"name":"Ensembles de jardin","item":"https:\/\/keramamueblesdejardin.com\/fr\/salles-exterieures\/ensembles-de-jardin\/"},{"@type":"ListItem","position":5,"name":"Ensemble de jardin en rotin synth\u00e9tique avec 2 tables 5 places &#8211; Zanica &amp; Lucca"}]},{"@type":"WebSite","@id":"https:\/\/keramamueblesdejardin.com\/fr\/#website","url":"https:\/\/keramamueblesdejardin.com\/fr\/","name":"Kerama","description":"muebles de jard\u00edn","publisher":{"@id":"https:\/\/keramamueblesdejardin.com\/fr\/#organization"},"potentialAction":[{"@type":"SearchAction","target":{"@type":"EntryPoint","urlTemplate":"https:\/\/keramamueblesdejardin.com\/fr\/?s={search_term_string}"},"query-input":{"@type":"PropertyValueSpecification","valueRequired":true,"valueName":"search_term_string"}}],"inLanguage":"fr-FR"},{"@type":"Organization","@id":"https:\/\/keramamueblesdejardin.com\/fr\/#organization","name":"kerama","url":"https:\/\/keramamueblesdejardin.com\/fr\/","logo":{"@type":"ImageObject","inLanguage":"fr-FR","@id":"https:\/\/keramamueblesdejardin.com\/fr\/#\/schema\/logo\/image\/","url":"https:\/\/keramamueblesdejardin.com\/wp-content\/uploads\/2020\/12\/k.-scaled.jpg","contentUrl":"https:\/\/keramamueblesdejardin.com\/wp-content\/uploads\/2020\/12\/k.-scaled.jpg","width":2560,"height":551,"caption":"kerama"},"image":{"@id":"https:\/\/keramamueblesdejardin.com\/fr\/#\/schema\/logo\/image\/"},"sameAs":["https:\/\/www.facebook.com\/Kerama-Muebles-de-Jard\u00edn-106209328312568\/"]}]}},"df_price":2679,"df_sale_price":2679,"df_regular_price":3194,"df_image_link":"https:\/\/keramamueblesdejardin.com\/wp-content\/uploads\/2024\/05\/set-palma-5-300x300.jpg","custom_tabs":[{"title":"MESURES","id":"mesures","content":"<div class=\"list\"><strong>Haut: <\/strong>Fauteuil : 73cm \/ Canap\u00e9 3 : 73cm \/ Table 1 : 41cm \/ Table 2 : 62cm<\/div>\n<div class=\"list\"><strong>Large: <\/strong>Fauteuil : 100cm \/ Canap\u00e9 3 : 225cm \/ Table 1 : 100cm \/ Table 2 : 50cm<\/div>\n<div class=\"list\"><strong>Fond: <\/strong>Fauteuil : 83cm \/ Canap\u00e9 3 : 83cm \/ Table 1 : 100cm \/ Table 2 : 50cm<\/div>"},{"title":"D\u00c9BALLAGE ET MONTAGE","id":"deballage-et-montage","content":"<div class=\"list\"><strong style=\"font-weight: bold; color: #282828;\">Recommandations pour le d\u00e9ballage :<\/strong><span style=\"color: #282828;\"> N'utilisez pas d'outils tranchants lors du d\u00e9ballage du meuble, car cela pourrait l'endommager.<\/span><br style=\"color: #282828;\"><strong style=\"font-weight: bold; color: #282828;\">Assemblage requis (Oui\/Non) :<\/strong><span style=\"color: #282828;\"> Oui (Tables uniquement)<\/span><br style=\"color: #282828;\"><strong style=\"font-weight: bold; color: #282828;\">Difficult\u00e9 de montage:<\/strong><span style=\"color: #282828;\"> Facile<\/span><br style=\"color: #282828;\"><strong style=\"font-weight: bold; color: #282828;\">Temps de montage :<\/strong><span style=\"color: #282828;\"> 20 minutes<\/span><br style=\"color: #282828;\"><strong style=\"font-weight: bold; color: #282828;\">Personnes recommand\u00e9es pour le montage :<\/strong><span style=\"color: #282828;\"> 2<\/span><br style=\"color: #282828;\"><strong style=\"font-weight: bold; color: #282828;\">Suggestions de montage :<\/strong><span style=\"color: #282828;\">  Pr\u00e9parez une zone de montage propre et s\u00e8che, v\u00e9rifiez qu'aucune des pi\u00e8ces \u00e9num\u00e9r\u00e9es dans le manuel ne manque. Nous recommandons l'utilisation de gants appropri\u00e9s pour le montage. N'utilisez que les pi\u00e8ces et les raccords fournis.<\/span><\/div>"},{"title":"ENTRETIEN ET GARANTIES","id":"entretien-et-garanties","content":"<strong>Recommandations g\u00e9n\u00e9rales :<\/strong>\n- Les d\u00e9faillances ou les dommages caus\u00e9s par les \u00e9l\u00e9ments suivants sont exclus de la garantie :\n- Les causes accidentelles telles que chutes, coups, d\u00e9versement de liquides, introduction de corps \u00e9trangers, ainsi que toute autre force majeure.\n- Utilisation n\u00e9gligente, inappropri\u00e9e ou non domestique.\n- Dommages, corrosion et\/ou oxydation acc\u00e9l\u00e9r\u00e9s par des conditions environnementales d\u00e9favorables.\n- Taches et d\u00e9coloration dues au non-respect de nos instructions de nettoyage.\n- Dommages survenus lors du montage et de la manipulation sans respecter les instructions de montage.\n<strong>Instructions d'utilisation et d'entretien :<\/strong>\n- Essuyez doucement avec un chiffon ou utilisez un savon liquide neutre, puis rincez abondamment \u00e0 l'eau.\n- Enlevez r\u00e9guli\u00e8rement la poussi\u00e8re avec un chiffon doux et de l'eau claire.\n- N'utilisez pas de d\u00e9tergents ou de produits abrasifs pour le nettoyage.\n- Traitement \u00e0 l'huile de lin : Avant d'appliquer une couche d'huile de lin sur le produit \u00e0 l'\u00e9tat naturel, il est conseill\u00e9 de le laisser \u00e0 l'ext\u00e9rieur pendant 2 \u00e0 3 semaines afin de lui donner un aspect homog\u00e8ne et de l'a\u00e9rer. Nettoyer \u00e0 l'eau claire \u00e0 l'aide d'une brosse et laisser s\u00e9cher. Une fois qu'elle est bien s\u00e8che, poncez-la avec une feuille de papier de verre d'un grammage compris entre 120 et 150, avec pr\u00e9caution et sans appuyer, en suivant, autant que possible, le sens des veines ; cette op\u00e9ration ne doit jamais \u00eatre effectu\u00e9e aux premi\u00e8res heures du jour.\nPour conserver la couleur, il est conseill\u00e9 de r\u00e9p\u00e9ter le processus une ou deux fois par an.\nSi l'huile de lin a d\u00e9j\u00e0 \u00e9t\u00e9 appliqu\u00e9e sur le meuble, il est conseill\u00e9 de le poncer tous les trois ans afin que les couches successives d'huile n'emp\u00eachent pas le bois de transpirer.\n<strong>Ann\u00e9es de garantie :<\/strong> 3 ans\n<strong>Fabriqu\u00e9 conform\u00e9ment \u00e0 la norme :<\/strong> 581-1,581-2,581-3\n<strong>Certifi\u00e9 FSC (O\/N) :<\/strong> Oui"}],"_links":{"self":[{"href":"https:\/\/keramamueblesdejardin.com\/fr\/wp-json\/wp\/v2\/product\/161319","targetHints":{"allow":["GET"]}}],"collection":[{"href":"https:\/\/keramamueblesdejardin.com\/fr\/wp-json\/wp\/v2\/product"}],"about":[{"href":"https:\/\/keramamueblesdejardin.com\/fr\/wp-json\/wp\/v2\/types\/product"}],"replies":[{"embeddable":true,"href":"https:\/\/keramamueblesdejardin.com\/fr\/wp-json\/wp\/v2\/comments?post=161319"}],"wp:featuredmedia":[{"embeddable":true,"href":"https:\/\/keramamueblesdejardin.com\/fr\/wp-json\/wp\/v2\/media\/158688"}],"wp:attachment":[{"href":"https:\/\/keramamueblesdejardin.com\/fr\/wp-json\/wp\/v2\/media?parent=161319"}],"wp:term":[{"taxonomy":"product_brand","embeddable":true,"href":"https:\/\/keramamueblesdejardin.com\/fr\/wp-json\/wp\/v2\/product_brand?post=161319"},{"taxonomy":"product_cat","embeddable":true,"href":"https:\/\/keramamueblesdejardin.com\/fr\/wp-json\/wp\/v2\/product_cat?post=161319"},{"taxonomy":"product_tag","embeddable":true,"href":"https:\/\/keramamueblesdejardin.com\/fr\/wp-json\/wp\/v2\/product_tag?post=161319"}],"curies":[{"name":"wp","href":"https:\/\/api.w.org\/{rel}","templated":true}]}}