{"id":63791,"date":"2021-06-22T15:15:09","date_gmt":"2021-06-22T13:15:09","guid":{"rendered":"https:\/\/keramamueblesdejardin.com\/accueil\/"},"modified":"2026-04-16T12:45:38","modified_gmt":"2026-04-16T10:45:38","slug":"accueil","status":"publish","type":"page","link":"https:\/\/keramamueblesdejardin.com\/fr\/","title":{"rendered":"Accueil"},"content":{"rendered":"\t\t<div data-elementor-type=\"wp-page\" data-elementor-id=\"63791\" class=\"elementor elementor-63791 elementor-15248\" wpc-filter-elementor-widget=\"1\" data-elementor-post-type=\"page\">\n\t\t\t\t<div class=\"elementor-element elementor-element-ca03b1e e-flex e-con-boxed e-con e-parent\" data-id=\"ca03b1e\" data-element_type=\"container\" data-e-type=\"container\" data-settings=\"{&quot;background_background&quot;:&quot;classic&quot;}\">\n\t\t\t\t\t<div class=\"e-con-inner\">\n\t\t\t\t<div class=\"elementor-element elementor-element-77133a9 elementor-widget elementor-widget-heading\" data-id=\"77133a9\" data-element_type=\"widget\" data-e-type=\"widget\" data-widget_type=\"heading.default\">\n\t\t\t\t<div class=\"elementor-widget-container\">\n\t\t\t\t\t<h1 class=\"elementor-heading-title elementor-size-default\">LE PRINTEMPS EST L\u00c0, ET NOTRE NOUVELLE COLLECTION AUSSI<\/h1>\t\t\t\t<\/div>\n\t\t\t\t<\/div>\n\t\t\t\t<div class=\"elementor-element elementor-element-55461e7 elementor-align-center elementor-widget elementor-widget-button\" data-id=\"55461e7\" data-element_type=\"widget\" data-e-type=\"widget\" data-widget_type=\"button.default\">\n\t\t\t\t<div class=\"elementor-widget-container\">\n\t\t\t\t\t\t\t\t\t<div class=\"elementor-button-wrapper\">\n\t\t\t\t\t<a class=\"elementor-button elementor-button-link elementor-size-sm elementor-animation-grow\" href=\"https:\/\/keramamueblesdejardin.com\/fr\/offres-en-vedette\/\">\n\t\t\t\t\t\t<span class=\"elementor-button-content-wrapper\">\n\t\t\t\t\t\t\t\t\t<span class=\"elementor-button-text\">D\u00c9COUVREZ-LES<\/span>\n\t\t\t\t\t<\/span>\n\t\t\t\t\t<\/a>\n\t\t\t\t<\/div>\n\t\t\t\t\t\t\t\t<\/div>\n\t\t\t\t<\/div>\n\t\t\t\t\t<\/div>\n\t\t\t\t<\/div>\n\t\t<div class=\"elementor-element elementor-element-ed3298e e-flex e-con-boxed e-con e-parent\" data-id=\"ed3298e\" data-element_type=\"container\" data-e-type=\"container\">\n\t\t\t\t\t<div class=\"e-con-inner\">\n\t\t\t\t<div class=\"elementor-element elementor-element-8b6cd07 elementor-widget elementor-widget-heading\" data-id=\"8b6cd07\" data-element_type=\"widget\" data-e-type=\"widget\" data-widget_type=\"heading.default\">\n\t\t\t\t<div class=\"elementor-widget-container\">\n\t\t\t\t\t<h2 class=\"elementor-heading-title elementor-size-default\">Kerama, mobilier de jardin<\/h2>\t\t\t\t<\/div>\n\t\t\t\t<\/div>\n\t\t\t\t<div class=\"elementor-element elementor-element-4c7a74f elementor-widget elementor-widget-heading\" data-id=\"4c7a74f\" data-element_type=\"widget\" data-e-type=\"widget\" data-widget_type=\"heading.default\">\n\t\t\t\t<div class=\"elementor-widget-container\">\n\t\t\t\t\t<h3 class=\"elementor-heading-title elementor-size-default\">Votre boutique en ligne pour les meubles d'ext\u00e9rieur<\/h3>\t\t\t\t<\/div>\n\t\t\t\t<\/div>\n\t\t<div class=\"elementor-element elementor-element-6dfd260 e-con-full elementor-hidden-desktop elementor-hidden-tablet elementor-hidden-mobile e-flex e-con e-child\" data-id=\"6dfd260\" data-element_type=\"container\" data-e-type=\"container\">\n\t\t\t\t<div class=\"elementor-element elementor-element-e5697d2 elementor-widget elementor-widget-n-carousel\" data-id=\"e5697d2\" data-element_type=\"widget\" data-e-type=\"widget\" data-settings=\"{&quot;carousel_items&quot;:[{&quot;slide_title&quot;:&quot;Slide #1&quot;,&quot;_id&quot;:&quot;169599d&quot;},{&quot;slide_title&quot;:&quot;Slide #1&quot;,&quot;_id&quot;:&quot;787fcdb&quot;},{&quot;slide_title&quot;:&quot;Slide #1&quot;,&quot;_id&quot;:&quot;f8fcf81&quot;},{&quot;slide_title&quot;:&quot;Slide #1&quot;,&quot;_id&quot;:&quot;0c3f4af&quot;},{&quot;slide_title&quot;:&quot;Slide #1&quot;,&quot;_id&quot;:&quot;7c5d196&quot;},{&quot;slide_title&quot;:&quot;Slide #1&quot;,&quot;_id&quot;:&quot;654456f&quot;}],&quot;slides_to_show&quot;:&quot;6&quot;,&quot;offset_sides&quot;:&quot;right&quot;,&quot;offset_width_mobile&quot;:{&quot;unit&quot;:&quot;px&quot;,&quot;size&quot;:120,&quot;sizes&quot;:[]},&quot;image_spacing_custom&quot;:{&quot;unit&quot;:&quot;px&quot;,&quot;size&quot;:30,&quot;sizes&quot;:[]},&quot;image_spacing_custom_mobile&quot;:{&quot;unit&quot;:&quot;px&quot;,&quot;size&quot;:15,&quot;sizes&quot;:[]},&quot;slides_to_show_tablet&quot;:&quot;2&quot;,&quot;slides_to_show_mobile&quot;:&quot;1&quot;,&quot;autoplay&quot;:&quot;yes&quot;,&quot;autoplay_speed&quot;:5000,&quot;pause_on_hover&quot;:&quot;yes&quot;,&quot;pause_on_interaction&quot;:&quot;yes&quot;,&quot;infinite&quot;:&quot;yes&quot;,&quot;speed&quot;:500,&quot;offset_width&quot;:{&quot;unit&quot;:&quot;px&quot;,&quot;size&quot;:80,&quot;sizes&quot;:[]},&quot;offset_width_tablet&quot;:{&quot;unit&quot;:&quot;px&quot;,&quot;size&quot;:&quot;&quot;,&quot;sizes&quot;:[]},&quot;image_spacing_custom_tablet&quot;:{&quot;unit&quot;:&quot;px&quot;,&quot;size&quot;:&quot;&quot;,&quot;sizes&quot;:[]}}\" data-widget_type=\"nested-carousel.default\">\n\t\t\t\t<div class=\"elementor-widget-container\">\n\t\t\t\t\t\t\t<div class=\"e-n-carousel swiper\" role=\"region\" aria-roledescription=\"carousel\" aria-label=\"Carousel\" dir=\"ltr\">\n\t\t\t<div class=\"swiper-wrapper\" aria-live=\"off\">\n\t\t\t\t\t\t\t\t\t\t<div class=\"swiper-slide\" data-slide=\"1\" role=\"group\" aria-roledescription=\"slide\" aria-label=\"1 sur 6\">\n\t\t\t\t\t\t\t<div class=\"elementor-element elementor-element-2dbbc9a e-flex e-con-boxed e-con e-child\" data-id=\"2dbbc9a\" data-element_type=\"container\" data-e-type=\"container\">\n\t\t\t\t\t<div class=\"e-con-inner\">\n\t\t\t\t<div class=\"elementor-element elementor-element-192d416 elementor-cta--skin-cover elementor-animated-content elementor-bg-transform elementor-bg-transform-zoom-in elementor-widget elementor-widget-call-to-action\" data-id=\"192d416\" data-element_type=\"widget\" data-e-type=\"widget\" data-widget_type=\"call-to-action.default\">\n\t\t\t\t<div class=\"elementor-widget-container\">\n\t\t\t\t\t\t\t<a class=\"elementor-cta\" href=\"https:\/\/keramamueblesdejardin.com\/fr\/diner-en-plein-air\/\">\n\t\t\t\t\t<div class=\"elementor-cta__bg-wrapper\">\n\t\t\t\t<div class=\"elementor-cta__bg elementor-bg\" style=\"background-image: url(https:\/\/keramamueblesdejardin.com\/wp-content\/uploads\/2021\/10\/nhjtf-1024x1024.jpg);\" role=\"img\" aria-label=\"Osaka Blanc 8\"><\/div>\n\t\t\t\t<div class=\"elementor-cta__bg-overlay\"><\/div>\n\t\t\t<\/div>\n\t\t\t\t\t\t\t<div class=\"elementor-cta__content\">\n\t\t\t\t\n\t\t\t\t\t\t\t\t\t<h3 class=\"elementor-cta__title elementor-cta__content-item elementor-content-item elementor-animated-item--grow\">\n\t\t\t\t\t\tSALLES \u00c0 MANGER EXT\u00c9RIEURES\t\t\t\t\t<\/h3>\n\t\t\t\t\n\t\t\t\t\n\t\t\t\t\t\t\t<\/div>\n\t\t\t\t\t\t<\/a>\n\t\t\t\t\t\t<\/div>\n\t\t\t\t<\/div>\n\t\t\t\t\t<\/div>\n\t\t\t\t<\/div>\n\t\t\t\t\t\t\t\t<\/div>\n\t\t\t\t\t\t\t\t\t\t\t<div class=\"swiper-slide\" data-slide=\"2\" role=\"group\" aria-roledescription=\"slide\" aria-label=\"2 sur 6\">\n\t\t\t\t\t\t\t<div class=\"elementor-element elementor-element-29685c9 e-flex e-con-boxed e-con e-child\" data-id=\"29685c9\" data-element_type=\"container\" data-e-type=\"container\">\n\t\t\t\t\t<div class=\"e-con-inner\">\n\t\t\t\t<div class=\"elementor-element elementor-element-a5b36f7 elementor-cta--skin-cover elementor-animated-content elementor-bg-transform elementor-bg-transform-zoom-in elementor-widget elementor-widget-call-to-action\" data-id=\"a5b36f7\" data-element_type=\"widget\" data-e-type=\"widget\" data-widget_type=\"call-to-action.default\">\n\t\t\t\t<div class=\"elementor-widget-container\">\n\t\t\t\t\t\t\t<a class=\"elementor-cta\" href=\"https:\/\/keramamueblesdejardin.com\/fr\/salles-exterieures\/\">\n\t\t\t\t\t<div class=\"elementor-cta__bg-wrapper\">\n\t\t\t\t<div class=\"elementor-cta__bg elementor-bg\" style=\"background-image: url(https:\/\/keramamueblesdejardin.com\/wp-content\/uploads\/2023\/02\/set-sicilia-1024x1024.jpg);\" role=\"img\" aria-label=\"Set Sicile\"><\/div>\n\t\t\t\t<div class=\"elementor-cta__bg-overlay\"><\/div>\n\t\t\t<\/div>\n\t\t\t\t\t\t\t<div class=\"elementor-cta__content\">\n\t\t\t\t\n\t\t\t\t\t\t\t\t\t<h3 class=\"elementor-cta__title elementor-cta__content-item elementor-content-item elementor-animated-item--grow\">\n\t\t\t\t\t\tSALONS EXT\u00c9RIEURS\t\t\t\t\t<\/h3>\n\t\t\t\t\n\t\t\t\t\n\t\t\t\t\t\t\t<\/div>\n\t\t\t\t\t\t<\/a>\n\t\t\t\t\t\t<\/div>\n\t\t\t\t<\/div>\n\t\t\t\t\t<\/div>\n\t\t\t\t<\/div>\n\t\t\t\t\t\t\t\t<\/div>\n\t\t\t\t\t\t\t\t\t\t\t<div class=\"swiper-slide\" data-slide=\"3\" role=\"group\" aria-roledescription=\"slide\" aria-label=\"3 sur 6\">\n\t\t\t\t\t\t\t<div class=\"elementor-element elementor-element-45b2f28 e-flex e-con-boxed e-con e-child\" data-id=\"45b2f28\" data-element_type=\"container\" data-e-type=\"container\">\n\t\t\t\t\t<div class=\"e-con-inner\">\n\t\t\t\t<div class=\"elementor-element elementor-element-801d2b1 elementor-cta--skin-cover elementor-animated-content elementor-bg-transform elementor-bg-transform-zoom-in elementor-widget elementor-widget-call-to-action\" data-id=\"801d2b1\" data-element_type=\"widget\" data-e-type=\"widget\" data-widget_type=\"call-to-action.default\">\n\t\t\t\t<div class=\"elementor-widget-container\">\n\t\t\t\t\t\t\t<a class=\"elementor-cta\" href=\"https:\/\/keramamueblesdejardin.com\/fr\/parasols-et-pergolas\/\">\n\t\t\t\t\t<div class=\"elementor-cta__bg-wrapper\">\n\t\t\t\t<div class=\"elementor-cta__bg elementor-bg\" style=\"background-image: url(https:\/\/keramamueblesdejardin.com\/wp-content\/uploads\/2021\/10\/M011-FTS598-0010195-2-1024x1024.jpg);\" role=\"img\" aria-label=\"M011-FTS598-0010195 2\"><\/div>\n\t\t\t\t<div class=\"elementor-cta__bg-overlay\"><\/div>\n\t\t\t<\/div>\n\t\t\t\t\t\t\t<div class=\"elementor-cta__content\">\n\t\t\t\t\n\t\t\t\t\t\t\t\t\t<h3 class=\"elementor-cta__title elementor-cta__content-item elementor-content-item elementor-animated-item--grow\">\n\t\t\t\t\t\tPARASOLS ET PERGOLAS\t\t\t\t\t<\/h3>\n\t\t\t\t\n\t\t\t\t\n\t\t\t\t\t\t\t<\/div>\n\t\t\t\t\t\t<\/a>\n\t\t\t\t\t\t<\/div>\n\t\t\t\t<\/div>\n\t\t\t\t\t<\/div>\n\t\t\t\t<\/div>\n\t\t\t\t\t\t\t\t<\/div>\n\t\t\t\t\t\t\t\t\t\t\t<div class=\"swiper-slide\" data-slide=\"4\" role=\"group\" aria-roledescription=\"slide\" aria-label=\"4 sur 6\">\n\t\t\t\t\t\t\t<div class=\"elementor-element elementor-element-9b12616 e-flex e-con-boxed e-con e-child\" data-id=\"9b12616\" data-element_type=\"container\" data-e-type=\"container\">\n\t\t\t\t\t<div class=\"e-con-inner\">\n\t\t\t\t<div class=\"elementor-element elementor-element-3450109 elementor-cta--skin-cover elementor-animated-content elementor-bg-transform elementor-bg-transform-zoom-in elementor-widget elementor-widget-call-to-action\" data-id=\"3450109\" data-element_type=\"widget\" data-e-type=\"widget\" data-widget_type=\"call-to-action.default\">\n\t\t\t\t<div class=\"elementor-widget-container\">\n\t\t\t\t\t\t\t<a class=\"elementor-cta\" href=\"https:\/\/keramamueblesdejardin.com\/fr\/chaises-longues-et-detente\/\">\n\t\t\t\t\t<div class=\"elementor-cta__bg-wrapper\">\n\t\t\t\t<div class=\"elementor-cta__bg elementor-bg\" style=\"background-image: url(https:\/\/keramamueblesdejardin.com\/wp-content\/uploads\/2023\/04\/rivi-8-1-1024x1024.jpg);\" role=\"img\" aria-label=\"RIVI 8\"><\/div>\n\t\t\t\t<div class=\"elementor-cta__bg-overlay\"><\/div>\n\t\t\t<\/div>\n\t\t\t\t\t\t\t<div class=\"elementor-cta__content\">\n\t\t\t\t\n\t\t\t\t\t\t\t\t\t<h3 class=\"elementor-cta__title elementor-cta__content-item elementor-content-item elementor-animated-item--grow\">\n\t\t\t\t\t\tCHAISES LONGUES ET REPOS\t\t\t\t\t<\/h3>\n\t\t\t\t\n\t\t\t\t\n\t\t\t\t\t\t\t<\/div>\n\t\t\t\t\t\t<\/a>\n\t\t\t\t\t\t<\/div>\n\t\t\t\t<\/div>\n\t\t\t\t\t<\/div>\n\t\t\t\t<\/div>\n\t\t\t\t\t\t\t\t<\/div>\n\t\t\t\t\t\t\t\t\t\t\t<div class=\"swiper-slide\" data-slide=\"5\" role=\"group\" aria-roledescription=\"slide\" aria-label=\"5 sur 6\">\n\t\t\t\t\t\t\t<div class=\"elementor-element elementor-element-d37a053 e-flex e-con-boxed e-con e-child\" data-id=\"d37a053\" data-element_type=\"container\" data-e-type=\"container\">\n\t\t\t\t\t<div class=\"e-con-inner\">\n\t\t\t\t<div class=\"elementor-element elementor-element-dd6eaaf elementor-cta--skin-cover elementor-animated-content elementor-bg-transform elementor-bg-transform-zoom-in elementor-widget elementor-widget-call-to-action\" data-id=\"dd6eaaf\" data-element_type=\"widget\" data-e-type=\"widget\" data-widget_type=\"call-to-action.default\">\n\t\t\t\t<div class=\"elementor-widget-container\">\n\t\t\t\t\t\t\t<a class=\"elementor-cta\" href=\"https:\/\/keramamueblesdejardin.com\/fr\/accessoires-dexterieur\/\">\n\t\t\t\t\t<div class=\"elementor-cta__bg-wrapper\">\n\t\t\t\t<div class=\"elementor-cta__bg elementor-bg\" style=\"background-image: url(https:\/\/keramamueblesdejardin.com\/wp-content\/uploads\/2022\/04\/M011-FTS598-0010778-1024x1024.jpg);\" role=\"img\" aria-label=\"M011-FTS598-0010778\"><\/div>\n\t\t\t\t<div class=\"elementor-cta__bg-overlay\"><\/div>\n\t\t\t<\/div>\n\t\t\t\t\t\t\t<div class=\"elementor-cta__content\">\n\t\t\t\t\n\t\t\t\t\t\t\t\t\t<h3 class=\"elementor-cta__title elementor-cta__content-item elementor-content-item elementor-animated-item--grow\">\n\t\t\t\t\t\tACCESSOIRES D\u2019EXT\u00c9RIEUR\t\t\t\t\t<\/h3>\n\t\t\t\t\n\t\t\t\t\n\t\t\t\t\t\t\t<\/div>\n\t\t\t\t\t\t<\/a>\n\t\t\t\t\t\t<\/div>\n\t\t\t\t<\/div>\n\t\t\t\t\t<\/div>\n\t\t\t\t<\/div>\n\t\t\t\t\t\t\t\t<\/div>\n\t\t\t\t\t\t\t\t\t\t\t<div class=\"swiper-slide\" data-slide=\"6\" role=\"group\" aria-roledescription=\"slide\" aria-label=\"6 sur 6\">\n\t\t\t\t\t\t\t<div class=\"elementor-element elementor-element-1d2587e e-flex e-con-boxed e-con e-child\" data-id=\"1d2587e\" data-element_type=\"container\" data-e-type=\"container\">\n\t\t\t\t\t<div class=\"e-con-inner\">\n\t\t\t\t<div class=\"elementor-element elementor-element-b5e72e8 elementor-cta--skin-cover elementor-animated-content elementor-bg-transform elementor-bg-transform-zoom-in elementor-widget elementor-widget-call-to-action\" data-id=\"b5e72e8\" data-element_type=\"widget\" data-e-type=\"widget\" data-widget_type=\"call-to-action.default\">\n\t\t\t\t<div class=\"elementor-widget-container\">\n\t\t\t\t\t\t\t<a class=\"elementor-cta\" href=\"https:\/\/keramamueblesdejardin.com\/fr\/kerama-business\/\">\n\t\t\t\t\t<div class=\"elementor-cta__bg-wrapper\">\n\t\t\t\t<div class=\"elementor-cta__bg elementor-bg\" style=\"background-image: url(https:\/\/keramamueblesdejardin.com\/wp-content\/uploads\/2025\/05\/Mask-group-6.webp);\" role=\"img\" aria-label=\"Mask-group-6\"><\/div>\n\t\t\t\t<div class=\"elementor-cta__bg-overlay\"><\/div>\n\t\t\t<\/div>\n\t\t\t\t\t\t\t<div class=\"elementor-cta__content\">\n\t\t\t\t\n\t\t\t\t\t\t\t\t\t<h3 class=\"elementor-cta__title elementor-cta__content-item elementor-content-item elementor-animated-item--grow\">\n\t\t\t\t\t\tAFFAIRES\t\t\t\t\t<\/h3>\n\t\t\t\t\n\t\t\t\t\n\t\t\t\t\t\t\t<\/div>\n\t\t\t\t\t\t<\/a>\n\t\t\t\t\t\t<\/div>\n\t\t\t\t<\/div>\n\t\t\t\t\t<\/div>\n\t\t\t\t<\/div>\n\t\t\t\t\t\t\t\t<\/div>\n\t\t\t\t\t\t\t\t<\/div>\n\t\t<\/div>\n\t\t\t\t\t\t<\/div>\n\t\t\t\t<\/div>\n\t\t\t\t<\/div>\n\t\t<div class=\"elementor-element elementor-element-b4c7d91 e-con-full e-grid e-con e-child\" data-id=\"b4c7d91\" data-element_type=\"container\" data-e-type=\"container\">\n\t\t\t\t<div class=\"elementor-element elementor-element-3619ae2 elementor-cta--skin-cover elementor-animated-content elementor-bg-transform elementor-bg-transform-zoom-in elementor-widget elementor-widget-call-to-action\" data-id=\"3619ae2\" data-element_type=\"widget\" data-e-type=\"widget\" data-widget_type=\"call-to-action.default\">\n\t\t\t\t<div class=\"elementor-widget-container\">\n\t\t\t\t\t\t\t<a class=\"elementor-cta\" href=\"https:\/\/keramamueblesdejardin.com\/fr\/diner-en-plein-air\/\">\n\t\t\t\t\t<div class=\"elementor-cta__bg-wrapper\">\n\t\t\t\t<div class=\"elementor-cta__bg elementor-bg\" style=\"background-image: url(https:\/\/keramamueblesdejardin.com\/wp-content\/uploads\/2021\/10\/nhjtf-1024x1024.jpg);\" role=\"img\" aria-label=\"Osaka Blanc 8\"><\/div>\n\t\t\t\t<div class=\"elementor-cta__bg-overlay\"><\/div>\n\t\t\t<\/div>\n\t\t\t\t\t\t\t<div class=\"elementor-cta__content\">\n\t\t\t\t\n\t\t\t\t\t\t\t\t\t<h3 class=\"elementor-cta__title elementor-cta__content-item elementor-content-item elementor-animated-item--grow\">\n\t\t\t\t\t\tSALLES \u00c0 MANGER EXT\u00c9RIEURES\t\t\t\t\t<\/h3>\n\t\t\t\t\n\t\t\t\t\n\t\t\t\t\t\t\t<\/div>\n\t\t\t\t\t\t<\/a>\n\t\t\t\t\t\t<\/div>\n\t\t\t\t<\/div>\n\t\t\t\t<div class=\"elementor-element elementor-element-1e42b3d elementor-cta--skin-cover elementor-animated-content elementor-bg-transform elementor-bg-transform-zoom-in elementor-widget elementor-widget-call-to-action\" data-id=\"1e42b3d\" data-element_type=\"widget\" data-e-type=\"widget\" data-widget_type=\"call-to-action.default\">\n\t\t\t\t<div class=\"elementor-widget-container\">\n\t\t\t\t\t\t\t<a class=\"elementor-cta\" href=\"https:\/\/keramamueblesdejardin.com\/fr\/salles-exterieures\/\">\n\t\t\t\t\t<div class=\"elementor-cta__bg-wrapper\">\n\t\t\t\t<div class=\"elementor-cta__bg elementor-bg\" style=\"background-image: url(https:\/\/keramamueblesdejardin.com\/wp-content\/uploads\/2023\/02\/set-sicilia-1024x1024.jpg);\" role=\"img\" aria-label=\"Set Sicile\"><\/div>\n\t\t\t\t<div class=\"elementor-cta__bg-overlay\"><\/div>\n\t\t\t<\/div>\n\t\t\t\t\t\t\t<div class=\"elementor-cta__content\">\n\t\t\t\t\n\t\t\t\t\t\t\t\t\t<h3 class=\"elementor-cta__title elementor-cta__content-item elementor-content-item elementor-animated-item--grow\">\n\t\t\t\t\t\tSALONS EXT\u00c9RIEURS\t\t\t\t\t<\/h3>\n\t\t\t\t\n\t\t\t\t\n\t\t\t\t\t\t\t<\/div>\n\t\t\t\t\t\t<\/a>\n\t\t\t\t\t\t<\/div>\n\t\t\t\t<\/div>\n\t\t\t\t<div class=\"elementor-element elementor-element-4de836d elementor-cta--skin-cover elementor-animated-content elementor-bg-transform elementor-bg-transform-zoom-in elementor-widget elementor-widget-call-to-action\" data-id=\"4de836d\" data-element_type=\"widget\" data-e-type=\"widget\" data-widget_type=\"call-to-action.default\">\n\t\t\t\t<div class=\"elementor-widget-container\">\n\t\t\t\t\t\t\t<a class=\"elementor-cta\" href=\"https:\/\/keramamueblesdejardin.com\/fr\/parasols-et-pergolas\/\">\n\t\t\t\t\t<div class=\"elementor-cta__bg-wrapper\">\n\t\t\t\t<div class=\"elementor-cta__bg elementor-bg\" style=\"background-image: url(https:\/\/keramamueblesdejardin.com\/wp-content\/uploads\/2021\/10\/M011-FTS598-0010195-2-1024x1024.jpg);\" role=\"img\" aria-label=\"M011-FTS598-0010195 2\"><\/div>\n\t\t\t\t<div class=\"elementor-cta__bg-overlay\"><\/div>\n\t\t\t<\/div>\n\t\t\t\t\t\t\t<div class=\"elementor-cta__content\">\n\t\t\t\t\n\t\t\t\t\t\t\t\t\t<h3 class=\"elementor-cta__title elementor-cta__content-item elementor-content-item elementor-animated-item--grow\">\n\t\t\t\t\t\tPARASOLS ET PERGOLAS\t\t\t\t\t<\/h3>\n\t\t\t\t\n\t\t\t\t\n\t\t\t\t\t\t\t<\/div>\n\t\t\t\t\t\t<\/a>\n\t\t\t\t\t\t<\/div>\n\t\t\t\t<\/div>\n\t\t\t\t<div class=\"elementor-element elementor-element-eb84e40 elementor-cta--skin-cover elementor-animated-content elementor-bg-transform elementor-bg-transform-zoom-in elementor-widget elementor-widget-call-to-action\" data-id=\"eb84e40\" data-element_type=\"widget\" data-e-type=\"widget\" data-widget_type=\"call-to-action.default\">\n\t\t\t\t<div class=\"elementor-widget-container\">\n\t\t\t\t\t\t\t<a class=\"elementor-cta\" href=\"https:\/\/keramamueblesdejardin.com\/fr\/chaises-longues-et-detente\/\">\n\t\t\t\t\t<div class=\"elementor-cta__bg-wrapper\">\n\t\t\t\t<div class=\"elementor-cta__bg elementor-bg\" style=\"background-image: url(https:\/\/keramamueblesdejardin.com\/wp-content\/uploads\/2023\/04\/rivi-8-1-1024x1024.jpg);\" role=\"img\" aria-label=\"RIVI 8\"><\/div>\n\t\t\t\t<div class=\"elementor-cta__bg-overlay\"><\/div>\n\t\t\t<\/div>\n\t\t\t\t\t\t\t<div class=\"elementor-cta__content\">\n\t\t\t\t\n\t\t\t\t\t\t\t\t\t<h3 class=\"elementor-cta__title elementor-cta__content-item elementor-content-item elementor-animated-item--grow\">\n\t\t\t\t\t\tCHAISES LONGUES ET REPOS\t\t\t\t\t<\/h3>\n\t\t\t\t\n\t\t\t\t\n\t\t\t\t\t\t\t<\/div>\n\t\t\t\t\t\t<\/a>\n\t\t\t\t\t\t<\/div>\n\t\t\t\t<\/div>\n\t\t\t\t<div class=\"elementor-element elementor-element-8eaedb8 elementor-cta--skin-cover elementor-animated-content elementor-bg-transform elementor-bg-transform-zoom-in elementor-widget elementor-widget-call-to-action\" data-id=\"8eaedb8\" data-element_type=\"widget\" data-e-type=\"widget\" data-widget_type=\"call-to-action.default\">\n\t\t\t\t<div class=\"elementor-widget-container\">\n\t\t\t\t\t\t\t<a class=\"elementor-cta\" href=\"https:\/\/keramamueblesdejardin.com\/fr\/accessoires-dexterieur\/\">\n\t\t\t\t\t<div class=\"elementor-cta__bg-wrapper\">\n\t\t\t\t<div class=\"elementor-cta__bg elementor-bg\" style=\"background-image: url(https:\/\/keramamueblesdejardin.com\/wp-content\/uploads\/2022\/04\/M011-FTS598-0010778-1024x1024.jpg);\" role=\"img\" aria-label=\"M011-FTS598-0010778\"><\/div>\n\t\t\t\t<div class=\"elementor-cta__bg-overlay\"><\/div>\n\t\t\t<\/div>\n\t\t\t\t\t\t\t<div class=\"elementor-cta__content\">\n\t\t\t\t\n\t\t\t\t\t\t\t\t\t<h3 class=\"elementor-cta__title elementor-cta__content-item elementor-content-item elementor-animated-item--grow\">\n\t\t\t\t\t\tACCESSOIRES D\u2019EXT\u00c9RIEUR\t\t\t\t\t<\/h3>\n\t\t\t\t\n\t\t\t\t\n\t\t\t\t\t\t\t<\/div>\n\t\t\t\t\t\t<\/a>\n\t\t\t\t\t\t<\/div>\n\t\t\t\t<\/div>\n\t\t\t\t<div class=\"elementor-element elementor-element-2e66493 elementor-cta--skin-cover elementor-animated-content elementor-bg-transform elementor-bg-transform-zoom-in elementor-widget elementor-widget-call-to-action\" data-id=\"2e66493\" data-element_type=\"widget\" data-e-type=\"widget\" data-widget_type=\"call-to-action.default\">\n\t\t\t\t<div class=\"elementor-widget-container\">\n\t\t\t\t\t\t\t<a class=\"elementor-cta\" href=\"https:\/\/keramamueblesdejardin.com\/fr\/kerama-business\/\">\n\t\t\t\t\t<div class=\"elementor-cta__bg-wrapper\">\n\t\t\t\t<div class=\"elementor-cta__bg elementor-bg\" style=\"background-image: url(https:\/\/keramamueblesdejardin.com\/wp-content\/uploads\/2025\/05\/Mask-group-6.webp);\" role=\"img\" aria-label=\"Mask-group-6\"><\/div>\n\t\t\t\t<div class=\"elementor-cta__bg-overlay\"><\/div>\n\t\t\t<\/div>\n\t\t\t\t\t\t\t<div class=\"elementor-cta__content\">\n\t\t\t\t\n\t\t\t\t\t\t\t\t\t<h3 class=\"elementor-cta__title elementor-cta__content-item elementor-content-item elementor-animated-item--grow\">\n\t\t\t\t\t\tAFFAIRES\t\t\t\t\t<\/h3>\n\t\t\t\t\n\t\t\t\t\n\t\t\t\t\t\t\t<\/div>\n\t\t\t\t\t\t<\/a>\n\t\t\t\t\t\t<\/div>\n\t\t\t\t<\/div>\n\t\t\t\t<\/div>\n\t\t\t\t\t<\/div>\n\t\t\t\t<\/div>\n\t\t<div class=\"elementor-element elementor-element-ea83d37 e-flex e-con-boxed e-con e-parent\" data-id=\"ea83d37\" data-element_type=\"container\" data-e-type=\"container\">\n\t\t\t\t\t<div class=\"e-con-inner\">\n\t\t\t\t<div class=\"elementor-element elementor-element-3c13f97 elementor-widget elementor-widget-heading\" data-id=\"3c13f97\" data-element_type=\"widget\" data-e-type=\"widget\" data-widget_type=\"heading.default\">\n\t\t\t\t<div class=\"elementor-widget-container\">\n\t\t\t\t\t<h2 class=\"elementor-heading-title elementor-size-default\">Notre s\u00e9lection de salles \u00e0 manger ext\u00e9rieures<\/h2>\t\t\t\t<\/div>\n\t\t\t\t<\/div>\n\t\t\t\t<div class=\"elementor-element elementor-element-64c9309 elementor-arrows-position-inside elementor-widget elementor-widget-loop-carousel\" data-id=\"64c9309\" data-element_type=\"widget\" data-e-type=\"widget\" data-settings=\"{&quot;template_id&quot;:191981,&quot;slides_to_show&quot;:&quot;4&quot;,&quot;slides_to_show_mobile&quot;:&quot;2&quot;,&quot;image_spacing_custom_mobile&quot;:{&quot;unit&quot;:&quot;px&quot;,&quot;size&quot;:0,&quot;sizes&quot;:[]},&quot;slides_to_scroll_mobile&quot;:&quot;1&quot;,&quot;_skin&quot;:&quot;post&quot;,&quot;slides_to_show_tablet&quot;:&quot;2&quot;,&quot;slides_to_scroll&quot;:&quot;1&quot;,&quot;edit_handle_selector&quot;:&quot;.elementor-loop-container&quot;,&quot;infinite&quot;:&quot;yes&quot;,&quot;speed&quot;:500,&quot;offset_sides&quot;:&quot;none&quot;,&quot;arrows&quot;:&quot;yes&quot;,&quot;image_spacing_custom&quot;:{&quot;unit&quot;:&quot;px&quot;,&quot;size&quot;:10,&quot;sizes&quot;:[]},&quot;image_spacing_custom_tablet&quot;:{&quot;unit&quot;:&quot;px&quot;,&quot;size&quot;:&quot;&quot;,&quot;sizes&quot;:[]}}\" data-widget_type=\"loop-carousel.post\">\n\t\t\t\t<div class=\"elementor-widget-container\">\n\t\t\t\t\t\t\t<div class=\"swiper elementor-loop-container elementor-grid\" role=\"list\" dir=\"ltr\">\n\t\t\t\t<div class=\"swiper-wrapper\" aria-live=\"polite\">\n\t\t<style id=\"loop-191981\">.elementor-191981 .elementor-element.elementor-element-15d94ef8{--display:flex;--flex-direction:column;--container-widget-width:100%;--container-widget-height:initial;--container-widget-flex-grow:0;--container-widget-align-self:initial;--flex-wrap-mobile:wrap;--gap:10px 10px;--row-gap:10px;--column-gap:10px;--padding-top:10px;--padding-bottom:10px;--padding-left:10px;--padding-right:10px;}.elementor-191981 .elementor-element.elementor-element-29e97a4{--display:flex;--padding-top:0px;--padding-bottom:0px;--padding-left:0px;--padding-right:0px;}.elementor-widget-theme-post-featured-image .widget-image-caption{color:var( --e-global-color-text );font-family:var( --e-global-typography-text-font-family ), Sans-serif;font-weight:var( --e-global-typography-text-font-weight );}.elementor-191981 .elementor-element.elementor-element-8e6fdd1{--display:grid;--e-con-grid-template-columns:1fr auto;--e-con-grid-template-rows:repeat(1, 1fr);--gap:10px 10px;--row-gap:10px;--column-gap:10px;--grid-auto-flow:row;}.elementor-widget-button .elementor-button{font-family:var( --e-global-typography-accent-font-family ), Sans-serif;font-weight:var( --e-global-typography-accent-font-weight );background-color:var( --e-global-color-accent );}.elementor-191981 .elementor-element.elementor-element-084823c .elementor-button-content-wrapper{flex-direction:row;}.elementor-191981 .elementor-element.elementor-element-084823c .elementor-button .elementor-button-content-wrapper{gap:10px;justify-content:center;}.elementor-191981 .elementor-element.elementor-element-084823c .elementor-button{font-family:\"Raleway\", Sans-serif;font-size:16px;font-weight:700;line-height:16px;fill:#ECDFCC;color:#ECDFCC;background-color:var( --e-global-color-83412d8 );border-style:none;border-radius:0px 0px 0px 0px;padding:15px 15px 15px 15px;}.elementor-191981 .elementor-element.elementor-element-115495ef{--display:flex;--flex-direction:row;--container-widget-width:initial;--container-widget-height:100%;--container-widget-flex-grow:1;--container-widget-align-self:stretch;--flex-wrap-mobile:wrap;--padding-top:0px;--padding-bottom:0px;--padding-left:0px;--padding-right:0px;}.elementor-widget-heading .elementor-heading-title{font-family:var( --e-global-typography-primary-font-family ), Sans-serif;font-weight:var( --e-global-typography-primary-font-weight );color:var( --e-global-color-primary );}.elementor-191981 .elementor-element.elementor-element-117381f5 .elementor-heading-title{font-family:\"Raleway\", Sans-serif;font-size:16px;font-weight:500;line-height:1.2em;color:#000000;}.elementor-191981 .elementor-element.elementor-element-117381f5{width:var( --container-widget-width, 70% );max-width:70%;--container-widget-width:70%;--container-widget-flex-grow:0;}.woocommerce .elementor-widget-woocommerce-product-price .price{color:var( --e-global-color-primary );font-family:var( --e-global-typography-primary-font-family ), Sans-serif;font-weight:var( --e-global-typography-primary-font-weight );}.elementor-191981 .elementor-element.elementor-element-544acd9a{text-align:end;width:var( --container-widget-width, 30% );max-width:30%;--container-widget-width:30%;--container-widget-flex-grow:0;}.woocommerce .elementor-191981 .elementor-element.elementor-element-544acd9a .price{color:#000000;font-family:\"Raleway\", Sans-serif;font-size:16px;font-weight:700;}.woocommerce .elementor-191981 .elementor-element.elementor-element-544acd9a .price ins{color:#AC5238;font-size:16px;font-weight:700;}@media(max-width:1024px){.elementor-191981 .elementor-element.elementor-element-8e6fdd1{--grid-auto-flow:row;}}@media(max-width:767px){.elementor-191981 .elementor-element.elementor-element-8e6d9e7 img{width:100%;}.elementor-191981 .elementor-element.elementor-element-8e6fdd1{--e-con-grid-template-columns:1;--grid-auto-flow:row;}.elementor-191981 .elementor-element.elementor-element-115495ef{--flex-direction:column;--container-widget-width:100%;--container-widget-height:initial;--container-widget-flex-grow:0;--container-widget-align-self:initial;--flex-wrap-mobile:wrap;}.elementor-191981 .elementor-element.elementor-element-117381f5 .elementor-heading-title{font-size:14px;}.elementor-191981 .elementor-element.elementor-element-117381f5{width:100%;max-width:100%;}.elementor-191981 .elementor-element.elementor-element-544acd9a{text-align:start;width:100%;max-width:100%;}.woocommerce .elementor-191981 .elementor-element.elementor-element-544acd9a .price{font-size:14px;}.woocommerce .elementor-191981 .elementor-element.elementor-element-544acd9a .price ins{font-size:14px;}}@media(min-width:768px){.elementor-191981 .elementor-element.elementor-element-8e6fdd1{--width:100%;}}\/* Start custom CSS for theme-post-featured-image, class: .elementor-element-8e6d9e7 *\/.elementor-191981 .elementor-element.elementor-element-8e6d9e7 {\n    aspect-ratio: 1\/1\n}\/* End custom CSS *\/\n\/* Start custom CSS for html, class: .elementor-element-93c48c7 *\/.elementor-191981 .elementor-element.elementor-element-93c48c7 {\n    position: absolute;\n    top:25px;\n    left:25px;\n    background: #AC5238;\n    color:#fff;\n    font-size: 14px;\n    line-height: 1;\n    font-weight: 500; \n    padding: 5px;\n    @media (max-width:767px){\n        font-size: 12px;\n    }\n}\/* End custom CSS *\/\n\/* Start custom CSS for button, class: .elementor-element-084823c *\/.elementor-191981 .elementor-element.elementor-element-084823c .elementor-button-content-wrapper {\n    align-items: baseline;\n}\/* End custom CSS *\/\n\/* Start custom CSS for container, class: .elementor-element-15d94ef8 *\/.elementor-191981 .elementor-element.elementor-element-15d94ef8 .sale-label {\n\n}\n.elementor-191981 .elementor-element.elementor-element-15d94ef8.sale .sale-label {\n    display: flex;\n}\n.elementor-191981 .elementor-element.elementor-element-15d94ef8 del .woocommerce-Price-amount bdi{\n    color: #000!important;\n    font-weight: 700;\n}\n.elementor-191981 .elementor-element.elementor-element-15d94ef8 del  {\n    white-space: nowrap;\n}\n.elementor-191981 .elementor-element.elementor-element-15d94ef8 ins {\n    text-decoration: none!important;\n    white-space: nowrap;\n}\n.elementor-191981 .elementor-element.elementor-element-15d94ef8 ins .woocommerce-Price-amount bdi{\n    text-decoration: none!important;\n    color: #AC5238!important;\n    font-weight: 700;\n}\n.elementor-191981 .elementor-element.elementor-element-15d94ef8 .box-botones {\n    opacity: 0;\n    position: absolute;\n    bottom:0px;\n    left:0px;\n    width: 100%;\n}\n.elementor-191981 .elementor-element.elementor-element-15d94ef8:hover .box-botones {\n    opacity: 1;\n}\n.elementor-191981 .elementor-element.elementor-element-15d94ef8 .btn-add-cart {\n    \n}\n.elementor-191981 .elementor-element.elementor-element-15d94ef8 .btn-whishlist {\n    width: 50px;\n    height: 51px;\n    display: flex;\n    padding: 0 10px;\n    background: #F7F2EB;\n    font-size: 0;\n}\n.elementor-191981 .elementor-element.elementor-element-15d94ef8 .btn-whishlist .yith-wcwl-add-to-wishlist{\n    position: relative;\n    top: 12px;\n    left: 0;\n}\n.elementor-191981 .elementor-element.elementor-element-15d94ef8 .btn-whishlist a {\n    background: none;\n} \n\/*.elementor-191981 .elementor-element.elementor-element-15d94ef8 .btn-whishlist .yith-wcwl-wishlistaddedbrowse a{*\/\n  \n\/*}*\/\n@media (max-width:767px){\n    .elementor-191981 .elementor-element.elementor-element-15d94ef8 del {\n        margin-right:7px;\n    }\n}\/* End custom CSS *\/<\/style>\t\t<div data-elementor-type=\"loop-item\" data-elementor-id=\"191981\" class=\"elementor elementor-191981 elementor-178577 elementor-178577 swiper-slide e-loop-item e-loop-item-177054 post-177054 product type-product status-publish has-post-thumbnail product_cat-diner-en-plein-air product_cat-ensemble-table-et-chaises-de-jardin first instock sale purchasable product-type-simple add-to-wishlist-before_image\" wpc-filter-elementor-widget=\"1\" data-elementor-post-type=\"elementor_library\" role=\"group\" aria-roledescription=\"slide\" data-custom-edit-handle=\"1\">\n\t\t\t<div class=\"elementor-element elementor-element-15d94ef8 e-flex e-con-boxed e-con e-parent\" data-id=\"15d94ef8\" data-element_type=\"container\" data-e-type=\"container\">\n\t\t\t\t\t<div class=\"e-con-inner\">\n\t\t<div class=\"elementor-element elementor-element-29e97a4 e-con-full e-flex e-con e-child\" data-id=\"29e97a4\" data-element_type=\"container\" data-e-type=\"container\">\n\t\t\t\t<div class=\"elementor-element elementor-element-8e6d9e7 elementor-widget elementor-widget-theme-post-featured-image elementor-widget-image\" data-id=\"8e6d9e7\" data-element_type=\"widget\" data-e-type=\"widget\" data-widget_type=\"theme-post-featured-image.default\">\n\t\t\t\t<div class=\"elementor-widget-container\">\n\t\t\t\t\t\t\t\t\t\t\t\t\t\t\t\t<a href=\"https:\/\/keramamueblesdejardin.com\/fr\/diner-en-plein-air\/ensemble-table-et-chaises-de-jardin\/jardin-salle-a-manger-8-places-aluminium-beige-et-bois-vermont\/\">\n\t\t\t\t\t\t\t<img fetchpriority=\"high\" decoding=\"async\" width=\"800\" height=\"800\" src=\"https:\/\/keramamueblesdejardin.com\/wp-content\/uploads\/2025\/03\/vermont-beige-2-1024x1024.jpg\" class=\"attachment-large size-large wp-image-177029\" alt=\"\" srcset=\"https:\/\/keramamueblesdejardin.com\/wp-content\/uploads\/2025\/03\/vermont-beige-2-1024x1024.jpg 1024w, https:\/\/keramamueblesdejardin.com\/wp-content\/uploads\/2025\/03\/vermont-beige-2-800x800.jpg 800w, https:\/\/keramamueblesdejardin.com\/wp-content\/uploads\/2025\/03\/vermont-beige-2-100x100.jpg 100w, https:\/\/keramamueblesdejardin.com\/wp-content\/uploads\/2025\/03\/vermont-beige-2-300x300.jpg 300w, https:\/\/keramamueblesdejardin.com\/wp-content\/uploads\/2025\/03\/vermont-beige-2-150x150.jpg 150w, https:\/\/keramamueblesdejardin.com\/wp-content\/uploads\/2025\/03\/vermont-beige-2-768x768.jpg 768w, https:\/\/keramamueblesdejardin.com\/wp-content\/uploads\/2025\/03\/vermont-beige-2-98x98.jpg 98w, https:\/\/keramamueblesdejardin.com\/wp-content\/uploads\/2025\/03\/vermont-beige-2-175x175.jpg 175w, https:\/\/keramamueblesdejardin.com\/wp-content\/uploads\/2025\/03\/vermont-beige-2.jpg 1200w\" sizes=\"(max-width: 800px) 100vw, 800px\" \/>\t\t\t\t\t\t\t\t<\/a>\n\t\t\t\t\t\t\t\t\t\t\t\t\t\t\t<\/div>\n\t\t\t\t<\/div>\n\t\t\t\t<div class=\"elementor-element elementor-element-93c48c7 sale-label elementor-widget elementor-widget-html\" data-id=\"93c48c7\" data-element_type=\"widget\" data-e-type=\"widget\" data-widget_type=\"html.default\">\n\t\t\t\t<div class=\"elementor-widget-container\">\n\t\t\t\t\t-17%\t\t\t\t<\/div>\n\t\t\t\t<\/div>\n\t\t<div class=\"elementor-element elementor-element-8e6fdd1 e-con-full box-botones e-grid e-con e-child\" data-id=\"8e6fdd1\" data-element_type=\"container\" data-e-type=\"container\">\n\t\t\t\t<div class=\"elementor-element elementor-element-084823c elementor-align-justify btn-add-cart elementor-widget elementor-widget-button\" data-id=\"084823c\" data-element_type=\"widget\" data-e-type=\"widget\" data-widget_type=\"button.default\">\n\t\t\t\t<div class=\"elementor-widget-container\">\n\t\t\t\t\t\t\t\t\t<div class=\"elementor-button-wrapper\">\n\t\t\t\t\t<a class=\"elementor-button elementor-button-link elementor-size-sm\" href=\"https:\/\/keramamueblesdejardin.com\/fr\/diner-en-plein-air\/ensemble-table-et-chaises-de-jardin\/jardin-salle-a-manger-8-places-aluminium-beige-et-bois-vermont\/\">\n\t\t\t\t\t\t<span class=\"elementor-button-content-wrapper\">\n\t\t\t\t\t\t<span class=\"elementor-button-icon\">\n\t\t\t\t<svg xmlns=\"http:\/\/www.w3.org\/2000\/svg\" width=\"20\" height=\"23\" viewBox=\"0 0 20 23\" fill=\"none\"><path d=\"M2.01937 22.5C1.46 22.5 0.983542 22.3033 0.59 21.91C0.196667 21.5165 0 21.04 0 20.4806V7.01937C0 6.46 0.196667 5.98354 0.59 5.59C0.983542 5.19667 1.46 5 2.01937 5H5C5 3.60729 5.48521 2.42583 6.45562 1.45563C7.42583 0.485209 8.60729 0 10 0C11.3927 0 12.5742 0.485209 13.5444 1.45563C14.5148 2.42583 15 3.60729 15 5H17.9806C18.54 5 19.0165 5.19667 19.41 5.59C19.8033 5.98354 20 6.46 20 7.01937V20.4806C20 21.04 19.8033 21.5165 19.41 21.91C19.0165 22.3033 18.54 22.5 17.9806 22.5H2.01937ZM2.01937 21.25H17.9806C18.1731 21.25 18.3495 21.1699 18.5097 21.0097C18.6699 20.8495 18.75 20.6731 18.75 20.4806V7.01937C18.75 6.82687 18.6699 6.65052 18.5097 6.49031C18.3495 6.3301 18.1731 6.25 17.9806 6.25H2.01937C1.82687 6.25 1.65052 6.3301 1.49031 6.49031C1.3301 6.65052 1.25 6.82687 1.25 7.01937V20.4806C1.25 20.6731 1.3301 20.8495 1.49031 21.0097C1.65052 21.1699 1.82687 21.25 2.01937 21.25ZM10 12.5C11.3927 12.5 12.5742 12.0148 13.5444 11.0444C14.5148 10.0742 15 8.89271 15 7.5H13.75C13.75 8.54167 13.3854 9.42708 12.6562 10.1562C11.9271 10.8854 11.0417 11.25 10 11.25C8.95833 11.25 8.07292 10.8854 7.34375 10.1562C6.61458 9.42708 6.25 8.54167 6.25 7.5H5C5 8.89271 5.48521 10.0742 6.45562 11.0444C7.42583 12.0148 8.60729 12.5 10 12.5ZM6.25 5H13.75C13.75 3.95833 13.3854 3.07292 12.6562 2.34375C11.9271 1.61458 11.0417 1.25 10 1.25C8.95833 1.25 8.07292 1.61458 7.34375 2.34375C6.61458 3.07292 6.25 3.95833 6.25 5Z\" fill=\"#EEDFCD\"><\/path><\/svg>\t\t\t<\/span>\n\t\t\t\t\t\t\t\t\t<span class=\"elementor-button-text\">AJOUTER AU PANIER<\/span>\n\t\t\t\t\t<\/span>\n\t\t\t\t\t<\/a>\n\t\t\t\t<\/div>\n\t\t\t\t\t\t\t\t<\/div>\n\t\t\t\t<\/div>\n\t\t\t\t<div class=\"elementor-element elementor-element-490c284 btn-whishlist elementor-widget elementor-widget-html\" data-id=\"490c284\" data-element_type=\"widget\" data-e-type=\"widget\" data-widget_type=\"html.default\">\n\t\t\t\t<div class=\"elementor-widget-container\">\n\t\t\t\t\t\n<div\n\tclass=\"yith-wcwl-add-to-wishlist add-to-wishlist-177054 yith-wcwl-add-to-wishlist--button_default-style wishlist-fragment on-first-load\"\n\tdata-fragment-ref=\"177054\"\n\tdata-fragment-options=\"{&quot;base_url&quot;:&quot;&quot;,&quot;product_id&quot;:177054,&quot;parent_product_id&quot;:0,&quot;product_type&quot;:&quot;simple&quot;,&quot;is_single&quot;:false,&quot;in_default_wishlist&quot;:false,&quot;show_view&quot;:false,&quot;browse_wishlist_text&quot;:&quot;Echar un vistazo a la lista de deseos&quot;,&quot;already_in_wishslist_text&quot;:&quot;Le produit est d\\u00e9j\\u00e0 dans la liste de souhaits&quot;,&quot;product_added_text&quot;:&quot;Produit ajout\\u00e9&quot;,&quot;available_multi_wishlist&quot;:false,&quot;disable_wishlist&quot;:false,&quot;show_count&quot;:false,&quot;ajax_loading&quot;:false,&quot;loop_position&quot;:&quot;before_image&quot;,&quot;item&quot;:&quot;add_to_wishlist&quot;}\"\n>\n\t\t\t\n\t\t\t<!-- ADD TO WISHLIST -->\n\t\t\t\n<div class=\"yith-wcwl-add-button\">\n\t\t<a\n\t\thref=\"?add_to_wishlist=177054&#038;_wpnonce=57be8bc864\"\n\t\tclass=\"add_to_wishlist single_add_to_wishlist alt theme-button-style \"\n\t\tdata-product-id=\"177054\"\n\t\tdata-product-type=\"simple\"\n\t\tdata-original-product-id=\"0\"\n\t\tdata-title=\"\u00c0 la liste de souhaits\"\n\t\trel=\"nofollow\"\n\t>\n\t\t<svg id=\"yith-wcwl-icon-heart-outline\" class=\"yith-wcwl-icon-svg\" fill=\"none\" stroke-width=\"1.5\" stroke=\"currentColor\" viewBox=\"0 0 24 24\" xmlns=\"http:\/\/www.w3.org\/2000\/svg\">\n  <path stroke-linecap=\"round\" stroke-linejoin=\"round\" d=\"M21 8.25c0-2.485-2.099-4.5-4.688-4.5-1.935 0-3.597 1.126-4.312 2.733-.715-1.607-2.377-2.733-4.313-2.733C5.1 3.75 3 5.765 3 8.25c0 7.22 9 12 9 12s9-4.78 9-12Z\"><\/path>\n<\/svg>\t\t<span>\u00c0 la liste de souhaits<\/span>\n\t<\/a>\n<\/div>\n\n\t\t\t<!-- COUNT TEXT -->\n\t\t\t\n\t\t\t<\/div>\n\t\t\t\t<\/div>\n\t\t\t\t<\/div>\n\t\t\t\t<\/div>\n\t\t\t\t<\/div>\n\t\t<div class=\"elementor-element elementor-element-115495ef e-con-full e-flex e-con e-child\" data-id=\"115495ef\" data-element_type=\"container\" data-e-type=\"container\">\n\t\t\t\t<div class=\"elementor-element elementor-element-117381f5 elementor-widget__width-initial elementor-widget-mobile__width-inherit elementor-widget elementor-widget-heading\" data-id=\"117381f5\" data-element_type=\"widget\" data-e-type=\"widget\" data-widget_type=\"heading.default\">\n\t\t\t\t<div class=\"elementor-widget-container\">\n\t\t\t\t\t<h3 class=\"elementor-heading-title elementor-size-default\"><a href=\"https:\/\/keramamueblesdejardin.com\/fr\/diner-en-plein-air\/ensemble-table-et-chaises-de-jardin\/jardin-salle-a-manger-8-places-aluminium-beige-et-bois-vermont\/\">Salle de jardin 8 places en aluminium beige et bois &#8211; Vermont<\/a><\/h3>\t\t\t\t<\/div>\n\t\t\t\t<\/div>\n\t\t\t\t<div class=\"elementor-element elementor-element-544acd9a elementor-widget__width-initial elementor-widget-mobile__width-inherit elementor-widget elementor-widget-woocommerce-product-price\" data-id=\"544acd9a\" data-element_type=\"widget\" data-e-type=\"widget\" data-widget_type=\"woocommerce-product-price.default\">\n\t\t\t\t<div class=\"elementor-widget-container\">\n\t\t\t\t\t<p class=\"price\"><span class=\"wcpbc-price wcpbc-price-177054\" data-product-id=\"177054\"><del aria-hidden=\"true\"><span class=\"woocommerce-Price-amount amount\"><bdi>3.690,00<span class=\"woocommerce-Price-currencySymbol\">&euro;<\/span><\/bdi><\/span><\/del> <span class=\"screen-reader-text\">Le prix initial \u00e9tait\u00a0: 3.690,00&euro;.<\/span><ins aria-hidden=\"true\"><span class=\"woocommerce-Price-amount amount\"><bdi>3.069,00<span class=\"woocommerce-Price-currencySymbol\">&euro;<\/span><\/bdi><\/span><\/ins><span class=\"screen-reader-text\">Le prix actuel est\u00a0: 3.069,00&euro;.<\/span><\/span><\/p>\n\t\t\t\t<\/div>\n\t\t\t\t<\/div>\n\t\t\t\t<\/div>\n\t\t\t\t\t<\/div>\n\t\t\t\t<\/div>\n\t\t\t\t<\/div>\n\t\t\t\t<div data-elementor-type=\"loop-item\" data-elementor-id=\"191981\" class=\"elementor elementor-191981 elementor-178577 elementor-178577 swiper-slide e-loop-item e-loop-item-64038 post-64038 product type-product status-publish has-post-thumbnail product_cat-diner-en-plein-air product_cat-ensemble-table-et-chaises-de-jardin product_tag-aluminium product_tag-grands-espaces product_tag-osaka-fr product_tag-tokyo-fr product_shipping_class-envio-gratuito-fr pa_ancho-250-fr pa_asientos-6-fr pa_caracteristicas-accoudoirs pa_caracteristicas-empilable pa_caracteristicas-extensible-fr pa_caracteristicas-resistant-a-l-eau pa_coleccion-osaka-fr pa_espacio-9-fr pa_forma-rectangulaire pa_largo-360-fr pa_m2-900-fr pa_material-aluminio-fr pa_material-imitation-bois pa_material-textileno-fr pa_tamano-espacio-grand  instock sale purchasable product-type-simple add-to-wishlist-before_image\" wpc-filter-elementor-widget=\"1\" data-elementor-post-type=\"elementor_library\" role=\"group\" aria-roledescription=\"slide\" data-custom-edit-handle=\"1\">\n\t\t\t<div class=\"elementor-element elementor-element-15d94ef8 e-flex e-con-boxed e-con e-parent\" data-id=\"15d94ef8\" data-element_type=\"container\" data-e-type=\"container\">\n\t\t\t\t\t<div class=\"e-con-inner\">\n\t\t<div class=\"elementor-element elementor-element-29e97a4 e-con-full e-flex e-con e-child\" data-id=\"29e97a4\" data-element_type=\"container\" data-e-type=\"container\">\n\t\t\t\t<div class=\"elementor-element elementor-element-8e6d9e7 elementor-widget elementor-widget-theme-post-featured-image elementor-widget-image\" data-id=\"8e6d9e7\" data-element_type=\"widget\" data-e-type=\"widget\" data-widget_type=\"theme-post-featured-image.default\">\n\t\t\t\t<div class=\"elementor-widget-container\">\n\t\t\t\t\t\t\t\t\t\t\t\t\t\t\t\t<a href=\"https:\/\/keramamueblesdejardin.com\/fr\/diner-en-plein-air\/ensemble-table-et-chaises-de-jardin\/set-de-table-de-jardin-200-140x90-cm-et-6-chaises-aluminium-blanc-et-textile-coussine-osaka\/\">\n\t\t\t\t\t\t\t<img decoding=\"async\" width=\"800\" height=\"800\" src=\"https:\/\/keramamueblesdejardin.com\/wp-content\/uploads\/2021\/10\/26-1024x1024.jpg\" class=\"attachment-large size-large wp-image-104821\" alt=\"\" srcset=\"https:\/\/keramamueblesdejardin.com\/wp-content\/uploads\/2021\/10\/26-1024x1024.jpg 1024w, https:\/\/keramamueblesdejardin.com\/wp-content\/uploads\/2021\/10\/26-800x800.jpg 800w, https:\/\/keramamueblesdejardin.com\/wp-content\/uploads\/2021\/10\/26-100x100.jpg 100w, https:\/\/keramamueblesdejardin.com\/wp-content\/uploads\/2021\/10\/26-300x300.jpg 300w, https:\/\/keramamueblesdejardin.com\/wp-content\/uploads\/2021\/10\/26-150x150.jpg 150w, https:\/\/keramamueblesdejardin.com\/wp-content\/uploads\/2021\/10\/26-768x768.jpg 768w, https:\/\/keramamueblesdejardin.com\/wp-content\/uploads\/2021\/10\/26-98x98.jpg 98w, https:\/\/keramamueblesdejardin.com\/wp-content\/uploads\/2021\/10\/26-175x175.jpg 175w, https:\/\/keramamueblesdejardin.com\/wp-content\/uploads\/2021\/10\/26.jpg 1200w\" sizes=\"(max-width: 800px) 100vw, 800px\" \/>\t\t\t\t\t\t\t\t<\/a>\n\t\t\t\t\t\t\t\t\t\t\t\t\t\t\t<\/div>\n\t\t\t\t<\/div>\n\t\t\t\t<div class=\"elementor-element elementor-element-93c48c7 sale-label elementor-widget elementor-widget-html\" data-id=\"93c48c7\" data-element_type=\"widget\" data-e-type=\"widget\" data-widget_type=\"html.default\">\n\t\t\t\t<div class=\"elementor-widget-container\">\n\t\t\t\t\t-19%\t\t\t\t<\/div>\n\t\t\t\t<\/div>\n\t\t<div class=\"elementor-element elementor-element-8e6fdd1 e-con-full box-botones e-grid e-con e-child\" data-id=\"8e6fdd1\" data-element_type=\"container\" data-e-type=\"container\">\n\t\t\t\t<div class=\"elementor-element elementor-element-084823c elementor-align-justify btn-add-cart elementor-widget elementor-widget-button\" data-id=\"084823c\" data-element_type=\"widget\" data-e-type=\"widget\" data-widget_type=\"button.default\">\n\t\t\t\t<div class=\"elementor-widget-container\">\n\t\t\t\t\t\t\t\t\t<div class=\"elementor-button-wrapper\">\n\t\t\t\t\t<a class=\"elementor-button elementor-button-link elementor-size-sm\" href=\"https:\/\/keramamueblesdejardin.com\/fr\/diner-en-plein-air\/ensemble-table-et-chaises-de-jardin\/set-de-table-de-jardin-200-140x90-cm-et-6-chaises-aluminium-blanc-et-textile-coussine-osaka\/\">\n\t\t\t\t\t\t<span class=\"elementor-button-content-wrapper\">\n\t\t\t\t\t\t<span class=\"elementor-button-icon\">\n\t\t\t\t<svg xmlns=\"http:\/\/www.w3.org\/2000\/svg\" width=\"20\" height=\"23\" viewBox=\"0 0 20 23\" fill=\"none\"><path d=\"M2.01937 22.5C1.46 22.5 0.983542 22.3033 0.59 21.91C0.196667 21.5165 0 21.04 0 20.4806V7.01937C0 6.46 0.196667 5.98354 0.59 5.59C0.983542 5.19667 1.46 5 2.01937 5H5C5 3.60729 5.48521 2.42583 6.45562 1.45563C7.42583 0.485209 8.60729 0 10 0C11.3927 0 12.5742 0.485209 13.5444 1.45563C14.5148 2.42583 15 3.60729 15 5H17.9806C18.54 5 19.0165 5.19667 19.41 5.59C19.8033 5.98354 20 6.46 20 7.01937V20.4806C20 21.04 19.8033 21.5165 19.41 21.91C19.0165 22.3033 18.54 22.5 17.9806 22.5H2.01937ZM2.01937 21.25H17.9806C18.1731 21.25 18.3495 21.1699 18.5097 21.0097C18.6699 20.8495 18.75 20.6731 18.75 20.4806V7.01937C18.75 6.82687 18.6699 6.65052 18.5097 6.49031C18.3495 6.3301 18.1731 6.25 17.9806 6.25H2.01937C1.82687 6.25 1.65052 6.3301 1.49031 6.49031C1.3301 6.65052 1.25 6.82687 1.25 7.01937V20.4806C1.25 20.6731 1.3301 20.8495 1.49031 21.0097C1.65052 21.1699 1.82687 21.25 2.01937 21.25ZM10 12.5C11.3927 12.5 12.5742 12.0148 13.5444 11.0444C14.5148 10.0742 15 8.89271 15 7.5H13.75C13.75 8.54167 13.3854 9.42708 12.6562 10.1562C11.9271 10.8854 11.0417 11.25 10 11.25C8.95833 11.25 8.07292 10.8854 7.34375 10.1562C6.61458 9.42708 6.25 8.54167 6.25 7.5H5C5 8.89271 5.48521 10.0742 6.45562 11.0444C7.42583 12.0148 8.60729 12.5 10 12.5ZM6.25 5H13.75C13.75 3.95833 13.3854 3.07292 12.6562 2.34375C11.9271 1.61458 11.0417 1.25 10 1.25C8.95833 1.25 8.07292 1.61458 7.34375 2.34375C6.61458 3.07292 6.25 3.95833 6.25 5Z\" fill=\"#EEDFCD\"><\/path><\/svg>\t\t\t<\/span>\n\t\t\t\t\t\t\t\t\t<span class=\"elementor-button-text\">AJOUTER AU PANIER<\/span>\n\t\t\t\t\t<\/span>\n\t\t\t\t\t<\/a>\n\t\t\t\t<\/div>\n\t\t\t\t\t\t\t\t<\/div>\n\t\t\t\t<\/div>\n\t\t\t\t<div class=\"elementor-element elementor-element-490c284 btn-whishlist elementor-widget elementor-widget-html\" data-id=\"490c284\" data-element_type=\"widget\" data-e-type=\"widget\" data-widget_type=\"html.default\">\n\t\t\t\t<div class=\"elementor-widget-container\">\n\t\t\t\t\t\n<div\n\tclass=\"yith-wcwl-add-to-wishlist add-to-wishlist-64038 yith-wcwl-add-to-wishlist--button_default-style wishlist-fragment on-first-load\"\n\tdata-fragment-ref=\"64038\"\n\tdata-fragment-options=\"{&quot;base_url&quot;:&quot;&quot;,&quot;product_id&quot;:64038,&quot;parent_product_id&quot;:0,&quot;product_type&quot;:&quot;simple&quot;,&quot;is_single&quot;:false,&quot;in_default_wishlist&quot;:false,&quot;show_view&quot;:false,&quot;browse_wishlist_text&quot;:&quot;Echar un vistazo a la lista de deseos&quot;,&quot;already_in_wishslist_text&quot;:&quot;Le produit est d\\u00e9j\\u00e0 dans la liste de souhaits&quot;,&quot;product_added_text&quot;:&quot;Produit ajout\\u00e9&quot;,&quot;available_multi_wishlist&quot;:false,&quot;disable_wishlist&quot;:false,&quot;show_count&quot;:false,&quot;ajax_loading&quot;:false,&quot;loop_position&quot;:&quot;before_image&quot;,&quot;item&quot;:&quot;add_to_wishlist&quot;}\"\n>\n\t\t\t\n\t\t\t<!-- ADD TO WISHLIST -->\n\t\t\t\n<div class=\"yith-wcwl-add-button\">\n\t\t<a\n\t\thref=\"?add_to_wishlist=64038&#038;_wpnonce=57be8bc864\"\n\t\tclass=\"add_to_wishlist single_add_to_wishlist alt theme-button-style \"\n\t\tdata-product-id=\"64038\"\n\t\tdata-product-type=\"simple\"\n\t\tdata-original-product-id=\"0\"\n\t\tdata-title=\"\u00c0 la liste de souhaits\"\n\t\trel=\"nofollow\"\n\t>\n\t\t<svg id=\"yith-wcwl-icon-heart-outline\" class=\"yith-wcwl-icon-svg\" fill=\"none\" stroke-width=\"1.5\" stroke=\"currentColor\" viewBox=\"0 0 24 24\" xmlns=\"http:\/\/www.w3.org\/2000\/svg\">\n  <path stroke-linecap=\"round\" stroke-linejoin=\"round\" d=\"M21 8.25c0-2.485-2.099-4.5-4.688-4.5-1.935 0-3.597 1.126-4.312 2.733-.715-1.607-2.377-2.733-4.313-2.733C5.1 3.75 3 5.765 3 8.25c0 7.22 9 12 9 12s9-4.78 9-12Z\"><\/path>\n<\/svg>\t\t<span>\u00c0 la liste de souhaits<\/span>\n\t<\/a>\n<\/div>\n\n\t\t\t<!-- COUNT TEXT -->\n\t\t\t\n\t\t\t<\/div>\n\t\t\t\t<\/div>\n\t\t\t\t<\/div>\n\t\t\t\t<\/div>\n\t\t\t\t<\/div>\n\t\t<div class=\"elementor-element elementor-element-115495ef e-con-full e-flex e-con e-child\" data-id=\"115495ef\" data-element_type=\"container\" data-e-type=\"container\">\n\t\t\t\t<div class=\"elementor-element elementor-element-117381f5 elementor-widget__width-initial elementor-widget-mobile__width-inherit elementor-widget elementor-widget-heading\" data-id=\"117381f5\" data-element_type=\"widget\" data-e-type=\"widget\" data-widget_type=\"heading.default\">\n\t\t\t\t<div class=\"elementor-widget-container\">\n\t\t\t\t\t<h3 class=\"elementor-heading-title elementor-size-default\"><a href=\"https:\/\/keramamueblesdejardin.com\/fr\/diner-en-plein-air\/ensemble-table-et-chaises-de-jardin\/set-de-table-de-jardin-200-140x90-cm-et-6-chaises-aluminium-blanc-et-textile-coussine-osaka\/\">Table de jardin 200\/140&#215;90 cm et 6 chaises en aluminium blanc et textil\u00e8ne rembourr\u00e9 &#8211; Osaka<\/a><\/h3>\t\t\t\t<\/div>\n\t\t\t\t<\/div>\n\t\t\t\t<div class=\"elementor-element elementor-element-544acd9a elementor-widget__width-initial elementor-widget-mobile__width-inherit elementor-widget elementor-widget-woocommerce-product-price\" data-id=\"544acd9a\" data-element_type=\"widget\" data-e-type=\"widget\" data-widget_type=\"woocommerce-product-price.default\">\n\t\t\t\t<div class=\"elementor-widget-container\">\n\t\t\t\t\t<p class=\"price\"><span class=\"wcpbc-price wcpbc-price-64038\" data-product-id=\"64038\"><del aria-hidden=\"true\"><span class=\"woocommerce-Price-amount amount\"><bdi>1.403,00<span class=\"woocommerce-Price-currencySymbol\">&euro;<\/span><\/bdi><\/span><\/del> <span class=\"screen-reader-text\">Le prix initial \u00e9tait\u00a0: 1.403,00&euro;.<\/span><ins aria-hidden=\"true\"><span class=\"woocommerce-Price-amount amount\"><bdi>1.139,00<span class=\"woocommerce-Price-currencySymbol\">&euro;<\/span><\/bdi><\/span><\/ins><span class=\"screen-reader-text\">Le prix actuel est\u00a0: 1.139,00&euro;.<\/span><\/span><\/p>\n\t\t\t\t<\/div>\n\t\t\t\t<\/div>\n\t\t\t\t<\/div>\n\t\t\t\t\t<\/div>\n\t\t\t\t<\/div>\n\t\t\t\t<\/div>\n\t\t\t\t<div data-elementor-type=\"loop-item\" data-elementor-id=\"191981\" class=\"elementor elementor-191981 elementor-178577 elementor-178577 swiper-slide e-loop-item e-loop-item-64976 post-64976 product type-product status-publish has-post-thumbnail product_cat-diner-en-plein-air product_cat-ensemble-table-et-chaises-de-jardin product_tag-aluminium product_tag-grands-espaces product_tag-osaka-fr product_tag-tokyo-fr product_shipping_class-envio-gratuito-fr pa_ancho-250-fr pa_asientos-6-fr pa_caracteristicas-accoudoirs pa_caracteristicas-empilable pa_caracteristicas-extensible-fr pa_caracteristicas-resistant-a-l-eau pa_coleccion-osaka-fr pa_espacio-9-fr pa_forma-rectangulaire pa_largo-360-fr pa_m2-900-fr pa_material-aluminio-fr pa_material-imitation-bois pa_material-textileno-fr pa_tamano-espacio-grand  instock sale featured purchasable product-type-simple add-to-wishlist-before_image\" wpc-filter-elementor-widget=\"1\" data-elementor-post-type=\"elementor_library\" role=\"group\" aria-roledescription=\"slide\" data-custom-edit-handle=\"1\">\n\t\t\t<div class=\"elementor-element elementor-element-15d94ef8 e-flex e-con-boxed e-con e-parent\" data-id=\"15d94ef8\" data-element_type=\"container\" data-e-type=\"container\">\n\t\t\t\t\t<div class=\"e-con-inner\">\n\t\t<div class=\"elementor-element elementor-element-29e97a4 e-con-full e-flex e-con e-child\" data-id=\"29e97a4\" data-element_type=\"container\" data-e-type=\"container\">\n\t\t\t\t<div class=\"elementor-element elementor-element-8e6d9e7 elementor-widget elementor-widget-theme-post-featured-image elementor-widget-image\" data-id=\"8e6d9e7\" data-element_type=\"widget\" data-e-type=\"widget\" data-widget_type=\"theme-post-featured-image.default\">\n\t\t\t\t<div class=\"elementor-widget-container\">\n\t\t\t\t\t\t\t\t\t\t\t\t\t\t\t\t<a href=\"https:\/\/keramamueblesdejardin.com\/fr\/diner-en-plein-air\/ensemble-table-et-chaises-de-jardin\/set-de-table-de-jardin-200-140x90-cm-et-6-chaises-aluminium-aluminium-anthracite-et-textilene-coussin-osaka\/\">\n\t\t\t\t\t\t\t<img decoding=\"async\" width=\"800\" height=\"800\" src=\"https:\/\/keramamueblesdejardin.com\/wp-content\/uploads\/2021\/10\/24-1024x1024.jpg\" class=\"attachment-large size-large wp-image-104816\" alt=\"\" srcset=\"https:\/\/keramamueblesdejardin.com\/wp-content\/uploads\/2021\/10\/24-1024x1024.jpg 1024w, https:\/\/keramamueblesdejardin.com\/wp-content\/uploads\/2021\/10\/24-800x800.jpg 800w, https:\/\/keramamueblesdejardin.com\/wp-content\/uploads\/2021\/10\/24-100x100.jpg 100w, https:\/\/keramamueblesdejardin.com\/wp-content\/uploads\/2021\/10\/24-300x300.jpg 300w, https:\/\/keramamueblesdejardin.com\/wp-content\/uploads\/2021\/10\/24-150x150.jpg 150w, https:\/\/keramamueblesdejardin.com\/wp-content\/uploads\/2021\/10\/24-768x768.jpg 768w, https:\/\/keramamueblesdejardin.com\/wp-content\/uploads\/2021\/10\/24-98x98.jpg 98w, https:\/\/keramamueblesdejardin.com\/wp-content\/uploads\/2021\/10\/24-175x175.jpg 175w, https:\/\/keramamueblesdejardin.com\/wp-content\/uploads\/2021\/10\/24.jpg 1200w\" sizes=\"(max-width: 800px) 100vw, 800px\" \/>\t\t\t\t\t\t\t\t<\/a>\n\t\t\t\t\t\t\t\t\t\t\t\t\t\t\t<\/div>\n\t\t\t\t<\/div>\n\t\t\t\t<div class=\"elementor-element elementor-element-93c48c7 sale-label elementor-widget elementor-widget-html\" data-id=\"93c48c7\" data-element_type=\"widget\" data-e-type=\"widget\" data-widget_type=\"html.default\">\n\t\t\t\t<div class=\"elementor-widget-container\">\n\t\t\t\t\t-19%\t\t\t\t<\/div>\n\t\t\t\t<\/div>\n\t\t<div class=\"elementor-element elementor-element-8e6fdd1 e-con-full box-botones e-grid e-con e-child\" data-id=\"8e6fdd1\" data-element_type=\"container\" data-e-type=\"container\">\n\t\t\t\t<div class=\"elementor-element elementor-element-084823c elementor-align-justify btn-add-cart elementor-widget elementor-widget-button\" data-id=\"084823c\" data-element_type=\"widget\" data-e-type=\"widget\" data-widget_type=\"button.default\">\n\t\t\t\t<div class=\"elementor-widget-container\">\n\t\t\t\t\t\t\t\t\t<div class=\"elementor-button-wrapper\">\n\t\t\t\t\t<a class=\"elementor-button elementor-button-link elementor-size-sm\" href=\"https:\/\/keramamueblesdejardin.com\/fr\/diner-en-plein-air\/ensemble-table-et-chaises-de-jardin\/set-de-table-de-jardin-200-140x90-cm-et-6-chaises-aluminium-aluminium-anthracite-et-textilene-coussin-osaka\/\">\n\t\t\t\t\t\t<span class=\"elementor-button-content-wrapper\">\n\t\t\t\t\t\t<span class=\"elementor-button-icon\">\n\t\t\t\t<svg xmlns=\"http:\/\/www.w3.org\/2000\/svg\" width=\"20\" height=\"23\" viewBox=\"0 0 20 23\" fill=\"none\"><path d=\"M2.01937 22.5C1.46 22.5 0.983542 22.3033 0.59 21.91C0.196667 21.5165 0 21.04 0 20.4806V7.01937C0 6.46 0.196667 5.98354 0.59 5.59C0.983542 5.19667 1.46 5 2.01937 5H5C5 3.60729 5.48521 2.42583 6.45562 1.45563C7.42583 0.485209 8.60729 0 10 0C11.3927 0 12.5742 0.485209 13.5444 1.45563C14.5148 2.42583 15 3.60729 15 5H17.9806C18.54 5 19.0165 5.19667 19.41 5.59C19.8033 5.98354 20 6.46 20 7.01937V20.4806C20 21.04 19.8033 21.5165 19.41 21.91C19.0165 22.3033 18.54 22.5 17.9806 22.5H2.01937ZM2.01937 21.25H17.9806C18.1731 21.25 18.3495 21.1699 18.5097 21.0097C18.6699 20.8495 18.75 20.6731 18.75 20.4806V7.01937C18.75 6.82687 18.6699 6.65052 18.5097 6.49031C18.3495 6.3301 18.1731 6.25 17.9806 6.25H2.01937C1.82687 6.25 1.65052 6.3301 1.49031 6.49031C1.3301 6.65052 1.25 6.82687 1.25 7.01937V20.4806C1.25 20.6731 1.3301 20.8495 1.49031 21.0097C1.65052 21.1699 1.82687 21.25 2.01937 21.25ZM10 12.5C11.3927 12.5 12.5742 12.0148 13.5444 11.0444C14.5148 10.0742 15 8.89271 15 7.5H13.75C13.75 8.54167 13.3854 9.42708 12.6562 10.1562C11.9271 10.8854 11.0417 11.25 10 11.25C8.95833 11.25 8.07292 10.8854 7.34375 10.1562C6.61458 9.42708 6.25 8.54167 6.25 7.5H5C5 8.89271 5.48521 10.0742 6.45562 11.0444C7.42583 12.0148 8.60729 12.5 10 12.5ZM6.25 5H13.75C13.75 3.95833 13.3854 3.07292 12.6562 2.34375C11.9271 1.61458 11.0417 1.25 10 1.25C8.95833 1.25 8.07292 1.61458 7.34375 2.34375C6.61458 3.07292 6.25 3.95833 6.25 5Z\" fill=\"#EEDFCD\"><\/path><\/svg>\t\t\t<\/span>\n\t\t\t\t\t\t\t\t\t<span class=\"elementor-button-text\">AJOUTER AU PANIER<\/span>\n\t\t\t\t\t<\/span>\n\t\t\t\t\t<\/a>\n\t\t\t\t<\/div>\n\t\t\t\t\t\t\t\t<\/div>\n\t\t\t\t<\/div>\n\t\t\t\t<div class=\"elementor-element elementor-element-490c284 btn-whishlist elementor-widget elementor-widget-html\" data-id=\"490c284\" data-element_type=\"widget\" data-e-type=\"widget\" data-widget_type=\"html.default\">\n\t\t\t\t<div class=\"elementor-widget-container\">\n\t\t\t\t\t\n<div\n\tclass=\"yith-wcwl-add-to-wishlist add-to-wishlist-64976 yith-wcwl-add-to-wishlist--button_default-style wishlist-fragment on-first-load\"\n\tdata-fragment-ref=\"64976\"\n\tdata-fragment-options=\"{&quot;base_url&quot;:&quot;&quot;,&quot;product_id&quot;:64976,&quot;parent_product_id&quot;:0,&quot;product_type&quot;:&quot;simple&quot;,&quot;is_single&quot;:false,&quot;in_default_wishlist&quot;:false,&quot;show_view&quot;:false,&quot;browse_wishlist_text&quot;:&quot;Echar un vistazo a la lista de deseos&quot;,&quot;already_in_wishslist_text&quot;:&quot;Le produit est d\\u00e9j\\u00e0 dans la liste de souhaits&quot;,&quot;product_added_text&quot;:&quot;Produit ajout\\u00e9&quot;,&quot;available_multi_wishlist&quot;:false,&quot;disable_wishlist&quot;:false,&quot;show_count&quot;:false,&quot;ajax_loading&quot;:false,&quot;loop_position&quot;:&quot;before_image&quot;,&quot;item&quot;:&quot;add_to_wishlist&quot;}\"\n>\n\t\t\t\n\t\t\t<!-- ADD TO WISHLIST -->\n\t\t\t\n<div class=\"yith-wcwl-add-button\">\n\t\t<a\n\t\thref=\"?add_to_wishlist=64976&#038;_wpnonce=57be8bc864\"\n\t\tclass=\"add_to_wishlist single_add_to_wishlist alt theme-button-style \"\n\t\tdata-product-id=\"64976\"\n\t\tdata-product-type=\"simple\"\n\t\tdata-original-product-id=\"0\"\n\t\tdata-title=\"\u00c0 la liste de souhaits\"\n\t\trel=\"nofollow\"\n\t>\n\t\t<svg id=\"yith-wcwl-icon-heart-outline\" class=\"yith-wcwl-icon-svg\" fill=\"none\" stroke-width=\"1.5\" stroke=\"currentColor\" viewBox=\"0 0 24 24\" xmlns=\"http:\/\/www.w3.org\/2000\/svg\">\n  <path stroke-linecap=\"round\" stroke-linejoin=\"round\" d=\"M21 8.25c0-2.485-2.099-4.5-4.688-4.5-1.935 0-3.597 1.126-4.312 2.733-.715-1.607-2.377-2.733-4.313-2.733C5.1 3.75 3 5.765 3 8.25c0 7.22 9 12 9 12s9-4.78 9-12Z\"><\/path>\n<\/svg>\t\t<span>\u00c0 la liste de souhaits<\/span>\n\t<\/a>\n<\/div>\n\n\t\t\t<!-- COUNT TEXT -->\n\t\t\t\n\t\t\t<\/div>\n\t\t\t\t<\/div>\n\t\t\t\t<\/div>\n\t\t\t\t<\/div>\n\t\t\t\t<\/div>\n\t\t<div class=\"elementor-element elementor-element-115495ef e-con-full e-flex e-con e-child\" data-id=\"115495ef\" data-element_type=\"container\" data-e-type=\"container\">\n\t\t\t\t<div class=\"elementor-element elementor-element-117381f5 elementor-widget__width-initial elementor-widget-mobile__width-inherit elementor-widget elementor-widget-heading\" data-id=\"117381f5\" data-element_type=\"widget\" data-e-type=\"widget\" data-widget_type=\"heading.default\">\n\t\t\t\t<div class=\"elementor-widget-container\">\n\t\t\t\t\t<h3 class=\"elementor-heading-title elementor-size-default\"><a href=\"https:\/\/keramamueblesdejardin.com\/fr\/diner-en-plein-air\/ensemble-table-et-chaises-de-jardin\/set-de-table-de-jardin-200-140x90-cm-et-6-chaises-aluminium-aluminium-anthracite-et-textilene-coussin-osaka\/\">Table de jardin 200\/140&#215;90 cm et 6 chaises en aluminium anthracite et textil\u00e8ne rembourr\u00e9 &#8211; Osaka<\/a><\/h3>\t\t\t\t<\/div>\n\t\t\t\t<\/div>\n\t\t\t\t<div class=\"elementor-element elementor-element-544acd9a elementor-widget__width-initial elementor-widget-mobile__width-inherit elementor-widget elementor-widget-woocommerce-product-price\" data-id=\"544acd9a\" data-element_type=\"widget\" data-e-type=\"widget\" data-widget_type=\"woocommerce-product-price.default\">\n\t\t\t\t<div class=\"elementor-widget-container\">\n\t\t\t\t\t<p class=\"price\"><span class=\"wcpbc-price wcpbc-price-64976\" data-product-id=\"64976\"><del aria-hidden=\"true\"><span class=\"woocommerce-Price-amount amount\"><bdi>1.403,00<span class=\"woocommerce-Price-currencySymbol\">&euro;<\/span><\/bdi><\/span><\/del> <span class=\"screen-reader-text\">Le prix initial \u00e9tait\u00a0: 1.403,00&euro;.<\/span><ins aria-hidden=\"true\"><span class=\"woocommerce-Price-amount amount\"><bdi>1.139,00<span class=\"woocommerce-Price-currencySymbol\">&euro;<\/span><\/bdi><\/span><\/ins><span class=\"screen-reader-text\">Le prix actuel est\u00a0: 1.139,00&euro;.<\/span><\/span><\/p>\n\t\t\t\t<\/div>\n\t\t\t\t<\/div>\n\t\t\t\t<\/div>\n\t\t\t\t\t<\/div>\n\t\t\t\t<\/div>\n\t\t\t\t<\/div>\n\t\t\t\t<div data-elementor-type=\"loop-item\" data-elementor-id=\"191981\" class=\"elementor elementor-191981 elementor-178577 elementor-178577 swiper-slide e-loop-item e-loop-item-64055 post-64055 product type-product status-publish has-post-thumbnail product_cat-diner-en-plein-air product_cat-ensemble-table-et-chaises-de-jardin product_tag-bois product_tag-grands-espaces product_tag-riviera-fr product_shipping_class-envio-gratuito-fr pa_ancho-250-fr pa_asientos-4-fr-2 pa_caracteristicas-housses-lavables pa_coleccion-bolonia-fr pa_coleccion-riviera-fr pa_espacio-4-25-fr pa_forma-rectangulaire pa_largo-170-fr pa_m2-425-fr pa_material-madera-fr pa_material-cuerda-fr pa_tamano-espacio-grand last instock sale purchasable product-type-simple add-to-wishlist-before_image\" wpc-filter-elementor-widget=\"1\" data-elementor-post-type=\"elementor_library\" role=\"group\" aria-roledescription=\"slide\" data-custom-edit-handle=\"1\">\n\t\t\t<div class=\"elementor-element elementor-element-15d94ef8 e-flex e-con-boxed e-con e-parent\" data-id=\"15d94ef8\" data-element_type=\"container\" data-e-type=\"container\">\n\t\t\t\t\t<div class=\"e-con-inner\">\n\t\t<div class=\"elementor-element elementor-element-29e97a4 e-con-full e-flex e-con e-child\" data-id=\"29e97a4\" data-element_type=\"container\" data-e-type=\"container\">\n\t\t\t\t<div class=\"elementor-element elementor-element-8e6d9e7 elementor-widget elementor-widget-theme-post-featured-image elementor-widget-image\" data-id=\"8e6d9e7\" data-element_type=\"widget\" data-e-type=\"widget\" data-widget_type=\"theme-post-featured-image.default\">\n\t\t\t\t<div class=\"elementor-widget-container\">\n\t\t\t\t\t\t\t\t\t\t\t\t\t\t\t\t<a href=\"https:\/\/keramamueblesdejardin.com\/fr\/diner-en-plein-air\/ensemble-table-et-chaises-de-jardin\/set-table-de-jardin-170x90-cm-et-4-chaises-bois-et-ficelle-riviera\/\">\n\t\t\t\t\t\t\t<img loading=\"lazy\" decoding=\"async\" width=\"800\" height=\"800\" src=\"https:\/\/keramamueblesdejardin.com\/wp-content\/uploads\/2021\/10\/riviera-4-170-1024x1024.jpg\" class=\"attachment-large size-large wp-image-176469\" alt=\"conjunto de comedor de jard\u00edn 6 plazas Riviera\" srcset=\"https:\/\/keramamueblesdejardin.com\/wp-content\/uploads\/2021\/10\/riviera-4-170-1024x1024.jpg 1024w, https:\/\/keramamueblesdejardin.com\/wp-content\/uploads\/2021\/10\/riviera-4-170-800x800.jpg 800w, https:\/\/keramamueblesdejardin.com\/wp-content\/uploads\/2021\/10\/riviera-4-170-100x100.jpg 100w, https:\/\/keramamueblesdejardin.com\/wp-content\/uploads\/2021\/10\/riviera-4-170-300x300.jpg 300w, https:\/\/keramamueblesdejardin.com\/wp-content\/uploads\/2021\/10\/riviera-4-170-150x150.jpg 150w, https:\/\/keramamueblesdejardin.com\/wp-content\/uploads\/2021\/10\/riviera-4-170-768x768.jpg 768w, https:\/\/keramamueblesdejardin.com\/wp-content\/uploads\/2021\/10\/riviera-4-170-98x98.jpg 98w, https:\/\/keramamueblesdejardin.com\/wp-content\/uploads\/2021\/10\/riviera-4-170-175x175.jpg 175w, https:\/\/keramamueblesdejardin.com\/wp-content\/uploads\/2021\/10\/riviera-4-170.jpg 1200w\" sizes=\"(max-width: 800px) 100vw, 800px\" \/>\t\t\t\t\t\t\t\t<\/a>\n\t\t\t\t\t\t\t\t\t\t\t\t\t\t\t<\/div>\n\t\t\t\t<\/div>\n\t\t\t\t<div class=\"elementor-element elementor-element-93c48c7 sale-label elementor-widget elementor-widget-html\" data-id=\"93c48c7\" data-element_type=\"widget\" data-e-type=\"widget\" data-widget_type=\"html.default\">\n\t\t\t\t<div class=\"elementor-widget-container\">\n\t\t\t\t\t-19%\t\t\t\t<\/div>\n\t\t\t\t<\/div>\n\t\t<div class=\"elementor-element elementor-element-8e6fdd1 e-con-full box-botones e-grid e-con e-child\" data-id=\"8e6fdd1\" data-element_type=\"container\" data-e-type=\"container\">\n\t\t\t\t<div class=\"elementor-element elementor-element-084823c elementor-align-justify btn-add-cart elementor-widget elementor-widget-button\" data-id=\"084823c\" data-element_type=\"widget\" data-e-type=\"widget\" data-widget_type=\"button.default\">\n\t\t\t\t<div class=\"elementor-widget-container\">\n\t\t\t\t\t\t\t\t\t<div class=\"elementor-button-wrapper\">\n\t\t\t\t\t<a class=\"elementor-button elementor-button-link elementor-size-sm\" href=\"https:\/\/keramamueblesdejardin.com\/fr\/diner-en-plein-air\/ensemble-table-et-chaises-de-jardin\/set-table-de-jardin-170x90-cm-et-4-chaises-bois-et-ficelle-riviera\/\">\n\t\t\t\t\t\t<span class=\"elementor-button-content-wrapper\">\n\t\t\t\t\t\t<span class=\"elementor-button-icon\">\n\t\t\t\t<svg xmlns=\"http:\/\/www.w3.org\/2000\/svg\" width=\"20\" height=\"23\" viewBox=\"0 0 20 23\" fill=\"none\"><path d=\"M2.01937 22.5C1.46 22.5 0.983542 22.3033 0.59 21.91C0.196667 21.5165 0 21.04 0 20.4806V7.01937C0 6.46 0.196667 5.98354 0.59 5.59C0.983542 5.19667 1.46 5 2.01937 5H5C5 3.60729 5.48521 2.42583 6.45562 1.45563C7.42583 0.485209 8.60729 0 10 0C11.3927 0 12.5742 0.485209 13.5444 1.45563C14.5148 2.42583 15 3.60729 15 5H17.9806C18.54 5 19.0165 5.19667 19.41 5.59C19.8033 5.98354 20 6.46 20 7.01937V20.4806C20 21.04 19.8033 21.5165 19.41 21.91C19.0165 22.3033 18.54 22.5 17.9806 22.5H2.01937ZM2.01937 21.25H17.9806C18.1731 21.25 18.3495 21.1699 18.5097 21.0097C18.6699 20.8495 18.75 20.6731 18.75 20.4806V7.01937C18.75 6.82687 18.6699 6.65052 18.5097 6.49031C18.3495 6.3301 18.1731 6.25 17.9806 6.25H2.01937C1.82687 6.25 1.65052 6.3301 1.49031 6.49031C1.3301 6.65052 1.25 6.82687 1.25 7.01937V20.4806C1.25 20.6731 1.3301 20.8495 1.49031 21.0097C1.65052 21.1699 1.82687 21.25 2.01937 21.25ZM10 12.5C11.3927 12.5 12.5742 12.0148 13.5444 11.0444C14.5148 10.0742 15 8.89271 15 7.5H13.75C13.75 8.54167 13.3854 9.42708 12.6562 10.1562C11.9271 10.8854 11.0417 11.25 10 11.25C8.95833 11.25 8.07292 10.8854 7.34375 10.1562C6.61458 9.42708 6.25 8.54167 6.25 7.5H5C5 8.89271 5.48521 10.0742 6.45562 11.0444C7.42583 12.0148 8.60729 12.5 10 12.5ZM6.25 5H13.75C13.75 3.95833 13.3854 3.07292 12.6562 2.34375C11.9271 1.61458 11.0417 1.25 10 1.25C8.95833 1.25 8.07292 1.61458 7.34375 2.34375C6.61458 3.07292 6.25 3.95833 6.25 5Z\" fill=\"#EEDFCD\"><\/path><\/svg>\t\t\t<\/span>\n\t\t\t\t\t\t\t\t\t<span class=\"elementor-button-text\">AJOUTER AU PANIER<\/span>\n\t\t\t\t\t<\/span>\n\t\t\t\t\t<\/a>\n\t\t\t\t<\/div>\n\t\t\t\t\t\t\t\t<\/div>\n\t\t\t\t<\/div>\n\t\t\t\t<div class=\"elementor-element elementor-element-490c284 btn-whishlist elementor-widget elementor-widget-html\" data-id=\"490c284\" data-element_type=\"widget\" data-e-type=\"widget\" data-widget_type=\"html.default\">\n\t\t\t\t<div class=\"elementor-widget-container\">\n\t\t\t\t\t\n<div\n\tclass=\"yith-wcwl-add-to-wishlist add-to-wishlist-64055 yith-wcwl-add-to-wishlist--button_default-style wishlist-fragment on-first-load\"\n\tdata-fragment-ref=\"64055\"\n\tdata-fragment-options=\"{&quot;base_url&quot;:&quot;&quot;,&quot;product_id&quot;:64055,&quot;parent_product_id&quot;:0,&quot;product_type&quot;:&quot;simple&quot;,&quot;is_single&quot;:false,&quot;in_default_wishlist&quot;:false,&quot;show_view&quot;:false,&quot;browse_wishlist_text&quot;:&quot;Echar un vistazo a la lista de deseos&quot;,&quot;already_in_wishslist_text&quot;:&quot;Le produit est d\\u00e9j\\u00e0 dans la liste de souhaits&quot;,&quot;product_added_text&quot;:&quot;Produit ajout\\u00e9&quot;,&quot;available_multi_wishlist&quot;:false,&quot;disable_wishlist&quot;:false,&quot;show_count&quot;:false,&quot;ajax_loading&quot;:false,&quot;loop_position&quot;:&quot;before_image&quot;,&quot;item&quot;:&quot;add_to_wishlist&quot;}\"\n>\n\t\t\t\n\t\t\t<!-- ADD TO WISHLIST -->\n\t\t\t\n<div class=\"yith-wcwl-add-button\">\n\t\t<a\n\t\thref=\"?add_to_wishlist=64055&#038;_wpnonce=57be8bc864\"\n\t\tclass=\"add_to_wishlist single_add_to_wishlist alt theme-button-style \"\n\t\tdata-product-id=\"64055\"\n\t\tdata-product-type=\"simple\"\n\t\tdata-original-product-id=\"0\"\n\t\tdata-title=\"\u00c0 la liste de souhaits\"\n\t\trel=\"nofollow\"\n\t>\n\t\t<svg id=\"yith-wcwl-icon-heart-outline\" class=\"yith-wcwl-icon-svg\" fill=\"none\" stroke-width=\"1.5\" stroke=\"currentColor\" viewBox=\"0 0 24 24\" xmlns=\"http:\/\/www.w3.org\/2000\/svg\">\n  <path stroke-linecap=\"round\" stroke-linejoin=\"round\" d=\"M21 8.25c0-2.485-2.099-4.5-4.688-4.5-1.935 0-3.597 1.126-4.312 2.733-.715-1.607-2.377-2.733-4.313-2.733C5.1 3.75 3 5.765 3 8.25c0 7.22 9 12 9 12s9-4.78 9-12Z\"><\/path>\n<\/svg>\t\t<span>\u00c0 la liste de souhaits<\/span>\n\t<\/a>\n<\/div>\n\n\t\t\t<!-- COUNT TEXT -->\n\t\t\t\n\t\t\t<\/div>\n\t\t\t\t<\/div>\n\t\t\t\t<\/div>\n\t\t\t\t<\/div>\n\t\t\t\t<\/div>\n\t\t<div class=\"elementor-element elementor-element-115495ef e-con-full e-flex e-con e-child\" data-id=\"115495ef\" data-element_type=\"container\" data-e-type=\"container\">\n\t\t\t\t<div class=\"elementor-element elementor-element-117381f5 elementor-widget__width-initial elementor-widget-mobile__width-inherit elementor-widget elementor-widget-heading\" data-id=\"117381f5\" data-element_type=\"widget\" data-e-type=\"widget\" data-widget_type=\"heading.default\">\n\t\t\t\t<div class=\"elementor-widget-container\">\n\t\t\t\t\t<h3 class=\"elementor-heading-title elementor-size-default\"><a href=\"https:\/\/keramamueblesdejardin.com\/fr\/diner-en-plein-air\/ensemble-table-et-chaises-de-jardin\/set-table-de-jardin-170x90-cm-et-4-chaises-bois-et-ficelle-riviera\/\">Set table de jardin 170&#215;90 cm et 4 chaises bois et corde &#8211; Riviera<\/a><\/h3>\t\t\t\t<\/div>\n\t\t\t\t<\/div>\n\t\t\t\t<div class=\"elementor-element elementor-element-544acd9a elementor-widget__width-initial elementor-widget-mobile__width-inherit elementor-widget elementor-widget-woocommerce-product-price\" data-id=\"544acd9a\" data-element_type=\"widget\" data-e-type=\"widget\" data-widget_type=\"woocommerce-product-price.default\">\n\t\t\t\t<div class=\"elementor-widget-container\">\n\t\t\t\t\t<p class=\"price\"><span class=\"wcpbc-price wcpbc-price-64055\" data-product-id=\"64055\"><del aria-hidden=\"true\"><span class=\"woocommerce-Price-amount amount\"><bdi>1.502,00<span class=\"woocommerce-Price-currencySymbol\">&euro;<\/span><\/bdi><\/span><\/del> <span class=\"screen-reader-text\">Le prix initial \u00e9tait\u00a0: 1.502,00&euro;.<\/span><ins aria-hidden=\"true\"><span class=\"woocommerce-Price-amount amount\"><bdi>1.219,00<span class=\"woocommerce-Price-currencySymbol\">&euro;<\/span><\/bdi><\/span><\/ins><span class=\"screen-reader-text\">Le prix actuel est\u00a0: 1.219,00&euro;.<\/span><\/span><\/p>\n\t\t\t\t<\/div>\n\t\t\t\t<\/div>\n\t\t\t\t<\/div>\n\t\t\t\t\t<\/div>\n\t\t\t\t<\/div>\n\t\t\t\t<\/div>\n\t\t\t\t<div data-elementor-type=\"loop-item\" data-elementor-id=\"191981\" class=\"elementor elementor-191981 elementor-178577 elementor-178577 swiper-slide e-loop-item e-loop-item-64065 post-64065 product type-product status-publish has-post-thumbnail product_cat-diner-en-plein-air product_cat-ensemble-table-et-chaises-de-jardin product_tag-bois product_tag-grands-espaces product_tag-riviera-fr product_shipping_class-envio-gratuito-fr pa_ancho-260-fr pa_asientos-8-fr pa_caracteristicas-housses-lavables pa_coleccion-bolonia-fr pa_coleccion-riviera-fr pa_espacio-10-14-fr pa_forma-rectangulaire pa_largo-390-fr pa_m2-1014-fr pa_material-madera-fr pa_material-cuerda-fr pa_tamano-espacio-grand first instock sale purchasable product-type-simple add-to-wishlist-before_image\" wpc-filter-elementor-widget=\"1\" data-elementor-post-type=\"elementor_library\" role=\"group\" aria-roledescription=\"slide\" data-custom-edit-handle=\"1\">\n\t\t\t<div class=\"elementor-element elementor-element-15d94ef8 e-flex e-con-boxed e-con e-parent\" data-id=\"15d94ef8\" data-element_type=\"container\" data-e-type=\"container\">\n\t\t\t\t\t<div class=\"e-con-inner\">\n\t\t<div class=\"elementor-element elementor-element-29e97a4 e-con-full e-flex e-con e-child\" data-id=\"29e97a4\" data-element_type=\"container\" data-e-type=\"container\">\n\t\t\t\t<div class=\"elementor-element elementor-element-8e6d9e7 elementor-widget elementor-widget-theme-post-featured-image elementor-widget-image\" data-id=\"8e6d9e7\" data-element_type=\"widget\" data-e-type=\"widget\" data-widget_type=\"theme-post-featured-image.default\">\n\t\t\t\t<div class=\"elementor-widget-container\">\n\t\t\t\t\t\t\t\t\t\t\t\t\t\t\t\t<a href=\"https:\/\/keramamueblesdejardin.com\/fr\/diner-en-plein-air\/ensemble-table-et-chaises-de-jardin\/set-table-de-jardin-230x100-cm-et-8-chaises-bois-et-ficelle-riviera\/\">\n\t\t\t\t\t\t\t<img loading=\"lazy\" decoding=\"async\" width=\"800\" height=\"800\" src=\"https:\/\/keramamueblesdejardin.com\/wp-content\/uploads\/2021\/10\/riviera-8-230-1024x1024.jpg\" class=\"attachment-large size-large wp-image-176463\" alt=\"conjunto de comedor de jardin de madera de 8 plazas Riviera\" srcset=\"https:\/\/keramamueblesdejardin.com\/wp-content\/uploads\/2021\/10\/riviera-8-230-1024x1024.jpg 1024w, https:\/\/keramamueblesdejardin.com\/wp-content\/uploads\/2021\/10\/riviera-8-230-800x800.jpg 800w, https:\/\/keramamueblesdejardin.com\/wp-content\/uploads\/2021\/10\/riviera-8-230-100x100.jpg 100w, https:\/\/keramamueblesdejardin.com\/wp-content\/uploads\/2021\/10\/riviera-8-230-300x300.jpg 300w, https:\/\/keramamueblesdejardin.com\/wp-content\/uploads\/2021\/10\/riviera-8-230-150x150.jpg 150w, https:\/\/keramamueblesdejardin.com\/wp-content\/uploads\/2021\/10\/riviera-8-230-768x768.jpg 768w, https:\/\/keramamueblesdejardin.com\/wp-content\/uploads\/2021\/10\/riviera-8-230-98x98.jpg 98w, https:\/\/keramamueblesdejardin.com\/wp-content\/uploads\/2021\/10\/riviera-8-230-175x175.jpg 175w, https:\/\/keramamueblesdejardin.com\/wp-content\/uploads\/2021\/10\/riviera-8-230.jpg 1200w\" sizes=\"(max-width: 800px) 100vw, 800px\" \/>\t\t\t\t\t\t\t\t<\/a>\n\t\t\t\t\t\t\t\t\t\t\t\t\t\t\t<\/div>\n\t\t\t\t<\/div>\n\t\t\t\t<div class=\"elementor-element elementor-element-93c48c7 sale-label elementor-widget elementor-widget-html\" data-id=\"93c48c7\" data-element_type=\"widget\" data-e-type=\"widget\" data-widget_type=\"html.default\">\n\t\t\t\t<div class=\"elementor-widget-container\">\n\t\t\t\t\t-19%\t\t\t\t<\/div>\n\t\t\t\t<\/div>\n\t\t<div class=\"elementor-element elementor-element-8e6fdd1 e-con-full box-botones e-grid e-con e-child\" data-id=\"8e6fdd1\" data-element_type=\"container\" data-e-type=\"container\">\n\t\t\t\t<div class=\"elementor-element elementor-element-084823c elementor-align-justify btn-add-cart elementor-widget elementor-widget-button\" data-id=\"084823c\" data-element_type=\"widget\" data-e-type=\"widget\" data-widget_type=\"button.default\">\n\t\t\t\t<div class=\"elementor-widget-container\">\n\t\t\t\t\t\t\t\t\t<div class=\"elementor-button-wrapper\">\n\t\t\t\t\t<a class=\"elementor-button elementor-button-link elementor-size-sm\" href=\"https:\/\/keramamueblesdejardin.com\/fr\/diner-en-plein-air\/ensemble-table-et-chaises-de-jardin\/set-table-de-jardin-230x100-cm-et-8-chaises-bois-et-ficelle-riviera\/\">\n\t\t\t\t\t\t<span class=\"elementor-button-content-wrapper\">\n\t\t\t\t\t\t<span class=\"elementor-button-icon\">\n\t\t\t\t<svg xmlns=\"http:\/\/www.w3.org\/2000\/svg\" width=\"20\" height=\"23\" viewBox=\"0 0 20 23\" fill=\"none\"><path d=\"M2.01937 22.5C1.46 22.5 0.983542 22.3033 0.59 21.91C0.196667 21.5165 0 21.04 0 20.4806V7.01937C0 6.46 0.196667 5.98354 0.59 5.59C0.983542 5.19667 1.46 5 2.01937 5H5C5 3.60729 5.48521 2.42583 6.45562 1.45563C7.42583 0.485209 8.60729 0 10 0C11.3927 0 12.5742 0.485209 13.5444 1.45563C14.5148 2.42583 15 3.60729 15 5H17.9806C18.54 5 19.0165 5.19667 19.41 5.59C19.8033 5.98354 20 6.46 20 7.01937V20.4806C20 21.04 19.8033 21.5165 19.41 21.91C19.0165 22.3033 18.54 22.5 17.9806 22.5H2.01937ZM2.01937 21.25H17.9806C18.1731 21.25 18.3495 21.1699 18.5097 21.0097C18.6699 20.8495 18.75 20.6731 18.75 20.4806V7.01937C18.75 6.82687 18.6699 6.65052 18.5097 6.49031C18.3495 6.3301 18.1731 6.25 17.9806 6.25H2.01937C1.82687 6.25 1.65052 6.3301 1.49031 6.49031C1.3301 6.65052 1.25 6.82687 1.25 7.01937V20.4806C1.25 20.6731 1.3301 20.8495 1.49031 21.0097C1.65052 21.1699 1.82687 21.25 2.01937 21.25ZM10 12.5C11.3927 12.5 12.5742 12.0148 13.5444 11.0444C14.5148 10.0742 15 8.89271 15 7.5H13.75C13.75 8.54167 13.3854 9.42708 12.6562 10.1562C11.9271 10.8854 11.0417 11.25 10 11.25C8.95833 11.25 8.07292 10.8854 7.34375 10.1562C6.61458 9.42708 6.25 8.54167 6.25 7.5H5C5 8.89271 5.48521 10.0742 6.45562 11.0444C7.42583 12.0148 8.60729 12.5 10 12.5ZM6.25 5H13.75C13.75 3.95833 13.3854 3.07292 12.6562 2.34375C11.9271 1.61458 11.0417 1.25 10 1.25C8.95833 1.25 8.07292 1.61458 7.34375 2.34375C6.61458 3.07292 6.25 3.95833 6.25 5Z\" fill=\"#EEDFCD\"><\/path><\/svg>\t\t\t<\/span>\n\t\t\t\t\t\t\t\t\t<span class=\"elementor-button-text\">AJOUTER AU PANIER<\/span>\n\t\t\t\t\t<\/span>\n\t\t\t\t\t<\/a>\n\t\t\t\t<\/div>\n\t\t\t\t\t\t\t\t<\/div>\n\t\t\t\t<\/div>\n\t\t\t\t<div class=\"elementor-element elementor-element-490c284 btn-whishlist elementor-widget elementor-widget-html\" data-id=\"490c284\" data-element_type=\"widget\" data-e-type=\"widget\" data-widget_type=\"html.default\">\n\t\t\t\t<div class=\"elementor-widget-container\">\n\t\t\t\t\t\n<div\n\tclass=\"yith-wcwl-add-to-wishlist add-to-wishlist-64065 yith-wcwl-add-to-wishlist--button_default-style wishlist-fragment on-first-load\"\n\tdata-fragment-ref=\"64065\"\n\tdata-fragment-options=\"{&quot;base_url&quot;:&quot;&quot;,&quot;product_id&quot;:64065,&quot;parent_product_id&quot;:0,&quot;product_type&quot;:&quot;simple&quot;,&quot;is_single&quot;:false,&quot;in_default_wishlist&quot;:false,&quot;show_view&quot;:false,&quot;browse_wishlist_text&quot;:&quot;Echar un vistazo a la lista de deseos&quot;,&quot;already_in_wishslist_text&quot;:&quot;Le produit est d\\u00e9j\\u00e0 dans la liste de souhaits&quot;,&quot;product_added_text&quot;:&quot;Produit ajout\\u00e9&quot;,&quot;available_multi_wishlist&quot;:false,&quot;disable_wishlist&quot;:false,&quot;show_count&quot;:false,&quot;ajax_loading&quot;:false,&quot;loop_position&quot;:&quot;before_image&quot;,&quot;item&quot;:&quot;add_to_wishlist&quot;}\"\n>\n\t\t\t\n\t\t\t<!-- ADD TO WISHLIST -->\n\t\t\t\n<div class=\"yith-wcwl-add-button\">\n\t\t<a\n\t\thref=\"?add_to_wishlist=64065&#038;_wpnonce=57be8bc864\"\n\t\tclass=\"add_to_wishlist single_add_to_wishlist alt theme-button-style \"\n\t\tdata-product-id=\"64065\"\n\t\tdata-product-type=\"simple\"\n\t\tdata-original-product-id=\"0\"\n\t\tdata-title=\"\u00c0 la liste de souhaits\"\n\t\trel=\"nofollow\"\n\t>\n\t\t<svg id=\"yith-wcwl-icon-heart-outline\" class=\"yith-wcwl-icon-svg\" fill=\"none\" stroke-width=\"1.5\" stroke=\"currentColor\" viewBox=\"0 0 24 24\" xmlns=\"http:\/\/www.w3.org\/2000\/svg\">\n  <path stroke-linecap=\"round\" stroke-linejoin=\"round\" d=\"M21 8.25c0-2.485-2.099-4.5-4.688-4.5-1.935 0-3.597 1.126-4.312 2.733-.715-1.607-2.377-2.733-4.313-2.733C5.1 3.75 3 5.765 3 8.25c0 7.22 9 12 9 12s9-4.78 9-12Z\"><\/path>\n<\/svg>\t\t<span>\u00c0 la liste de souhaits<\/span>\n\t<\/a>\n<\/div>\n\n\t\t\t<!-- COUNT TEXT -->\n\t\t\t\n\t\t\t<\/div>\n\t\t\t\t<\/div>\n\t\t\t\t<\/div>\n\t\t\t\t<\/div>\n\t\t\t\t<\/div>\n\t\t<div class=\"elementor-element elementor-element-115495ef e-con-full e-flex e-con e-child\" data-id=\"115495ef\" data-element_type=\"container\" data-e-type=\"container\">\n\t\t\t\t<div class=\"elementor-element elementor-element-117381f5 elementor-widget__width-initial elementor-widget-mobile__width-inherit elementor-widget elementor-widget-heading\" data-id=\"117381f5\" data-element_type=\"widget\" data-e-type=\"widget\" data-widget_type=\"heading.default\">\n\t\t\t\t<div class=\"elementor-widget-container\">\n\t\t\t\t\t<h3 class=\"elementor-heading-title elementor-size-default\"><a href=\"https:\/\/keramamueblesdejardin.com\/fr\/diner-en-plein-air\/ensemble-table-et-chaises-de-jardin\/set-table-de-jardin-230x100-cm-et-8-chaises-bois-et-ficelle-riviera\/\">Set table de jardin 230&#215;100 cm et 8 chaises bois et corde &#8211; Riviera<\/a><\/h3>\t\t\t\t<\/div>\n\t\t\t\t<\/div>\n\t\t\t\t<div class=\"elementor-element elementor-element-544acd9a elementor-widget__width-initial elementor-widget-mobile__width-inherit elementor-widget elementor-widget-woocommerce-product-price\" data-id=\"544acd9a\" data-element_type=\"widget\" data-e-type=\"widget\" data-widget_type=\"woocommerce-product-price.default\">\n\t\t\t\t<div class=\"elementor-widget-container\">\n\t\t\t\t\t<p class=\"price\"><span class=\"wcpbc-price wcpbc-price-64065\" data-product-id=\"64065\"><del aria-hidden=\"true\"><span class=\"woocommerce-Price-amount amount\"><bdi>2.729,00<span class=\"woocommerce-Price-currencySymbol\">&euro;<\/span><\/bdi><\/span><\/del> <span class=\"screen-reader-text\">Le prix initial \u00e9tait\u00a0: 2.729,00&euro;.<\/span><ins aria-hidden=\"true\"><span class=\"woocommerce-Price-amount amount\"><bdi>2.219,00<span class=\"woocommerce-Price-currencySymbol\">&euro;<\/span><\/bdi><\/span><\/ins><span class=\"screen-reader-text\">Le prix actuel est\u00a0: 2.219,00&euro;.<\/span><\/span><\/p>\n\t\t\t\t<\/div>\n\t\t\t\t<\/div>\n\t\t\t\t<\/div>\n\t\t\t\t\t<\/div>\n\t\t\t\t<\/div>\n\t\t\t\t<\/div>\n\t\t\t\t<\/div>\n\t\t<\/div>\n\t\t\t\t\t<div class=\"elementor-swiper-button elementor-swiper-button-prev\" role=\"button\" tabindex=\"0\" aria-label=\"Pr\u00e9c\u00e9dent\">\n\t\t\t\t<svg aria-hidden=\"true\" class=\"e-font-icon-svg e-eicon-chevron-left\" viewBox=\"0 0 1000 1000\" xmlns=\"http:\/\/www.w3.org\/2000\/svg\"><path d=\"M646 125C629 125 613 133 604 142L308 442C296 454 292 471 292 487 292 504 296 521 308 533L604 854C617 867 629 875 646 875 663 875 679 871 692 858 704 846 713 829 713 812 713 796 708 779 692 767L438 487 692 225C700 217 708 204 708 187 708 171 704 154 692 142 675 129 663 125 646 125Z\"><\/path><\/svg>\t\t\t<\/div>\n\t\t\t<div class=\"elementor-swiper-button elementor-swiper-button-next\" role=\"button\" tabindex=\"0\" aria-label=\"Suivant\">\n\t\t\t\t<svg aria-hidden=\"true\" class=\"e-font-icon-svg e-eicon-chevron-right\" viewBox=\"0 0 1000 1000\" xmlns=\"http:\/\/www.w3.org\/2000\/svg\"><path d=\"M696 533C708 521 713 504 713 487 713 471 708 454 696 446L400 146C388 133 375 125 354 125 338 125 325 129 313 142 300 154 292 171 292 187 292 204 296 221 308 233L563 492 304 771C292 783 288 800 288 817 288 833 296 850 308 863 321 871 338 875 354 875 371 875 388 867 400 854L696 533Z\"><\/path><\/svg>\t\t\t<\/div>\n\t\t\t\t\t\t<\/div>\n\t\t\t\t<\/div>\n\t\t\t\t<div class=\"elementor-element elementor-element-93320a4 elementor-align-center elementor-widget elementor-widget-button\" data-id=\"93320a4\" data-element_type=\"widget\" data-e-type=\"widget\" data-widget_type=\"button.default\">\n\t\t\t\t<div class=\"elementor-widget-container\">\n\t\t\t\t\t\t\t\t\t<div class=\"elementor-button-wrapper\">\n\t\t\t\t\t<a class=\"elementor-button elementor-button-link elementor-size-sm elementor-animation-grow\" href=\"https:\/\/keramamueblesdejardin.com\/fr\/diner-en-plein-air\/\">\n\t\t\t\t\t\t<span class=\"elementor-button-content-wrapper\">\n\t\t\t\t\t\t\t\t\t<span class=\"elementor-button-text\">VOIR SALLE \u00c0 MANGER<\/span>\n\t\t\t\t\t<\/span>\n\t\t\t\t\t<\/a>\n\t\t\t\t<\/div>\n\t\t\t\t\t\t\t\t<\/div>\n\t\t\t\t<\/div>\n\t\t\t\t\t<\/div>\n\t\t\t\t<\/div>\n\t\t<div class=\"elementor-element elementor-element-3bc7a581 e-flex e-con-boxed e-con e-parent\" data-id=\"3bc7a581\" data-element_type=\"container\" data-e-type=\"container\" data-settings=\"{&quot;background_background&quot;:&quot;classic&quot;}\">\n\t\t\t\t\t<div class=\"e-con-inner\">\n\t\t<div class=\"elementor-element elementor-element-7d3650bf e-con-full e-flex e-con e-child\" data-id=\"7d3650bf\" data-element_type=\"container\" data-e-type=\"container\">\n\t\t\t\t<div class=\"elementor-element elementor-element-4ff9886c elementor-widget elementor-widget-heading\" data-id=\"4ff9886c\" data-element_type=\"widget\" data-e-type=\"widget\" data-widget_type=\"heading.default\">\n\t\t\t\t<div class=\"elementor-widget-container\">\n\t\t\t\t\t<h3 class=\"elementor-heading-title elementor-size-default\">AFFAIRES<\/h3>\t\t\t\t<\/div>\n\t\t\t\t<\/div>\n\t\t\t\t<div class=\"elementor-element elementor-element-3db355dd elementor-widget__width-initial elementor-widget elementor-widget-text-editor\" data-id=\"3db355dd\" data-element_type=\"widget\" data-e-type=\"widget\" data-widget_type=\"text-editor.default\">\n\t\t\t\t<div class=\"elementor-widget-container\">\n\t\t\t\t\t\t\t\t\t<p>\u00cates-vous une entreprise ? Acc\u00e8s pour d\u00e9couvrir tous les catalogues de votre entreprise. <\/p>\t\t\t\t\t\t\t\t<\/div>\n\t\t\t\t<\/div>\n\t\t\t\t<div class=\"elementor-element elementor-element-32d5b03b elementor-widget elementor-widget-button\" data-id=\"32d5b03b\" data-element_type=\"widget\" data-e-type=\"widget\" data-widget_type=\"button.default\">\n\t\t\t\t<div class=\"elementor-widget-container\">\n\t\t\t\t\t\t\t\t\t<div class=\"elementor-button-wrapper\">\n\t\t\t\t\t<a class=\"elementor-button elementor-button-link elementor-size-sm elementor-animation-grow\" href=\"https:\/\/keramamueblesdejardin.com\/fr\/kerama-business\/\">\n\t\t\t\t\t\t<span class=\"elementor-button-content-wrapper\">\n\t\t\t\t\t\t<span class=\"elementor-button-icon\">\n\t\t\t\t<svg xmlns=\"http:\/\/www.w3.org\/2000\/svg\" width=\"24\" height=\"24\" viewBox=\"0 0 24 24\" fill=\"none\"><g clip-path=\"url(#clip0_47_1233)\"><path d=\"M6 6V8H14.59L5 17.59L6.41 19L16 9.41V18H18V6H6Z\" fill=\"#EEDFCD\"><\/path><\/g><defs><clipPath id=\"clip0_47_1233\"><rect width=\"24\" height=\"24\" fill=\"white\"><\/rect><\/clipPath><\/defs><\/svg>\t\t\t<\/span>\n\t\t\t\t\t\t\t\t\t<span class=\"elementor-button-text\">VOIR COLLECTION<\/span>\n\t\t\t\t\t<\/span>\n\t\t\t\t\t<\/a>\n\t\t\t\t<\/div>\n\t\t\t\t\t\t\t\t<\/div>\n\t\t\t\t<\/div>\n\t\t\t\t<\/div>\n\t\t<div class=\"elementor-element elementor-element-719d93b1 e-con-full e-flex e-con e-child\" data-id=\"719d93b1\" data-element_type=\"container\" data-e-type=\"container\" data-settings=\"{&quot;background_background&quot;:&quot;classic&quot;}\">\n\t\t\t\t<div class=\"elementor-element elementor-element-2e12c882 elementor-widget elementor-widget-spacer\" data-id=\"2e12c882\" data-element_type=\"widget\" data-e-type=\"widget\" data-widget_type=\"spacer.default\">\n\t\t\t\t<div class=\"elementor-widget-container\">\n\t\t\t\t\t\t\t<div class=\"elementor-spacer\">\n\t\t\t<div class=\"elementor-spacer-inner\"><\/div>\n\t\t<\/div>\n\t\t\t\t\t\t<\/div>\n\t\t\t\t<\/div>\n\t\t\t\t<\/div>\n\t\t\t\t\t<\/div>\n\t\t\t\t<\/div>\n\t\t<div class=\"elementor-element elementor-element-25795ab e-flex e-con-boxed e-con e-parent\" data-id=\"25795ab\" data-element_type=\"container\" data-e-type=\"container\">\n\t\t\t\t\t<div class=\"e-con-inner\">\n\t\t\t\t<div class=\"elementor-element elementor-element-2b8291e elementor-widget elementor-widget-heading\" data-id=\"2b8291e\" data-element_type=\"widget\" data-e-type=\"widget\" data-widget_type=\"heading.default\">\n\t\t\t\t<div class=\"elementor-widget-container\">\n\t\t\t\t\t<h2 class=\"elementor-heading-title elementor-size-default\">Notre s\u00e9lection de salons ext\u00e9rieurs<\/h2>\t\t\t\t<\/div>\n\t\t\t\t<\/div>\n\t\t\t\t<div class=\"elementor-element elementor-element-af52054 elementor-arrows-position-inside elementor-widget elementor-widget-loop-carousel\" data-id=\"af52054\" data-element_type=\"widget\" data-e-type=\"widget\" data-settings=\"{&quot;template_id&quot;:191981,&quot;slides_to_show&quot;:&quot;4&quot;,&quot;slides_to_show_mobile&quot;:&quot;2&quot;,&quot;image_spacing_custom_mobile&quot;:{&quot;unit&quot;:&quot;px&quot;,&quot;size&quot;:0,&quot;sizes&quot;:[]},&quot;_skin&quot;:&quot;post&quot;,&quot;slides_to_show_tablet&quot;:&quot;2&quot;,&quot;slides_to_scroll&quot;:&quot;1&quot;,&quot;edit_handle_selector&quot;:&quot;.elementor-loop-container&quot;,&quot;autoplay&quot;:&quot;yes&quot;,&quot;autoplay_speed&quot;:5000,&quot;pause_on_hover&quot;:&quot;yes&quot;,&quot;pause_on_interaction&quot;:&quot;yes&quot;,&quot;infinite&quot;:&quot;yes&quot;,&quot;speed&quot;:500,&quot;offset_sides&quot;:&quot;none&quot;,&quot;arrows&quot;:&quot;yes&quot;,&quot;image_spacing_custom&quot;:{&quot;unit&quot;:&quot;px&quot;,&quot;size&quot;:10,&quot;sizes&quot;:[]},&quot;image_spacing_custom_tablet&quot;:{&quot;unit&quot;:&quot;px&quot;,&quot;size&quot;:&quot;&quot;,&quot;sizes&quot;:[]}}\" data-widget_type=\"loop-carousel.post\">\n\t\t\t\t<div class=\"elementor-widget-container\">\n\t\t\t\t\t\t\t<div class=\"swiper elementor-loop-container elementor-grid\" role=\"list\" dir=\"ltr\">\n\t\t\t\t<div class=\"swiper-wrapper\" aria-live=\"off\">\n\t\t\t\t<div data-elementor-type=\"loop-item\" data-elementor-id=\"191981\" class=\"elementor elementor-191981 elementor-178577 elementor-178577 swiper-slide e-loop-item e-loop-item-143399 post-143399 product type-product status-publish has-post-thumbnail product_cat-ensembles-de-jardin product_cat-salles-exterieures product_tag-acacia-fr product_tag-corde product_tag-tari-fr product_shipping_class-envio-gratuito-fr pa_alto-82-fr pa_ancho-160-fr pa_asientos-5-fr pa_caracteristicas-accoudoirs pa_coleccion-tari-fr pa_espacio-6-28-fr pa_largo-350-fr pa_m2-560-fr pa_material-madera-clara-fr pa_material-cuerda-fr pa_tamano-espacio-grand  instock sale featured purchasable product-type-simple add-to-wishlist-before_image\" wpc-filter-elementor-widget=\"1\" data-elementor-post-type=\"elementor_library\" role=\"group\" aria-roledescription=\"slide\" data-custom-edit-handle=\"1\">\n\t\t\t<div class=\"elementor-element elementor-element-15d94ef8 e-flex e-con-boxed e-con e-parent\" data-id=\"15d94ef8\" data-element_type=\"container\" data-e-type=\"container\">\n\t\t\t\t\t<div class=\"e-con-inner\">\n\t\t<div class=\"elementor-element elementor-element-29e97a4 e-con-full e-flex e-con e-child\" data-id=\"29e97a4\" data-element_type=\"container\" data-e-type=\"container\">\n\t\t\t\t<div class=\"elementor-element elementor-element-8e6d9e7 elementor-widget elementor-widget-theme-post-featured-image elementor-widget-image\" data-id=\"8e6d9e7\" data-element_type=\"widget\" data-e-type=\"widget\" data-widget_type=\"theme-post-featured-image.default\">\n\t\t\t\t<div class=\"elementor-widget-container\">\n\t\t\t\t\t\t\t\t\t\t\t\t\t\t\t\t<a href=\"https:\/\/keramamueblesdejardin.com\/fr\/salles-exterieures\/ensembles-de-jardin\/ensemble-de-jardin-5-places-en-acacia-et-corde-beige-tari\/\">\n\t\t\t\t\t\t\t<img loading=\"lazy\" decoding=\"async\" width=\"800\" height=\"800\" src=\"https:\/\/keramamueblesdejardin.com\/wp-content\/uploads\/2024\/01\/conjunto-de-jardin-tari-1024x1024.jpg\" class=\"attachment-large size-large wp-image-176545\" alt=\"\" srcset=\"https:\/\/keramamueblesdejardin.com\/wp-content\/uploads\/2024\/01\/conjunto-de-jardin-tari-1024x1024.jpg 1024w, https:\/\/keramamueblesdejardin.com\/wp-content\/uploads\/2024\/01\/conjunto-de-jardin-tari-800x800.jpg 800w, https:\/\/keramamueblesdejardin.com\/wp-content\/uploads\/2024\/01\/conjunto-de-jardin-tari-100x100.jpg 100w, https:\/\/keramamueblesdejardin.com\/wp-content\/uploads\/2024\/01\/conjunto-de-jardin-tari-300x300.jpg 300w, https:\/\/keramamueblesdejardin.com\/wp-content\/uploads\/2024\/01\/conjunto-de-jardin-tari-150x150.jpg 150w, https:\/\/keramamueblesdejardin.com\/wp-content\/uploads\/2024\/01\/conjunto-de-jardin-tari-768x768.jpg 768w, https:\/\/keramamueblesdejardin.com\/wp-content\/uploads\/2024\/01\/conjunto-de-jardin-tari-98x98.jpg 98w, https:\/\/keramamueblesdejardin.com\/wp-content\/uploads\/2024\/01\/conjunto-de-jardin-tari-175x175.jpg 175w, https:\/\/keramamueblesdejardin.com\/wp-content\/uploads\/2024\/01\/conjunto-de-jardin-tari.jpg 1200w\" sizes=\"(max-width: 800px) 100vw, 800px\" \/>\t\t\t\t\t\t\t\t<\/a>\n\t\t\t\t\t\t\t\t\t\t\t\t\t\t\t<\/div>\n\t\t\t\t<\/div>\n\t\t\t\t<div class=\"elementor-element elementor-element-93c48c7 sale-label elementor-widget elementor-widget-html\" data-id=\"93c48c7\" data-element_type=\"widget\" data-e-type=\"widget\" data-widget_type=\"html.default\">\n\t\t\t\t<div class=\"elementor-widget-container\">\n\t\t\t\t\t-36%\t\t\t\t<\/div>\n\t\t\t\t<\/div>\n\t\t<div class=\"elementor-element elementor-element-8e6fdd1 e-con-full box-botones e-grid e-con e-child\" data-id=\"8e6fdd1\" data-element_type=\"container\" data-e-type=\"container\">\n\t\t\t\t<div class=\"elementor-element elementor-element-084823c elementor-align-justify btn-add-cart elementor-widget elementor-widget-button\" data-id=\"084823c\" data-element_type=\"widget\" data-e-type=\"widget\" data-widget_type=\"button.default\">\n\t\t\t\t<div class=\"elementor-widget-container\">\n\t\t\t\t\t\t\t\t\t<div class=\"elementor-button-wrapper\">\n\t\t\t\t\t<a class=\"elementor-button elementor-button-link elementor-size-sm\" href=\"https:\/\/keramamueblesdejardin.com\/fr\/salles-exterieures\/ensembles-de-jardin\/ensemble-de-jardin-5-places-en-acacia-et-corde-beige-tari\/\">\n\t\t\t\t\t\t<span class=\"elementor-button-content-wrapper\">\n\t\t\t\t\t\t<span class=\"elementor-button-icon\">\n\t\t\t\t<svg xmlns=\"http:\/\/www.w3.org\/2000\/svg\" width=\"20\" height=\"23\" viewBox=\"0 0 20 23\" fill=\"none\"><path d=\"M2.01937 22.5C1.46 22.5 0.983542 22.3033 0.59 21.91C0.196667 21.5165 0 21.04 0 20.4806V7.01937C0 6.46 0.196667 5.98354 0.59 5.59C0.983542 5.19667 1.46 5 2.01937 5H5C5 3.60729 5.48521 2.42583 6.45562 1.45563C7.42583 0.485209 8.60729 0 10 0C11.3927 0 12.5742 0.485209 13.5444 1.45563C14.5148 2.42583 15 3.60729 15 5H17.9806C18.54 5 19.0165 5.19667 19.41 5.59C19.8033 5.98354 20 6.46 20 7.01937V20.4806C20 21.04 19.8033 21.5165 19.41 21.91C19.0165 22.3033 18.54 22.5 17.9806 22.5H2.01937ZM2.01937 21.25H17.9806C18.1731 21.25 18.3495 21.1699 18.5097 21.0097C18.6699 20.8495 18.75 20.6731 18.75 20.4806V7.01937C18.75 6.82687 18.6699 6.65052 18.5097 6.49031C18.3495 6.3301 18.1731 6.25 17.9806 6.25H2.01937C1.82687 6.25 1.65052 6.3301 1.49031 6.49031C1.3301 6.65052 1.25 6.82687 1.25 7.01937V20.4806C1.25 20.6731 1.3301 20.8495 1.49031 21.0097C1.65052 21.1699 1.82687 21.25 2.01937 21.25ZM10 12.5C11.3927 12.5 12.5742 12.0148 13.5444 11.0444C14.5148 10.0742 15 8.89271 15 7.5H13.75C13.75 8.54167 13.3854 9.42708 12.6562 10.1562C11.9271 10.8854 11.0417 11.25 10 11.25C8.95833 11.25 8.07292 10.8854 7.34375 10.1562C6.61458 9.42708 6.25 8.54167 6.25 7.5H5C5 8.89271 5.48521 10.0742 6.45562 11.0444C7.42583 12.0148 8.60729 12.5 10 12.5ZM6.25 5H13.75C13.75 3.95833 13.3854 3.07292 12.6562 2.34375C11.9271 1.61458 11.0417 1.25 10 1.25C8.95833 1.25 8.07292 1.61458 7.34375 2.34375C6.61458 3.07292 6.25 3.95833 6.25 5Z\" fill=\"#EEDFCD\"><\/path><\/svg>\t\t\t<\/span>\n\t\t\t\t\t\t\t\t\t<span class=\"elementor-button-text\">AJOUTER AU PANIER<\/span>\n\t\t\t\t\t<\/span>\n\t\t\t\t\t<\/a>\n\t\t\t\t<\/div>\n\t\t\t\t\t\t\t\t<\/div>\n\t\t\t\t<\/div>\n\t\t\t\t<div class=\"elementor-element elementor-element-490c284 btn-whishlist elementor-widget elementor-widget-html\" data-id=\"490c284\" data-element_type=\"widget\" data-e-type=\"widget\" data-widget_type=\"html.default\">\n\t\t\t\t<div class=\"elementor-widget-container\">\n\t\t\t\t\t\n<div\n\tclass=\"yith-wcwl-add-to-wishlist add-to-wishlist-143399 yith-wcwl-add-to-wishlist--button_default-style wishlist-fragment on-first-load\"\n\tdata-fragment-ref=\"143399\"\n\tdata-fragment-options=\"{&quot;base_url&quot;:&quot;&quot;,&quot;product_id&quot;:143399,&quot;parent_product_id&quot;:0,&quot;product_type&quot;:&quot;simple&quot;,&quot;is_single&quot;:false,&quot;in_default_wishlist&quot;:false,&quot;show_view&quot;:false,&quot;browse_wishlist_text&quot;:&quot;Echar un vistazo a la lista de deseos&quot;,&quot;already_in_wishslist_text&quot;:&quot;Le produit est d\\u00e9j\\u00e0 dans la liste de souhaits&quot;,&quot;product_added_text&quot;:&quot;Produit ajout\\u00e9&quot;,&quot;available_multi_wishlist&quot;:false,&quot;disable_wishlist&quot;:false,&quot;show_count&quot;:false,&quot;ajax_loading&quot;:false,&quot;loop_position&quot;:&quot;before_image&quot;,&quot;item&quot;:&quot;add_to_wishlist&quot;}\"\n>\n\t\t\t\n\t\t\t<!-- ADD TO WISHLIST -->\n\t\t\t\n<div class=\"yith-wcwl-add-button\">\n\t\t<a\n\t\thref=\"?add_to_wishlist=143399&#038;_wpnonce=57be8bc864\"\n\t\tclass=\"add_to_wishlist single_add_to_wishlist alt theme-button-style \"\n\t\tdata-product-id=\"143399\"\n\t\tdata-product-type=\"simple\"\n\t\tdata-original-product-id=\"0\"\n\t\tdata-title=\"\u00c0 la liste de souhaits\"\n\t\trel=\"nofollow\"\n\t>\n\t\t<svg id=\"yith-wcwl-icon-heart-outline\" class=\"yith-wcwl-icon-svg\" fill=\"none\" stroke-width=\"1.5\" stroke=\"currentColor\" viewBox=\"0 0 24 24\" xmlns=\"http:\/\/www.w3.org\/2000\/svg\">\n  <path stroke-linecap=\"round\" stroke-linejoin=\"round\" d=\"M21 8.25c0-2.485-2.099-4.5-4.688-4.5-1.935 0-3.597 1.126-4.312 2.733-.715-1.607-2.377-2.733-4.313-2.733C5.1 3.75 3 5.765 3 8.25c0 7.22 9 12 9 12s9-4.78 9-12Z\"><\/path>\n<\/svg>\t\t<span>\u00c0 la liste de souhaits<\/span>\n\t<\/a>\n<\/div>\n\n\t\t\t<!-- COUNT TEXT -->\n\t\t\t\n\t\t\t<\/div>\n\t\t\t\t<\/div>\n\t\t\t\t<\/div>\n\t\t\t\t<\/div>\n\t\t\t\t<\/div>\n\t\t<div class=\"elementor-element elementor-element-115495ef e-con-full e-flex e-con e-child\" data-id=\"115495ef\" data-element_type=\"container\" data-e-type=\"container\">\n\t\t\t\t<div class=\"elementor-element elementor-element-117381f5 elementor-widget__width-initial elementor-widget-mobile__width-inherit elementor-widget elementor-widget-heading\" data-id=\"117381f5\" data-element_type=\"widget\" data-e-type=\"widget\" data-widget_type=\"heading.default\">\n\t\t\t\t<div class=\"elementor-widget-container\">\n\t\t\t\t\t<h3 class=\"elementor-heading-title elementor-size-default\"><a href=\"https:\/\/keramamueblesdejardin.com\/fr\/salles-exterieures\/ensembles-de-jardin\/ensemble-de-jardin-5-places-en-acacia-et-corde-beige-tari\/\">Ensemble de jardin 5 places en bois et corde beige &#8211; Tari<\/a><\/h3>\t\t\t\t<\/div>\n\t\t\t\t<\/div>\n\t\t\t\t<div class=\"elementor-element elementor-element-544acd9a elementor-widget__width-initial elementor-widget-mobile__width-inherit elementor-widget elementor-widget-woocommerce-product-price\" data-id=\"544acd9a\" data-element_type=\"widget\" data-e-type=\"widget\" data-widget_type=\"woocommerce-product-price.default\">\n\t\t\t\t<div class=\"elementor-widget-container\">\n\t\t\t\t\t<p class=\"price\"><span class=\"wcpbc-price wcpbc-price-143399\" data-product-id=\"143399\"><del aria-hidden=\"true\"><span class=\"woocommerce-Price-amount amount\"><bdi>2.499,00<span class=\"woocommerce-Price-currencySymbol\">&euro;<\/span><\/bdi><\/span><\/del> <span class=\"screen-reader-text\">Le prix initial \u00e9tait\u00a0: 2.499,00&euro;.<\/span><ins aria-hidden=\"true\"><span class=\"woocommerce-Price-amount amount\"><bdi>1.589,00<span class=\"woocommerce-Price-currencySymbol\">&euro;<\/span><\/bdi><\/span><\/ins><span class=\"screen-reader-text\">Le prix actuel est\u00a0: 1.589,00&euro;.<\/span><\/span><\/p>\n\t\t\t\t<\/div>\n\t\t\t\t<\/div>\n\t\t\t\t<\/div>\n\t\t\t\t\t<\/div>\n\t\t\t\t<\/div>\n\t\t\t\t<\/div>\n\t\t\t\t<div data-elementor-type=\"loop-item\" data-elementor-id=\"191981\" class=\"elementor elementor-191981 elementor-178577 elementor-178577 swiper-slide e-loop-item e-loop-item-143530 post-143530 product type-product status-publish has-post-thumbnail product_cat-ensembles-de-jardin product_cat-salles-exterieures product_tag-aluminium product_tag-impermeable-fr product_tag-novare product_tag-teck product_shipping_class-envio-gratuito-fr pa_alto-65-fr pa_ancho-160-fr pa_asientos-5-fr pa_caracteristicas-accoudoirs pa_coleccion-novare pa_espacio-732-fr pa_largo-367-fr pa_m2-587-fr pa_material-aluminium-bois-de-teck pa_tamano-espacio-grand  instock sale featured purchasable product-type-simple add-to-wishlist-before_image\" wpc-filter-elementor-widget=\"1\" data-elementor-post-type=\"elementor_library\" role=\"group\" aria-roledescription=\"slide\" data-custom-edit-handle=\"1\">\n\t\t\t<div class=\"elementor-element elementor-element-15d94ef8 e-flex e-con-boxed e-con e-parent\" data-id=\"15d94ef8\" data-element_type=\"container\" data-e-type=\"container\">\n\t\t\t\t\t<div class=\"e-con-inner\">\n\t\t<div class=\"elementor-element elementor-element-29e97a4 e-con-full e-flex e-con e-child\" data-id=\"29e97a4\" data-element_type=\"container\" data-e-type=\"container\">\n\t\t\t\t<div class=\"elementor-element elementor-element-8e6d9e7 elementor-widget elementor-widget-theme-post-featured-image elementor-widget-image\" data-id=\"8e6d9e7\" data-element_type=\"widget\" data-e-type=\"widget\" data-widget_type=\"theme-post-featured-image.default\">\n\t\t\t\t<div class=\"elementor-widget-container\">\n\t\t\t\t\t\t\t\t\t\t\t\t\t\t\t\t<a href=\"https:\/\/keramamueblesdejardin.com\/fr\/salles-exterieures\/ensembles-de-jardin\/ensemble-de-jardin-5-places-en-aluminium-anthracite-et-coussins-novara\/\">\n\t\t\t\t\t\t\t<img loading=\"lazy\" decoding=\"async\" width=\"800\" height=\"800\" src=\"https:\/\/keramamueblesdejardin.com\/wp-content\/uploads\/2024\/01\/novara-5-2-1024x1024.jpg\" class=\"attachment-large size-large wp-image-176055\" alt=\"\" srcset=\"https:\/\/keramamueblesdejardin.com\/wp-content\/uploads\/2024\/01\/novara-5-2-1024x1024.jpg 1024w, https:\/\/keramamueblesdejardin.com\/wp-content\/uploads\/2024\/01\/novara-5-2-800x800.jpg 800w, https:\/\/keramamueblesdejardin.com\/wp-content\/uploads\/2024\/01\/novara-5-2-100x100.jpg 100w, https:\/\/keramamueblesdejardin.com\/wp-content\/uploads\/2024\/01\/novara-5-2-300x300.jpg 300w, https:\/\/keramamueblesdejardin.com\/wp-content\/uploads\/2024\/01\/novara-5-2-150x150.jpg 150w, https:\/\/keramamueblesdejardin.com\/wp-content\/uploads\/2024\/01\/novara-5-2-768x768.jpg 768w, https:\/\/keramamueblesdejardin.com\/wp-content\/uploads\/2024\/01\/novara-5-2-98x98.jpg 98w, https:\/\/keramamueblesdejardin.com\/wp-content\/uploads\/2024\/01\/novara-5-2-175x175.jpg 175w, https:\/\/keramamueblesdejardin.com\/wp-content\/uploads\/2024\/01\/novara-5-2.jpg 1200w\" sizes=\"(max-width: 800px) 100vw, 800px\" \/>\t\t\t\t\t\t\t\t<\/a>\n\t\t\t\t\t\t\t\t\t\t\t\t\t\t\t<\/div>\n\t\t\t\t<\/div>\n\t\t\t\t<div class=\"elementor-element elementor-element-93c48c7 sale-label elementor-widget elementor-widget-html\" data-id=\"93c48c7\" data-element_type=\"widget\" data-e-type=\"widget\" data-widget_type=\"html.default\">\n\t\t\t\t<div class=\"elementor-widget-container\">\n\t\t\t\t\t-34%\t\t\t\t<\/div>\n\t\t\t\t<\/div>\n\t\t<div class=\"elementor-element elementor-element-8e6fdd1 e-con-full box-botones e-grid e-con e-child\" data-id=\"8e6fdd1\" data-element_type=\"container\" data-e-type=\"container\">\n\t\t\t\t<div class=\"elementor-element elementor-element-084823c elementor-align-justify btn-add-cart elementor-widget elementor-widget-button\" data-id=\"084823c\" data-element_type=\"widget\" data-e-type=\"widget\" data-widget_type=\"button.default\">\n\t\t\t\t<div class=\"elementor-widget-container\">\n\t\t\t\t\t\t\t\t\t<div class=\"elementor-button-wrapper\">\n\t\t\t\t\t<a class=\"elementor-button elementor-button-link elementor-size-sm\" href=\"https:\/\/keramamueblesdejardin.com\/fr\/salles-exterieures\/ensembles-de-jardin\/ensemble-de-jardin-5-places-en-aluminium-anthracite-et-coussins-novara\/\">\n\t\t\t\t\t\t<span class=\"elementor-button-content-wrapper\">\n\t\t\t\t\t\t<span class=\"elementor-button-icon\">\n\t\t\t\t<svg xmlns=\"http:\/\/www.w3.org\/2000\/svg\" width=\"20\" height=\"23\" viewBox=\"0 0 20 23\" fill=\"none\"><path d=\"M2.01937 22.5C1.46 22.5 0.983542 22.3033 0.59 21.91C0.196667 21.5165 0 21.04 0 20.4806V7.01937C0 6.46 0.196667 5.98354 0.59 5.59C0.983542 5.19667 1.46 5 2.01937 5H5C5 3.60729 5.48521 2.42583 6.45562 1.45563C7.42583 0.485209 8.60729 0 10 0C11.3927 0 12.5742 0.485209 13.5444 1.45563C14.5148 2.42583 15 3.60729 15 5H17.9806C18.54 5 19.0165 5.19667 19.41 5.59C19.8033 5.98354 20 6.46 20 7.01937V20.4806C20 21.04 19.8033 21.5165 19.41 21.91C19.0165 22.3033 18.54 22.5 17.9806 22.5H2.01937ZM2.01937 21.25H17.9806C18.1731 21.25 18.3495 21.1699 18.5097 21.0097C18.6699 20.8495 18.75 20.6731 18.75 20.4806V7.01937C18.75 6.82687 18.6699 6.65052 18.5097 6.49031C18.3495 6.3301 18.1731 6.25 17.9806 6.25H2.01937C1.82687 6.25 1.65052 6.3301 1.49031 6.49031C1.3301 6.65052 1.25 6.82687 1.25 7.01937V20.4806C1.25 20.6731 1.3301 20.8495 1.49031 21.0097C1.65052 21.1699 1.82687 21.25 2.01937 21.25ZM10 12.5C11.3927 12.5 12.5742 12.0148 13.5444 11.0444C14.5148 10.0742 15 8.89271 15 7.5H13.75C13.75 8.54167 13.3854 9.42708 12.6562 10.1562C11.9271 10.8854 11.0417 11.25 10 11.25C8.95833 11.25 8.07292 10.8854 7.34375 10.1562C6.61458 9.42708 6.25 8.54167 6.25 7.5H5C5 8.89271 5.48521 10.0742 6.45562 11.0444C7.42583 12.0148 8.60729 12.5 10 12.5ZM6.25 5H13.75C13.75 3.95833 13.3854 3.07292 12.6562 2.34375C11.9271 1.61458 11.0417 1.25 10 1.25C8.95833 1.25 8.07292 1.61458 7.34375 2.34375C6.61458 3.07292 6.25 3.95833 6.25 5Z\" fill=\"#EEDFCD\"><\/path><\/svg>\t\t\t<\/span>\n\t\t\t\t\t\t\t\t\t<span class=\"elementor-button-text\">AJOUTER AU PANIER<\/span>\n\t\t\t\t\t<\/span>\n\t\t\t\t\t<\/a>\n\t\t\t\t<\/div>\n\t\t\t\t\t\t\t\t<\/div>\n\t\t\t\t<\/div>\n\t\t\t\t<div class=\"elementor-element elementor-element-490c284 btn-whishlist elementor-widget elementor-widget-html\" data-id=\"490c284\" data-element_type=\"widget\" data-e-type=\"widget\" data-widget_type=\"html.default\">\n\t\t\t\t<div class=\"elementor-widget-container\">\n\t\t\t\t\t\n<div\n\tclass=\"yith-wcwl-add-to-wishlist add-to-wishlist-143530 yith-wcwl-add-to-wishlist--button_default-style wishlist-fragment on-first-load\"\n\tdata-fragment-ref=\"143530\"\n\tdata-fragment-options=\"{&quot;base_url&quot;:&quot;&quot;,&quot;product_id&quot;:143530,&quot;parent_product_id&quot;:0,&quot;product_type&quot;:&quot;simple&quot;,&quot;is_single&quot;:false,&quot;in_default_wishlist&quot;:false,&quot;show_view&quot;:false,&quot;browse_wishlist_text&quot;:&quot;Echar un vistazo a la lista de deseos&quot;,&quot;already_in_wishslist_text&quot;:&quot;Le produit est d\\u00e9j\\u00e0 dans la liste de souhaits&quot;,&quot;product_added_text&quot;:&quot;Produit ajout\\u00e9&quot;,&quot;available_multi_wishlist&quot;:false,&quot;disable_wishlist&quot;:false,&quot;show_count&quot;:false,&quot;ajax_loading&quot;:false,&quot;loop_position&quot;:&quot;before_image&quot;,&quot;item&quot;:&quot;add_to_wishlist&quot;}\"\n>\n\t\t\t\n\t\t\t<!-- ADD TO WISHLIST -->\n\t\t\t\n<div class=\"yith-wcwl-add-button\">\n\t\t<a\n\t\thref=\"?add_to_wishlist=143530&#038;_wpnonce=57be8bc864\"\n\t\tclass=\"add_to_wishlist single_add_to_wishlist alt theme-button-style \"\n\t\tdata-product-id=\"143530\"\n\t\tdata-product-type=\"simple\"\n\t\tdata-original-product-id=\"0\"\n\t\tdata-title=\"\u00c0 la liste de souhaits\"\n\t\trel=\"nofollow\"\n\t>\n\t\t<svg id=\"yith-wcwl-icon-heart-outline\" class=\"yith-wcwl-icon-svg\" fill=\"none\" stroke-width=\"1.5\" stroke=\"currentColor\" viewBox=\"0 0 24 24\" xmlns=\"http:\/\/www.w3.org\/2000\/svg\">\n  <path stroke-linecap=\"round\" stroke-linejoin=\"round\" d=\"M21 8.25c0-2.485-2.099-4.5-4.688-4.5-1.935 0-3.597 1.126-4.312 2.733-.715-1.607-2.377-2.733-4.313-2.733C5.1 3.75 3 5.765 3 8.25c0 7.22 9 12 9 12s9-4.78 9-12Z\"><\/path>\n<\/svg>\t\t<span>\u00c0 la liste de souhaits<\/span>\n\t<\/a>\n<\/div>\n\n\t\t\t<!-- COUNT TEXT -->\n\t\t\t\n\t\t\t<\/div>\n\t\t\t\t<\/div>\n\t\t\t\t<\/div>\n\t\t\t\t<\/div>\n\t\t\t\t<\/div>\n\t\t<div class=\"elementor-element elementor-element-115495ef e-con-full e-flex e-con e-child\" data-id=\"115495ef\" data-element_type=\"container\" data-e-type=\"container\">\n\t\t\t\t<div class=\"elementor-element elementor-element-117381f5 elementor-widget__width-initial elementor-widget-mobile__width-inherit elementor-widget elementor-widget-heading\" data-id=\"117381f5\" data-element_type=\"widget\" data-e-type=\"widget\" data-widget_type=\"heading.default\">\n\t\t\t\t<div class=\"elementor-widget-container\">\n\t\t\t\t\t<h3 class=\"elementor-heading-title elementor-size-default\"><a href=\"https:\/\/keramamueblesdejardin.com\/fr\/salles-exterieures\/ensembles-de-jardin\/ensemble-de-jardin-5-places-en-aluminium-anthracite-et-coussins-novara\/\">Salon de jardin 5 places en aluminium anthracite et coussins en tissu nautique &#8211; Novara<\/a><\/h3>\t\t\t\t<\/div>\n\t\t\t\t<\/div>\n\t\t\t\t<div class=\"elementor-element elementor-element-544acd9a elementor-widget__width-initial elementor-widget-mobile__width-inherit elementor-widget elementor-widget-woocommerce-product-price\" data-id=\"544acd9a\" data-element_type=\"widget\" data-e-type=\"widget\" data-widget_type=\"woocommerce-product-price.default\">\n\t\t\t\t<div class=\"elementor-widget-container\">\n\t\t\t\t\t<p class=\"price\"><span class=\"wcpbc-price wcpbc-price-143530\" data-product-id=\"143530\"><del aria-hidden=\"true\"><span class=\"woocommerce-Price-amount amount\"><bdi>2.999,00<span class=\"woocommerce-Price-currencySymbol\">&euro;<\/span><\/bdi><\/span><\/del> <span class=\"screen-reader-text\">Le prix initial \u00e9tait\u00a0: 2.999,00&euro;.<\/span><ins aria-hidden=\"true\"><span class=\"woocommerce-Price-amount amount\"><bdi>1.969,00<span class=\"woocommerce-Price-currencySymbol\">&euro;<\/span><\/bdi><\/span><\/ins><span class=\"screen-reader-text\">Le prix actuel est\u00a0: 1.969,00&euro;.<\/span><\/span><\/p>\n\t\t\t\t<\/div>\n\t\t\t\t<\/div>\n\t\t\t\t<\/div>\n\t\t\t\t\t<\/div>\n\t\t\t\t<\/div>\n\t\t\t\t<\/div>\n\t\t\t\t<div data-elementor-type=\"loop-item\" data-elementor-id=\"191981\" class=\"elementor elementor-191981 elementor-178577 elementor-178577 swiper-slide e-loop-item e-loop-item-152549 post-152549 product type-product status-publish has-post-thumbnail product_cat-ensembles-de-jardin product_cat-salles-exterieures product_tag-bois product_tag-la-havane product_shipping_class-envio-gratuito-fr pa_alto-66-fr pa_ancho-160-fr pa_asientos-5-fr pa_caracteristicas-accoudoirs pa_coleccion-habana-fr pa_espacio-63-fr pa_largo-350-fr pa_m2-560-fr pa_material-madera-clara-fr pa_tamano-espacio-grand last instock sale featured purchasable product-type-simple add-to-wishlist-before_image\" wpc-filter-elementor-widget=\"1\" data-elementor-post-type=\"elementor_library\" role=\"group\" aria-roledescription=\"slide\" data-custom-edit-handle=\"1\">\n\t\t\t<div class=\"elementor-element elementor-element-15d94ef8 e-flex e-con-boxed e-con e-parent\" data-id=\"15d94ef8\" data-element_type=\"container\" data-e-type=\"container\">\n\t\t\t\t\t<div class=\"e-con-inner\">\n\t\t<div class=\"elementor-element elementor-element-29e97a4 e-con-full e-flex e-con e-child\" data-id=\"29e97a4\" data-element_type=\"container\" data-e-type=\"container\">\n\t\t\t\t<div class=\"elementor-element elementor-element-8e6d9e7 elementor-widget elementor-widget-theme-post-featured-image elementor-widget-image\" data-id=\"8e6d9e7\" data-element_type=\"widget\" data-e-type=\"widget\" data-widget_type=\"theme-post-featured-image.default\">\n\t\t\t\t<div class=\"elementor-widget-container\">\n\t\t\t\t\t\t\t\t\t\t\t\t\t\t\t\t<a href=\"https:\/\/keramamueblesdejardin.com\/fr\/salles-exterieures\/ensembles-de-jardin\/ensemble-de-jardin-5-places-en-bois-et-coussin-beige-havane\/\">\n\t\t\t\t\t\t\t<img loading=\"lazy\" decoding=\"async\" width=\"800\" height=\"800\" src=\"https:\/\/keramamueblesdejardin.com\/wp-content\/uploads\/2024\/01\/habana-hd-1024x1024.jpg\" class=\"attachment-large size-large wp-image-176043\" alt=\"\" srcset=\"https:\/\/keramamueblesdejardin.com\/wp-content\/uploads\/2024\/01\/habana-hd-1024x1024.jpg 1024w, https:\/\/keramamueblesdejardin.com\/wp-content\/uploads\/2024\/01\/habana-hd-800x800.jpg 800w, https:\/\/keramamueblesdejardin.com\/wp-content\/uploads\/2024\/01\/habana-hd-100x100.jpg 100w, https:\/\/keramamueblesdejardin.com\/wp-content\/uploads\/2024\/01\/habana-hd-300x300.jpg 300w, https:\/\/keramamueblesdejardin.com\/wp-content\/uploads\/2024\/01\/habana-hd-150x150.jpg 150w, https:\/\/keramamueblesdejardin.com\/wp-content\/uploads\/2024\/01\/habana-hd-768x768.jpg 768w, https:\/\/keramamueblesdejardin.com\/wp-content\/uploads\/2024\/01\/habana-hd-98x98.jpg 98w, https:\/\/keramamueblesdejardin.com\/wp-content\/uploads\/2024\/01\/habana-hd-175x175.jpg 175w, https:\/\/keramamueblesdejardin.com\/wp-content\/uploads\/2024\/01\/habana-hd.jpg 1200w\" sizes=\"(max-width: 800px) 100vw, 800px\" \/>\t\t\t\t\t\t\t\t<\/a>\n\t\t\t\t\t\t\t\t\t\t\t\t\t\t\t<\/div>\n\t\t\t\t<\/div>\n\t\t\t\t<div class=\"elementor-element elementor-element-93c48c7 sale-label elementor-widget elementor-widget-html\" data-id=\"93c48c7\" data-element_type=\"widget\" data-e-type=\"widget\" data-widget_type=\"html.default\">\n\t\t\t\t<div class=\"elementor-widget-container\">\n\t\t\t\t\t-28%\t\t\t\t<\/div>\n\t\t\t\t<\/div>\n\t\t<div class=\"elementor-element elementor-element-8e6fdd1 e-con-full box-botones e-grid e-con e-child\" data-id=\"8e6fdd1\" data-element_type=\"container\" data-e-type=\"container\">\n\t\t\t\t<div class=\"elementor-element elementor-element-084823c elementor-align-justify btn-add-cart elementor-widget elementor-widget-button\" data-id=\"084823c\" data-element_type=\"widget\" data-e-type=\"widget\" data-widget_type=\"button.default\">\n\t\t\t\t<div class=\"elementor-widget-container\">\n\t\t\t\t\t\t\t\t\t<div class=\"elementor-button-wrapper\">\n\t\t\t\t\t<a class=\"elementor-button elementor-button-link elementor-size-sm\" href=\"https:\/\/keramamueblesdejardin.com\/fr\/salles-exterieures\/ensembles-de-jardin\/ensemble-de-jardin-5-places-en-bois-et-coussin-beige-havane\/\">\n\t\t\t\t\t\t<span class=\"elementor-button-content-wrapper\">\n\t\t\t\t\t\t<span class=\"elementor-button-icon\">\n\t\t\t\t<svg xmlns=\"http:\/\/www.w3.org\/2000\/svg\" width=\"20\" height=\"23\" viewBox=\"0 0 20 23\" fill=\"none\"><path d=\"M2.01937 22.5C1.46 22.5 0.983542 22.3033 0.59 21.91C0.196667 21.5165 0 21.04 0 20.4806V7.01937C0 6.46 0.196667 5.98354 0.59 5.59C0.983542 5.19667 1.46 5 2.01937 5H5C5 3.60729 5.48521 2.42583 6.45562 1.45563C7.42583 0.485209 8.60729 0 10 0C11.3927 0 12.5742 0.485209 13.5444 1.45563C14.5148 2.42583 15 3.60729 15 5H17.9806C18.54 5 19.0165 5.19667 19.41 5.59C19.8033 5.98354 20 6.46 20 7.01937V20.4806C20 21.04 19.8033 21.5165 19.41 21.91C19.0165 22.3033 18.54 22.5 17.9806 22.5H2.01937ZM2.01937 21.25H17.9806C18.1731 21.25 18.3495 21.1699 18.5097 21.0097C18.6699 20.8495 18.75 20.6731 18.75 20.4806V7.01937C18.75 6.82687 18.6699 6.65052 18.5097 6.49031C18.3495 6.3301 18.1731 6.25 17.9806 6.25H2.01937C1.82687 6.25 1.65052 6.3301 1.49031 6.49031C1.3301 6.65052 1.25 6.82687 1.25 7.01937V20.4806C1.25 20.6731 1.3301 20.8495 1.49031 21.0097C1.65052 21.1699 1.82687 21.25 2.01937 21.25ZM10 12.5C11.3927 12.5 12.5742 12.0148 13.5444 11.0444C14.5148 10.0742 15 8.89271 15 7.5H13.75C13.75 8.54167 13.3854 9.42708 12.6562 10.1562C11.9271 10.8854 11.0417 11.25 10 11.25C8.95833 11.25 8.07292 10.8854 7.34375 10.1562C6.61458 9.42708 6.25 8.54167 6.25 7.5H5C5 8.89271 5.48521 10.0742 6.45562 11.0444C7.42583 12.0148 8.60729 12.5 10 12.5ZM6.25 5H13.75C13.75 3.95833 13.3854 3.07292 12.6562 2.34375C11.9271 1.61458 11.0417 1.25 10 1.25C8.95833 1.25 8.07292 1.61458 7.34375 2.34375C6.61458 3.07292 6.25 3.95833 6.25 5Z\" fill=\"#EEDFCD\"><\/path><\/svg>\t\t\t<\/span>\n\t\t\t\t\t\t\t\t\t<span class=\"elementor-button-text\">AJOUTER AU PANIER<\/span>\n\t\t\t\t\t<\/span>\n\t\t\t\t\t<\/a>\n\t\t\t\t<\/div>\n\t\t\t\t\t\t\t\t<\/div>\n\t\t\t\t<\/div>\n\t\t\t\t<div class=\"elementor-element elementor-element-490c284 btn-whishlist elementor-widget elementor-widget-html\" data-id=\"490c284\" data-element_type=\"widget\" data-e-type=\"widget\" data-widget_type=\"html.default\">\n\t\t\t\t<div class=\"elementor-widget-container\">\n\t\t\t\t\t\n<div\n\tclass=\"yith-wcwl-add-to-wishlist add-to-wishlist-152549 yith-wcwl-add-to-wishlist--button_default-style wishlist-fragment on-first-load\"\n\tdata-fragment-ref=\"152549\"\n\tdata-fragment-options=\"{&quot;base_url&quot;:&quot;&quot;,&quot;product_id&quot;:152549,&quot;parent_product_id&quot;:0,&quot;product_type&quot;:&quot;simple&quot;,&quot;is_single&quot;:false,&quot;in_default_wishlist&quot;:false,&quot;show_view&quot;:false,&quot;browse_wishlist_text&quot;:&quot;Echar un vistazo a la lista de deseos&quot;,&quot;already_in_wishslist_text&quot;:&quot;Le produit est d\\u00e9j\\u00e0 dans la liste de souhaits&quot;,&quot;product_added_text&quot;:&quot;Produit ajout\\u00e9&quot;,&quot;available_multi_wishlist&quot;:false,&quot;disable_wishlist&quot;:false,&quot;show_count&quot;:false,&quot;ajax_loading&quot;:false,&quot;loop_position&quot;:&quot;before_image&quot;,&quot;item&quot;:&quot;add_to_wishlist&quot;}\"\n>\n\t\t\t\n\t\t\t<!-- ADD TO WISHLIST -->\n\t\t\t\n<div class=\"yith-wcwl-add-button\">\n\t\t<a\n\t\thref=\"?add_to_wishlist=152549&#038;_wpnonce=57be8bc864\"\n\t\tclass=\"add_to_wishlist single_add_to_wishlist alt theme-button-style \"\n\t\tdata-product-id=\"152549\"\n\t\tdata-product-type=\"simple\"\n\t\tdata-original-product-id=\"0\"\n\t\tdata-title=\"\u00c0 la liste de souhaits\"\n\t\trel=\"nofollow\"\n\t>\n\t\t<svg id=\"yith-wcwl-icon-heart-outline\" class=\"yith-wcwl-icon-svg\" fill=\"none\" stroke-width=\"1.5\" stroke=\"currentColor\" viewBox=\"0 0 24 24\" xmlns=\"http:\/\/www.w3.org\/2000\/svg\">\n  <path stroke-linecap=\"round\" stroke-linejoin=\"round\" d=\"M21 8.25c0-2.485-2.099-4.5-4.688-4.5-1.935 0-3.597 1.126-4.312 2.733-.715-1.607-2.377-2.733-4.313-2.733C5.1 3.75 3 5.765 3 8.25c0 7.22 9 12 9 12s9-4.78 9-12Z\"><\/path>\n<\/svg>\t\t<span>\u00c0 la liste de souhaits<\/span>\n\t<\/a>\n<\/div>\n\n\t\t\t<!-- COUNT TEXT -->\n\t\t\t\n\t\t\t<\/div>\n\t\t\t\t<\/div>\n\t\t\t\t<\/div>\n\t\t\t\t<\/div>\n\t\t\t\t<\/div>\n\t\t<div class=\"elementor-element elementor-element-115495ef e-con-full e-flex e-con e-child\" data-id=\"115495ef\" data-element_type=\"container\" data-e-type=\"container\">\n\t\t\t\t<div class=\"elementor-element elementor-element-117381f5 elementor-widget__width-initial elementor-widget-mobile__width-inherit elementor-widget elementor-widget-heading\" data-id=\"117381f5\" data-element_type=\"widget\" data-e-type=\"widget\" data-widget_type=\"heading.default\">\n\t\t\t\t<div class=\"elementor-widget-container\">\n\t\t\t\t\t<h3 class=\"elementor-heading-title elementor-size-default\"><a href=\"https:\/\/keramamueblesdejardin.com\/fr\/salles-exterieures\/ensembles-de-jardin\/ensemble-de-jardin-5-places-en-bois-et-coussin-beige-havane\/\">Salon de jardin 5 places en bois et coussin beige &#8211; Havane<\/a><\/h3>\t\t\t\t<\/div>\n\t\t\t\t<\/div>\n\t\t\t\t<div class=\"elementor-element elementor-element-544acd9a elementor-widget__width-initial elementor-widget-mobile__width-inherit elementor-widget elementor-widget-woocommerce-product-price\" data-id=\"544acd9a\" data-element_type=\"widget\" data-e-type=\"widget\" data-widget_type=\"woocommerce-product-price.default\">\n\t\t\t\t<div class=\"elementor-widget-container\">\n\t\t\t\t\t<p class=\"price\"><span class=\"wcpbc-price wcpbc-price-152549\" data-product-id=\"152549\"><del aria-hidden=\"true\"><span class=\"woocommerce-Price-amount amount\"><bdi>1.999,00<span class=\"woocommerce-Price-currencySymbol\">&euro;<\/span><\/bdi><\/span><\/del> <span class=\"screen-reader-text\">Le prix initial \u00e9tait\u00a0: 1.999,00&euro;.<\/span><ins aria-hidden=\"true\"><span class=\"woocommerce-Price-amount amount\"><bdi>1.439,00<span class=\"woocommerce-Price-currencySymbol\">&euro;<\/span><\/bdi><\/span><\/ins><span class=\"screen-reader-text\">Le prix actuel est\u00a0: 1.439,00&euro;.<\/span><\/span><\/p>\n\t\t\t\t<\/div>\n\t\t\t\t<\/div>\n\t\t\t\t<\/div>\n\t\t\t\t\t<\/div>\n\t\t\t\t<\/div>\n\t\t\t\t<\/div>\n\t\t\t\t<div data-elementor-type=\"loop-item\" data-elementor-id=\"191981\" class=\"elementor elementor-191981 elementor-178577 elementor-178577 swiper-slide e-loop-item e-loop-item-77718 post-77718 product type-product status-publish has-post-thumbnail product_cat-ensembles-de-jardin product_cat-salles-exterieures product_tag-bois product_tag-grands-espaces product_tag-sicile product_shipping_class-envio-gratuito-fr pa_ancho-226-fr pa_asientos-6-fr pa_coleccion-sicilia-fr pa_largo-403-fr pa_m2-911-fr pa_material-madera-clara-fr pa_material-cuerda-fr pa_tamano-espacio-grand first instock sale purchasable product-type-simple add-to-wishlist-before_image\" wpc-filter-elementor-widget=\"1\" data-elementor-post-type=\"elementor_library\" role=\"group\" aria-roledescription=\"slide\" data-custom-edit-handle=\"1\">\n\t\t\t<div class=\"elementor-element elementor-element-15d94ef8 e-flex e-con-boxed e-con e-parent\" data-id=\"15d94ef8\" data-element_type=\"container\" data-e-type=\"container\">\n\t\t\t\t\t<div class=\"e-con-inner\">\n\t\t<div class=\"elementor-element elementor-element-29e97a4 e-con-full e-flex e-con e-child\" data-id=\"29e97a4\" data-element_type=\"container\" data-e-type=\"container\">\n\t\t\t\t<div class=\"elementor-element elementor-element-8e6d9e7 elementor-widget elementor-widget-theme-post-featured-image elementor-widget-image\" data-id=\"8e6d9e7\" data-element_type=\"widget\" data-e-type=\"widget\" data-widget_type=\"theme-post-featured-image.default\">\n\t\t\t\t<div class=\"elementor-widget-container\">\n\t\t\t\t\t\t\t\t\t\t\t\t\t\t\t\t<a href=\"https:\/\/keramamueblesdejardin.com\/fr\/salles-exterieures\/ensembles-de-jardin\/jardin-set-6-carres-de-bois-et-corde-beige-et-2-tables-sicile\/\">\n\t\t\t\t\t\t\t<img loading=\"lazy\" decoding=\"async\" width=\"800\" height=\"800\" src=\"https:\/\/keramamueblesdejardin.com\/wp-content\/uploads\/2023\/01\/conjunto-6-y-2-mesas-sicilia2-1024x1024.jpg\" class=\"attachment-large size-large wp-image-78469\" alt=\"\" srcset=\"https:\/\/keramamueblesdejardin.com\/wp-content\/uploads\/2023\/01\/conjunto-6-y-2-mesas-sicilia2-1024x1024.jpg 1024w, https:\/\/keramamueblesdejardin.com\/wp-content\/uploads\/2023\/01\/conjunto-6-y-2-mesas-sicilia2-800x800.jpg 800w, https:\/\/keramamueblesdejardin.com\/wp-content\/uploads\/2023\/01\/conjunto-6-y-2-mesas-sicilia2-100x100.jpg 100w, https:\/\/keramamueblesdejardin.com\/wp-content\/uploads\/2023\/01\/conjunto-6-y-2-mesas-sicilia2-1440x1440.jpg 1440w, https:\/\/keramamueblesdejardin.com\/wp-content\/uploads\/2023\/01\/conjunto-6-y-2-mesas-sicilia2-300x300.jpg 300w, https:\/\/keramamueblesdejardin.com\/wp-content\/uploads\/2023\/01\/conjunto-6-y-2-mesas-sicilia2-150x150.jpg 150w, https:\/\/keramamueblesdejardin.com\/wp-content\/uploads\/2023\/01\/conjunto-6-y-2-mesas-sicilia2-768x768.jpg 768w, https:\/\/keramamueblesdejardin.com\/wp-content\/uploads\/2023\/01\/conjunto-6-y-2-mesas-sicilia2-1536x1536.jpg 1536w, https:\/\/keramamueblesdejardin.com\/wp-content\/uploads\/2023\/01\/conjunto-6-y-2-mesas-sicilia2-2048x2048.jpg 2048w, https:\/\/keramamueblesdejardin.com\/wp-content\/uploads\/2023\/01\/conjunto-6-y-2-mesas-sicilia2-98x98.jpg 98w, https:\/\/keramamueblesdejardin.com\/wp-content\/uploads\/2023\/01\/conjunto-6-y-2-mesas-sicilia2-175x175.jpg 175w\" sizes=\"(max-width: 800px) 100vw, 800px\" \/>\t\t\t\t\t\t\t\t<\/a>\n\t\t\t\t\t\t\t\t\t\t\t\t\t\t\t<\/div>\n\t\t\t\t<\/div>\n\t\t\t\t<div class=\"elementor-element elementor-element-93c48c7 sale-label elementor-widget elementor-widget-html\" data-id=\"93c48c7\" data-element_type=\"widget\" data-e-type=\"widget\" data-widget_type=\"html.default\">\n\t\t\t\t<div class=\"elementor-widget-container\">\n\t\t\t\t\t-18%\t\t\t\t<\/div>\n\t\t\t\t<\/div>\n\t\t<div class=\"elementor-element elementor-element-8e6fdd1 e-con-full box-botones e-grid e-con e-child\" data-id=\"8e6fdd1\" data-element_type=\"container\" data-e-type=\"container\">\n\t\t\t\t<div class=\"elementor-element elementor-element-084823c elementor-align-justify btn-add-cart elementor-widget elementor-widget-button\" data-id=\"084823c\" data-element_type=\"widget\" data-e-type=\"widget\" data-widget_type=\"button.default\">\n\t\t\t\t<div class=\"elementor-widget-container\">\n\t\t\t\t\t\t\t\t\t<div class=\"elementor-button-wrapper\">\n\t\t\t\t\t<a class=\"elementor-button elementor-button-link elementor-size-sm\" href=\"https:\/\/keramamueblesdejardin.com\/fr\/salles-exterieures\/ensembles-de-jardin\/jardin-set-6-carres-de-bois-et-corde-beige-et-2-tables-sicile\/\">\n\t\t\t\t\t\t<span class=\"elementor-button-content-wrapper\">\n\t\t\t\t\t\t<span class=\"elementor-button-icon\">\n\t\t\t\t<svg xmlns=\"http:\/\/www.w3.org\/2000\/svg\" width=\"20\" height=\"23\" viewBox=\"0 0 20 23\" fill=\"none\"><path d=\"M2.01937 22.5C1.46 22.5 0.983542 22.3033 0.59 21.91C0.196667 21.5165 0 21.04 0 20.4806V7.01937C0 6.46 0.196667 5.98354 0.59 5.59C0.983542 5.19667 1.46 5 2.01937 5H5C5 3.60729 5.48521 2.42583 6.45562 1.45563C7.42583 0.485209 8.60729 0 10 0C11.3927 0 12.5742 0.485209 13.5444 1.45563C14.5148 2.42583 15 3.60729 15 5H17.9806C18.54 5 19.0165 5.19667 19.41 5.59C19.8033 5.98354 20 6.46 20 7.01937V20.4806C20 21.04 19.8033 21.5165 19.41 21.91C19.0165 22.3033 18.54 22.5 17.9806 22.5H2.01937ZM2.01937 21.25H17.9806C18.1731 21.25 18.3495 21.1699 18.5097 21.0097C18.6699 20.8495 18.75 20.6731 18.75 20.4806V7.01937C18.75 6.82687 18.6699 6.65052 18.5097 6.49031C18.3495 6.3301 18.1731 6.25 17.9806 6.25H2.01937C1.82687 6.25 1.65052 6.3301 1.49031 6.49031C1.3301 6.65052 1.25 6.82687 1.25 7.01937V20.4806C1.25 20.6731 1.3301 20.8495 1.49031 21.0097C1.65052 21.1699 1.82687 21.25 2.01937 21.25ZM10 12.5C11.3927 12.5 12.5742 12.0148 13.5444 11.0444C14.5148 10.0742 15 8.89271 15 7.5H13.75C13.75 8.54167 13.3854 9.42708 12.6562 10.1562C11.9271 10.8854 11.0417 11.25 10 11.25C8.95833 11.25 8.07292 10.8854 7.34375 10.1562C6.61458 9.42708 6.25 8.54167 6.25 7.5H5C5 8.89271 5.48521 10.0742 6.45562 11.0444C7.42583 12.0148 8.60729 12.5 10 12.5ZM6.25 5H13.75C13.75 3.95833 13.3854 3.07292 12.6562 2.34375C11.9271 1.61458 11.0417 1.25 10 1.25C8.95833 1.25 8.07292 1.61458 7.34375 2.34375C6.61458 3.07292 6.25 3.95833 6.25 5Z\" fill=\"#EEDFCD\"><\/path><\/svg>\t\t\t<\/span>\n\t\t\t\t\t\t\t\t\t<span class=\"elementor-button-text\">AJOUTER AU PANIER<\/span>\n\t\t\t\t\t<\/span>\n\t\t\t\t\t<\/a>\n\t\t\t\t<\/div>\n\t\t\t\t\t\t\t\t<\/div>\n\t\t\t\t<\/div>\n\t\t\t\t<div class=\"elementor-element elementor-element-490c284 btn-whishlist elementor-widget elementor-widget-html\" data-id=\"490c284\" data-element_type=\"widget\" data-e-type=\"widget\" data-widget_type=\"html.default\">\n\t\t\t\t<div class=\"elementor-widget-container\">\n\t\t\t\t\t\n<div\n\tclass=\"yith-wcwl-add-to-wishlist add-to-wishlist-77718 yith-wcwl-add-to-wishlist--button_default-style wishlist-fragment on-first-load\"\n\tdata-fragment-ref=\"77718\"\n\tdata-fragment-options=\"{&quot;base_url&quot;:&quot;&quot;,&quot;product_id&quot;:77718,&quot;parent_product_id&quot;:0,&quot;product_type&quot;:&quot;simple&quot;,&quot;is_single&quot;:false,&quot;in_default_wishlist&quot;:false,&quot;show_view&quot;:false,&quot;browse_wishlist_text&quot;:&quot;Echar un vistazo a la lista de deseos&quot;,&quot;already_in_wishslist_text&quot;:&quot;Le produit est d\\u00e9j\\u00e0 dans la liste de souhaits&quot;,&quot;product_added_text&quot;:&quot;Produit ajout\\u00e9&quot;,&quot;available_multi_wishlist&quot;:false,&quot;disable_wishlist&quot;:false,&quot;show_count&quot;:false,&quot;ajax_loading&quot;:false,&quot;loop_position&quot;:&quot;before_image&quot;,&quot;item&quot;:&quot;add_to_wishlist&quot;}\"\n>\n\t\t\t\n\t\t\t<!-- ADD TO WISHLIST -->\n\t\t\t\n<div class=\"yith-wcwl-add-button\">\n\t\t<a\n\t\thref=\"?add_to_wishlist=77718&#038;_wpnonce=57be8bc864\"\n\t\tclass=\"add_to_wishlist single_add_to_wishlist alt theme-button-style \"\n\t\tdata-product-id=\"77718\"\n\t\tdata-product-type=\"simple\"\n\t\tdata-original-product-id=\"0\"\n\t\tdata-title=\"\u00c0 la liste de souhaits\"\n\t\trel=\"nofollow\"\n\t>\n\t\t<svg id=\"yith-wcwl-icon-heart-outline\" class=\"yith-wcwl-icon-svg\" fill=\"none\" stroke-width=\"1.5\" stroke=\"currentColor\" viewBox=\"0 0 24 24\" xmlns=\"http:\/\/www.w3.org\/2000\/svg\">\n  <path stroke-linecap=\"round\" stroke-linejoin=\"round\" d=\"M21 8.25c0-2.485-2.099-4.5-4.688-4.5-1.935 0-3.597 1.126-4.312 2.733-.715-1.607-2.377-2.733-4.313-2.733C5.1 3.75 3 5.765 3 8.25c0 7.22 9 12 9 12s9-4.78 9-12Z\"><\/path>\n<\/svg>\t\t<span>\u00c0 la liste de souhaits<\/span>\n\t<\/a>\n<\/div>\n\n\t\t\t<!-- COUNT TEXT -->\n\t\t\t\n\t\t\t<\/div>\n\t\t\t\t<\/div>\n\t\t\t\t<\/div>\n\t\t\t\t<\/div>\n\t\t\t\t<\/div>\n\t\t<div class=\"elementor-element elementor-element-115495ef e-con-full e-flex e-con e-child\" data-id=\"115495ef\" data-element_type=\"container\" data-e-type=\"container\">\n\t\t\t\t<div class=\"elementor-element elementor-element-117381f5 elementor-widget__width-initial elementor-widget-mobile__width-inherit elementor-widget elementor-widget-heading\" data-id=\"117381f5\" data-element_type=\"widget\" data-e-type=\"widget\" data-widget_type=\"heading.default\">\n\t\t\t\t<div class=\"elementor-widget-container\">\n\t\t\t\t\t<h3 class=\"elementor-heading-title elementor-size-default\"><a href=\"https:\/\/keramamueblesdejardin.com\/fr\/salles-exterieures\/ensembles-de-jardin\/jardin-set-6-carres-de-bois-et-corde-beige-et-2-tables-sicile\/\">Ensemble de jardin 6 places en bois et corde beige et 2 tables &#8211; Sicile<\/a><\/h3>\t\t\t\t<\/div>\n\t\t\t\t<\/div>\n\t\t\t\t<div class=\"elementor-element elementor-element-544acd9a elementor-widget__width-initial elementor-widget-mobile__width-inherit elementor-widget elementor-widget-woocommerce-product-price\" data-id=\"544acd9a\" data-element_type=\"widget\" data-e-type=\"widget\" data-widget_type=\"woocommerce-product-price.default\">\n\t\t\t\t<div class=\"elementor-widget-container\">\n\t\t\t\t\t<p class=\"price\"><span class=\"wcpbc-price wcpbc-price-77718\" data-product-id=\"77718\"><del aria-hidden=\"true\"><span class=\"woocommerce-Price-amount amount\"><bdi>2.893,00<span class=\"woocommerce-Price-currencySymbol\">&euro;<\/span><\/bdi><\/span><\/del> <span class=\"screen-reader-text\">Le prix initial \u00e9tait\u00a0: 2.893,00&euro;.<\/span><ins aria-hidden=\"true\"><span class=\"woocommerce-Price-amount amount\"><bdi>2.359,00<span class=\"woocommerce-Price-currencySymbol\">&euro;<\/span><\/bdi><\/span><\/ins><span class=\"screen-reader-text\">Le prix actuel est\u00a0: 2.359,00&euro;.<\/span><\/span><\/p>\n\t\t\t\t<\/div>\n\t\t\t\t<\/div>\n\t\t\t\t<\/div>\n\t\t\t\t\t<\/div>\n\t\t\t\t<\/div>\n\t\t\t\t<\/div>\n\t\t\t\t<div data-elementor-type=\"loop-item\" data-elementor-id=\"191981\" class=\"elementor elementor-191981 elementor-178577 elementor-178577 swiper-slide e-loop-item e-loop-item-64237 post-64237 product type-product status-publish has-post-thumbnail product_cat-ensembles-de-jardin product_cat-salles-exterieures product_tag-bois product_tag-grands-espaces product_tag-riviera-fr product_shipping_class-envio-gratuito-fr pa_ancho-174-fr pa_asientos-5-fr pa_caracteristicas-housses-lavables pa_coleccion-bolonia-fr pa_coleccion-riviera-fr pa_espacio-6-28-fr pa_largo-361-fr pa_m2-628-fr pa_material-madera-fr pa_material-cuerda-fr pa_tamano-espacio-grand  instock sale featured purchasable product-type-simple add-to-wishlist-before_image\" wpc-filter-elementor-widget=\"1\" data-elementor-post-type=\"elementor_library\" role=\"group\" aria-roledescription=\"slide\" data-custom-edit-handle=\"1\">\n\t\t\t<div class=\"elementor-element elementor-element-15d94ef8 e-flex e-con-boxed e-con e-parent\" data-id=\"15d94ef8\" data-element_type=\"container\" data-e-type=\"container\">\n\t\t\t\t\t<div class=\"e-con-inner\">\n\t\t<div class=\"elementor-element elementor-element-29e97a4 e-con-full e-flex e-con e-child\" data-id=\"29e97a4\" data-element_type=\"container\" data-e-type=\"container\">\n\t\t\t\t<div class=\"elementor-element elementor-element-8e6d9e7 elementor-widget elementor-widget-theme-post-featured-image elementor-widget-image\" data-id=\"8e6d9e7\" data-element_type=\"widget\" data-e-type=\"widget\" data-widget_type=\"theme-post-featured-image.default\">\n\t\t\t\t<div class=\"elementor-widget-container\">\n\t\t\t\t\t\t\t\t\t\t\t\t\t\t\t\t<a href=\"https:\/\/keramamueblesdejardin.com\/fr\/salles-exterieures\/ensembles-de-jardin\/garden-set-acacia-and-string-colour-riviera-clear\/\">\n\t\t\t\t\t\t\t<img loading=\"lazy\" decoding=\"async\" width=\"800\" height=\"800\" src=\"https:\/\/keramamueblesdejardin.com\/wp-content\/uploads\/2021\/05\/riviera-5-plazas-1024x1024.jpg\" class=\"attachment-large size-large wp-image-176481\" alt=\"\" srcset=\"https:\/\/keramamueblesdejardin.com\/wp-content\/uploads\/2021\/05\/riviera-5-plazas-1024x1024.jpg 1024w, https:\/\/keramamueblesdejardin.com\/wp-content\/uploads\/2021\/05\/riviera-5-plazas-800x800.jpg 800w, https:\/\/keramamueblesdejardin.com\/wp-content\/uploads\/2021\/05\/riviera-5-plazas-100x100.jpg 100w, https:\/\/keramamueblesdejardin.com\/wp-content\/uploads\/2021\/05\/riviera-5-plazas-300x300.jpg 300w, https:\/\/keramamueblesdejardin.com\/wp-content\/uploads\/2021\/05\/riviera-5-plazas-150x150.jpg 150w, https:\/\/keramamueblesdejardin.com\/wp-content\/uploads\/2021\/05\/riviera-5-plazas-768x768.jpg 768w, https:\/\/keramamueblesdejardin.com\/wp-content\/uploads\/2021\/05\/riviera-5-plazas-98x98.jpg 98w, https:\/\/keramamueblesdejardin.com\/wp-content\/uploads\/2021\/05\/riviera-5-plazas-175x175.jpg 175w, https:\/\/keramamueblesdejardin.com\/wp-content\/uploads\/2021\/05\/riviera-5-plazas.jpg 1200w\" sizes=\"(max-width: 800px) 100vw, 800px\" \/>\t\t\t\t\t\t\t\t<\/a>\n\t\t\t\t\t\t\t\t\t\t\t\t\t\t\t<\/div>\n\t\t\t\t<\/div>\n\t\t\t\t<div class=\"elementor-element elementor-element-93c48c7 sale-label elementor-widget elementor-widget-html\" data-id=\"93c48c7\" data-element_type=\"widget\" data-e-type=\"widget\" data-widget_type=\"html.default\">\n\t\t\t\t<div class=\"elementor-widget-container\">\n\t\t\t\t\t-18%\t\t\t\t<\/div>\n\t\t\t\t<\/div>\n\t\t<div class=\"elementor-element elementor-element-8e6fdd1 e-con-full box-botones e-grid e-con e-child\" data-id=\"8e6fdd1\" data-element_type=\"container\" data-e-type=\"container\">\n\t\t\t\t<div class=\"elementor-element elementor-element-084823c elementor-align-justify btn-add-cart elementor-widget elementor-widget-button\" data-id=\"084823c\" data-element_type=\"widget\" data-e-type=\"widget\" data-widget_type=\"button.default\">\n\t\t\t\t<div class=\"elementor-widget-container\">\n\t\t\t\t\t\t\t\t\t<div class=\"elementor-button-wrapper\">\n\t\t\t\t\t<a class=\"elementor-button elementor-button-link elementor-size-sm\" href=\"https:\/\/keramamueblesdejardin.com\/fr\/salles-exterieures\/ensembles-de-jardin\/garden-set-acacia-and-string-colour-riviera-clear\/\">\n\t\t\t\t\t\t<span class=\"elementor-button-content-wrapper\">\n\t\t\t\t\t\t<span class=\"elementor-button-icon\">\n\t\t\t\t<svg xmlns=\"http:\/\/www.w3.org\/2000\/svg\" width=\"20\" height=\"23\" viewBox=\"0 0 20 23\" fill=\"none\"><path d=\"M2.01937 22.5C1.46 22.5 0.983542 22.3033 0.59 21.91C0.196667 21.5165 0 21.04 0 20.4806V7.01937C0 6.46 0.196667 5.98354 0.59 5.59C0.983542 5.19667 1.46 5 2.01937 5H5C5 3.60729 5.48521 2.42583 6.45562 1.45563C7.42583 0.485209 8.60729 0 10 0C11.3927 0 12.5742 0.485209 13.5444 1.45563C14.5148 2.42583 15 3.60729 15 5H17.9806C18.54 5 19.0165 5.19667 19.41 5.59C19.8033 5.98354 20 6.46 20 7.01937V20.4806C20 21.04 19.8033 21.5165 19.41 21.91C19.0165 22.3033 18.54 22.5 17.9806 22.5H2.01937ZM2.01937 21.25H17.9806C18.1731 21.25 18.3495 21.1699 18.5097 21.0097C18.6699 20.8495 18.75 20.6731 18.75 20.4806V7.01937C18.75 6.82687 18.6699 6.65052 18.5097 6.49031C18.3495 6.3301 18.1731 6.25 17.9806 6.25H2.01937C1.82687 6.25 1.65052 6.3301 1.49031 6.49031C1.3301 6.65052 1.25 6.82687 1.25 7.01937V20.4806C1.25 20.6731 1.3301 20.8495 1.49031 21.0097C1.65052 21.1699 1.82687 21.25 2.01937 21.25ZM10 12.5C11.3927 12.5 12.5742 12.0148 13.5444 11.0444C14.5148 10.0742 15 8.89271 15 7.5H13.75C13.75 8.54167 13.3854 9.42708 12.6562 10.1562C11.9271 10.8854 11.0417 11.25 10 11.25C8.95833 11.25 8.07292 10.8854 7.34375 10.1562C6.61458 9.42708 6.25 8.54167 6.25 7.5H5C5 8.89271 5.48521 10.0742 6.45562 11.0444C7.42583 12.0148 8.60729 12.5 10 12.5ZM6.25 5H13.75C13.75 3.95833 13.3854 3.07292 12.6562 2.34375C11.9271 1.61458 11.0417 1.25 10 1.25C8.95833 1.25 8.07292 1.61458 7.34375 2.34375C6.61458 3.07292 6.25 3.95833 6.25 5Z\" fill=\"#EEDFCD\"><\/path><\/svg>\t\t\t<\/span>\n\t\t\t\t\t\t\t\t\t<span class=\"elementor-button-text\">AJOUTER AU PANIER<\/span>\n\t\t\t\t\t<\/span>\n\t\t\t\t\t<\/a>\n\t\t\t\t<\/div>\n\t\t\t\t\t\t\t\t<\/div>\n\t\t\t\t<\/div>\n\t\t\t\t<div class=\"elementor-element elementor-element-490c284 btn-whishlist elementor-widget elementor-widget-html\" data-id=\"490c284\" data-element_type=\"widget\" data-e-type=\"widget\" data-widget_type=\"html.default\">\n\t\t\t\t<div class=\"elementor-widget-container\">\n\t\t\t\t\t\n<div\n\tclass=\"yith-wcwl-add-to-wishlist add-to-wishlist-64237 yith-wcwl-add-to-wishlist--button_default-style wishlist-fragment on-first-load\"\n\tdata-fragment-ref=\"64237\"\n\tdata-fragment-options=\"{&quot;base_url&quot;:&quot;&quot;,&quot;product_id&quot;:64237,&quot;parent_product_id&quot;:0,&quot;product_type&quot;:&quot;simple&quot;,&quot;is_single&quot;:false,&quot;in_default_wishlist&quot;:false,&quot;show_view&quot;:false,&quot;browse_wishlist_text&quot;:&quot;Echar un vistazo a la lista de deseos&quot;,&quot;already_in_wishslist_text&quot;:&quot;Le produit est d\\u00e9j\\u00e0 dans la liste de souhaits&quot;,&quot;product_added_text&quot;:&quot;Produit ajout\\u00e9&quot;,&quot;available_multi_wishlist&quot;:false,&quot;disable_wishlist&quot;:false,&quot;show_count&quot;:false,&quot;ajax_loading&quot;:false,&quot;loop_position&quot;:&quot;before_image&quot;,&quot;item&quot;:&quot;add_to_wishlist&quot;}\"\n>\n\t\t\t\n\t\t\t<!-- ADD TO WISHLIST -->\n\t\t\t\n<div class=\"yith-wcwl-add-button\">\n\t\t<a\n\t\thref=\"?add_to_wishlist=64237&#038;_wpnonce=57be8bc864\"\n\t\tclass=\"add_to_wishlist single_add_to_wishlist alt theme-button-style \"\n\t\tdata-product-id=\"64237\"\n\t\tdata-product-type=\"simple\"\n\t\tdata-original-product-id=\"0\"\n\t\tdata-title=\"\u00c0 la liste de souhaits\"\n\t\trel=\"nofollow\"\n\t>\n\t\t<svg id=\"yith-wcwl-icon-heart-outline\" class=\"yith-wcwl-icon-svg\" fill=\"none\" stroke-width=\"1.5\" stroke=\"currentColor\" viewBox=\"0 0 24 24\" xmlns=\"http:\/\/www.w3.org\/2000\/svg\">\n  <path stroke-linecap=\"round\" stroke-linejoin=\"round\" d=\"M21 8.25c0-2.485-2.099-4.5-4.688-4.5-1.935 0-3.597 1.126-4.312 2.733-.715-1.607-2.377-2.733-4.313-2.733C5.1 3.75 3 5.765 3 8.25c0 7.22 9 12 9 12s9-4.78 9-12Z\"><\/path>\n<\/svg>\t\t<span>\u00c0 la liste de souhaits<\/span>\n\t<\/a>\n<\/div>\n\n\t\t\t<!-- COUNT TEXT -->\n\t\t\t\n\t\t\t<\/div>\n\t\t\t\t<\/div>\n\t\t\t\t<\/div>\n\t\t\t\t<\/div>\n\t\t\t\t<\/div>\n\t\t<div class=\"elementor-element elementor-element-115495ef e-con-full e-flex e-con e-child\" data-id=\"115495ef\" data-element_type=\"container\" data-e-type=\"container\">\n\t\t\t\t<div class=\"elementor-element elementor-element-117381f5 elementor-widget__width-initial elementor-widget-mobile__width-inherit elementor-widget elementor-widget-heading\" data-id=\"117381f5\" data-element_type=\"widget\" data-e-type=\"widget\" data-widget_type=\"heading.default\">\n\t\t\t\t<div class=\"elementor-widget-container\">\n\t\t\t\t\t<h3 class=\"elementor-heading-title elementor-size-default\"><a href=\"https:\/\/keramamueblesdejardin.com\/fr\/salles-exterieures\/ensembles-de-jardin\/garden-set-acacia-and-string-colour-riviera-clear\/\">Ensemble de jardin en acacia et corde de couleur claire &#8211; Riviera<\/a><\/h3>\t\t\t\t<\/div>\n\t\t\t\t<\/div>\n\t\t\t\t<div class=\"elementor-element elementor-element-544acd9a elementor-widget__width-initial elementor-widget-mobile__width-inherit elementor-widget elementor-widget-woocommerce-product-price\" data-id=\"544acd9a\" data-element_type=\"widget\" data-e-type=\"widget\" data-widget_type=\"woocommerce-product-price.default\">\n\t\t\t\t<div class=\"elementor-widget-container\">\n\t\t\t\t\t<p class=\"price\"><span class=\"wcpbc-price wcpbc-price-64237\" data-product-id=\"64237\"><del aria-hidden=\"true\"><span class=\"woocommerce-Price-amount amount\"><bdi>2.079,00<span class=\"woocommerce-Price-currencySymbol\">&euro;<\/span><\/bdi><\/span><\/del> <span class=\"screen-reader-text\">Le prix initial \u00e9tait\u00a0: 2.079,00&euro;.<\/span><ins aria-hidden=\"true\"><span class=\"woocommerce-Price-amount amount\"><bdi>1.699,00<span class=\"woocommerce-Price-currencySymbol\">&euro;<\/span><\/bdi><\/span><\/ins><span class=\"screen-reader-text\">Le prix actuel est\u00a0: 1.699,00&euro;.<\/span><\/span><\/p>\n\t\t\t\t<\/div>\n\t\t\t\t<\/div>\n\t\t\t\t<\/div>\n\t\t\t\t\t<\/div>\n\t\t\t\t<\/div>\n\t\t\t\t<\/div>\n\t\t\t\t<\/div>\n\t\t<\/div>\n\t\t\t\t\t<div class=\"elementor-swiper-button elementor-swiper-button-prev\" role=\"button\" tabindex=\"0\" aria-label=\"Pr\u00e9c\u00e9dent\">\n\t\t\t\t<svg aria-hidden=\"true\" class=\"e-font-icon-svg e-eicon-chevron-left\" viewBox=\"0 0 1000 1000\" xmlns=\"http:\/\/www.w3.org\/2000\/svg\"><path d=\"M646 125C629 125 613 133 604 142L308 442C296 454 292 471 292 487 292 504 296 521 308 533L604 854C617 867 629 875 646 875 663 875 679 871 692 858 704 846 713 829 713 812 713 796 708 779 692 767L438 487 692 225C700 217 708 204 708 187 708 171 704 154 692 142 675 129 663 125 646 125Z\"><\/path><\/svg>\t\t\t<\/div>\n\t\t\t<div class=\"elementor-swiper-button elementor-swiper-button-next\" role=\"button\" tabindex=\"0\" aria-label=\"Suivant\">\n\t\t\t\t<svg aria-hidden=\"true\" class=\"e-font-icon-svg e-eicon-chevron-right\" viewBox=\"0 0 1000 1000\" xmlns=\"http:\/\/www.w3.org\/2000\/svg\"><path d=\"M696 533C708 521 713 504 713 487 713 471 708 454 696 446L400 146C388 133 375 125 354 125 338 125 325 129 313 142 300 154 292 171 292 187 292 204 296 221 308 233L563 492 304 771C292 783 288 800 288 817 288 833 296 850 308 863 321 871 338 875 354 875 371 875 388 867 400 854L696 533Z\"><\/path><\/svg>\t\t\t<\/div>\n\t\t\t\t\t\t<\/div>\n\t\t\t\t<\/div>\n\t\t\t\t<div class=\"elementor-element elementor-element-d6e922a elementor-align-center elementor-widget elementor-widget-button\" data-id=\"d6e922a\" data-element_type=\"widget\" data-e-type=\"widget\" data-widget_type=\"button.default\">\n\t\t\t\t<div class=\"elementor-widget-container\">\n\t\t\t\t\t\t\t\t\t<div class=\"elementor-button-wrapper\">\n\t\t\t\t\t<a class=\"elementor-button elementor-button-link elementor-size-sm elementor-animation-grow\" href=\"https:\/\/keramamueblesdejardin.com\/fr\/salles-exterieures\/\">\n\t\t\t\t\t\t<span class=\"elementor-button-content-wrapper\">\n\t\t\t\t\t\t\t\t\t<span class=\"elementor-button-text\">VOIR SALLES<\/span>\n\t\t\t\t\t<\/span>\n\t\t\t\t\t<\/a>\n\t\t\t\t<\/div>\n\t\t\t\t\t\t\t\t<\/div>\n\t\t\t\t<\/div>\n\t\t\t\t\t<\/div>\n\t\t\t\t<\/div>\n\t\t<div class=\"elementor-element elementor-element-9631391 e-flex e-con-boxed e-con e-parent\" data-id=\"9631391\" data-element_type=\"container\" data-e-type=\"container\">\n\t\t\t\t\t<div class=\"e-con-inner\">\n\t\t\t\t<div class=\"elementor-element elementor-element-547dddd elementor-widget elementor-widget-heading\" data-id=\"547dddd\" data-element_type=\"widget\" data-e-type=\"widget\" data-widget_type=\"heading.default\">\n\t\t\t\t<div class=\"elementor-widget-container\">\n\t\t\t\t\t<h2 class=\"elementor-heading-title elementor-size-default\">Choisissez le mat\u00e9riau de votre mobilier d'ext\u00e9rieur<\/h2>\t\t\t\t<\/div>\n\t\t\t\t<\/div>\n\t\t<div class=\"elementor-element elementor-element-7149e2d e-con-full e-grid e-con e-child\" data-id=\"7149e2d\" data-element_type=\"container\" data-e-type=\"container\">\n\t\t\t\t<div class=\"elementor-element elementor-element-a0a874d elementor-cta--skin-cover elementor-animated-content elementor-bg-transform elementor-bg-transform-zoom-in elementor-widget elementor-widget-call-to-action\" data-id=\"a0a874d\" data-element_type=\"widget\" data-e-type=\"widget\" data-widget_type=\"call-to-action.default\">\n\t\t\t\t<div class=\"elementor-widget-container\">\n\t\t\t\t\t\t\t<a class=\"elementor-cta\" href=\"https:\/\/keramamueblesdejardin.com\/fr\/etiqueta-producto\/aluminium\/\">\n\t\t\t\t\t<div class=\"elementor-cta__bg-wrapper\">\n\t\t\t\t<div class=\"elementor-cta__bg elementor-bg\" style=\"background-image: url(https:\/\/keramamueblesdejardin.com\/wp-content\/uploads\/2021\/05\/M011-FTS598-0010184-1024x1024.jpg);\" role=\"img\" aria-label=\"M011-FTS598-0010184\"><\/div>\n\t\t\t\t<div class=\"elementor-cta__bg-overlay\"><\/div>\n\t\t\t<\/div>\n\t\t\t\t\t\t\t<div class=\"elementor-cta__content\">\n\t\t\t\t\n\t\t\t\t\t\t\t\t\t<h3 class=\"elementor-cta__title elementor-cta__content-item elementor-content-item elementor-animated-item--grow\">\n\t\t\t\t\t\tALUMINIUM\t\t\t\t\t<\/h3>\n\t\t\t\t\n\t\t\t\t\n\t\t\t\t\t\t\t<\/div>\n\t\t\t\t\t\t<\/a>\n\t\t\t\t\t\t<\/div>\n\t\t\t\t<\/div>\n\t\t\t\t<div class=\"elementor-element elementor-element-a2e454e elementor-cta--skin-cover elementor-animated-content elementor-bg-transform elementor-bg-transform-zoom-in elementor-widget elementor-widget-call-to-action\" data-id=\"a2e454e\" data-element_type=\"widget\" data-e-type=\"widget\" data-widget_type=\"call-to-action.default\">\n\t\t\t\t<div class=\"elementor-widget-container\">\n\t\t\t\t\t\t\t<a class=\"elementor-cta\" href=\"https:\/\/keramamueblesdejardin.com\/fr\/etiqueta-producto\/bois\/\">\n\t\t\t\t\t<div class=\"elementor-cta__bg-wrapper\">\n\t\t\t\t<div class=\"elementor-cta__bg elementor-bg\" style=\"background-image: url(https:\/\/keramamueblesdejardin.com\/wp-content\/uploads\/2022\/09\/M011-FTS598-0010017-1-1024x1024.jpg);\" role=\"img\" aria-label=\"M011-FTS598-0010017\"><\/div>\n\t\t\t\t<div class=\"elementor-cta__bg-overlay\"><\/div>\n\t\t\t<\/div>\n\t\t\t\t\t\t\t<div class=\"elementor-cta__content\">\n\t\t\t\t\n\t\t\t\t\t\t\t\t\t<h3 class=\"elementor-cta__title elementor-cta__content-item elementor-content-item elementor-animated-item--grow\">\n\t\t\t\t\t\tBOIS\t\t\t\t\t<\/h3>\n\t\t\t\t\n\t\t\t\t\n\t\t\t\t\t\t\t<\/div>\n\t\t\t\t\t\t<\/a>\n\t\t\t\t\t\t<\/div>\n\t\t\t\t<\/div>\n\t\t\t\t<div class=\"elementor-element elementor-element-8625587 elementor-cta--skin-cover elementor-animated-content elementor-bg-transform elementor-bg-transform-zoom-in elementor-widget elementor-widget-call-to-action\" data-id=\"8625587\" data-element_type=\"widget\" data-e-type=\"widget\" data-widget_type=\"call-to-action.default\">\n\t\t\t\t<div class=\"elementor-widget-container\">\n\t\t\t\t\t\t\t<a class=\"elementor-cta\" href=\"https:\/\/keramamueblesdejardin.com\/fr\/etiqueta-producto\/rotin\/\">\n\t\t\t\t\t<div class=\"elementor-cta__bg-wrapper\">\n\t\t\t\t<div class=\"elementor-cta__bg elementor-bg\" style=\"background-image: url(https:\/\/keramamueblesdejardin.com\/wp-content\/uploads\/2024\/03\/IMG_2935-960x960-1.jpg);\" role=\"img\" aria-label=\"IMG_2935-960x960\"><\/div>\n\t\t\t\t<div class=\"elementor-cta__bg-overlay\"><\/div>\n\t\t\t<\/div>\n\t\t\t\t\t\t\t<div class=\"elementor-cta__content\">\n\t\t\t\t\n\t\t\t\t\t\t\t\t\t<h3 class=\"elementor-cta__title elementor-cta__content-item elementor-content-item elementor-animated-item--grow\">\n\t\t\t\t\t\tROTIN\t\t\t\t\t<\/h3>\n\t\t\t\t\n\t\t\t\t\n\t\t\t\t\t\t\t<\/div>\n\t\t\t\t\t\t<\/a>\n\t\t\t\t\t\t<\/div>\n\t\t\t\t<\/div>\n\t\t\t\t<div class=\"elementor-element elementor-element-060d3fe elementor-cta--skin-cover elementor-animated-content elementor-bg-transform elementor-bg-transform-zoom-in elementor-widget elementor-widget-call-to-action\" data-id=\"060d3fe\" data-element_type=\"widget\" data-e-type=\"widget\" data-widget_type=\"call-to-action.default\">\n\t\t\t\t<div class=\"elementor-widget-container\">\n\t\t\t\t\t\t\t<a class=\"elementor-cta\" href=\"https:\/\/keramamueblesdejardin.com\/fr\/etiqueta-producto\/textilene-fr\/\">\n\t\t\t\t\t<div class=\"elementor-cta__bg-wrapper\">\n\t\t\t\t<div class=\"elementor-cta__bg elementor-bg\" style=\"background-image: url(https:\/\/keramamueblesdejardin.com\/wp-content\/uploads\/2024\/01\/habana-detalle-4-1024x656.jpg);\" role=\"img\" aria-label=\"La Havane D\u00e9tail 4\"><\/div>\n\t\t\t\t<div class=\"elementor-cta__bg-overlay\"><\/div>\n\t\t\t<\/div>\n\t\t\t\t\t\t\t<div class=\"elementor-cta__content\">\n\t\t\t\t\n\t\t\t\t\t\t\t\t\t<h3 class=\"elementor-cta__title elementor-cta__content-item elementor-content-item elementor-animated-item--grow\">\n\t\t\t\t\t\tTEXTILE\t\t\t\t\t<\/h3>\n\t\t\t\t\n\t\t\t\t\n\t\t\t\t\t\t\t<\/div>\n\t\t\t\t\t\t<\/a>\n\t\t\t\t\t\t<\/div>\n\t\t\t\t<\/div>\n\t\t\t\t<\/div>\n\t\t\t\t\t<\/div>\n\t\t\t\t<\/div>\n\t\t<div class=\"elementor-element elementor-element-c3fb115 e-flex e-con-boxed e-con e-parent\" data-id=\"c3fb115\" data-element_type=\"container\" data-e-type=\"container\" data-settings=\"{&quot;background_background&quot;:&quot;classic&quot;}\">\n\t\t\t\t\t<div class=\"e-con-inner\">\n\t\t\t\t<div class=\"elementor-element elementor-element-23200521 elementor-widget elementor-widget-heading\" data-id=\"23200521\" data-element_type=\"widget\" data-e-type=\"widget\" data-widget_type=\"heading.default\">\n\t\t\t\t<div class=\"elementor-widget-container\">\n\t\t\t\t\t<h2 class=\"elementor-heading-title elementor-size-default\">Pourquoi choisir Kerama ?<\/h2>\t\t\t\t<\/div>\n\t\t\t\t<\/div>\n\t\t<div class=\"elementor-element elementor-element-503931ac e-grid e-con-full e-con e-child\" data-id=\"503931ac\" data-element_type=\"container\" data-e-type=\"container\">\n\t\t\t\t<div class=\"elementor-element elementor-element-73492c23 elementor-position-top elementor-widget elementor-widget-image-box\" data-id=\"73492c23\" data-element_type=\"widget\" data-e-type=\"widget\" data-widget_type=\"image-box.default\">\n\t\t\t\t<div class=\"elementor-widget-container\">\n\t\t\t\t\t<div class=\"elementor-image-box-wrapper\"><figure class=\"elementor-image-box-img\"><img loading=\"lazy\" decoding=\"async\" width=\"70\" height=\"70\" src=\"https:\/\/keramamueblesdejardin.com\/wp-content\/uploads\/2025\/05\/delivery_truck_speed-1.png\" class=\"attachment-full size-full wp-image-178632\" alt=\"\" srcset=\"https:\/\/keramamueblesdejardin.com\/wp-content\/uploads\/2025\/05\/delivery_truck_speed-1.png 70w, https:\/\/keramamueblesdejardin.com\/wp-content\/uploads\/2025\/05\/delivery_truck_speed-1-50x50.png 50w\" sizes=\"(max-width: 70px) 100vw, 70px\" \/><\/figure><div class=\"elementor-image-box-content\"><h3 class=\"elementor-image-box-title\">Livraison gratuite<\/h3><p class=\"elementor-image-box-description\">\u00c0 partir de 100\u20ac d\u2019achat.<br>Recevez dans 5 \u00e0 10 jours avec toutes les garanties<\/p><\/div><\/div>\t\t\t\t<\/div>\n\t\t\t\t<\/div>\n\t\t\t\t<div class=\"elementor-element elementor-element-610e1f7b elementor-position-top elementor-widget elementor-widget-image-box\" data-id=\"610e1f7b\" data-element_type=\"widget\" data-e-type=\"widget\" data-widget_type=\"image-box.default\">\n\t\t\t\t<div class=\"elementor-widget-container\">\n\t\t\t\t\t<div class=\"elementor-image-box-wrapper\"><figure class=\"elementor-image-box-img\"><img loading=\"lazy\" decoding=\"async\" width=\"70\" height=\"70\" src=\"https:\/\/keramamueblesdejardin.com\/wp-content\/uploads\/2025\/05\/keyboard_return-1.png\" class=\"attachment-full size-full wp-image-178633\" alt=\"\" srcset=\"https:\/\/keramamueblesdejardin.com\/wp-content\/uploads\/2025\/05\/keyboard_return-1.png 70w, https:\/\/keramamueblesdejardin.com\/wp-content\/uploads\/2025\/05\/keyboard_return-1-50x50.png 50w\" sizes=\"(max-width: 70px) 100vw, 70px\" \/><\/figure><div class=\"elementor-image-box-content\"><h3 class=\"elementor-image-box-title\">14 jours avant le retour<\/h3><p class=\"elementor-image-box-description\">Garantie de remboursement jusqu\u2019\u00e0 14 jours apr\u00e8s l\u2019achat<\/p><\/div><\/div>\t\t\t\t<\/div>\n\t\t\t\t<\/div>\n\t\t\t\t<div class=\"elementor-element elementor-element-7e7d2f9b elementor-position-top elementor-widget elementor-widget-image-box\" data-id=\"7e7d2f9b\" data-element_type=\"widget\" data-e-type=\"widget\" data-widget_type=\"image-box.default\">\n\t\t\t\t<div class=\"elementor-widget-container\">\n\t\t\t\t\t<div class=\"elementor-image-box-wrapper\"><figure class=\"elementor-image-box-img\"><img loading=\"lazy\" decoding=\"async\" width=\"70\" height=\"70\" src=\"https:\/\/keramamueblesdejardin.com\/wp-content\/uploads\/2025\/05\/workspace_premium-1.png\" class=\"attachment-full size-full wp-image-178634\" alt=\"\" srcset=\"https:\/\/keramamueblesdejardin.com\/wp-content\/uploads\/2025\/05\/workspace_premium-1.png 70w, https:\/\/keramamueblesdejardin.com\/wp-content\/uploads\/2025\/05\/workspace_premium-1-50x50.png 50w\" sizes=\"(max-width: 70px) 100vw, 70px\" \/><\/figure><div class=\"elementor-image-box-content\"><h3 class=\"elementor-image-box-title\">Garantie de 3 ans<\/h3><p class=\"elementor-image-box-description\">Pour une confiance maximale<\/p><\/div><\/div>\t\t\t\t<\/div>\n\t\t\t\t<\/div>\n\t\t\t\t<div class=\"elementor-element elementor-element-2131cada elementor-position-top elementor-widget elementor-widget-image-box\" data-id=\"2131cada\" data-element_type=\"widget\" data-e-type=\"widget\" data-widget_type=\"image-box.default\">\n\t\t\t\t<div class=\"elementor-widget-container\">\n\t\t\t\t\t<div class=\"elementor-image-box-wrapper\"><figure class=\"elementor-image-box-img\"><img loading=\"lazy\" decoding=\"async\" width=\"70\" height=\"70\" src=\"https:\/\/keramamueblesdejardin.com\/wp-content\/uploads\/2025\/05\/chat-1.png\" class=\"attachment-full size-full wp-image-178635\" alt=\"\" srcset=\"https:\/\/keramamueblesdejardin.com\/wp-content\/uploads\/2025\/05\/chat-1.png 70w, https:\/\/keramamueblesdejardin.com\/wp-content\/uploads\/2025\/05\/chat-1-50x50.png 50w\" sizes=\"(max-width: 70px) 100vw, 70px\" \/><\/figure><div class=\"elementor-image-box-content\"><h3 class=\"elementor-image-box-title\">Conseil personnel<\/h3><p class=\"elementor-image-box-description\">30 ans d\u2019exp\u00e9rience dans le secteur nous confirment<\/p><\/div><\/div>\t\t\t\t<\/div>\n\t\t\t\t<\/div>\n\t\t\t\t<\/div>\n\t\t\t\t\t<\/div>\n\t\t\t\t<\/div>\n\t\t<div class=\"elementor-element elementor-element-41c5e9f e-flex e-con-boxed e-con e-parent\" data-id=\"41c5e9f\" data-element_type=\"container\" data-e-type=\"container\">\n\t\t\t\t\t<div class=\"e-con-inner\">\n\t\t\t\t<div class=\"elementor-element elementor-element-58630bf elementor-widget elementor-widget-heading\" data-id=\"58630bf\" data-element_type=\"widget\" data-e-type=\"widget\" data-widget_type=\"heading.default\">\n\t\t\t\t<div class=\"elementor-widget-container\">\n\t\t\t\t\t<h2 class=\"elementor-heading-title elementor-size-default\">Nouveau mobilier de jardin en aluminium<\/h2>\t\t\t\t<\/div>\n\t\t\t\t<\/div>\n\t\t\t\t<div class=\"elementor-element elementor-element-60007ef elementor-arrows-position-inside elementor-widget elementor-widget-loop-carousel\" data-id=\"60007ef\" data-element_type=\"widget\" data-e-type=\"widget\" data-settings=\"{&quot;template_id&quot;:191981,&quot;slides_to_show&quot;:&quot;4&quot;,&quot;slides_to_show_mobile&quot;:&quot;2&quot;,&quot;image_spacing_custom_mobile&quot;:{&quot;unit&quot;:&quot;px&quot;,&quot;size&quot;:0,&quot;sizes&quot;:[]},&quot;_skin&quot;:&quot;post&quot;,&quot;slides_to_show_tablet&quot;:&quot;2&quot;,&quot;slides_to_scroll&quot;:&quot;1&quot;,&quot;edit_handle_selector&quot;:&quot;.elementor-loop-container&quot;,&quot;autoplay&quot;:&quot;yes&quot;,&quot;autoplay_speed&quot;:5000,&quot;pause_on_hover&quot;:&quot;yes&quot;,&quot;pause_on_interaction&quot;:&quot;yes&quot;,&quot;infinite&quot;:&quot;yes&quot;,&quot;speed&quot;:500,&quot;offset_sides&quot;:&quot;none&quot;,&quot;arrows&quot;:&quot;yes&quot;,&quot;image_spacing_custom&quot;:{&quot;unit&quot;:&quot;px&quot;,&quot;size&quot;:10,&quot;sizes&quot;:[]},&quot;image_spacing_custom_tablet&quot;:{&quot;unit&quot;:&quot;px&quot;,&quot;size&quot;:&quot;&quot;,&quot;sizes&quot;:[]}}\" data-widget_type=\"loop-carousel.post\">\n\t\t\t\t<div class=\"elementor-widget-container\">\n\t\t\t\t\t\t\t<div class=\"e-loop-nothing-found-message\">\n\t\t<\/div>\n\t\t\t\t\t\t<\/div>\n\t\t\t\t<\/div>\n\t\t\t\t\t<\/div>\n\t\t\t\t<\/div>\n\t\t<div class=\"elementor-element elementor-element-0817dce e-flex e-con-boxed e-con e-parent\" data-id=\"0817dce\" data-element_type=\"container\" data-e-type=\"container\">\n\t\t\t\t\t<div class=\"e-con-inner\">\n\t\t\t\t<div class=\"elementor-element elementor-element-cf3c7bc elementor-widget elementor-widget-heading\" data-id=\"cf3c7bc\" data-element_type=\"widget\" data-e-type=\"widget\" data-widget_type=\"heading.default\">\n\t\t\t\t<div class=\"elementor-widget-container\">\n\t\t\t\t\t<h2 class=\"elementor-heading-title elementor-size-default\">Collections de meubles de jardin en bois<\/h2>\t\t\t\t<\/div>\n\t\t\t\t<\/div>\n\t\t<div class=\"elementor-element elementor-element-4d5f850 e-con-full e-grid e-con e-child\" data-id=\"4d5f850\" data-element_type=\"container\" data-e-type=\"container\">\n\t\t\t\t<div class=\"elementor-element elementor-element-9788a37 elementor-cta--skin-cover elementor-animated-content elementor-bg-transform elementor-bg-transform-zoom-in elementor-widget elementor-widget-call-to-action\" data-id=\"9788a37\" data-element_type=\"widget\" data-e-type=\"widget\" data-widget_type=\"call-to-action.default\">\n\t\t\t\t<div class=\"elementor-widget-container\">\n\t\t\t\t\t\t\t<a class=\"elementor-cta\" href=\"https:\/\/keramamueblesdejardin.comcolecciones\/baracoa\/\">\n\t\t\t\t\t<div class=\"elementor-cta__bg-wrapper\">\n\t\t\t\t<div class=\"elementor-cta__bg elementor-bg\" style=\"background-image: url(https:\/\/keramamueblesdejardin.com\/wp-content\/uploads\/2024\/01\/baracoa-detalle-5-1024x1024.jpg);\" role=\"img\" aria-label=\"Baracoa D\u00e9tail 5\"><\/div>\n\t\t\t\t<div class=\"elementor-cta__bg-overlay\"><\/div>\n\t\t\t<\/div>\n\t\t\t\t\t\t\t<div class=\"elementor-cta__content\">\n\t\t\t\t\n\t\t\t\t\t\t\t\t\t<h3 class=\"elementor-cta__title elementor-cta__content-item elementor-content-item elementor-animated-item--grow\">\n\t\t\t\t\t\tBARACOA\t\t\t\t\t<\/h3>\n\t\t\t\t\n\t\t\t\t\n\t\t\t\t\t\t\t<\/div>\n\t\t\t\t\t\t<\/a>\n\t\t\t\t\t\t<\/div>\n\t\t\t\t<\/div>\n\t\t\t\t<div class=\"elementor-element elementor-element-0b1627a elementor-cta--skin-cover elementor-animated-content elementor-bg-transform elementor-bg-transform-zoom-in elementor-widget elementor-widget-call-to-action\" data-id=\"0b1627a\" data-element_type=\"widget\" data-e-type=\"widget\" data-widget_type=\"call-to-action.default\">\n\t\t\t\t<div class=\"elementor-widget-container\">\n\t\t\t\t\t\t\t<a class=\"elementor-cta\" href=\"https:\/\/keramamueblesdejardin.com\/fr\/collections\/sicile\/\">\n\t\t\t\t\t<div class=\"elementor-cta__bg-wrapper\">\n\t\t\t\t<div class=\"elementor-cta__bg elementor-bg\" style=\"background-image: url(https:\/\/keramamueblesdejardin.com\/wp-content\/uploads\/2023\/02\/butaca-sicilia-2-1024x1024.jpg);\" role=\"img\" aria-label=\"Fauteuil Sicile (2)\"><\/div>\n\t\t\t\t<div class=\"elementor-cta__bg-overlay\"><\/div>\n\t\t\t<\/div>\n\t\t\t\t\t\t\t<div class=\"elementor-cta__content\">\n\t\t\t\t\n\t\t\t\t\t\t\t\t\t<h3 class=\"elementor-cta__title elementor-cta__content-item elementor-content-item elementor-animated-item--grow\">\n\t\t\t\t\t\tSICILE\t\t\t\t\t<\/h3>\n\t\t\t\t\n\t\t\t\t\n\t\t\t\t\t\t\t<\/div>\n\t\t\t\t\t\t<\/a>\n\t\t\t\t\t\t<\/div>\n\t\t\t\t<\/div>\n\t\t\t\t<div class=\"elementor-element elementor-element-330ca75 elementor-cta--skin-cover elementor-animated-content elementor-bg-transform elementor-bg-transform-zoom-in elementor-widget elementor-widget-call-to-action\" data-id=\"330ca75\" data-element_type=\"widget\" data-e-type=\"widget\" data-widget_type=\"call-to-action.default\">\n\t\t\t\t<div class=\"elementor-widget-container\">\n\t\t\t\t\t\t\t<a class=\"elementor-cta\" href=\"https:\/\/keramamueblesdejardin.com\/fr\/?attachment_id=143962\">\n\t\t\t\t\t<div class=\"elementor-cta__bg-wrapper\">\n\t\t\t\t<div class=\"elementor-cta__bg elementor-bg\" style=\"background-image: url(https:\/\/keramamueblesdejardin.com\/wp-content\/uploads\/2024\/01\/brera-mesa-con-sillas_det-2-1024x1024.jpg);\" role=\"img\" aria-label=\"brera mesa con sillas_det 2\"><\/div>\n\t\t\t\t<div class=\"elementor-cta__bg-overlay\"><\/div>\n\t\t\t<\/div>\n\t\t\t\t\t\t\t<div class=\"elementor-cta__content\">\n\t\t\t\t\n\t\t\t\t\t\t\t\t\t<h3 class=\"elementor-cta__title elementor-cta__content-item elementor-content-item elementor-animated-item--grow\">\n\t\t\t\t\t\tBRERA\t\t\t\t\t<\/h3>\n\t\t\t\t\n\t\t\t\t\n\t\t\t\t\t\t\t<\/div>\n\t\t\t\t\t\t<\/a>\n\t\t\t\t\t\t<\/div>\n\t\t\t\t<\/div>\n\t\t\t\t<div class=\"elementor-element elementor-element-478c850 elementor-cta--skin-cover elementor-hidden-desktop elementor-hidden-tablet elementor-animated-content elementor-bg-transform elementor-bg-transform-zoom-in elementor-widget elementor-widget-call-to-action\" data-id=\"478c850\" data-element_type=\"widget\" data-e-type=\"widget\" data-widget_type=\"call-to-action.default\">\n\t\t\t\t<div class=\"elementor-widget-container\">\n\t\t\t\t\t\t\t<a class=\"elementor-cta\" href=\"https:\/\/keramamueblesdejardin.com\/fr\/collections\/riviera\/\">\n\t\t\t\t\t<div class=\"elementor-cta__bg-wrapper\">\n\t\t\t\t<div class=\"elementor-cta__bg elementor-bg\" style=\"background-image: url(https:\/\/keramamueblesdejardin.com\/wp-content\/uploads\/2023\/01\/riviera-portada-1024x1024.jpg);\" role=\"img\" aria-label=\"Riviera Portada\"><\/div>\n\t\t\t\t<div class=\"elementor-cta__bg-overlay\"><\/div>\n\t\t\t<\/div>\n\t\t\t\t\t\t\t<div class=\"elementor-cta__content\">\n\t\t\t\t\n\t\t\t\t\t\t\t\t\t<h3 class=\"elementor-cta__title elementor-cta__content-item elementor-content-item elementor-animated-item--grow\">\n\t\t\t\t\t\tRIVIERA\t\t\t\t\t<\/h3>\n\t\t\t\t\n\t\t\t\t\n\t\t\t\t\t\t\t<\/div>\n\t\t\t\t\t\t<\/a>\n\t\t\t\t\t\t<\/div>\n\t\t\t\t<\/div>\n\t\t\t\t<div class=\"elementor-element elementor-element-88ea956 elementor-cta--skin-cover elementor-hidden-desktop elementor-hidden-tablet elementor-animated-content elementor-bg-transform elementor-bg-transform-zoom-in elementor-widget elementor-widget-call-to-action\" data-id=\"88ea956\" data-element_type=\"widget\" data-e-type=\"widget\" data-widget_type=\"call-to-action.default\">\n\t\t\t\t<div class=\"elementor-widget-container\">\n\t\t\t\t\t\t\t<a class=\"elementor-cta\" href=\"https:\/\/keramamueblesdejardin.com\/fr\/collections\/la-havane\/\">\n\t\t\t\t\t<div class=\"elementor-cta__bg-wrapper\">\n\t\t\t\t<div class=\"elementor-cta__bg elementor-bg\" style=\"background-image: url(https:\/\/keramamueblesdejardin.com\/wp-content\/uploads\/2024\/01\/habana-detalle-4-1024x656.jpg);\" role=\"img\" aria-label=\"La Havane D\u00e9tail 4\"><\/div>\n\t\t\t\t<div class=\"elementor-cta__bg-overlay\"><\/div>\n\t\t\t<\/div>\n\t\t\t\t\t\t\t<div class=\"elementor-cta__content\">\n\t\t\t\t\n\t\t\t\t\t\t\t\t\t<h3 class=\"elementor-cta__title elementor-cta__content-item elementor-content-item elementor-animated-item--grow\">\n\t\t\t\t\t\tHAVANE\t\t\t\t\t<\/h3>\n\t\t\t\t\n\t\t\t\t\n\t\t\t\t\t\t\t<\/div>\n\t\t\t\t\t\t<\/a>\n\t\t\t\t\t\t<\/div>\n\t\t\t\t<\/div>\n\t\t\t\t<\/div>\n\t\t<div class=\"elementor-element elementor-element-402e1bc e-con-full e-grid elementor-hidden-mobile e-con e-child\" data-id=\"402e1bc\" data-element_type=\"container\" data-e-type=\"container\">\n\t\t\t\t<div class=\"elementor-element elementor-element-812b915 elementor-cta--skin-cover elementor-animated-content elementor-bg-transform elementor-bg-transform-zoom-in elementor-widget elementor-widget-call-to-action\" data-id=\"812b915\" data-element_type=\"widget\" data-e-type=\"widget\" data-widget_type=\"call-to-action.default\">\n\t\t\t\t<div class=\"elementor-widget-container\">\n\t\t\t\t\t\t\t<a class=\"elementor-cta\" href=\"https:\/\/keramamueblesdejardin.com\/fr\/collections\/riviera\/\">\n\t\t\t\t\t<div class=\"elementor-cta__bg-wrapper\">\n\t\t\t\t<div class=\"elementor-cta__bg elementor-bg\" style=\"background-image: url(https:\/\/keramamueblesdejardin.com\/wp-content\/uploads\/2023\/01\/riviera-portada-1024x1024.jpg);\" role=\"img\" aria-label=\"Riviera Portada\"><\/div>\n\t\t\t\t<div class=\"elementor-cta__bg-overlay\"><\/div>\n\t\t\t<\/div>\n\t\t\t\t\t\t\t<div class=\"elementor-cta__content\">\n\t\t\t\t\n\t\t\t\t\t\t\t\t\t<h3 class=\"elementor-cta__title elementor-cta__content-item elementor-content-item elementor-animated-item--grow\">\n\t\t\t\t\t\tRIVIERA\t\t\t\t\t<\/h3>\n\t\t\t\t\n\t\t\t\t\n\t\t\t\t\t\t\t<\/div>\n\t\t\t\t\t\t<\/a>\n\t\t\t\t\t\t<\/div>\n\t\t\t\t<\/div>\n\t\t\t\t<div class=\"elementor-element elementor-element-94a7faa elementor-cta--skin-cover elementor-animated-content elementor-bg-transform elementor-bg-transform-zoom-in elementor-widget elementor-widget-call-to-action\" data-id=\"94a7faa\" data-element_type=\"widget\" data-e-type=\"widget\" data-widget_type=\"call-to-action.default\">\n\t\t\t\t<div class=\"elementor-widget-container\">\n\t\t\t\t\t\t\t<a class=\"elementor-cta\" href=\"https:\/\/keramamueblesdejardin.com\/fr\/collections\/la-havane\/\">\n\t\t\t\t\t<div class=\"elementor-cta__bg-wrapper\">\n\t\t\t\t<div class=\"elementor-cta__bg elementor-bg\" style=\"background-image: url(https:\/\/keramamueblesdejardin.com\/wp-content\/uploads\/2024\/01\/habana-detalle-4-1024x656.jpg);\" role=\"img\" aria-label=\"La Havane D\u00e9tail 4\"><\/div>\n\t\t\t\t<div class=\"elementor-cta__bg-overlay\"><\/div>\n\t\t\t<\/div>\n\t\t\t\t\t\t\t<div class=\"elementor-cta__content\">\n\t\t\t\t\n\t\t\t\t\t\t\t\t\t<h3 class=\"elementor-cta__title elementor-cta__content-item elementor-content-item elementor-animated-item--grow\">\n\t\t\t\t\t\tHAVANE\t\t\t\t\t<\/h3>\n\t\t\t\t\n\t\t\t\t\n\t\t\t\t\t\t\t<\/div>\n\t\t\t\t\t\t<\/a>\n\t\t\t\t\t\t<\/div>\n\t\t\t\t<\/div>\n\t\t\t\t<\/div>\n\t\t\t\t\t<\/div>\n\t\t\t\t<\/div>\n\t\t<div class=\"elementor-element elementor-element-e375231 e-flex e-con-boxed e-con e-parent\" data-id=\"e375231\" data-element_type=\"container\" data-e-type=\"container\">\n\t\t\t\t\t<div class=\"e-con-inner\">\n\t\t\t\t<div class=\"elementor-element elementor-element-29be0d9 elementor-widget elementor-widget-heading\" data-id=\"29be0d9\" data-element_type=\"widget\" data-e-type=\"widget\" data-widget_type=\"heading.default\">\n\t\t\t\t<div class=\"elementor-widget-container\">\n\t\t\t\t\t<h2 class=\"elementor-heading-title elementor-size-default\">Meubles d'ext\u00e9rieur les plus vendus<\/h2>\t\t\t\t<\/div>\n\t\t\t\t<\/div>\n\t\t\t\t<div class=\"elementor-element elementor-element-2325cdd elementor-arrows-position-inside elementor-widget elementor-widget-loop-carousel\" data-id=\"2325cdd\" data-element_type=\"widget\" data-e-type=\"widget\" data-settings=\"{&quot;template_id&quot;:191981,&quot;slides_to_show&quot;:&quot;4&quot;,&quot;slides_to_show_mobile&quot;:&quot;2&quot;,&quot;image_spacing_custom_mobile&quot;:{&quot;unit&quot;:&quot;px&quot;,&quot;size&quot;:0,&quot;sizes&quot;:[]},&quot;_skin&quot;:&quot;post&quot;,&quot;slides_to_show_tablet&quot;:&quot;2&quot;,&quot;slides_to_scroll&quot;:&quot;1&quot;,&quot;edit_handle_selector&quot;:&quot;.elementor-loop-container&quot;,&quot;autoplay&quot;:&quot;yes&quot;,&quot;autoplay_speed&quot;:5000,&quot;pause_on_hover&quot;:&quot;yes&quot;,&quot;pause_on_interaction&quot;:&quot;yes&quot;,&quot;infinite&quot;:&quot;yes&quot;,&quot;speed&quot;:500,&quot;offset_sides&quot;:&quot;none&quot;,&quot;arrows&quot;:&quot;yes&quot;,&quot;image_spacing_custom&quot;:{&quot;unit&quot;:&quot;px&quot;,&quot;size&quot;:10,&quot;sizes&quot;:[]},&quot;image_spacing_custom_tablet&quot;:{&quot;unit&quot;:&quot;px&quot;,&quot;size&quot;:&quot;&quot;,&quot;sizes&quot;:[]}}\" data-widget_type=\"loop-carousel.post\">\n\t\t\t\t<div class=\"elementor-widget-container\">\n\t\t\t\t\t\t\t<div class=\"e-loop-nothing-found-message\">\n\t\t<\/div>\n\t\t\t\t\t\t<\/div>\n\t\t\t\t<\/div>\n\t\t\t\t\t<\/div>\n\t\t\t\t<\/div>\n\t\t<div class=\"elementor-element elementor-element-1294e9f e-con-full e-flex e-con e-parent\" data-id=\"1294e9f\" data-element_type=\"container\" data-e-type=\"container\">\n\t\t\t\t<div class=\"elementor-element elementor-element-29aba68 elementor-widget elementor-widget-template\" data-id=\"29aba68\" data-element_type=\"widget\" data-e-type=\"widget\" data-widget_type=\"template.default\">\n\t\t\t\t<div class=\"elementor-widget-container\">\n\t\t\t\t\t\t\t<div class=\"elementor-template\">\n\t\t\t\t\t<div data-elementor-type=\"container\" data-elementor-id=\"191909\" class=\"elementor elementor-191909 elementor-179225 elementor-179225\" wpc-filter-elementor-widget=\"1\" data-elementor-post-type=\"elementor_library\">\n\t\t\t\t<div class=\"elementor-element elementor-element-3bc2b0cb e-con-full e-flex e-con e-parent\" data-id=\"3bc2b0cb\" data-element_type=\"container\" data-e-type=\"container\" data-settings=\"{&quot;background_background&quot;:&quot;classic&quot;}\">\n\t\t<div class=\"elementor-element elementor-element-443a556d e-con-full e-flex e-con e-child\" data-id=\"443a556d\" data-element_type=\"container\" data-e-type=\"container\">\n\t\t\t\t<div class=\"elementor-element elementor-element-6aefdad4 elementor-widget elementor-widget-heading\" data-id=\"6aefdad4\" data-element_type=\"widget\" data-e-type=\"widget\" data-widget_type=\"heading.default\">\n\t\t\t\t<div class=\"elementor-widget-container\">\n\t\t\t\t\t<h3 class=\"elementor-heading-title elementor-size-default\">Contrat Kerama<\/h3>\t\t\t\t<\/div>\n\t\t\t\t<\/div>\n\t\t\t\t<div class=\"elementor-element elementor-element-5e9cb996 elementor-widget__width-initial elementor-widget elementor-widget-text-editor\" data-id=\"5e9cb996\" data-element_type=\"widget\" data-e-type=\"widget\" data-widget_type=\"text-editor.default\">\n\t\t\t\t<div class=\"elementor-widget-container\">\n\t\t\t\t\t\t\t\t\t<p><strong>Avez-vous une entreprise d\u2019h\u00f4tellerie ?<\/strong>  Visitez notre site web pour les h\u00f4teliers et fa\u00e7onnez votre projet.<\/p>\t\t\t\t\t\t\t\t<\/div>\n\t\t\t\t<\/div>\n\t\t\t\t<div class=\"elementor-element elementor-element-4ed285a9 elementor-widget elementor-widget-button\" data-id=\"4ed285a9\" data-element_type=\"widget\" data-e-type=\"widget\" data-widget_type=\"button.default\">\n\t\t\t\t<div class=\"elementor-widget-container\">\n\t\t\t\t\t\t\t\t\t<div class=\"elementor-button-wrapper\">\n\t\t\t\t\t<a class=\"elementor-button elementor-button-link elementor-size-sm elementor-animation-grow\" href=\"https:\/\/keramacontract.com\/\" target=\"_blank\">\n\t\t\t\t\t\t<span class=\"elementor-button-content-wrapper\">\n\t\t\t\t\t\t<span class=\"elementor-button-icon\">\n\t\t\t\t<svg xmlns=\"http:\/\/www.w3.org\/2000\/svg\" width=\"24\" height=\"24\" viewBox=\"0 0 24 24\" fill=\"none\"><g clip-path=\"url(#clip0_47_1233)\"><path d=\"M6 6V8H14.59L5 17.59L6.41 19L16 9.41V18H18V6H6Z\" fill=\"#EEDFCD\"><\/path><\/g><defs><clipPath id=\"clip0_47_1233\"><rect width=\"24\" height=\"24\" fill=\"white\"><\/rect><\/clipPath><\/defs><\/svg>\t\t\t<\/span>\n\t\t\t\t\t\t\t\t\t<span class=\"elementor-button-text\">ALLEZ AU CONTRAT KERAMA<\/span>\n\t\t\t\t\t<\/span>\n\t\t\t\t\t<\/a>\n\t\t\t\t<\/div>\n\t\t\t\t\t\t\t\t<\/div>\n\t\t\t\t<\/div>\n\t\t\t\t<\/div>\n\t\t<div class=\"elementor-element elementor-element-2660aba1 e-con-full e-flex e-con e-child\" data-id=\"2660aba1\" data-element_type=\"container\" data-e-type=\"container\" data-settings=\"{&quot;background_background&quot;:&quot;classic&quot;}\">\n\t\t\t\t<div class=\"elementor-element elementor-element-3ba29bea elementor-widget-mobile__width-inherit elementor-widget elementor-widget-spacer\" data-id=\"3ba29bea\" data-element_type=\"widget\" data-e-type=\"widget\" data-widget_type=\"spacer.default\">\n\t\t\t\t<div class=\"elementor-widget-container\">\n\t\t\t\t\t\t\t<div class=\"elementor-spacer\">\n\t\t\t<div class=\"elementor-spacer-inner\"><\/div>\n\t\t<\/div>\n\t\t\t\t\t\t<\/div>\n\t\t\t\t<\/div>\n\t\t\t\t<\/div>\n\t\t\t\t<\/div>\n\t\t\t\t<\/div>\n\t\t\t\t<\/div>\n\t\t\t\t\t\t<\/div>\n\t\t\t\t<\/div>\n\t\t\t\t<\/div>\n\t\t\t\t<\/div>\n\t\t","protected":false},"excerpt":{"rendered":"<p>LE PRINTEMPS EST L\u00c0, ET NOTRE NOUVELLE COLLECTION AUSSI D\u00c9COUVREZ-LES Kerama, mobilier de jardin Votre boutique en ligne pour les meubles d&rsquo;ext\u00e9rieur SALLES \u00c0 MANGER EXT\u00c9RIEURES SALONS EXT\u00c9RIEURS PARASOLS ET PERGOLAS CHAISES LONGUES ET REPOS ACCESSOIRES D\u2019EXT\u00c9RIEUR AFFAIRES SALLES \u00c0 MANGER EXT\u00c9RIEURES SALONS EXT\u00c9RIEURS PARASOLS ET PERGOLAS CHAISES LONGUES ET REPOS ACCESSOIRES D\u2019EXT\u00c9RIEUR AFFAIRES SALLES [&hellip;]<\/p>\n","protected":false},"author":1,"featured_media":0,"parent":0,"menu_order":0,"comment_status":"closed","ping_status":"closed","template":"","meta":{"_acf_changed":false,"footnotes":""},"class_list":["post-63791","page","type-page","status-publish","hentry"],"acf":[],"yoast_head":"<!-- This site is optimized with the Yoast SEO plugin v27.4 - https:\/\/yoast.com\/product\/yoast-seo-wordpress\/ -->\n<title>Votre magasin de meubles de jardin I Des meubles d&#039;ext\u00e9rieur avec votre propre style<\/title>\n<meta name=\"description\" content=\"Kerama est votre magasin de meubles de jardin en ligne. Vous trouverez ici des meubles d&#039;ext\u00e9rieur de qualit\u00e9 au meilleur prix.\" \/>\n<meta name=\"robots\" content=\"index, follow, max-snippet:-1, max-image-preview:large, max-video-preview:-1\" \/>\n<link rel=\"canonical\" href=\"https:\/\/keramamueblesdejardin.com\/fr\/\" \/>\n<meta property=\"og:locale\" content=\"fr_FR\" \/>\n<meta property=\"og:type\" content=\"article\" \/>\n<meta property=\"og:title\" content=\"Votre magasin de meubles de jardin I Des meubles d&#039;ext\u00e9rieur avec votre propre style\" \/>\n<meta property=\"og:description\" content=\"Kerama est votre magasin de meubles de jardin en ligne. Vous trouverez ici des meubles d&#039;ext\u00e9rieur de qualit\u00e9 au meilleur prix.\" \/>\n<meta property=\"og:url\" content=\"https:\/\/keramamueblesdejardin.com\/fr\/\" \/>\n<meta property=\"og:site_name\" content=\"Kerama\" \/>\n<meta property=\"article:publisher\" content=\"https:\/\/www.facebook.com\/Kerama-Muebles-de-Jard%c3%adn-106209328312568\/\" \/>\n<meta property=\"article:modified_time\" content=\"2026-04-16T10:45:38+00:00\" \/>\n<meta property=\"og:image\" content=\"https:\/\/keramamueblesdejardin.com\/wp-content\/uploads\/2025\/05\/delivery_truck_speed-1.png\" \/>\n\t<meta property=\"og:image:width\" content=\"70\" \/>\n\t<meta property=\"og:image:height\" content=\"70\" \/>\n\t<meta property=\"og:image:type\" content=\"image\/png\" \/>\n<meta name=\"twitter:card\" content=\"summary_large_image\" \/>\n<meta name=\"twitter:label1\" content=\"Dur\u00e9e de lecture estim\u00e9e\" \/>\n\t<meta name=\"twitter:data1\" content=\"23 minutes\" \/>\n<script type=\"application\/ld+json\" class=\"yoast-schema-graph\">{\"@context\":\"https:\\\/\\\/schema.org\",\"@graph\":[{\"@type\":\"WebPage\",\"@id\":\"https:\\\/\\\/keramamueblesdejardin.com\\\/fr\\\/\",\"url\":\"https:\\\/\\\/keramamueblesdejardin.com\\\/fr\\\/\",\"name\":\"Votre magasin de meubles de jardin I Des meubles d'ext\u00e9rieur avec votre propre style\",\"isPartOf\":{\"@id\":\"https:\\\/\\\/keramamueblesdejardin.com\\\/fr\\\/#website\"},\"primaryImageOfPage\":{\"@id\":\"https:\\\/\\\/keramamueblesdejardin.com\\\/fr\\\/#primaryimage\"},\"image\":{\"@id\":\"https:\\\/\\\/keramamueblesdejardin.com\\\/fr\\\/#primaryimage\"},\"thumbnailUrl\":\"https:\\\/\\\/keramamueblesdejardin.com\\\/wp-content\\\/uploads\\\/2025\\\/05\\\/delivery_truck_speed-1.png\",\"datePublished\":\"2021-06-22T13:15:09+00:00\",\"dateModified\":\"2026-04-16T10:45:38+00:00\",\"description\":\"Kerama est votre magasin de meubles de jardin en ligne. Vous trouverez ici des meubles d'ext\u00e9rieur de qualit\u00e9 au meilleur prix.\",\"breadcrumb\":{\"@id\":\"https:\\\/\\\/keramamueblesdejardin.com\\\/fr\\\/#breadcrumb\"},\"inLanguage\":\"fr-FR\",\"potentialAction\":[{\"@type\":\"ReadAction\",\"target\":[\"https:\\\/\\\/keramamueblesdejardin.com\\\/fr\\\/\"]}]},{\"@type\":\"ImageObject\",\"inLanguage\":\"fr-FR\",\"@id\":\"https:\\\/\\\/keramamueblesdejardin.com\\\/fr\\\/#primaryimage\",\"url\":\"https:\\\/\\\/keramamueblesdejardin.com\\\/wp-content\\\/uploads\\\/2025\\\/05\\\/delivery_truck_speed-1.png\",\"contentUrl\":\"https:\\\/\\\/keramamueblesdejardin.com\\\/wp-content\\\/uploads\\\/2025\\\/05\\\/delivery_truck_speed-1.png\"},{\"@type\":\"BreadcrumbList\",\"@id\":\"https:\\\/\\\/keramamueblesdejardin.com\\\/fr\\\/#breadcrumb\",\"itemListElement\":[{\"@type\":\"ListItem\",\"position\":1,\"name\":\"Home\",\"item\":\"https:\\\/\\\/keramamueblesdejardin.com\\\/fr\\\/\"},{\"@type\":\"ListItem\",\"position\":2,\"name\":\"Accueil\"}]},{\"@type\":\"WebSite\",\"@id\":\"https:\\\/\\\/keramamueblesdejardin.com\\\/fr\\\/#website\",\"url\":\"https:\\\/\\\/keramamueblesdejardin.com\\\/fr\\\/\",\"name\":\"Kerama\",\"description\":\"muebles de jard\u00edn\",\"publisher\":{\"@id\":\"https:\\\/\\\/keramamueblesdejardin.com\\\/fr\\\/#organization\"},\"potentialAction\":[{\"@type\":\"SearchAction\",\"target\":{\"@type\":\"EntryPoint\",\"urlTemplate\":\"https:\\\/\\\/keramamueblesdejardin.com\\\/fr\\\/?s={search_term_string}\"},\"query-input\":{\"@type\":\"PropertyValueSpecification\",\"valueRequired\":true,\"valueName\":\"search_term_string\"}}],\"inLanguage\":\"fr-FR\"},{\"@type\":\"Organization\",\"@id\":\"https:\\\/\\\/keramamueblesdejardin.com\\\/fr\\\/#organization\",\"name\":\"kerama\",\"url\":\"https:\\\/\\\/keramamueblesdejardin.com\\\/fr\\\/\",\"logo\":{\"@type\":\"ImageObject\",\"inLanguage\":\"fr-FR\",\"@id\":\"https:\\\/\\\/keramamueblesdejardin.com\\\/fr\\\/#\\\/schema\\\/logo\\\/image\\\/\",\"url\":\"https:\\\/\\\/keramamueblesdejardin.com\\\/wp-content\\\/uploads\\\/2020\\\/12\\\/k.-scaled.jpg\",\"contentUrl\":\"https:\\\/\\\/keramamueblesdejardin.com\\\/wp-content\\\/uploads\\\/2020\\\/12\\\/k.-scaled.jpg\",\"width\":2560,\"height\":551,\"caption\":\"kerama\"},\"image\":{\"@id\":\"https:\\\/\\\/keramamueblesdejardin.com\\\/fr\\\/#\\\/schema\\\/logo\\\/image\\\/\"},\"sameAs\":[\"https:\\\/\\\/www.facebook.com\\\/Kerama-Muebles-de-Jard\u00edn-106209328312568\\\/\"]}]}<\/script>\n<!-- \/ Yoast SEO plugin. -->","yoast_head_json":{"title":"Votre magasin de meubles de jardin I Des meubles d'ext\u00e9rieur avec votre propre style","description":"Kerama est votre magasin de meubles de jardin en ligne. Vous trouverez ici des meubles d'ext\u00e9rieur de qualit\u00e9 au meilleur prix.","robots":{"index":"index","follow":"follow","max-snippet":"max-snippet:-1","max-image-preview":"max-image-preview:large","max-video-preview":"max-video-preview:-1"},"canonical":"https:\/\/keramamueblesdejardin.com\/fr\/","og_locale":"fr_FR","og_type":"article","og_title":"Votre magasin de meubles de jardin I Des meubles d'ext\u00e9rieur avec votre propre style","og_description":"Kerama est votre magasin de meubles de jardin en ligne. Vous trouverez ici des meubles d'ext\u00e9rieur de qualit\u00e9 au meilleur prix.","og_url":"https:\/\/keramamueblesdejardin.com\/fr\/","og_site_name":"Kerama","article_publisher":"https:\/\/www.facebook.com\/Kerama-Muebles-de-Jard%c3%adn-106209328312568\/","article_modified_time":"2026-04-16T10:45:38+00:00","og_image":[{"width":70,"height":70,"url":"https:\/\/keramamueblesdejardin.com\/wp-content\/uploads\/2025\/05\/delivery_truck_speed-1.png","type":"image\/png"}],"twitter_card":"summary_large_image","twitter_misc":{"Dur\u00e9e de lecture estim\u00e9e":"23 minutes"},"schema":{"@context":"https:\/\/schema.org","@graph":[{"@type":"WebPage","@id":"https:\/\/keramamueblesdejardin.com\/fr\/","url":"https:\/\/keramamueblesdejardin.com\/fr\/","name":"Votre magasin de meubles de jardin I Des meubles d'ext\u00e9rieur avec votre propre style","isPartOf":{"@id":"https:\/\/keramamueblesdejardin.com\/fr\/#website"},"primaryImageOfPage":{"@id":"https:\/\/keramamueblesdejardin.com\/fr\/#primaryimage"},"image":{"@id":"https:\/\/keramamueblesdejardin.com\/fr\/#primaryimage"},"thumbnailUrl":"https:\/\/keramamueblesdejardin.com\/wp-content\/uploads\/2025\/05\/delivery_truck_speed-1.png","datePublished":"2021-06-22T13:15:09+00:00","dateModified":"2026-04-16T10:45:38+00:00","description":"Kerama est votre magasin de meubles de jardin en ligne. Vous trouverez ici des meubles d'ext\u00e9rieur de qualit\u00e9 au meilleur prix.","breadcrumb":{"@id":"https:\/\/keramamueblesdejardin.com\/fr\/#breadcrumb"},"inLanguage":"fr-FR","potentialAction":[{"@type":"ReadAction","target":["https:\/\/keramamueblesdejardin.com\/fr\/"]}]},{"@type":"ImageObject","inLanguage":"fr-FR","@id":"https:\/\/keramamueblesdejardin.com\/fr\/#primaryimage","url":"https:\/\/keramamueblesdejardin.com\/wp-content\/uploads\/2025\/05\/delivery_truck_speed-1.png","contentUrl":"https:\/\/keramamueblesdejardin.com\/wp-content\/uploads\/2025\/05\/delivery_truck_speed-1.png"},{"@type":"BreadcrumbList","@id":"https:\/\/keramamueblesdejardin.com\/fr\/#breadcrumb","itemListElement":[{"@type":"ListItem","position":1,"name":"Home","item":"https:\/\/keramamueblesdejardin.com\/fr\/"},{"@type":"ListItem","position":2,"name":"Accueil"}]},{"@type":"WebSite","@id":"https:\/\/keramamueblesdejardin.com\/fr\/#website","url":"https:\/\/keramamueblesdejardin.com\/fr\/","name":"Kerama","description":"muebles de jard\u00edn","publisher":{"@id":"https:\/\/keramamueblesdejardin.com\/fr\/#organization"},"potentialAction":[{"@type":"SearchAction","target":{"@type":"EntryPoint","urlTemplate":"https:\/\/keramamueblesdejardin.com\/fr\/?s={search_term_string}"},"query-input":{"@type":"PropertyValueSpecification","valueRequired":true,"valueName":"search_term_string"}}],"inLanguage":"fr-FR"},{"@type":"Organization","@id":"https:\/\/keramamueblesdejardin.com\/fr\/#organization","name":"kerama","url":"https:\/\/keramamueblesdejardin.com\/fr\/","logo":{"@type":"ImageObject","inLanguage":"fr-FR","@id":"https:\/\/keramamueblesdejardin.com\/fr\/#\/schema\/logo\/image\/","url":"https:\/\/keramamueblesdejardin.com\/wp-content\/uploads\/2020\/12\/k.-scaled.jpg","contentUrl":"https:\/\/keramamueblesdejardin.com\/wp-content\/uploads\/2020\/12\/k.-scaled.jpg","width":2560,"height":551,"caption":"kerama"},"image":{"@id":"https:\/\/keramamueblesdejardin.com\/fr\/#\/schema\/logo\/image\/"},"sameAs":["https:\/\/www.facebook.com\/Kerama-Muebles-de-Jard\u00edn-106209328312568\/"]}]}},"_links":{"self":[{"href":"https:\/\/keramamueblesdejardin.com\/fr\/wp-json\/wp\/v2\/pages\/63791","targetHints":{"allow":["GET"]}}],"collection":[{"href":"https:\/\/keramamueblesdejardin.com\/fr\/wp-json\/wp\/v2\/pages"}],"about":[{"href":"https:\/\/keramamueblesdejardin.com\/fr\/wp-json\/wp\/v2\/types\/page"}],"author":[{"embeddable":true,"href":"https:\/\/keramamueblesdejardin.com\/fr\/wp-json\/wp\/v2\/users\/1"}],"replies":[{"embeddable":true,"href":"https:\/\/keramamueblesdejardin.com\/fr\/wp-json\/wp\/v2\/comments?post=63791"}],"version-history":[{"count":102,"href":"https:\/\/keramamueblesdejardin.com\/fr\/wp-json\/wp\/v2\/pages\/63791\/revisions"}],"predecessor-version":[{"id":216999,"href":"https:\/\/keramamueblesdejardin.com\/fr\/wp-json\/wp\/v2\/pages\/63791\/revisions\/216999"}],"wp:attachment":[{"href":"https:\/\/keramamueblesdejardin.com\/fr\/wp-json\/wp\/v2\/media?parent=63791"}],"curies":[{"name":"wp","href":"https:\/\/api.w.org\/{rel}","templated":true}]}}