{"id":63776,"date":"2021-01-19T12:27:21","date_gmt":"2021-01-19T11:27:21","guid":{"rendered":"https:\/\/keramamueblesdejardin.com\/modalites-et-conditions\/"},"modified":"2026-02-11T15:00:23","modified_gmt":"2026-02-11T14:00:23","slug":"modalites-et-conditions","status":"publish","type":"page","link":"https:\/\/keramamueblesdejardin.com\/fr\/modalites-et-conditions\/","title":{"rendered":"Modalit\u00e9s et conditions"},"content":{"rendered":"\t\t<div data-elementor-type=\"wp-page\" data-elementor-id=\"63776\" class=\"elementor elementor-63776 elementor-7272\" wpc-filter-elementor-widget=\"1\" data-elementor-post-type=\"page\">\n\t\t\t\t<div class=\"elementor-element elementor-element-0126ad8 e-flex e-con-boxed e-con e-parent\" data-id=\"0126ad8\" data-element_type=\"container\" data-e-type=\"container\" data-settings=\"{&quot;background_background&quot;:&quot;classic&quot;}\">\n\t\t\t\t\t<div class=\"e-con-inner\">\n\t\t\t\t<div class=\"elementor-element elementor-element-2bfac98 elementor-widget elementor-widget-image\" data-id=\"2bfac98\" data-element_type=\"widget\" data-e-type=\"widget\" data-widget_type=\"image.default\">\n\t\t\t\t<div class=\"elementor-widget-container\">\n\t\t\t\t\t\t\t\t\t\t\t\t\t\t\t<img fetchpriority=\"high\" decoding=\"async\" width=\"800\" height=\"174\" src=\"https:\/\/keramamueblesdejardin.com\/wp-content\/uploads\/2025\/05\/logo-kerama.png\" class=\"attachment-large size-large wp-image-178529\" alt=\"\" srcset=\"https:\/\/keramamueblesdejardin.com\/wp-content\/uploads\/2025\/05\/logo-kerama.png 800w, https:\/\/keramamueblesdejardin.com\/wp-content\/uploads\/2025\/05\/logo-kerama-300x65.png 300w, https:\/\/keramamueblesdejardin.com\/wp-content\/uploads\/2025\/05\/logo-kerama-768x167.png 768w\" sizes=\"(max-width: 800px) 100vw, 800px\" \/>\t\t\t\t\t\t\t\t\t\t\t\t\t\t\t<\/div>\n\t\t\t\t<\/div>\n\t\t\t\t<div class=\"elementor-element elementor-element-164ec45 elementor-widget__width-initial elementor-widget elementor-widget-heading\" data-id=\"164ec45\" data-element_type=\"widget\" data-e-type=\"widget\" data-widget_type=\"heading.default\">\n\t\t\t\t<div class=\"elementor-widget-container\">\n\t\t\t\t\t<div class=\"elementor-heading-title elementor-size-default\">Modalit\u00e9s et conditions<\/div>\t\t\t\t<\/div>\n\t\t\t\t<\/div>\n\t\t\t\t<div class=\"elementor-element elementor-element-f85dc45 elementor-widget elementor-widget-image\" data-id=\"f85dc45\" data-element_type=\"widget\" data-e-type=\"widget\" data-widget_type=\"image.default\">\n\t\t\t\t<div class=\"elementor-widget-container\">\n\t\t\t\t\t\t\t\t\t\t\t\t\t\t\t<img decoding=\"async\" width=\"48\" height=\"48\" src=\"https:\/\/keramamueblesdejardin.com\/wp-content\/uploads\/2025\/12\/arrow_cool_down.svg\" class=\"attachment-full size-full wp-image-192082\" alt=\"\" \/>\t\t\t\t\t\t\t\t\t\t\t\t\t\t\t<\/div>\n\t\t\t\t<\/div>\n\t\t\t\t\t<\/div>\n\t\t\t\t<\/div>\n\t\t<div class=\"elementor-element elementor-element-45a5c713 e-flex e-con-boxed e-con e-parent\" data-id=\"45a5c713\" data-element_type=\"container\" data-e-type=\"container\">\n\t\t\t\t\t<div class=\"e-con-inner\">\n\t\t\t\t<div class=\"elementor-element elementor-element-2c1da09e elementor-widget elementor-widget-text-editor\" data-id=\"2c1da09e\" data-element_type=\"widget\" data-e-type=\"widget\" data-widget_type=\"text-editor.default\">\n\t\t\t\t<div class=\"elementor-widget-container\">\n\t\t\t\t\t\t\t\t\t<h3 class=\"font_3\">Introduction<\/h3><p class=\"font_8\">Greenbrownblue SL, ci-apr\u00e8s KERAMA, collecte, traite et stocke des informations personnelles via le site web <a href=\"https:\/\/keramamueblesdejardin.com\/fr\/\" target=\"_blank\" rel=\"noopener\">qui lui<\/a> appartient https:\/\/keramamueblesdejardin.com Ces informations peuvent concerner les utilisateurs, clients, fournisseurs, personnes avec lesquelles il est en contact et d\u2019autres entit\u00e9s.<\/p><p class=\"font_8\">Dans cette politique de confidentialit\u00e9, vous trouverez des informations sur la mani\u00e8re dont ces informations seront collect\u00e9es, trait\u00e9es et stock\u00e9es.<\/p><h3 class=\"font_3\">Responsable l\u00e9gal<\/h3><p class=\"font_8\">Nom commercial : KERAMA<br>Nom l\u00e9gal : Greenbrownblue SL<br>Identifiant fiscal : B67405811<br>Adresse : Passatge De Roma, 6, nef 17, Pol\u00edgono industrial Cova Solera, 08191 Rub\u00ed, Barcelone<br>E-mail de contact : <a href=\"mailto:hola@keramamueblesdejardin.com\">hola@keramamueblesdejardin.com<\/a><\/p><h3 class=\"font_3\">Lois applicables \u00e0 ce site web<\/h3><ul class=\"font_8\"><li>GDPR (r\u00e8glement (UE) 2016\/679 du Parlement europ\u00e9en et du Conseil du 27 avril 2016 relatif \u00e0 la protection des personnes physiques).<\/li><li>LOPD (Ley Org\u00e1nica 15\/1999, de 13 de diciembre, de Protecci\u00f3n de Datos de Car\u00e1cter Personal y Real Decreto 1720\/2007, de 21 de diciembre, Reglamento de desarrollo de la LOPD).<\/li><li>LSSI (loi 34\/2002, du 11 juillet, sur les services de la soci\u00e9t\u00e9 de l&rsquo;information et le commerce \u00e9lectronique).<\/li><\/ul><h3 class=\"font_3\">Donn\u00e9es collect\u00e9es<\/h3><p class=\"font_8\">Seules les donn\u00e9es strictement n\u00e9cessaires \u00e0 l&rsquo;exercice de l&rsquo;activit\u00e9 normale du service seront collect\u00e9es. Adh\u00e9rer au principe de minimisation des donn\u00e9es (art.5.b GDPR).<br>Les donn\u00e9es collect\u00e9es seront en tout cas celles de personnes \u00e2g\u00e9es de plus de 16 ans (art. 8.1 GDPR). KERAMA se r\u00e9serve le droit de prendre des mesures pour v\u00e9rifier la v\u00e9racit\u00e9 de l&rsquo;\u00e2ge (Art. 8.2 GDPR).<\/p><p class=\"font_8\">Dans tous les cas, ces donn\u00e9es seront de nature \u00e0 identifier les personnes et non sensibles, et pourront \u00eatre :<\/p><ul><li>Adresse \u00e9lectronique<\/li><li>T\u00e9l\u00e9phone<\/li><li>Nom et pr\u00e9nom<\/li><li>DNI<\/li><li>Adresse<\/li><li>CCC<\/li><\/ul><h3 class=\"font_3\">M\u00e9thodes de collecte<\/h3><p class=\"font_8\">Les donn\u00e9es personnelles seront collect\u00e9es par le biais du site web de KERAMA, <a href=\"https:\/\/www.keramamueblesdejard%C3%ADn.com\/\" target=\"_blank\" rel=\"noopener\">https:\/\/www.keramamueblesdejard\u00edn.com\/,<\/a> lorsque vous saisissez des informations dans l&rsquo;un des champs pr\u00e9vus \u00e0 cet effet sur le site web. Ces champs sont correctement marqu\u00e9s et ne collecteront aucune donn\u00e9e tant que vous n&rsquo;aurez pas donn\u00e9 votre accord expr\u00e8s pour le transfert et la gestion conform\u00e9ment \u00e0 la pr\u00e9sente politique de confidentialit\u00e9.<\/p><h3 class=\"font_3\">Objectif de la collecte et de l\u2019utilisation des donn\u00e9es https:\/\/keramamueblesdejardin.com\/<\/h3><p class=\"font_8\">La collecte et l&rsquo;utilisation des donn\u00e9es sont effectu\u00e9es dans le seul but de contacter le client en cas de probl\u00e8me avec la commande.<\/p><p class=\"font_8\">KERAMA s&rsquo;engage \u00e0 ne pas utiliser les donn\u00e9es obtenues \u00e0 d&rsquo;autres fins.<\/p><h3 class=\"font_3\">Destinataire des donn\u00e9es<\/h3><p class=\"font_8\">Les donn\u00e9es recueillies seront incorpor\u00e9es dans un fichier appartenant \u00e0 :<\/p><ul><li>Kerama<\/li><\/ul><p class=\"font_8\">Ce dossier sera g\u00e9r\u00e9 par :<\/p><ul><li class=\"font_8\">Xavi Acero<\/li><\/ul><p class=\"font_8\">Ce dossier doit \u00eatre stock\u00e9 \u00e0 :<\/p><ul><li class=\"font_8\">Raiola Networks, dont le si\u00e8ge social est situ\u00e9 Avenida de Magoi n\u00ba66, Semis\u00f3tano Derecha, 27002 Lugo, Espagne.<\/li><\/ul><h3 class=\"font_3\">P\u00c9RIODE DE CONSERVATION DES DONN\u00c9ES<\/h3><p class=\"font_8\">Les donn\u00e9es seront conserv\u00e9es jusqu&rsquo;\u00e0 ce que la finalit\u00e9 pour laquelle elles ont \u00e9t\u00e9 collect\u00e9es soit atteinte (art.5.e. GDPR) ou jusqu&rsquo;\u00e0 ce que le droit \u00e0 l&rsquo;effacement ou \u00e0 la modification des donn\u00e9es soit exerc\u00e9. Pour autant que cela ne soit pas en contradiction avec la n\u00e9cessit\u00e9 de les conserver pour des raisons juridiques ou fiscales.<\/p><h3 class=\"font_3\">COMMENT PROT\u00c9GEONS-NOUS VOS DONN\u00c9ES ?<\/h3><p class=\"font_8\">Vos donn\u00e9es sont transf\u00e9r\u00e9es et stock\u00e9es en toute s\u00e9curit\u00e9 car nous avons :<\/p><ul><li class=\"font_8\">Cryptage SSL.<\/li><li class=\"font_8\">Pare-feu au niveau du serveur.<\/li><li class=\"font_8\">Protocoles de s\u00e9curit\u00e9 pour emp\u00eacher tout acc\u00e8s non autoris\u00e9.<\/li><li class=\"font_8\">Contr\u00f4le d&rsquo;acc\u00e8s.<\/li><\/ul><p class=\"font_8\">KERAMA ne peut pas garantir la s\u00e9curit\u00e9 totale des communications sur Internet mais nous garantissons de prendre les mesures appropri\u00e9es pour prot\u00e9ger vos donn\u00e9es.<\/p><p class=\"font_8\">En outre, KERAMA s&rsquo;engage \u00e0 maintenir la confidentialit\u00e9 des donn\u00e9es et \u00e0 ne pas communiquer ou permettre l&rsquo;acc\u00e8s \u00e0 des tiers non autoris\u00e9s.<\/p><h3 class=\"font_3\">VOS DROITS EN MATI\u00c8RE DE PROTECTION DES DONN\u00c9ES<\/h3><p class=\"font_8\">La loi vous donne des droits en tant qu&rsquo;utilisateur qui a divulgu\u00e9 vos donn\u00e9es personnelles :<\/p><ul><li class=\"font_8\">Acc\u00e8s aux donn\u00e9es personnelles.<\/li><li class=\"font_8\">Rectification ou suppression.<\/li><li class=\"font_8\">Traitement oppos\u00e9.<\/li><li class=\"font_8\">La portabilit\u00e9 des donn\u00e9es.<\/li><li class=\"font_8\">Limitation de leur traitement.<\/li><\/ul><p class=\"font_8\">Ces droits ne peuvent \u00eatre exerc\u00e9s que pour soi-m\u00eame. Vous ne pouvez donc leur demander que les donn\u00e9es dont vous \u00eates propri\u00e9taire.<br>Si vous souhaitez exercer l\u2019un de ces droits, vous pouvez le faire en ligne via GGG, en envoyant un e-mail \u00e0 hola@keramamueblesdejardin.com ou en \u00e9crivant \u00e0 KERAMA au Passatge De Roma, 6, nave 17, Pol\u00edgono industrial Cova Solera, 08191 Rub\u00ed, Barcelone, indiquant les droits que vous souhaitez exercer et preuve d\u2019identit\u00e9. Nous nous engageons \u00e0 r\u00e9pondre \u00e0 votre demande dans un d\u00e9lai de 30 jours ouvrables.<\/p><h3 class=\"font_3\">LA L\u00c9GITIMATION DU TRAITEMENT DES DONN\u00c9ES<\/h3><p class=\"font_8\">La base juridique du traitement de vos donn\u00e9es personnelles est votre acceptation explicite du traitement de vos donn\u00e9es personnelles conform\u00e9ment \u00e0 la pr\u00e9sente politique de confidentialit\u00e9.<\/p><h3 class=\"font_3\">CONS\u00c9QUENCES DE L&rsquo;ACCEPTATION DE LA POLITIQUE DE L&rsquo;ACCEPTATION DE LA VIE PRIV\u00c9E<\/h3><p class=\"font_8\">Dans le cas o\u00f9 vous n&rsquo;acceptez pas la gestion de vos donn\u00e9es conform\u00e9ment \u00e0 la pr\u00e9sente politique de confidentialit\u00e9, vos donn\u00e9es ne seront pas collect\u00e9es, ce qui peut signifier que le service fourni par KERAMA ne pourra pas \u00eatre ex\u00e9cut\u00e9.<\/p><h3 class=\"font_3\">AUTORIT\u00c9 DE PROTECTION DES DONN\u00c9ES EN ESPAGNE<\/h3><p class=\"font_8\">Si vous souhaitez faire valoir vos droits en mati\u00e8re de protection des donn\u00e9es et que vous estimez que nous ne les respectons pas, vous pouvez vous adresser \u00e0 l&rsquo;autorit\u00e9 espagnole comp\u00e9tente.<\/p><ul><li class=\"font_8\">Site web de l&rsquo;autorit\u00e9 de protection des donn\u00e9es <a href=\"https:\/\/www.aepd.es\/\">: https:\/\/www.aepd.es\/<\/a><\/li><li class=\"font_8\">Courriel de l&rsquo;autorit\u00e9 charg\u00e9e de la protection des donn\u00e9es : internacional@agpd.es<\/li><li class=\"font_8\">Num\u00e9ro de t\u00e9l\u00e9phone de l&rsquo;autorit\u00e9 de protection des donn\u00e9es : +34 91399 6200<\/li><\/ul><h3>S\u00c9CURIT\u00c9<\/h3><p>Le site web utilise des techniques de s\u00e9curit\u00e9 de l&rsquo;information g\u00e9n\u00e9ralement accept\u00e9es dans le secteur, telles que des pare-feu, des proc\u00e9dures de contr\u00f4le d&rsquo;acc\u00e8s et des m\u00e9canismes cryptographiques, dans le but d&#8217;emp\u00eacher tout acc\u00e8s non autoris\u00e9 aux donn\u00e9es et tout vol \u00e9ventuel de celles-ci. Pour atteindre ces objectifs, l&rsquo;utilisateur\/client accepte que le fournisseur collecte des donn\u00e9es \u00e0 des fins d&rsquo;authentification des contr\u00f4les d&rsquo;acc\u00e8s.<\/p><h3>Nous offrons un paiement 100% s\u00e9curis\u00e9<\/h3><p>\u00c0 keramamueblesdejardin.com nous garantissons que chacune des transactions effectu\u00e9es est 100 % s\u00e9curis\u00e9e. Tous les achats que vous effectuez sur notre site sont garantis par le serveur s\u00e9curis\u00e9 de la banque Banco Santander, de sorte que vos donn\u00e9es sont prot\u00e9g\u00e9es et crypt\u00e9es par la technologie la plus avanc\u00e9e. Il est donc beaucoup plus s\u00fbr d&rsquo;envoyer vos donn\u00e9es au serveur s\u00e9curis\u00e9 des banques que de payer dans une station-service, un restaurant, etc.<\/p><h3>Que se passe-t-il lorsque j&rsquo;envoie mes donn\u00e9es sur le r\u00e9seau ?<\/h3><p>Lorsque vous effectuez l\u2019achat et choisissez le mode de paiement, au moment o\u00f9 vous cliquez sur le bouton Paiement par carte, le site web se connecte au serveur s\u00e9curis\u00e9 ; \u00e0 partir de ce moment, vous entrez dans la zone s\u00e9curis\u00e9e et enregistrez vos informations bancaires sur le serveur s\u00e9curis\u00e9 de la banque, ce qui garantit que l\u2019op\u00e9ration respecte les exigences de s\u00e9curit\u00e9 et m\u00e8ne l\u2019op\u00e9ration.  apr\u00e8s quoi la confirmation de la m\u00eame chose appara\u00eet et l\u2019acheteur revient \u00e0 nouveau \u00e0<br>Le magasin.<\/p><h3>Quelqu&rsquo;un pourrait-il conna\u00eetre la cl\u00e9 de cryptage ?<\/h3><p>Chaque fois qu\u2019un utilisateur se connecte \u00e0 un serveur s\u00e9curis\u00e9, il est responsable de g\u00e9n\u00e9rer une cl\u00e9 al\u00e9atoire pour la session qu\u2019il \u00e9tablit avec l\u2019utilisateur, tandis que le navigateur du client g\u00e9n\u00e8re une autre cl\u00e9, tout aussi al\u00e9atoire, qui sert \u00e0 s\u2019identifier au serveur.<br>Si, au moment o\u00f9 une connexion s\u00e9curis\u00e9e est \u00e9tablie, d\u2019autres utilisateurs se connectent au serveur, d\u2019autres nouvelles cl\u00e9s sont r\u00e9g\u00e9n\u00e9r\u00e9es pour identifier les participants \u00e0 la connexion. Le serveur s\u00e9curis\u00e9 garantit que les cl\u00e9s g\u00e9n\u00e9r\u00e9es ne correspondent jamais lorsque plusieurs connexions simultan\u00e9es sont \u00e9tablies.<\/p><h3>Comment puis-je savoir qu&rsquo;une connexion s\u00e9curis\u00e9e a effectivement \u00e9t\u00e9 \u00e9tablie ?<\/h3><p>Vous pourrez savoir si vous vous \u00eates connect\u00e9 \u00e0 un serveur s\u00e9curis\u00e9 si l&rsquo;adresse URL commence par \u00ab\u00a0https:\/\/\u00a0\u00bb. En outre, les navigateurs les plus utilis\u00e9s l&rsquo;indiquent graphiquement au moyen d&rsquo;une ic\u00f4ne qui indique \u00e0 l&rsquo;utilisateur s&rsquo;il s&rsquo;agit d&rsquo;une connexion s\u00e9curis\u00e9e ou non (par exemple, dans le cas d&rsquo;Internet Explorer, le cadenas jaune ferm\u00e9 appara\u00eet).<\/p><h3>Quel protocole de s\u00e9curit\u00e9 est utilis\u00e9 pour les transmissions ?<\/h3><p>Les connexions au serveur s\u00e9curis\u00e9 utilisent les derni\u00e8res sp\u00e9cifications du protocole de s\u00e9curit\u00e9 r\u00e9seau standard : SSL.<\/p><p>Quelle institution financi\u00e8re garantit la s\u00e9curit\u00e9 de mes transactions ?<br>Lorsque vous effectuez un achat avec une carte de d\u00e9bit ou de cr\u00e9dit dans notre keramamueblesdejardin.com une connexion est \u00e9tablie avec le serveur s\u00e9curis\u00e9 de Banco Santander, il met \u00e0 disposition toute son exp\u00e9rience et son infrastructure technologique pour supporter de mani\u00e8re s\u00e9curis\u00e9e et efficace toutes les transactions \u00e9lectroniques d\u2019achats effectu\u00e9s en keramamueblesdejardin.com\/. Lorsqu\u2019une demande de paiement arrive sur le serveur s\u00e9curis\u00e9 de Banco Santander, il est responsable de g\u00e9rer en temps r\u00e9el l\u2019autorisation ou le refus du paiement de cet achat apr\u00e8s v\u00e9rification de l\u2019ensemble des donn\u00e9es<br>sont corrects de faire le paiement. <\/p><h3>O\u00f9 pouvez-vous obtenir plus d&rsquo;informations ?<\/h3><p>Si vous souhaitez obtenir de plus amples informations sur les questions de s\u00e9curit\u00e9, vous pouvez consulter les informations fournies par Banco Santander sur son site web, www.bancosantander.es.<\/p><h3>3D Secure<\/h3><p>La passerelle de Banco Santander est compatible avec les nouveaux protocoles de paiement s\u00e9curis\u00e9s sur Internet introduits par les marques Visa et Mastercard.<br>3D Secure est le syst\u00e8me de paiement par carte de cr\u00e9dit le plus s\u00e9curis\u00e9 car il peut authentifier le titulaire de la carte, garantissant que le client qui utilise un num\u00e9ro de carte est bien le titulaire de la carte. Cela se fait au moyen d&rsquo;un code secret que votre propre banque vous fournira et que vous serez le seul \u00e0 conna\u00eetre. Dans la plupart des cas, ce code peut \u00eatre demand\u00e9 en ligne. Pour plus d&rsquo;informations, veuillez consulter le site web de votre banque ou contacter votre banque.<\/p><h3>Tr\u00e8s important<\/h3><p>Notre site web n&rsquo;accepte que les paiements avec des cartes de cr\u00e9dit s\u00e9curis\u00e9es (3D Secure). Pour acheter en ligne, vous aurez donc besoin d&rsquo;une cl\u00e9 sp\u00e9ciale qui doit \u00eatre fournie par l&rsquo;institution financi\u00e8re \u00e9mettrice de la carte, mentionnant la n\u00e9cessit\u00e9 de disposer de la cl\u00e9 virtuelle de 3D Secure. Nous vous recommandons d&rsquo;utiliser ce syst\u00e8me 3D Secure, vous vous assurez que vous \u00eates le seul \u00e0 pouvoir effectuer des achats avec la carte, rendant impossible toute utilisation frauduleuse sur le r\u00e9seau, garantissant ainsi la s\u00e9curit\u00e9 totale des transactions.<\/p><h3>Comment prot\u00e9geons-nous votre paiement par carte de cr\u00e9dit ?<\/h3><p>keramamueblesdejardin.com utilise un serveur bas\u00e9 sur l\u2019un des syst\u00e8mes de paiement s\u00e9curis\u00e9s les plus fiables d\u2019Internet : le protocole de s\u00e9curit\u00e9 SSL (Secure Socked Layer). (Pour plus d\u2019informations, visitez www.ssl.com.)<br>Toutes vos donn\u00e9es personnelles et les informations que vous nous transmettez circulent sous forme chiffr\u00e9e sur le r\u00e9seau, et sont prot\u00e9g\u00e9es et chiffr\u00e9es avant d\u2019\u00eatre envoy\u00e9es pour traitement.<br>Pour les paiements avec Visa et Mastercard, seules les transactions CES (Secure Electronic Commerce) seront accept\u00e9es.  Apr\u00e8s avoir v\u00e9rifi\u00e9 que la carte est conforme au syst\u00e8me CES, le syst\u00e8me contactera la banque \u00e9mettrice afin que l&rsquo;acheteur autorise l&rsquo;achat. Une fois que la banque aura confirm\u00e9 l&rsquo;authenticit\u00e9, la carte sera d\u00e9bit\u00e9e. Sinon, la commande sera annul\u00e9e.<br>La passerelle de paiement que nous utilisons pour votre paiement par carte de cr\u00e9dit est Banco Santander, qui chiffre vos donn\u00e9es \u00e0 l\u2019aide du protocole SSL 256 bits. Notre syst\u00e8me ne stocke pas les d\u00e9tails bancaires de votre carte de cr\u00e9dit, mais va directement au POS (Point of Sale Terminal) Ecommerce de la banque.<\/p><h3>Qu&rsquo;est-ce que le SSL ?<\/h3><p>Les progr\u00e8s r\u00e9cents de la technologie des navigateurs et des serveurs ont facilit\u00e9 l&rsquo;utilisation de services web sans crainte de fraude \u00e9lectronique. Un exemple est le Secure Sockets Layer (SSL), d\u00e9velopp\u00e9 par Netscape, un protocole de s\u00e9curit\u00e9 soumis \u00e0 l&rsquo;Internet Engineering Task Force (IETF) en tant que projet de l&rsquo;Internet. Fondamentalement, le protocole permet au navigateur et au serveur d&rsquo;une session web de s&rsquo;authentifier mutuellement et de prot\u00e9ger les informations qui circuleront ensuite entre les deux points. Gr\u00e2ce \u00e0 l&rsquo;utilisation de techniques cryptographiques telles que le cryptage et la signature num\u00e9rique, le protocole :<\/p><p>\u25a0 Permet aux navigateurs et aux serveurs web de s\u2019authentifier entre eux.<br>\u25a0 Permet aux propri\u00e9taires de sites web de contr\u00f4ler l\u2019acc\u00e8s \u00e0 certains serveurs, annuaires, fichiers ou services particuliers<br>\u25a0 Permet le partage d\u2019informations sensibles (comme les num\u00e9ros de carte bancaire) entre le navigateur et le serveur, les rendant inaccessibles aux tiers.<br>\u25a0 Il garantit que les donn\u00e9es \u00e9chang\u00e9es par le navigateur et le serveur ne peuvent pas \u00eatre corrompues, accidentellement ou d\u00e9lib\u00e9r\u00e9ment, sans \u00eatre d\u00e9tect\u00e9es.<\/p>\t\t\t\t\t\t\t\t<\/div>\n\t\t\t\t<\/div>\n\t\t\t\t\t<\/div>\n\t\t\t\t<\/div>\n\t\t\t\t<\/div>\n\t\t","protected":false},"excerpt":{"rendered":"<p>Modalit\u00e9s et conditions Introduction Greenbrownblue SL, ci-apr\u00e8s KERAMA, collecte, traite et stocke des informations personnelles via le site web qui lui appartient https:\/\/keramamueblesdejardin.com Ces informations peuvent concerner les utilisateurs, clients, fournisseurs, personnes avec lesquelles il est en contact et d\u2019autres entit\u00e9s. Dans cette politique de confidentialit\u00e9, vous trouverez des informations sur la mani\u00e8re dont ces [&hellip;]<\/p>\n","protected":false},"author":1,"featured_media":0,"parent":0,"menu_order":0,"comment_status":"closed","ping_status":"open","template":"","meta":{"_acf_changed":false,"footnotes":""},"class_list":["post-63776","page","type-page","status-publish","hentry"],"acf":[],"yoast_head":"<!-- This site is optimized with the Yoast SEO plugin v27.4 - https:\/\/yoast.com\/product\/yoast-seo-wordpress\/ -->\n<title>Conditions g\u00e9n\u00e9rales d&#039;utilisation - Kerama<\/title>\n<meta name=\"description\" content=\"Conditions g\u00e9n\u00e9rales du site Kerama sp\u00e9cialis\u00e9 dans la vente de mobilier d&#039;ext\u00e9rieur pour jardins, terrasses et balcons.\" \/>\n<meta name=\"robots\" content=\"noindex, follow\" \/>\n<meta property=\"og:locale\" content=\"fr_FR\" \/>\n<meta property=\"og:type\" content=\"article\" \/>\n<meta property=\"og:title\" content=\"Conditions g\u00e9n\u00e9rales d&#039;utilisation - Kerama\" \/>\n<meta property=\"og:description\" content=\"Conditions g\u00e9n\u00e9rales du site Kerama sp\u00e9cialis\u00e9 dans la vente de mobilier d&#039;ext\u00e9rieur pour jardins, terrasses et balcons.\" \/>\n<meta property=\"og:url\" content=\"https:\/\/keramamueblesdejardin.com\/fr\/modalites-et-conditions\/\" \/>\n<meta property=\"og:site_name\" content=\"Kerama\" \/>\n<meta property=\"article:publisher\" content=\"https:\/\/www.facebook.com\/Kerama-Muebles-de-Jard%c3%adn-106209328312568\/\" \/>\n<meta property=\"article:modified_time\" content=\"2026-02-11T14:00:23+00:00\" \/>\n<meta property=\"og:image\" content=\"https:\/\/keramamueblesdejardin.com\/wp-content\/uploads\/2025\/05\/logo-kerama.png\" \/>\n\t<meta property=\"og:image:width\" content=\"800\" \/>\n\t<meta property=\"og:image:height\" content=\"174\" \/>\n\t<meta property=\"og:image:type\" content=\"image\/png\" \/>\n<meta name=\"twitter:card\" content=\"summary_large_image\" \/>\n<meta name=\"twitter:label1\" content=\"Dur\u00e9e de lecture estim\u00e9e\" \/>\n\t<meta name=\"twitter:data1\" content=\"11 minutes\" \/>\n<script type=\"application\/ld+json\" class=\"yoast-schema-graph\">{\"@context\":\"https:\\\/\\\/schema.org\",\"@graph\":[{\"@type\":\"WebPage\",\"@id\":\"https:\\\/\\\/keramamueblesdejardin.com\\\/fr\\\/modalites-et-conditions\\\/\",\"url\":\"https:\\\/\\\/keramamueblesdejardin.com\\\/fr\\\/modalites-et-conditions\\\/\",\"name\":\"Conditions g\u00e9n\u00e9rales d'utilisation - Kerama\",\"isPartOf\":{\"@id\":\"https:\\\/\\\/keramamueblesdejardin.com\\\/fr\\\/#website\"},\"primaryImageOfPage\":{\"@id\":\"https:\\\/\\\/keramamueblesdejardin.com\\\/fr\\\/modalites-et-conditions\\\/#primaryimage\"},\"image\":{\"@id\":\"https:\\\/\\\/keramamueblesdejardin.com\\\/fr\\\/modalites-et-conditions\\\/#primaryimage\"},\"thumbnailUrl\":\"https:\\\/\\\/keramamueblesdejardin.com\\\/wp-content\\\/uploads\\\/2025\\\/05\\\/logo-kerama.png\",\"datePublished\":\"2021-01-19T11:27:21+00:00\",\"dateModified\":\"2026-02-11T14:00:23+00:00\",\"description\":\"Conditions g\u00e9n\u00e9rales du site Kerama sp\u00e9cialis\u00e9 dans la vente de mobilier d'ext\u00e9rieur pour jardins, terrasses et balcons.\",\"breadcrumb\":{\"@id\":\"https:\\\/\\\/keramamueblesdejardin.com\\\/fr\\\/modalites-et-conditions\\\/#breadcrumb\"},\"inLanguage\":\"fr-FR\",\"potentialAction\":[{\"@type\":\"ReadAction\",\"target\":[\"https:\\\/\\\/keramamueblesdejardin.com\\\/fr\\\/modalites-et-conditions\\\/\"]}]},{\"@type\":\"ImageObject\",\"inLanguage\":\"fr-FR\",\"@id\":\"https:\\\/\\\/keramamueblesdejardin.com\\\/fr\\\/modalites-et-conditions\\\/#primaryimage\",\"url\":\"https:\\\/\\\/keramamueblesdejardin.com\\\/wp-content\\\/uploads\\\/2025\\\/05\\\/logo-kerama.png\",\"contentUrl\":\"https:\\\/\\\/keramamueblesdejardin.com\\\/wp-content\\\/uploads\\\/2025\\\/05\\\/logo-kerama.png\"},{\"@type\":\"BreadcrumbList\",\"@id\":\"https:\\\/\\\/keramamueblesdejardin.com\\\/fr\\\/modalites-et-conditions\\\/#breadcrumb\",\"itemListElement\":[{\"@type\":\"ListItem\",\"position\":1,\"name\":\"Home\",\"item\":\"https:\\\/\\\/keramamueblesdejardin.com\\\/fr\\\/\"},{\"@type\":\"ListItem\",\"position\":2,\"name\":\"Modalit\u00e9s et conditions\"}]},{\"@type\":\"WebSite\",\"@id\":\"https:\\\/\\\/keramamueblesdejardin.com\\\/fr\\\/#website\",\"url\":\"https:\\\/\\\/keramamueblesdejardin.com\\\/fr\\\/\",\"name\":\"Kerama\",\"description\":\"muebles de jard\u00edn\",\"publisher\":{\"@id\":\"https:\\\/\\\/keramamueblesdejardin.com\\\/fr\\\/#organization\"},\"potentialAction\":[{\"@type\":\"SearchAction\",\"target\":{\"@type\":\"EntryPoint\",\"urlTemplate\":\"https:\\\/\\\/keramamueblesdejardin.com\\\/fr\\\/?s={search_term_string}\"},\"query-input\":{\"@type\":\"PropertyValueSpecification\",\"valueRequired\":true,\"valueName\":\"search_term_string\"}}],\"inLanguage\":\"fr-FR\"},{\"@type\":\"Organization\",\"@id\":\"https:\\\/\\\/keramamueblesdejardin.com\\\/fr\\\/#organization\",\"name\":\"kerama\",\"url\":\"https:\\\/\\\/keramamueblesdejardin.com\\\/fr\\\/\",\"logo\":{\"@type\":\"ImageObject\",\"inLanguage\":\"fr-FR\",\"@id\":\"https:\\\/\\\/keramamueblesdejardin.com\\\/fr\\\/#\\\/schema\\\/logo\\\/image\\\/\",\"url\":\"https:\\\/\\\/keramamueblesdejardin.com\\\/wp-content\\\/uploads\\\/2020\\\/12\\\/k.-scaled.jpg\",\"contentUrl\":\"https:\\\/\\\/keramamueblesdejardin.com\\\/wp-content\\\/uploads\\\/2020\\\/12\\\/k.-scaled.jpg\",\"width\":2560,\"height\":551,\"caption\":\"kerama\"},\"image\":{\"@id\":\"https:\\\/\\\/keramamueblesdejardin.com\\\/fr\\\/#\\\/schema\\\/logo\\\/image\\\/\"},\"sameAs\":[\"https:\\\/\\\/www.facebook.com\\\/Kerama-Muebles-de-Jard\u00edn-106209328312568\\\/\"]}]}<\/script>\n<!-- \/ Yoast SEO plugin. -->","yoast_head_json":{"title":"Conditions g\u00e9n\u00e9rales d'utilisation - Kerama","description":"Conditions g\u00e9n\u00e9rales du site Kerama sp\u00e9cialis\u00e9 dans la vente de mobilier d'ext\u00e9rieur pour jardins, terrasses et balcons.","robots":{"index":"noindex","follow":"follow"},"og_locale":"fr_FR","og_type":"article","og_title":"Conditions g\u00e9n\u00e9rales d'utilisation - Kerama","og_description":"Conditions g\u00e9n\u00e9rales du site Kerama sp\u00e9cialis\u00e9 dans la vente de mobilier d'ext\u00e9rieur pour jardins, terrasses et balcons.","og_url":"https:\/\/keramamueblesdejardin.com\/fr\/modalites-et-conditions\/","og_site_name":"Kerama","article_publisher":"https:\/\/www.facebook.com\/Kerama-Muebles-de-Jard%c3%adn-106209328312568\/","article_modified_time":"2026-02-11T14:00:23+00:00","og_image":[{"width":800,"height":174,"url":"https:\/\/keramamueblesdejardin.com\/wp-content\/uploads\/2025\/05\/logo-kerama.png","type":"image\/png"}],"twitter_card":"summary_large_image","twitter_misc":{"Dur\u00e9e de lecture estim\u00e9e":"11 minutes"},"schema":{"@context":"https:\/\/schema.org","@graph":[{"@type":"WebPage","@id":"https:\/\/keramamueblesdejardin.com\/fr\/modalites-et-conditions\/","url":"https:\/\/keramamueblesdejardin.com\/fr\/modalites-et-conditions\/","name":"Conditions g\u00e9n\u00e9rales d'utilisation - Kerama","isPartOf":{"@id":"https:\/\/keramamueblesdejardin.com\/fr\/#website"},"primaryImageOfPage":{"@id":"https:\/\/keramamueblesdejardin.com\/fr\/modalites-et-conditions\/#primaryimage"},"image":{"@id":"https:\/\/keramamueblesdejardin.com\/fr\/modalites-et-conditions\/#primaryimage"},"thumbnailUrl":"https:\/\/keramamueblesdejardin.com\/wp-content\/uploads\/2025\/05\/logo-kerama.png","datePublished":"2021-01-19T11:27:21+00:00","dateModified":"2026-02-11T14:00:23+00:00","description":"Conditions g\u00e9n\u00e9rales du site Kerama sp\u00e9cialis\u00e9 dans la vente de mobilier d'ext\u00e9rieur pour jardins, terrasses et balcons.","breadcrumb":{"@id":"https:\/\/keramamueblesdejardin.com\/fr\/modalites-et-conditions\/#breadcrumb"},"inLanguage":"fr-FR","potentialAction":[{"@type":"ReadAction","target":["https:\/\/keramamueblesdejardin.com\/fr\/modalites-et-conditions\/"]}]},{"@type":"ImageObject","inLanguage":"fr-FR","@id":"https:\/\/keramamueblesdejardin.com\/fr\/modalites-et-conditions\/#primaryimage","url":"https:\/\/keramamueblesdejardin.com\/wp-content\/uploads\/2025\/05\/logo-kerama.png","contentUrl":"https:\/\/keramamueblesdejardin.com\/wp-content\/uploads\/2025\/05\/logo-kerama.png"},{"@type":"BreadcrumbList","@id":"https:\/\/keramamueblesdejardin.com\/fr\/modalites-et-conditions\/#breadcrumb","itemListElement":[{"@type":"ListItem","position":1,"name":"Home","item":"https:\/\/keramamueblesdejardin.com\/fr\/"},{"@type":"ListItem","position":2,"name":"Modalit\u00e9s et conditions"}]},{"@type":"WebSite","@id":"https:\/\/keramamueblesdejardin.com\/fr\/#website","url":"https:\/\/keramamueblesdejardin.com\/fr\/","name":"Kerama","description":"muebles de jard\u00edn","publisher":{"@id":"https:\/\/keramamueblesdejardin.com\/fr\/#organization"},"potentialAction":[{"@type":"SearchAction","target":{"@type":"EntryPoint","urlTemplate":"https:\/\/keramamueblesdejardin.com\/fr\/?s={search_term_string}"},"query-input":{"@type":"PropertyValueSpecification","valueRequired":true,"valueName":"search_term_string"}}],"inLanguage":"fr-FR"},{"@type":"Organization","@id":"https:\/\/keramamueblesdejardin.com\/fr\/#organization","name":"kerama","url":"https:\/\/keramamueblesdejardin.com\/fr\/","logo":{"@type":"ImageObject","inLanguage":"fr-FR","@id":"https:\/\/keramamueblesdejardin.com\/fr\/#\/schema\/logo\/image\/","url":"https:\/\/keramamueblesdejardin.com\/wp-content\/uploads\/2020\/12\/k.-scaled.jpg","contentUrl":"https:\/\/keramamueblesdejardin.com\/wp-content\/uploads\/2020\/12\/k.-scaled.jpg","width":2560,"height":551,"caption":"kerama"},"image":{"@id":"https:\/\/keramamueblesdejardin.com\/fr\/#\/schema\/logo\/image\/"},"sameAs":["https:\/\/www.facebook.com\/Kerama-Muebles-de-Jard\u00edn-106209328312568\/"]}]}},"_links":{"self":[{"href":"https:\/\/keramamueblesdejardin.com\/fr\/wp-json\/wp\/v2\/pages\/63776","targetHints":{"allow":["GET"]}}],"collection":[{"href":"https:\/\/keramamueblesdejardin.com\/fr\/wp-json\/wp\/v2\/pages"}],"about":[{"href":"https:\/\/keramamueblesdejardin.com\/fr\/wp-json\/wp\/v2\/types\/page"}],"author":[{"embeddable":true,"href":"https:\/\/keramamueblesdejardin.com\/fr\/wp-json\/wp\/v2\/users\/1"}],"replies":[{"embeddable":true,"href":"https:\/\/keramamueblesdejardin.com\/fr\/wp-json\/wp\/v2\/comments?post=63776"}],"version-history":[{"count":4,"href":"https:\/\/keramamueblesdejardin.com\/fr\/wp-json\/wp\/v2\/pages\/63776\/revisions"}],"predecessor-version":[{"id":192145,"href":"https:\/\/keramamueblesdejardin.com\/fr\/wp-json\/wp\/v2\/pages\/63776\/revisions\/192145"}],"wp:attachment":[{"href":"https:\/\/keramamueblesdejardin.com\/fr\/wp-json\/wp\/v2\/media?parent=63776"}],"curies":[{"name":"wp","href":"https:\/\/api.w.org\/{rel}","templated":true}]}}