{"id":217967,"date":"2026-01-15T21:43:03","date_gmt":"2026-01-15T20:43:03","guid":{"rendered":"https:\/\/keramamueblesdejardin.com\/unkategorisiert\/packung-aus-2-stapelbaren-stahl-und-rattan-terrakotta-stuehlen-narbona\/"},"modified":"2026-06-18T12:43:52","modified_gmt":"2026-06-18T10:43:52","slug":"packung-aus-2-stapelbaren-stahl-und-rattan-terrakotta-stuehlen-narbona","status":"publish","type":"product","link":"https:\/\/keramamueblesdejardin.com\/de\/speisesale-im-freien\/gartenstuhle\/packung-aus-2-stapelbaren-stahl-und-rattan-terrakotta-stuehlen-narbona\/","title":{"rendered":"Packung aus 2 stapelbaren Stahl- und Rattan-Terrakotta-St\u00fchlen \u2013 Narbona"},"content":{"rendered":"<p>Mit dem <strong>4er-Set Narbona-St\u00fchle in Terrakotta<\/strong> erwacht Ihr Esstisch zum Leben. Dieses Set ist f\u00fcr alle gedacht, die sich nicht mit Neutralit\u00e4t zufrieden geben und sich w\u00fcnschen, dass ihre Terrasse die W\u00e4rme, Energie und den Optimismus mediterraner Sonnenunterg\u00e4nge ausstrahlt.<\/p>\n<p>Die einfarbige Ausf\u00fchrung in Lehmrot \u2013 sowohl beim Metallgestell als auch beim Geflecht \u2013 sorgt f\u00fcr eine raffinierte und stimmige Optik. Es ist die perfekte Wahl f\u00fcr einen Tisch aus Holz oder Stein und sorgt f\u00fcr einen lebendigen Kontrast, der dazu einl\u00e4dt, sich hinzusetzen, zu plaudern und den Abend bis zum Sonnenuntergang ausklingen zu lassen.<\/p>\n<h2>Design mit Charakter und Funktionalit\u00e4t<\/h2>\n<p>Dieses Set aus vier St\u00fchlen verbindet k\u00fchne Farben mit der Praktikabilit\u00e4t des Bistro-Designs:<\/p>\n<ul>\n<li><strong>Umh\u00fcllende \u00c4sthetik:<\/strong> Die runde R\u00fcckenlehne im \u201eMedaillon\u201c-Stil und die geschwungenen Armlehnen definieren nicht nur die elegante Silhouette, sondern bieten auch h\u00f6chsten Komfort. Das Geflecht aus synthetischem Rattan ist flexibel und luftig, ideal f\u00fcr den Sommer.<\/li>\n<li><strong>Stapelbar und praktisch:<\/strong> Der gro\u00dfe technische Vorteil. Trotz ihres skulpturalen Designs mit Armlehnen lassen sich die vier St\u00fchle perfekt stapeln. So k\u00f6nnen Sie die Terrasse in wenigen Minuten aufr\u00e4umen oder den Boden m\u00fchelos reinigen.<\/li>\n<li><strong>Absolute Strapazierf\u00e4higkeit:<\/strong> Hinter dem handwerklichen Erscheinungsbild verbergen sich ein robustes, lackiertes Stahlgestell und hochwertiges, UV-best\u00e4ndiges Kunst-Rattan, das daf\u00fcr sorgt, dass die terrakottafarbene Optik Saison f\u00fcr Saison intensiv bleibt.<\/li>\n<\/ul>\n<h3>Technische Daten des Sets<\/h3>\n<ul>\n<li><strong>Lieferumfang:<\/strong> 4 Narbona-St\u00fchle.<\/li>\n<li><strong>Ma\u00dfe pro Stuhl:<\/strong> 54 cm (Breite) x 57 cm (Tiefe) x 91 cm (H\u00f6he).<\/li>\n<li><strong>Sitzh\u00f6he:<\/strong> 45 cm.<\/li>\n<li><strong>Farbe:<\/strong> Terrakotta \/ Tonrot (Gestell und Sitzfl\u00e4che).<\/li>\n<li><strong>Materialien:<\/strong> Stahl und Kunst-Rattan.<\/li>\n<\/ul>\n","protected":false},"excerpt":{"rendered":"<ul>\n<li>Pack mit 4 roten Sesseln und Armlehnen<\/li>\n<li>Stahlkonstruktion und synthetisches Rattan-Imitationsrot<\/li>\n<li>Stapelbar<\/li>\n<li>Ma\u00dfe: 54x57x91 cm (Sitzh\u00f6he 45 cm<\/li>\n<\/ul>\n","protected":false},"featured_media":221268,"comment_status":"closed","ping_status":"closed","template":"","meta":{"_acf_changed":false},"product_brand":[],"product_cat":[3240,3238],"product_tag":[3376,6457,3284],"class_list":{"0":"post-217967","1":"product","2":"type-product","3":"status-publish","4":"has-post-thumbnail","6":"product_cat-gartenstuhle","7":"product_cat-speisesale-im-freien","8":"product_tag-aluminium-de","9":"product_tag-narbonne","10":"product_tag-rattan-de","11":"product_shipping_class-envio-gratuito-de","13":"first","14":"instock","15":"sale","16":"purchasable","17":"product-type-simple","18":"add-to-wishlist-before_image"},"acf":[],"yoast_head":"<!-- This site is optimized with the Yoast SEO plugin v28.3 - https:\/\/yoast.com\/product\/yoast-seo-wordpress\/ -->\n<title>Packung aus 2 stapelbaren Stahl- und Rattan-Terrakotta-St\u00fchlen \u2013 Narbona - Kerama<\/title>\n<meta name=\"robots\" content=\"index, follow, max-snippet:-1, max-image-preview:large, max-video-preview:-1\" \/>\n<link rel=\"canonical\" href=\"https:\/\/keramamueblesdejardin.com\/de\/speisesale-im-freien\/gartenstuhle\/packung-aus-2-stapelbaren-stahl-und-rattan-terrakotta-stuehlen-narbona\/\" \/>\n<meta property=\"og:locale\" content=\"de_DE\" \/>\n<meta property=\"og:type\" content=\"article\" \/>\n<meta property=\"og:title\" content=\"Packung aus 2 stapelbaren Stahl- und Rattan-Terrakotta-St\u00fchlen \u2013 Narbona - Kerama\" \/>\n<meta property=\"og:description\" content=\"Pack mit 4 roten Sesseln und Armlehnen Stahlkonstruktion und synthetisches Rattan-Imitationsrot Stapelbar Ma\u00dfe: 54x57x91 cm (Sitzh\u00f6he 45 cm\" \/>\n<meta property=\"og:url\" content=\"https:\/\/keramamueblesdejardin.com\/de\/speisesale-im-freien\/gartenstuhle\/packung-aus-2-stapelbaren-stahl-und-rattan-terrakotta-stuehlen-narbona\/\" \/>\n<meta property=\"og:site_name\" content=\"Kerama\" \/>\n<meta property=\"article:publisher\" content=\"https:\/\/www.facebook.com\/Kerama-Muebles-de-Jard%c3%adn-106209328312568\/\" \/>\n<meta property=\"article:modified_time\" content=\"2026-06-18T10:43:52+00:00\" \/>\n<meta property=\"og:image\" content=\"https:\/\/keramamueblesdejardin.com\/wp-content\/uploads\/2026\/02\/narbona-terracota-x4.jpg\" \/>\n\t<meta property=\"og:image:width\" content=\"1200\" \/>\n\t<meta property=\"og:image:height\" content=\"1200\" \/>\n\t<meta property=\"og:image:type\" content=\"image\/jpeg\" \/>\n<meta name=\"twitter:card\" content=\"summary_large_image\" \/>\n<meta name=\"twitter:label1\" content=\"Gesch\u00e4tzte Lesezeit\" \/>\n\t<meta name=\"twitter:data1\" content=\"1\u00a0Minute\" \/>\n<script type=\"application\/ld+json\" class=\"yoast-schema-graph\">{\"@context\":\"https:\\\/\\\/schema.org\",\"@graph\":[{\"@type\":\"WebPage\",\"@id\":\"https:\\\/\\\/keramamueblesdejardin.com\\\/de\\\/speisesale-im-freien\\\/gartenstuhle\\\/packung-aus-2-stapelbaren-stahl-und-rattan-terrakotta-stuehlen-narbona\\\/\",\"url\":\"https:\\\/\\\/keramamueblesdejardin.com\\\/de\\\/speisesale-im-freien\\\/gartenstuhle\\\/packung-aus-2-stapelbaren-stahl-und-rattan-terrakotta-stuehlen-narbona\\\/\",\"name\":\"Packung aus 2 stapelbaren Stahl- und Rattan-Terrakotta-St\u00fchlen \u2013 Narbona - Kerama\",\"isPartOf\":{\"@id\":\"https:\\\/\\\/keramamueblesdejardin.com\\\/de\\\/#website\"},\"primaryImageOfPage\":{\"@id\":\"https:\\\/\\\/keramamueblesdejardin.com\\\/de\\\/speisesale-im-freien\\\/gartenstuhle\\\/packung-aus-2-stapelbaren-stahl-und-rattan-terrakotta-stuehlen-narbona\\\/#primaryimage\"},\"image\":{\"@id\":\"https:\\\/\\\/keramamueblesdejardin.com\\\/de\\\/speisesale-im-freien\\\/gartenstuhle\\\/packung-aus-2-stapelbaren-stahl-und-rattan-terrakotta-stuehlen-narbona\\\/#primaryimage\"},\"thumbnailUrl\":\"https:\\\/\\\/keramamueblesdejardin.com\\\/wp-content\\\/uploads\\\/2026\\\/01\\\/Sillas-Carcassona6-1_1500x1500_Pack_x4.png\",\"datePublished\":\"2026-01-15T20:43:03+00:00\",\"dateModified\":\"2026-06-18T10:43:52+00:00\",\"breadcrumb\":{\"@id\":\"https:\\\/\\\/keramamueblesdejardin.com\\\/de\\\/speisesale-im-freien\\\/gartenstuhle\\\/packung-aus-2-stapelbaren-stahl-und-rattan-terrakotta-stuehlen-narbona\\\/#breadcrumb\"},\"inLanguage\":\"de\",\"potentialAction\":[{\"@type\":\"ReadAction\",\"target\":[\"https:\\\/\\\/keramamueblesdejardin.com\\\/de\\\/speisesale-im-freien\\\/gartenstuhle\\\/packung-aus-2-stapelbaren-stahl-und-rattan-terrakotta-stuehlen-narbona\\\/\"]}]},{\"@type\":\"ImageObject\",\"inLanguage\":\"de\",\"@id\":\"https:\\\/\\\/keramamueblesdejardin.com\\\/de\\\/speisesale-im-freien\\\/gartenstuhle\\\/packung-aus-2-stapelbaren-stahl-und-rattan-terrakotta-stuehlen-narbona\\\/#primaryimage\",\"url\":\"https:\\\/\\\/keramamueblesdejardin.com\\\/wp-content\\\/uploads\\\/2026\\\/01\\\/Sillas-Carcassona6-1_1500x1500_Pack_x4.png\",\"contentUrl\":\"https:\\\/\\\/keramamueblesdejardin.com\\\/wp-content\\\/uploads\\\/2026\\\/01\\\/Sillas-Carcassona6-1_1500x1500_Pack_x4.png\",\"width\":1500,\"height\":1500},{\"@type\":\"BreadcrumbList\",\"@id\":\"https:\\\/\\\/keramamueblesdejardin.com\\\/de\\\/speisesale-im-freien\\\/gartenstuhle\\\/packung-aus-2-stapelbaren-stahl-und-rattan-terrakotta-stuehlen-narbona\\\/#breadcrumb\",\"itemListElement\":[{\"@type\":\"ListItem\",\"position\":1,\"name\":\"Home\",\"item\":\"https:\\\/\\\/keramamueblesdejardin.com\\\/de\\\/\"},{\"@type\":\"ListItem\",\"position\":2,\"name\":\"Laden\",\"item\":\"https:\\\/\\\/keramamueblesdejardin.com\\\/de\\\/laden\\\/\"},{\"@type\":\"ListItem\",\"position\":3,\"name\":\"Speises\u00e4le im Freien\",\"item\":\"https:\\\/\\\/keramamueblesdejardin.com\\\/de\\\/speisesale-im-freien\\\/\"},{\"@type\":\"ListItem\",\"position\":4,\"name\":\"Gartenst\u00fchle\",\"item\":\"https:\\\/\\\/keramamueblesdejardin.com\\\/de\\\/speisesale-im-freien\\\/gartenstuhle\\\/\"},{\"@type\":\"ListItem\",\"position\":5,\"name\":\"Packung aus 2 stapelbaren Stahl- und Rattan-Terrakotta-St\u00fchlen \u2013 Narbona\"}]},{\"@type\":\"WebSite\",\"@id\":\"https:\\\/\\\/keramamueblesdejardin.com\\\/de\\\/#website\",\"url\":\"https:\\\/\\\/keramamueblesdejardin.com\\\/de\\\/\",\"name\":\"Kerama\",\"description\":\"muebles de jard\u00edn\",\"publisher\":{\"@id\":\"https:\\\/\\\/keramamueblesdejardin.com\\\/de\\\/#organization\"},\"potentialAction\":[{\"@type\":\"SearchAction\",\"target\":{\"@type\":\"EntryPoint\",\"urlTemplate\":\"https:\\\/\\\/keramamueblesdejardin.com\\\/de\\\/?s={search_term_string}\"},\"query-input\":{\"@type\":\"PropertyValueSpecification\",\"valueRequired\":true,\"valueName\":\"search_term_string\"}}],\"inLanguage\":\"de\"},{\"@type\":\"Organization\",\"@id\":\"https:\\\/\\\/keramamueblesdejardin.com\\\/de\\\/#organization\",\"name\":\"kerama\",\"url\":\"https:\\\/\\\/keramamueblesdejardin.com\\\/de\\\/\",\"logo\":{\"@type\":\"ImageObject\",\"inLanguage\":\"de\",\"@id\":\"https:\\\/\\\/keramamueblesdejardin.com\\\/de\\\/#\\\/schema\\\/logo\\\/image\\\/\",\"url\":\"https:\\\/\\\/keramamueblesdejardin.com\\\/wp-content\\\/uploads\\\/2020\\\/12\\\/k.-scaled.jpg\",\"contentUrl\":\"https:\\\/\\\/keramamueblesdejardin.com\\\/wp-content\\\/uploads\\\/2020\\\/12\\\/k.-scaled.jpg\",\"width\":2560,\"height\":551,\"caption\":\"kerama\"},\"image\":{\"@id\":\"https:\\\/\\\/keramamueblesdejardin.com\\\/de\\\/#\\\/schema\\\/logo\\\/image\\\/\"},\"sameAs\":[\"https:\\\/\\\/www.facebook.com\\\/Kerama-Muebles-de-Jard\u00edn-106209328312568\\\/\"]}]}<\/script>\n<!-- \/ Yoast SEO plugin. -->","yoast_head_json":{"title":"Packung aus 2 stapelbaren Stahl- und Rattan-Terrakotta-St\u00fchlen \u2013 Narbona - Kerama","robots":{"index":"index","follow":"follow","max-snippet":"max-snippet:-1","max-image-preview":"max-image-preview:large","max-video-preview":"max-video-preview:-1"},"canonical":"https:\/\/keramamueblesdejardin.com\/de\/speisesale-im-freien\/gartenstuhle\/packung-aus-2-stapelbaren-stahl-und-rattan-terrakotta-stuehlen-narbona\/","og_locale":"de_DE","og_type":"article","og_title":"Packung aus 2 stapelbaren Stahl- und Rattan-Terrakotta-St\u00fchlen \u2013 Narbona - Kerama","og_description":"Pack mit 4 roten Sesseln und Armlehnen Stahlkonstruktion und synthetisches Rattan-Imitationsrot Stapelbar Ma\u00dfe: 54x57x91 cm (Sitzh\u00f6he 45 cm","og_url":"https:\/\/keramamueblesdejardin.com\/de\/speisesale-im-freien\/gartenstuhle\/packung-aus-2-stapelbaren-stahl-und-rattan-terrakotta-stuehlen-narbona\/","og_site_name":"Kerama","article_publisher":"https:\/\/www.facebook.com\/Kerama-Muebles-de-Jard%c3%adn-106209328312568\/","article_modified_time":"2026-06-18T10:43:52+00:00","og_image":[{"width":1200,"height":1200,"url":"https:\/\/keramamueblesdejardin.com\/wp-content\/uploads\/2026\/02\/narbona-terracota-x4.jpg","type":"image\/jpeg"}],"twitter_card":"summary_large_image","twitter_misc":{"Gesch\u00e4tzte Lesezeit":"1\u00a0Minute"},"schema":{"@context":"https:\/\/schema.org","@graph":[{"@type":"WebPage","@id":"https:\/\/keramamueblesdejardin.com\/de\/speisesale-im-freien\/gartenstuhle\/packung-aus-2-stapelbaren-stahl-und-rattan-terrakotta-stuehlen-narbona\/","url":"https:\/\/keramamueblesdejardin.com\/de\/speisesale-im-freien\/gartenstuhle\/packung-aus-2-stapelbaren-stahl-und-rattan-terrakotta-stuehlen-narbona\/","name":"Packung aus 2 stapelbaren Stahl- und Rattan-Terrakotta-St\u00fchlen \u2013 Narbona - Kerama","isPartOf":{"@id":"https:\/\/keramamueblesdejardin.com\/de\/#website"},"primaryImageOfPage":{"@id":"https:\/\/keramamueblesdejardin.com\/de\/speisesale-im-freien\/gartenstuhle\/packung-aus-2-stapelbaren-stahl-und-rattan-terrakotta-stuehlen-narbona\/#primaryimage"},"image":{"@id":"https:\/\/keramamueblesdejardin.com\/de\/speisesale-im-freien\/gartenstuhle\/packung-aus-2-stapelbaren-stahl-und-rattan-terrakotta-stuehlen-narbona\/#primaryimage"},"thumbnailUrl":"https:\/\/keramamueblesdejardin.com\/wp-content\/uploads\/2026\/01\/Sillas-Carcassona6-1_1500x1500_Pack_x4.png","datePublished":"2026-01-15T20:43:03+00:00","dateModified":"2026-06-18T10:43:52+00:00","breadcrumb":{"@id":"https:\/\/keramamueblesdejardin.com\/de\/speisesale-im-freien\/gartenstuhle\/packung-aus-2-stapelbaren-stahl-und-rattan-terrakotta-stuehlen-narbona\/#breadcrumb"},"inLanguage":"de","potentialAction":[{"@type":"ReadAction","target":["https:\/\/keramamueblesdejardin.com\/de\/speisesale-im-freien\/gartenstuhle\/packung-aus-2-stapelbaren-stahl-und-rattan-terrakotta-stuehlen-narbona\/"]}]},{"@type":"ImageObject","inLanguage":"de","@id":"https:\/\/keramamueblesdejardin.com\/de\/speisesale-im-freien\/gartenstuhle\/packung-aus-2-stapelbaren-stahl-und-rattan-terrakotta-stuehlen-narbona\/#primaryimage","url":"https:\/\/keramamueblesdejardin.com\/wp-content\/uploads\/2026\/01\/Sillas-Carcassona6-1_1500x1500_Pack_x4.png","contentUrl":"https:\/\/keramamueblesdejardin.com\/wp-content\/uploads\/2026\/01\/Sillas-Carcassona6-1_1500x1500_Pack_x4.png","width":1500,"height":1500},{"@type":"BreadcrumbList","@id":"https:\/\/keramamueblesdejardin.com\/de\/speisesale-im-freien\/gartenstuhle\/packung-aus-2-stapelbaren-stahl-und-rattan-terrakotta-stuehlen-narbona\/#breadcrumb","itemListElement":[{"@type":"ListItem","position":1,"name":"Home","item":"https:\/\/keramamueblesdejardin.com\/de\/"},{"@type":"ListItem","position":2,"name":"Laden","item":"https:\/\/keramamueblesdejardin.com\/de\/laden\/"},{"@type":"ListItem","position":3,"name":"Speises\u00e4le im Freien","item":"https:\/\/keramamueblesdejardin.com\/de\/speisesale-im-freien\/"},{"@type":"ListItem","position":4,"name":"Gartenst\u00fchle","item":"https:\/\/keramamueblesdejardin.com\/de\/speisesale-im-freien\/gartenstuhle\/"},{"@type":"ListItem","position":5,"name":"Packung aus 2 stapelbaren Stahl- und Rattan-Terrakotta-St\u00fchlen \u2013 Narbona"}]},{"@type":"WebSite","@id":"https:\/\/keramamueblesdejardin.com\/de\/#website","url":"https:\/\/keramamueblesdejardin.com\/de\/","name":"Kerama","description":"muebles de jard\u00edn","publisher":{"@id":"https:\/\/keramamueblesdejardin.com\/de\/#organization"},"potentialAction":[{"@type":"SearchAction","target":{"@type":"EntryPoint","urlTemplate":"https:\/\/keramamueblesdejardin.com\/de\/?s={search_term_string}"},"query-input":{"@type":"PropertyValueSpecification","valueRequired":true,"valueName":"search_term_string"}}],"inLanguage":"de"},{"@type":"Organization","@id":"https:\/\/keramamueblesdejardin.com\/de\/#organization","name":"kerama","url":"https:\/\/keramamueblesdejardin.com\/de\/","logo":{"@type":"ImageObject","inLanguage":"de","@id":"https:\/\/keramamueblesdejardin.com\/de\/#\/schema\/logo\/image\/","url":"https:\/\/keramamueblesdejardin.com\/wp-content\/uploads\/2020\/12\/k.-scaled.jpg","contentUrl":"https:\/\/keramamueblesdejardin.com\/wp-content\/uploads\/2020\/12\/k.-scaled.jpg","width":2560,"height":551,"caption":"kerama"},"image":{"@id":"https:\/\/keramamueblesdejardin.com\/de\/#\/schema\/logo\/image\/"},"sameAs":["https:\/\/www.facebook.com\/Kerama-Muebles-de-Jard\u00edn-106209328312568\/"]}]}},"df_price":689,"df_sale_price":689,"df_regular_price":753,"df_image_link":"https:\/\/keramamueblesdejardin.com\/wp-content\/uploads\/2026\/01\/Sillas-Carcassona6-1_1500x1500_Pack_x4-300x300.png","custom_tabs":["0"],"_links":{"self":[{"href":"https:\/\/keramamueblesdejardin.com\/de\/wp-json\/wp\/v2\/product\/217967","targetHints":{"allow":["GET"]}}],"collection":[{"href":"https:\/\/keramamueblesdejardin.com\/de\/wp-json\/wp\/v2\/product"}],"about":[{"href":"https:\/\/keramamueblesdejardin.com\/de\/wp-json\/wp\/v2\/types\/product"}],"replies":[{"embeddable":true,"href":"https:\/\/keramamueblesdejardin.com\/de\/wp-json\/wp\/v2\/comments?post=217967"}],"wp:featuredmedia":[{"embeddable":true,"href":"https:\/\/keramamueblesdejardin.com\/de\/wp-json\/wp\/v2\/media\/221268"}],"wp:attachment":[{"href":"https:\/\/keramamueblesdejardin.com\/de\/wp-json\/wp\/v2\/media?parent=217967"}],"wp:term":[{"taxonomy":"product_brand","embeddable":true,"href":"https:\/\/keramamueblesdejardin.com\/de\/wp-json\/wp\/v2\/product_brand?post=217967"},{"taxonomy":"product_cat","embeddable":true,"href":"https:\/\/keramamueblesdejardin.com\/de\/wp-json\/wp\/v2\/product_cat?post=217967"},{"taxonomy":"product_tag","embeddable":true,"href":"https:\/\/keramamueblesdejardin.com\/de\/wp-json\/wp\/v2\/product_tag?post=217967"}],"curies":[{"name":"wp","href":"https:\/\/api.w.org\/{rel}","templated":true}]}}