{"id":175266,"date":"2025-01-13T15:10:07","date_gmt":"2025-01-13T14:10:07","guid":{"rendered":"https:\/\/keramamueblesdejardin.com\/unkategorisiert\/doppelliege-aus-weissem-aluminium-mit-kissen-und-raedern-cabrera\/"},"modified":"2025-01-13T16:10:07","modified_gmt":"2025-01-13T15:10:07","slug":"weis-aluminium-doppelliege-mit-kissen-und-radern-cabrera","status":"publish","type":"product","link":"https:\/\/keramamueblesdejardin.com\/de\/liegestuhle-und-ruhe\/liegen\/weis-aluminium-doppelliege-mit-kissen-und-radern-cabrera\/","title":{"rendered":"Doppelliege aus wei\u00dfem Aluminium mit Kissen und R\u00e4dern &#8211; Cabrera"},"content":{"rendered":"<div class=\"flex-shrink-0 flex flex-col relative items-end\">\n<div class=\"pt-0\">\n<div class=\"gizmo-bot-avatar flex h-8 w-8 items-center justify-center overflow-hidden rounded-full\">\n<div class=\"relative p-1 rounded-sm flex items-center justify-center bg-token-main-surface-primary text-token-text-primary h-8 w-8\">Die Doppelliege Cabrera zeichnet sich durch ihr modernes Design aus, das Stil und Zweckm\u00e4\u00dfigkeit miteinander verbindet. Die in mehreren Positionen verstellbare R\u00fcckenlehne bietet individuellen Komfort, w\u00e4hrend die eingebauten R\u00e4der das Bewegen erleichtern und f\u00fcr noch mehr Komfort sorgen. Das Kissen aus weich strukturiertem Polyester ist abnehmbar und waschbar und verf\u00fcgt \u00fcber einen Schaumstoffkern, der mit Textilene \u00fcberzogen ist, um Wasser abzuweisen. Perfekt, um Momente der Entspannung auf der Terrasse, im Garten oder am Pool zu genie\u00dfen, ist die Sonnenliege Cabrera eine elegante und funktionale Option f\u00fcr jeden Au\u00dfenbereich.   <\/div>\n<div><\/div>\n<\/div>\n<\/div>\n<div>Ma\u00dfe: 206x150x34cm<\/div>\n<\/div>\n","protected":false},"excerpt":{"rendered":"<ul>\n<li>Doppel-Sonnenliege aus wei\u00dfem Aluminium mit R\u00e4dern<\/li>\n<li>Abnehmbares und waschbares Kissen<\/li>\n<li>Textilene-beschichteter Schaumstoff mit wasserabweisender Behandlung<\/li>\n<li>Ma\u00dfe: 206x152x34cm<\/li>\n<\/ul>\n","protected":false},"featured_media":174964,"comment_status":"closed","ping_status":"open","template":"","meta":{"_acf_changed":false},"product_brand":[],"product_cat":[3237,3236],"product_tag":[],"class_list":{"0":"post-175266","1":"product","2":"type-product","3":"status-publish","4":"has-post-thumbnail","6":"product_cat-liegen","7":"product_cat-liegestuhle-und-ruhe","8":"product_shipping_class-envio-gratuito-de","9":"pa_caracteristicas-klapp","10":"pa_caracteristicas-waschbare-bezuge","11":"pa_material-aluminium","13":"first","14":"instock","15":"sale","16":"purchasable","17":"product-type-simple","18":"add-to-wishlist-before_image"},"acf":[],"yoast_head":"<!-- This site is optimized with the Yoast SEO plugin v27.4 - https:\/\/yoast.com\/product\/yoast-seo-wordpress\/ -->\n<title>Doppelliege aus wei\u00dfem Aluminium mit Kissen und R\u00e4dern - Cabrera - Kerama<\/title>\n<meta name=\"robots\" content=\"index, follow, max-snippet:-1, max-image-preview:large, max-video-preview:-1\" \/>\n<link rel=\"canonical\" href=\"https:\/\/keramamueblesdejardin.com\/de\/liegestuhle-und-ruhe\/liegen\/weis-aluminium-doppelliege-mit-kissen-und-radern-cabrera\/\" \/>\n<meta property=\"og:locale\" content=\"de_DE\" \/>\n<meta property=\"og:type\" content=\"article\" \/>\n<meta property=\"og:title\" content=\"Doppelliege aus wei\u00dfem Aluminium mit Kissen und R\u00e4dern - Cabrera - Kerama\" \/>\n<meta property=\"og:description\" content=\"Doppel-Sonnenliege aus wei\u00dfem Aluminium mit R\u00e4dern  Abnehmbares und waschbares Kissen  Textilene-beschichteter Schaumstoff mit wasserabweisender Behandlung  Ma\u00dfe: 206x152x34cm\" \/>\n<meta property=\"og:url\" content=\"https:\/\/keramamueblesdejardin.com\/de\/liegestuhle-und-ruhe\/liegen\/weis-aluminium-doppelliege-mit-kissen-und-radern-cabrera\/\" \/>\n<meta property=\"og:site_name\" content=\"Kerama\" \/>\n<meta property=\"article:publisher\" content=\"https:\/\/www.facebook.com\/Kerama-Muebles-de-Jard%c3%adn-106209328312568\/\" \/>\n<meta property=\"article:modified_time\" content=\"2025-01-13T15:10:07+00:00\" \/>\n<meta property=\"og:image\" content=\"https:\/\/keramamueblesdejardin.com\/wp-content\/uploads\/2025\/01\/tumbona-doble-cabrera.jpg\" \/>\n\t<meta property=\"og:image:width\" content=\"1200\" \/>\n\t<meta property=\"og:image:height\" content=\"1200\" \/>\n\t<meta property=\"og:image:type\" content=\"image\/jpeg\" \/>\n<meta name=\"twitter:card\" content=\"summary_large_image\" \/>\n<meta name=\"twitter:label1\" content=\"Gesch\u00e4tzte Lesezeit\" \/>\n\t<meta name=\"twitter:data1\" content=\"1\u00a0Minute\" \/>\n<script type=\"application\/ld+json\" class=\"yoast-schema-graph\">{\"@context\":\"https:\\\/\\\/schema.org\",\"@graph\":[{\"@type\":\"WebPage\",\"@id\":\"https:\\\/\\\/keramamueblesdejardin.com\\\/de\\\/liegestuhle-und-ruhe\\\/liegen\\\/weis-aluminium-doppelliege-mit-kissen-und-radern-cabrera\\\/\",\"url\":\"https:\\\/\\\/keramamueblesdejardin.com\\\/de\\\/liegestuhle-und-ruhe\\\/liegen\\\/weis-aluminium-doppelliege-mit-kissen-und-radern-cabrera\\\/\",\"name\":\"Doppelliege aus wei\u00dfem Aluminium mit Kissen und R\u00e4dern - Cabrera - Kerama\",\"isPartOf\":{\"@id\":\"https:\\\/\\\/keramamueblesdejardin.com\\\/de\\\/#website\"},\"primaryImageOfPage\":{\"@id\":\"https:\\\/\\\/keramamueblesdejardin.com\\\/de\\\/liegestuhle-und-ruhe\\\/liegen\\\/weis-aluminium-doppelliege-mit-kissen-und-radern-cabrera\\\/#primaryimage\"},\"image\":{\"@id\":\"https:\\\/\\\/keramamueblesdejardin.com\\\/de\\\/liegestuhle-und-ruhe\\\/liegen\\\/weis-aluminium-doppelliege-mit-kissen-und-radern-cabrera\\\/#primaryimage\"},\"thumbnailUrl\":\"https:\\\/\\\/keramamueblesdejardin.com\\\/wp-content\\\/uploads\\\/2025\\\/01\\\/tumbona-doble-cabrera.jpg\",\"datePublished\":\"2025-01-13T14:10:07+00:00\",\"dateModified\":\"2025-01-13T15:10:07+00:00\",\"breadcrumb\":{\"@id\":\"https:\\\/\\\/keramamueblesdejardin.com\\\/de\\\/liegestuhle-und-ruhe\\\/liegen\\\/weis-aluminium-doppelliege-mit-kissen-und-radern-cabrera\\\/#breadcrumb\"},\"inLanguage\":\"de\",\"potentialAction\":[{\"@type\":\"ReadAction\",\"target\":[\"https:\\\/\\\/keramamueblesdejardin.com\\\/de\\\/liegestuhle-und-ruhe\\\/liegen\\\/weis-aluminium-doppelliege-mit-kissen-und-radern-cabrera\\\/\"]}]},{\"@type\":\"ImageObject\",\"inLanguage\":\"de\",\"@id\":\"https:\\\/\\\/keramamueblesdejardin.com\\\/de\\\/liegestuhle-und-ruhe\\\/liegen\\\/weis-aluminium-doppelliege-mit-kissen-und-radern-cabrera\\\/#primaryimage\",\"url\":\"https:\\\/\\\/keramamueblesdejardin.com\\\/wp-content\\\/uploads\\\/2025\\\/01\\\/tumbona-doble-cabrera.jpg\",\"contentUrl\":\"https:\\\/\\\/keramamueblesdejardin.com\\\/wp-content\\\/uploads\\\/2025\\\/01\\\/tumbona-doble-cabrera.jpg\",\"width\":1200,\"height\":1200},{\"@type\":\"BreadcrumbList\",\"@id\":\"https:\\\/\\\/keramamueblesdejardin.com\\\/de\\\/liegestuhle-und-ruhe\\\/liegen\\\/weis-aluminium-doppelliege-mit-kissen-und-radern-cabrera\\\/#breadcrumb\",\"itemListElement\":[{\"@type\":\"ListItem\",\"position\":1,\"name\":\"Home\",\"item\":\"https:\\\/\\\/keramamueblesdejardin.com\\\/de\\\/\"},{\"@type\":\"ListItem\",\"position\":2,\"name\":\"Laden\",\"item\":\"https:\\\/\\\/keramamueblesdejardin.com\\\/de\\\/laden\\\/\"},{\"@type\":\"ListItem\",\"position\":3,\"name\":\"Liegest\u00fchle und Ruhe\",\"item\":\"https:\\\/\\\/keramamueblesdejardin.com\\\/de\\\/liegestuhle-und-ruhe\\\/\"},{\"@type\":\"ListItem\",\"position\":4,\"name\":\"Liegen\",\"item\":\"https:\\\/\\\/keramamueblesdejardin.com\\\/de\\\/liegestuhle-und-ruhe\\\/liegen\\\/\"},{\"@type\":\"ListItem\",\"position\":5,\"name\":\"Doppelliege aus wei\u00dfem Aluminium mit Kissen und R\u00e4dern &#8211; Cabrera\"}]},{\"@type\":\"WebSite\",\"@id\":\"https:\\\/\\\/keramamueblesdejardin.com\\\/de\\\/#website\",\"url\":\"https:\\\/\\\/keramamueblesdejardin.com\\\/de\\\/\",\"name\":\"Kerama\",\"description\":\"muebles de jard\u00edn\",\"publisher\":{\"@id\":\"https:\\\/\\\/keramamueblesdejardin.com\\\/de\\\/#organization\"},\"potentialAction\":[{\"@type\":\"SearchAction\",\"target\":{\"@type\":\"EntryPoint\",\"urlTemplate\":\"https:\\\/\\\/keramamueblesdejardin.com\\\/de\\\/?s={search_term_string}\"},\"query-input\":{\"@type\":\"PropertyValueSpecification\",\"valueRequired\":true,\"valueName\":\"search_term_string\"}}],\"inLanguage\":\"de\"},{\"@type\":\"Organization\",\"@id\":\"https:\\\/\\\/keramamueblesdejardin.com\\\/de\\\/#organization\",\"name\":\"kerama\",\"url\":\"https:\\\/\\\/keramamueblesdejardin.com\\\/de\\\/\",\"logo\":{\"@type\":\"ImageObject\",\"inLanguage\":\"de\",\"@id\":\"https:\\\/\\\/keramamueblesdejardin.com\\\/de\\\/#\\\/schema\\\/logo\\\/image\\\/\",\"url\":\"https:\\\/\\\/keramamueblesdejardin.com\\\/wp-content\\\/uploads\\\/2020\\\/12\\\/k.-scaled.jpg\",\"contentUrl\":\"https:\\\/\\\/keramamueblesdejardin.com\\\/wp-content\\\/uploads\\\/2020\\\/12\\\/k.-scaled.jpg\",\"width\":2560,\"height\":551,\"caption\":\"kerama\"},\"image\":{\"@id\":\"https:\\\/\\\/keramamueblesdejardin.com\\\/de\\\/#\\\/schema\\\/logo\\\/image\\\/\"},\"sameAs\":[\"https:\\\/\\\/www.facebook.com\\\/Kerama-Muebles-de-Jard\u00edn-106209328312568\\\/\"]}]}<\/script>\n<!-- \/ Yoast SEO plugin. -->","yoast_head_json":{"title":"Doppelliege aus wei\u00dfem Aluminium mit Kissen und R\u00e4dern - Cabrera - Kerama","robots":{"index":"index","follow":"follow","max-snippet":"max-snippet:-1","max-image-preview":"max-image-preview:large","max-video-preview":"max-video-preview:-1"},"canonical":"https:\/\/keramamueblesdejardin.com\/de\/liegestuhle-und-ruhe\/liegen\/weis-aluminium-doppelliege-mit-kissen-und-radern-cabrera\/","og_locale":"de_DE","og_type":"article","og_title":"Doppelliege aus wei\u00dfem Aluminium mit Kissen und R\u00e4dern - Cabrera - Kerama","og_description":"Doppel-Sonnenliege aus wei\u00dfem Aluminium mit R\u00e4dern  Abnehmbares und waschbares Kissen  Textilene-beschichteter Schaumstoff mit wasserabweisender Behandlung  Ma\u00dfe: 206x152x34cm","og_url":"https:\/\/keramamueblesdejardin.com\/de\/liegestuhle-und-ruhe\/liegen\/weis-aluminium-doppelliege-mit-kissen-und-radern-cabrera\/","og_site_name":"Kerama","article_publisher":"https:\/\/www.facebook.com\/Kerama-Muebles-de-Jard%c3%adn-106209328312568\/","article_modified_time":"2025-01-13T15:10:07+00:00","og_image":[{"width":1200,"height":1200,"url":"https:\/\/keramamueblesdejardin.com\/wp-content\/uploads\/2025\/01\/tumbona-doble-cabrera.jpg","type":"image\/jpeg"}],"twitter_card":"summary_large_image","twitter_misc":{"Gesch\u00e4tzte Lesezeit":"1\u00a0Minute"},"schema":{"@context":"https:\/\/schema.org","@graph":[{"@type":"WebPage","@id":"https:\/\/keramamueblesdejardin.com\/de\/liegestuhle-und-ruhe\/liegen\/weis-aluminium-doppelliege-mit-kissen-und-radern-cabrera\/","url":"https:\/\/keramamueblesdejardin.com\/de\/liegestuhle-und-ruhe\/liegen\/weis-aluminium-doppelliege-mit-kissen-und-radern-cabrera\/","name":"Doppelliege aus wei\u00dfem Aluminium mit Kissen und R\u00e4dern - Cabrera - Kerama","isPartOf":{"@id":"https:\/\/keramamueblesdejardin.com\/de\/#website"},"primaryImageOfPage":{"@id":"https:\/\/keramamueblesdejardin.com\/de\/liegestuhle-und-ruhe\/liegen\/weis-aluminium-doppelliege-mit-kissen-und-radern-cabrera\/#primaryimage"},"image":{"@id":"https:\/\/keramamueblesdejardin.com\/de\/liegestuhle-und-ruhe\/liegen\/weis-aluminium-doppelliege-mit-kissen-und-radern-cabrera\/#primaryimage"},"thumbnailUrl":"https:\/\/keramamueblesdejardin.com\/wp-content\/uploads\/2025\/01\/tumbona-doble-cabrera.jpg","datePublished":"2025-01-13T14:10:07+00:00","dateModified":"2025-01-13T15:10:07+00:00","breadcrumb":{"@id":"https:\/\/keramamueblesdejardin.com\/de\/liegestuhle-und-ruhe\/liegen\/weis-aluminium-doppelliege-mit-kissen-und-radern-cabrera\/#breadcrumb"},"inLanguage":"de","potentialAction":[{"@type":"ReadAction","target":["https:\/\/keramamueblesdejardin.com\/de\/liegestuhle-und-ruhe\/liegen\/weis-aluminium-doppelliege-mit-kissen-und-radern-cabrera\/"]}]},{"@type":"ImageObject","inLanguage":"de","@id":"https:\/\/keramamueblesdejardin.com\/de\/liegestuhle-und-ruhe\/liegen\/weis-aluminium-doppelliege-mit-kissen-und-radern-cabrera\/#primaryimage","url":"https:\/\/keramamueblesdejardin.com\/wp-content\/uploads\/2025\/01\/tumbona-doble-cabrera.jpg","contentUrl":"https:\/\/keramamueblesdejardin.com\/wp-content\/uploads\/2025\/01\/tumbona-doble-cabrera.jpg","width":1200,"height":1200},{"@type":"BreadcrumbList","@id":"https:\/\/keramamueblesdejardin.com\/de\/liegestuhle-und-ruhe\/liegen\/weis-aluminium-doppelliege-mit-kissen-und-radern-cabrera\/#breadcrumb","itemListElement":[{"@type":"ListItem","position":1,"name":"Home","item":"https:\/\/keramamueblesdejardin.com\/de\/"},{"@type":"ListItem","position":2,"name":"Laden","item":"https:\/\/keramamueblesdejardin.com\/de\/laden\/"},{"@type":"ListItem","position":3,"name":"Liegest\u00fchle und Ruhe","item":"https:\/\/keramamueblesdejardin.com\/de\/liegestuhle-und-ruhe\/"},{"@type":"ListItem","position":4,"name":"Liegen","item":"https:\/\/keramamueblesdejardin.com\/de\/liegestuhle-und-ruhe\/liegen\/"},{"@type":"ListItem","position":5,"name":"Doppelliege aus wei\u00dfem Aluminium mit Kissen und R\u00e4dern &#8211; Cabrera"}]},{"@type":"WebSite","@id":"https:\/\/keramamueblesdejardin.com\/de\/#website","url":"https:\/\/keramamueblesdejardin.com\/de\/","name":"Kerama","description":"muebles de jard\u00edn","publisher":{"@id":"https:\/\/keramamueblesdejardin.com\/de\/#organization"},"potentialAction":[{"@type":"SearchAction","target":{"@type":"EntryPoint","urlTemplate":"https:\/\/keramamueblesdejardin.com\/de\/?s={search_term_string}"},"query-input":{"@type":"PropertyValueSpecification","valueRequired":true,"valueName":"search_term_string"}}],"inLanguage":"de"},{"@type":"Organization","@id":"https:\/\/keramamueblesdejardin.com\/de\/#organization","name":"kerama","url":"https:\/\/keramamueblesdejardin.com\/de\/","logo":{"@type":"ImageObject","inLanguage":"de","@id":"https:\/\/keramamueblesdejardin.com\/de\/#\/schema\/logo\/image\/","url":"https:\/\/keramamueblesdejardin.com\/wp-content\/uploads\/2020\/12\/k.-scaled.jpg","contentUrl":"https:\/\/keramamueblesdejardin.com\/wp-content\/uploads\/2020\/12\/k.-scaled.jpg","width":2560,"height":551,"caption":"kerama"},"image":{"@id":"https:\/\/keramamueblesdejardin.com\/de\/#\/schema\/logo\/image\/"},"sameAs":["https:\/\/www.facebook.com\/Kerama-Muebles-de-Jard\u00edn-106209328312568\/"]}]}},"df_price":1089,"df_sale_price":1089,"df_regular_price":1359,"df_image_link":"https:\/\/keramamueblesdejardin.com\/wp-content\/uploads\/2025\/01\/tumbona-doble-cabrera-300x300.jpg","custom_tabs":[{"title":"MESSUNG","id":"messung","content":"<div class=\"list\">\n<div class=\"list\"><strong>H\u00f6he: <\/strong>34cm<\/div>\n<div class=\"list\"><strong>Breite: <\/strong>206cm<\/div>\n<div class=\"list\"><strong>Tiefe: <\/strong>152cm<\/div>\n<\/div>"},{"title":"AUSPACKEN UND MONTIEREN","id":"auspacken-und-montieren","content":"<div class=\"list\"><strong style=\"font-weight: bold; color: #282828;\">Empfehlungen zum Auspacken:<\/strong><span style=\"color: #282828;\"> Verwenden Sie beim Auspacken der M\u00f6bel keine scharfen Utensilien, da diese Sch\u00e4den verursachen k\u00f6nnten<\/span><br style=\"color: #282828;\"><strong style=\"font-weight: bold; color: #282828;\">Montage erforderlich (ja\/nein):<\/strong><span style=\"color: #282828;\"> Nein<\/span><\/div>"},{"title":"WARTUNG UND GARANTIEN","id":"wartung-und-garantien","content":"<div class=\"moz-signature\">\n<div class=\"list\"><strong>Allgemeine Empfehlungen:<\/strong> \u2022 Pannen oder Sch\u00e4den, die verursacht werden durch: \u2022 Zuf\u00e4llige Ursachen wie St\u00fcrze, Schl\u00e4ge, Versch\u00fctten von Fl\u00fcssigkeiten, Einbringen von Fremdk\u00f6rpern sowie andere h\u00f6here Gewalt sind von der Garantie ausgeschlossen. \u2022 Fahrl\u00e4ssiger, unsachgem\u00e4\u00dfer oder nicht h\u00e4uslicher Gebrauch. \u2022 Besch\u00e4digungen, Korrosion und\/oder Oxidation, die durch ung\u00fcnstige Umweltbedingungen beschleunigt werden \u2022 Flecken und Verf\u00e4rbungen aufgrund der Nichtbeachtung unserer Reinigungshinweise \u2022 Sch\u00e4den, die w\u00e4hrend der Montage und Handhabung auftreten, ohne die angegebenen Montageanweisungen befolgt zu haben. <strong>Gebrauchs- und Pflegehinweise:<\/strong> \u2022 Vorsichtig mit einem Tuch reinigen oder eine neutrale Fl\u00fcssigseife verwenden und mit viel Wasser absp\u00fclen. \u2022 Entfernen Sie Staub regelm\u00e4\u00dfig mit Hilfe eines weichen Tuchs und klarem Wasser. \u2022 Verwenden Sie zur Reinigung keine Reinigungsmittel oder Scheuermittel. <strong>Garantiejahre:<\/strong> 3 Jahre <strong>Hergestellt nach Norm:<\/strong> 581-1.581-2.581-3<\/div>\n<\/div>"}],"_links":{"self":[{"href":"https:\/\/keramamueblesdejardin.com\/de\/wp-json\/wp\/v2\/product\/175266","targetHints":{"allow":["GET"]}}],"collection":[{"href":"https:\/\/keramamueblesdejardin.com\/de\/wp-json\/wp\/v2\/product"}],"about":[{"href":"https:\/\/keramamueblesdejardin.com\/de\/wp-json\/wp\/v2\/types\/product"}],"replies":[{"embeddable":true,"href":"https:\/\/keramamueblesdejardin.com\/de\/wp-json\/wp\/v2\/comments?post=175266"}],"wp:featuredmedia":[{"embeddable":true,"href":"https:\/\/keramamueblesdejardin.com\/de\/wp-json\/wp\/v2\/media\/174964"}],"wp:attachment":[{"href":"https:\/\/keramamueblesdejardin.com\/de\/wp-json\/wp\/v2\/media?parent=175266"}],"wp:term":[{"taxonomy":"product_brand","embeddable":true,"href":"https:\/\/keramamueblesdejardin.com\/de\/wp-json\/wp\/v2\/product_brand?post=175266"},{"taxonomy":"product_cat","embeddable":true,"href":"https:\/\/keramamueblesdejardin.com\/de\/wp-json\/wp\/v2\/product_cat?post=175266"},{"taxonomy":"product_tag","embeddable":true,"href":"https:\/\/keramamueblesdejardin.com\/de\/wp-json\/wp\/v2\/product_tag?post=175266"}],"curies":[{"name":"wp","href":"https:\/\/api.w.org\/{rel}","templated":true}]}}