{"id":165856,"date":"2024-05-23T17:05:05","date_gmt":"2024-05-23T15:05:05","guid":{"rendered":"https:\/\/keramamueblesdejardin.com\/unkategorisiert\/graues-gartensofa-aus-synthetischem-rattan-3-sitze-simbabwe\/"},"modified":"2024-10-04T12:19:07","modified_gmt":"2024-10-04T10:19:07","slug":"3-sitzer-sofa-gartenrattan-synthetik-grau-simbabwe","status":"publish","type":"product","link":"https:\/\/keramamueblesdejardin.com\/de\/lounges-im-freien\/gartensofas\/3-sitzer-sofa-gartenrattan-synthetik-grau-simbabwe\/","title":{"rendered":"Graues Gartensofa aus synthetischem Rattan 3 Sitze &#8211; Simbabwe"},"content":{"rendered":"<p>3-Sitzer-Gartensofa in grauer Farbe aus der Simbabwe-Kollektion. Die St\u00fccke der Simbabwe-Kollektion werden mit einer epoxidlackierten Aluminiumstruktur hergestellt, um ihre Haltbarkeit zu erh\u00f6hen, diese Struktur ist in ein Handgeflecht aus dickem synthetischem Rattan in Grau gewickelt. Die Kissen der Simbabwe-Kollektion sind grau und wasserabweisend behandelt sowie abnehmbar und waschbar.<br \/>\nDie Simbabwe-Kollektion muss nicht zusammengebaut werden, muss also nur ausgepackt und genossen werden.<br \/>\nMa\u00dfe: 250x92x64 cm<\/p>\n","protected":false},"excerpt":{"rendered":"<ul>\n<li>3-Sitzer-Sofa aus synthetischem Rattan grau<\/li>\n<li>Aluminiumstruktur ohne Montage<\/li>\n<li>Abnehmbare und waschbare Kissen in Beige<\/li>\n<li>Ma\u00dfe: 250x92x64cm<\/li>\n<\/ul>\n","protected":false},"featured_media":160373,"comment_status":"closed","ping_status":"closed","template":"","meta":{"_acf_changed":false},"product_brand":[],"product_cat":[3371,3234],"product_tag":[3264,3753,6042],"class_list":{"0":"post-165856","1":"product","2":"type-product","3":"status-publish","4":"has-post-thumbnail","6":"product_cat-gartensofas","7":"product_cat-lounges-im-freien","8":"product_tag-holz","9":"product_tag-seil","10":"product_tag-zimbabwe-de","11":"product_shipping_class-envio-gratuito-de","12":"pa_alto-64-de","13":"pa_ancho-92-de","14":"pa_asientos-3-de","15":"pa_caracteristicas-waschbare-bezuge","16":"pa_caracteristicas-wasserabweisend","17":"pa_coleccion-zimbabwe-de","18":"pa_largo-250-de","19":"pa_m2-23-de","20":"pa_material-rattan-de","22":"first","23":"instock","24":"sale","25":"purchasable","26":"product-type-simple","27":"add-to-wishlist-before_image"},"acf":[],"yoast_head":"<!-- This site is optimized with the Yoast SEO plugin v27.4 - https:\/\/yoast.com\/product\/yoast-seo-wordpress\/ -->\n<title>Graues Gartensofa aus synthetischem Rattan 3 Sitze - Simbabwe - Kerama<\/title>\n<meta name=\"robots\" content=\"index, follow, max-snippet:-1, max-image-preview:large, max-video-preview:-1\" \/>\n<link rel=\"canonical\" href=\"https:\/\/keramamueblesdejardin.com\/de\/lounges-im-freien\/gartensofas\/3-sitzer-sofa-gartenrattan-synthetik-grau-simbabwe\/\" \/>\n<meta property=\"og:locale\" content=\"de_DE\" \/>\n<meta property=\"og:type\" content=\"article\" \/>\n<meta property=\"og:title\" content=\"Graues Gartensofa aus synthetischem Rattan 3 Sitze - Simbabwe - Kerama\" \/>\n<meta property=\"og:description\" content=\"3-Sitzer-Sofa aus synthetischem Rattan grau  Aluminiumstruktur ohne Montage  Abnehmbare und waschbare Kissen in Beige  Ma\u00dfe: 250x92x64cm\" \/>\n<meta property=\"og:url\" content=\"https:\/\/keramamueblesdejardin.com\/de\/lounges-im-freien\/gartensofas\/3-sitzer-sofa-gartenrattan-synthetik-grau-simbabwe\/\" \/>\n<meta property=\"og:site_name\" content=\"Kerama\" \/>\n<meta property=\"article:publisher\" content=\"https:\/\/www.facebook.com\/Kerama-Muebles-de-Jard%c3%adn-106209328312568\/\" \/>\n<meta property=\"article:modified_time\" content=\"2024-10-04T10:19:07+00:00\" \/>\n<meta property=\"og:image\" content=\"https:\/\/keramamueblesdejardin.com\/wp-content\/uploads\/2024\/05\/Pro-Capture-One-1854-e1723116884593.jpg\" \/>\n\t<meta property=\"og:image:width\" content=\"1200\" \/>\n\t<meta property=\"og:image:height\" content=\"1200\" \/>\n\t<meta property=\"og:image:type\" content=\"image\/jpeg\" \/>\n<meta name=\"twitter:card\" content=\"summary_large_image\" \/>\n<script type=\"application\/ld+json\" class=\"yoast-schema-graph\">{\"@context\":\"https:\\\/\\\/schema.org\",\"@graph\":[{\"@type\":\"WebPage\",\"@id\":\"https:\\\/\\\/keramamueblesdejardin.com\\\/de\\\/lounges-im-freien\\\/gartensofas\\\/3-sitzer-sofa-gartenrattan-synthetik-grau-simbabwe\\\/\",\"url\":\"https:\\\/\\\/keramamueblesdejardin.com\\\/de\\\/lounges-im-freien\\\/gartensofas\\\/3-sitzer-sofa-gartenrattan-synthetik-grau-simbabwe\\\/\",\"name\":\"Graues Gartensofa aus synthetischem Rattan 3 Sitze - Simbabwe - Kerama\",\"isPartOf\":{\"@id\":\"https:\\\/\\\/keramamueblesdejardin.com\\\/de\\\/#website\"},\"primaryImageOfPage\":{\"@id\":\"https:\\\/\\\/keramamueblesdejardin.com\\\/de\\\/lounges-im-freien\\\/gartensofas\\\/3-sitzer-sofa-gartenrattan-synthetik-grau-simbabwe\\\/#primaryimage\"},\"image\":{\"@id\":\"https:\\\/\\\/keramamueblesdejardin.com\\\/de\\\/lounges-im-freien\\\/gartensofas\\\/3-sitzer-sofa-gartenrattan-synthetik-grau-simbabwe\\\/#primaryimage\"},\"thumbnailUrl\":\"https:\\\/\\\/keramamueblesdejardin.com\\\/wp-content\\\/uploads\\\/2024\\\/05\\\/Pro-Capture-One-1854-e1723116884593.jpg\",\"datePublished\":\"2024-05-23T15:05:05+00:00\",\"dateModified\":\"2024-10-04T10:19:07+00:00\",\"breadcrumb\":{\"@id\":\"https:\\\/\\\/keramamueblesdejardin.com\\\/de\\\/lounges-im-freien\\\/gartensofas\\\/3-sitzer-sofa-gartenrattan-synthetik-grau-simbabwe\\\/#breadcrumb\"},\"inLanguage\":\"de\",\"potentialAction\":[{\"@type\":\"ReadAction\",\"target\":[\"https:\\\/\\\/keramamueblesdejardin.com\\\/de\\\/lounges-im-freien\\\/gartensofas\\\/3-sitzer-sofa-gartenrattan-synthetik-grau-simbabwe\\\/\"]}]},{\"@type\":\"ImageObject\",\"inLanguage\":\"de\",\"@id\":\"https:\\\/\\\/keramamueblesdejardin.com\\\/de\\\/lounges-im-freien\\\/gartensofas\\\/3-sitzer-sofa-gartenrattan-synthetik-grau-simbabwe\\\/#primaryimage\",\"url\":\"https:\\\/\\\/keramamueblesdejardin.com\\\/wp-content\\\/uploads\\\/2024\\\/05\\\/Pro-Capture-One-1854-e1723116884593.jpg\",\"contentUrl\":\"https:\\\/\\\/keramamueblesdejardin.com\\\/wp-content\\\/uploads\\\/2024\\\/05\\\/Pro-Capture-One-1854-e1723116884593.jpg\",\"width\":1200,\"height\":1200,\"caption\":\"Simbabwe 3-Sitzer Gartensofa\"},{\"@type\":\"BreadcrumbList\",\"@id\":\"https:\\\/\\\/keramamueblesdejardin.com\\\/de\\\/lounges-im-freien\\\/gartensofas\\\/3-sitzer-sofa-gartenrattan-synthetik-grau-simbabwe\\\/#breadcrumb\",\"itemListElement\":[{\"@type\":\"ListItem\",\"position\":1,\"name\":\"Home\",\"item\":\"https:\\\/\\\/keramamueblesdejardin.com\\\/de\\\/\"},{\"@type\":\"ListItem\",\"position\":2,\"name\":\"Laden\",\"item\":\"https:\\\/\\\/keramamueblesdejardin.com\\\/de\\\/laden\\\/\"},{\"@type\":\"ListItem\",\"position\":3,\"name\":\"Lounges im Freien\",\"item\":\"https:\\\/\\\/keramamueblesdejardin.com\\\/de\\\/lounges-im-freien\\\/\"},{\"@type\":\"ListItem\",\"position\":4,\"name\":\"Gartensofas\",\"item\":\"https:\\\/\\\/keramamueblesdejardin.com\\\/de\\\/lounges-im-freien\\\/gartensofas\\\/\"},{\"@type\":\"ListItem\",\"position\":5,\"name\":\"Graues Gartensofa aus synthetischem Rattan 3 Sitze &#8211; Simbabwe\"}]},{\"@type\":\"WebSite\",\"@id\":\"https:\\\/\\\/keramamueblesdejardin.com\\\/de\\\/#website\",\"url\":\"https:\\\/\\\/keramamueblesdejardin.com\\\/de\\\/\",\"name\":\"Kerama\",\"description\":\"muebles de jard\u00edn\",\"publisher\":{\"@id\":\"https:\\\/\\\/keramamueblesdejardin.com\\\/de\\\/#organization\"},\"potentialAction\":[{\"@type\":\"SearchAction\",\"target\":{\"@type\":\"EntryPoint\",\"urlTemplate\":\"https:\\\/\\\/keramamueblesdejardin.com\\\/de\\\/?s={search_term_string}\"},\"query-input\":{\"@type\":\"PropertyValueSpecification\",\"valueRequired\":true,\"valueName\":\"search_term_string\"}}],\"inLanguage\":\"de\"},{\"@type\":\"Organization\",\"@id\":\"https:\\\/\\\/keramamueblesdejardin.com\\\/de\\\/#organization\",\"name\":\"kerama\",\"url\":\"https:\\\/\\\/keramamueblesdejardin.com\\\/de\\\/\",\"logo\":{\"@type\":\"ImageObject\",\"inLanguage\":\"de\",\"@id\":\"https:\\\/\\\/keramamueblesdejardin.com\\\/de\\\/#\\\/schema\\\/logo\\\/image\\\/\",\"url\":\"https:\\\/\\\/keramamueblesdejardin.com\\\/wp-content\\\/uploads\\\/2020\\\/12\\\/k.-scaled.jpg\",\"contentUrl\":\"https:\\\/\\\/keramamueblesdejardin.com\\\/wp-content\\\/uploads\\\/2020\\\/12\\\/k.-scaled.jpg\",\"width\":2560,\"height\":551,\"caption\":\"kerama\"},\"image\":{\"@id\":\"https:\\\/\\\/keramamueblesdejardin.com\\\/de\\\/#\\\/schema\\\/logo\\\/image\\\/\"},\"sameAs\":[\"https:\\\/\\\/www.facebook.com\\\/Kerama-Muebles-de-Jard\u00edn-106209328312568\\\/\"]}]}<\/script>\n<!-- \/ Yoast SEO plugin. -->","yoast_head_json":{"title":"Graues Gartensofa aus synthetischem Rattan 3 Sitze - Simbabwe - Kerama","robots":{"index":"index","follow":"follow","max-snippet":"max-snippet:-1","max-image-preview":"max-image-preview:large","max-video-preview":"max-video-preview:-1"},"canonical":"https:\/\/keramamueblesdejardin.com\/de\/lounges-im-freien\/gartensofas\/3-sitzer-sofa-gartenrattan-synthetik-grau-simbabwe\/","og_locale":"de_DE","og_type":"article","og_title":"Graues Gartensofa aus synthetischem Rattan 3 Sitze - Simbabwe - Kerama","og_description":"3-Sitzer-Sofa aus synthetischem Rattan grau  Aluminiumstruktur ohne Montage  Abnehmbare und waschbare Kissen in Beige  Ma\u00dfe: 250x92x64cm","og_url":"https:\/\/keramamueblesdejardin.com\/de\/lounges-im-freien\/gartensofas\/3-sitzer-sofa-gartenrattan-synthetik-grau-simbabwe\/","og_site_name":"Kerama","article_publisher":"https:\/\/www.facebook.com\/Kerama-Muebles-de-Jard%c3%adn-106209328312568\/","article_modified_time":"2024-10-04T10:19:07+00:00","og_image":[{"width":1200,"height":1200,"url":"https:\/\/keramamueblesdejardin.com\/wp-content\/uploads\/2024\/05\/Pro-Capture-One-1854-e1723116884593.jpg","type":"image\/jpeg"}],"twitter_card":"summary_large_image","schema":{"@context":"https:\/\/schema.org","@graph":[{"@type":"WebPage","@id":"https:\/\/keramamueblesdejardin.com\/de\/lounges-im-freien\/gartensofas\/3-sitzer-sofa-gartenrattan-synthetik-grau-simbabwe\/","url":"https:\/\/keramamueblesdejardin.com\/de\/lounges-im-freien\/gartensofas\/3-sitzer-sofa-gartenrattan-synthetik-grau-simbabwe\/","name":"Graues Gartensofa aus synthetischem Rattan 3 Sitze - Simbabwe - Kerama","isPartOf":{"@id":"https:\/\/keramamueblesdejardin.com\/de\/#website"},"primaryImageOfPage":{"@id":"https:\/\/keramamueblesdejardin.com\/de\/lounges-im-freien\/gartensofas\/3-sitzer-sofa-gartenrattan-synthetik-grau-simbabwe\/#primaryimage"},"image":{"@id":"https:\/\/keramamueblesdejardin.com\/de\/lounges-im-freien\/gartensofas\/3-sitzer-sofa-gartenrattan-synthetik-grau-simbabwe\/#primaryimage"},"thumbnailUrl":"https:\/\/keramamueblesdejardin.com\/wp-content\/uploads\/2024\/05\/Pro-Capture-One-1854-e1723116884593.jpg","datePublished":"2024-05-23T15:05:05+00:00","dateModified":"2024-10-04T10:19:07+00:00","breadcrumb":{"@id":"https:\/\/keramamueblesdejardin.com\/de\/lounges-im-freien\/gartensofas\/3-sitzer-sofa-gartenrattan-synthetik-grau-simbabwe\/#breadcrumb"},"inLanguage":"de","potentialAction":[{"@type":"ReadAction","target":["https:\/\/keramamueblesdejardin.com\/de\/lounges-im-freien\/gartensofas\/3-sitzer-sofa-gartenrattan-synthetik-grau-simbabwe\/"]}]},{"@type":"ImageObject","inLanguage":"de","@id":"https:\/\/keramamueblesdejardin.com\/de\/lounges-im-freien\/gartensofas\/3-sitzer-sofa-gartenrattan-synthetik-grau-simbabwe\/#primaryimage","url":"https:\/\/keramamueblesdejardin.com\/wp-content\/uploads\/2024\/05\/Pro-Capture-One-1854-e1723116884593.jpg","contentUrl":"https:\/\/keramamueblesdejardin.com\/wp-content\/uploads\/2024\/05\/Pro-Capture-One-1854-e1723116884593.jpg","width":1200,"height":1200,"caption":"Simbabwe 3-Sitzer Gartensofa"},{"@type":"BreadcrumbList","@id":"https:\/\/keramamueblesdejardin.com\/de\/lounges-im-freien\/gartensofas\/3-sitzer-sofa-gartenrattan-synthetik-grau-simbabwe\/#breadcrumb","itemListElement":[{"@type":"ListItem","position":1,"name":"Home","item":"https:\/\/keramamueblesdejardin.com\/de\/"},{"@type":"ListItem","position":2,"name":"Laden","item":"https:\/\/keramamueblesdejardin.com\/de\/laden\/"},{"@type":"ListItem","position":3,"name":"Lounges im Freien","item":"https:\/\/keramamueblesdejardin.com\/de\/lounges-im-freien\/"},{"@type":"ListItem","position":4,"name":"Gartensofas","item":"https:\/\/keramamueblesdejardin.com\/de\/lounges-im-freien\/gartensofas\/"},{"@type":"ListItem","position":5,"name":"Graues Gartensofa aus synthetischem Rattan 3 Sitze &#8211; Simbabwe"}]},{"@type":"WebSite","@id":"https:\/\/keramamueblesdejardin.com\/de\/#website","url":"https:\/\/keramamueblesdejardin.com\/de\/","name":"Kerama","description":"muebles de jard\u00edn","publisher":{"@id":"https:\/\/keramamueblesdejardin.com\/de\/#organization"},"potentialAction":[{"@type":"SearchAction","target":{"@type":"EntryPoint","urlTemplate":"https:\/\/keramamueblesdejardin.com\/de\/?s={search_term_string}"},"query-input":{"@type":"PropertyValueSpecification","valueRequired":true,"valueName":"search_term_string"}}],"inLanguage":"de"},{"@type":"Organization","@id":"https:\/\/keramamueblesdejardin.com\/de\/#organization","name":"kerama","url":"https:\/\/keramamueblesdejardin.com\/de\/","logo":{"@type":"ImageObject","inLanguage":"de","@id":"https:\/\/keramamueblesdejardin.com\/de\/#\/schema\/logo\/image\/","url":"https:\/\/keramamueblesdejardin.com\/wp-content\/uploads\/2020\/12\/k.-scaled.jpg","contentUrl":"https:\/\/keramamueblesdejardin.com\/wp-content\/uploads\/2020\/12\/k.-scaled.jpg","width":2560,"height":551,"caption":"kerama"},"image":{"@id":"https:\/\/keramamueblesdejardin.com\/de\/#\/schema\/logo\/image\/"},"sameAs":["https:\/\/www.facebook.com\/Kerama-Muebles-de-Jard\u00edn-106209328312568\/"]}]}},"df_price":1359,"df_sale_price":1359,"df_regular_price":1619,"df_image_link":"https:\/\/keramamueblesdejardin.com\/wp-content\/uploads\/2024\/05\/Pro-Capture-One-1854-300x300.jpg","custom_tabs":[{"title":"MESSUNG","id":"messung","content":"<div class=\"list\">\n<div class=\"list\"><strong>Hoch: <\/strong>Sofa 3: 64cm<\/div>\n<div class=\"list\"><strong>Breit: <\/strong>Sofa 3: 250cm<\/div>\n<div class=\"list\"><strong>Unteres: <\/strong>Sofa 3: 92cm<\/div>\n<\/div>"},{"title":"AUSPACKEN UND MONTIEREN","id":"auspacken-und-montieren","content":"<div class=\"list\"><strong style=\"font-weight: bold; color: #282828;\">Empfehlungen zum<\/strong> Auspacken: <span style=\"color: #282828;\"> Verwenden Sie beim Auspacken der M\u00f6bel keine scharfen Utensilien, da dies zu Besch\u00e4digungen f\u00fchren kann<\/span><br style=\"color: #282828;\"><strong style=\"font-weight: bold; color: #282828;\">Montage erforderlich (ja\/nein):<\/strong><span style=\"color: #282828;\"> Nein<\/span><\/div>"},{"title":"WARTUNG UND GARANTIEN","id":"wartung-und-garantien","content":"<div class=\"moz-signature\">\n<div class=\"list\"><strong>Allgemeine Empfehlungen:<\/strong>\n\u2022 Pannen oder Sch\u00e4den, die verursacht werden durch:\n\u2022 Zuf\u00e4llige Ursachen wie St\u00fcrze, Schl\u00e4ge, Versch\u00fctten von Fl\u00fcssigkeiten, Einschleppen von Fremdk\u00f6rpern sowie andere h\u00f6here Gewalt.\n\u2022 Fahrl\u00e4ssiger, unsachgem\u00e4\u00dfer oder nicht h\u00e4uslicher Gebrauch.\n\u2022 Besch\u00e4digung, Korrosion und\/oder Oxidation beschleunigt durch widrige Umweltbedingungen\n\u2022 Flecken und Verf\u00e4rbungen durch Nichtbeachtung unserer Reinigungsanweisungen\n\u2022 Sch\u00e4den, die w\u00e4hrend der Montage und Handhabung auftreten, ohne die angegebenen Montageanweisungen befolgt zu haben.\n<strong>Gebrauchs- und Wartungshinweise:<\/strong>\n\u2022 Reinigen Sie mit Hilfe eines Tuchs vorsichtig oder verwenden Sie eine neutrale Fl\u00fcssigseife und sp\u00fclen Sie sie mit viel Wasser ab.\n\u2022 Entfernen Sie Staub regelm\u00e4\u00dfig mit Hilfe eines weichen Tuchs und klarem Wasser.\n\u2022 Verwenden Sie zum Reinigen keine Reinigungsmittel oder Scheuermittel.\nJahre <strong>Garantie: 3 Jahre<\/strong>\n<strong>Hergestellt nach Norm:<\/strong> 581-1.581-2.581-3<\/div>\n<\/div>"}],"_links":{"self":[{"href":"https:\/\/keramamueblesdejardin.com\/de\/wp-json\/wp\/v2\/product\/165856","targetHints":{"allow":["GET"]}}],"collection":[{"href":"https:\/\/keramamueblesdejardin.com\/de\/wp-json\/wp\/v2\/product"}],"about":[{"href":"https:\/\/keramamueblesdejardin.com\/de\/wp-json\/wp\/v2\/types\/product"}],"replies":[{"embeddable":true,"href":"https:\/\/keramamueblesdejardin.com\/de\/wp-json\/wp\/v2\/comments?post=165856"}],"wp:featuredmedia":[{"embeddable":true,"href":"https:\/\/keramamueblesdejardin.com\/de\/wp-json\/wp\/v2\/media\/160373"}],"wp:attachment":[{"href":"https:\/\/keramamueblesdejardin.com\/de\/wp-json\/wp\/v2\/media?parent=165856"}],"wp:term":[{"taxonomy":"product_brand","embeddable":true,"href":"https:\/\/keramamueblesdejardin.com\/de\/wp-json\/wp\/v2\/product_brand?post=165856"},{"taxonomy":"product_cat","embeddable":true,"href":"https:\/\/keramamueblesdejardin.com\/de\/wp-json\/wp\/v2\/product_cat?post=165856"},{"taxonomy":"product_tag","embeddable":true,"href":"https:\/\/keramamueblesdejardin.com\/de\/wp-json\/wp\/v2\/product_tag?post=165856"}],"curies":[{"name":"wp","href":"https:\/\/api.w.org\/{rel}","templated":true}]}}