{"id":153070,"date":"2024-04-02T16:04:45","date_gmt":"2024-04-02T14:04:45","guid":{"rendered":"https:\/\/keramamueblesdejardin.com\/unkategorisiert\/3-sitzer-gartensofa-grau-seil-bergamo\/"},"modified":"2025-01-02T13:12:35","modified_gmt":"2025-01-02T12:12:35","slug":"3-sitzer-seil-sofa-garten-bergamo-grau","status":"publish","type":"product","link":"https:\/\/keramamueblesdejardin.com\/de\/lounges-im-freien\/gartensofas\/3-sitzer-seil-sofa-garten-bergamo-grau\/","title":{"rendered":"3-Sitzer Gartensofa grau Seil &#8211; Bergamo"},"content":{"rendered":"<p>3-Sitzer-Sofa mit Aluminiumrahmen, grauem Seil und extra dicken ecrufarbenen Kissen mit abnehmbaren Bez\u00fcgen. Die Korfu-Kollektion zeichnet sich durch organische Linien ohne Kanten und leichte Kurven aus, begleitet von Seilen, die von unseren Kunsthandwerkern von Hand geflochten werden. Die extra dicken Kissen bieten erstklassigen Komfort, um Ihre Tage im Freien mit Ihren Lieben zu genie\u00dfen. Ma\u00dfe: 213x83x69cm<\/p>\n","protected":false},"excerpt":{"rendered":"<ul>\n<li>3-Sitzer-Sofa aus Aluminium und grauem Seil<\/li>\n<li>Extra auff\u00e4llige beigefarbene Polyesterkissen<\/li>\n<li>Abnehmbare und waschbare Kissen<\/li>\n<li>Ma\u00dfe: 213x83x69cm<\/li>\n<\/ul>\n","protected":false},"featured_media":151252,"comment_status":"closed","ping_status":"closed","template":"","meta":{"_acf_changed":false},"product_brand":[],"product_cat":[3371,3234],"product_tag":[3376,5142,3242,3753],"class_list":{"0":"post-153070","1":"product","2":"type-product","3":"status-publish","4":"has-post-thumbnail","6":"product_cat-gartensofas","7":"product_cat-lounges-im-freien","8":"product_tag-aluminium-de","9":"product_tag-bergamo-de","10":"product_tag-grose-raume","11":"product_tag-seil","12":"product_shipping_class-envio-gratuito-de","13":"pa_alto-69-de","14":"pa_ancho-83-de","15":"pa_asientos-3-de","16":"pa_coleccion-bergamo-de","17":"pa_largo-213-de","18":"pa_material-aluminium","19":"pa_material-seil","20":"pa_tamano-espacio-gros","22":"first","23":"instock","24":"sale","25":"purchasable","26":"product-type-simple","27":"add-to-wishlist-before_image"},"acf":[],"yoast_head":"<!-- This site is optimized with the Yoast SEO plugin v27.4 - https:\/\/yoast.com\/product\/yoast-seo-wordpress\/ -->\n<title>3-Sitzer Gartensofa grau Seil - Bergamo - Kerama<\/title>\n<meta name=\"robots\" content=\"index, follow, max-snippet:-1, max-image-preview:large, max-video-preview:-1\" \/>\n<link rel=\"canonical\" href=\"https:\/\/keramamueblesdejardin.com\/de\/lounges-im-freien\/gartensofas\/3-sitzer-seil-sofa-garten-bergamo-grau\/\" \/>\n<meta property=\"og:locale\" content=\"de_DE\" \/>\n<meta property=\"og:type\" content=\"article\" \/>\n<meta property=\"og:title\" content=\"3-Sitzer Gartensofa grau Seil - Bergamo - Kerama\" \/>\n<meta property=\"og:description\" content=\"3-Sitzer-Sofa aus Aluminium und grauem Seil  Extra auff\u00e4llige beigefarbene Polyesterkissen  Abnehmbare und waschbare Kissen  Ma\u00dfe: 213x83x69cm\" \/>\n<meta property=\"og:url\" content=\"https:\/\/keramamueblesdejardin.com\/de\/lounges-im-freien\/gartensofas\/3-sitzer-seil-sofa-garten-bergamo-grau\/\" \/>\n<meta property=\"og:site_name\" content=\"Kerama\" \/>\n<meta property=\"article:publisher\" content=\"https:\/\/www.facebook.com\/Kerama-Muebles-de-Jard%c3%adn-106209328312568\/\" \/>\n<meta property=\"article:modified_time\" content=\"2025-01-02T12:12:35+00:00\" \/>\n<meta property=\"og:image\" content=\"https:\/\/keramamueblesdejardin.com\/wp-content\/uploads\/2024\/04\/corfu-sofa-3-plazas.jpg\" \/>\n\t<meta property=\"og:image:width\" content=\"1200\" \/>\n\t<meta property=\"og:image:height\" content=\"1200\" \/>\n\t<meta property=\"og:image:type\" content=\"image\/jpeg\" \/>\n<meta name=\"twitter:card\" content=\"summary_large_image\" \/>\n<script type=\"application\/ld+json\" class=\"yoast-schema-graph\">{\"@context\":\"https:\\\/\\\/schema.org\",\"@graph\":[{\"@type\":\"WebPage\",\"@id\":\"https:\\\/\\\/keramamueblesdejardin.com\\\/de\\\/lounges-im-freien\\\/gartensofas\\\/3-sitzer-seil-sofa-garten-bergamo-grau\\\/\",\"url\":\"https:\\\/\\\/keramamueblesdejardin.com\\\/de\\\/lounges-im-freien\\\/gartensofas\\\/3-sitzer-seil-sofa-garten-bergamo-grau\\\/\",\"name\":\"3-Sitzer Gartensofa grau Seil - Bergamo - Kerama\",\"isPartOf\":{\"@id\":\"https:\\\/\\\/keramamueblesdejardin.com\\\/de\\\/#website\"},\"primaryImageOfPage\":{\"@id\":\"https:\\\/\\\/keramamueblesdejardin.com\\\/de\\\/lounges-im-freien\\\/gartensofas\\\/3-sitzer-seil-sofa-garten-bergamo-grau\\\/#primaryimage\"},\"image\":{\"@id\":\"https:\\\/\\\/keramamueblesdejardin.com\\\/de\\\/lounges-im-freien\\\/gartensofas\\\/3-sitzer-seil-sofa-garten-bergamo-grau\\\/#primaryimage\"},\"thumbnailUrl\":\"https:\\\/\\\/keramamueblesdejardin.com\\\/wp-content\\\/uploads\\\/2024\\\/04\\\/corfu-sofa-3-plazas.jpg\",\"datePublished\":\"2024-04-02T14:04:45+00:00\",\"dateModified\":\"2025-01-02T12:12:35+00:00\",\"breadcrumb\":{\"@id\":\"https:\\\/\\\/keramamueblesdejardin.com\\\/de\\\/lounges-im-freien\\\/gartensofas\\\/3-sitzer-seil-sofa-garten-bergamo-grau\\\/#breadcrumb\"},\"inLanguage\":\"de\",\"potentialAction\":[{\"@type\":\"ReadAction\",\"target\":[\"https:\\\/\\\/keramamueblesdejardin.com\\\/de\\\/lounges-im-freien\\\/gartensofas\\\/3-sitzer-seil-sofa-garten-bergamo-grau\\\/\"]}]},{\"@type\":\"ImageObject\",\"inLanguage\":\"de\",\"@id\":\"https:\\\/\\\/keramamueblesdejardin.com\\\/de\\\/lounges-im-freien\\\/gartensofas\\\/3-sitzer-seil-sofa-garten-bergamo-grau\\\/#primaryimage\",\"url\":\"https:\\\/\\\/keramamueblesdejardin.com\\\/wp-content\\\/uploads\\\/2024\\\/04\\\/corfu-sofa-3-plazas.jpg\",\"contentUrl\":\"https:\\\/\\\/keramamueblesdejardin.com\\\/wp-content\\\/uploads\\\/2024\\\/04\\\/corfu-sofa-3-plazas.jpg\",\"width\":1200,\"height\":1200},{\"@type\":\"BreadcrumbList\",\"@id\":\"https:\\\/\\\/keramamueblesdejardin.com\\\/de\\\/lounges-im-freien\\\/gartensofas\\\/3-sitzer-seil-sofa-garten-bergamo-grau\\\/#breadcrumb\",\"itemListElement\":[{\"@type\":\"ListItem\",\"position\":1,\"name\":\"Home\",\"item\":\"https:\\\/\\\/keramamueblesdejardin.com\\\/de\\\/\"},{\"@type\":\"ListItem\",\"position\":2,\"name\":\"Laden\",\"item\":\"https:\\\/\\\/keramamueblesdejardin.com\\\/de\\\/laden\\\/\"},{\"@type\":\"ListItem\",\"position\":3,\"name\":\"Lounges im Freien\",\"item\":\"https:\\\/\\\/keramamueblesdejardin.com\\\/de\\\/lounges-im-freien\\\/\"},{\"@type\":\"ListItem\",\"position\":4,\"name\":\"Gartensofas\",\"item\":\"https:\\\/\\\/keramamueblesdejardin.com\\\/de\\\/lounges-im-freien\\\/gartensofas\\\/\"},{\"@type\":\"ListItem\",\"position\":5,\"name\":\"3-Sitzer Gartensofa grau Seil &#8211; Bergamo\"}]},{\"@type\":\"WebSite\",\"@id\":\"https:\\\/\\\/keramamueblesdejardin.com\\\/de\\\/#website\",\"url\":\"https:\\\/\\\/keramamueblesdejardin.com\\\/de\\\/\",\"name\":\"Kerama\",\"description\":\"muebles de jard\u00edn\",\"publisher\":{\"@id\":\"https:\\\/\\\/keramamueblesdejardin.com\\\/de\\\/#organization\"},\"potentialAction\":[{\"@type\":\"SearchAction\",\"target\":{\"@type\":\"EntryPoint\",\"urlTemplate\":\"https:\\\/\\\/keramamueblesdejardin.com\\\/de\\\/?s={search_term_string}\"},\"query-input\":{\"@type\":\"PropertyValueSpecification\",\"valueRequired\":true,\"valueName\":\"search_term_string\"}}],\"inLanguage\":\"de\"},{\"@type\":\"Organization\",\"@id\":\"https:\\\/\\\/keramamueblesdejardin.com\\\/de\\\/#organization\",\"name\":\"kerama\",\"url\":\"https:\\\/\\\/keramamueblesdejardin.com\\\/de\\\/\",\"logo\":{\"@type\":\"ImageObject\",\"inLanguage\":\"de\",\"@id\":\"https:\\\/\\\/keramamueblesdejardin.com\\\/de\\\/#\\\/schema\\\/logo\\\/image\\\/\",\"url\":\"https:\\\/\\\/keramamueblesdejardin.com\\\/wp-content\\\/uploads\\\/2020\\\/12\\\/k.-scaled.jpg\",\"contentUrl\":\"https:\\\/\\\/keramamueblesdejardin.com\\\/wp-content\\\/uploads\\\/2020\\\/12\\\/k.-scaled.jpg\",\"width\":2560,\"height\":551,\"caption\":\"kerama\"},\"image\":{\"@id\":\"https:\\\/\\\/keramamueblesdejardin.com\\\/de\\\/#\\\/schema\\\/logo\\\/image\\\/\"},\"sameAs\":[\"https:\\\/\\\/www.facebook.com\\\/Kerama-Muebles-de-Jard\u00edn-106209328312568\\\/\"]}]}<\/script>\n<!-- \/ Yoast SEO plugin. -->","yoast_head_json":{"title":"3-Sitzer Gartensofa grau Seil - Bergamo - Kerama","robots":{"index":"index","follow":"follow","max-snippet":"max-snippet:-1","max-image-preview":"max-image-preview:large","max-video-preview":"max-video-preview:-1"},"canonical":"https:\/\/keramamueblesdejardin.com\/de\/lounges-im-freien\/gartensofas\/3-sitzer-seil-sofa-garten-bergamo-grau\/","og_locale":"de_DE","og_type":"article","og_title":"3-Sitzer Gartensofa grau Seil - Bergamo - Kerama","og_description":"3-Sitzer-Sofa aus Aluminium und grauem Seil  Extra auff\u00e4llige beigefarbene Polyesterkissen  Abnehmbare und waschbare Kissen  Ma\u00dfe: 213x83x69cm","og_url":"https:\/\/keramamueblesdejardin.com\/de\/lounges-im-freien\/gartensofas\/3-sitzer-seil-sofa-garten-bergamo-grau\/","og_site_name":"Kerama","article_publisher":"https:\/\/www.facebook.com\/Kerama-Muebles-de-Jard%c3%adn-106209328312568\/","article_modified_time":"2025-01-02T12:12:35+00:00","og_image":[{"width":1200,"height":1200,"url":"https:\/\/keramamueblesdejardin.com\/wp-content\/uploads\/2024\/04\/corfu-sofa-3-plazas.jpg","type":"image\/jpeg"}],"twitter_card":"summary_large_image","schema":{"@context":"https:\/\/schema.org","@graph":[{"@type":"WebPage","@id":"https:\/\/keramamueblesdejardin.com\/de\/lounges-im-freien\/gartensofas\/3-sitzer-seil-sofa-garten-bergamo-grau\/","url":"https:\/\/keramamueblesdejardin.com\/de\/lounges-im-freien\/gartensofas\/3-sitzer-seil-sofa-garten-bergamo-grau\/","name":"3-Sitzer Gartensofa grau Seil - Bergamo - Kerama","isPartOf":{"@id":"https:\/\/keramamueblesdejardin.com\/de\/#website"},"primaryImageOfPage":{"@id":"https:\/\/keramamueblesdejardin.com\/de\/lounges-im-freien\/gartensofas\/3-sitzer-seil-sofa-garten-bergamo-grau\/#primaryimage"},"image":{"@id":"https:\/\/keramamueblesdejardin.com\/de\/lounges-im-freien\/gartensofas\/3-sitzer-seil-sofa-garten-bergamo-grau\/#primaryimage"},"thumbnailUrl":"https:\/\/keramamueblesdejardin.com\/wp-content\/uploads\/2024\/04\/corfu-sofa-3-plazas.jpg","datePublished":"2024-04-02T14:04:45+00:00","dateModified":"2025-01-02T12:12:35+00:00","breadcrumb":{"@id":"https:\/\/keramamueblesdejardin.com\/de\/lounges-im-freien\/gartensofas\/3-sitzer-seil-sofa-garten-bergamo-grau\/#breadcrumb"},"inLanguage":"de","potentialAction":[{"@type":"ReadAction","target":["https:\/\/keramamueblesdejardin.com\/de\/lounges-im-freien\/gartensofas\/3-sitzer-seil-sofa-garten-bergamo-grau\/"]}]},{"@type":"ImageObject","inLanguage":"de","@id":"https:\/\/keramamueblesdejardin.com\/de\/lounges-im-freien\/gartensofas\/3-sitzer-seil-sofa-garten-bergamo-grau\/#primaryimage","url":"https:\/\/keramamueblesdejardin.com\/wp-content\/uploads\/2024\/04\/corfu-sofa-3-plazas.jpg","contentUrl":"https:\/\/keramamueblesdejardin.com\/wp-content\/uploads\/2024\/04\/corfu-sofa-3-plazas.jpg","width":1200,"height":1200},{"@type":"BreadcrumbList","@id":"https:\/\/keramamueblesdejardin.com\/de\/lounges-im-freien\/gartensofas\/3-sitzer-seil-sofa-garten-bergamo-grau\/#breadcrumb","itemListElement":[{"@type":"ListItem","position":1,"name":"Home","item":"https:\/\/keramamueblesdejardin.com\/de\/"},{"@type":"ListItem","position":2,"name":"Laden","item":"https:\/\/keramamueblesdejardin.com\/de\/laden\/"},{"@type":"ListItem","position":3,"name":"Lounges im Freien","item":"https:\/\/keramamueblesdejardin.com\/de\/lounges-im-freien\/"},{"@type":"ListItem","position":4,"name":"Gartensofas","item":"https:\/\/keramamueblesdejardin.com\/de\/lounges-im-freien\/gartensofas\/"},{"@type":"ListItem","position":5,"name":"3-Sitzer Gartensofa grau Seil &#8211; Bergamo"}]},{"@type":"WebSite","@id":"https:\/\/keramamueblesdejardin.com\/de\/#website","url":"https:\/\/keramamueblesdejardin.com\/de\/","name":"Kerama","description":"muebles de jard\u00edn","publisher":{"@id":"https:\/\/keramamueblesdejardin.com\/de\/#organization"},"potentialAction":[{"@type":"SearchAction","target":{"@type":"EntryPoint","urlTemplate":"https:\/\/keramamueblesdejardin.com\/de\/?s={search_term_string}"},"query-input":{"@type":"PropertyValueSpecification","valueRequired":true,"valueName":"search_term_string"}}],"inLanguage":"de"},{"@type":"Organization","@id":"https:\/\/keramamueblesdejardin.com\/de\/#organization","name":"kerama","url":"https:\/\/keramamueblesdejardin.com\/de\/","logo":{"@type":"ImageObject","inLanguage":"de","@id":"https:\/\/keramamueblesdejardin.com\/de\/#\/schema\/logo\/image\/","url":"https:\/\/keramamueblesdejardin.com\/wp-content\/uploads\/2020\/12\/k.-scaled.jpg","contentUrl":"https:\/\/keramamueblesdejardin.com\/wp-content\/uploads\/2020\/12\/k.-scaled.jpg","width":2560,"height":551,"caption":"kerama"},"image":{"@id":"https:\/\/keramamueblesdejardin.com\/de\/#\/schema\/logo\/image\/"},"sameAs":["https:\/\/www.facebook.com\/Kerama-Muebles-de-Jard\u00edn-106209328312568\/"]}]}},"df_price":1169,"df_sale_price":1169,"df_regular_price":1397,"df_image_link":"https:\/\/keramamueblesdejardin.com\/wp-content\/uploads\/2024\/04\/corfu-sofa-3-plazas-300x300.jpg","custom_tabs":[{"title":"MESSUNG","id":"messung","content":"<div class=\"list\"><strong>H\u00f6he: <\/strong>69cm<\/div>\n<div class=\"list\"><strong>Breite: <\/strong>213cm<\/div>\n<div class=\"list\"><strong>Tiefe: <\/strong>83cm<\/div>"},{"title":"AUSPACKEN UND MONTIEREN","id":"auspacken-und-montieren","content":"<div class=\"list\"><strong style=\"font-weight: bold; color: #282828;\">Empfehlungen zum<\/strong> Auspacken: <span style=\"color: #282828;\"> Verwenden Sie beim Auspacken der M\u00f6bel keine scharfen Utensilien, da dies zu Besch\u00e4digungen f\u00fchren kann<\/span><br style=\"color: #282828;\"><strong style=\"font-weight: bold; color: #282828;\">Montage erforderlich (ja\/nein):<\/strong><span style=\"color: #282828;\"> Nein<\/span><\/div>"},{"title":"WARTUNG UND GARANTIEN","id":"wartung-und-garantien","content":"<div class=\"moz-signature\">\n<div class=\"list\"><strong>Allgemeine Empfehlungen:<\/strong>\n\u2022 Pannen oder Sch\u00e4den, die verursacht werden durch:\n\u2022 Zuf\u00e4llige Ursachen wie St\u00fcrze, Schl\u00e4ge, Versch\u00fctten von Fl\u00fcssigkeiten, Einschleppen von Fremdk\u00f6rpern sowie andere h\u00f6here Gewalt.\n\u2022 Fahrl\u00e4ssiger, unsachgem\u00e4\u00dfer oder nicht h\u00e4uslicher Gebrauch.\n\u2022 Besch\u00e4digung, Korrosion und\/oder Oxidation beschleunigt durch widrige Umweltbedingungen\n\u2022 Flecken und Verf\u00e4rbungen durch Nichtbeachtung unserer Reinigungsanweisungen\n\u2022 Sch\u00e4den, die w\u00e4hrend der Montage und Handhabung auftreten, ohne die angegebenen Montageanweisungen befolgt zu haben.\n<strong>Gebrauchs- und Wartungshinweise:<\/strong>\n\u2022 Reinigen Sie mit Hilfe eines Tuchs vorsichtig oder verwenden Sie eine neutrale Fl\u00fcssigseife und sp\u00fclen Sie sie mit viel Wasser ab.\n\u2022 Entfernen Sie Staub regelm\u00e4\u00dfig mit Hilfe eines weichen Tuchs und klarem Wasser.\n\u2022 Verwenden Sie zum Reinigen keine Reinigungsmittel oder Scheuermittel.\nJahre <strong>Garantie: 3 Jahre<\/strong>\n<strong>Hergestellt nach Norm:<\/strong> 581-1.581-2.581-3<\/div>\n<\/div>"}],"_links":{"self":[{"href":"https:\/\/keramamueblesdejardin.com\/de\/wp-json\/wp\/v2\/product\/153070","targetHints":{"allow":["GET"]}}],"collection":[{"href":"https:\/\/keramamueblesdejardin.com\/de\/wp-json\/wp\/v2\/product"}],"about":[{"href":"https:\/\/keramamueblesdejardin.com\/de\/wp-json\/wp\/v2\/types\/product"}],"replies":[{"embeddable":true,"href":"https:\/\/keramamueblesdejardin.com\/de\/wp-json\/wp\/v2\/comments?post=153070"}],"wp:featuredmedia":[{"embeddable":true,"href":"https:\/\/keramamueblesdejardin.com\/de\/wp-json\/wp\/v2\/media\/151252"}],"wp:attachment":[{"href":"https:\/\/keramamueblesdejardin.com\/de\/wp-json\/wp\/v2\/media?parent=153070"}],"wp:term":[{"taxonomy":"product_brand","embeddable":true,"href":"https:\/\/keramamueblesdejardin.com\/de\/wp-json\/wp\/v2\/product_brand?post=153070"},{"taxonomy":"product_cat","embeddable":true,"href":"https:\/\/keramamueblesdejardin.com\/de\/wp-json\/wp\/v2\/product_cat?post=153070"},{"taxonomy":"product_tag","embeddable":true,"href":"https:\/\/keramamueblesdejardin.com\/de\/wp-json\/wp\/v2\/product_tag?post=153070"}],"curies":[{"name":"wp","href":"https:\/\/api.w.org\/{rel}","templated":true}]}}