{"id":130583,"date":"2021-08-19T15:16:33","date_gmt":"2021-08-19T13:16:33","guid":{"rendered":"https:\/\/keramamueblesdejardin.com\/unkategorisiert\/sonnenschirm-aus-holz-3x3-quadratisch-havanna\/"},"modified":"2023-08-23T08:54:07","modified_gmt":"2023-08-23T06:54:07","slug":"sonnenschirm-de-madera-3x3-cuadrado-habana","status":"publish","type":"product","link":"https:\/\/keramamueblesdejardin.com\/de\/sonnenschirme-und-pergolen\/sonnenschirme-sonnenschirme-und-pergolen\/sonnenschirm-de-madera-3x3-cuadrado-habana\/","title":{"rendered":"Sonnenschirm aus Holz 3&#215;3 quadratisch &#8211; Havanna"},"content":{"rendered":"<p>Quadratischer Sonnenschirm aus Holz von 300x300x280cm. Mit manuellem \u00d6ffnungs- und Schlie\u00dfsystem durch Doppelrolle. Der zentrale Mast hat einen Durchmesser von 48 mm und hat 8 Stangen von 17 x 22 mm, der Stoff besteht aus 235 g \/ m2 Polyester mit Wasserspr\u00fchbehandlung.<\/p>\n","protected":false},"excerpt":{"rendered":"<ul>\n<li>Quadratischer Holzschirm 300x300x280 cm<\/li>\n<li>Manuelles \u00d6ffnungs- und Schlie\u00dfsystem mittels Doppelrolle<\/li>\n<li>Zentraler Mast von 48 mm Durchmesser und 8 Stangen von 17 x 22 mm<\/li>\n<li>Herausnehmbarer und waschbarer Stoff<\/li>\n<\/ul>\n","protected":false},"featured_media":116013,"comment_status":"closed","ping_status":"closed","template":"","meta":{"_acf_changed":false},"product_brand":[],"product_cat":[3304,3297],"product_tag":[3242,3578,3264],"class_list":{"0":"post-130583","1":"product","2":"type-product","3":"status-publish","4":"has-post-thumbnail","6":"product_cat-sonnenschirme-sonnenschirme-und-pergolen","7":"product_cat-sonnenschirme-und-pergolen","8":"product_tag-grose-raume","9":"product_tag-havanna","10":"product_tag-holz","11":"product_shipping_class-envio-gratuito-de","13":"first","14":"outofstock","15":"sale","16":"purchasable","17":"product-type-variable","18":"add-to-wishlist-before_image"},"acf":[],"yoast_head":"<!-- This site is optimized with the Yoast SEO plugin v27.4 - https:\/\/yoast.com\/product\/yoast-seo-wordpress\/ -->\n<title>Sonnenschirm aus Holz 3x3 quadratisch - Havanna - Kerama<\/title>\n<meta name=\"robots\" content=\"index, follow, max-snippet:-1, max-image-preview:large, max-video-preview:-1\" \/>\n<link rel=\"canonical\" href=\"https:\/\/keramamueblesdejardin.com\/de\/sonnenschirme-und-pergolen\/sonnenschirme-sonnenschirme-und-pergolen\/sonnenschirm-de-madera-3x3-cuadrado-habana\/\" \/>\n<meta property=\"og:locale\" content=\"de_DE\" \/>\n<meta property=\"og:type\" content=\"article\" \/>\n<meta property=\"og:title\" content=\"Sonnenschirm aus Holz 3x3 quadratisch - Havanna - Kerama\" \/>\n<meta property=\"og:description\" content=\"Quadratischer Holzschirm 300x300x280 cm  Manuelles \u00d6ffnungs- und Schlie\u00dfsystem mittels Doppelrolle  Zentraler Mast von 48 mm Durchmesser und 8 Stangen von 17 x 22 mm  Herausnehmbarer und waschbarer Stoff\" \/>\n<meta property=\"og:url\" content=\"https:\/\/keramamueblesdejardin.com\/de\/sonnenschirme-und-pergolen\/sonnenschirme-sonnenschirme-und-pergolen\/sonnenschirm-de-madera-3x3-cuadrado-habana\/\" \/>\n<meta property=\"og:site_name\" content=\"Kerama\" \/>\n<meta property=\"article:publisher\" content=\"https:\/\/www.facebook.com\/Kerama-Muebles-de-Jard%c3%adn-106209328312568\/\" \/>\n<meta property=\"article:modified_time\" content=\"2023-08-23T06:54:07+00:00\" \/>\n<meta property=\"og:image\" content=\"https:\/\/keramamueblesdejardin.com\/wp-content\/uploads\/2021\/08\/MG_9286-copia-1-scaled.jpg\" \/>\n\t<meta property=\"og:image:width\" content=\"2560\" \/>\n\t<meta property=\"og:image:height\" content=\"2215\" \/>\n\t<meta property=\"og:image:type\" content=\"image\/jpeg\" \/>\n<meta name=\"twitter:card\" content=\"summary_large_image\" \/>\n<script type=\"application\/ld+json\" class=\"yoast-schema-graph\">{\"@context\":\"https:\\\/\\\/schema.org\",\"@graph\":[{\"@type\":\"WebPage\",\"@id\":\"https:\\\/\\\/keramamueblesdejardin.com\\\/de\\\/sonnenschirme-und-pergolen\\\/sonnenschirme-sonnenschirme-und-pergolen\\\/sonnenschirm-de-madera-3x3-cuadrado-habana\\\/\",\"url\":\"https:\\\/\\\/keramamueblesdejardin.com\\\/de\\\/sonnenschirme-und-pergolen\\\/sonnenschirme-sonnenschirme-und-pergolen\\\/sonnenschirm-de-madera-3x3-cuadrado-habana\\\/\",\"name\":\"Sonnenschirm aus Holz 3x3 quadratisch - Havanna - Kerama\",\"isPartOf\":{\"@id\":\"https:\\\/\\\/keramamueblesdejardin.com\\\/de\\\/#website\"},\"primaryImageOfPage\":{\"@id\":\"https:\\\/\\\/keramamueblesdejardin.com\\\/de\\\/sonnenschirme-und-pergolen\\\/sonnenschirme-sonnenschirme-und-pergolen\\\/sonnenschirm-de-madera-3x3-cuadrado-habana\\\/#primaryimage\"},\"image\":{\"@id\":\"https:\\\/\\\/keramamueblesdejardin.com\\\/de\\\/sonnenschirme-und-pergolen\\\/sonnenschirme-sonnenschirme-und-pergolen\\\/sonnenschirm-de-madera-3x3-cuadrado-habana\\\/#primaryimage\"},\"thumbnailUrl\":\"https:\\\/\\\/keramamueblesdejardin.com\\\/wp-content\\\/uploads\\\/2021\\\/08\\\/MG_9286-copia-1-scaled.jpg\",\"datePublished\":\"2021-08-19T13:16:33+00:00\",\"dateModified\":\"2023-08-23T06:54:07+00:00\",\"breadcrumb\":{\"@id\":\"https:\\\/\\\/keramamueblesdejardin.com\\\/de\\\/sonnenschirme-und-pergolen\\\/sonnenschirme-sonnenschirme-und-pergolen\\\/sonnenschirm-de-madera-3x3-cuadrado-habana\\\/#breadcrumb\"},\"inLanguage\":\"de\",\"potentialAction\":[{\"@type\":\"ReadAction\",\"target\":[\"https:\\\/\\\/keramamueblesdejardin.com\\\/de\\\/sonnenschirme-und-pergolen\\\/sonnenschirme-sonnenschirme-und-pergolen\\\/sonnenschirm-de-madera-3x3-cuadrado-habana\\\/\"]}]},{\"@type\":\"ImageObject\",\"inLanguage\":\"de\",\"@id\":\"https:\\\/\\\/keramamueblesdejardin.com\\\/de\\\/sonnenschirme-und-pergolen\\\/sonnenschirme-sonnenschirme-und-pergolen\\\/sonnenschirm-de-madera-3x3-cuadrado-habana\\\/#primaryimage\",\"url\":\"https:\\\/\\\/keramamueblesdejardin.com\\\/wp-content\\\/uploads\\\/2021\\\/08\\\/MG_9286-copia-1-scaled.jpg\",\"contentUrl\":\"https:\\\/\\\/keramamueblesdejardin.com\\\/wp-content\\\/uploads\\\/2021\\\/08\\\/MG_9286-copia-1-scaled.jpg\",\"width\":2560,\"height\":2215},{\"@type\":\"BreadcrumbList\",\"@id\":\"https:\\\/\\\/keramamueblesdejardin.com\\\/de\\\/sonnenschirme-und-pergolen\\\/sonnenschirme-sonnenschirme-und-pergolen\\\/sonnenschirm-de-madera-3x3-cuadrado-habana\\\/#breadcrumb\",\"itemListElement\":[{\"@type\":\"ListItem\",\"position\":1,\"name\":\"Home\",\"item\":\"https:\\\/\\\/keramamueblesdejardin.com\\\/de\\\/\"},{\"@type\":\"ListItem\",\"position\":2,\"name\":\"Laden\",\"item\":\"https:\\\/\\\/keramamueblesdejardin.com\\\/de\\\/laden\\\/\"},{\"@type\":\"ListItem\",\"position\":3,\"name\":\"Sonnenschirme und Pergolen\",\"item\":\"https:\\\/\\\/keramamueblesdejardin.com\\\/de\\\/sonnenschirme-und-pergolen\\\/\"},{\"@type\":\"ListItem\",\"position\":4,\"name\":\"Sonnenschirme\",\"item\":\"https:\\\/\\\/keramamueblesdejardin.com\\\/de\\\/sonnenschirme-und-pergolen\\\/sonnenschirme-sonnenschirme-und-pergolen\\\/\"},{\"@type\":\"ListItem\",\"position\":5,\"name\":\"Sonnenschirm aus Holz 3&#215;3 quadratisch &#8211; Havanna\"}]},{\"@type\":\"WebSite\",\"@id\":\"https:\\\/\\\/keramamueblesdejardin.com\\\/de\\\/#website\",\"url\":\"https:\\\/\\\/keramamueblesdejardin.com\\\/de\\\/\",\"name\":\"Kerama\",\"description\":\"muebles de jard\u00edn\",\"publisher\":{\"@id\":\"https:\\\/\\\/keramamueblesdejardin.com\\\/de\\\/#organization\"},\"potentialAction\":[{\"@type\":\"SearchAction\",\"target\":{\"@type\":\"EntryPoint\",\"urlTemplate\":\"https:\\\/\\\/keramamueblesdejardin.com\\\/de\\\/?s={search_term_string}\"},\"query-input\":{\"@type\":\"PropertyValueSpecification\",\"valueRequired\":true,\"valueName\":\"search_term_string\"}}],\"inLanguage\":\"de\"},{\"@type\":\"Organization\",\"@id\":\"https:\\\/\\\/keramamueblesdejardin.com\\\/de\\\/#organization\",\"name\":\"kerama\",\"url\":\"https:\\\/\\\/keramamueblesdejardin.com\\\/de\\\/\",\"logo\":{\"@type\":\"ImageObject\",\"inLanguage\":\"de\",\"@id\":\"https:\\\/\\\/keramamueblesdejardin.com\\\/de\\\/#\\\/schema\\\/logo\\\/image\\\/\",\"url\":\"https:\\\/\\\/keramamueblesdejardin.com\\\/wp-content\\\/uploads\\\/2020\\\/12\\\/k.-scaled.jpg\",\"contentUrl\":\"https:\\\/\\\/keramamueblesdejardin.com\\\/wp-content\\\/uploads\\\/2020\\\/12\\\/k.-scaled.jpg\",\"width\":2560,\"height\":551,\"caption\":\"kerama\"},\"image\":{\"@id\":\"https:\\\/\\\/keramamueblesdejardin.com\\\/de\\\/#\\\/schema\\\/logo\\\/image\\\/\"},\"sameAs\":[\"https:\\\/\\\/www.facebook.com\\\/Kerama-Muebles-de-Jard\u00edn-106209328312568\\\/\"]}]}<\/script>\n<!-- \/ Yoast SEO plugin. -->","yoast_head_json":{"title":"Sonnenschirm aus Holz 3x3 quadratisch - Havanna - Kerama","robots":{"index":"index","follow":"follow","max-snippet":"max-snippet:-1","max-image-preview":"max-image-preview:large","max-video-preview":"max-video-preview:-1"},"canonical":"https:\/\/keramamueblesdejardin.com\/de\/sonnenschirme-und-pergolen\/sonnenschirme-sonnenschirme-und-pergolen\/sonnenschirm-de-madera-3x3-cuadrado-habana\/","og_locale":"de_DE","og_type":"article","og_title":"Sonnenschirm aus Holz 3x3 quadratisch - Havanna - Kerama","og_description":"Quadratischer Holzschirm 300x300x280 cm  Manuelles \u00d6ffnungs- und Schlie\u00dfsystem mittels Doppelrolle  Zentraler Mast von 48 mm Durchmesser und 8 Stangen von 17 x 22 mm  Herausnehmbarer und waschbarer Stoff","og_url":"https:\/\/keramamueblesdejardin.com\/de\/sonnenschirme-und-pergolen\/sonnenschirme-sonnenschirme-und-pergolen\/sonnenschirm-de-madera-3x3-cuadrado-habana\/","og_site_name":"Kerama","article_publisher":"https:\/\/www.facebook.com\/Kerama-Muebles-de-Jard%c3%adn-106209328312568\/","article_modified_time":"2023-08-23T06:54:07+00:00","og_image":[{"width":2560,"height":2215,"url":"https:\/\/keramamueblesdejardin.com\/wp-content\/uploads\/2021\/08\/MG_9286-copia-1-scaled.jpg","type":"image\/jpeg"}],"twitter_card":"summary_large_image","schema":{"@context":"https:\/\/schema.org","@graph":[{"@type":"WebPage","@id":"https:\/\/keramamueblesdejardin.com\/de\/sonnenschirme-und-pergolen\/sonnenschirme-sonnenschirme-und-pergolen\/sonnenschirm-de-madera-3x3-cuadrado-habana\/","url":"https:\/\/keramamueblesdejardin.com\/de\/sonnenschirme-und-pergolen\/sonnenschirme-sonnenschirme-und-pergolen\/sonnenschirm-de-madera-3x3-cuadrado-habana\/","name":"Sonnenschirm aus Holz 3x3 quadratisch - Havanna - Kerama","isPartOf":{"@id":"https:\/\/keramamueblesdejardin.com\/de\/#website"},"primaryImageOfPage":{"@id":"https:\/\/keramamueblesdejardin.com\/de\/sonnenschirme-und-pergolen\/sonnenschirme-sonnenschirme-und-pergolen\/sonnenschirm-de-madera-3x3-cuadrado-habana\/#primaryimage"},"image":{"@id":"https:\/\/keramamueblesdejardin.com\/de\/sonnenschirme-und-pergolen\/sonnenschirme-sonnenschirme-und-pergolen\/sonnenschirm-de-madera-3x3-cuadrado-habana\/#primaryimage"},"thumbnailUrl":"https:\/\/keramamueblesdejardin.com\/wp-content\/uploads\/2021\/08\/MG_9286-copia-1-scaled.jpg","datePublished":"2021-08-19T13:16:33+00:00","dateModified":"2023-08-23T06:54:07+00:00","breadcrumb":{"@id":"https:\/\/keramamueblesdejardin.com\/de\/sonnenschirme-und-pergolen\/sonnenschirme-sonnenschirme-und-pergolen\/sonnenschirm-de-madera-3x3-cuadrado-habana\/#breadcrumb"},"inLanguage":"de","potentialAction":[{"@type":"ReadAction","target":["https:\/\/keramamueblesdejardin.com\/de\/sonnenschirme-und-pergolen\/sonnenschirme-sonnenschirme-und-pergolen\/sonnenschirm-de-madera-3x3-cuadrado-habana\/"]}]},{"@type":"ImageObject","inLanguage":"de","@id":"https:\/\/keramamueblesdejardin.com\/de\/sonnenschirme-und-pergolen\/sonnenschirme-sonnenschirme-und-pergolen\/sonnenschirm-de-madera-3x3-cuadrado-habana\/#primaryimage","url":"https:\/\/keramamueblesdejardin.com\/wp-content\/uploads\/2021\/08\/MG_9286-copia-1-scaled.jpg","contentUrl":"https:\/\/keramamueblesdejardin.com\/wp-content\/uploads\/2021\/08\/MG_9286-copia-1-scaled.jpg","width":2560,"height":2215},{"@type":"BreadcrumbList","@id":"https:\/\/keramamueblesdejardin.com\/de\/sonnenschirme-und-pergolen\/sonnenschirme-sonnenschirme-und-pergolen\/sonnenschirm-de-madera-3x3-cuadrado-habana\/#breadcrumb","itemListElement":[{"@type":"ListItem","position":1,"name":"Home","item":"https:\/\/keramamueblesdejardin.com\/de\/"},{"@type":"ListItem","position":2,"name":"Laden","item":"https:\/\/keramamueblesdejardin.com\/de\/laden\/"},{"@type":"ListItem","position":3,"name":"Sonnenschirme und Pergolen","item":"https:\/\/keramamueblesdejardin.com\/de\/sonnenschirme-und-pergolen\/"},{"@type":"ListItem","position":4,"name":"Sonnenschirme","item":"https:\/\/keramamueblesdejardin.com\/de\/sonnenschirme-und-pergolen\/sonnenschirme-sonnenschirme-und-pergolen\/"},{"@type":"ListItem","position":5,"name":"Sonnenschirm aus Holz 3&#215;3 quadratisch &#8211; Havanna"}]},{"@type":"WebSite","@id":"https:\/\/keramamueblesdejardin.com\/de\/#website","url":"https:\/\/keramamueblesdejardin.com\/de\/","name":"Kerama","description":"muebles de jard\u00edn","publisher":{"@id":"https:\/\/keramamueblesdejardin.com\/de\/#organization"},"potentialAction":[{"@type":"SearchAction","target":{"@type":"EntryPoint","urlTemplate":"https:\/\/keramamueblesdejardin.com\/de\/?s={search_term_string}"},"query-input":{"@type":"PropertyValueSpecification","valueRequired":true,"valueName":"search_term_string"}}],"inLanguage":"de"},{"@type":"Organization","@id":"https:\/\/keramamueblesdejardin.com\/de\/#organization","name":"kerama","url":"https:\/\/keramamueblesdejardin.com\/de\/","logo":{"@type":"ImageObject","inLanguage":"de","@id":"https:\/\/keramamueblesdejardin.com\/de\/#\/schema\/logo\/image\/","url":"https:\/\/keramamueblesdejardin.com\/wp-content\/uploads\/2020\/12\/k.-scaled.jpg","contentUrl":"https:\/\/keramamueblesdejardin.com\/wp-content\/uploads\/2020\/12\/k.-scaled.jpg","width":2560,"height":551,"caption":"kerama"},"image":{"@id":"https:\/\/keramamueblesdejardin.com\/de\/#\/schema\/logo\/image\/"},"sameAs":["https:\/\/www.facebook.com\/Kerama-Muebles-de-Jard\u00edn-106209328312568\/"]}]}},"df_price":149,"df_sale_price":"","df_regular_price":149,"df_image_link":"https:\/\/keramamueblesdejardin.com\/wp-content\/uploads\/2021\/08\/MG_9286-copia-1-300x260.jpg","custom_tabs":[{"title":"MESSUNG","id":"messung","content":"<div class=\"list\">\n<div class=\"list\" style=\"color: #868686;\"><strong style=\"font-weight: bold;\">H\u00f6he: <\/strong>2,80 m<\/div>\n<div class=\"list\" style=\"color: #868686;\">Stoffbreite: 3 m<\/div>\n<div class=\"list\" style=\"color: #868686;\">Stoffl\u00e4nge: 3 m<\/div>\n<div class=\"list\" style=\"color: #868686;\">Mastdurchmesser: 48 mm<\/div>\n<div class=\"list\" style=\"color: #868686;\"><strong style=\"font-weight: bold;\">Stabma\u00df<\/strong> : 17 x 22 mm<\/div>\n<div class=\"list\" style=\"color: #868686;\"><strong style=\"font-weight: bold;\">Anzahl der Stangen:<\/strong> 8<\/div>\n<div class=\"list\" style=\"color: #868686;\"><strong>Polyestergewebe:<\/strong> 235g\/m2<\/div>\n<div class=\"list\" style=\"color: #868686;\"><\/div>\n<div class=\"list\" style=\"color: #868686;\"><\/div>\n<\/div>"},{"title":"AUSPACKEN UND MONTIEREN","id":"auspacken-und-montieren","content":"<div class=\"list\">\n<div class=\"list\" style=\"color: #868686;\">Empfehlungen zum Auspacken: Verwenden Sie beim Auspacken der M\u00f6bel keine scharfen Utensilien, da dies zu Besch\u00e4digungen f\u00fchren kann<\/div>\n<div class=\"list\" style=\"color: #868686;\"><strong style=\"font-weight: bold;\">Montage erforderlich (ja\/nein): <\/strong> Nein<\/div>\n<\/div>"},{"title":"WARTUNG UND GARANTIEN","id":"wartung-und-garantien","content":"<div class=\"moz-signature\">\n<div class=\"list\"><strong>Allgemeine Empfehlungen:<\/strong>\n\u2022 Pannen oder Sch\u00e4den, die verursacht werden durch:\n\u2022 Zuf\u00e4llige Ursachen wie St\u00fcrze, Schl\u00e4ge, Versch\u00fctten von Fl\u00fcssigkeiten, Einschleppen von Fremdk\u00f6rpern sowie andere h\u00f6here Gewalt.\n\u2022 Fahrl\u00e4ssiger, unsachgem\u00e4\u00dfer oder nicht h\u00e4uslicher Gebrauch.\n\u2022 Besch\u00e4digung, Korrosion und\/oder Oxidation beschleunigt durch widrige Umweltbedingungen\n\u2022 Flecken und Verf\u00e4rbungen durch Nichtbeachtung unserer Reinigungsanweisungen\n\u2022 Sch\u00e4den, die w\u00e4hrend der Montage und Handhabung auftreten, ohne die angegebenen Montageanweisungen befolgt zu haben.\n<strong>Gebrauchs- und Wartungshinweise:<\/strong>\n\u2022 Reinigen Sie mit Hilfe eines Tuchs vorsichtig oder verwenden Sie eine neutrale Fl\u00fcssigseife und sp\u00fclen Sie sie mit viel Wasser ab.\n\u2022 Entfernen Sie Staub regelm\u00e4\u00dfig mit Hilfe eines weichen Tuchs und klarem Wasser.\n\u2022 Verwenden Sie zum Reinigen keine Reinigungsmittel oder Scheuermittel.\nJahre <strong>Garantie: 3 Jahre<\/strong>\n<strong>Hergestellt nach Norm:<\/strong> 581-1.581-2.581-3<\/div>\n<\/div>"}],"_links":{"self":[{"href":"https:\/\/keramamueblesdejardin.com\/de\/wp-json\/wp\/v2\/product\/130583","targetHints":{"allow":["GET"]}}],"collection":[{"href":"https:\/\/keramamueblesdejardin.com\/de\/wp-json\/wp\/v2\/product"}],"about":[{"href":"https:\/\/keramamueblesdejardin.com\/de\/wp-json\/wp\/v2\/types\/product"}],"replies":[{"embeddable":true,"href":"https:\/\/keramamueblesdejardin.com\/de\/wp-json\/wp\/v2\/comments?post=130583"}],"wp:featuredmedia":[{"embeddable":true,"href":"https:\/\/keramamueblesdejardin.com\/de\/wp-json\/wp\/v2\/media\/116013"}],"wp:attachment":[{"href":"https:\/\/keramamueblesdejardin.com\/de\/wp-json\/wp\/v2\/media?parent=130583"}],"wp:term":[{"taxonomy":"product_brand","embeddable":true,"href":"https:\/\/keramamueblesdejardin.com\/de\/wp-json\/wp\/v2\/product_brand?post=130583"},{"taxonomy":"product_cat","embeddable":true,"href":"https:\/\/keramamueblesdejardin.com\/de\/wp-json\/wp\/v2\/product_cat?post=130583"},{"taxonomy":"product_tag","embeddable":true,"href":"https:\/\/keramamueblesdejardin.com\/de\/wp-json\/wp\/v2\/product_tag?post=130583"}],"curies":[{"name":"wp","href":"https:\/\/api.w.org\/{rel}","templated":true}]}}