{"id":120957,"date":"2021-05-06T06:49:22","date_gmt":"2021-05-06T04:49:22","guid":{"rendered":"https:\/\/keramamueblesdejardin.com\/unkategorisiert\/achteckiger-sonnenschirmstaender-aus-schwarzem-stahl-27kg-kilo\/"},"modified":"2023-08-29T10:35:50","modified_gmt":"2023-08-29T08:35:50","slug":"sonnenschirmsockel-stahl-schwarz-achteckig-27kg-kilo","status":"publish","type":"product","link":"https:\/\/keramamueblesdejardin.com\/de\/sonnenschirme-und-pergolen\/sonnenschirmstander\/sonnenschirmsockel-stahl-schwarz-achteckig-27kg-kilo\/","title":{"rendered":"Achteckiger Sonnenschirmst\u00e4nder aus schwarzem Stahl 27kg &#8211; Kilo"},"content":{"rendered":"<p>Der achteckige Sonnenschirmst\u00e4nder f\u00fcr Garten oder Terrasse besteht aus Zement und einem Mast aus Stahl und Kunststoff mit elegantem schwarzem Leder.<\/p>\n<p>Der achteckige Sonnenschirmsockel aus Zement ist mit einem Gewicht von 27 kg sehr widerstandsf\u00e4hig und bietet eine perfekte Stabilit\u00e4t gegen Witterungseinfl\u00fcsse. Es enth\u00e4lt auch Kunststoffstopfen zum Schutz des Bodens und einen Griff.<\/p>\n<p>&nbsp;<\/p>\n","protected":false},"excerpt":{"rendered":"<ul>\n<li>Sonnenschirmsockel aus Zement mit Mast aus Stahl und Kunststoff<\/li>\n<li>Gewicht 25 kg<\/li>\n<li>Lederartiges schwarzes Finish<\/li>\n<li>Inklusive Kunststoffstopfen zum Schutz des Bodens<\/li>\n<li>G\u00fcltig f\u00fcr Mastdurchmesser : 2,5 cm bis 5,5 cm<\/li>\n<\/ul>\n","protected":false},"featured_media":116460,"comment_status":"closed","ping_status":"open","template":"","meta":{"_acf_changed":false},"product_brand":[],"product_cat":[3297,3299],"product_tag":[3242,3298],"class_list":{"0":"post-120957","1":"product","2":"type-product","3":"status-publish","4":"has-post-thumbnail","6":"product_cat-sonnenschirme-und-pergolen","7":"product_cat-sonnenschirmstander","8":"product_tag-grose-raume","9":"product_tag-kilo-de","10":"product_shipping_class-envio-gratuito-de","11":"pa_coleccion-kilo-de","12":"pa_material-zement","14":"first","15":"instock","16":"sale","17":"purchasable","18":"product-type-simple","19":"add-to-wishlist-before_image"},"acf":[],"yoast_head":"<!-- This site is optimized with the Yoast SEO plugin v27.4 - https:\/\/yoast.com\/product\/yoast-seo-wordpress\/ -->\n<title>Achteckiger Sonnenschirmst\u00e4nder aus schwarzem Stahl 27kg - Kilo - Kerama<\/title>\n<meta name=\"robots\" content=\"index, follow, max-snippet:-1, max-image-preview:large, max-video-preview:-1\" \/>\n<link rel=\"canonical\" href=\"https:\/\/keramamueblesdejardin.com\/de\/sonnenschirme-und-pergolen\/sonnenschirmstander\/sonnenschirmsockel-stahl-schwarz-achteckig-27kg-kilo\/\" \/>\n<meta property=\"og:locale\" content=\"de_DE\" \/>\n<meta property=\"og:type\" content=\"article\" \/>\n<meta property=\"og:title\" content=\"Achteckiger Sonnenschirmst\u00e4nder aus schwarzem Stahl 27kg - Kilo - Kerama\" \/>\n<meta property=\"og:description\" content=\"Sonnenschirmsockel aus Zement mit Mast aus Stahl und Kunststoff  Gewicht 25 kg  Lederartiges schwarzes Finish  Inklusive Kunststoffstopfen zum Schutz des Bodens  G\u00fcltig f\u00fcr Mastdurchmesser : 2,5 cm bis 5,5 cm\" \/>\n<meta property=\"og:url\" content=\"https:\/\/keramamueblesdejardin.com\/de\/sonnenschirme-und-pergolen\/sonnenschirmstander\/sonnenschirmsockel-stahl-schwarz-achteckig-27kg-kilo\/\" \/>\n<meta property=\"og:site_name\" content=\"Kerama\" \/>\n<meta property=\"article:publisher\" content=\"https:\/\/www.facebook.com\/Kerama-Muebles-de-Jard%c3%adn-106209328312568\/\" \/>\n<meta property=\"article:modified_time\" content=\"2023-08-29T08:35:50+00:00\" \/>\n<meta property=\"og:image\" content=\"https:\/\/keramamueblesdejardin.com\/wp-content\/uploads\/2021\/05\/KMJ21092_01-scaled.jpg\" \/>\n\t<meta property=\"og:image:width\" content=\"2560\" \/>\n\t<meta property=\"og:image:height\" content=\"2560\" \/>\n\t<meta property=\"og:image:type\" content=\"image\/jpeg\" \/>\n<meta name=\"twitter:card\" content=\"summary_large_image\" \/>\n<script type=\"application\/ld+json\" class=\"yoast-schema-graph\">{\"@context\":\"https:\\\/\\\/schema.org\",\"@graph\":[{\"@type\":\"WebPage\",\"@id\":\"https:\\\/\\\/keramamueblesdejardin.com\\\/de\\\/sonnenschirme-und-pergolen\\\/sonnenschirmstander\\\/sonnenschirmsockel-stahl-schwarz-achteckig-27kg-kilo\\\/\",\"url\":\"https:\\\/\\\/keramamueblesdejardin.com\\\/de\\\/sonnenschirme-und-pergolen\\\/sonnenschirmstander\\\/sonnenschirmsockel-stahl-schwarz-achteckig-27kg-kilo\\\/\",\"name\":\"Achteckiger Sonnenschirmst\u00e4nder aus schwarzem Stahl 27kg - Kilo - Kerama\",\"isPartOf\":{\"@id\":\"https:\\\/\\\/keramamueblesdejardin.com\\\/de\\\/#website\"},\"primaryImageOfPage\":{\"@id\":\"https:\\\/\\\/keramamueblesdejardin.com\\\/de\\\/sonnenschirme-und-pergolen\\\/sonnenschirmstander\\\/sonnenschirmsockel-stahl-schwarz-achteckig-27kg-kilo\\\/#primaryimage\"},\"image\":{\"@id\":\"https:\\\/\\\/keramamueblesdejardin.com\\\/de\\\/sonnenschirme-und-pergolen\\\/sonnenschirmstander\\\/sonnenschirmsockel-stahl-schwarz-achteckig-27kg-kilo\\\/#primaryimage\"},\"thumbnailUrl\":\"https:\\\/\\\/keramamueblesdejardin.com\\\/wp-content\\\/uploads\\\/2021\\\/05\\\/KMJ21092_01-scaled.jpg\",\"datePublished\":\"2021-05-06T04:49:22+00:00\",\"dateModified\":\"2023-08-29T08:35:50+00:00\",\"breadcrumb\":{\"@id\":\"https:\\\/\\\/keramamueblesdejardin.com\\\/de\\\/sonnenschirme-und-pergolen\\\/sonnenschirmstander\\\/sonnenschirmsockel-stahl-schwarz-achteckig-27kg-kilo\\\/#breadcrumb\"},\"inLanguage\":\"de\",\"potentialAction\":[{\"@type\":\"ReadAction\",\"target\":[\"https:\\\/\\\/keramamueblesdejardin.com\\\/de\\\/sonnenschirme-und-pergolen\\\/sonnenschirmstander\\\/sonnenschirmsockel-stahl-schwarz-achteckig-27kg-kilo\\\/\"]}]},{\"@type\":\"ImageObject\",\"inLanguage\":\"de\",\"@id\":\"https:\\\/\\\/keramamueblesdejardin.com\\\/de\\\/sonnenschirme-und-pergolen\\\/sonnenschirmstander\\\/sonnenschirmsockel-stahl-schwarz-achteckig-27kg-kilo\\\/#primaryimage\",\"url\":\"https:\\\/\\\/keramamueblesdejardin.com\\\/wp-content\\\/uploads\\\/2021\\\/05\\\/KMJ21092_01-scaled.jpg\",\"contentUrl\":\"https:\\\/\\\/keramamueblesdejardin.com\\\/wp-content\\\/uploads\\\/2021\\\/05\\\/KMJ21092_01-scaled.jpg\",\"width\":2560,\"height\":2560},{\"@type\":\"BreadcrumbList\",\"@id\":\"https:\\\/\\\/keramamueblesdejardin.com\\\/de\\\/sonnenschirme-und-pergolen\\\/sonnenschirmstander\\\/sonnenschirmsockel-stahl-schwarz-achteckig-27kg-kilo\\\/#breadcrumb\",\"itemListElement\":[{\"@type\":\"ListItem\",\"position\":1,\"name\":\"Home\",\"item\":\"https:\\\/\\\/keramamueblesdejardin.com\\\/de\\\/\"},{\"@type\":\"ListItem\",\"position\":2,\"name\":\"Laden\",\"item\":\"https:\\\/\\\/keramamueblesdejardin.com\\\/de\\\/laden\\\/\"},{\"@type\":\"ListItem\",\"position\":3,\"name\":\"Sonnenschirme und Pergolen\",\"item\":\"https:\\\/\\\/keramamueblesdejardin.com\\\/de\\\/sonnenschirme-und-pergolen\\\/\"},{\"@type\":\"ListItem\",\"position\":4,\"name\":\"Sonnenschirmst\u00e4nder\",\"item\":\"https:\\\/\\\/keramamueblesdejardin.com\\\/de\\\/sonnenschirme-und-pergolen\\\/sonnenschirmstander\\\/\"},{\"@type\":\"ListItem\",\"position\":5,\"name\":\"Achteckiger Sonnenschirmst\u00e4nder aus schwarzem Stahl 27kg &#8211; Kilo\"}]},{\"@type\":\"WebSite\",\"@id\":\"https:\\\/\\\/keramamueblesdejardin.com\\\/de\\\/#website\",\"url\":\"https:\\\/\\\/keramamueblesdejardin.com\\\/de\\\/\",\"name\":\"Kerama\",\"description\":\"muebles de jard\u00edn\",\"publisher\":{\"@id\":\"https:\\\/\\\/keramamueblesdejardin.com\\\/de\\\/#organization\"},\"potentialAction\":[{\"@type\":\"SearchAction\",\"target\":{\"@type\":\"EntryPoint\",\"urlTemplate\":\"https:\\\/\\\/keramamueblesdejardin.com\\\/de\\\/?s={search_term_string}\"},\"query-input\":{\"@type\":\"PropertyValueSpecification\",\"valueRequired\":true,\"valueName\":\"search_term_string\"}}],\"inLanguage\":\"de\"},{\"@type\":\"Organization\",\"@id\":\"https:\\\/\\\/keramamueblesdejardin.com\\\/de\\\/#organization\",\"name\":\"kerama\",\"url\":\"https:\\\/\\\/keramamueblesdejardin.com\\\/de\\\/\",\"logo\":{\"@type\":\"ImageObject\",\"inLanguage\":\"de\",\"@id\":\"https:\\\/\\\/keramamueblesdejardin.com\\\/de\\\/#\\\/schema\\\/logo\\\/image\\\/\",\"url\":\"https:\\\/\\\/keramamueblesdejardin.com\\\/wp-content\\\/uploads\\\/2020\\\/12\\\/k.-scaled.jpg\",\"contentUrl\":\"https:\\\/\\\/keramamueblesdejardin.com\\\/wp-content\\\/uploads\\\/2020\\\/12\\\/k.-scaled.jpg\",\"width\":2560,\"height\":551,\"caption\":\"kerama\"},\"image\":{\"@id\":\"https:\\\/\\\/keramamueblesdejardin.com\\\/de\\\/#\\\/schema\\\/logo\\\/image\\\/\"},\"sameAs\":[\"https:\\\/\\\/www.facebook.com\\\/Kerama-Muebles-de-Jard\u00edn-106209328312568\\\/\"]}]}<\/script>\n<!-- \/ Yoast SEO plugin. -->","yoast_head_json":{"title":"Achteckiger Sonnenschirmst\u00e4nder aus schwarzem Stahl 27kg - Kilo - Kerama","robots":{"index":"index","follow":"follow","max-snippet":"max-snippet:-1","max-image-preview":"max-image-preview:large","max-video-preview":"max-video-preview:-1"},"canonical":"https:\/\/keramamueblesdejardin.com\/de\/sonnenschirme-und-pergolen\/sonnenschirmstander\/sonnenschirmsockel-stahl-schwarz-achteckig-27kg-kilo\/","og_locale":"de_DE","og_type":"article","og_title":"Achteckiger Sonnenschirmst\u00e4nder aus schwarzem Stahl 27kg - Kilo - Kerama","og_description":"Sonnenschirmsockel aus Zement mit Mast aus Stahl und Kunststoff  Gewicht 25 kg  Lederartiges schwarzes Finish  Inklusive Kunststoffstopfen zum Schutz des Bodens  G\u00fcltig f\u00fcr Mastdurchmesser : 2,5 cm bis 5,5 cm","og_url":"https:\/\/keramamueblesdejardin.com\/de\/sonnenschirme-und-pergolen\/sonnenschirmstander\/sonnenschirmsockel-stahl-schwarz-achteckig-27kg-kilo\/","og_site_name":"Kerama","article_publisher":"https:\/\/www.facebook.com\/Kerama-Muebles-de-Jard%c3%adn-106209328312568\/","article_modified_time":"2023-08-29T08:35:50+00:00","og_image":[{"width":2560,"height":2560,"url":"https:\/\/keramamueblesdejardin.com\/wp-content\/uploads\/2021\/05\/KMJ21092_01-scaled.jpg","type":"image\/jpeg"}],"twitter_card":"summary_large_image","schema":{"@context":"https:\/\/schema.org","@graph":[{"@type":"WebPage","@id":"https:\/\/keramamueblesdejardin.com\/de\/sonnenschirme-und-pergolen\/sonnenschirmstander\/sonnenschirmsockel-stahl-schwarz-achteckig-27kg-kilo\/","url":"https:\/\/keramamueblesdejardin.com\/de\/sonnenschirme-und-pergolen\/sonnenschirmstander\/sonnenschirmsockel-stahl-schwarz-achteckig-27kg-kilo\/","name":"Achteckiger Sonnenschirmst\u00e4nder aus schwarzem Stahl 27kg - Kilo - Kerama","isPartOf":{"@id":"https:\/\/keramamueblesdejardin.com\/de\/#website"},"primaryImageOfPage":{"@id":"https:\/\/keramamueblesdejardin.com\/de\/sonnenschirme-und-pergolen\/sonnenschirmstander\/sonnenschirmsockel-stahl-schwarz-achteckig-27kg-kilo\/#primaryimage"},"image":{"@id":"https:\/\/keramamueblesdejardin.com\/de\/sonnenschirme-und-pergolen\/sonnenschirmstander\/sonnenschirmsockel-stahl-schwarz-achteckig-27kg-kilo\/#primaryimage"},"thumbnailUrl":"https:\/\/keramamueblesdejardin.com\/wp-content\/uploads\/2021\/05\/KMJ21092_01-scaled.jpg","datePublished":"2021-05-06T04:49:22+00:00","dateModified":"2023-08-29T08:35:50+00:00","breadcrumb":{"@id":"https:\/\/keramamueblesdejardin.com\/de\/sonnenschirme-und-pergolen\/sonnenschirmstander\/sonnenschirmsockel-stahl-schwarz-achteckig-27kg-kilo\/#breadcrumb"},"inLanguage":"de","potentialAction":[{"@type":"ReadAction","target":["https:\/\/keramamueblesdejardin.com\/de\/sonnenschirme-und-pergolen\/sonnenschirmstander\/sonnenschirmsockel-stahl-schwarz-achteckig-27kg-kilo\/"]}]},{"@type":"ImageObject","inLanguage":"de","@id":"https:\/\/keramamueblesdejardin.com\/de\/sonnenschirme-und-pergolen\/sonnenschirmstander\/sonnenschirmsockel-stahl-schwarz-achteckig-27kg-kilo\/#primaryimage","url":"https:\/\/keramamueblesdejardin.com\/wp-content\/uploads\/2021\/05\/KMJ21092_01-scaled.jpg","contentUrl":"https:\/\/keramamueblesdejardin.com\/wp-content\/uploads\/2021\/05\/KMJ21092_01-scaled.jpg","width":2560,"height":2560},{"@type":"BreadcrumbList","@id":"https:\/\/keramamueblesdejardin.com\/de\/sonnenschirme-und-pergolen\/sonnenschirmstander\/sonnenschirmsockel-stahl-schwarz-achteckig-27kg-kilo\/#breadcrumb","itemListElement":[{"@type":"ListItem","position":1,"name":"Home","item":"https:\/\/keramamueblesdejardin.com\/de\/"},{"@type":"ListItem","position":2,"name":"Laden","item":"https:\/\/keramamueblesdejardin.com\/de\/laden\/"},{"@type":"ListItem","position":3,"name":"Sonnenschirme und Pergolen","item":"https:\/\/keramamueblesdejardin.com\/de\/sonnenschirme-und-pergolen\/"},{"@type":"ListItem","position":4,"name":"Sonnenschirmst\u00e4nder","item":"https:\/\/keramamueblesdejardin.com\/de\/sonnenschirme-und-pergolen\/sonnenschirmstander\/"},{"@type":"ListItem","position":5,"name":"Achteckiger Sonnenschirmst\u00e4nder aus schwarzem Stahl 27kg &#8211; Kilo"}]},{"@type":"WebSite","@id":"https:\/\/keramamueblesdejardin.com\/de\/#website","url":"https:\/\/keramamueblesdejardin.com\/de\/","name":"Kerama","description":"muebles de jard\u00edn","publisher":{"@id":"https:\/\/keramamueblesdejardin.com\/de\/#organization"},"potentialAction":[{"@type":"SearchAction","target":{"@type":"EntryPoint","urlTemplate":"https:\/\/keramamueblesdejardin.com\/de\/?s={search_term_string}"},"query-input":{"@type":"PropertyValueSpecification","valueRequired":true,"valueName":"search_term_string"}}],"inLanguage":"de"},{"@type":"Organization","@id":"https:\/\/keramamueblesdejardin.com\/de\/#organization","name":"kerama","url":"https:\/\/keramamueblesdejardin.com\/de\/","logo":{"@type":"ImageObject","inLanguage":"de","@id":"https:\/\/keramamueblesdejardin.com\/de\/#\/schema\/logo\/image\/","url":"https:\/\/keramamueblesdejardin.com\/wp-content\/uploads\/2020\/12\/k.-scaled.jpg","contentUrl":"https:\/\/keramamueblesdejardin.com\/wp-content\/uploads\/2020\/12\/k.-scaled.jpg","width":2560,"height":551,"caption":"kerama"},"image":{"@id":"https:\/\/keramamueblesdejardin.com\/de\/#\/schema\/logo\/image\/"},"sameAs":["https:\/\/www.facebook.com\/Kerama-Muebles-de-Jard\u00edn-106209328312568\/"]}]}},"df_price":99,"df_sale_price":99,"df_regular_price":129,"df_image_link":"https:\/\/keramamueblesdejardin.com\/wp-content\/uploads\/2021\/05\/KMJ21092_01-300x300.jpg","custom_tabs":[{"title":"MESSUNG","id":"messung","content":"<strong>H\u00f6he:<\/strong> 37 cm\n<strong>Breite:<\/strong> 48 cm\n<strong>Tiefe:<\/strong> 48 cm\n<strong>Artikelgewicht:<\/strong> 27 kg\nG\u00fcltig f\u00fcr Mastdurchmesser von: 2,5 cm bis 5,5 cm"},{"title":"AUSPACKEN UND MONTIEREN","id":"auspacken-und-montieren","content":"Empfehlungen zum Auspacken: Verwenden Sie beim Auspacken der M\u00f6bel keine scharfen Utensilien, da dies zu Besch\u00e4digungen f\u00fchren kann\nMontage erforderlich (ja\/nein): Nein"},{"title":"WARTUNG UND GARANTIEN","id":"wartung-und-garantien","content":"<div class=\"moz-signature\">\n<div class=\"list\"><strong>Allgemeine Empfehlungen:<\/strong>\n\u2022 Pannen oder Sch\u00e4den, die verursacht werden durch:\n\u2022 Zuf\u00e4llige Ursachen wie St\u00fcrze, Schl\u00e4ge, Versch\u00fctten von Fl\u00fcssigkeiten, Einschleppen von Fremdk\u00f6rpern sowie andere h\u00f6here Gewalt.\n\u2022 Fahrl\u00e4ssiger, unsachgem\u00e4\u00dfer oder nicht h\u00e4uslicher Gebrauch.\n\u2022 Besch\u00e4digung, Korrosion und\/oder Oxidation beschleunigt durch widrige Umweltbedingungen\n\u2022 Flecken und Verf\u00e4rbungen durch Nichtbeachtung unserer Reinigungsanweisungen\n\u2022 Sch\u00e4den, die w\u00e4hrend der Montage und Handhabung auftreten, ohne die angegebenen Montageanweisungen befolgt zu haben.\n<strong>Gebrauchs- und Wartungshinweise:<\/strong>\n\u2022 Reinigen Sie mit Hilfe eines Tuchs vorsichtig oder verwenden Sie eine neutrale Fl\u00fcssigseife und sp\u00fclen Sie sie mit viel Wasser ab.\n\u2022 Entfernen Sie Staub regelm\u00e4\u00dfig mit Hilfe eines weichen Tuchs und klarem Wasser.\n\u2022 Verwenden Sie zum Reinigen keine Reinigungsmittel oder Scheuermittel.\nJahre <strong>Garantie: 3 Jahre<\/strong>\n<strong>Hergestellt nach Norm:<\/strong> 581-1.581-2.581-3<\/div>\n<\/div>"}],"_links":{"self":[{"href":"https:\/\/keramamueblesdejardin.com\/de\/wp-json\/wp\/v2\/product\/120957","targetHints":{"allow":["GET"]}}],"collection":[{"href":"https:\/\/keramamueblesdejardin.com\/de\/wp-json\/wp\/v2\/product"}],"about":[{"href":"https:\/\/keramamueblesdejardin.com\/de\/wp-json\/wp\/v2\/types\/product"}],"replies":[{"embeddable":true,"href":"https:\/\/keramamueblesdejardin.com\/de\/wp-json\/wp\/v2\/comments?post=120957"}],"wp:featuredmedia":[{"embeddable":true,"href":"https:\/\/keramamueblesdejardin.com\/de\/wp-json\/wp\/v2\/media\/116460"}],"wp:attachment":[{"href":"https:\/\/keramamueblesdejardin.com\/de\/wp-json\/wp\/v2\/media?parent=120957"}],"wp:term":[{"taxonomy":"product_brand","embeddable":true,"href":"https:\/\/keramamueblesdejardin.com\/de\/wp-json\/wp\/v2\/product_brand?post=120957"},{"taxonomy":"product_cat","embeddable":true,"href":"https:\/\/keramamueblesdejardin.com\/de\/wp-json\/wp\/v2\/product_cat?post=120957"},{"taxonomy":"product_tag","embeddable":true,"href":"https:\/\/keramamueblesdejardin.com\/de\/wp-json\/wp\/v2\/product_tag?post=120957"}],"curies":[{"name":"wp","href":"https:\/\/api.w.org\/{rel}","templated":true}]}}