{"id":120765,"date":"2021-05-06T08:49:24","date_gmt":"2021-05-06T06:49:24","guid":{"rendered":"https:\/\/keramamueblesdejardin.com\/unkategorisiert\/quadratischer-gartenbeistelltisch-aus-faserzement-warm\/"},"modified":"2023-08-29T10:47:15","modified_gmt":"2023-08-29T08:47:15","slug":"tisch-seite-garten-aus-faserzement-quadratisch-warm","status":"publish","type":"product","link":"https:\/\/keramamueblesdejardin.com\/de\/unkategorisiert\/tisch-seite-garten-aus-faserzement-quadratisch-warm\/","title":{"rendered":"Quadratischer Gartenbeistelltisch aus Faserzement &#8211; Warm"},"content":{"rendered":"<p>Quadratischer Verandatisch aus Faserzement mit nat\u00fcrlichem Butangas \/ Propan-Finish. Es hat einen Deckel, der nur als Tisch verwendet werden kann, und auch Vulkanstein im Inneren, um die Flamme zu dekorieren. Die Z\u00fcndung ist sehr einfach, da sie durch einen elektrischen Funken erfolgt. Ausschlie\u00dflich f\u00fcr gut bel\u00fcftete R\u00e4ume empfohlen, egal ob Au\u00dfenbereiche wie Terrassen oder Veranden. Die Installation ist sehr einfach, schlie\u00dfen Sie den Tisch einfach an eine Gasflasche an. Es erm\u00f6glicht die Verl\u00e4ngerung der Sommersaison auf die Herberge ihrer angenehmen Flamme.<\/p>\n","protected":false},"excerpt":{"rendered":"<ul>\n<li>Quadratischer Gartenbeistelltisch aus Faserzement Warm<\/li>\n<li>Tisch mit Lagerfeuerfunktion<\/li>\n<li>Inklusive Deckel f\u00fcr Tischfunktion<\/li>\n<li>Flamme einstellbar in der Intensit\u00e4t<\/li>\n<\/ul>\n","protected":false},"featured_media":116329,"comment_status":"closed","ping_status":"open","template":"","meta":{"_acf_changed":false},"product_brand":[],"product_cat":[],"product_tag":[],"class_list":{"0":"post-120765","1":"product","2":"type-product","3":"status-publish","4":"has-post-thumbnail","7":"first","8":"outofstock","9":"sale","10":"purchasable","11":"product-type-simple","12":"add-to-wishlist-before_image"},"acf":[],"yoast_head":"<!-- This site is optimized with the Yoast SEO plugin v27.4 - https:\/\/yoast.com\/product\/yoast-seo-wordpress\/ -->\n<title>Quadratischer Gartenbeistelltisch aus Faserzement - Warm - Kerama<\/title>\n<meta name=\"robots\" content=\"index, follow, max-snippet:-1, max-image-preview:large, max-video-preview:-1\" \/>\n<link rel=\"canonical\" href=\"https:\/\/keramamueblesdejardin.com\/de\/unkategorisiert\/tisch-seite-garten-aus-faserzement-quadratisch-warm\/\" \/>\n<meta property=\"og:locale\" content=\"de_DE\" \/>\n<meta property=\"og:type\" content=\"article\" \/>\n<meta property=\"og:title\" content=\"Quadratischer Gartenbeistelltisch aus Faserzement - Warm - Kerama\" \/>\n<meta property=\"og:description\" content=\"Quadratischer Gartenbeistelltisch aus Faserzement Warm  Tisch mit Lagerfeuerfunktion  Inklusive Deckel f\u00fcr Tischfunktion  Flamme einstellbar in der Intensit\u00e4t\" \/>\n<meta property=\"og:url\" content=\"https:\/\/keramamueblesdejardin.com\/de\/unkategorisiert\/tisch-seite-garten-aus-faserzement-quadratisch-warm\/\" \/>\n<meta property=\"og:site_name\" content=\"Kerama\" \/>\n<meta property=\"article:publisher\" content=\"https:\/\/www.facebook.com\/Kerama-Muebles-de-Jard%c3%adn-106209328312568\/\" \/>\n<meta property=\"article:modified_time\" content=\"2023-08-29T08:47:15+00:00\" \/>\n<meta property=\"og:image\" content=\"https:\/\/keramamueblesdejardin.com\/wp-content\/uploads\/2021\/05\/KMJ21109_S_1.jpg\" \/>\n\t<meta property=\"og:image:width\" content=\"2000\" \/>\n\t<meta property=\"og:image:height\" content=\"2000\" \/>\n\t<meta property=\"og:image:type\" content=\"image\/jpeg\" \/>\n<meta name=\"twitter:card\" content=\"summary_large_image\" \/>\n<script type=\"application\/ld+json\" class=\"yoast-schema-graph\">{\"@context\":\"https:\\\/\\\/schema.org\",\"@graph\":[{\"@type\":\"WebPage\",\"@id\":\"https:\\\/\\\/keramamueblesdejardin.com\\\/de\\\/unkategorisiert\\\/tisch-seite-garten-aus-faserzement-quadratisch-warm\\\/\",\"url\":\"https:\\\/\\\/keramamueblesdejardin.com\\\/de\\\/unkategorisiert\\\/tisch-seite-garten-aus-faserzement-quadratisch-warm\\\/\",\"name\":\"Quadratischer Gartenbeistelltisch aus Faserzement - Warm - Kerama\",\"isPartOf\":{\"@id\":\"https:\\\/\\\/keramamueblesdejardin.com\\\/de\\\/#website\"},\"primaryImageOfPage\":{\"@id\":\"https:\\\/\\\/keramamueblesdejardin.com\\\/de\\\/unkategorisiert\\\/tisch-seite-garten-aus-faserzement-quadratisch-warm\\\/#primaryimage\"},\"image\":{\"@id\":\"https:\\\/\\\/keramamueblesdejardin.com\\\/de\\\/unkategorisiert\\\/tisch-seite-garten-aus-faserzement-quadratisch-warm\\\/#primaryimage\"},\"thumbnailUrl\":\"https:\\\/\\\/keramamueblesdejardin.com\\\/wp-content\\\/uploads\\\/2021\\\/05\\\/KMJ21109_S_1.jpg\",\"datePublished\":\"2021-05-06T06:49:24+00:00\",\"dateModified\":\"2023-08-29T08:47:15+00:00\",\"breadcrumb\":{\"@id\":\"https:\\\/\\\/keramamueblesdejardin.com\\\/de\\\/unkategorisiert\\\/tisch-seite-garten-aus-faserzement-quadratisch-warm\\\/#breadcrumb\"},\"inLanguage\":\"de\",\"potentialAction\":[{\"@type\":\"ReadAction\",\"target\":[\"https:\\\/\\\/keramamueblesdejardin.com\\\/de\\\/unkategorisiert\\\/tisch-seite-garten-aus-faserzement-quadratisch-warm\\\/\"]}]},{\"@type\":\"ImageObject\",\"inLanguage\":\"de\",\"@id\":\"https:\\\/\\\/keramamueblesdejardin.com\\\/de\\\/unkategorisiert\\\/tisch-seite-garten-aus-faserzement-quadratisch-warm\\\/#primaryimage\",\"url\":\"https:\\\/\\\/keramamueblesdejardin.com\\\/wp-content\\\/uploads\\\/2021\\\/05\\\/KMJ21109_S_1.jpg\",\"contentUrl\":\"https:\\\/\\\/keramamueblesdejardin.com\\\/wp-content\\\/uploads\\\/2021\\\/05\\\/KMJ21109_S_1.jpg\",\"width\":2000,\"height\":2000},{\"@type\":\"BreadcrumbList\",\"@id\":\"https:\\\/\\\/keramamueblesdejardin.com\\\/de\\\/unkategorisiert\\\/tisch-seite-garten-aus-faserzement-quadratisch-warm\\\/#breadcrumb\",\"itemListElement\":[{\"@type\":\"ListItem\",\"position\":1,\"name\":\"Home\",\"item\":\"https:\\\/\\\/keramamueblesdejardin.com\\\/de\\\/\"},{\"@type\":\"ListItem\",\"position\":2,\"name\":\"Laden\",\"item\":\"https:\\\/\\\/keramamueblesdejardin.com\\\/de\\\/laden\\\/\"},{\"@type\":\"ListItem\",\"position\":3,\"name\":\"Lounges im Freien\",\"item\":\"https:\\\/\\\/keramamueblesdejardin.com\\\/de\\\/lounges-im-freien\\\/\"},{\"@type\":\"ListItem\",\"position\":4,\"name\":\"Beistelltische f\u00fcr den Garten\",\"item\":\"https:\\\/\\\/keramamueblesdejardin.com\\\/de\\\/lounges-im-freien\\\/beistelltische-fur-den-garten\\\/\"},{\"@type\":\"ListItem\",\"position\":5,\"name\":\"Quadratischer Gartenbeistelltisch aus Faserzement &#8211; Warm\"}]},{\"@type\":\"WebSite\",\"@id\":\"https:\\\/\\\/keramamueblesdejardin.com\\\/de\\\/#website\",\"url\":\"https:\\\/\\\/keramamueblesdejardin.com\\\/de\\\/\",\"name\":\"Kerama\",\"description\":\"muebles de jard\u00edn\",\"publisher\":{\"@id\":\"https:\\\/\\\/keramamueblesdejardin.com\\\/de\\\/#organization\"},\"potentialAction\":[{\"@type\":\"SearchAction\",\"target\":{\"@type\":\"EntryPoint\",\"urlTemplate\":\"https:\\\/\\\/keramamueblesdejardin.com\\\/de\\\/?s={search_term_string}\"},\"query-input\":{\"@type\":\"PropertyValueSpecification\",\"valueRequired\":true,\"valueName\":\"search_term_string\"}}],\"inLanguage\":\"de\"},{\"@type\":\"Organization\",\"@id\":\"https:\\\/\\\/keramamueblesdejardin.com\\\/de\\\/#organization\",\"name\":\"kerama\",\"url\":\"https:\\\/\\\/keramamueblesdejardin.com\\\/de\\\/\",\"logo\":{\"@type\":\"ImageObject\",\"inLanguage\":\"de\",\"@id\":\"https:\\\/\\\/keramamueblesdejardin.com\\\/de\\\/#\\\/schema\\\/logo\\\/image\\\/\",\"url\":\"https:\\\/\\\/keramamueblesdejardin.com\\\/wp-content\\\/uploads\\\/2020\\\/12\\\/k.-scaled.jpg\",\"contentUrl\":\"https:\\\/\\\/keramamueblesdejardin.com\\\/wp-content\\\/uploads\\\/2020\\\/12\\\/k.-scaled.jpg\",\"width\":2560,\"height\":551,\"caption\":\"kerama\"},\"image\":{\"@id\":\"https:\\\/\\\/keramamueblesdejardin.com\\\/de\\\/#\\\/schema\\\/logo\\\/image\\\/\"},\"sameAs\":[\"https:\\\/\\\/www.facebook.com\\\/Kerama-Muebles-de-Jard\u00edn-106209328312568\\\/\"]}]}<\/script>\n<!-- \/ Yoast SEO plugin. -->","yoast_head_json":{"title":"Quadratischer Gartenbeistelltisch aus Faserzement - Warm - Kerama","robots":{"index":"index","follow":"follow","max-snippet":"max-snippet:-1","max-image-preview":"max-image-preview:large","max-video-preview":"max-video-preview:-1"},"canonical":"https:\/\/keramamueblesdejardin.com\/de\/unkategorisiert\/tisch-seite-garten-aus-faserzement-quadratisch-warm\/","og_locale":"de_DE","og_type":"article","og_title":"Quadratischer Gartenbeistelltisch aus Faserzement - Warm - Kerama","og_description":"Quadratischer Gartenbeistelltisch aus Faserzement Warm  Tisch mit Lagerfeuerfunktion  Inklusive Deckel f\u00fcr Tischfunktion  Flamme einstellbar in der Intensit\u00e4t","og_url":"https:\/\/keramamueblesdejardin.com\/de\/unkategorisiert\/tisch-seite-garten-aus-faserzement-quadratisch-warm\/","og_site_name":"Kerama","article_publisher":"https:\/\/www.facebook.com\/Kerama-Muebles-de-Jard%c3%adn-106209328312568\/","article_modified_time":"2023-08-29T08:47:15+00:00","og_image":[{"width":2000,"height":2000,"url":"https:\/\/keramamueblesdejardin.com\/wp-content\/uploads\/2021\/05\/KMJ21109_S_1.jpg","type":"image\/jpeg"}],"twitter_card":"summary_large_image","schema":{"@context":"https:\/\/schema.org","@graph":[{"@type":"WebPage","@id":"https:\/\/keramamueblesdejardin.com\/de\/unkategorisiert\/tisch-seite-garten-aus-faserzement-quadratisch-warm\/","url":"https:\/\/keramamueblesdejardin.com\/de\/unkategorisiert\/tisch-seite-garten-aus-faserzement-quadratisch-warm\/","name":"Quadratischer Gartenbeistelltisch aus Faserzement - Warm - Kerama","isPartOf":{"@id":"https:\/\/keramamueblesdejardin.com\/de\/#website"},"primaryImageOfPage":{"@id":"https:\/\/keramamueblesdejardin.com\/de\/unkategorisiert\/tisch-seite-garten-aus-faserzement-quadratisch-warm\/#primaryimage"},"image":{"@id":"https:\/\/keramamueblesdejardin.com\/de\/unkategorisiert\/tisch-seite-garten-aus-faserzement-quadratisch-warm\/#primaryimage"},"thumbnailUrl":"https:\/\/keramamueblesdejardin.com\/wp-content\/uploads\/2021\/05\/KMJ21109_S_1.jpg","datePublished":"2021-05-06T06:49:24+00:00","dateModified":"2023-08-29T08:47:15+00:00","breadcrumb":{"@id":"https:\/\/keramamueblesdejardin.com\/de\/unkategorisiert\/tisch-seite-garten-aus-faserzement-quadratisch-warm\/#breadcrumb"},"inLanguage":"de","potentialAction":[{"@type":"ReadAction","target":["https:\/\/keramamueblesdejardin.com\/de\/unkategorisiert\/tisch-seite-garten-aus-faserzement-quadratisch-warm\/"]}]},{"@type":"ImageObject","inLanguage":"de","@id":"https:\/\/keramamueblesdejardin.com\/de\/unkategorisiert\/tisch-seite-garten-aus-faserzement-quadratisch-warm\/#primaryimage","url":"https:\/\/keramamueblesdejardin.com\/wp-content\/uploads\/2021\/05\/KMJ21109_S_1.jpg","contentUrl":"https:\/\/keramamueblesdejardin.com\/wp-content\/uploads\/2021\/05\/KMJ21109_S_1.jpg","width":2000,"height":2000},{"@type":"BreadcrumbList","@id":"https:\/\/keramamueblesdejardin.com\/de\/unkategorisiert\/tisch-seite-garten-aus-faserzement-quadratisch-warm\/#breadcrumb","itemListElement":[{"@type":"ListItem","position":1,"name":"Home","item":"https:\/\/keramamueblesdejardin.com\/de\/"},{"@type":"ListItem","position":2,"name":"Laden","item":"https:\/\/keramamueblesdejardin.com\/de\/laden\/"},{"@type":"ListItem","position":3,"name":"Lounges im Freien","item":"https:\/\/keramamueblesdejardin.com\/de\/lounges-im-freien\/"},{"@type":"ListItem","position":4,"name":"Beistelltische f\u00fcr den Garten","item":"https:\/\/keramamueblesdejardin.com\/de\/lounges-im-freien\/beistelltische-fur-den-garten\/"},{"@type":"ListItem","position":5,"name":"Quadratischer Gartenbeistelltisch aus Faserzement &#8211; Warm"}]},{"@type":"WebSite","@id":"https:\/\/keramamueblesdejardin.com\/de\/#website","url":"https:\/\/keramamueblesdejardin.com\/de\/","name":"Kerama","description":"muebles de jard\u00edn","publisher":{"@id":"https:\/\/keramamueblesdejardin.com\/de\/#organization"},"potentialAction":[{"@type":"SearchAction","target":{"@type":"EntryPoint","urlTemplate":"https:\/\/keramamueblesdejardin.com\/de\/?s={search_term_string}"},"query-input":{"@type":"PropertyValueSpecification","valueRequired":true,"valueName":"search_term_string"}}],"inLanguage":"de"},{"@type":"Organization","@id":"https:\/\/keramamueblesdejardin.com\/de\/#organization","name":"kerama","url":"https:\/\/keramamueblesdejardin.com\/de\/","logo":{"@type":"ImageObject","inLanguage":"de","@id":"https:\/\/keramamueblesdejardin.com\/de\/#\/schema\/logo\/image\/","url":"https:\/\/keramamueblesdejardin.com\/wp-content\/uploads\/2020\/12\/k.-scaled.jpg","contentUrl":"https:\/\/keramamueblesdejardin.com\/wp-content\/uploads\/2020\/12\/k.-scaled.jpg","width":2560,"height":551,"caption":"kerama"},"image":{"@id":"https:\/\/keramamueblesdejardin.com\/de\/#\/schema\/logo\/image\/"},"sameAs":["https:\/\/www.facebook.com\/Kerama-Muebles-de-Jard\u00edn-106209328312568\/"]}]}},"df_price":759,"df_sale_price":759,"df_regular_price":987,"df_image_link":"https:\/\/keramamueblesdejardin.com\/wp-content\/uploads\/2021\/05\/KMJ21109_S_1-300x300.jpg","custom_tabs":[{"title":"MESSUNG","id":"messung","content":"<strong>H\u00f6he:<\/strong> 40 cm\n<strong>Breite:<\/strong> 91,50 cm\n<strong>Tiefe:<\/strong> 91,50 cm\n<strong>Artikelgewicht:<\/strong> 37 kg"},{"title":"AUSPACKEN UND MONTIEREN","id":"auspacken-und-montieren","content":"Empfehlungen zum Auspacken: Verwenden Sie beim Auspacken der M\u00f6bel keine scharfen Utensilien, da dies zu Besch\u00e4digungen f\u00fchren kann\nMontage erforderlich (ja\/nein): Nein"},{"title":"WARTUNG UND GARANTIEN","id":"wartung-und-garantien","content":"<strong>Rahmenbedingungen:<\/strong>\n\u2022 Pannen oder Sch\u00e4den, die verursacht werden durch:\n\u2022 Zuf\u00e4llige Ursachen wie St\u00fcrze, Schl\u00e4ge, Versch\u00fctten von Fl\u00fcssigkeiten, Einschleppen von Fremdk\u00f6rpern sowie andere h\u00f6here Gewalt.\n\u2022 Fahrl\u00e4ssiger, unsachgem\u00e4\u00dfer oder nicht h\u00e4uslicher Gebrauch.\n\u2022 Besch\u00e4digung, Korrosion und\/oder Oxidation beschleunigt durch widrige Umweltbedingungen\n\u2022 Flecken und Verf\u00e4rbungen durch Nichtbeachtung unserer Reinigungsanweisungen\n\u2022 Sch\u00e4den, die w\u00e4hrend der Montage und Handhabung auftreten, ohne die angegebenen Montageanweisungen befolgt zu haben.\n<strong>Gebrauchs- und Wartungshinweise:<\/strong>\n\u2022 Reinigen Sie mit Hilfe eines Tuchs vorsichtig oder verwenden Sie eine neutrale Fl\u00fcssigseife und sp\u00fclen Sie sie mit viel Wasser ab\n\u2022 Entfernen Sie Staub regelm\u00e4\u00dfig mit Hilfe eines weichen Tuchs und klarem Wasser.\n\u2022 Verwenden Sie zum Reinigen keine Reinigungsmittel oder Scheuermittel.\n\u2022 Befolgen Sie zum Reinigen der Kissen die Anweisungen auf dem Textiletikett.\nJahre <strong>Garantie: 2 Jahre<\/strong>\n<strong>Hergestellt nach Norm:<\/strong> 581-1.581-2.581-3"}],"_links":{"self":[{"href":"https:\/\/keramamueblesdejardin.com\/de\/wp-json\/wp\/v2\/product\/120765","targetHints":{"allow":["GET"]}}],"collection":[{"href":"https:\/\/keramamueblesdejardin.com\/de\/wp-json\/wp\/v2\/product"}],"about":[{"href":"https:\/\/keramamueblesdejardin.com\/de\/wp-json\/wp\/v2\/types\/product"}],"replies":[{"embeddable":true,"href":"https:\/\/keramamueblesdejardin.com\/de\/wp-json\/wp\/v2\/comments?post=120765"}],"wp:featuredmedia":[{"embeddable":true,"href":"https:\/\/keramamueblesdejardin.com\/de\/wp-json\/wp\/v2\/media\/116329"}],"wp:attachment":[{"href":"https:\/\/keramamueblesdejardin.com\/de\/wp-json\/wp\/v2\/media?parent=120765"}],"wp:term":[{"taxonomy":"product_brand","embeddable":true,"href":"https:\/\/keramamueblesdejardin.com\/de\/wp-json\/wp\/v2\/product_brand?post=120765"},{"taxonomy":"product_cat","embeddable":true,"href":"https:\/\/keramamueblesdejardin.com\/de\/wp-json\/wp\/v2\/product_cat?post=120765"},{"taxonomy":"product_tag","embeddable":true,"href":"https:\/\/keramamueblesdejardin.com\/de\/wp-json\/wp\/v2\/product_tag?post=120765"}],"curies":[{"name":"wp","href":"https:\/\/api.w.org\/{rel}","templated":true}]}}