{"id":119927,"date":"2021-10-14T17:44:51","date_gmt":"2021-10-14T15:44:51","guid":{"rendered":"https:\/\/keramamueblesdejardin.com\/uncategorized\/gartentischgarnitur-300-200x100-cm-und-8-stuehle-aluminium-anthrazit-textil-gesteppt-osaka\/"},"modified":"2025-05-19T11:01:17","modified_gmt":"2025-05-19T09:01:17","slug":"gedeckter-garten-300-200x100-cm-y-8-stuhle-aluminium-anthrazit-textilene-stepp-osaka","status":"publish","type":"product","link":"https:\/\/keramamueblesdejardin.com\/de\/speisesale-im-freien\/gartentisch-und-stuhlgarnitur\/gedeckter-garten-300-200x100-cm-y-8-stuhle-aluminium-anthrazit-textilene-stepp-osaka\/","title":{"rendered":"Gartentischgarnitur 300\/200&#215;100 cm und 8 St\u00fchle Aluminium anthrazit Textil gesteppt \u2013 Osaka"},"content":{"rendered":"<p><span style=\"font-weight: 400;\">Das <strong>Osaka Gartenset besteht aus<\/strong> einem ausziehbaren Tisch aus anthrazitfarbenem Aluminium und Polywood-Latten mit Holzimitat und <strong>8 stapelbaren anthrazitfarbenen Aluminiumst\u00fchlen<\/strong>, die in Grau gepolstert und mit Polywood-Armlehnen ausgestattet sind.<strong><\/strong><\/span><\/p>\n<p><span style=\"font-weight: 400;\">Das Set wurde entwickelt, um das Beste aus Ihrer Terrasse oder Veranda herauszuholen, da das <strong>Verl\u00e4ngerungssystem des<\/strong> Tisches es<strong> Ihnen erm\u00f6glicht, ihn einfacher und schneller um 100 cm zu erweitern<\/strong>.<\/span><\/p>\n<p><span style=\"font-weight: 400;\">Der Tisch aus anthrazitfarbenem Aluminium ist ideal, um in <strong>Gesellschaft von Freunden und Familienessen<\/strong> , Grillabenden und Treffen im Freien zu genie\u00dfen.<\/span><\/p>\n<p><span style=\"font-weight: 400;\">Sie k\u00f6nnen das Set mit anderen Produkten kombinieren, die Teil der <a href=\"https:\/\/keramamueblesdejardin.com\/etiqueta\/osaka\/\" target=\"_blank\" rel=\"noopener\"><br \/>\n  <strong>Osaka-Familie<\/strong><br \/>\n<\/a> sind.<\/span><\/p>\n<p><span style=\"font-weight: 400;\">Schauen Sie sich unsere <\/span><a href=\"https:\/\/keramamueblesdejardin.com\/comedores-exterior\/conjunto-mesa-y-sillas-jardin\/\" target=\"_blank\" rel=\"noopener\"><b>Gartentisch- und Stuhlsets<\/b><\/p>\n<p><\/a> an<b>.<\/b><\/p>\n","protected":false},"excerpt":{"rendered":"<ul>\n<li>Gartengarnitur mit Tisch und 8 stapelbaren St\u00fchlen Osaka<\/li>\n<li>Ausziehbarer Tisch aus anthrazitfarbenem Aluminium und Polywood-Latten mit Holzoptik<\/li>\n<li>Anthrazitfarbene Aluminiumst\u00fchle mit Armlehnen aus Polywood-Holzimitat und grau gestepptem Textil<\/li>\n<li>Tischma\u00dfe: 200\u00d7100 cm ( geschlossen ) 300\u00d7100 cm ( ausgezogen )<\/li>\n<\/ul>\n","protected":false},"featured_media":119980,"comment_status":"closed","ping_status":"closed","template":"","meta":{"_acf_changed":false},"product_brand":[],"product_cat":[3241,3238],"product_tag":[3376,3242,3252,3377],"class_list":{"0":"post-119927","1":"product","2":"type-product","3":"status-publish","4":"has-post-thumbnail","6":"product_cat-gartentisch-und-stuhlgarnitur","7":"product_cat-speisesale-im-freien","8":"product_tag-aluminium-de","9":"product_tag-grose-raume","10":"product_tag-osaka-de","11":"product_tag-tokio","12":"product_shipping_class-envio-gratuito-de","13":"pa_ancho-260-de","14":"pa_asientos-6-de","15":"pa_caracteristicas-armlehne","16":"pa_caracteristicas-erweiterbar","17":"pa_caracteristicas-stapelbar","18":"pa_caracteristicas-wasserdicht","19":"pa_coleccion-osaka-de","20":"pa_espacio-11-96-de","21":"pa_forma-rechteckig","22":"pa_largo-460-de","23":"pa_m2-1196-de","24":"pa_material-aluminium","25":"pa_material-holzimitat","26":"pa_material-textil","27":"pa_tamano-espacio-gros","29":"first","30":"instock","31":"sale","32":"featured","33":"purchasable","34":"product-type-simple","35":"add-to-wishlist-before_image"},"acf":[],"yoast_head":"<!-- This site is optimized with the Yoast SEO plugin v27.4 - https:\/\/yoast.com\/product\/yoast-seo-wordpress\/ -->\n<title>Gartentischgarnitur 300\/200x100 cm und 8 St\u00fchle Aluminium anthrazit Textil gesteppt \u2013 Osaka - Kerama<\/title>\n<meta name=\"robots\" content=\"index, follow, max-snippet:-1, max-image-preview:large, max-video-preview:-1\" \/>\n<link rel=\"canonical\" href=\"https:\/\/keramamueblesdejardin.com\/de\/speisesale-im-freien\/gartentisch-und-stuhlgarnitur\/gedeckter-garten-300-200x100-cm-y-8-stuhle-aluminium-anthrazit-textilene-stepp-osaka\/\" \/>\n<meta property=\"og:locale\" content=\"de_DE\" \/>\n<meta property=\"og:type\" content=\"article\" \/>\n<meta property=\"og:title\" content=\"Gartentischgarnitur 300\/200x100 cm und 8 St\u00fchle Aluminium anthrazit Textil gesteppt \u2013 Osaka - Kerama\" \/>\n<meta property=\"og:description\" content=\"Gartengarnitur mit Tisch und 8 stapelbaren St\u00fchlen Osaka  Ausziehbarer Tisch aus anthrazitfarbenem Aluminium und Polywood-Latten mit Holzoptik  Anthrazitfarbene Aluminiumst\u00fchle mit Armlehnen aus Polywood-Holzimitat und grau gestepptem Textil  Tischma\u00dfe: 200\u00d7100 cm ( geschlossen ) 300\u00d7100 cm ( ausgezogen )\" \/>\n<meta property=\"og:url\" content=\"https:\/\/keramamueblesdejardin.com\/de\/speisesale-im-freien\/gartentisch-und-stuhlgarnitur\/gedeckter-garten-300-200x100-cm-y-8-stuhle-aluminium-anthrazit-textilene-stepp-osaka\/\" \/>\n<meta property=\"og:site_name\" content=\"Kerama\" \/>\n<meta property=\"article:publisher\" content=\"https:\/\/www.facebook.com\/Kerama-Muebles-de-Jard%c3%adn-106209328312568\/\" \/>\n<meta property=\"article:modified_time\" content=\"2025-05-19T09:01:17+00:00\" \/>\n<meta property=\"og:image\" content=\"https:\/\/keramamueblesdejardin.com\/wp-content\/uploads\/2021\/10\/21.jpg\" \/>\n\t<meta property=\"og:image:width\" content=\"1200\" \/>\n\t<meta property=\"og:image:height\" content=\"1200\" \/>\n\t<meta property=\"og:image:type\" content=\"image\/jpeg\" \/>\n<meta name=\"twitter:card\" content=\"summary_large_image\" \/>\n<meta name=\"twitter:label1\" content=\"Gesch\u00e4tzte Lesezeit\" \/>\n\t<meta name=\"twitter:data1\" content=\"1\u00a0Minute\" \/>\n<script type=\"application\/ld+json\" class=\"yoast-schema-graph\">{\"@context\":\"https:\\\/\\\/schema.org\",\"@graph\":[{\"@type\":\"WebPage\",\"@id\":\"https:\\\/\\\/keramamueblesdejardin.com\\\/de\\\/speisesale-im-freien\\\/gartentisch-und-stuhlgarnitur\\\/gedeckter-garten-300-200x100-cm-y-8-stuhle-aluminium-anthrazit-textilene-stepp-osaka\\\/\",\"url\":\"https:\\\/\\\/keramamueblesdejardin.com\\\/de\\\/speisesale-im-freien\\\/gartentisch-und-stuhlgarnitur\\\/gedeckter-garten-300-200x100-cm-y-8-stuhle-aluminium-anthrazit-textilene-stepp-osaka\\\/\",\"name\":\"Gartentischgarnitur 300\\\/200x100 cm und 8 St\u00fchle Aluminium anthrazit Textil gesteppt \u2013 Osaka - Kerama\",\"isPartOf\":{\"@id\":\"https:\\\/\\\/keramamueblesdejardin.com\\\/de\\\/#website\"},\"primaryImageOfPage\":{\"@id\":\"https:\\\/\\\/keramamueblesdejardin.com\\\/de\\\/speisesale-im-freien\\\/gartentisch-und-stuhlgarnitur\\\/gedeckter-garten-300-200x100-cm-y-8-stuhle-aluminium-anthrazit-textilene-stepp-osaka\\\/#primaryimage\"},\"image\":{\"@id\":\"https:\\\/\\\/keramamueblesdejardin.com\\\/de\\\/speisesale-im-freien\\\/gartentisch-und-stuhlgarnitur\\\/gedeckter-garten-300-200x100-cm-y-8-stuhle-aluminium-anthrazit-textilene-stepp-osaka\\\/#primaryimage\"},\"thumbnailUrl\":\"https:\\\/\\\/keramamueblesdejardin.com\\\/wp-content\\\/uploads\\\/2021\\\/10\\\/21.jpg\",\"datePublished\":\"2021-10-14T15:44:51+00:00\",\"dateModified\":\"2025-05-19T09:01:17+00:00\",\"breadcrumb\":{\"@id\":\"https:\\\/\\\/keramamueblesdejardin.com\\\/de\\\/speisesale-im-freien\\\/gartentisch-und-stuhlgarnitur\\\/gedeckter-garten-300-200x100-cm-y-8-stuhle-aluminium-anthrazit-textilene-stepp-osaka\\\/#breadcrumb\"},\"inLanguage\":\"de\",\"potentialAction\":[{\"@type\":\"ReadAction\",\"target\":[\"https:\\\/\\\/keramamueblesdejardin.com\\\/de\\\/speisesale-im-freien\\\/gartentisch-und-stuhlgarnitur\\\/gedeckter-garten-300-200x100-cm-y-8-stuhle-aluminium-anthrazit-textilene-stepp-osaka\\\/\"]}]},{\"@type\":\"ImageObject\",\"inLanguage\":\"de\",\"@id\":\"https:\\\/\\\/keramamueblesdejardin.com\\\/de\\\/speisesale-im-freien\\\/gartentisch-und-stuhlgarnitur\\\/gedeckter-garten-300-200x100-cm-y-8-stuhle-aluminium-anthrazit-textilene-stepp-osaka\\\/#primaryimage\",\"url\":\"https:\\\/\\\/keramamueblesdejardin.com\\\/wp-content\\\/uploads\\\/2021\\\/10\\\/21.jpg\",\"contentUrl\":\"https:\\\/\\\/keramamueblesdejardin.com\\\/wp-content\\\/uploads\\\/2021\\\/10\\\/21.jpg\",\"width\":1200,\"height\":1200},{\"@type\":\"BreadcrumbList\",\"@id\":\"https:\\\/\\\/keramamueblesdejardin.com\\\/de\\\/speisesale-im-freien\\\/gartentisch-und-stuhlgarnitur\\\/gedeckter-garten-300-200x100-cm-y-8-stuhle-aluminium-anthrazit-textilene-stepp-osaka\\\/#breadcrumb\",\"itemListElement\":[{\"@type\":\"ListItem\",\"position\":1,\"name\":\"Home\",\"item\":\"https:\\\/\\\/keramamueblesdejardin.com\\\/de\\\/\"},{\"@type\":\"ListItem\",\"position\":2,\"name\":\"Laden\",\"item\":\"https:\\\/\\\/keramamueblesdejardin.com\\\/de\\\/laden\\\/\"},{\"@type\":\"ListItem\",\"position\":3,\"name\":\"Speises\u00e4le im Freien\",\"item\":\"https:\\\/\\\/keramamueblesdejardin.com\\\/de\\\/speisesale-im-freien\\\/\"},{\"@type\":\"ListItem\",\"position\":4,\"name\":\"Gartentisch- und Stuhlgarnitur\",\"item\":\"https:\\\/\\\/keramamueblesdejardin.com\\\/de\\\/speisesale-im-freien\\\/gartentisch-und-stuhlgarnitur\\\/\"},{\"@type\":\"ListItem\",\"position\":5,\"name\":\"Gartentischgarnitur 300\\\/200&#215;100 cm und 8 St\u00fchle Aluminium anthrazit Textil gesteppt \u2013 Osaka\"}]},{\"@type\":\"WebSite\",\"@id\":\"https:\\\/\\\/keramamueblesdejardin.com\\\/de\\\/#website\",\"url\":\"https:\\\/\\\/keramamueblesdejardin.com\\\/de\\\/\",\"name\":\"Kerama\",\"description\":\"muebles de jard\u00edn\",\"publisher\":{\"@id\":\"https:\\\/\\\/keramamueblesdejardin.com\\\/de\\\/#organization\"},\"potentialAction\":[{\"@type\":\"SearchAction\",\"target\":{\"@type\":\"EntryPoint\",\"urlTemplate\":\"https:\\\/\\\/keramamueblesdejardin.com\\\/de\\\/?s={search_term_string}\"},\"query-input\":{\"@type\":\"PropertyValueSpecification\",\"valueRequired\":true,\"valueName\":\"search_term_string\"}}],\"inLanguage\":\"de\"},{\"@type\":\"Organization\",\"@id\":\"https:\\\/\\\/keramamueblesdejardin.com\\\/de\\\/#organization\",\"name\":\"kerama\",\"url\":\"https:\\\/\\\/keramamueblesdejardin.com\\\/de\\\/\",\"logo\":{\"@type\":\"ImageObject\",\"inLanguage\":\"de\",\"@id\":\"https:\\\/\\\/keramamueblesdejardin.com\\\/de\\\/#\\\/schema\\\/logo\\\/image\\\/\",\"url\":\"https:\\\/\\\/keramamueblesdejardin.com\\\/wp-content\\\/uploads\\\/2020\\\/12\\\/k.-scaled.jpg\",\"contentUrl\":\"https:\\\/\\\/keramamueblesdejardin.com\\\/wp-content\\\/uploads\\\/2020\\\/12\\\/k.-scaled.jpg\",\"width\":2560,\"height\":551,\"caption\":\"kerama\"},\"image\":{\"@id\":\"https:\\\/\\\/keramamueblesdejardin.com\\\/de\\\/#\\\/schema\\\/logo\\\/image\\\/\"},\"sameAs\":[\"https:\\\/\\\/www.facebook.com\\\/Kerama-Muebles-de-Jard\u00edn-106209328312568\\\/\"]}]}<\/script>\n<!-- \/ Yoast SEO plugin. -->","yoast_head_json":{"title":"Gartentischgarnitur 300\/200x100 cm und 8 St\u00fchle Aluminium anthrazit Textil gesteppt \u2013 Osaka - Kerama","robots":{"index":"index","follow":"follow","max-snippet":"max-snippet:-1","max-image-preview":"max-image-preview:large","max-video-preview":"max-video-preview:-1"},"canonical":"https:\/\/keramamueblesdejardin.com\/de\/speisesale-im-freien\/gartentisch-und-stuhlgarnitur\/gedeckter-garten-300-200x100-cm-y-8-stuhle-aluminium-anthrazit-textilene-stepp-osaka\/","og_locale":"de_DE","og_type":"article","og_title":"Gartentischgarnitur 300\/200x100 cm und 8 St\u00fchle Aluminium anthrazit Textil gesteppt \u2013 Osaka - Kerama","og_description":"Gartengarnitur mit Tisch und 8 stapelbaren St\u00fchlen Osaka  Ausziehbarer Tisch aus anthrazitfarbenem Aluminium und Polywood-Latten mit Holzoptik  Anthrazitfarbene Aluminiumst\u00fchle mit Armlehnen aus Polywood-Holzimitat und grau gestepptem Textil  Tischma\u00dfe: 200\u00d7100 cm ( geschlossen ) 300\u00d7100 cm ( ausgezogen )","og_url":"https:\/\/keramamueblesdejardin.com\/de\/speisesale-im-freien\/gartentisch-und-stuhlgarnitur\/gedeckter-garten-300-200x100-cm-y-8-stuhle-aluminium-anthrazit-textilene-stepp-osaka\/","og_site_name":"Kerama","article_publisher":"https:\/\/www.facebook.com\/Kerama-Muebles-de-Jard%c3%adn-106209328312568\/","article_modified_time":"2025-05-19T09:01:17+00:00","og_image":[{"width":1200,"height":1200,"url":"https:\/\/keramamueblesdejardin.com\/wp-content\/uploads\/2021\/10\/21.jpg","type":"image\/jpeg"}],"twitter_card":"summary_large_image","twitter_misc":{"Gesch\u00e4tzte Lesezeit":"1\u00a0Minute"},"schema":{"@context":"https:\/\/schema.org","@graph":[{"@type":"WebPage","@id":"https:\/\/keramamueblesdejardin.com\/de\/speisesale-im-freien\/gartentisch-und-stuhlgarnitur\/gedeckter-garten-300-200x100-cm-y-8-stuhle-aluminium-anthrazit-textilene-stepp-osaka\/","url":"https:\/\/keramamueblesdejardin.com\/de\/speisesale-im-freien\/gartentisch-und-stuhlgarnitur\/gedeckter-garten-300-200x100-cm-y-8-stuhle-aluminium-anthrazit-textilene-stepp-osaka\/","name":"Gartentischgarnitur 300\/200x100 cm und 8 St\u00fchle Aluminium anthrazit Textil gesteppt \u2013 Osaka - Kerama","isPartOf":{"@id":"https:\/\/keramamueblesdejardin.com\/de\/#website"},"primaryImageOfPage":{"@id":"https:\/\/keramamueblesdejardin.com\/de\/speisesale-im-freien\/gartentisch-und-stuhlgarnitur\/gedeckter-garten-300-200x100-cm-y-8-stuhle-aluminium-anthrazit-textilene-stepp-osaka\/#primaryimage"},"image":{"@id":"https:\/\/keramamueblesdejardin.com\/de\/speisesale-im-freien\/gartentisch-und-stuhlgarnitur\/gedeckter-garten-300-200x100-cm-y-8-stuhle-aluminium-anthrazit-textilene-stepp-osaka\/#primaryimage"},"thumbnailUrl":"https:\/\/keramamueblesdejardin.com\/wp-content\/uploads\/2021\/10\/21.jpg","datePublished":"2021-10-14T15:44:51+00:00","dateModified":"2025-05-19T09:01:17+00:00","breadcrumb":{"@id":"https:\/\/keramamueblesdejardin.com\/de\/speisesale-im-freien\/gartentisch-und-stuhlgarnitur\/gedeckter-garten-300-200x100-cm-y-8-stuhle-aluminium-anthrazit-textilene-stepp-osaka\/#breadcrumb"},"inLanguage":"de","potentialAction":[{"@type":"ReadAction","target":["https:\/\/keramamueblesdejardin.com\/de\/speisesale-im-freien\/gartentisch-und-stuhlgarnitur\/gedeckter-garten-300-200x100-cm-y-8-stuhle-aluminium-anthrazit-textilene-stepp-osaka\/"]}]},{"@type":"ImageObject","inLanguage":"de","@id":"https:\/\/keramamueblesdejardin.com\/de\/speisesale-im-freien\/gartentisch-und-stuhlgarnitur\/gedeckter-garten-300-200x100-cm-y-8-stuhle-aluminium-anthrazit-textilene-stepp-osaka\/#primaryimage","url":"https:\/\/keramamueblesdejardin.com\/wp-content\/uploads\/2021\/10\/21.jpg","contentUrl":"https:\/\/keramamueblesdejardin.com\/wp-content\/uploads\/2021\/10\/21.jpg","width":1200,"height":1200},{"@type":"BreadcrumbList","@id":"https:\/\/keramamueblesdejardin.com\/de\/speisesale-im-freien\/gartentisch-und-stuhlgarnitur\/gedeckter-garten-300-200x100-cm-y-8-stuhle-aluminium-anthrazit-textilene-stepp-osaka\/#breadcrumb","itemListElement":[{"@type":"ListItem","position":1,"name":"Home","item":"https:\/\/keramamueblesdejardin.com\/de\/"},{"@type":"ListItem","position":2,"name":"Laden","item":"https:\/\/keramamueblesdejardin.com\/de\/laden\/"},{"@type":"ListItem","position":3,"name":"Speises\u00e4le im Freien","item":"https:\/\/keramamueblesdejardin.com\/de\/speisesale-im-freien\/"},{"@type":"ListItem","position":4,"name":"Gartentisch- und Stuhlgarnitur","item":"https:\/\/keramamueblesdejardin.com\/de\/speisesale-im-freien\/gartentisch-und-stuhlgarnitur\/"},{"@type":"ListItem","position":5,"name":"Gartentischgarnitur 300\/200&#215;100 cm und 8 St\u00fchle Aluminium anthrazit Textil gesteppt \u2013 Osaka"}]},{"@type":"WebSite","@id":"https:\/\/keramamueblesdejardin.com\/de\/#website","url":"https:\/\/keramamueblesdejardin.com\/de\/","name":"Kerama","description":"muebles de jard\u00edn","publisher":{"@id":"https:\/\/keramamueblesdejardin.com\/de\/#organization"},"potentialAction":[{"@type":"SearchAction","target":{"@type":"EntryPoint","urlTemplate":"https:\/\/keramamueblesdejardin.com\/de\/?s={search_term_string}"},"query-input":{"@type":"PropertyValueSpecification","valueRequired":true,"valueName":"search_term_string"}}],"inLanguage":"de"},{"@type":"Organization","@id":"https:\/\/keramamueblesdejardin.com\/de\/#organization","name":"kerama","url":"https:\/\/keramamueblesdejardin.com\/de\/","logo":{"@type":"ImageObject","inLanguage":"de","@id":"https:\/\/keramamueblesdejardin.com\/de\/#\/schema\/logo\/image\/","url":"https:\/\/keramamueblesdejardin.com\/wp-content\/uploads\/2020\/12\/k.-scaled.jpg","contentUrl":"https:\/\/keramamueblesdejardin.com\/wp-content\/uploads\/2020\/12\/k.-scaled.jpg","width":2560,"height":551,"caption":"kerama"},"image":{"@id":"https:\/\/keramamueblesdejardin.com\/de\/#\/schema\/logo\/image\/"},"sameAs":["https:\/\/www.facebook.com\/Kerama-Muebles-de-Jard\u00edn-106209328312568\/"]}]}},"df_price":1569,"df_sale_price":1569,"df_regular_price":1931,"df_image_link":"https:\/\/keramamueblesdejardin.com\/wp-content\/uploads\/2021\/10\/21-300x300.jpg","custom_tabs":[{"title":"MESSUNG","id":"messung","content":"H\u00f6he: Stuhl 86 cm \/ Tisch 75 cm\n<strong>Breit:<\/strong> Stuhl 57 cm \/ Tisch 100 cm\n<strong>Unteres:<\/strong> Stuhl 65 cm \/ Tisch 200 cm ( nicht ausgezogen ) 300 cm ( ausgezogen )\nSitzh\u00f6he: 45 cm\nSitztiefe: 55 cm"},{"title":"AUSPACKEN UND MONTIEREN","id":"auspacken-und-montieren","content":"Empfehlungen zum Auspacken: Verwenden Sie beim Auspacken der M\u00f6bel keine scharfen Utensilien, da dies zu Besch\u00e4digungen f\u00fchren kann\nMontage erforderlich (ja\/nein): Ja\nSchwierigkeitsgrad der Montage: Niedrig\nMontagezeit: 20 Minuten\nEmpfohlene Personen f\u00fcr die Montage: 2\n<strong>Montagevorschl\u00e4ge:<\/strong> Bereiten Sie einen sauberen und trockenen Montagebereich vor und stellen Sie sicher, dass keines der im Handbuch angegebenen Teile fehlt. Wir empfehlen das Tragen von Montagehandschuhen. Verwenden Sie nur die mitgelieferten Teile und Hardware. Wir empfehlen NICHT den Kauf mit Montageoption f\u00fcr diesen Artikel, da der Montageschwierigkeitsgrad sehr gering ist."},{"title":"WARTUNG UND GARANTIEN","id":"wartung-und-garantien","content":"<strong>Allgemeine Empfehlungen:<\/strong>\n\u2022 Pannen oder Sch\u00e4den, die verursacht werden durch:\n\u2022 Zuf\u00e4llige Ursachen wie St\u00fcrze, Schl\u00e4ge, Versch\u00fctten von Fl\u00fcssigkeiten, Einschleppen von Fremdk\u00f6rpern sowie andere h\u00f6here Gewalt.\n\u2022 Fahrl\u00e4ssiger, unsachgem\u00e4\u00dfer oder nicht h\u00e4uslicher Gebrauch, Nichtbeachtung der Gebrauchsanweisung.\n\u2022 Besch\u00e4digung, Korrosion und\/oder Oxidation beschleunigt durch widrige Umweltbedingungen\n\u2022 Flecken und Verf\u00e4rbungen durch Nichtbeachtung unserer Reinigungsanweisungen\n\u2022 Sch\u00e4den, die w\u00e4hrend der Montage und Handhabung auftreten, ohne die angegebenen Montageanweisungen befolgt zu haben.\n\n<strong>Gebrauchs- und Wartungshinweise:<\/strong>\n\u2022 Verwenden Sie an sonnigen Tagen eine Tischdecke, insbesondere bei Gl\u00e4sern, Gl\u00e4sern und Glasbeh\u00e4ltern, da diese die Temperatur der Sonne verst\u00e4rkt und Styropor schmelzen kann. Vermeiden Sie jede Art von Abdeckung, die den gleichen Effekt erzielen kann.\n\u2022 Reinigen Sie mit Hilfe eines Tuchs vorsichtig oder verwenden Sie eine neutrale Fl\u00fcssigseife und sp\u00fclen Sie sie mit viel Wasser ab.\n\u2022 Entfernen Sie Staub regelm\u00e4\u00dfig mit Hilfe eines weichen Tuchs und klarem Wasser.\n\u2022 Verwenden Sie zum Reinigen keine Reinigungsmittel oder Scheuermittel.\n\u2022 Trocknen Sie den Tisch nach Regen mit einem sauberen Tuch ab, um Flecken zu vermeiden\n\u2022 Sch\u00fctzen Sie sich mit einer atmungsaktiven Tischdecke oder einer Schutzh\u00fclle\nJahre <strong>Garantie: 3 Jahre<\/strong>\n<strong>Hergestellt nach Norm:<\/strong> 581-1.581-2.581-3"}],"_links":{"self":[{"href":"https:\/\/keramamueblesdejardin.com\/de\/wp-json\/wp\/v2\/product\/119927","targetHints":{"allow":["GET"]}}],"collection":[{"href":"https:\/\/keramamueblesdejardin.com\/de\/wp-json\/wp\/v2\/product"}],"about":[{"href":"https:\/\/keramamueblesdejardin.com\/de\/wp-json\/wp\/v2\/types\/product"}],"replies":[{"embeddable":true,"href":"https:\/\/keramamueblesdejardin.com\/de\/wp-json\/wp\/v2\/comments?post=119927"}],"wp:featuredmedia":[{"embeddable":true,"href":"https:\/\/keramamueblesdejardin.com\/de\/wp-json\/wp\/v2\/media\/119980"}],"wp:attachment":[{"href":"https:\/\/keramamueblesdejardin.com\/de\/wp-json\/wp\/v2\/media?parent=119927"}],"wp:term":[{"taxonomy":"product_brand","embeddable":true,"href":"https:\/\/keramamueblesdejardin.com\/de\/wp-json\/wp\/v2\/product_brand?post=119927"},{"taxonomy":"product_cat","embeddable":true,"href":"https:\/\/keramamueblesdejardin.com\/de\/wp-json\/wp\/v2\/product_cat?post=119927"},{"taxonomy":"product_tag","embeddable":true,"href":"https:\/\/keramamueblesdejardin.com\/de\/wp-json\/wp\/v2\/product_tag?post=119927"}],"curies":[{"name":"wp","href":"https:\/\/api.w.org\/{rel}","templated":true}]}}