{"id":119671,"date":"2021-10-14T17:44:51","date_gmt":"2021-10-14T15:44:51","guid":{"rendered":"https:\/\/keramamueblesdejardin.com\/uncategorized\/osaka-gartentisch-set-160-80x80-cm-und-4-stuehle-tokyo-weiss-aluminium\/"},"modified":"2024-10-21T15:51:35","modified_gmt":"2024-10-21T13:51:35","slug":"gedeckter-garten-osaka-160-80x80-cm-y-4-stuhle-tokio-aluminium-weis","status":"publish","type":"product","link":"https:\/\/keramamueblesdejardin.com\/de\/speisesale-im-freien\/gartentisch-und-stuhlgarnitur\/gedeckter-garten-osaka-160-80x80-cm-y-4-stuhle-tokio-aluminium-weis\/","title":{"rendered":"Osaka Gartentisch-Set 160\/80&#215;80 cm und 4 St\u00fchle Tokyo wei\u00df Aluminium"},"content":{"rendered":"<p><span style=\"font-weight: 400;\">Das <\/span> Set aus Tisch und St\u00fchlen <b>f\u00fcr Garten oder Terrasse Osaka<\/b><span style=\"font-weight: 400;\"> besteht aus <\/span><b>einem ausziehbaren wei\u00dfen Aluminiumtisch mit Polywood-Latten mit Holzimitat und 4 stapelbaren St\u00fchlen<\/b> aus <span style=\"font-weight: 400;\"> wei\u00dfem, grau gestepptem Textil und Armlehnen aus Polywood-Holzimitat.<\/span><\/p>\n<p><span style=\"font-weight: 400;\">Das Set ist so konzipiert<\/span>, dass es <span style=\"font-weight: 400;\"> dank des Tischverl\u00e4ngerungssystems, mit dem<\/span><b> Sie es verdoppeln k\u00f6nnen, <\/b> <b> das Beste daraus<\/b> macht <span style=\"font-weight: 400;\">(von 80 cm bis 160 cm). Es ist ideal, um die Anzahl der G\u00e4ste zu erh\u00f6hen.<\/span><\/p>\n<p><span style=\"font-weight: 400;\">Sie k\u00f6nnen <\/span><b>das Set mit anderen Produkten kombinieren<\/b><span style=\"font-weight: 400;\">, die Teil der<\/span><a href=\"https:\/\/keramamueblesdejardin.com\/etiqueta\/osaka\/\" target=\"_blank\" rel=\"noopener\"> <span style=\"font-weight: 400;\">Osaka-Familie<\/span><\/a> sind<span style=\"font-weight: 400;\">.<\/span><\/p>\n<p><span style=\"font-weight: 400;\">Schauen Sie sich unsere<\/span><a href=\"https:\/\/keramamueblesdejardin.com\/comedores-exterior\/conjunto-mesa-y-sillas-jardin\/\" target=\"_blank\" rel=\"noopener\"> <span style=\"font-weight: 400;\">Gartentisch- und Stuhlsets<\/span><\/a> an<span style=\"font-weight: 400;\">.<\/span><\/p>\n","protected":false},"excerpt":{"rendered":"<ul>\n<li>Gartengarnitur mit Osaka-Tisch und 4 stapelbaren Tokio-St\u00fchlen<\/li>\n<li>Ausziehbarer Tisch aus wei\u00dfem Aluminium und Polywood-Latten aus Holzimitat.<\/li>\n<li>St\u00fchle aus wei\u00dfem Aluminium und grau gepolstertem Textil<\/li>\n<li>Tischma\u00dfe: 80\u00d780 cm ( geschlossen ) 160\u00d780 cm ( ausgezogen )<\/li>\n<\/ul>\n","protected":false},"featured_media":119816,"comment_status":"closed","ping_status":"closed","template":"","meta":{"_acf_changed":false},"product_brand":[],"product_cat":[3241,3238],"product_tag":[3376,3242,3252,3377],"class_list":{"0":"post-119671","1":"product","2":"type-product","3":"status-publish","4":"has-post-thumbnail","6":"product_cat-gartentisch-und-stuhlgarnitur","7":"product_cat-speisesale-im-freien","8":"product_tag-aluminium-de","9":"product_tag-grose-raume","10":"product_tag-osaka-de","11":"product_tag-tokio","12":"product_shipping_class-envio-gratuito-de","13":"pa_ancho-80-de","14":"pa_asientos-4-de","15":"pa_caracteristicas-armlehne","16":"pa_caracteristicas-erweiterbar","17":"pa_caracteristicas-stapelbar","18":"pa_caracteristicas-wasserdicht","19":"pa_coleccion-osaka-de","20":"pa_coleccion-tokio","21":"pa_espacio-2-56-de","22":"pa_forma-rechteckig","23":"pa_largo-320-de","24":"pa_m2-256-de","25":"pa_material-aluminium","26":"pa_material-gehartetes-glas","27":"pa_material-textil","28":"pa_tamano-espacio-klein","30":"first","31":"instock","32":"sale","33":"purchasable","34":"product-type-simple","35":"add-to-wishlist-before_image"},"acf":[],"yoast_head":"<!-- This site is optimized with the Yoast SEO plugin v27.4 - https:\/\/yoast.com\/product\/yoast-seo-wordpress\/ -->\n<title>Osaka Gartentisch-Set 160\/80x80 cm und 4 St\u00fchle Tokyo wei\u00df Aluminium - Kerama<\/title>\n<meta name=\"robots\" content=\"index, follow, max-snippet:-1, max-image-preview:large, max-video-preview:-1\" \/>\n<link rel=\"canonical\" href=\"https:\/\/keramamueblesdejardin.com\/de\/speisesale-im-freien\/gartentisch-und-stuhlgarnitur\/gedeckter-garten-osaka-160-80x80-cm-y-4-stuhle-tokio-aluminium-weis\/\" \/>\n<meta property=\"og:locale\" content=\"de_DE\" \/>\n<meta property=\"og:type\" content=\"article\" \/>\n<meta property=\"og:title\" content=\"Osaka Gartentisch-Set 160\/80x80 cm und 4 St\u00fchle Tokyo wei\u00df Aluminium - Kerama\" \/>\n<meta property=\"og:description\" content=\"Gartengarnitur mit Osaka-Tisch und 4 stapelbaren Tokio-St\u00fchlen  Ausziehbarer Tisch aus wei\u00dfem Aluminium und Polywood-Latten aus Holzimitat.  St\u00fchle aus wei\u00dfem Aluminium und grau gepolstertem Textil  Tischma\u00dfe: 80\u00d780 cm ( geschlossen ) 160\u00d780 cm ( ausgezogen )\" \/>\n<meta property=\"og:url\" content=\"https:\/\/keramamueblesdejardin.com\/de\/speisesale-im-freien\/gartentisch-und-stuhlgarnitur\/gedeckter-garten-osaka-160-80x80-cm-y-4-stuhle-tokio-aluminium-weis\/\" \/>\n<meta property=\"og:site_name\" content=\"Kerama\" \/>\n<meta property=\"article:publisher\" content=\"https:\/\/www.facebook.com\/Kerama-Muebles-de-Jard%c3%adn-106209328312568\/\" \/>\n<meta property=\"article:modified_time\" content=\"2024-10-21T13:51:35+00:00\" \/>\n<meta property=\"og:image\" content=\"https:\/\/keramamueblesdejardin.com\/wp-content\/uploads\/2021\/10\/L1440655_SILU_-scaled-e1697714473776.jpg\" \/>\n\t<meta property=\"og:image:width\" content=\"1200\" \/>\n\t<meta property=\"og:image:height\" content=\"1200\" \/>\n\t<meta property=\"og:image:type\" content=\"image\/jpeg\" \/>\n<meta name=\"twitter:card\" content=\"summary_large_image\" \/>\n<script type=\"application\/ld+json\" class=\"yoast-schema-graph\">{\"@context\":\"https:\\\/\\\/schema.org\",\"@graph\":[{\"@type\":\"WebPage\",\"@id\":\"https:\\\/\\\/keramamueblesdejardin.com\\\/de\\\/speisesale-im-freien\\\/gartentisch-und-stuhlgarnitur\\\/gedeckter-garten-osaka-160-80x80-cm-y-4-stuhle-tokio-aluminium-weis\\\/\",\"url\":\"https:\\\/\\\/keramamueblesdejardin.com\\\/de\\\/speisesale-im-freien\\\/gartentisch-und-stuhlgarnitur\\\/gedeckter-garten-osaka-160-80x80-cm-y-4-stuhle-tokio-aluminium-weis\\\/\",\"name\":\"Osaka Gartentisch-Set 160\\\/80x80 cm und 4 St\u00fchle Tokyo wei\u00df Aluminium - Kerama\",\"isPartOf\":{\"@id\":\"https:\\\/\\\/keramamueblesdejardin.com\\\/de\\\/#website\"},\"primaryImageOfPage\":{\"@id\":\"https:\\\/\\\/keramamueblesdejardin.com\\\/de\\\/speisesale-im-freien\\\/gartentisch-und-stuhlgarnitur\\\/gedeckter-garten-osaka-160-80x80-cm-y-4-stuhle-tokio-aluminium-weis\\\/#primaryimage\"},\"image\":{\"@id\":\"https:\\\/\\\/keramamueblesdejardin.com\\\/de\\\/speisesale-im-freien\\\/gartentisch-und-stuhlgarnitur\\\/gedeckter-garten-osaka-160-80x80-cm-y-4-stuhle-tokio-aluminium-weis\\\/#primaryimage\"},\"thumbnailUrl\":\"https:\\\/\\\/keramamueblesdejardin.com\\\/wp-content\\\/uploads\\\/2021\\\/10\\\/L1440655_SILU_-scaled-e1697714473776.jpg\",\"datePublished\":\"2021-10-14T15:44:51+00:00\",\"dateModified\":\"2024-10-21T13:51:35+00:00\",\"breadcrumb\":{\"@id\":\"https:\\\/\\\/keramamueblesdejardin.com\\\/de\\\/speisesale-im-freien\\\/gartentisch-und-stuhlgarnitur\\\/gedeckter-garten-osaka-160-80x80-cm-y-4-stuhle-tokio-aluminium-weis\\\/#breadcrumb\"},\"inLanguage\":\"de\",\"potentialAction\":[{\"@type\":\"ReadAction\",\"target\":[\"https:\\\/\\\/keramamueblesdejardin.com\\\/de\\\/speisesale-im-freien\\\/gartentisch-und-stuhlgarnitur\\\/gedeckter-garten-osaka-160-80x80-cm-y-4-stuhle-tokio-aluminium-weis\\\/\"]}]},{\"@type\":\"ImageObject\",\"inLanguage\":\"de\",\"@id\":\"https:\\\/\\\/keramamueblesdejardin.com\\\/de\\\/speisesale-im-freien\\\/gartentisch-und-stuhlgarnitur\\\/gedeckter-garten-osaka-160-80x80-cm-y-4-stuhle-tokio-aluminium-weis\\\/#primaryimage\",\"url\":\"https:\\\/\\\/keramamueblesdejardin.com\\\/wp-content\\\/uploads\\\/2021\\\/10\\\/L1440655_SILU_-scaled-e1697714473776.jpg\",\"contentUrl\":\"https:\\\/\\\/keramamueblesdejardin.com\\\/wp-content\\\/uploads\\\/2021\\\/10\\\/L1440655_SILU_-scaled-e1697714473776.jpg\",\"width\":1200,\"height\":1200},{\"@type\":\"BreadcrumbList\",\"@id\":\"https:\\\/\\\/keramamueblesdejardin.com\\\/de\\\/speisesale-im-freien\\\/gartentisch-und-stuhlgarnitur\\\/gedeckter-garten-osaka-160-80x80-cm-y-4-stuhle-tokio-aluminium-weis\\\/#breadcrumb\",\"itemListElement\":[{\"@type\":\"ListItem\",\"position\":1,\"name\":\"Home\",\"item\":\"https:\\\/\\\/keramamueblesdejardin.com\\\/de\\\/\"},{\"@type\":\"ListItem\",\"position\":2,\"name\":\"Laden\",\"item\":\"https:\\\/\\\/keramamueblesdejardin.com\\\/de\\\/laden\\\/\"},{\"@type\":\"ListItem\",\"position\":3,\"name\":\"Speises\u00e4le im Freien\",\"item\":\"https:\\\/\\\/keramamueblesdejardin.com\\\/de\\\/speisesale-im-freien\\\/\"},{\"@type\":\"ListItem\",\"position\":4,\"name\":\"Gartentisch- und Stuhlgarnitur\",\"item\":\"https:\\\/\\\/keramamueblesdejardin.com\\\/de\\\/speisesale-im-freien\\\/gartentisch-und-stuhlgarnitur\\\/\"},{\"@type\":\"ListItem\",\"position\":5,\"name\":\"Osaka Gartentisch-Set 160\\\/80&#215;80 cm und 4 St\u00fchle Tokyo wei\u00df Aluminium\"}]},{\"@type\":\"WebSite\",\"@id\":\"https:\\\/\\\/keramamueblesdejardin.com\\\/de\\\/#website\",\"url\":\"https:\\\/\\\/keramamueblesdejardin.com\\\/de\\\/\",\"name\":\"Kerama\",\"description\":\"muebles de jard\u00edn\",\"publisher\":{\"@id\":\"https:\\\/\\\/keramamueblesdejardin.com\\\/de\\\/#organization\"},\"potentialAction\":[{\"@type\":\"SearchAction\",\"target\":{\"@type\":\"EntryPoint\",\"urlTemplate\":\"https:\\\/\\\/keramamueblesdejardin.com\\\/de\\\/?s={search_term_string}\"},\"query-input\":{\"@type\":\"PropertyValueSpecification\",\"valueRequired\":true,\"valueName\":\"search_term_string\"}}],\"inLanguage\":\"de\"},{\"@type\":\"Organization\",\"@id\":\"https:\\\/\\\/keramamueblesdejardin.com\\\/de\\\/#organization\",\"name\":\"kerama\",\"url\":\"https:\\\/\\\/keramamueblesdejardin.com\\\/de\\\/\",\"logo\":{\"@type\":\"ImageObject\",\"inLanguage\":\"de\",\"@id\":\"https:\\\/\\\/keramamueblesdejardin.com\\\/de\\\/#\\\/schema\\\/logo\\\/image\\\/\",\"url\":\"https:\\\/\\\/keramamueblesdejardin.com\\\/wp-content\\\/uploads\\\/2020\\\/12\\\/k.-scaled.jpg\",\"contentUrl\":\"https:\\\/\\\/keramamueblesdejardin.com\\\/wp-content\\\/uploads\\\/2020\\\/12\\\/k.-scaled.jpg\",\"width\":2560,\"height\":551,\"caption\":\"kerama\"},\"image\":{\"@id\":\"https:\\\/\\\/keramamueblesdejardin.com\\\/de\\\/#\\\/schema\\\/logo\\\/image\\\/\"},\"sameAs\":[\"https:\\\/\\\/www.facebook.com\\\/Kerama-Muebles-de-Jard\u00edn-106209328312568\\\/\"]}]}<\/script>\n<!-- \/ Yoast SEO plugin. -->","yoast_head_json":{"title":"Osaka Gartentisch-Set 160\/80x80 cm und 4 St\u00fchle Tokyo wei\u00df Aluminium - Kerama","robots":{"index":"index","follow":"follow","max-snippet":"max-snippet:-1","max-image-preview":"max-image-preview:large","max-video-preview":"max-video-preview:-1"},"canonical":"https:\/\/keramamueblesdejardin.com\/de\/speisesale-im-freien\/gartentisch-und-stuhlgarnitur\/gedeckter-garten-osaka-160-80x80-cm-y-4-stuhle-tokio-aluminium-weis\/","og_locale":"de_DE","og_type":"article","og_title":"Osaka Gartentisch-Set 160\/80x80 cm und 4 St\u00fchle Tokyo wei\u00df Aluminium - Kerama","og_description":"Gartengarnitur mit Osaka-Tisch und 4 stapelbaren Tokio-St\u00fchlen  Ausziehbarer Tisch aus wei\u00dfem Aluminium und Polywood-Latten aus Holzimitat.  St\u00fchle aus wei\u00dfem Aluminium und grau gepolstertem Textil  Tischma\u00dfe: 80\u00d780 cm ( geschlossen ) 160\u00d780 cm ( ausgezogen )","og_url":"https:\/\/keramamueblesdejardin.com\/de\/speisesale-im-freien\/gartentisch-und-stuhlgarnitur\/gedeckter-garten-osaka-160-80x80-cm-y-4-stuhle-tokio-aluminium-weis\/","og_site_name":"Kerama","article_publisher":"https:\/\/www.facebook.com\/Kerama-Muebles-de-Jard%c3%adn-106209328312568\/","article_modified_time":"2024-10-21T13:51:35+00:00","og_image":[{"width":1200,"height":1200,"url":"https:\/\/keramamueblesdejardin.com\/wp-content\/uploads\/2021\/10\/L1440655_SILU_-scaled-e1697714473776.jpg","type":"image\/jpeg"}],"twitter_card":"summary_large_image","schema":{"@context":"https:\/\/schema.org","@graph":[{"@type":"WebPage","@id":"https:\/\/keramamueblesdejardin.com\/de\/speisesale-im-freien\/gartentisch-und-stuhlgarnitur\/gedeckter-garten-osaka-160-80x80-cm-y-4-stuhle-tokio-aluminium-weis\/","url":"https:\/\/keramamueblesdejardin.com\/de\/speisesale-im-freien\/gartentisch-und-stuhlgarnitur\/gedeckter-garten-osaka-160-80x80-cm-y-4-stuhle-tokio-aluminium-weis\/","name":"Osaka Gartentisch-Set 160\/80x80 cm und 4 St\u00fchle Tokyo wei\u00df Aluminium - Kerama","isPartOf":{"@id":"https:\/\/keramamueblesdejardin.com\/de\/#website"},"primaryImageOfPage":{"@id":"https:\/\/keramamueblesdejardin.com\/de\/speisesale-im-freien\/gartentisch-und-stuhlgarnitur\/gedeckter-garten-osaka-160-80x80-cm-y-4-stuhle-tokio-aluminium-weis\/#primaryimage"},"image":{"@id":"https:\/\/keramamueblesdejardin.com\/de\/speisesale-im-freien\/gartentisch-und-stuhlgarnitur\/gedeckter-garten-osaka-160-80x80-cm-y-4-stuhle-tokio-aluminium-weis\/#primaryimage"},"thumbnailUrl":"https:\/\/keramamueblesdejardin.com\/wp-content\/uploads\/2021\/10\/L1440655_SILU_-scaled-e1697714473776.jpg","datePublished":"2021-10-14T15:44:51+00:00","dateModified":"2024-10-21T13:51:35+00:00","breadcrumb":{"@id":"https:\/\/keramamueblesdejardin.com\/de\/speisesale-im-freien\/gartentisch-und-stuhlgarnitur\/gedeckter-garten-osaka-160-80x80-cm-y-4-stuhle-tokio-aluminium-weis\/#breadcrumb"},"inLanguage":"de","potentialAction":[{"@type":"ReadAction","target":["https:\/\/keramamueblesdejardin.com\/de\/speisesale-im-freien\/gartentisch-und-stuhlgarnitur\/gedeckter-garten-osaka-160-80x80-cm-y-4-stuhle-tokio-aluminium-weis\/"]}]},{"@type":"ImageObject","inLanguage":"de","@id":"https:\/\/keramamueblesdejardin.com\/de\/speisesale-im-freien\/gartentisch-und-stuhlgarnitur\/gedeckter-garten-osaka-160-80x80-cm-y-4-stuhle-tokio-aluminium-weis\/#primaryimage","url":"https:\/\/keramamueblesdejardin.com\/wp-content\/uploads\/2021\/10\/L1440655_SILU_-scaled-e1697714473776.jpg","contentUrl":"https:\/\/keramamueblesdejardin.com\/wp-content\/uploads\/2021\/10\/L1440655_SILU_-scaled-e1697714473776.jpg","width":1200,"height":1200},{"@type":"BreadcrumbList","@id":"https:\/\/keramamueblesdejardin.com\/de\/speisesale-im-freien\/gartentisch-und-stuhlgarnitur\/gedeckter-garten-osaka-160-80x80-cm-y-4-stuhle-tokio-aluminium-weis\/#breadcrumb","itemListElement":[{"@type":"ListItem","position":1,"name":"Home","item":"https:\/\/keramamueblesdejardin.com\/de\/"},{"@type":"ListItem","position":2,"name":"Laden","item":"https:\/\/keramamueblesdejardin.com\/de\/laden\/"},{"@type":"ListItem","position":3,"name":"Speises\u00e4le im Freien","item":"https:\/\/keramamueblesdejardin.com\/de\/speisesale-im-freien\/"},{"@type":"ListItem","position":4,"name":"Gartentisch- und Stuhlgarnitur","item":"https:\/\/keramamueblesdejardin.com\/de\/speisesale-im-freien\/gartentisch-und-stuhlgarnitur\/"},{"@type":"ListItem","position":5,"name":"Osaka Gartentisch-Set 160\/80&#215;80 cm und 4 St\u00fchle Tokyo wei\u00df Aluminium"}]},{"@type":"WebSite","@id":"https:\/\/keramamueblesdejardin.com\/de\/#website","url":"https:\/\/keramamueblesdejardin.com\/de\/","name":"Kerama","description":"muebles de jard\u00edn","publisher":{"@id":"https:\/\/keramamueblesdejardin.com\/de\/#organization"},"potentialAction":[{"@type":"SearchAction","target":{"@type":"EntryPoint","urlTemplate":"https:\/\/keramamueblesdejardin.com\/de\/?s={search_term_string}"},"query-input":{"@type":"PropertyValueSpecification","valueRequired":true,"valueName":"search_term_string"}}],"inLanguage":"de"},{"@type":"Organization","@id":"https:\/\/keramamueblesdejardin.com\/de\/#organization","name":"kerama","url":"https:\/\/keramamueblesdejardin.com\/de\/","logo":{"@type":"ImageObject","inLanguage":"de","@id":"https:\/\/keramamueblesdejardin.com\/de\/#\/schema\/logo\/image\/","url":"https:\/\/keramamueblesdejardin.com\/wp-content\/uploads\/2020\/12\/k.-scaled.jpg","contentUrl":"https:\/\/keramamueblesdejardin.com\/wp-content\/uploads\/2020\/12\/k.-scaled.jpg","width":2560,"height":551,"caption":"kerama"},"image":{"@id":"https:\/\/keramamueblesdejardin.com\/de\/#\/schema\/logo\/image\/"},"sameAs":["https:\/\/www.facebook.com\/Kerama-Muebles-de-Jard\u00edn-106209328312568\/"]}]}},"df_price":699,"df_sale_price":699,"df_regular_price":857,"df_image_link":"https:\/\/keramamueblesdejardin.com\/wp-content\/uploads\/2021\/10\/L1440655_SILU_-300x300.jpg","custom_tabs":[{"title":"MESSUNG","id":"messung","content":"H\u00f6he: Stuhl 90 cm \/ Tisch 75 cm\n<strong>Breit:<\/strong> Stuhl 60 cm \/ Tisch 80 cm\n<strong>Unteres:<\/strong> Stuhl 57 cm \/ Tisch 80 cm ( ohne Verl\u00e4ngerung ) 160 cm ( ausgezogen )\n<strong>Sitzh\u00f6he:<\/strong> 37,5 cm\n<strong>Sitztiefe:<\/strong> 47 cm"},{"title":"AUSPACKEN UND MONTIEREN","id":"auspacken-und-montieren","content":"Empfehlungen zum Auspacken: Verwenden Sie beim Auspacken der M\u00f6bel keine scharfen Utensilien, da dies zu Besch\u00e4digungen f\u00fchren kann\nMontage erforderlich (ja\/nein): Ja\nSchwierigkeitsgrad der Montage: Niedrig\nMontagezeit: 20 Minuten\nEmpfohlene Personen f\u00fcr die Montage: 2\n<strong>Montagevorschl\u00e4ge:<\/strong> Bereiten Sie einen sauberen und trockenen Montagebereich vor und stellen Sie sicher, dass keines der im Handbuch angegebenen Teile fehlt. Wir empfehlen das Tragen von Montagehandschuhen. Verwenden Sie nur die mitgelieferten Teile und Hardware. Wir empfehlen NICHT den Kauf mit Montageoption f\u00fcr diesen Artikel, da der Montageschwierigkeitsgrad sehr gering ist."},{"title":"WARTUNG UND GARANTIEN","id":"wartung-und-garantien","content":"<strong>Allgemeine Empfehlungen:<\/strong>\n\u2022 Pannen oder Sch\u00e4den, die verursacht werden durch:\n\u2022 Zuf\u00e4llige Ursachen wie St\u00fcrze, Schl\u00e4ge, Versch\u00fctten von Fl\u00fcssigkeiten, Einschleppen von Fremdk\u00f6rpern sowie andere h\u00f6here Gewalt.\n\u2022 Fahrl\u00e4ssiger, unsachgem\u00e4\u00dfer oder nicht h\u00e4uslicher Gebrauch, Nichtbeachtung der Gebrauchsanweisung.\n\u2022 Besch\u00e4digung, Korrosion und\/oder Oxidation beschleunigt durch widrige Umweltbedingungen\n\u2022 Flecken und Verf\u00e4rbungen durch Nichtbeachtung unserer Reinigungsanweisungen\n\u2022 Sch\u00e4den, die w\u00e4hrend der Montage und Handhabung auftreten, ohne die angegebenen Montageanweisungen befolgt zu haben.\n\n<strong>Gebrauchs- und Wartungshinweise:<\/strong>\n\u2022 Verwenden Sie an sonnigen Tagen eine Tischdecke, insbesondere bei Gl\u00e4sern, Gl\u00e4sern und Glasbeh\u00e4ltern, da diese die Temperatur der Sonne verst\u00e4rkt und Styropor schmelzen kann. Vermeiden Sie jede Art von Abdeckung, die den gleichen Effekt erzielen kann.\n\u2022 Reinigen Sie mit Hilfe eines Tuchs vorsichtig oder verwenden Sie eine neutrale Fl\u00fcssigseife und sp\u00fclen Sie sie mit viel Wasser ab.\n\u2022 Entfernen Sie Staub regelm\u00e4\u00dfig mit Hilfe eines weichen Tuchs und klarem Wasser.\n\u2022 Verwenden Sie zum Reinigen keine Reinigungsmittel oder Scheuermittel.\n\u2022 Trocknen Sie den Tisch nach Regen mit einem sauberen Tuch ab, um Flecken zu vermeiden\n\u2022 Sch\u00fctzen Sie sich mit einer atmungsaktiven Tischdecke oder einer Schutzh\u00fclle\nJahre <strong>Garantie: 3 Jahre<\/strong>\n<strong>Hergestellt nach Norm:<\/strong> 581-1.581-2.581-3"}],"_links":{"self":[{"href":"https:\/\/keramamueblesdejardin.com\/de\/wp-json\/wp\/v2\/product\/119671","targetHints":{"allow":["GET"]}}],"collection":[{"href":"https:\/\/keramamueblesdejardin.com\/de\/wp-json\/wp\/v2\/product"}],"about":[{"href":"https:\/\/keramamueblesdejardin.com\/de\/wp-json\/wp\/v2\/types\/product"}],"replies":[{"embeddable":true,"href":"https:\/\/keramamueblesdejardin.com\/de\/wp-json\/wp\/v2\/comments?post=119671"}],"wp:featuredmedia":[{"embeddable":true,"href":"https:\/\/keramamueblesdejardin.com\/de\/wp-json\/wp\/v2\/media\/119816"}],"wp:attachment":[{"href":"https:\/\/keramamueblesdejardin.com\/de\/wp-json\/wp\/v2\/media?parent=119671"}],"wp:term":[{"taxonomy":"product_brand","embeddable":true,"href":"https:\/\/keramamueblesdejardin.com\/de\/wp-json\/wp\/v2\/product_brand?post=119671"},{"taxonomy":"product_cat","embeddable":true,"href":"https:\/\/keramamueblesdejardin.com\/de\/wp-json\/wp\/v2\/product_cat?post=119671"},{"taxonomy":"product_tag","embeddable":true,"href":"https:\/\/keramamueblesdejardin.com\/de\/wp-json\/wp\/v2\/product_tag?post=119671"}],"curies":[{"name":"wp","href":"https:\/\/api.w.org\/{rel}","templated":true}]}}